{"id":14470,"date":"2024-07-17T16:03:28","date_gmt":"2024-07-17T14:03:28","guid":{"rendered":"https:\/\/telemme.mmsh.fr\/?post_type=tribe_events&#038;p=14470"},"modified":"2024-10-11T10:20:37","modified_gmt":"2024-10-11T08:20:37","slug":"archives-michel-foucault","status":"publish","type":"tribe_events","link":"https:\/\/telemme.mmsh.fr\/?tribe_events=archives-michel-foucault","title":{"rendered":"Michel Foucault \u00e0 l&rsquo;atelier"},"content":{"rendered":"<p><em>S\u00e9minaire du groupe \u00ab\u00a0Histoire des \u00e9motions\u00a0\u00bb, avec Philippe Chevallier (BnF)<\/em><\/p>\n<p>\u00c0 l&rsquo;heure o\u00f9 para\u00eet en un m\u00eame volume un ensemble de textes de Michel Foucault permettant de mieux comprendre la g\u00e9n\u00e9alogie de son <i>Histoire de la sexualit\u00e9<\/i>, la fabrique du dernier volume, <i>Les Aveux de la chair<\/i>, laisse en suspens de nombreuses questions. Philippe Chevallier, auteur de <i>Michel Foucault et le Christianisme <\/i>(2de \u00e9d. 2024), charg\u00e9 du d\u00e9veloppement et de l&rsquo;administration de la recherche \u00e0 la BnF, viendra \u00e9clairer les myst\u00e8res du dernier tapuscrit. Par la m\u00eame occasion, il pr\u00e9sentera \u00ab en premi\u00e8re mondiale \u00bb la biblioth\u00e8que personnelle de Foucault dont l&rsquo;inventaire vient d&rsquo;\u00eatre fait.<\/p>\n<p><a href=\"https:\/\/telemme.mmsh.fr\/?evenement=michel-foucault-a-latelier\"><strong>Programme complet<\/strong><\/a><\/p>\n","protected":false},"excerpt":{"rendered":"<p>S\u00e9minaire du groupe \u00ab\u00a0Histoire des \u00e9motions\u00a0\u00bb, avec Philippe Chevallier (BnF) \u00c0 l&rsquo;heure o\u00f9 para\u00eet en un m\u00eame volume un ensemble de textes de Michel Foucault permettant de mieux comprendre la&hellip;&nbsp;<a href=\"https:\/\/telemme.mmsh.fr\/?tribe_events=archives-michel-foucault\" rel=\"bookmark\">Lire la suite &raquo;<span class=\"screen-reader-text\">Michel Foucault \u00e0 l&rsquo;atelier<\/span><\/a><\/p>\n","protected":false},"author":6,"featured_media":14579,"template":"","meta":{"neve_meta_sidebar":"","neve_meta_container":"","neve_meta_enable_content_width":"","neve_meta_content_width":0,"neve_meta_title_alignment":"","neve_meta_author_avatar":"","neve_post_elements_order":"","neve_meta_disable_header":"","neve_meta_disable_footer":"","neve_meta_disable_title":"","_tribe_events_status":"","_tribe_events_status_reason":"","footnotes":""},"tags":[2839],"tribe_events_cat":[1831],"class_list":["post-14470","tribe_events","type-tribe_events","status-publish","has-post-thumbnail","hentry","tag-1-2-histoire-des-emotions","tribe_events_cat-seminaire","cat_seminaire"],"yoast_head":"<!-- This site is optimized with the Yoast SEO plugin v27.4 - https:\/\/yoast.com\/product\/yoast-seo-wordpress\/ -->\n<title>Michel Foucault \u00e0 l&#039;atelier - TELEMMe - Temps, espaces, langages, Europe m\u00e9ridionale, M\u00e9diterran\u00e9e<\/title>\n<meta name=\"description\" content=\"\u00c0 l&#039;heure o\u00f9 para\u00eet en un m\u00eame volume un ensemble de textes de Michel Foucault permettant de mieux comprendre la g\u00e9n\u00e9alogie de son Histoire de la sexualit\u00e9, la fabrique du dernier volume, Les Aveux de la chair, laisse en suspens de nombreuses questions. Philippe Chevallier, auteur de Michel Foucault et le Christianisme (2de \u00e9d. 2024), charg\u00e9 du d\u00e9veloppement et de l&#039;administration de la recherche \u00e0 la BnF, viendra \u00e9clairer les myst\u00e8res du dernier tapuscrit. Par la m\u00eame occasion, il pr\u00e9sentera \u00ab en premi\u00e8re mondiale \u00bb la biblioth\u00e8que personnelle de Foucault dont l&#039;inventaire vient d&#039;\u00eatre fait.\" \/>\n<meta name=\"robots\" content=\"index, follow, max-snippet:-1, max-image-preview:large, max-video-preview:-1\" \/>\n<link rel=\"canonical\" href=\"https:\/\/telemme.mmsh.fr\/?tribe_events=archives-michel-foucault\" \/>\n<meta property=\"og:locale\" content=\"fr_FR\" \/>\n<meta property=\"og:type\" content=\"article\" \/>\n<meta property=\"og:title\" content=\"Michel Foucault \u00e0 l&#039;atelier - TELEMMe - Temps, espaces, langages, Europe m\u00e9ridionale, M\u00e9diterran\u00e9e\" \/>\n<meta property=\"og:description\" content=\"\u00c0 l&#039;heure o\u00f9 para\u00eet en un m\u00eame volume un ensemble de textes de Michel Foucault permettant de mieux comprendre la g\u00e9n\u00e9alogie de son Histoire de la sexualit\u00e9, la fabrique du dernier volume, Les Aveux de la chair, laisse en suspens de nombreuses questions. Philippe Chevallier, auteur de Michel Foucault et le Christianisme (2de \u00e9d. 2024), charg\u00e9 du d\u00e9veloppement et de l&#039;administration de la recherche \u00e0 la BnF, viendra \u00e9clairer les myst\u00e8res du dernier tapuscrit. Par la m\u00eame occasion, il pr\u00e9sentera \u00ab en premi\u00e8re mondiale \u00bb la biblioth\u00e8que personnelle de Foucault dont l&#039;inventaire vient d&#039;\u00eatre fait.\" \/>\n<meta property=\"og:url\" content=\"https:\/\/telemme.mmsh.fr\/?tribe_events=archives-michel-foucault\" \/>\n<meta property=\"og:site_name\" content=\"TELEMMe - Temps, espaces, langages, Europe m\u00e9ridionale, M\u00e9diterran\u00e9e\" \/>\n<meta property=\"article:modified_time\" content=\"2024-10-11T08:20:37+00:00\" \/>\n<meta property=\"og:image\" content=\"https:\/\/telemme.mmsh.fr\/wp-content\/uploads\/2024\/07\/MichelFoucault.png\" \/>\n\t<meta property=\"og:image:width\" content=\"405\" \/>\n\t<meta property=\"og:image:height\" content=\"540\" \/>\n\t<meta property=\"og:image:type\" content=\"image\/png\" \/>\n<meta name=\"twitter:card\" content=\"summary_large_image\" \/>\n<meta name=\"twitter:label1\" content=\"Dur\u00e9e de lecture estim\u00e9e\" \/>\n\t<meta name=\"twitter:data1\" content=\"1 minute\" \/>\n<script type=\"application\/ld+json\" class=\"yoast-schema-graph\">{\"@context\":\"https:\\\/\\\/schema.org\",\"@graph\":[{\"@type\":\"WebPage\",\"@id\":\"https:\\\/\\\/telemme.mmsh.fr\\\/?tribe_events=archives-michel-foucault\",\"url\":\"https:\\\/\\\/telemme.mmsh.fr\\\/?tribe_events=archives-michel-foucault\",\"name\":\"Michel Foucault \u00e0 l'atelier - TELEMMe - Temps, espaces, langages, Europe m\u00e9ridionale, M\u00e9diterran\u00e9e\",\"isPartOf\":{\"@id\":\"https:\\\/\\\/telemme.mmsh.fr\\\/#website\"},\"primaryImageOfPage\":{\"@id\":\"https:\\\/\\\/telemme.mmsh.fr\\\/?tribe_events=archives-michel-foucault#primaryimage\"},\"image\":{\"@id\":\"https:\\\/\\\/telemme.mmsh.fr\\\/?tribe_events=archives-michel-foucault#primaryimage\"},\"thumbnailUrl\":\"https:\\\/\\\/telemme.mmsh.fr\\\/wp-content\\\/uploads\\\/2024\\\/07\\\/MichelFoucault.png\",\"datePublished\":\"2024-07-17T14:03:28+00:00\",\"dateModified\":\"2024-10-11T08:20:37+00:00\",\"description\":\"\u00c0 l'heure o\u00f9 para\u00eet en un m\u00eame volume un ensemble de textes de Michel Foucault permettant de mieux comprendre la g\u00e9n\u00e9alogie de son Histoire de la sexualit\u00e9, la fabrique du dernier volume, Les Aveux de la chair, laisse en suspens de nombreuses questions. Philippe Chevallier, auteur de Michel Foucault et le Christianisme (2de \u00e9d. 2024), charg\u00e9 du d\u00e9veloppement et de l'administration de la recherche \u00e0 la BnF, viendra \u00e9clairer les myst\u00e8res du dernier tapuscrit. Par la m\u00eame occasion, il pr\u00e9sentera \u00ab en premi\u00e8re mondiale \u00bb la biblioth\u00e8que personnelle de Foucault dont l'inventaire vient d'\u00eatre fait.\",\"breadcrumb\":{\"@id\":\"https:\\\/\\\/telemme.mmsh.fr\\\/?tribe_events=archives-michel-foucault#breadcrumb\"},\"inLanguage\":\"fr-FR\",\"potentialAction\":[{\"@type\":\"ReadAction\",\"target\":[\"https:\\\/\\\/telemme.mmsh.fr\\\/?tribe_events=archives-michel-foucault\"]}]},{\"@type\":\"ImageObject\",\"inLanguage\":\"fr-FR\",\"@id\":\"https:\\\/\\\/telemme.mmsh.fr\\\/?tribe_events=archives-michel-foucault#primaryimage\",\"url\":\"https:\\\/\\\/telemme.mmsh.fr\\\/wp-content\\\/uploads\\\/2024\\\/07\\\/MichelFoucault.png\",\"contentUrl\":\"https:\\\/\\\/telemme.mmsh.fr\\\/wp-content\\\/uploads\\\/2024\\\/07\\\/MichelFoucault.png\",\"width\":405,\"height\":540,\"caption\":\"Michel Foucault\"},{\"@type\":\"BreadcrumbList\",\"@id\":\"https:\\\/\\\/telemme.mmsh.fr\\\/?tribe_events=archives-michel-foucault#breadcrumb\",\"itemListElement\":[{\"@type\":\"ListItem\",\"position\":1,\"name\":\"Accueil\",\"item\":\"https:\\\/\\\/telemme.mmsh.fr\\\/\"},{\"@type\":\"ListItem\",\"position\":2,\"name\":\"\u00c9v\u00e8nements\",\"item\":\"https:\\\/\\\/telemme.mmsh.fr\\\/?post_type=tribe_events\"},{\"@type\":\"ListItem\",\"position\":3,\"name\":\"S\u00e9minaire\",\"item\":\"https:\\\/\\\/telemme.mmsh.fr\\\/?tribe_events_cat=seminaire\"},{\"@type\":\"ListItem\",\"position\":4,\"name\":\"Michel Foucault \u00e0 l&#8217;atelier\"}]},{\"@type\":\"WebSite\",\"@id\":\"https:\\\/\\\/telemme.mmsh.fr\\\/#website\",\"url\":\"https:\\\/\\\/telemme.mmsh.fr\\\/\",\"name\":\"TELEMMe - Temps, espaces, langages, Europe m\u00e9ridionale, M\u00e9diterran\u00e9e\",\"description\":\"\",\"publisher\":{\"@id\":\"https:\\\/\\\/telemme.mmsh.fr\\\/#organization\"},\"potentialAction\":[{\"@type\":\"SearchAction\",\"target\":{\"@type\":\"EntryPoint\",\"urlTemplate\":\"https:\\\/\\\/telemme.mmsh.fr\\\/?s={search_term_string}\"},\"query-input\":{\"@type\":\"PropertyValueSpecification\",\"valueRequired\":true,\"valueName\":\"search_term_string\"}}],\"inLanguage\":\"fr-FR\"},{\"@type\":\"Organization\",\"@id\":\"https:\\\/\\\/telemme.mmsh.fr\\\/#organization\",\"name\":\"TELEMMe\",\"url\":\"https:\\\/\\\/telemme.mmsh.fr\\\/\",\"logo\":{\"@type\":\"ImageObject\",\"inLanguage\":\"fr-FR\",\"@id\":\"https:\\\/\\\/telemme.mmsh.fr\\\/#\\\/schema\\\/logo\\\/image\\\/\",\"url\":\"https:\\\/\\\/telemme.mmsh.fr\\\/wp-content\\\/uploads\\\/2020\\\/03\\\/LogoTELEMMe-horizontal-fond-transparent.png\",\"contentUrl\":\"https:\\\/\\\/telemme.mmsh.fr\\\/wp-content\\\/uploads\\\/2020\\\/03\\\/LogoTELEMMe-horizontal-fond-transparent.png\",\"width\":1500,\"height\":437,\"caption\":\"TELEMMe\"},\"image\":{\"@id\":\"https:\\\/\\\/telemme.mmsh.fr\\\/#\\\/schema\\\/logo\\\/image\\\/\"}}]}<\/script>\n<!-- \/ Yoast SEO plugin. -->","yoast_head_json":{"title":"Michel Foucault \u00e0 l'atelier - TELEMMe - Temps, espaces, langages, Europe m\u00e9ridionale, M\u00e9diterran\u00e9e","description":"\u00c0 l'heure o\u00f9 para\u00eet en un m\u00eame volume un ensemble de textes de Michel Foucault permettant de mieux comprendre la g\u00e9n\u00e9alogie de son Histoire de la sexualit\u00e9, la fabrique du dernier volume, Les Aveux de la chair, laisse en suspens de nombreuses questions. Philippe Chevallier, auteur de Michel Foucault et le Christianisme (2de \u00e9d. 2024), charg\u00e9 du d\u00e9veloppement et de l'administration de la recherche \u00e0 la BnF, viendra \u00e9clairer les myst\u00e8res du dernier tapuscrit. Par la m\u00eame occasion, il pr\u00e9sentera \u00ab en premi\u00e8re mondiale \u00bb la biblioth\u00e8que personnelle de Foucault dont l'inventaire vient d'\u00eatre fait.","robots":{"index":"index","follow":"follow","max-snippet":"max-snippet:-1","max-image-preview":"max-image-preview:large","max-video-preview":"max-video-preview:-1"},"canonical":"https:\/\/telemme.mmsh.fr\/?tribe_events=archives-michel-foucault","og_locale":"fr_FR","og_type":"article","og_title":"Michel Foucault \u00e0 l'atelier - TELEMMe - Temps, espaces, langages, Europe m\u00e9ridionale, M\u00e9diterran\u00e9e","og_description":"\u00c0 l'heure o\u00f9 para\u00eet en un m\u00eame volume un ensemble de textes de Michel Foucault permettant de mieux comprendre la g\u00e9n\u00e9alogie de son Histoire de la sexualit\u00e9, la fabrique du dernier volume, Les Aveux de la chair, laisse en suspens de nombreuses questions. Philippe Chevallier, auteur de Michel Foucault et le Christianisme (2de \u00e9d. 2024), charg\u00e9 du d\u00e9veloppement et de l'administration de la recherche \u00e0 la BnF, viendra \u00e9clairer les myst\u00e8res du dernier tapuscrit. Par la m\u00eame occasion, il pr\u00e9sentera \u00ab en premi\u00e8re mondiale \u00bb la biblioth\u00e8que personnelle de Foucault dont l'inventaire vient d'\u00eatre fait.","og_url":"https:\/\/telemme.mmsh.fr\/?tribe_events=archives-michel-foucault","og_site_name":"TELEMMe - Temps, espaces, langages, Europe m\u00e9ridionale, M\u00e9diterran\u00e9e","article_modified_time":"2024-10-11T08:20:37+00:00","og_image":[{"width":405,"height":540,"url":"https:\/\/telemme.mmsh.fr\/wp-content\/uploads\/2024\/07\/MichelFoucault.png","type":"image\/png"}],"twitter_card":"summary_large_image","twitter_misc":{"Dur\u00e9e de lecture estim\u00e9e":"1 minute"},"schema":{"@context":"https:\/\/schema.org","@graph":[{"@type":"WebPage","@id":"https:\/\/telemme.mmsh.fr\/?tribe_events=archives-michel-foucault","url":"https:\/\/telemme.mmsh.fr\/?tribe_events=archives-michel-foucault","name":"Michel Foucault \u00e0 l'atelier - TELEMMe - Temps, espaces, langages, Europe m\u00e9ridionale, M\u00e9diterran\u00e9e","isPartOf":{"@id":"https:\/\/telemme.mmsh.fr\/#website"},"primaryImageOfPage":{"@id":"https:\/\/telemme.mmsh.fr\/?tribe_events=archives-michel-foucault#primaryimage"},"image":{"@id":"https:\/\/telemme.mmsh.fr\/?tribe_events=archives-michel-foucault#primaryimage"},"thumbnailUrl":"https:\/\/telemme.mmsh.fr\/wp-content\/uploads\/2024\/07\/MichelFoucault.png","datePublished":"2024-07-17T14:03:28+00:00","dateModified":"2024-10-11T08:20:37+00:00","description":"\u00c0 l'heure o\u00f9 para\u00eet en un m\u00eame volume un ensemble de textes de Michel Foucault permettant de mieux comprendre la g\u00e9n\u00e9alogie de son Histoire de la sexualit\u00e9, la fabrique du dernier volume, Les Aveux de la chair, laisse en suspens de nombreuses questions. Philippe Chevallier, auteur de Michel Foucault et le Christianisme (2de \u00e9d. 2024), charg\u00e9 du d\u00e9veloppement et de l'administration de la recherche \u00e0 la BnF, viendra \u00e9clairer les myst\u00e8res du dernier tapuscrit. Par la m\u00eame occasion, il pr\u00e9sentera \u00ab en premi\u00e8re mondiale \u00bb la biblioth\u00e8que personnelle de Foucault dont l'inventaire vient d'\u00eatre fait.","breadcrumb":{"@id":"https:\/\/telemme.mmsh.fr\/?tribe_events=archives-michel-foucault#breadcrumb"},"inLanguage":"fr-FR","potentialAction":[{"@type":"ReadAction","target":["https:\/\/telemme.mmsh.fr\/?tribe_events=archives-michel-foucault"]}]},{"@type":"ImageObject","inLanguage":"fr-FR","@id":"https:\/\/telemme.mmsh.fr\/?tribe_events=archives-michel-foucault#primaryimage","url":"https:\/\/telemme.mmsh.fr\/wp-content\/uploads\/2024\/07\/MichelFoucault.png","contentUrl":"https:\/\/telemme.mmsh.fr\/wp-content\/uploads\/2024\/07\/MichelFoucault.png","width":405,"height":540,"caption":"Michel Foucault"},{"@type":"BreadcrumbList","@id":"https:\/\/telemme.mmsh.fr\/?tribe_events=archives-michel-foucault#breadcrumb","itemListElement":[{"@type":"ListItem","position":1,"name":"Accueil","item":"https:\/\/telemme.mmsh.fr\/"},{"@type":"ListItem","position":2,"name":"\u00c9v\u00e8nements","item":"https:\/\/telemme.mmsh.fr\/?post_type=tribe_events"},{"@type":"ListItem","position":3,"name":"S\u00e9minaire","item":"https:\/\/telemme.mmsh.fr\/?tribe_events_cat=seminaire"},{"@type":"ListItem","position":4,"name":"Michel Foucault \u00e0 l&#8217;atelier"}]},{"@type":"WebSite","@id":"https:\/\/telemme.mmsh.fr\/#website","url":"https:\/\/telemme.mmsh.fr\/","name":"TELEMMe - Temps, espaces, langages, Europe m\u00e9ridionale, M\u00e9diterran\u00e9e","description":"","publisher":{"@id":"https:\/\/telemme.mmsh.fr\/#organization"},"potentialAction":[{"@type":"SearchAction","target":{"@type":"EntryPoint","urlTemplate":"https:\/\/telemme.mmsh.fr\/?s={search_term_string}"},"query-input":{"@type":"PropertyValueSpecification","valueRequired":true,"valueName":"search_term_string"}}],"inLanguage":"fr-FR"},{"@type":"Organization","@id":"https:\/\/telemme.mmsh.fr\/#organization","name":"TELEMMe","url":"https:\/\/telemme.mmsh.fr\/","logo":{"@type":"ImageObject","inLanguage":"fr-FR","@id":"https:\/\/telemme.mmsh.fr\/#\/schema\/logo\/image\/","url":"https:\/\/telemme.mmsh.fr\/wp-content\/uploads\/2020\/03\/LogoTELEMMe-horizontal-fond-transparent.png","contentUrl":"https:\/\/telemme.mmsh.fr\/wp-content\/uploads\/2020\/03\/LogoTELEMMe-horizontal-fond-transparent.png","width":1500,"height":437,"caption":"TELEMMe"},"image":{"@id":"https:\/\/telemme.mmsh.fr\/#\/schema\/logo\/image\/"}}]}},"_links":{"self":[{"href":"https:\/\/telemme.mmsh.fr\/index.php?rest_route=\/wp\/v2\/tribe_events\/14470","targetHints":{"allow":["GET"]}}],"collection":[{"href":"https:\/\/telemme.mmsh.fr\/index.php?rest_route=\/wp\/v2\/tribe_events"}],"about":[{"href":"https:\/\/telemme.mmsh.fr\/index.php?rest_route=\/wp\/v2\/types\/tribe_events"}],"author":[{"embeddable":true,"href":"https:\/\/telemme.mmsh.fr\/index.php?rest_route=\/wp\/v2\/users\/6"}],"version-history":[{"count":7,"href":"https:\/\/telemme.mmsh.fr\/index.php?rest_route=\/wp\/v2\/tribe_events\/14470\/revisions"}],"predecessor-version":[{"id":14580,"href":"https:\/\/telemme.mmsh.fr\/index.php?rest_route=\/wp\/v2\/tribe_events\/14470\/revisions\/14580"}],"wp:featuredmedia":[{"embeddable":true,"href":"https:\/\/telemme.mmsh.fr\/index.php?rest_route=\/wp\/v2\/media\/14579"}],"wp:attachment":[{"href":"https:\/\/telemme.mmsh.fr\/index.php?rest_route=%2Fwp%2Fv2%2Fmedia&parent=14470"}],"wp:term":[{"taxonomy":"post_tag","embeddable":true,"href":"https:\/\/telemme.mmsh.fr\/index.php?rest_route=%2Fwp%2Fv2%2Ftags&post=14470"},{"taxonomy":"tribe_events_cat","embeddable":true,"href":"https:\/\/telemme.mmsh.fr\/index.php?rest_route=%2Fwp%2Fv2%2Ftribe_events_cat&post=14470"}],"curies":[{"name":"wp","href":"https:\/\/api.w.org\/{rel}","templated":true}]}}