{"id":14453,"date":"2024-07-16T09:32:04","date_gmt":"2024-07-16T07:32:04","guid":{"rendered":"https:\/\/telemme.mmsh.fr\/?post_type=tribe_events&#038;p=14453"},"modified":"2024-10-22T11:40:35","modified_gmt":"2024-10-22T09:40:35","slug":"lancement-daixopera","status":"publish","type":"tribe_events","link":"https:\/\/telemme.mmsh.fr\/?tribe_events=lancement-daixopera","title":{"rendered":"Lancement d&rsquo;AixOPERA"},"content":{"rendered":"<p>Le 4 novembre 2024, AixOPERA organise sa journ\u00e9e de lancement officielle ! Venez retrouver des chercheurs, chercheuses, professionnels de l\u2019op\u00e9ra et du patrimoine culturel pour d\u00e9couvrir les enjeux du programme de recherche.<\/p>\n<p><a href=\"https:\/\/telemme.mmsh.fr\/?evenement=14609\"><strong>Programme complet<\/strong><\/a><\/p>\n","protected":false},"excerpt":{"rendered":"<p>Le 4 novembre 2024, AixOPERA organise sa journ\u00e9e de lancement officielle ! Venez retrouver des chercheurs, chercheuses, professionnels de l\u2019op\u00e9ra et du patrimoine culturel pour d\u00e9couvrir les enjeux du programme&hellip;&nbsp;<a href=\"https:\/\/telemme.mmsh.fr\/?tribe_events=lancement-daixopera\" rel=\"bookmark\">Lire la suite &raquo;<span class=\"screen-reader-text\">Lancement d&rsquo;AixOPERA<\/span><\/a><\/p>\n","protected":false},"author":6,"featured_media":14615,"template":"","meta":{"neve_meta_sidebar":"","neve_meta_container":"","neve_meta_enable_content_width":"","neve_meta_content_width":0,"neve_meta_title_alignment":"","neve_meta_author_avatar":"","neve_post_elements_order":"","neve_meta_disable_header":"","neve_meta_disable_footer":"","neve_meta_disable_title":"","_tribe_events_status":"","_tribe_events_status_reason":"","footnotes":""},"tags":[2838,2836,2172,2626,2837],"tribe_events_cat":[1823],"class_list":["post-14453","tribe_events","type-tribe_events","status-publish","has-post-thumbnail","hentry","tag-aixopera","tag-amidex","tag-amu","tag-festival-daix","tag-ville-daix-en-provence","tribe_events_cat-journee-detudes","cat_journee-detudes"],"yoast_head":"<!-- This site is optimized with the Yoast SEO plugin v27.4 - https:\/\/yoast.com\/product\/yoast-seo-wordpress\/ -->\n<title>Lancement d&#039;AixOPERA - TELEMMe - Temps, espaces, langages, Europe m\u00e9ridionale, M\u00e9diterran\u00e9e<\/title>\n<meta name=\"description\" content=\"Le 4 novembre 2024, AixOPERA organise sa journ\u00e9e de lancement officielle ! Venez retrouver des chercheurs, chercheuses, professionnels de l\u2019op\u00e9ra et du patrimoine culturel pour d\u00e9couvrir les enjeux du programme de recherche.\" \/>\n<meta name=\"robots\" content=\"index, follow, max-snippet:-1, max-image-preview:large, max-video-preview:-1\" \/>\n<link rel=\"canonical\" href=\"https:\/\/telemme.mmsh.fr\/?tribe_events=lancement-daixopera\" \/>\n<meta property=\"og:locale\" content=\"fr_FR\" \/>\n<meta property=\"og:type\" content=\"article\" \/>\n<meta property=\"og:title\" content=\"Lancement d&#039;AixOPERA - TELEMMe - Temps, espaces, langages, Europe m\u00e9ridionale, M\u00e9diterran\u00e9e\" \/>\n<meta property=\"og:description\" content=\"Le 4 novembre 2024, AixOPERA organise sa journ\u00e9e de lancement officielle ! Venez retrouver des chercheurs, chercheuses, professionnels de l\u2019op\u00e9ra et du patrimoine culturel pour d\u00e9couvrir les enjeux du programme de recherche.\" \/>\n<meta property=\"og:url\" content=\"https:\/\/telemme.mmsh.fr\/?tribe_events=lancement-daixopera\" \/>\n<meta property=\"og:site_name\" content=\"TELEMMe - Temps, espaces, langages, Europe m\u00e9ridionale, M\u00e9diterran\u00e9e\" \/>\n<meta property=\"article:modified_time\" content=\"2024-10-22T09:40:35+00:00\" \/>\n<meta property=\"og:image\" content=\"https:\/\/telemme.mmsh.fr\/wp-content\/uploads\/2024\/10\/MontageButterfly.30mai24.HD_.11-scaled_small.jpg\" \/>\n\t<meta property=\"og:image:width\" content=\"500\" \/>\n\t<meta property=\"og:image:height\" content=\"749\" \/>\n\t<meta property=\"og:image:type\" content=\"image\/jpeg\" \/>\n<meta name=\"twitter:card\" content=\"summary_large_image\" \/>\n<script type=\"application\/ld+json\" class=\"yoast-schema-graph\">{\"@context\":\"https:\\\/\\\/schema.org\",\"@graph\":[{\"@type\":\"WebPage\",\"@id\":\"https:\\\/\\\/telemme.mmsh.fr\\\/?tribe_events=lancement-daixopera\",\"url\":\"https:\\\/\\\/telemme.mmsh.fr\\\/?tribe_events=lancement-daixopera\",\"name\":\"Lancement d'AixOPERA - TELEMMe - Temps, espaces, langages, Europe m\u00e9ridionale, M\u00e9diterran\u00e9e\",\"isPartOf\":{\"@id\":\"https:\\\/\\\/telemme.mmsh.fr\\\/#website\"},\"primaryImageOfPage\":{\"@id\":\"https:\\\/\\\/telemme.mmsh.fr\\\/?tribe_events=lancement-daixopera#primaryimage\"},\"image\":{\"@id\":\"https:\\\/\\\/telemme.mmsh.fr\\\/?tribe_events=lancement-daixopera#primaryimage\"},\"thumbnailUrl\":\"https:\\\/\\\/telemme.mmsh.fr\\\/wp-content\\\/uploads\\\/2024\\\/10\\\/MontageButterfly.30mai24.HD_.11-scaled_small.jpg\",\"datePublished\":\"2024-07-16T07:32:04+00:00\",\"dateModified\":\"2024-10-22T09:40:35+00:00\",\"description\":\"Le 4 novembre 2024, AixOPERA organise sa journ\u00e9e de lancement officielle ! Venez retrouver des chercheurs, chercheuses, professionnels de l\u2019op\u00e9ra et du patrimoine culturel pour d\u00e9couvrir les enjeux du programme de recherche.\",\"breadcrumb\":{\"@id\":\"https:\\\/\\\/telemme.mmsh.fr\\\/?tribe_events=lancement-daixopera#breadcrumb\"},\"inLanguage\":\"fr-FR\",\"potentialAction\":[{\"@type\":\"ReadAction\",\"target\":[\"https:\\\/\\\/telemme.mmsh.fr\\\/?tribe_events=lancement-daixopera\"]}]},{\"@type\":\"ImageObject\",\"inLanguage\":\"fr-FR\",\"@id\":\"https:\\\/\\\/telemme.mmsh.fr\\\/?tribe_events=lancement-daixopera#primaryimage\",\"url\":\"https:\\\/\\\/telemme.mmsh.fr\\\/wp-content\\\/uploads\\\/2024\\\/10\\\/MontageButterfly.30mai24.HD_.11-scaled_small.jpg\",\"contentUrl\":\"https:\\\/\\\/telemme.mmsh.fr\\\/wp-content\\\/uploads\\\/2024\\\/10\\\/MontageButterfly.30mai24.HD_.11-scaled_small.jpg\",\"width\":500,\"height\":749,\"caption\":\"Montage des d\u00e9cors de l\u2019op\u00e9ra Madama Butterfly de Giacomo Puccini (1858-1924) par les \u00e9quipes technique du festival d\u2019Aix-en-Provence au th\u00e9\u00e2tre de l\u2019Archev\u00each\u00e9 le jeudi 30 mai 2024. Photographies de Vincent Beaume.\"},{\"@type\":\"BreadcrumbList\",\"@id\":\"https:\\\/\\\/telemme.mmsh.fr\\\/?tribe_events=lancement-daixopera#breadcrumb\",\"itemListElement\":[{\"@type\":\"ListItem\",\"position\":1,\"name\":\"Accueil\",\"item\":\"https:\\\/\\\/telemme.mmsh.fr\\\/\"},{\"@type\":\"ListItem\",\"position\":2,\"name\":\"\u00c9v\u00e8nements\",\"item\":\"https:\\\/\\\/telemme.mmsh.fr\\\/?post_type=tribe_events\"},{\"@type\":\"ListItem\",\"position\":3,\"name\":\"Journ\u00e9e d'\u00e9tudes\",\"item\":\"https:\\\/\\\/telemme.mmsh.fr\\\/?tribe_events_cat=journee-detudes\"},{\"@type\":\"ListItem\",\"position\":4,\"name\":\"Lancement d&#8217;AixOPERA\"}]},{\"@type\":\"WebSite\",\"@id\":\"https:\\\/\\\/telemme.mmsh.fr\\\/#website\",\"url\":\"https:\\\/\\\/telemme.mmsh.fr\\\/\",\"name\":\"TELEMMe - Temps, espaces, langages, Europe m\u00e9ridionale, M\u00e9diterran\u00e9e\",\"description\":\"\",\"publisher\":{\"@id\":\"https:\\\/\\\/telemme.mmsh.fr\\\/#organization\"},\"potentialAction\":[{\"@type\":\"SearchAction\",\"target\":{\"@type\":\"EntryPoint\",\"urlTemplate\":\"https:\\\/\\\/telemme.mmsh.fr\\\/?s={search_term_string}\"},\"query-input\":{\"@type\":\"PropertyValueSpecification\",\"valueRequired\":true,\"valueName\":\"search_term_string\"}}],\"inLanguage\":\"fr-FR\"},{\"@type\":\"Organization\",\"@id\":\"https:\\\/\\\/telemme.mmsh.fr\\\/#organization\",\"name\":\"TELEMMe\",\"url\":\"https:\\\/\\\/telemme.mmsh.fr\\\/\",\"logo\":{\"@type\":\"ImageObject\",\"inLanguage\":\"fr-FR\",\"@id\":\"https:\\\/\\\/telemme.mmsh.fr\\\/#\\\/schema\\\/logo\\\/image\\\/\",\"url\":\"https:\\\/\\\/telemme.mmsh.fr\\\/wp-content\\\/uploads\\\/2020\\\/03\\\/LogoTELEMMe-horizontal-fond-transparent.png\",\"contentUrl\":\"https:\\\/\\\/telemme.mmsh.fr\\\/wp-content\\\/uploads\\\/2020\\\/03\\\/LogoTELEMMe-horizontal-fond-transparent.png\",\"width\":1500,\"height\":437,\"caption\":\"TELEMMe\"},\"image\":{\"@id\":\"https:\\\/\\\/telemme.mmsh.fr\\\/#\\\/schema\\\/logo\\\/image\\\/\"}}]}<\/script>\n<!-- \/ Yoast SEO plugin. -->","yoast_head_json":{"title":"Lancement d'AixOPERA - TELEMMe - Temps, espaces, langages, Europe m\u00e9ridionale, M\u00e9diterran\u00e9e","description":"Le 4 novembre 2024, AixOPERA organise sa journ\u00e9e de lancement officielle ! Venez retrouver des chercheurs, chercheuses, professionnels de l\u2019op\u00e9ra et du patrimoine culturel pour d\u00e9couvrir les enjeux du programme de recherche.","robots":{"index":"index","follow":"follow","max-snippet":"max-snippet:-1","max-image-preview":"max-image-preview:large","max-video-preview":"max-video-preview:-1"},"canonical":"https:\/\/telemme.mmsh.fr\/?tribe_events=lancement-daixopera","og_locale":"fr_FR","og_type":"article","og_title":"Lancement d'AixOPERA - TELEMMe - Temps, espaces, langages, Europe m\u00e9ridionale, M\u00e9diterran\u00e9e","og_description":"Le 4 novembre 2024, AixOPERA organise sa journ\u00e9e de lancement officielle ! Venez retrouver des chercheurs, chercheuses, professionnels de l\u2019op\u00e9ra et du patrimoine culturel pour d\u00e9couvrir les enjeux du programme de recherche.","og_url":"https:\/\/telemme.mmsh.fr\/?tribe_events=lancement-daixopera","og_site_name":"TELEMMe - Temps, espaces, langages, Europe m\u00e9ridionale, M\u00e9diterran\u00e9e","article_modified_time":"2024-10-22T09:40:35+00:00","og_image":[{"width":500,"height":749,"url":"https:\/\/telemme.mmsh.fr\/wp-content\/uploads\/2024\/10\/MontageButterfly.30mai24.HD_.11-scaled_small.jpg","type":"image\/jpeg"}],"twitter_card":"summary_large_image","schema":{"@context":"https:\/\/schema.org","@graph":[{"@type":"WebPage","@id":"https:\/\/telemme.mmsh.fr\/?tribe_events=lancement-daixopera","url":"https:\/\/telemme.mmsh.fr\/?tribe_events=lancement-daixopera","name":"Lancement d'AixOPERA - TELEMMe - Temps, espaces, langages, Europe m\u00e9ridionale, M\u00e9diterran\u00e9e","isPartOf":{"@id":"https:\/\/telemme.mmsh.fr\/#website"},"primaryImageOfPage":{"@id":"https:\/\/telemme.mmsh.fr\/?tribe_events=lancement-daixopera#primaryimage"},"image":{"@id":"https:\/\/telemme.mmsh.fr\/?tribe_events=lancement-daixopera#primaryimage"},"thumbnailUrl":"https:\/\/telemme.mmsh.fr\/wp-content\/uploads\/2024\/10\/MontageButterfly.30mai24.HD_.11-scaled_small.jpg","datePublished":"2024-07-16T07:32:04+00:00","dateModified":"2024-10-22T09:40:35+00:00","description":"Le 4 novembre 2024, AixOPERA organise sa journ\u00e9e de lancement officielle ! Venez retrouver des chercheurs, chercheuses, professionnels de l\u2019op\u00e9ra et du patrimoine culturel pour d\u00e9couvrir les enjeux du programme de recherche.","breadcrumb":{"@id":"https:\/\/telemme.mmsh.fr\/?tribe_events=lancement-daixopera#breadcrumb"},"inLanguage":"fr-FR","potentialAction":[{"@type":"ReadAction","target":["https:\/\/telemme.mmsh.fr\/?tribe_events=lancement-daixopera"]}]},{"@type":"ImageObject","inLanguage":"fr-FR","@id":"https:\/\/telemme.mmsh.fr\/?tribe_events=lancement-daixopera#primaryimage","url":"https:\/\/telemme.mmsh.fr\/wp-content\/uploads\/2024\/10\/MontageButterfly.30mai24.HD_.11-scaled_small.jpg","contentUrl":"https:\/\/telemme.mmsh.fr\/wp-content\/uploads\/2024\/10\/MontageButterfly.30mai24.HD_.11-scaled_small.jpg","width":500,"height":749,"caption":"Montage des d\u00e9cors de l\u2019op\u00e9ra Madama Butterfly de Giacomo Puccini (1858-1924) par les \u00e9quipes technique du festival d\u2019Aix-en-Provence au th\u00e9\u00e2tre de l\u2019Archev\u00each\u00e9 le jeudi 30 mai 2024. Photographies de Vincent Beaume."},{"@type":"BreadcrumbList","@id":"https:\/\/telemme.mmsh.fr\/?tribe_events=lancement-daixopera#breadcrumb","itemListElement":[{"@type":"ListItem","position":1,"name":"Accueil","item":"https:\/\/telemme.mmsh.fr\/"},{"@type":"ListItem","position":2,"name":"\u00c9v\u00e8nements","item":"https:\/\/telemme.mmsh.fr\/?post_type=tribe_events"},{"@type":"ListItem","position":3,"name":"Journ\u00e9e d'\u00e9tudes","item":"https:\/\/telemme.mmsh.fr\/?tribe_events_cat=journee-detudes"},{"@type":"ListItem","position":4,"name":"Lancement d&#8217;AixOPERA"}]},{"@type":"WebSite","@id":"https:\/\/telemme.mmsh.fr\/#website","url":"https:\/\/telemme.mmsh.fr\/","name":"TELEMMe - Temps, espaces, langages, Europe m\u00e9ridionale, M\u00e9diterran\u00e9e","description":"","publisher":{"@id":"https:\/\/telemme.mmsh.fr\/#organization"},"potentialAction":[{"@type":"SearchAction","target":{"@type":"EntryPoint","urlTemplate":"https:\/\/telemme.mmsh.fr\/?s={search_term_string}"},"query-input":{"@type":"PropertyValueSpecification","valueRequired":true,"valueName":"search_term_string"}}],"inLanguage":"fr-FR"},{"@type":"Organization","@id":"https:\/\/telemme.mmsh.fr\/#organization","name":"TELEMMe","url":"https:\/\/telemme.mmsh.fr\/","logo":{"@type":"ImageObject","inLanguage":"fr-FR","@id":"https:\/\/telemme.mmsh.fr\/#\/schema\/logo\/image\/","url":"https:\/\/telemme.mmsh.fr\/wp-content\/uploads\/2020\/03\/LogoTELEMMe-horizontal-fond-transparent.png","contentUrl":"https:\/\/telemme.mmsh.fr\/wp-content\/uploads\/2020\/03\/LogoTELEMMe-horizontal-fond-transparent.png","width":1500,"height":437,"caption":"TELEMMe"},"image":{"@id":"https:\/\/telemme.mmsh.fr\/#\/schema\/logo\/image\/"}}]}},"_links":{"self":[{"href":"https:\/\/telemme.mmsh.fr\/index.php?rest_route=\/wp\/v2\/tribe_events\/14453","targetHints":{"allow":["GET"]}}],"collection":[{"href":"https:\/\/telemme.mmsh.fr\/index.php?rest_route=\/wp\/v2\/tribe_events"}],"about":[{"href":"https:\/\/telemme.mmsh.fr\/index.php?rest_route=\/wp\/v2\/types\/tribe_events"}],"author":[{"embeddable":true,"href":"https:\/\/telemme.mmsh.fr\/index.php?rest_route=\/wp\/v2\/users\/6"}],"version-history":[{"count":6,"href":"https:\/\/telemme.mmsh.fr\/index.php?rest_route=\/wp\/v2\/tribe_events\/14453\/revisions"}],"predecessor-version":[{"id":14614,"href":"https:\/\/telemme.mmsh.fr\/index.php?rest_route=\/wp\/v2\/tribe_events\/14453\/revisions\/14614"}],"wp:featuredmedia":[{"embeddable":true,"href":"https:\/\/telemme.mmsh.fr\/index.php?rest_route=\/wp\/v2\/media\/14615"}],"wp:attachment":[{"href":"https:\/\/telemme.mmsh.fr\/index.php?rest_route=%2Fwp%2Fv2%2Fmedia&parent=14453"}],"wp:term":[{"taxonomy":"post_tag","embeddable":true,"href":"https:\/\/telemme.mmsh.fr\/index.php?rest_route=%2Fwp%2Fv2%2Ftags&post=14453"},{"taxonomy":"tribe_events_cat","embeddable":true,"href":"https:\/\/telemme.mmsh.fr\/index.php?rest_route=%2Fwp%2Fv2%2Ftribe_events_cat&post=14453"}],"curies":[{"name":"wp","href":"https:\/\/api.w.org\/{rel}","templated":true}]}}