{"id":14439,"date":"2024-07-12T11:52:15","date_gmt":"2024-07-12T09:52:15","guid":{"rendered":"https:\/\/telemme.mmsh.fr\/?post_type=tribe_events&#038;p=14439"},"modified":"2025-01-07T15:19:01","modified_gmt":"2025-01-07T14:19:01","slug":"histoire-de-la-sante","status":"publish","type":"tribe_events","link":"https:\/\/telemme.mmsh.fr\/?tribe_events=histoire-de-la-sante","title":{"rendered":"Bien \u00eatre et sant\u00e9 des enfants, entre pratiques sociales et politiques publiques"},"content":{"rendered":"<p align=\"justify\"><span style=\"color: #000000;\"><span style=\"font-size: medium;\">La s\u00e9ance interrogera ce que la normativit\u00e9 impose aux corps enfantins et aux familles. Au travers de deux recherches interdisciplinaires en cours, l\u2019une sur le sommeil avec le centre du sommeil de la Timone et l\u2019autre sur les activit\u00e9s de plein air des enfants, les intervenantes montreront comment la pr\u00e9vention des dangers conditionne les habitudes et les corps. Entre pratiques sociales et politiques publiques, les communications proposeront de revaloriser les histoires individuelles pour repenser le bien-\u00eatre des enfants et des familles.<\/span><\/span><\/p>\n<p align=\"justify\"><a href=\"https:\/\/telemme.mmsh.fr\/?evenement=bien-etre-et-sante-des-enfants\"><strong>Programme complet<\/strong><\/a><\/p>\n","protected":false},"excerpt":{"rendered":"<p>La s\u00e9ance interrogera ce que la normativit\u00e9 impose aux corps enfantins et aux familles.<\/p>\n","protected":false},"author":6,"featured_media":14857,"template":"","meta":{"neve_meta_sidebar":"","neve_meta_container":"","neve_meta_enable_content_width":"","neve_meta_content_width":0,"neve_meta_title_alignment":"","neve_meta_author_avatar":"","neve_post_elements_order":"","neve_meta_disable_header":"","neve_meta_disable_footer":"","neve_meta_disable_title":"","_tribe_events_status":"","_tribe_events_status_reason":"","footnotes":""},"tags":[2844],"tribe_events_cat":[1831],"class_list":["post-14439","tribe_events","type-tribe_events","status-publish","has-post-thumbnail","hentry","tag-3-3-histoire-de-la-sante","tribe_events_cat-seminaire","cat_seminaire"],"yoast_head":"<!-- This site is optimized with the Yoast SEO plugin v27.4 - https:\/\/yoast.com\/product\/yoast-seo-wordpress\/ -->\n<title>Bien \u00eatre et sant\u00e9 des enfants, entre pratiques sociales et politiques publiques - TELEMMe - Temps, espaces, langages, Europe m\u00e9ridionale, M\u00e9diterran\u00e9e<\/title>\n<meta name=\"description\" content=\"La s\u00e9ance interrogera ce que la normativit\u00e9 impose aux corps enfantins et aux familles. Au travers de deux recherches interdisciplinaires en cours, l\u2019une sur le sommeil avec le centre du sommeil de la Timone et l\u2019autre sur les activit\u00e9s de plein air des enfants, les intervenantes montreront comment la pr\u00e9vention des dangers conditionne les habitudes et les corps. Entre pratiques sociales et politiques publiques, les communications proposeront de revaloriser les histoires individuelles pour repenser le bien-\u00eatre des enfants et des familles.\" \/>\n<meta name=\"robots\" content=\"index, follow, max-snippet:-1, max-image-preview:large, max-video-preview:-1\" \/>\n<link rel=\"canonical\" href=\"https:\/\/telemme.mmsh.fr\/?tribe_events=histoire-de-la-sante\" \/>\n<meta property=\"og:locale\" content=\"fr_FR\" \/>\n<meta property=\"og:type\" content=\"article\" \/>\n<meta property=\"og:title\" content=\"Bien \u00eatre et sant\u00e9 des enfants, entre pratiques sociales et politiques publiques - TELEMMe - Temps, espaces, langages, Europe m\u00e9ridionale, M\u00e9diterran\u00e9e\" \/>\n<meta property=\"og:description\" content=\"La s\u00e9ance interrogera ce que la normativit\u00e9 impose aux corps enfantins et aux familles. Au travers de deux recherches interdisciplinaires en cours, l\u2019une sur le sommeil avec le centre du sommeil de la Timone et l\u2019autre sur les activit\u00e9s de plein air des enfants, les intervenantes montreront comment la pr\u00e9vention des dangers conditionne les habitudes et les corps. Entre pratiques sociales et politiques publiques, les communications proposeront de revaloriser les histoires individuelles pour repenser le bien-\u00eatre des enfants et des familles.\" \/>\n<meta property=\"og:url\" content=\"https:\/\/telemme.mmsh.fr\/?tribe_events=histoire-de-la-sante\" \/>\n<meta property=\"og:site_name\" content=\"TELEMMe - Temps, espaces, langages, Europe m\u00e9ridionale, M\u00e9diterran\u00e9e\" \/>\n<meta property=\"article:modified_time\" content=\"2025-01-07T14:19:01+00:00\" \/>\n<meta property=\"og:image\" content=\"https:\/\/telemme.mmsh.fr\/wp-content\/uploads\/2025\/01\/2025.02.26_HistSante_Enfant.jpg\" \/>\n\t<meta property=\"og:image:width\" content=\"300\" \/>\n\t<meta property=\"og:image:height\" content=\"414\" \/>\n\t<meta property=\"og:image:type\" content=\"image\/jpeg\" \/>\n<meta name=\"twitter:card\" content=\"summary_large_image\" \/>\n<script type=\"application\/ld+json\" class=\"yoast-schema-graph\">{\"@context\":\"https:\\\/\\\/schema.org\",\"@graph\":[{\"@type\":\"WebPage\",\"@id\":\"https:\\\/\\\/telemme.mmsh.fr\\\/?tribe_events=histoire-de-la-sante\",\"url\":\"https:\\\/\\\/telemme.mmsh.fr\\\/?tribe_events=histoire-de-la-sante\",\"name\":\"Bien \u00eatre et sant\u00e9 des enfants, entre pratiques sociales et politiques publiques - TELEMMe - Temps, espaces, langages, Europe m\u00e9ridionale, M\u00e9diterran\u00e9e\",\"isPartOf\":{\"@id\":\"https:\\\/\\\/telemme.mmsh.fr\\\/#website\"},\"primaryImageOfPage\":{\"@id\":\"https:\\\/\\\/telemme.mmsh.fr\\\/?tribe_events=histoire-de-la-sante#primaryimage\"},\"image\":{\"@id\":\"https:\\\/\\\/telemme.mmsh.fr\\\/?tribe_events=histoire-de-la-sante#primaryimage\"},\"thumbnailUrl\":\"https:\\\/\\\/telemme.mmsh.fr\\\/wp-content\\\/uploads\\\/2025\\\/01\\\/2025.02.26_HistSante_Enfant.jpg\",\"datePublished\":\"2024-07-12T09:52:15+00:00\",\"dateModified\":\"2025-01-07T14:19:01+00:00\",\"description\":\"La s\u00e9ance interrogera ce que la normativit\u00e9 impose aux corps enfantins et aux familles. Au travers de deux recherches interdisciplinaires en cours, l\u2019une sur le sommeil avec le centre du sommeil de la Timone et l\u2019autre sur les activit\u00e9s de plein air des enfants, les intervenantes montreront comment la pr\u00e9vention des dangers conditionne les habitudes et les corps. Entre pratiques sociales et politiques publiques, les communications proposeront de revaloriser les histoires individuelles pour repenser le bien-\u00eatre des enfants et des familles.\",\"breadcrumb\":{\"@id\":\"https:\\\/\\\/telemme.mmsh.fr\\\/?tribe_events=histoire-de-la-sante#breadcrumb\"},\"inLanguage\":\"fr-FR\",\"potentialAction\":[{\"@type\":\"ReadAction\",\"target\":[\"https:\\\/\\\/telemme.mmsh.fr\\\/?tribe_events=histoire-de-la-sante\"]}]},{\"@type\":\"ImageObject\",\"inLanguage\":\"fr-FR\",\"@id\":\"https:\\\/\\\/telemme.mmsh.fr\\\/?tribe_events=histoire-de-la-sante#primaryimage\",\"url\":\"https:\\\/\\\/telemme.mmsh.fr\\\/wp-content\\\/uploads\\\/2025\\\/01\\\/2025.02.26_HistSante_Enfant.jpg\",\"contentUrl\":\"https:\\\/\\\/telemme.mmsh.fr\\\/wp-content\\\/uploads\\\/2025\\\/01\\\/2025.02.26_HistSante_Enfant.jpg\",\"width\":300,\"height\":414,\"caption\":\"Enfant dansant, photographie priv\u00e9e, tous droits r\u00e9serv\u00e9s\"},{\"@type\":\"BreadcrumbList\",\"@id\":\"https:\\\/\\\/telemme.mmsh.fr\\\/?tribe_events=histoire-de-la-sante#breadcrumb\",\"itemListElement\":[{\"@type\":\"ListItem\",\"position\":1,\"name\":\"Accueil\",\"item\":\"https:\\\/\\\/telemme.mmsh.fr\\\/\"},{\"@type\":\"ListItem\",\"position\":2,\"name\":\"\u00c9v\u00e8nements\",\"item\":\"https:\\\/\\\/telemme.mmsh.fr\\\/?post_type=tribe_events\"},{\"@type\":\"ListItem\",\"position\":3,\"name\":\"S\u00e9minaire\",\"item\":\"https:\\\/\\\/telemme.mmsh.fr\\\/?tribe_events_cat=seminaire\"},{\"@type\":\"ListItem\",\"position\":4,\"name\":\"Bien \u00eatre et sant\u00e9 des enfants, entre pratiques sociales et politiques publiques\"}]},{\"@type\":\"WebSite\",\"@id\":\"https:\\\/\\\/telemme.mmsh.fr\\\/#website\",\"url\":\"https:\\\/\\\/telemme.mmsh.fr\\\/\",\"name\":\"TELEMMe - Temps, espaces, langages, Europe m\u00e9ridionale, M\u00e9diterran\u00e9e\",\"description\":\"\",\"publisher\":{\"@id\":\"https:\\\/\\\/telemme.mmsh.fr\\\/#organization\"},\"potentialAction\":[{\"@type\":\"SearchAction\",\"target\":{\"@type\":\"EntryPoint\",\"urlTemplate\":\"https:\\\/\\\/telemme.mmsh.fr\\\/?s={search_term_string}\"},\"query-input\":{\"@type\":\"PropertyValueSpecification\",\"valueRequired\":true,\"valueName\":\"search_term_string\"}}],\"inLanguage\":\"fr-FR\"},{\"@type\":\"Organization\",\"@id\":\"https:\\\/\\\/telemme.mmsh.fr\\\/#organization\",\"name\":\"TELEMMe\",\"url\":\"https:\\\/\\\/telemme.mmsh.fr\\\/\",\"logo\":{\"@type\":\"ImageObject\",\"inLanguage\":\"fr-FR\",\"@id\":\"https:\\\/\\\/telemme.mmsh.fr\\\/#\\\/schema\\\/logo\\\/image\\\/\",\"url\":\"https:\\\/\\\/telemme.mmsh.fr\\\/wp-content\\\/uploads\\\/2020\\\/03\\\/LogoTELEMMe-horizontal-fond-transparent.png\",\"contentUrl\":\"https:\\\/\\\/telemme.mmsh.fr\\\/wp-content\\\/uploads\\\/2020\\\/03\\\/LogoTELEMMe-horizontal-fond-transparent.png\",\"width\":1500,\"height\":437,\"caption\":\"TELEMMe\"},\"image\":{\"@id\":\"https:\\\/\\\/telemme.mmsh.fr\\\/#\\\/schema\\\/logo\\\/image\\\/\"}}]}<\/script>\n<!-- \/ Yoast SEO plugin. -->","yoast_head_json":{"title":"Bien \u00eatre et sant\u00e9 des enfants, entre pratiques sociales et politiques publiques - TELEMMe - Temps, espaces, langages, Europe m\u00e9ridionale, M\u00e9diterran\u00e9e","description":"La s\u00e9ance interrogera ce que la normativit\u00e9 impose aux corps enfantins et aux familles. Au travers de deux recherches interdisciplinaires en cours, l\u2019une sur le sommeil avec le centre du sommeil de la Timone et l\u2019autre sur les activit\u00e9s de plein air des enfants, les intervenantes montreront comment la pr\u00e9vention des dangers conditionne les habitudes et les corps. Entre pratiques sociales et politiques publiques, les communications proposeront de revaloriser les histoires individuelles pour repenser le bien-\u00eatre des enfants et des familles.","robots":{"index":"index","follow":"follow","max-snippet":"max-snippet:-1","max-image-preview":"max-image-preview:large","max-video-preview":"max-video-preview:-1"},"canonical":"https:\/\/telemme.mmsh.fr\/?tribe_events=histoire-de-la-sante","og_locale":"fr_FR","og_type":"article","og_title":"Bien \u00eatre et sant\u00e9 des enfants, entre pratiques sociales et politiques publiques - TELEMMe - Temps, espaces, langages, Europe m\u00e9ridionale, M\u00e9diterran\u00e9e","og_description":"La s\u00e9ance interrogera ce que la normativit\u00e9 impose aux corps enfantins et aux familles. Au travers de deux recherches interdisciplinaires en cours, l\u2019une sur le sommeil avec le centre du sommeil de la Timone et l\u2019autre sur les activit\u00e9s de plein air des enfants, les intervenantes montreront comment la pr\u00e9vention des dangers conditionne les habitudes et les corps. Entre pratiques sociales et politiques publiques, les communications proposeront de revaloriser les histoires individuelles pour repenser le bien-\u00eatre des enfants et des familles.","og_url":"https:\/\/telemme.mmsh.fr\/?tribe_events=histoire-de-la-sante","og_site_name":"TELEMMe - Temps, espaces, langages, Europe m\u00e9ridionale, M\u00e9diterran\u00e9e","article_modified_time":"2025-01-07T14:19:01+00:00","og_image":[{"width":300,"height":414,"url":"https:\/\/telemme.mmsh.fr\/wp-content\/uploads\/2025\/01\/2025.02.26_HistSante_Enfant.jpg","type":"image\/jpeg"}],"twitter_card":"summary_large_image","schema":{"@context":"https:\/\/schema.org","@graph":[{"@type":"WebPage","@id":"https:\/\/telemme.mmsh.fr\/?tribe_events=histoire-de-la-sante","url":"https:\/\/telemme.mmsh.fr\/?tribe_events=histoire-de-la-sante","name":"Bien \u00eatre et sant\u00e9 des enfants, entre pratiques sociales et politiques publiques - TELEMMe - Temps, espaces, langages, Europe m\u00e9ridionale, M\u00e9diterran\u00e9e","isPartOf":{"@id":"https:\/\/telemme.mmsh.fr\/#website"},"primaryImageOfPage":{"@id":"https:\/\/telemme.mmsh.fr\/?tribe_events=histoire-de-la-sante#primaryimage"},"image":{"@id":"https:\/\/telemme.mmsh.fr\/?tribe_events=histoire-de-la-sante#primaryimage"},"thumbnailUrl":"https:\/\/telemme.mmsh.fr\/wp-content\/uploads\/2025\/01\/2025.02.26_HistSante_Enfant.jpg","datePublished":"2024-07-12T09:52:15+00:00","dateModified":"2025-01-07T14:19:01+00:00","description":"La s\u00e9ance interrogera ce que la normativit\u00e9 impose aux corps enfantins et aux familles. Au travers de deux recherches interdisciplinaires en cours, l\u2019une sur le sommeil avec le centre du sommeil de la Timone et l\u2019autre sur les activit\u00e9s de plein air des enfants, les intervenantes montreront comment la pr\u00e9vention des dangers conditionne les habitudes et les corps. Entre pratiques sociales et politiques publiques, les communications proposeront de revaloriser les histoires individuelles pour repenser le bien-\u00eatre des enfants et des familles.","breadcrumb":{"@id":"https:\/\/telemme.mmsh.fr\/?tribe_events=histoire-de-la-sante#breadcrumb"},"inLanguage":"fr-FR","potentialAction":[{"@type":"ReadAction","target":["https:\/\/telemme.mmsh.fr\/?tribe_events=histoire-de-la-sante"]}]},{"@type":"ImageObject","inLanguage":"fr-FR","@id":"https:\/\/telemme.mmsh.fr\/?tribe_events=histoire-de-la-sante#primaryimage","url":"https:\/\/telemme.mmsh.fr\/wp-content\/uploads\/2025\/01\/2025.02.26_HistSante_Enfant.jpg","contentUrl":"https:\/\/telemme.mmsh.fr\/wp-content\/uploads\/2025\/01\/2025.02.26_HistSante_Enfant.jpg","width":300,"height":414,"caption":"Enfant dansant, photographie priv\u00e9e, tous droits r\u00e9serv\u00e9s"},{"@type":"BreadcrumbList","@id":"https:\/\/telemme.mmsh.fr\/?tribe_events=histoire-de-la-sante#breadcrumb","itemListElement":[{"@type":"ListItem","position":1,"name":"Accueil","item":"https:\/\/telemme.mmsh.fr\/"},{"@type":"ListItem","position":2,"name":"\u00c9v\u00e8nements","item":"https:\/\/telemme.mmsh.fr\/?post_type=tribe_events"},{"@type":"ListItem","position":3,"name":"S\u00e9minaire","item":"https:\/\/telemme.mmsh.fr\/?tribe_events_cat=seminaire"},{"@type":"ListItem","position":4,"name":"Bien \u00eatre et sant\u00e9 des enfants, entre pratiques sociales et politiques publiques"}]},{"@type":"WebSite","@id":"https:\/\/telemme.mmsh.fr\/#website","url":"https:\/\/telemme.mmsh.fr\/","name":"TELEMMe - Temps, espaces, langages, Europe m\u00e9ridionale, M\u00e9diterran\u00e9e","description":"","publisher":{"@id":"https:\/\/telemme.mmsh.fr\/#organization"},"potentialAction":[{"@type":"SearchAction","target":{"@type":"EntryPoint","urlTemplate":"https:\/\/telemme.mmsh.fr\/?s={search_term_string}"},"query-input":{"@type":"PropertyValueSpecification","valueRequired":true,"valueName":"search_term_string"}}],"inLanguage":"fr-FR"},{"@type":"Organization","@id":"https:\/\/telemme.mmsh.fr\/#organization","name":"TELEMMe","url":"https:\/\/telemme.mmsh.fr\/","logo":{"@type":"ImageObject","inLanguage":"fr-FR","@id":"https:\/\/telemme.mmsh.fr\/#\/schema\/logo\/image\/","url":"https:\/\/telemme.mmsh.fr\/wp-content\/uploads\/2020\/03\/LogoTELEMMe-horizontal-fond-transparent.png","contentUrl":"https:\/\/telemme.mmsh.fr\/wp-content\/uploads\/2020\/03\/LogoTELEMMe-horizontal-fond-transparent.png","width":1500,"height":437,"caption":"TELEMMe"},"image":{"@id":"https:\/\/telemme.mmsh.fr\/#\/schema\/logo\/image\/"}}]}},"_links":{"self":[{"href":"https:\/\/telemme.mmsh.fr\/index.php?rest_route=\/wp\/v2\/tribe_events\/14439","targetHints":{"allow":["GET"]}}],"collection":[{"href":"https:\/\/telemme.mmsh.fr\/index.php?rest_route=\/wp\/v2\/tribe_events"}],"about":[{"href":"https:\/\/telemme.mmsh.fr\/index.php?rest_route=\/wp\/v2\/types\/tribe_events"}],"author":[{"embeddable":true,"href":"https:\/\/telemme.mmsh.fr\/index.php?rest_route=\/wp\/v2\/users\/6"}],"version-history":[{"count":4,"href":"https:\/\/telemme.mmsh.fr\/index.php?rest_route=\/wp\/v2\/tribe_events\/14439\/revisions"}],"predecessor-version":[{"id":14858,"href":"https:\/\/telemme.mmsh.fr\/index.php?rest_route=\/wp\/v2\/tribe_events\/14439\/revisions\/14858"}],"wp:featuredmedia":[{"embeddable":true,"href":"https:\/\/telemme.mmsh.fr\/index.php?rest_route=\/wp\/v2\/media\/14857"}],"wp:attachment":[{"href":"https:\/\/telemme.mmsh.fr\/index.php?rest_route=%2Fwp%2Fv2%2Fmedia&parent=14439"}],"wp:term":[{"taxonomy":"post_tag","embeddable":true,"href":"https:\/\/telemme.mmsh.fr\/index.php?rest_route=%2Fwp%2Fv2%2Ftags&post=14439"},{"taxonomy":"tribe_events_cat","embeddable":true,"href":"https:\/\/telemme.mmsh.fr\/index.php?rest_route=%2Fwp%2Fv2%2Ftribe_events_cat&post=14439"}],"curies":[{"name":"wp","href":"https:\/\/api.w.org\/{rel}","templated":true}]}}