{"id":14269,"date":"2024-05-07T14:48:57","date_gmt":"2024-05-07T12:48:57","guid":{"rendered":"https:\/\/telemme.mmsh.fr\/?post_type=tribe_events&#038;p=14269"},"modified":"2024-05-07T14:49:46","modified_gmt":"2024-05-07T12:49:46","slug":"green-business-environnement-et-profits-a-lage-industriel","status":"publish","type":"tribe_events","link":"https:\/\/telemme.mmsh.fr\/?tribe_events=green-business-environnement-et-profits-a-lage-industriel","title":{"rendered":"Green business : environnement et profits \u00e0 l\u2019\u00e2ge industriel"},"content":{"rendered":"<p class=\"Corps\"><b><i>Journ\u00e9e d\u2019ouverture du Printemps de l\u2019histoire environnementale 2024 (RUCHE)<\/i><\/b><\/p>\n<p>L\u2019\u00e9cologie industrielle, l\u2019\u00e9conomie circulaire et la d\u00e9carbonation occupent une place de plus en plus importante dans les politiques publiques et dans les strat\u00e9gies des entreprises. La m\u00e9diatisation de ces concepts et les potentiels bouleversements qu\u2019ils engendrent dans diff\u00e9rents secteurs d\u2019activit\u00e9s invitent les historien\u00b7ne\u00b7s \u00e0 en interroger les origines et les r\u00e9alit\u00e9s. Cette journ\u00e9e d\u2019\u00e9tudes entend cerner les contours de l\u2019\u00e9cologisation des pratiques productives en analysant, dans la dur\u00e9e, la fa\u00e7on dont les acteurs publics et priv\u00e9s se sont empar\u00e9s des enjeux environnementaux pour les transformer en opportunit\u00e9s \u00e9conomiques. Du\u00a0<em>management\u00a0<\/em>environnemental, destin\u00e9 \u00e0 construire une image de marque, aux nouveaux march\u00e9s de la d\u00e9pollution en passant par l\u2019\u00e9conomie du recyclage, le r\u00e9emploi de mati\u00e8res et l\u2019optimisation \u00e9nerg\u00e9tique, cette manifestation explore les diff\u00e9rentes facettes de l\u2019entrepreneuriat vert \u00e0 l\u2019\u00e2ge industriel, depuis le XIX<sup>e<\/sup>\u00a0si\u00e8cle jusqu\u2019\u00e0 nos jours.<\/p>\n<p class=\"Corps\"><b>Renseignements et contact<\/b>\u00a0:\u00a0<a href=\"mailto:fabien.bartolotti@univ-amu.fr\">fabien.bartolotti@univ-amu.fr<\/a>,\u00a0<a href=\"mailto:remi.grisal@univ-amu.fr\">remi.grisal@univ-amu.fr<\/a>,\u00a0<a href=\"mailto:anael.marrec@univ-nantes.fr\">anael.marrec@univ-nantes.fr<\/a><\/p>\n<p class=\"Corps\"><b>Entr\u00e9e libre,<\/b>\u00a0dans la limite des places disponibles<\/p>\n<p>&nbsp;<\/p>\n<p><a href=\"https:\/\/telemme.mmsh.fr\/?evenement=green-business-environnement-et-profits-a-lage-industriel\">Programme<\/a><\/p>\n<p>&nbsp;<\/p>\n","protected":false},"excerpt":{"rendered":"<p>Journ\u00e9e d\u2019ouverture du Printemps de l\u2019histoire environnementale 2024 (RUCHE) L\u2019\u00e9cologie industrielle, l\u2019\u00e9conomie circulaire et la d\u00e9carbonation occupent une place de plus en plus importante dans les politiques publiques et dans&hellip;&nbsp;<a href=\"https:\/\/telemme.mmsh.fr\/?tribe_events=green-business-environnement-et-profits-a-lage-industriel\" rel=\"bookmark\">Lire la suite &raquo;<span class=\"screen-reader-text\">Green business : environnement et profits \u00e0 l\u2019\u00e2ge industriel<\/span><\/a><\/p>\n","protected":false},"author":175,"featured_media":14268,"template":"","meta":{"neve_meta_sidebar":"","neve_meta_container":"","neve_meta_enable_content_width":"","neve_meta_content_width":0,"neve_meta_title_alignment":"","neve_meta_author_avatar":"","neve_post_elements_order":"","neve_meta_disable_header":"","neve_meta_disable_footer":"","neve_meta_disable_title":"","_tribe_events_status":"","_tribe_events_status_reason":"","footnotes":""},"tags":[],"tribe_events_cat":[1823],"class_list":["post-14269","tribe_events","type-tribe_events","status-publish","has-post-thumbnail","hentry","tribe_events_cat-journee-detudes","cat_journee-detudes"],"yoast_head":"<!-- This site is optimized with the Yoast SEO plugin v27.4 - https:\/\/yoast.com\/product\/yoast-seo-wordpress\/ -->\n<title>Green business : environnement et profits \u00e0 l\u2019\u00e2ge industriel - TELEMMe - Temps, espaces, langages, Europe m\u00e9ridionale, M\u00e9diterran\u00e9e<\/title>\n<meta name=\"robots\" content=\"index, follow, max-snippet:-1, max-image-preview:large, max-video-preview:-1\" \/>\n<link rel=\"canonical\" href=\"https:\/\/telemme.mmsh.fr\/?tribe_events=green-business-environnement-et-profits-a-lage-industriel\" \/>\n<meta property=\"og:locale\" content=\"fr_FR\" \/>\n<meta property=\"og:type\" content=\"article\" \/>\n<meta property=\"og:title\" content=\"Green business : environnement et profits \u00e0 l\u2019\u00e2ge industriel - TELEMMe - Temps, espaces, langages, Europe m\u00e9ridionale, M\u00e9diterran\u00e9e\" \/>\n<meta property=\"og:description\" content=\"Journ\u00e9e d\u2019ouverture du Printemps de l\u2019histoire environnementale 2024 (RUCHE) L\u2019\u00e9cologie industrielle, l\u2019\u00e9conomie circulaire et la d\u00e9carbonation occupent une place de plus en plus importante dans les politiques publiques et dans&hellip;&nbsp;Lire la suite &raquo;Green business : environnement et profits \u00e0 l\u2019\u00e2ge industriel\" \/>\n<meta property=\"og:url\" content=\"https:\/\/telemme.mmsh.fr\/?tribe_events=green-business-environnement-et-profits-a-lage-industriel\" \/>\n<meta property=\"og:site_name\" content=\"TELEMMe - Temps, espaces, langages, Europe m\u00e9ridionale, M\u00e9diterran\u00e9e\" \/>\n<meta property=\"article:modified_time\" content=\"2024-05-07T12:49:46+00:00\" \/>\n<meta property=\"og:image\" content=\"https:\/\/telemme.mmsh.fr\/wp-content\/uploads\/2024\/05\/Visuel-JE-30-mai-TELEMMe-scaled.jpg\" \/>\n\t<meta property=\"og:image:width\" content=\"2560\" \/>\n\t<meta property=\"og:image:height\" content=\"1920\" \/>\n\t<meta property=\"og:image:type\" content=\"image\/jpeg\" \/>\n<meta name=\"twitter:card\" content=\"summary_large_image\" \/>\n<meta name=\"twitter:label1\" content=\"Dur\u00e9e de lecture estim\u00e9e\" \/>\n\t<meta name=\"twitter:data1\" content=\"1 minute\" \/>\n<script type=\"application\/ld+json\" class=\"yoast-schema-graph\">{\"@context\":\"https:\\\/\\\/schema.org\",\"@graph\":[{\"@type\":\"WebPage\",\"@id\":\"https:\\\/\\\/telemme.mmsh.fr\\\/?tribe_events=green-business-environnement-et-profits-a-lage-industriel\",\"url\":\"https:\\\/\\\/telemme.mmsh.fr\\\/?tribe_events=green-business-environnement-et-profits-a-lage-industriel\",\"name\":\"Green business : environnement et profits \u00e0 l\u2019\u00e2ge industriel - TELEMMe - Temps, espaces, langages, Europe m\u00e9ridionale, M\u00e9diterran\u00e9e\",\"isPartOf\":{\"@id\":\"https:\\\/\\\/telemme.mmsh.fr\\\/#website\"},\"primaryImageOfPage\":{\"@id\":\"https:\\\/\\\/telemme.mmsh.fr\\\/?tribe_events=green-business-environnement-et-profits-a-lage-industriel#primaryimage\"},\"image\":{\"@id\":\"https:\\\/\\\/telemme.mmsh.fr\\\/?tribe_events=green-business-environnement-et-profits-a-lage-industriel#primaryimage\"},\"thumbnailUrl\":\"https:\\\/\\\/telemme.mmsh.fr\\\/wp-content\\\/uploads\\\/2024\\\/05\\\/Visuel-JE-30-mai-TELEMMe-scaled.jpg\",\"datePublished\":\"2024-05-07T12:48:57+00:00\",\"dateModified\":\"2024-05-07T12:49:46+00:00\",\"breadcrumb\":{\"@id\":\"https:\\\/\\\/telemme.mmsh.fr\\\/?tribe_events=green-business-environnement-et-profits-a-lage-industriel#breadcrumb\"},\"inLanguage\":\"fr-FR\",\"potentialAction\":[{\"@type\":\"ReadAction\",\"target\":[\"https:\\\/\\\/telemme.mmsh.fr\\\/?tribe_events=green-business-environnement-et-profits-a-lage-industriel\"]}]},{\"@type\":\"ImageObject\",\"inLanguage\":\"fr-FR\",\"@id\":\"https:\\\/\\\/telemme.mmsh.fr\\\/?tribe_events=green-business-environnement-et-profits-a-lage-industriel#primaryimage\",\"url\":\"https:\\\/\\\/telemme.mmsh.fr\\\/wp-content\\\/uploads\\\/2024\\\/05\\\/Visuel-JE-30-mai-TELEMMe-scaled.jpg\",\"contentUrl\":\"https:\\\/\\\/telemme.mmsh.fr\\\/wp-content\\\/uploads\\\/2024\\\/05\\\/Visuel-JE-30-mai-TELEMMe-scaled.jpg\",\"width\":2560,\"height\":1920,\"caption\":\": Ville d'Amiens, \u00ab Ma\u00eetrise de l'\u00e9nergie : Amiens innove ! \u00bb, Dossier de presse, 1986, coll. particuli\u00e8re\"},{\"@type\":\"BreadcrumbList\",\"@id\":\"https:\\\/\\\/telemme.mmsh.fr\\\/?tribe_events=green-business-environnement-et-profits-a-lage-industriel#breadcrumb\",\"itemListElement\":[{\"@type\":\"ListItem\",\"position\":1,\"name\":\"Accueil\",\"item\":\"https:\\\/\\\/telemme.mmsh.fr\\\/\"},{\"@type\":\"ListItem\",\"position\":2,\"name\":\"\u00c9v\u00e8nements\",\"item\":\"https:\\\/\\\/telemme.mmsh.fr\\\/?post_type=tribe_events\"},{\"@type\":\"ListItem\",\"position\":3,\"name\":\"Journ\u00e9e d'\u00e9tudes\",\"item\":\"https:\\\/\\\/telemme.mmsh.fr\\\/?tribe_events_cat=journee-detudes\"},{\"@type\":\"ListItem\",\"position\":4,\"name\":\"Green business : environnement et profits \u00e0 l\u2019\u00e2ge industriel\"}]},{\"@type\":\"WebSite\",\"@id\":\"https:\\\/\\\/telemme.mmsh.fr\\\/#website\",\"url\":\"https:\\\/\\\/telemme.mmsh.fr\\\/\",\"name\":\"TELEMMe - Temps, espaces, langages, Europe m\u00e9ridionale, M\u00e9diterran\u00e9e\",\"description\":\"\",\"publisher\":{\"@id\":\"https:\\\/\\\/telemme.mmsh.fr\\\/#organization\"},\"potentialAction\":[{\"@type\":\"SearchAction\",\"target\":{\"@type\":\"EntryPoint\",\"urlTemplate\":\"https:\\\/\\\/telemme.mmsh.fr\\\/?s={search_term_string}\"},\"query-input\":{\"@type\":\"PropertyValueSpecification\",\"valueRequired\":true,\"valueName\":\"search_term_string\"}}],\"inLanguage\":\"fr-FR\"},{\"@type\":\"Organization\",\"@id\":\"https:\\\/\\\/telemme.mmsh.fr\\\/#organization\",\"name\":\"TELEMMe\",\"url\":\"https:\\\/\\\/telemme.mmsh.fr\\\/\",\"logo\":{\"@type\":\"ImageObject\",\"inLanguage\":\"fr-FR\",\"@id\":\"https:\\\/\\\/telemme.mmsh.fr\\\/#\\\/schema\\\/logo\\\/image\\\/\",\"url\":\"https:\\\/\\\/telemme.mmsh.fr\\\/wp-content\\\/uploads\\\/2020\\\/03\\\/LogoTELEMMe-horizontal-fond-transparent.png\",\"contentUrl\":\"https:\\\/\\\/telemme.mmsh.fr\\\/wp-content\\\/uploads\\\/2020\\\/03\\\/LogoTELEMMe-horizontal-fond-transparent.png\",\"width\":1500,\"height\":437,\"caption\":\"TELEMMe\"},\"image\":{\"@id\":\"https:\\\/\\\/telemme.mmsh.fr\\\/#\\\/schema\\\/logo\\\/image\\\/\"}}]}<\/script>\n<!-- \/ Yoast SEO plugin. -->","yoast_head_json":{"title":"Green business : environnement et profits \u00e0 l\u2019\u00e2ge industriel - TELEMMe - Temps, espaces, langages, Europe m\u00e9ridionale, M\u00e9diterran\u00e9e","robots":{"index":"index","follow":"follow","max-snippet":"max-snippet:-1","max-image-preview":"max-image-preview:large","max-video-preview":"max-video-preview:-1"},"canonical":"https:\/\/telemme.mmsh.fr\/?tribe_events=green-business-environnement-et-profits-a-lage-industriel","og_locale":"fr_FR","og_type":"article","og_title":"Green business : environnement et profits \u00e0 l\u2019\u00e2ge industriel - TELEMMe - Temps, espaces, langages, Europe m\u00e9ridionale, M\u00e9diterran\u00e9e","og_description":"Journ\u00e9e d\u2019ouverture du Printemps de l\u2019histoire environnementale 2024 (RUCHE) L\u2019\u00e9cologie industrielle, l\u2019\u00e9conomie circulaire et la d\u00e9carbonation occupent une place de plus en plus importante dans les politiques publiques et dans&hellip;&nbsp;Lire la suite &raquo;Green business : environnement et profits \u00e0 l\u2019\u00e2ge industriel","og_url":"https:\/\/telemme.mmsh.fr\/?tribe_events=green-business-environnement-et-profits-a-lage-industriel","og_site_name":"TELEMMe - Temps, espaces, langages, Europe m\u00e9ridionale, M\u00e9diterran\u00e9e","article_modified_time":"2024-05-07T12:49:46+00:00","og_image":[{"width":2560,"height":1920,"url":"https:\/\/telemme.mmsh.fr\/wp-content\/uploads\/2024\/05\/Visuel-JE-30-mai-TELEMMe-scaled.jpg","type":"image\/jpeg"}],"twitter_card":"summary_large_image","twitter_misc":{"Dur\u00e9e de lecture estim\u00e9e":"1 minute"},"schema":{"@context":"https:\/\/schema.org","@graph":[{"@type":"WebPage","@id":"https:\/\/telemme.mmsh.fr\/?tribe_events=green-business-environnement-et-profits-a-lage-industriel","url":"https:\/\/telemme.mmsh.fr\/?tribe_events=green-business-environnement-et-profits-a-lage-industriel","name":"Green business : environnement et profits \u00e0 l\u2019\u00e2ge industriel - TELEMMe - Temps, espaces, langages, Europe m\u00e9ridionale, M\u00e9diterran\u00e9e","isPartOf":{"@id":"https:\/\/telemme.mmsh.fr\/#website"},"primaryImageOfPage":{"@id":"https:\/\/telemme.mmsh.fr\/?tribe_events=green-business-environnement-et-profits-a-lage-industriel#primaryimage"},"image":{"@id":"https:\/\/telemme.mmsh.fr\/?tribe_events=green-business-environnement-et-profits-a-lage-industriel#primaryimage"},"thumbnailUrl":"https:\/\/telemme.mmsh.fr\/wp-content\/uploads\/2024\/05\/Visuel-JE-30-mai-TELEMMe-scaled.jpg","datePublished":"2024-05-07T12:48:57+00:00","dateModified":"2024-05-07T12:49:46+00:00","breadcrumb":{"@id":"https:\/\/telemme.mmsh.fr\/?tribe_events=green-business-environnement-et-profits-a-lage-industriel#breadcrumb"},"inLanguage":"fr-FR","potentialAction":[{"@type":"ReadAction","target":["https:\/\/telemme.mmsh.fr\/?tribe_events=green-business-environnement-et-profits-a-lage-industriel"]}]},{"@type":"ImageObject","inLanguage":"fr-FR","@id":"https:\/\/telemme.mmsh.fr\/?tribe_events=green-business-environnement-et-profits-a-lage-industriel#primaryimage","url":"https:\/\/telemme.mmsh.fr\/wp-content\/uploads\/2024\/05\/Visuel-JE-30-mai-TELEMMe-scaled.jpg","contentUrl":"https:\/\/telemme.mmsh.fr\/wp-content\/uploads\/2024\/05\/Visuel-JE-30-mai-TELEMMe-scaled.jpg","width":2560,"height":1920,"caption":": Ville d'Amiens, \u00ab Ma\u00eetrise de l'\u00e9nergie : Amiens innove ! \u00bb, Dossier de presse, 1986, coll. particuli\u00e8re"},{"@type":"BreadcrumbList","@id":"https:\/\/telemme.mmsh.fr\/?tribe_events=green-business-environnement-et-profits-a-lage-industriel#breadcrumb","itemListElement":[{"@type":"ListItem","position":1,"name":"Accueil","item":"https:\/\/telemme.mmsh.fr\/"},{"@type":"ListItem","position":2,"name":"\u00c9v\u00e8nements","item":"https:\/\/telemme.mmsh.fr\/?post_type=tribe_events"},{"@type":"ListItem","position":3,"name":"Journ\u00e9e d'\u00e9tudes","item":"https:\/\/telemme.mmsh.fr\/?tribe_events_cat=journee-detudes"},{"@type":"ListItem","position":4,"name":"Green business : environnement et profits \u00e0 l\u2019\u00e2ge industriel"}]},{"@type":"WebSite","@id":"https:\/\/telemme.mmsh.fr\/#website","url":"https:\/\/telemme.mmsh.fr\/","name":"TELEMMe - Temps, espaces, langages, Europe m\u00e9ridionale, M\u00e9diterran\u00e9e","description":"","publisher":{"@id":"https:\/\/telemme.mmsh.fr\/#organization"},"potentialAction":[{"@type":"SearchAction","target":{"@type":"EntryPoint","urlTemplate":"https:\/\/telemme.mmsh.fr\/?s={search_term_string}"},"query-input":{"@type":"PropertyValueSpecification","valueRequired":true,"valueName":"search_term_string"}}],"inLanguage":"fr-FR"},{"@type":"Organization","@id":"https:\/\/telemme.mmsh.fr\/#organization","name":"TELEMMe","url":"https:\/\/telemme.mmsh.fr\/","logo":{"@type":"ImageObject","inLanguage":"fr-FR","@id":"https:\/\/telemme.mmsh.fr\/#\/schema\/logo\/image\/","url":"https:\/\/telemme.mmsh.fr\/wp-content\/uploads\/2020\/03\/LogoTELEMMe-horizontal-fond-transparent.png","contentUrl":"https:\/\/telemme.mmsh.fr\/wp-content\/uploads\/2020\/03\/LogoTELEMMe-horizontal-fond-transparent.png","width":1500,"height":437,"caption":"TELEMMe"},"image":{"@id":"https:\/\/telemme.mmsh.fr\/#\/schema\/logo\/image\/"}}]}},"_links":{"self":[{"href":"https:\/\/telemme.mmsh.fr\/index.php?rest_route=\/wp\/v2\/tribe_events\/14269","targetHints":{"allow":["GET"]}}],"collection":[{"href":"https:\/\/telemme.mmsh.fr\/index.php?rest_route=\/wp\/v2\/tribe_events"}],"about":[{"href":"https:\/\/telemme.mmsh.fr\/index.php?rest_route=\/wp\/v2\/types\/tribe_events"}],"author":[{"embeddable":true,"href":"https:\/\/telemme.mmsh.fr\/index.php?rest_route=\/wp\/v2\/users\/175"}],"version-history":[{"count":1,"href":"https:\/\/telemme.mmsh.fr\/index.php?rest_route=\/wp\/v2\/tribe_events\/14269\/revisions"}],"predecessor-version":[{"id":14270,"href":"https:\/\/telemme.mmsh.fr\/index.php?rest_route=\/wp\/v2\/tribe_events\/14269\/revisions\/14270"}],"wp:featuredmedia":[{"embeddable":true,"href":"https:\/\/telemme.mmsh.fr\/index.php?rest_route=\/wp\/v2\/media\/14268"}],"wp:attachment":[{"href":"https:\/\/telemme.mmsh.fr\/index.php?rest_route=%2Fwp%2Fv2%2Fmedia&parent=14269"}],"wp:term":[{"taxonomy":"post_tag","embeddable":true,"href":"https:\/\/telemme.mmsh.fr\/index.php?rest_route=%2Fwp%2Fv2%2Ftags&post=14269"},{"taxonomy":"tribe_events_cat","embeddable":true,"href":"https:\/\/telemme.mmsh.fr\/index.php?rest_route=%2Fwp%2Fv2%2Ftribe_events_cat&post=14269"}],"curies":[{"name":"wp","href":"https:\/\/api.w.org\/{rel}","templated":true}]}}