{"id":14240,"date":"2024-04-25T10:44:08","date_gmt":"2024-04-25T08:44:08","guid":{"rendered":"https:\/\/telemme.mmsh.fr\/?post_type=tribe_events&#038;p=14240"},"modified":"2024-05-30T08:56:11","modified_gmt":"2024-05-30T06:56:11","slug":"le-visage-regards-croises-sur-un-objet-sur-un-objet-pluridisciplinaire","status":"publish","type":"tribe_events","link":"https:\/\/telemme.mmsh.fr\/?tribe_events=le-visage-regards-croises-sur-un-objet-sur-un-objet-pluridisciplinaire","title":{"rendered":"Le visage\u00a0: regards crois\u00e9s sur un objet pluridisciplinaire"},"content":{"rendered":"<p>Cette journ\u00e9e d\u2019\u00e9tude consacr\u00e9e au visage s\u2019inscrit dans une vis\u00e9e r\u00e9solument pluridisciplinaire. Il s\u2019agit de faire dialoguer diff\u00e9rentes m\u00e9thodologies de recherche autour d\u2019un objet commun : le visage. Cette premi\u00e8re journ\u00e9e d\u2019\u00e9tudes r\u00e9unit des sp\u00e9cialistes de plusieurs disciplines (historiens des mentalit\u00e9s, historiens de la sant\u00e9, sp\u00e9cialistes des arts visuels, m\u00e9decins, sp\u00e9cialistes des sciences, sp\u00e9cialistes de la litt\u00e9rature ou de la communication politique) et vise \u00e0 interroger les enjeux du visage, entre hier et aujourd\u2019hui.<\/p>\n<p>Que r\u00e9v\u00e8le le visage\u00a0? Que nous donne-t-il \u00e0 voir\u00a0? Le visage s\u2019inscrit en effet dans une tension entre r\u00e9v\u00e9lation et dissimulation, il est au c\u0153ur de strat\u00e9gies de monstration mais aussi de manipulation et de mise en sc\u00e8ne de l\u2019\u00eatre. La journ\u00e9e d\u2019\u00e9tudes se penchera \u00e9galement sur les enjeux de la destruction et de la reconstruction du visage, sur son occultation ou son exposition. En ce sens, la repr\u00e9sentation du visage (dans l\u2019art, la photographie, la communication politique, l\u2019univers num\u00e9rique) appara\u00eet comme un terrain privil\u00e9gi\u00e9 pour la revendication d\u2019id\u00e9es, d\u2019identit\u00e9s, d\u2019histoires, mais aussi comme un lieu o\u00f9 dialoguent la r\u00e9alit\u00e9 et la fiction. Repr\u00e9sent\u00e9, tout visage raconte une histoire. Laquelle ?<\/p>\n<p><a href=\"https:\/\/telemme.mmsh.fr\/?evenement=le-visage-regards-croises-sur-un-objet-sur-un-objet-pluridisciplinaire\"><strong>Programme complet<\/strong><\/a><\/p>\n","protected":false},"excerpt":{"rendered":"<p>Cette journ\u00e9e d\u2019\u00e9tude consacr\u00e9e au visage s\u2019inscrit dans une vis\u00e9e r\u00e9solument pluridisciplinaire. Il s\u2019agit de faire dialoguer diff\u00e9rentes m\u00e9thodologies de recherche autour d\u2019un objet commun : le visage. Cette premi\u00e8re&hellip;&nbsp;<a href=\"https:\/\/telemme.mmsh.fr\/?tribe_events=le-visage-regards-croises-sur-un-objet-sur-un-objet-pluridisciplinaire\" rel=\"bookmark\">Lire la suite &raquo;<span class=\"screen-reader-text\">Le visage\u00a0: regards crois\u00e9s sur un objet pluridisciplinaire<\/span><\/a><\/p>\n","protected":false},"author":6,"featured_media":14241,"template":"","meta":{"neve_meta_sidebar":"","neve_meta_container":"","neve_meta_enable_content_width":"","neve_meta_content_width":0,"neve_meta_title_alignment":"","neve_meta_author_avatar":"","neve_post_elements_order":"","neve_meta_disable_header":"","neve_meta_disable_footer":"","neve_meta_disable_title":"","_tribe_events_status":"","_tribe_events_status_reason":"","footnotes":""},"tags":[2409,2783,2170,2808],"tribe_events_cat":[1823],"class_list":["post-14240","tribe_events","type-tribe_events","status-publish","has-post-thumbnail","hentry","tag-histoire","tag-histoire-de-lart-2","tag-interdisciplinarite","tag-visage","tribe_events_cat-journee-detudes","cat_journee-detudes"],"yoast_head":"<!-- This site is optimized with the Yoast SEO plugin v27.4 - https:\/\/yoast.com\/product\/yoast-seo-wordpress\/ -->\n<title>Le visage\u00a0: regards crois\u00e9s sur un objet pluridisciplinaire - TELEMMe - Temps, espaces, langages, Europe m\u00e9ridionale, M\u00e9diterran\u00e9e<\/title>\n<meta name=\"description\" content=\"Cette journ\u00e9e d\u2019\u00e9tude consacr\u00e9e au visage s\u2019inscrit dans une vis\u00e9e r\u00e9solument pluridisciplinaire. Il s\u2019agit de faire dialoguer diff\u00e9rentes m\u00e9thodologies de recherche autour d\u2019un objet commun : le visage. Cette premi\u00e8re journ\u00e9e d\u2019\u00e9tudes r\u00e9unit des sp\u00e9cialistes de plusieurs disciplines (historiens des mentalit\u00e9s, historiens de la sant\u00e9, sp\u00e9cialistes des arts visuels, m\u00e9decins, sp\u00e9cialistes des sciences, sp\u00e9cialistes de la litt\u00e9rature ou de la communication politique) et vise \u00e0 interroger les enjeux du visage, entre hier et aujourd\u2019hui.\" \/>\n<meta name=\"robots\" content=\"index, follow, max-snippet:-1, max-image-preview:large, max-video-preview:-1\" \/>\n<link rel=\"canonical\" href=\"https:\/\/telemme.mmsh.fr\/?tribe_events=le-visage-regards-croises-sur-un-objet-sur-un-objet-pluridisciplinaire\" \/>\n<meta property=\"og:locale\" content=\"fr_FR\" \/>\n<meta property=\"og:type\" content=\"article\" \/>\n<meta property=\"og:title\" content=\"Le visage\u00a0: regards crois\u00e9s sur un objet pluridisciplinaire - TELEMMe - Temps, espaces, langages, Europe m\u00e9ridionale, M\u00e9diterran\u00e9e\" \/>\n<meta property=\"og:description\" content=\"Cette journ\u00e9e d\u2019\u00e9tude consacr\u00e9e au visage s\u2019inscrit dans une vis\u00e9e r\u00e9solument pluridisciplinaire. Il s\u2019agit de faire dialoguer diff\u00e9rentes m\u00e9thodologies de recherche autour d\u2019un objet commun : le visage. Cette premi\u00e8re journ\u00e9e d\u2019\u00e9tudes r\u00e9unit des sp\u00e9cialistes de plusieurs disciplines (historiens des mentalit\u00e9s, historiens de la sant\u00e9, sp\u00e9cialistes des arts visuels, m\u00e9decins, sp\u00e9cialistes des sciences, sp\u00e9cialistes de la litt\u00e9rature ou de la communication politique) et vise \u00e0 interroger les enjeux du visage, entre hier et aujourd\u2019hui.\" \/>\n<meta property=\"og:url\" content=\"https:\/\/telemme.mmsh.fr\/?tribe_events=le-visage-regards-croises-sur-un-objet-sur-un-objet-pluridisciplinaire\" \/>\n<meta property=\"og:site_name\" content=\"TELEMMe - Temps, espaces, langages, Europe m\u00e9ridionale, M\u00e9diterran\u00e9e\" \/>\n<meta property=\"article:modified_time\" content=\"2024-05-30T06:56:11+00:00\" \/>\n<meta property=\"og:image\" content=\"https:\/\/telemme.mmsh.fr\/wp-content\/uploads\/2024\/04\/Affiche-JE-Visage-31-mai.jpg\" \/>\n\t<meta property=\"og:image:width\" content=\"985\" \/>\n\t<meta property=\"og:image:height\" content=\"605\" \/>\n\t<meta property=\"og:image:type\" content=\"image\/jpeg\" \/>\n<meta name=\"twitter:card\" content=\"summary_large_image\" \/>\n<meta name=\"twitter:label1\" content=\"Dur\u00e9e de lecture estim\u00e9e\" \/>\n\t<meta name=\"twitter:data1\" content=\"1 minute\" \/>\n<script type=\"application\/ld+json\" class=\"yoast-schema-graph\">{\"@context\":\"https:\\\/\\\/schema.org\",\"@graph\":[{\"@type\":\"WebPage\",\"@id\":\"https:\\\/\\\/telemme.mmsh.fr\\\/?tribe_events=le-visage-regards-croises-sur-un-objet-sur-un-objet-pluridisciplinaire\",\"url\":\"https:\\\/\\\/telemme.mmsh.fr\\\/?tribe_events=le-visage-regards-croises-sur-un-objet-sur-un-objet-pluridisciplinaire\",\"name\":\"Le visage\u00a0: regards crois\u00e9s sur un objet pluridisciplinaire - TELEMMe - Temps, espaces, langages, Europe m\u00e9ridionale, M\u00e9diterran\u00e9e\",\"isPartOf\":{\"@id\":\"https:\\\/\\\/telemme.mmsh.fr\\\/#website\"},\"primaryImageOfPage\":{\"@id\":\"https:\\\/\\\/telemme.mmsh.fr\\\/?tribe_events=le-visage-regards-croises-sur-un-objet-sur-un-objet-pluridisciplinaire#primaryimage\"},\"image\":{\"@id\":\"https:\\\/\\\/telemme.mmsh.fr\\\/?tribe_events=le-visage-regards-croises-sur-un-objet-sur-un-objet-pluridisciplinaire#primaryimage\"},\"thumbnailUrl\":\"https:\\\/\\\/telemme.mmsh.fr\\\/wp-content\\\/uploads\\\/2024\\\/04\\\/Affiche-JE-Visage-31-mai.jpg\",\"datePublished\":\"2024-04-25T08:44:08+00:00\",\"dateModified\":\"2024-05-30T06:56:11+00:00\",\"description\":\"Cette journ\u00e9e d\u2019\u00e9tude consacr\u00e9e au visage s\u2019inscrit dans une vis\u00e9e r\u00e9solument pluridisciplinaire. Il s\u2019agit de faire dialoguer diff\u00e9rentes m\u00e9thodologies de recherche autour d\u2019un objet commun : le visage. Cette premi\u00e8re journ\u00e9e d\u2019\u00e9tudes r\u00e9unit des sp\u00e9cialistes de plusieurs disciplines (historiens des mentalit\u00e9s, historiens de la sant\u00e9, sp\u00e9cialistes des arts visuels, m\u00e9decins, sp\u00e9cialistes des sciences, sp\u00e9cialistes de la litt\u00e9rature ou de la communication politique) et vise \u00e0 interroger les enjeux du visage, entre hier et aujourd\u2019hui.\",\"breadcrumb\":{\"@id\":\"https:\\\/\\\/telemme.mmsh.fr\\\/?tribe_events=le-visage-regards-croises-sur-un-objet-sur-un-objet-pluridisciplinaire#breadcrumb\"},\"inLanguage\":\"fr-FR\",\"potentialAction\":[{\"@type\":\"ReadAction\",\"target\":[\"https:\\\/\\\/telemme.mmsh.fr\\\/?tribe_events=le-visage-regards-croises-sur-un-objet-sur-un-objet-pluridisciplinaire\"]}]},{\"@type\":\"ImageObject\",\"inLanguage\":\"fr-FR\",\"@id\":\"https:\\\/\\\/telemme.mmsh.fr\\\/?tribe_events=le-visage-regards-croises-sur-un-objet-sur-un-objet-pluridisciplinaire#primaryimage\",\"url\":\"https:\\\/\\\/telemme.mmsh.fr\\\/wp-content\\\/uploads\\\/2024\\\/04\\\/Affiche-JE-Visage-31-mai.jpg\",\"contentUrl\":\"https:\\\/\\\/telemme.mmsh.fr\\\/wp-content\\\/uploads\\\/2024\\\/04\\\/Affiche-JE-Visage-31-mai.jpg\",\"width\":985,\"height\":605,\"caption\":\"Santa Isabel de Portugal, Zurbar\u00e1n, Francisco de, Mus\u00e9e du Prado, Domaine public\"},{\"@type\":\"BreadcrumbList\",\"@id\":\"https:\\\/\\\/telemme.mmsh.fr\\\/?tribe_events=le-visage-regards-croises-sur-un-objet-sur-un-objet-pluridisciplinaire#breadcrumb\",\"itemListElement\":[{\"@type\":\"ListItem\",\"position\":1,\"name\":\"Accueil\",\"item\":\"https:\\\/\\\/telemme.mmsh.fr\\\/\"},{\"@type\":\"ListItem\",\"position\":2,\"name\":\"\u00c9v\u00e8nements\",\"item\":\"https:\\\/\\\/telemme.mmsh.fr\\\/?post_type=tribe_events\"},{\"@type\":\"ListItem\",\"position\":3,\"name\":\"Journ\u00e9e d'\u00e9tudes\",\"item\":\"https:\\\/\\\/telemme.mmsh.fr\\\/?tribe_events_cat=journee-detudes\"},{\"@type\":\"ListItem\",\"position\":4,\"name\":\"Le visage\u00a0: regards crois\u00e9s sur un objet pluridisciplinaire\"}]},{\"@type\":\"WebSite\",\"@id\":\"https:\\\/\\\/telemme.mmsh.fr\\\/#website\",\"url\":\"https:\\\/\\\/telemme.mmsh.fr\\\/\",\"name\":\"TELEMMe - Temps, espaces, langages, Europe m\u00e9ridionale, M\u00e9diterran\u00e9e\",\"description\":\"\",\"publisher\":{\"@id\":\"https:\\\/\\\/telemme.mmsh.fr\\\/#organization\"},\"potentialAction\":[{\"@type\":\"SearchAction\",\"target\":{\"@type\":\"EntryPoint\",\"urlTemplate\":\"https:\\\/\\\/telemme.mmsh.fr\\\/?s={search_term_string}\"},\"query-input\":{\"@type\":\"PropertyValueSpecification\",\"valueRequired\":true,\"valueName\":\"search_term_string\"}}],\"inLanguage\":\"fr-FR\"},{\"@type\":\"Organization\",\"@id\":\"https:\\\/\\\/telemme.mmsh.fr\\\/#organization\",\"name\":\"TELEMMe\",\"url\":\"https:\\\/\\\/telemme.mmsh.fr\\\/\",\"logo\":{\"@type\":\"ImageObject\",\"inLanguage\":\"fr-FR\",\"@id\":\"https:\\\/\\\/telemme.mmsh.fr\\\/#\\\/schema\\\/logo\\\/image\\\/\",\"url\":\"https:\\\/\\\/telemme.mmsh.fr\\\/wp-content\\\/uploads\\\/2020\\\/03\\\/LogoTELEMMe-horizontal-fond-transparent.png\",\"contentUrl\":\"https:\\\/\\\/telemme.mmsh.fr\\\/wp-content\\\/uploads\\\/2020\\\/03\\\/LogoTELEMMe-horizontal-fond-transparent.png\",\"width\":1500,\"height\":437,\"caption\":\"TELEMMe\"},\"image\":{\"@id\":\"https:\\\/\\\/telemme.mmsh.fr\\\/#\\\/schema\\\/logo\\\/image\\\/\"}}]}<\/script>\n<!-- \/ Yoast SEO plugin. -->","yoast_head_json":{"title":"Le visage\u00a0: regards crois\u00e9s sur un objet pluridisciplinaire - TELEMMe - Temps, espaces, langages, Europe m\u00e9ridionale, M\u00e9diterran\u00e9e","description":"Cette journ\u00e9e d\u2019\u00e9tude consacr\u00e9e au visage s\u2019inscrit dans une vis\u00e9e r\u00e9solument pluridisciplinaire. Il s\u2019agit de faire dialoguer diff\u00e9rentes m\u00e9thodologies de recherche autour d\u2019un objet commun : le visage. Cette premi\u00e8re journ\u00e9e d\u2019\u00e9tudes r\u00e9unit des sp\u00e9cialistes de plusieurs disciplines (historiens des mentalit\u00e9s, historiens de la sant\u00e9, sp\u00e9cialistes des arts visuels, m\u00e9decins, sp\u00e9cialistes des sciences, sp\u00e9cialistes de la litt\u00e9rature ou de la communication politique) et vise \u00e0 interroger les enjeux du visage, entre hier et aujourd\u2019hui.","robots":{"index":"index","follow":"follow","max-snippet":"max-snippet:-1","max-image-preview":"max-image-preview:large","max-video-preview":"max-video-preview:-1"},"canonical":"https:\/\/telemme.mmsh.fr\/?tribe_events=le-visage-regards-croises-sur-un-objet-sur-un-objet-pluridisciplinaire","og_locale":"fr_FR","og_type":"article","og_title":"Le visage\u00a0: regards crois\u00e9s sur un objet pluridisciplinaire - TELEMMe - Temps, espaces, langages, Europe m\u00e9ridionale, M\u00e9diterran\u00e9e","og_description":"Cette journ\u00e9e d\u2019\u00e9tude consacr\u00e9e au visage s\u2019inscrit dans une vis\u00e9e r\u00e9solument pluridisciplinaire. Il s\u2019agit de faire dialoguer diff\u00e9rentes m\u00e9thodologies de recherche autour d\u2019un objet commun : le visage. Cette premi\u00e8re journ\u00e9e d\u2019\u00e9tudes r\u00e9unit des sp\u00e9cialistes de plusieurs disciplines (historiens des mentalit\u00e9s, historiens de la sant\u00e9, sp\u00e9cialistes des arts visuels, m\u00e9decins, sp\u00e9cialistes des sciences, sp\u00e9cialistes de la litt\u00e9rature ou de la communication politique) et vise \u00e0 interroger les enjeux du visage, entre hier et aujourd\u2019hui.","og_url":"https:\/\/telemme.mmsh.fr\/?tribe_events=le-visage-regards-croises-sur-un-objet-sur-un-objet-pluridisciplinaire","og_site_name":"TELEMMe - Temps, espaces, langages, Europe m\u00e9ridionale, M\u00e9diterran\u00e9e","article_modified_time":"2024-05-30T06:56:11+00:00","og_image":[{"width":985,"height":605,"url":"https:\/\/telemme.mmsh.fr\/wp-content\/uploads\/2024\/04\/Affiche-JE-Visage-31-mai.jpg","type":"image\/jpeg"}],"twitter_card":"summary_large_image","twitter_misc":{"Dur\u00e9e de lecture estim\u00e9e":"1 minute"},"schema":{"@context":"https:\/\/schema.org","@graph":[{"@type":"WebPage","@id":"https:\/\/telemme.mmsh.fr\/?tribe_events=le-visage-regards-croises-sur-un-objet-sur-un-objet-pluridisciplinaire","url":"https:\/\/telemme.mmsh.fr\/?tribe_events=le-visage-regards-croises-sur-un-objet-sur-un-objet-pluridisciplinaire","name":"Le visage\u00a0: regards crois\u00e9s sur un objet pluridisciplinaire - TELEMMe - Temps, espaces, langages, Europe m\u00e9ridionale, M\u00e9diterran\u00e9e","isPartOf":{"@id":"https:\/\/telemme.mmsh.fr\/#website"},"primaryImageOfPage":{"@id":"https:\/\/telemme.mmsh.fr\/?tribe_events=le-visage-regards-croises-sur-un-objet-sur-un-objet-pluridisciplinaire#primaryimage"},"image":{"@id":"https:\/\/telemme.mmsh.fr\/?tribe_events=le-visage-regards-croises-sur-un-objet-sur-un-objet-pluridisciplinaire#primaryimage"},"thumbnailUrl":"https:\/\/telemme.mmsh.fr\/wp-content\/uploads\/2024\/04\/Affiche-JE-Visage-31-mai.jpg","datePublished":"2024-04-25T08:44:08+00:00","dateModified":"2024-05-30T06:56:11+00:00","description":"Cette journ\u00e9e d\u2019\u00e9tude consacr\u00e9e au visage s\u2019inscrit dans une vis\u00e9e r\u00e9solument pluridisciplinaire. Il s\u2019agit de faire dialoguer diff\u00e9rentes m\u00e9thodologies de recherche autour d\u2019un objet commun : le visage. Cette premi\u00e8re journ\u00e9e d\u2019\u00e9tudes r\u00e9unit des sp\u00e9cialistes de plusieurs disciplines (historiens des mentalit\u00e9s, historiens de la sant\u00e9, sp\u00e9cialistes des arts visuels, m\u00e9decins, sp\u00e9cialistes des sciences, sp\u00e9cialistes de la litt\u00e9rature ou de la communication politique) et vise \u00e0 interroger les enjeux du visage, entre hier et aujourd\u2019hui.","breadcrumb":{"@id":"https:\/\/telemme.mmsh.fr\/?tribe_events=le-visage-regards-croises-sur-un-objet-sur-un-objet-pluridisciplinaire#breadcrumb"},"inLanguage":"fr-FR","potentialAction":[{"@type":"ReadAction","target":["https:\/\/telemme.mmsh.fr\/?tribe_events=le-visage-regards-croises-sur-un-objet-sur-un-objet-pluridisciplinaire"]}]},{"@type":"ImageObject","inLanguage":"fr-FR","@id":"https:\/\/telemme.mmsh.fr\/?tribe_events=le-visage-regards-croises-sur-un-objet-sur-un-objet-pluridisciplinaire#primaryimage","url":"https:\/\/telemme.mmsh.fr\/wp-content\/uploads\/2024\/04\/Affiche-JE-Visage-31-mai.jpg","contentUrl":"https:\/\/telemme.mmsh.fr\/wp-content\/uploads\/2024\/04\/Affiche-JE-Visage-31-mai.jpg","width":985,"height":605,"caption":"Santa Isabel de Portugal, Zurbar\u00e1n, Francisco de, Mus\u00e9e du Prado, Domaine public"},{"@type":"BreadcrumbList","@id":"https:\/\/telemme.mmsh.fr\/?tribe_events=le-visage-regards-croises-sur-un-objet-sur-un-objet-pluridisciplinaire#breadcrumb","itemListElement":[{"@type":"ListItem","position":1,"name":"Accueil","item":"https:\/\/telemme.mmsh.fr\/"},{"@type":"ListItem","position":2,"name":"\u00c9v\u00e8nements","item":"https:\/\/telemme.mmsh.fr\/?post_type=tribe_events"},{"@type":"ListItem","position":3,"name":"Journ\u00e9e d'\u00e9tudes","item":"https:\/\/telemme.mmsh.fr\/?tribe_events_cat=journee-detudes"},{"@type":"ListItem","position":4,"name":"Le visage\u00a0: regards crois\u00e9s sur un objet pluridisciplinaire"}]},{"@type":"WebSite","@id":"https:\/\/telemme.mmsh.fr\/#website","url":"https:\/\/telemme.mmsh.fr\/","name":"TELEMMe - Temps, espaces, langages, Europe m\u00e9ridionale, M\u00e9diterran\u00e9e","description":"","publisher":{"@id":"https:\/\/telemme.mmsh.fr\/#organization"},"potentialAction":[{"@type":"SearchAction","target":{"@type":"EntryPoint","urlTemplate":"https:\/\/telemme.mmsh.fr\/?s={search_term_string}"},"query-input":{"@type":"PropertyValueSpecification","valueRequired":true,"valueName":"search_term_string"}}],"inLanguage":"fr-FR"},{"@type":"Organization","@id":"https:\/\/telemme.mmsh.fr\/#organization","name":"TELEMMe","url":"https:\/\/telemme.mmsh.fr\/","logo":{"@type":"ImageObject","inLanguage":"fr-FR","@id":"https:\/\/telemme.mmsh.fr\/#\/schema\/logo\/image\/","url":"https:\/\/telemme.mmsh.fr\/wp-content\/uploads\/2020\/03\/LogoTELEMMe-horizontal-fond-transparent.png","contentUrl":"https:\/\/telemme.mmsh.fr\/wp-content\/uploads\/2020\/03\/LogoTELEMMe-horizontal-fond-transparent.png","width":1500,"height":437,"caption":"TELEMMe"},"image":{"@id":"https:\/\/telemme.mmsh.fr\/#\/schema\/logo\/image\/"}}]}},"_links":{"self":[{"href":"https:\/\/telemme.mmsh.fr\/index.php?rest_route=\/wp\/v2\/tribe_events\/14240","targetHints":{"allow":["GET"]}}],"collection":[{"href":"https:\/\/telemme.mmsh.fr\/index.php?rest_route=\/wp\/v2\/tribe_events"}],"about":[{"href":"https:\/\/telemme.mmsh.fr\/index.php?rest_route=\/wp\/v2\/types\/tribe_events"}],"author":[{"embeddable":true,"href":"https:\/\/telemme.mmsh.fr\/index.php?rest_route=\/wp\/v2\/users\/6"}],"version-history":[{"count":3,"href":"https:\/\/telemme.mmsh.fr\/index.php?rest_route=\/wp\/v2\/tribe_events\/14240\/revisions"}],"predecessor-version":[{"id":14335,"href":"https:\/\/telemme.mmsh.fr\/index.php?rest_route=\/wp\/v2\/tribe_events\/14240\/revisions\/14335"}],"wp:featuredmedia":[{"embeddable":true,"href":"https:\/\/telemme.mmsh.fr\/index.php?rest_route=\/wp\/v2\/media\/14241"}],"wp:attachment":[{"href":"https:\/\/telemme.mmsh.fr\/index.php?rest_route=%2Fwp%2Fv2%2Fmedia&parent=14240"}],"wp:term":[{"taxonomy":"post_tag","embeddable":true,"href":"https:\/\/telemme.mmsh.fr\/index.php?rest_route=%2Fwp%2Fv2%2Ftags&post=14240"},{"taxonomy":"tribe_events_cat","embeddable":true,"href":"https:\/\/telemme.mmsh.fr\/index.php?rest_route=%2Fwp%2Fv2%2Ftribe_events_cat&post=14240"}],"curies":[{"name":"wp","href":"https:\/\/api.w.org\/{rel}","templated":true}]}}