{"id":14220,"date":"2024-04-17T14:51:08","date_gmt":"2024-04-17T12:51:08","guid":{"rendered":"https:\/\/telemme.mmsh.fr\/?post_type=tribe_events&#038;p=14220"},"modified":"2024-06-10T10:04:27","modified_gmt":"2024-06-10T08:04:27","slug":"journee-dhommage-a-noel-coulet","status":"publish","type":"tribe_events","link":"https:\/\/telemme.mmsh.fr\/?tribe_events=journee-dhommage-a-noel-coulet","title":{"rendered":"Journ\u00e9e d\u2019hommage \u00e0 No\u00ebl Coulet"},"content":{"rendered":"<p>Save the date!<\/p>\n<p>Le <b>mercredi 19 juin 2024<\/b>, TELEMMe rend\u00a0hommage au Professeur No\u00ebl Coulet, historien m\u00e9di\u00e9viste,\u00a0figure majeure de l\u2019universit\u00e9 d\u2019Aix-Marseille, disparu en janvier 2023.<\/p>\n<p>La\u00a0matin\u00e9e de cette journ\u00e9e d\u00e9di\u00e9e\u00a0sera consacr\u00e9e \u00e0\u00a0des prises de parole-t\u00e9moignages relatant diff\u00e9rents aspects des activit\u00e9s d\u2019enseignement et de recherche de No\u00ebl Coulet.<\/p>\n<p>L\u2019apr\u00e8s-midi, se tiendra\u00a0un s\u00e9minaire de recherche sur\u00a0les communaut\u00e9s m\u00e9di\u00e9vales, un th\u00e8me que le Professeur Coulet a tr\u00e8s souvent abord\u00e9.<\/p>\n<p>A l\u2019occasion de cette journ\u00e9e, la salle de s\u00e9minaire qui lui est d\u00e9di\u00e9e dans les locaux de TELEMMe\u00a0sera inaugur\u00e9e.<\/p>\n<p>Entr\u00e9e libre sur inscription (la matin\u00e9e) : telemme-contact@univ-amu.fr<\/p>\n<p><a href=\"https:\/\/telemme.mmsh.fr\/?evenement=journee-dhommage-a-noel-coulet\">Programme de la journ\u00e9e.<\/a><\/p>\n","protected":false},"excerpt":{"rendered":"<p>Save the date! Le mercredi 19 juin 2024, TELEMMe rend\u00a0hommage au Professeur No\u00ebl Coulet, historien m\u00e9di\u00e9viste,\u00a0figure majeure de l\u2019universit\u00e9 d\u2019Aix-Marseille, disparu en janvier 2023. La\u00a0matin\u00e9e de cette journ\u00e9e d\u00e9di\u00e9e\u00a0sera consacr\u00e9e&hellip;&nbsp;<a href=\"https:\/\/telemme.mmsh.fr\/?tribe_events=journee-dhommage-a-noel-coulet\" rel=\"bookmark\">Lire la suite &raquo;<span class=\"screen-reader-text\">Journ\u00e9e d\u2019hommage \u00e0 No\u00ebl Coulet<\/span><\/a><\/p>\n","protected":false},"author":175,"featured_media":14219,"template":"","meta":{"neve_meta_sidebar":"","neve_meta_container":"","neve_meta_enable_content_width":"","neve_meta_content_width":0,"neve_meta_title_alignment":"","neve_meta_author_avatar":"","neve_post_elements_order":"","neve_meta_disable_header":"","neve_meta_disable_footer":"","neve_meta_disable_title":"","_tribe_events_status":"","_tribe_events_status_reason":"","footnotes":""},"tags":[],"tribe_events_cat":[1831],"class_list":["post-14220","tribe_events","type-tribe_events","status-publish","has-post-thumbnail","hentry","tribe_events_cat-seminaire","cat_seminaire"],"yoast_head":"<!-- This site is optimized with the Yoast SEO plugin v27.4 - https:\/\/yoast.com\/product\/yoast-seo-wordpress\/ -->\n<title>Journ\u00e9e d\u2019hommage \u00e0 No\u00ebl Coulet - TELEMMe - Temps, espaces, langages, Europe m\u00e9ridionale, M\u00e9diterran\u00e9e<\/title>\n<meta name=\"robots\" content=\"index, follow, max-snippet:-1, max-image-preview:large, max-video-preview:-1\" \/>\n<link rel=\"canonical\" href=\"https:\/\/telemme.mmsh.fr\/?tribe_events=journee-dhommage-a-noel-coulet\" \/>\n<meta property=\"og:locale\" content=\"fr_FR\" \/>\n<meta property=\"og:type\" content=\"article\" \/>\n<meta property=\"og:title\" content=\"Journ\u00e9e d\u2019hommage \u00e0 No\u00ebl Coulet - TELEMMe - Temps, espaces, langages, Europe m\u00e9ridionale, M\u00e9diterran\u00e9e\" \/>\n<meta property=\"og:description\" content=\"Save the date! Le mercredi 19 juin 2024, TELEMMe rend\u00a0hommage au Professeur No\u00ebl Coulet, historien m\u00e9di\u00e9viste,\u00a0figure majeure de l\u2019universit\u00e9 d\u2019Aix-Marseille, disparu en janvier 2023. La\u00a0matin\u00e9e de cette journ\u00e9e d\u00e9di\u00e9e\u00a0sera consacr\u00e9e&hellip;&nbsp;Lire la suite &raquo;Journ\u00e9e d\u2019hommage \u00e0 No\u00ebl Coulet\" \/>\n<meta property=\"og:url\" content=\"https:\/\/telemme.mmsh.fr\/?tribe_events=journee-dhommage-a-noel-coulet\" \/>\n<meta property=\"og:site_name\" content=\"TELEMMe - Temps, espaces, langages, Europe m\u00e9ridionale, M\u00e9diterran\u00e9e\" \/>\n<meta property=\"article:modified_time\" content=\"2024-06-10T08:04:27+00:00\" \/>\n<meta property=\"og:image\" content=\"https:\/\/telemme.mmsh.fr\/wp-content\/uploads\/2024\/04\/N.Coulet.jpg\" \/>\n\t<meta property=\"og:image:width\" content=\"1280\" \/>\n\t<meta property=\"og:image:height\" content=\"848\" \/>\n\t<meta property=\"og:image:type\" content=\"image\/jpeg\" \/>\n<meta name=\"twitter:card\" content=\"summary_large_image\" \/>\n<meta name=\"twitter:label1\" content=\"Dur\u00e9e de lecture estim\u00e9e\" \/>\n\t<meta name=\"twitter:data1\" content=\"1 minute\" \/>\n<script type=\"application\/ld+json\" class=\"yoast-schema-graph\">{\"@context\":\"https:\\\/\\\/schema.org\",\"@graph\":[{\"@type\":\"WebPage\",\"@id\":\"https:\\\/\\\/telemme.mmsh.fr\\\/?tribe_events=journee-dhommage-a-noel-coulet\",\"url\":\"https:\\\/\\\/telemme.mmsh.fr\\\/?tribe_events=journee-dhommage-a-noel-coulet\",\"name\":\"Journ\u00e9e d\u2019hommage \u00e0 No\u00ebl Coulet - TELEMMe - Temps, espaces, langages, Europe m\u00e9ridionale, M\u00e9diterran\u00e9e\",\"isPartOf\":{\"@id\":\"https:\\\/\\\/telemme.mmsh.fr\\\/#website\"},\"primaryImageOfPage\":{\"@id\":\"https:\\\/\\\/telemme.mmsh.fr\\\/?tribe_events=journee-dhommage-a-noel-coulet#primaryimage\"},\"image\":{\"@id\":\"https:\\\/\\\/telemme.mmsh.fr\\\/?tribe_events=journee-dhommage-a-noel-coulet#primaryimage\"},\"thumbnailUrl\":\"https:\\\/\\\/telemme.mmsh.fr\\\/wp-content\\\/uploads\\\/2024\\\/04\\\/N.Coulet.jpg\",\"datePublished\":\"2024-04-17T12:51:08+00:00\",\"dateModified\":\"2024-06-10T08:04:27+00:00\",\"breadcrumb\":{\"@id\":\"https:\\\/\\\/telemme.mmsh.fr\\\/?tribe_events=journee-dhommage-a-noel-coulet#breadcrumb\"},\"inLanguage\":\"fr-FR\",\"potentialAction\":[{\"@type\":\"ReadAction\",\"target\":[\"https:\\\/\\\/telemme.mmsh.fr\\\/?tribe_events=journee-dhommage-a-noel-coulet\"]}]},{\"@type\":\"ImageObject\",\"inLanguage\":\"fr-FR\",\"@id\":\"https:\\\/\\\/telemme.mmsh.fr\\\/?tribe_events=journee-dhommage-a-noel-coulet#primaryimage\",\"url\":\"https:\\\/\\\/telemme.mmsh.fr\\\/wp-content\\\/uploads\\\/2024\\\/04\\\/N.Coulet.jpg\",\"contentUrl\":\"https:\\\/\\\/telemme.mmsh.fr\\\/wp-content\\\/uploads\\\/2024\\\/04\\\/N.Coulet.jpg\",\"width\":1280,\"height\":848},{\"@type\":\"BreadcrumbList\",\"@id\":\"https:\\\/\\\/telemme.mmsh.fr\\\/?tribe_events=journee-dhommage-a-noel-coulet#breadcrumb\",\"itemListElement\":[{\"@type\":\"ListItem\",\"position\":1,\"name\":\"Accueil\",\"item\":\"https:\\\/\\\/telemme.mmsh.fr\\\/\"},{\"@type\":\"ListItem\",\"position\":2,\"name\":\"\u00c9v\u00e8nements\",\"item\":\"https:\\\/\\\/telemme.mmsh.fr\\\/?post_type=tribe_events\"},{\"@type\":\"ListItem\",\"position\":3,\"name\":\"S\u00e9minaire\",\"item\":\"https:\\\/\\\/telemme.mmsh.fr\\\/?tribe_events_cat=seminaire\"},{\"@type\":\"ListItem\",\"position\":4,\"name\":\"Journ\u00e9e d\u2019hommage \u00e0 No\u00ebl Coulet\"}]},{\"@type\":\"WebSite\",\"@id\":\"https:\\\/\\\/telemme.mmsh.fr\\\/#website\",\"url\":\"https:\\\/\\\/telemme.mmsh.fr\\\/\",\"name\":\"TELEMMe - Temps, espaces, langages, Europe m\u00e9ridionale, M\u00e9diterran\u00e9e\",\"description\":\"\",\"publisher\":{\"@id\":\"https:\\\/\\\/telemme.mmsh.fr\\\/#organization\"},\"potentialAction\":[{\"@type\":\"SearchAction\",\"target\":{\"@type\":\"EntryPoint\",\"urlTemplate\":\"https:\\\/\\\/telemme.mmsh.fr\\\/?s={search_term_string}\"},\"query-input\":{\"@type\":\"PropertyValueSpecification\",\"valueRequired\":true,\"valueName\":\"search_term_string\"}}],\"inLanguage\":\"fr-FR\"},{\"@type\":\"Organization\",\"@id\":\"https:\\\/\\\/telemme.mmsh.fr\\\/#organization\",\"name\":\"TELEMMe\",\"url\":\"https:\\\/\\\/telemme.mmsh.fr\\\/\",\"logo\":{\"@type\":\"ImageObject\",\"inLanguage\":\"fr-FR\",\"@id\":\"https:\\\/\\\/telemme.mmsh.fr\\\/#\\\/schema\\\/logo\\\/image\\\/\",\"url\":\"https:\\\/\\\/telemme.mmsh.fr\\\/wp-content\\\/uploads\\\/2020\\\/03\\\/LogoTELEMMe-horizontal-fond-transparent.png\",\"contentUrl\":\"https:\\\/\\\/telemme.mmsh.fr\\\/wp-content\\\/uploads\\\/2020\\\/03\\\/LogoTELEMMe-horizontal-fond-transparent.png\",\"width\":1500,\"height\":437,\"caption\":\"TELEMMe\"},\"image\":{\"@id\":\"https:\\\/\\\/telemme.mmsh.fr\\\/#\\\/schema\\\/logo\\\/image\\\/\"}}]}<\/script>\n<!-- \/ Yoast SEO plugin. -->","yoast_head_json":{"title":"Journ\u00e9e d\u2019hommage \u00e0 No\u00ebl Coulet - TELEMMe - Temps, espaces, langages, Europe m\u00e9ridionale, M\u00e9diterran\u00e9e","robots":{"index":"index","follow":"follow","max-snippet":"max-snippet:-1","max-image-preview":"max-image-preview:large","max-video-preview":"max-video-preview:-1"},"canonical":"https:\/\/telemme.mmsh.fr\/?tribe_events=journee-dhommage-a-noel-coulet","og_locale":"fr_FR","og_type":"article","og_title":"Journ\u00e9e d\u2019hommage \u00e0 No\u00ebl Coulet - TELEMMe - Temps, espaces, langages, Europe m\u00e9ridionale, M\u00e9diterran\u00e9e","og_description":"Save the date! Le mercredi 19 juin 2024, TELEMMe rend\u00a0hommage au Professeur No\u00ebl Coulet, historien m\u00e9di\u00e9viste,\u00a0figure majeure de l\u2019universit\u00e9 d\u2019Aix-Marseille, disparu en janvier 2023. La\u00a0matin\u00e9e de cette journ\u00e9e d\u00e9di\u00e9e\u00a0sera consacr\u00e9e&hellip;&nbsp;Lire la suite &raquo;Journ\u00e9e d\u2019hommage \u00e0 No\u00ebl Coulet","og_url":"https:\/\/telemme.mmsh.fr\/?tribe_events=journee-dhommage-a-noel-coulet","og_site_name":"TELEMMe - Temps, espaces, langages, Europe m\u00e9ridionale, M\u00e9diterran\u00e9e","article_modified_time":"2024-06-10T08:04:27+00:00","og_image":[{"width":1280,"height":848,"url":"https:\/\/telemme.mmsh.fr\/wp-content\/uploads\/2024\/04\/N.Coulet.jpg","type":"image\/jpeg"}],"twitter_card":"summary_large_image","twitter_misc":{"Dur\u00e9e de lecture estim\u00e9e":"1 minute"},"schema":{"@context":"https:\/\/schema.org","@graph":[{"@type":"WebPage","@id":"https:\/\/telemme.mmsh.fr\/?tribe_events=journee-dhommage-a-noel-coulet","url":"https:\/\/telemme.mmsh.fr\/?tribe_events=journee-dhommage-a-noel-coulet","name":"Journ\u00e9e d\u2019hommage \u00e0 No\u00ebl Coulet - TELEMMe - Temps, espaces, langages, Europe m\u00e9ridionale, M\u00e9diterran\u00e9e","isPartOf":{"@id":"https:\/\/telemme.mmsh.fr\/#website"},"primaryImageOfPage":{"@id":"https:\/\/telemme.mmsh.fr\/?tribe_events=journee-dhommage-a-noel-coulet#primaryimage"},"image":{"@id":"https:\/\/telemme.mmsh.fr\/?tribe_events=journee-dhommage-a-noel-coulet#primaryimage"},"thumbnailUrl":"https:\/\/telemme.mmsh.fr\/wp-content\/uploads\/2024\/04\/N.Coulet.jpg","datePublished":"2024-04-17T12:51:08+00:00","dateModified":"2024-06-10T08:04:27+00:00","breadcrumb":{"@id":"https:\/\/telemme.mmsh.fr\/?tribe_events=journee-dhommage-a-noel-coulet#breadcrumb"},"inLanguage":"fr-FR","potentialAction":[{"@type":"ReadAction","target":["https:\/\/telemme.mmsh.fr\/?tribe_events=journee-dhommage-a-noel-coulet"]}]},{"@type":"ImageObject","inLanguage":"fr-FR","@id":"https:\/\/telemme.mmsh.fr\/?tribe_events=journee-dhommage-a-noel-coulet#primaryimage","url":"https:\/\/telemme.mmsh.fr\/wp-content\/uploads\/2024\/04\/N.Coulet.jpg","contentUrl":"https:\/\/telemme.mmsh.fr\/wp-content\/uploads\/2024\/04\/N.Coulet.jpg","width":1280,"height":848},{"@type":"BreadcrumbList","@id":"https:\/\/telemme.mmsh.fr\/?tribe_events=journee-dhommage-a-noel-coulet#breadcrumb","itemListElement":[{"@type":"ListItem","position":1,"name":"Accueil","item":"https:\/\/telemme.mmsh.fr\/"},{"@type":"ListItem","position":2,"name":"\u00c9v\u00e8nements","item":"https:\/\/telemme.mmsh.fr\/?post_type=tribe_events"},{"@type":"ListItem","position":3,"name":"S\u00e9minaire","item":"https:\/\/telemme.mmsh.fr\/?tribe_events_cat=seminaire"},{"@type":"ListItem","position":4,"name":"Journ\u00e9e d\u2019hommage \u00e0 No\u00ebl Coulet"}]},{"@type":"WebSite","@id":"https:\/\/telemme.mmsh.fr\/#website","url":"https:\/\/telemme.mmsh.fr\/","name":"TELEMMe - Temps, espaces, langages, Europe m\u00e9ridionale, M\u00e9diterran\u00e9e","description":"","publisher":{"@id":"https:\/\/telemme.mmsh.fr\/#organization"},"potentialAction":[{"@type":"SearchAction","target":{"@type":"EntryPoint","urlTemplate":"https:\/\/telemme.mmsh.fr\/?s={search_term_string}"},"query-input":{"@type":"PropertyValueSpecification","valueRequired":true,"valueName":"search_term_string"}}],"inLanguage":"fr-FR"},{"@type":"Organization","@id":"https:\/\/telemme.mmsh.fr\/#organization","name":"TELEMMe","url":"https:\/\/telemme.mmsh.fr\/","logo":{"@type":"ImageObject","inLanguage":"fr-FR","@id":"https:\/\/telemme.mmsh.fr\/#\/schema\/logo\/image\/","url":"https:\/\/telemme.mmsh.fr\/wp-content\/uploads\/2020\/03\/LogoTELEMMe-horizontal-fond-transparent.png","contentUrl":"https:\/\/telemme.mmsh.fr\/wp-content\/uploads\/2020\/03\/LogoTELEMMe-horizontal-fond-transparent.png","width":1500,"height":437,"caption":"TELEMMe"},"image":{"@id":"https:\/\/telemme.mmsh.fr\/#\/schema\/logo\/image\/"}}]}},"_links":{"self":[{"href":"https:\/\/telemme.mmsh.fr\/index.php?rest_route=\/wp\/v2\/tribe_events\/14220","targetHints":{"allow":["GET"]}}],"collection":[{"href":"https:\/\/telemme.mmsh.fr\/index.php?rest_route=\/wp\/v2\/tribe_events"}],"about":[{"href":"https:\/\/telemme.mmsh.fr\/index.php?rest_route=\/wp\/v2\/types\/tribe_events"}],"author":[{"embeddable":true,"href":"https:\/\/telemme.mmsh.fr\/index.php?rest_route=\/wp\/v2\/users\/175"}],"version-history":[{"count":2,"href":"https:\/\/telemme.mmsh.fr\/index.php?rest_route=\/wp\/v2\/tribe_events\/14220\/revisions"}],"predecessor-version":[{"id":14359,"href":"https:\/\/telemme.mmsh.fr\/index.php?rest_route=\/wp\/v2\/tribe_events\/14220\/revisions\/14359"}],"wp:featuredmedia":[{"embeddable":true,"href":"https:\/\/telemme.mmsh.fr\/index.php?rest_route=\/wp\/v2\/media\/14219"}],"wp:attachment":[{"href":"https:\/\/telemme.mmsh.fr\/index.php?rest_route=%2Fwp%2Fv2%2Fmedia&parent=14220"}],"wp:term":[{"taxonomy":"post_tag","embeddable":true,"href":"https:\/\/telemme.mmsh.fr\/index.php?rest_route=%2Fwp%2Fv2%2Ftags&post=14220"},{"taxonomy":"tribe_events_cat","embeddable":true,"href":"https:\/\/telemme.mmsh.fr\/index.php?rest_route=%2Fwp%2Fv2%2Ftribe_events_cat&post=14220"}],"curies":[{"name":"wp","href":"https:\/\/api.w.org\/{rel}","templated":true}]}}