{"id":14202,"date":"2024-04-15T10:56:22","date_gmt":"2024-04-15T08:56:22","guid":{"rendered":"https:\/\/telemme.mmsh.fr\/?post_type=tribe_events&#038;p=14202"},"modified":"2024-04-15T10:56:59","modified_gmt":"2024-04-15T08:56:59","slug":"art-et-biodiversite","status":"publish","type":"tribe_events","link":"https:\/\/telemme.mmsh.fr\/?tribe_events=art-et-biodiversite","title":{"rendered":"Art et Biodiversit\u00e9"},"content":{"rendered":"<ul>\n<li><strong>Alicia Pasquet\u00a0<\/strong><\/li>\n<\/ul>\n<p><em>Art visuel et connexion \u00e0 la nature sous-marine<\/em><\/p>\n<p>Alicia Pasquet expose les objectifs de l\u2019\u00e9tude r\u00e9alis\u00e9e dans le cadre de son master 2 en psychosociologie environnementale. A travers une approche quantitative mobilisant l\u2019oculom\u00e9trie, son objectif est d\u2019\u00e9tudier la perception visuelle de diff\u00e9rentes repr\u00e9sentations de la\u00a0biodiversit\u00e9 marine, et d\u2019\u00e9valuer comment ces types de repr\u00e9sentations influencent le sentiment de connexion \u00e0 la mer des participants.<\/p>\n<ul>\n<li><strong>Oph\u00e9lie Cordier <\/strong><\/li>\n<\/ul>\n<p><em>L\u2019art de sublimer le d\u00e9chet plastique<\/em><\/p>\n<p>Oph\u00e9lie Cordier nous pr\u00e9sente son travail artistique m\u00ealant upcycling, broderie et photographie, qui valorise les mati\u00e8res d\u00e9laiss\u00e9es \u2013 la bouteille plastique \u2013 pour donner naissance \u00e0 des objets \u00ab\u00a0pr\u00e9cieux\u00a0\u00bb qui racontent avec po\u00e9sie nos consommations plastiques et son impact sur l\u2019environnement. Deux projets sont pr\u00e9sent\u00e9s : <em>Derni\u00e8re C\u00e8ne,<\/em> qui exprime la fa\u00e7on dont le plastique \u00e0 terre se retrouve en mer et p\u00e9n\u00e8tre la cha\u00eene alimentaire, avec une r\u00e9flexion sur la dimension sociale de cette question environnementale. En continuit\u00e9, le projet <em>Nouvelles Vanit\u00e9s <\/em>vise \u00e0 explorer la dimension temporelle de nos rapports \u00e0 la mer, en revisitant la nature morte du XVIIe s<em>. <\/em>pour y int\u00e9grer des \u00e9l\u00e9ments contemporains.<\/p>\n<p><strong>Dalila Ladjal \u2013 Collectif SAFI<\/strong><\/p>\n<p><em>Le Ressentiscaphe : Une escapade \u00e9cologique et po\u00e9tique \u00e0 la recherche de l\u2019\u00e9tang de Berre<\/em><\/p>\n<p>Dalila Ladjal nous propose une escapade \u00e9cologique et po\u00e9tique en images, \u00e0 bord du Ressentiscaphe : une base flottante d\u2019observation sensible.\u00a0Une dr\u00f4le d\u2019embarcation pour mesurer, avec nos perceptions corporelles, la vie \u00e0 l\u2019\u0153uvre \u00e0 la surface et dans les profondeurs de l\u2019\u00e9tang de Berre. En produisant de multiples histoires \u00e0 partager SAFI et son radeau mettent en r\u00e9cits les milieux marins de l\u2019\u00e9tang et leurs interactions avec le vivant, les activit\u00e9s humaines, l\u2019industrialisation\u2026et tente \u00ab\u00a0d\u2019entrer en relation\u00a0\u00bb en d\u00e9veloppant des outils de communication inter-esp\u00e8ces (diffuseur de chanson d\u2019amour, des objets d\u2019observation\u2026).<\/p>\n<p><a href=\"https:\/\/telemme.mmsh.fr\/?evenement=art-et-biodiversite-2\">Programme<\/a><\/p>\n","protected":false},"excerpt":{"rendered":"<p>Alicia Pasquet\u00a0 Art visuel et connexion \u00e0 la nature sous-marine Alicia Pasquet expose les objectifs de l\u2019\u00e9tude r\u00e9alis\u00e9e dans le cadre de son master 2 en psychosociologie environnementale. A travers&hellip;&nbsp;<a href=\"https:\/\/telemme.mmsh.fr\/?tribe_events=art-et-biodiversite\" rel=\"bookmark\">Lire la suite &raquo;<span class=\"screen-reader-text\">Art et Biodiversit\u00e9<\/span><\/a><\/p>\n","protected":false},"author":175,"featured_media":14199,"template":"","meta":{"neve_meta_sidebar":"","neve_meta_container":"","neve_meta_enable_content_width":"","neve_meta_content_width":0,"neve_meta_title_alignment":"","neve_meta_author_avatar":"","neve_post_elements_order":"","neve_meta_disable_header":"","neve_meta_disable_footer":"","neve_meta_disable_title":"","_tribe_events_status":"","_tribe_events_status_reason":"","footnotes":""},"tags":[],"tribe_events_cat":[1831],"class_list":["post-14202","tribe_events","type-tribe_events","status-publish","has-post-thumbnail","hentry","tribe_events_cat-seminaire","cat_seminaire"],"yoast_head":"<!-- This site is optimized with the Yoast SEO plugin v27.4 - https:\/\/yoast.com\/product\/yoast-seo-wordpress\/ -->\n<title>Art et Biodiversit\u00e9 - TELEMMe - Temps, espaces, langages, Europe m\u00e9ridionale, M\u00e9diterran\u00e9e<\/title>\n<meta name=\"robots\" content=\"index, follow, max-snippet:-1, max-image-preview:large, max-video-preview:-1\" \/>\n<link rel=\"canonical\" href=\"https:\/\/telemme.mmsh.fr\/?tribe_events=art-et-biodiversite\" \/>\n<meta property=\"og:locale\" content=\"fr_FR\" \/>\n<meta property=\"og:type\" content=\"article\" \/>\n<meta property=\"og:title\" content=\"Art et Biodiversit\u00e9 - TELEMMe - Temps, espaces, langages, Europe m\u00e9ridionale, M\u00e9diterran\u00e9e\" \/>\n<meta property=\"og:description\" content=\"Alicia Pasquet\u00a0 Art visuel et connexion \u00e0 la nature sous-marine Alicia Pasquet expose les objectifs de l\u2019\u00e9tude r\u00e9alis\u00e9e dans le cadre de son master 2 en psychosociologie environnementale. A travers&hellip;&nbsp;Lire la suite &raquo;Art et Biodiversit\u00e9\" \/>\n<meta property=\"og:url\" content=\"https:\/\/telemme.mmsh.fr\/?tribe_events=art-et-biodiversite\" \/>\n<meta property=\"og:site_name\" content=\"TELEMMe - Temps, espaces, langages, Europe m\u00e9ridionale, M\u00e9diterran\u00e9e\" \/>\n<meta property=\"article:modified_time\" content=\"2024-04-15T08:56:59+00:00\" \/>\n<meta property=\"og:image\" content=\"https:\/\/telemme.mmsh.fr\/wp-content\/uploads\/2024\/04\/Eugen_von_Ransonnet-Villez_\u2014_Underwater_oil_painting.jpg\" \/>\n\t<meta property=\"og:image:width\" content=\"800\" \/>\n\t<meta property=\"og:image:height\" content=\"569\" \/>\n\t<meta property=\"og:image:type\" content=\"image\/jpeg\" \/>\n<meta name=\"twitter:card\" content=\"summary_large_image\" \/>\n<meta name=\"twitter:label1\" content=\"Dur\u00e9e de lecture estim\u00e9e\" \/>\n\t<meta name=\"twitter:data1\" content=\"2 minutes\" \/>\n<script type=\"application\/ld+json\" class=\"yoast-schema-graph\">{\"@context\":\"https:\\\/\\\/schema.org\",\"@graph\":[{\"@type\":\"WebPage\",\"@id\":\"https:\\\/\\\/telemme.mmsh.fr\\\/?tribe_events=art-et-biodiversite\",\"url\":\"https:\\\/\\\/telemme.mmsh.fr\\\/?tribe_events=art-et-biodiversite\",\"name\":\"Art et Biodiversit\u00e9 - TELEMMe - Temps, espaces, langages, Europe m\u00e9ridionale, M\u00e9diterran\u00e9e\",\"isPartOf\":{\"@id\":\"https:\\\/\\\/telemme.mmsh.fr\\\/#website\"},\"primaryImageOfPage\":{\"@id\":\"https:\\\/\\\/telemme.mmsh.fr\\\/?tribe_events=art-et-biodiversite#primaryimage\"},\"image\":{\"@id\":\"https:\\\/\\\/telemme.mmsh.fr\\\/?tribe_events=art-et-biodiversite#primaryimage\"},\"thumbnailUrl\":\"https:\\\/\\\/telemme.mmsh.fr\\\/wp-content\\\/uploads\\\/2024\\\/04\\\/Eugen_von_Ransonnet-Villez_\u2014_Underwater_oil_painting.jpg\",\"datePublished\":\"2024-04-15T08:56:22+00:00\",\"dateModified\":\"2024-04-15T08:56:59+00:00\",\"breadcrumb\":{\"@id\":\"https:\\\/\\\/telemme.mmsh.fr\\\/?tribe_events=art-et-biodiversite#breadcrumb\"},\"inLanguage\":\"fr-FR\",\"potentialAction\":[{\"@type\":\"ReadAction\",\"target\":[\"https:\\\/\\\/telemme.mmsh.fr\\\/?tribe_events=art-et-biodiversite\"]}]},{\"@type\":\"ImageObject\",\"inLanguage\":\"fr-FR\",\"@id\":\"https:\\\/\\\/telemme.mmsh.fr\\\/?tribe_events=art-et-biodiversite#primaryimage\",\"url\":\"https:\\\/\\\/telemme.mmsh.fr\\\/wp-content\\\/uploads\\\/2024\\\/04\\\/Eugen_von_Ransonnet-Villez_\u2014_Underwater_oil_painting.jpg\",\"contentUrl\":\"https:\\\/\\\/telemme.mmsh.fr\\\/wp-content\\\/uploads\\\/2024\\\/04\\\/Eugen_von_Ransonnet-Villez_\u2014_Underwater_oil_painting.jpg\",\"width\":800,\"height\":569,\"caption\":\"Eugen von Ransonnet-Villez, Underwater oil painting, ca. 1867 CC0\"},{\"@type\":\"BreadcrumbList\",\"@id\":\"https:\\\/\\\/telemme.mmsh.fr\\\/?tribe_events=art-et-biodiversite#breadcrumb\",\"itemListElement\":[{\"@type\":\"ListItem\",\"position\":1,\"name\":\"Accueil\",\"item\":\"https:\\\/\\\/telemme.mmsh.fr\\\/\"},{\"@type\":\"ListItem\",\"position\":2,\"name\":\"\u00c9v\u00e8nements\",\"item\":\"https:\\\/\\\/telemme.mmsh.fr\\\/?post_type=tribe_events\"},{\"@type\":\"ListItem\",\"position\":3,\"name\":\"S\u00e9minaire\",\"item\":\"https:\\\/\\\/telemme.mmsh.fr\\\/?tribe_events_cat=seminaire\"},{\"@type\":\"ListItem\",\"position\":4,\"name\":\"Art et Biodiversit\u00e9\"}]},{\"@type\":\"WebSite\",\"@id\":\"https:\\\/\\\/telemme.mmsh.fr\\\/#website\",\"url\":\"https:\\\/\\\/telemme.mmsh.fr\\\/\",\"name\":\"TELEMMe - Temps, espaces, langages, Europe m\u00e9ridionale, M\u00e9diterran\u00e9e\",\"description\":\"\",\"publisher\":{\"@id\":\"https:\\\/\\\/telemme.mmsh.fr\\\/#organization\"},\"potentialAction\":[{\"@type\":\"SearchAction\",\"target\":{\"@type\":\"EntryPoint\",\"urlTemplate\":\"https:\\\/\\\/telemme.mmsh.fr\\\/?s={search_term_string}\"},\"query-input\":{\"@type\":\"PropertyValueSpecification\",\"valueRequired\":true,\"valueName\":\"search_term_string\"}}],\"inLanguage\":\"fr-FR\"},{\"@type\":\"Organization\",\"@id\":\"https:\\\/\\\/telemme.mmsh.fr\\\/#organization\",\"name\":\"TELEMMe\",\"url\":\"https:\\\/\\\/telemme.mmsh.fr\\\/\",\"logo\":{\"@type\":\"ImageObject\",\"inLanguage\":\"fr-FR\",\"@id\":\"https:\\\/\\\/telemme.mmsh.fr\\\/#\\\/schema\\\/logo\\\/image\\\/\",\"url\":\"https:\\\/\\\/telemme.mmsh.fr\\\/wp-content\\\/uploads\\\/2020\\\/03\\\/LogoTELEMMe-horizontal-fond-transparent.png\",\"contentUrl\":\"https:\\\/\\\/telemme.mmsh.fr\\\/wp-content\\\/uploads\\\/2020\\\/03\\\/LogoTELEMMe-horizontal-fond-transparent.png\",\"width\":1500,\"height\":437,\"caption\":\"TELEMMe\"},\"image\":{\"@id\":\"https:\\\/\\\/telemme.mmsh.fr\\\/#\\\/schema\\\/logo\\\/image\\\/\"}}]}<\/script>\n<!-- \/ Yoast SEO plugin. -->","yoast_head_json":{"title":"Art et Biodiversit\u00e9 - TELEMMe - Temps, espaces, langages, Europe m\u00e9ridionale, M\u00e9diterran\u00e9e","robots":{"index":"index","follow":"follow","max-snippet":"max-snippet:-1","max-image-preview":"max-image-preview:large","max-video-preview":"max-video-preview:-1"},"canonical":"https:\/\/telemme.mmsh.fr\/?tribe_events=art-et-biodiversite","og_locale":"fr_FR","og_type":"article","og_title":"Art et Biodiversit\u00e9 - TELEMMe - Temps, espaces, langages, Europe m\u00e9ridionale, M\u00e9diterran\u00e9e","og_description":"Alicia Pasquet\u00a0 Art visuel et connexion \u00e0 la nature sous-marine Alicia Pasquet expose les objectifs de l\u2019\u00e9tude r\u00e9alis\u00e9e dans le cadre de son master 2 en psychosociologie environnementale. A travers&hellip;&nbsp;Lire la suite &raquo;Art et Biodiversit\u00e9","og_url":"https:\/\/telemme.mmsh.fr\/?tribe_events=art-et-biodiversite","og_site_name":"TELEMMe - Temps, espaces, langages, Europe m\u00e9ridionale, M\u00e9diterran\u00e9e","article_modified_time":"2024-04-15T08:56:59+00:00","og_image":[{"width":800,"height":569,"url":"https:\/\/telemme.mmsh.fr\/wp-content\/uploads\/2024\/04\/Eugen_von_Ransonnet-Villez_\u2014_Underwater_oil_painting.jpg","type":"image\/jpeg"}],"twitter_card":"summary_large_image","twitter_misc":{"Dur\u00e9e de lecture estim\u00e9e":"2 minutes"},"schema":{"@context":"https:\/\/schema.org","@graph":[{"@type":"WebPage","@id":"https:\/\/telemme.mmsh.fr\/?tribe_events=art-et-biodiversite","url":"https:\/\/telemme.mmsh.fr\/?tribe_events=art-et-biodiversite","name":"Art et Biodiversit\u00e9 - TELEMMe - Temps, espaces, langages, Europe m\u00e9ridionale, M\u00e9diterran\u00e9e","isPartOf":{"@id":"https:\/\/telemme.mmsh.fr\/#website"},"primaryImageOfPage":{"@id":"https:\/\/telemme.mmsh.fr\/?tribe_events=art-et-biodiversite#primaryimage"},"image":{"@id":"https:\/\/telemme.mmsh.fr\/?tribe_events=art-et-biodiversite#primaryimage"},"thumbnailUrl":"https:\/\/telemme.mmsh.fr\/wp-content\/uploads\/2024\/04\/Eugen_von_Ransonnet-Villez_\u2014_Underwater_oil_painting.jpg","datePublished":"2024-04-15T08:56:22+00:00","dateModified":"2024-04-15T08:56:59+00:00","breadcrumb":{"@id":"https:\/\/telemme.mmsh.fr\/?tribe_events=art-et-biodiversite#breadcrumb"},"inLanguage":"fr-FR","potentialAction":[{"@type":"ReadAction","target":["https:\/\/telemme.mmsh.fr\/?tribe_events=art-et-biodiversite"]}]},{"@type":"ImageObject","inLanguage":"fr-FR","@id":"https:\/\/telemme.mmsh.fr\/?tribe_events=art-et-biodiversite#primaryimage","url":"https:\/\/telemme.mmsh.fr\/wp-content\/uploads\/2024\/04\/Eugen_von_Ransonnet-Villez_\u2014_Underwater_oil_painting.jpg","contentUrl":"https:\/\/telemme.mmsh.fr\/wp-content\/uploads\/2024\/04\/Eugen_von_Ransonnet-Villez_\u2014_Underwater_oil_painting.jpg","width":800,"height":569,"caption":"Eugen von Ransonnet-Villez, Underwater oil painting, ca. 1867 CC0"},{"@type":"BreadcrumbList","@id":"https:\/\/telemme.mmsh.fr\/?tribe_events=art-et-biodiversite#breadcrumb","itemListElement":[{"@type":"ListItem","position":1,"name":"Accueil","item":"https:\/\/telemme.mmsh.fr\/"},{"@type":"ListItem","position":2,"name":"\u00c9v\u00e8nements","item":"https:\/\/telemme.mmsh.fr\/?post_type=tribe_events"},{"@type":"ListItem","position":3,"name":"S\u00e9minaire","item":"https:\/\/telemme.mmsh.fr\/?tribe_events_cat=seminaire"},{"@type":"ListItem","position":4,"name":"Art et Biodiversit\u00e9"}]},{"@type":"WebSite","@id":"https:\/\/telemme.mmsh.fr\/#website","url":"https:\/\/telemme.mmsh.fr\/","name":"TELEMMe - Temps, espaces, langages, Europe m\u00e9ridionale, M\u00e9diterran\u00e9e","description":"","publisher":{"@id":"https:\/\/telemme.mmsh.fr\/#organization"},"potentialAction":[{"@type":"SearchAction","target":{"@type":"EntryPoint","urlTemplate":"https:\/\/telemme.mmsh.fr\/?s={search_term_string}"},"query-input":{"@type":"PropertyValueSpecification","valueRequired":true,"valueName":"search_term_string"}}],"inLanguage":"fr-FR"},{"@type":"Organization","@id":"https:\/\/telemme.mmsh.fr\/#organization","name":"TELEMMe","url":"https:\/\/telemme.mmsh.fr\/","logo":{"@type":"ImageObject","inLanguage":"fr-FR","@id":"https:\/\/telemme.mmsh.fr\/#\/schema\/logo\/image\/","url":"https:\/\/telemme.mmsh.fr\/wp-content\/uploads\/2020\/03\/LogoTELEMMe-horizontal-fond-transparent.png","contentUrl":"https:\/\/telemme.mmsh.fr\/wp-content\/uploads\/2020\/03\/LogoTELEMMe-horizontal-fond-transparent.png","width":1500,"height":437,"caption":"TELEMMe"},"image":{"@id":"https:\/\/telemme.mmsh.fr\/#\/schema\/logo\/image\/"}}]}},"_links":{"self":[{"href":"https:\/\/telemme.mmsh.fr\/index.php?rest_route=\/wp\/v2\/tribe_events\/14202","targetHints":{"allow":["GET"]}}],"collection":[{"href":"https:\/\/telemme.mmsh.fr\/index.php?rest_route=\/wp\/v2\/tribe_events"}],"about":[{"href":"https:\/\/telemme.mmsh.fr\/index.php?rest_route=\/wp\/v2\/types\/tribe_events"}],"author":[{"embeddable":true,"href":"https:\/\/telemme.mmsh.fr\/index.php?rest_route=\/wp\/v2\/users\/175"}],"version-history":[{"count":2,"href":"https:\/\/telemme.mmsh.fr\/index.php?rest_route=\/wp\/v2\/tribe_events\/14202\/revisions"}],"predecessor-version":[{"id":14204,"href":"https:\/\/telemme.mmsh.fr\/index.php?rest_route=\/wp\/v2\/tribe_events\/14202\/revisions\/14204"}],"wp:featuredmedia":[{"embeddable":true,"href":"https:\/\/telemme.mmsh.fr\/index.php?rest_route=\/wp\/v2\/media\/14199"}],"wp:attachment":[{"href":"https:\/\/telemme.mmsh.fr\/index.php?rest_route=%2Fwp%2Fv2%2Fmedia&parent=14202"}],"wp:term":[{"taxonomy":"post_tag","embeddable":true,"href":"https:\/\/telemme.mmsh.fr\/index.php?rest_route=%2Fwp%2Fv2%2Ftags&post=14202"},{"taxonomy":"tribe_events_cat","embeddable":true,"href":"https:\/\/telemme.mmsh.fr\/index.php?rest_route=%2Fwp%2Fv2%2Ftribe_events_cat&post=14202"}],"curies":[{"name":"wp","href":"https:\/\/api.w.org\/{rel}","templated":true}]}}