{"id":14023,"date":"2024-03-01T11:16:41","date_gmt":"2024-03-01T10:16:41","guid":{"rendered":"https:\/\/telemme.mmsh.fr\/?post_type=tribe_events&#038;p=14023"},"modified":"2024-03-04T09:59:40","modified_gmt":"2024-03-04T08:59:40","slug":"innovation-reindustrialisation-des-territoires-et-transformations-du-travail","status":"publish","type":"tribe_events","link":"https:\/\/telemme.mmsh.fr\/?tribe_events=innovation-reindustrialisation-des-territoires-et-transformations-du-travail","title":{"rendered":"Innovation, R\u00e9industrialisation des Territoires et transformations du Travail"},"content":{"rendered":"<p><a href=\"https:\/\/telemme.mmsh.fr\/?evenement=innovation-reindustrialisation-des-territoires-et-transformations-du-travail\">Programme<\/a><\/p>\n","protected":false},"excerpt":{"rendered":"<p>Programme<\/p>\n","protected":false},"author":175,"featured_media":14022,"template":"","meta":{"neve_meta_sidebar":"","neve_meta_container":"","neve_meta_enable_content_width":"","neve_meta_content_width":0,"neve_meta_title_alignment":"","neve_meta_author_avatar":"","neve_post_elements_order":"","neve_meta_disable_header":"","neve_meta_disable_footer":"","neve_meta_disable_title":"","_tribe_events_status":"","_tribe_events_status_reason":"","footnotes":""},"tags":[2785],"tribe_events_cat":[1831],"class_list":["post-14023","tribe_events","type-tribe_events","status-publish","has-post-thumbnail","hentry","tag-iretra","tribe_events_cat-seminaire","cat_seminaire"],"yoast_head":"<!-- This site is optimized with the Yoast SEO plugin v27.4 - https:\/\/yoast.com\/product\/yoast-seo-wordpress\/ -->\n<title>Innovation, R\u00e9industrialisation des Territoires et transformations du Travail - TELEMMe - Temps, espaces, langages, Europe m\u00e9ridionale, M\u00e9diterran\u00e9e<\/title>\n<meta name=\"robots\" content=\"index, follow, max-snippet:-1, max-image-preview:large, max-video-preview:-1\" \/>\n<link rel=\"canonical\" href=\"https:\/\/telemme.mmsh.fr\/?tribe_events=innovation-reindustrialisation-des-territoires-et-transformations-du-travail\" \/>\n<meta property=\"og:locale\" content=\"fr_FR\" \/>\n<meta property=\"og:type\" content=\"article\" \/>\n<meta property=\"og:title\" content=\"Innovation, R\u00e9industrialisation des Territoires et transformations du Travail - TELEMMe - Temps, espaces, langages, Europe m\u00e9ridionale, M\u00e9diterran\u00e9e\" \/>\n<meta property=\"og:description\" content=\"Programme\" \/>\n<meta property=\"og:url\" content=\"https:\/\/telemme.mmsh.fr\/?tribe_events=innovation-reindustrialisation-des-territoires-et-transformations-du-travail\" \/>\n<meta property=\"og:site_name\" content=\"TELEMMe - Temps, espaces, langages, Europe m\u00e9ridionale, M\u00e9diterran\u00e9e\" \/>\n<meta property=\"article:modified_time\" content=\"2024-03-04T08:59:40+00:00\" \/>\n<meta property=\"og:image\" content=\"https:\/\/telemme.mmsh.fr\/wp-content\/uploads\/2024\/03\/Fos-sur-Mer-vue-depuis-le-mole-central-qui-doit-accueillir-Gravithy-vers-lusine-dArcelor-Mittal.jpg\" \/>\n\t<meta property=\"og:image:width\" content=\"1238\" \/>\n\t<meta property=\"og:image:height\" content=\"627\" \/>\n\t<meta property=\"og:image:type\" content=\"image\/jpeg\" \/>\n<meta name=\"twitter:card\" content=\"summary_large_image\" \/>\n<script type=\"application\/ld+json\" class=\"yoast-schema-graph\">{\"@context\":\"https:\\\/\\\/schema.org\",\"@graph\":[{\"@type\":\"WebPage\",\"@id\":\"https:\\\/\\\/telemme.mmsh.fr\\\/?tribe_events=innovation-reindustrialisation-des-territoires-et-transformations-du-travail\",\"url\":\"https:\\\/\\\/telemme.mmsh.fr\\\/?tribe_events=innovation-reindustrialisation-des-territoires-et-transformations-du-travail\",\"name\":\"Innovation, R\u00e9industrialisation des Territoires et transformations du Travail - TELEMMe - Temps, espaces, langages, Europe m\u00e9ridionale, M\u00e9diterran\u00e9e\",\"isPartOf\":{\"@id\":\"https:\\\/\\\/telemme.mmsh.fr\\\/#website\"},\"primaryImageOfPage\":{\"@id\":\"https:\\\/\\\/telemme.mmsh.fr\\\/?tribe_events=innovation-reindustrialisation-des-territoires-et-transformations-du-travail#primaryimage\"},\"image\":{\"@id\":\"https:\\\/\\\/telemme.mmsh.fr\\\/?tribe_events=innovation-reindustrialisation-des-territoires-et-transformations-du-travail#primaryimage\"},\"thumbnailUrl\":\"https:\\\/\\\/telemme.mmsh.fr\\\/wp-content\\\/uploads\\\/2024\\\/03\\\/Fos-sur-Mer-vue-depuis-le-mole-central-qui-doit-accueillir-Gravithy-vers-lusine-dArcelor-Mittal.jpg\",\"datePublished\":\"2024-03-01T10:16:41+00:00\",\"dateModified\":\"2024-03-04T08:59:40+00:00\",\"breadcrumb\":{\"@id\":\"https:\\\/\\\/telemme.mmsh.fr\\\/?tribe_events=innovation-reindustrialisation-des-territoires-et-transformations-du-travail#breadcrumb\"},\"inLanguage\":\"fr-FR\",\"potentialAction\":[{\"@type\":\"ReadAction\",\"target\":[\"https:\\\/\\\/telemme.mmsh.fr\\\/?tribe_events=innovation-reindustrialisation-des-territoires-et-transformations-du-travail\"]}]},{\"@type\":\"ImageObject\",\"inLanguage\":\"fr-FR\",\"@id\":\"https:\\\/\\\/telemme.mmsh.fr\\\/?tribe_events=innovation-reindustrialisation-des-territoires-et-transformations-du-travail#primaryimage\",\"url\":\"https:\\\/\\\/telemme.mmsh.fr\\\/wp-content\\\/uploads\\\/2024\\\/03\\\/Fos-sur-Mer-vue-depuis-le-mole-central-qui-doit-accueillir-Gravithy-vers-lusine-dArcelor-Mittal.jpg\",\"contentUrl\":\"https:\\\/\\\/telemme.mmsh.fr\\\/wp-content\\\/uploads\\\/2024\\\/03\\\/Fos-sur-Mer-vue-depuis-le-mole-central-qui-doit-accueillir-Gravithy-vers-lusine-dArcelor-Mittal.jpg\",\"width\":1238,\"height\":627,\"caption\":\"Fos-sur-Mer, vue depuis le mole central qui doit accueillir Gravithy vers l\u2019usine d\u2019Arcelor-Mittal (S. Daviet le 4\\\/01\\\/2024)\"},{\"@type\":\"BreadcrumbList\",\"@id\":\"https:\\\/\\\/telemme.mmsh.fr\\\/?tribe_events=innovation-reindustrialisation-des-territoires-et-transformations-du-travail#breadcrumb\",\"itemListElement\":[{\"@type\":\"ListItem\",\"position\":1,\"name\":\"Accueil\",\"item\":\"https:\\\/\\\/telemme.mmsh.fr\\\/\"},{\"@type\":\"ListItem\",\"position\":2,\"name\":\"\u00c9v\u00e8nements\",\"item\":\"https:\\\/\\\/telemme.mmsh.fr\\\/?post_type=tribe_events\"},{\"@type\":\"ListItem\",\"position\":3,\"name\":\"S\u00e9minaire\",\"item\":\"https:\\\/\\\/telemme.mmsh.fr\\\/?tribe_events_cat=seminaire\"},{\"@type\":\"ListItem\",\"position\":4,\"name\":\"Innovation, R\u00e9industrialisation des Territoires et transformations du Travail\"}]},{\"@type\":\"WebSite\",\"@id\":\"https:\\\/\\\/telemme.mmsh.fr\\\/#website\",\"url\":\"https:\\\/\\\/telemme.mmsh.fr\\\/\",\"name\":\"TELEMMe - Temps, espaces, langages, Europe m\u00e9ridionale, M\u00e9diterran\u00e9e\",\"description\":\"\",\"publisher\":{\"@id\":\"https:\\\/\\\/telemme.mmsh.fr\\\/#organization\"},\"potentialAction\":[{\"@type\":\"SearchAction\",\"target\":{\"@type\":\"EntryPoint\",\"urlTemplate\":\"https:\\\/\\\/telemme.mmsh.fr\\\/?s={search_term_string}\"},\"query-input\":{\"@type\":\"PropertyValueSpecification\",\"valueRequired\":true,\"valueName\":\"search_term_string\"}}],\"inLanguage\":\"fr-FR\"},{\"@type\":\"Organization\",\"@id\":\"https:\\\/\\\/telemme.mmsh.fr\\\/#organization\",\"name\":\"TELEMMe\",\"url\":\"https:\\\/\\\/telemme.mmsh.fr\\\/\",\"logo\":{\"@type\":\"ImageObject\",\"inLanguage\":\"fr-FR\",\"@id\":\"https:\\\/\\\/telemme.mmsh.fr\\\/#\\\/schema\\\/logo\\\/image\\\/\",\"url\":\"https:\\\/\\\/telemme.mmsh.fr\\\/wp-content\\\/uploads\\\/2020\\\/03\\\/LogoTELEMMe-horizontal-fond-transparent.png\",\"contentUrl\":\"https:\\\/\\\/telemme.mmsh.fr\\\/wp-content\\\/uploads\\\/2020\\\/03\\\/LogoTELEMMe-horizontal-fond-transparent.png\",\"width\":1500,\"height\":437,\"caption\":\"TELEMMe\"},\"image\":{\"@id\":\"https:\\\/\\\/telemme.mmsh.fr\\\/#\\\/schema\\\/logo\\\/image\\\/\"}}]}<\/script>\n<!-- \/ Yoast SEO plugin. -->","yoast_head_json":{"title":"Innovation, R\u00e9industrialisation des Territoires et transformations du Travail - TELEMMe - Temps, espaces, langages, Europe m\u00e9ridionale, M\u00e9diterran\u00e9e","robots":{"index":"index","follow":"follow","max-snippet":"max-snippet:-1","max-image-preview":"max-image-preview:large","max-video-preview":"max-video-preview:-1"},"canonical":"https:\/\/telemme.mmsh.fr\/?tribe_events=innovation-reindustrialisation-des-territoires-et-transformations-du-travail","og_locale":"fr_FR","og_type":"article","og_title":"Innovation, R\u00e9industrialisation des Territoires et transformations du Travail - TELEMMe - Temps, espaces, langages, Europe m\u00e9ridionale, M\u00e9diterran\u00e9e","og_description":"Programme","og_url":"https:\/\/telemme.mmsh.fr\/?tribe_events=innovation-reindustrialisation-des-territoires-et-transformations-du-travail","og_site_name":"TELEMMe - Temps, espaces, langages, Europe m\u00e9ridionale, M\u00e9diterran\u00e9e","article_modified_time":"2024-03-04T08:59:40+00:00","og_image":[{"width":1238,"height":627,"url":"https:\/\/telemme.mmsh.fr\/wp-content\/uploads\/2024\/03\/Fos-sur-Mer-vue-depuis-le-mole-central-qui-doit-accueillir-Gravithy-vers-lusine-dArcelor-Mittal.jpg","type":"image\/jpeg"}],"twitter_card":"summary_large_image","schema":{"@context":"https:\/\/schema.org","@graph":[{"@type":"WebPage","@id":"https:\/\/telemme.mmsh.fr\/?tribe_events=innovation-reindustrialisation-des-territoires-et-transformations-du-travail","url":"https:\/\/telemme.mmsh.fr\/?tribe_events=innovation-reindustrialisation-des-territoires-et-transformations-du-travail","name":"Innovation, R\u00e9industrialisation des Territoires et transformations du Travail - TELEMMe - Temps, espaces, langages, Europe m\u00e9ridionale, M\u00e9diterran\u00e9e","isPartOf":{"@id":"https:\/\/telemme.mmsh.fr\/#website"},"primaryImageOfPage":{"@id":"https:\/\/telemme.mmsh.fr\/?tribe_events=innovation-reindustrialisation-des-territoires-et-transformations-du-travail#primaryimage"},"image":{"@id":"https:\/\/telemme.mmsh.fr\/?tribe_events=innovation-reindustrialisation-des-territoires-et-transformations-du-travail#primaryimage"},"thumbnailUrl":"https:\/\/telemme.mmsh.fr\/wp-content\/uploads\/2024\/03\/Fos-sur-Mer-vue-depuis-le-mole-central-qui-doit-accueillir-Gravithy-vers-lusine-dArcelor-Mittal.jpg","datePublished":"2024-03-01T10:16:41+00:00","dateModified":"2024-03-04T08:59:40+00:00","breadcrumb":{"@id":"https:\/\/telemme.mmsh.fr\/?tribe_events=innovation-reindustrialisation-des-territoires-et-transformations-du-travail#breadcrumb"},"inLanguage":"fr-FR","potentialAction":[{"@type":"ReadAction","target":["https:\/\/telemme.mmsh.fr\/?tribe_events=innovation-reindustrialisation-des-territoires-et-transformations-du-travail"]}]},{"@type":"ImageObject","inLanguage":"fr-FR","@id":"https:\/\/telemme.mmsh.fr\/?tribe_events=innovation-reindustrialisation-des-territoires-et-transformations-du-travail#primaryimage","url":"https:\/\/telemme.mmsh.fr\/wp-content\/uploads\/2024\/03\/Fos-sur-Mer-vue-depuis-le-mole-central-qui-doit-accueillir-Gravithy-vers-lusine-dArcelor-Mittal.jpg","contentUrl":"https:\/\/telemme.mmsh.fr\/wp-content\/uploads\/2024\/03\/Fos-sur-Mer-vue-depuis-le-mole-central-qui-doit-accueillir-Gravithy-vers-lusine-dArcelor-Mittal.jpg","width":1238,"height":627,"caption":"Fos-sur-Mer, vue depuis le mole central qui doit accueillir Gravithy vers l\u2019usine d\u2019Arcelor-Mittal (S. Daviet le 4\/01\/2024)"},{"@type":"BreadcrumbList","@id":"https:\/\/telemme.mmsh.fr\/?tribe_events=innovation-reindustrialisation-des-territoires-et-transformations-du-travail#breadcrumb","itemListElement":[{"@type":"ListItem","position":1,"name":"Accueil","item":"https:\/\/telemme.mmsh.fr\/"},{"@type":"ListItem","position":2,"name":"\u00c9v\u00e8nements","item":"https:\/\/telemme.mmsh.fr\/?post_type=tribe_events"},{"@type":"ListItem","position":3,"name":"S\u00e9minaire","item":"https:\/\/telemme.mmsh.fr\/?tribe_events_cat=seminaire"},{"@type":"ListItem","position":4,"name":"Innovation, R\u00e9industrialisation des Territoires et transformations du Travail"}]},{"@type":"WebSite","@id":"https:\/\/telemme.mmsh.fr\/#website","url":"https:\/\/telemme.mmsh.fr\/","name":"TELEMMe - Temps, espaces, langages, Europe m\u00e9ridionale, M\u00e9diterran\u00e9e","description":"","publisher":{"@id":"https:\/\/telemme.mmsh.fr\/#organization"},"potentialAction":[{"@type":"SearchAction","target":{"@type":"EntryPoint","urlTemplate":"https:\/\/telemme.mmsh.fr\/?s={search_term_string}"},"query-input":{"@type":"PropertyValueSpecification","valueRequired":true,"valueName":"search_term_string"}}],"inLanguage":"fr-FR"},{"@type":"Organization","@id":"https:\/\/telemme.mmsh.fr\/#organization","name":"TELEMMe","url":"https:\/\/telemme.mmsh.fr\/","logo":{"@type":"ImageObject","inLanguage":"fr-FR","@id":"https:\/\/telemme.mmsh.fr\/#\/schema\/logo\/image\/","url":"https:\/\/telemme.mmsh.fr\/wp-content\/uploads\/2020\/03\/LogoTELEMMe-horizontal-fond-transparent.png","contentUrl":"https:\/\/telemme.mmsh.fr\/wp-content\/uploads\/2020\/03\/LogoTELEMMe-horizontal-fond-transparent.png","width":1500,"height":437,"caption":"TELEMMe"},"image":{"@id":"https:\/\/telemme.mmsh.fr\/#\/schema\/logo\/image\/"}}]}},"_links":{"self":[{"href":"https:\/\/telemme.mmsh.fr\/index.php?rest_route=\/wp\/v2\/tribe_events\/14023","targetHints":{"allow":["GET"]}}],"collection":[{"href":"https:\/\/telemme.mmsh.fr\/index.php?rest_route=\/wp\/v2\/tribe_events"}],"about":[{"href":"https:\/\/telemme.mmsh.fr\/index.php?rest_route=\/wp\/v2\/types\/tribe_events"}],"author":[{"embeddable":true,"href":"https:\/\/telemme.mmsh.fr\/index.php?rest_route=\/wp\/v2\/users\/175"}],"version-history":[{"count":1,"href":"https:\/\/telemme.mmsh.fr\/index.php?rest_route=\/wp\/v2\/tribe_events\/14023\/revisions"}],"predecessor-version":[{"id":14024,"href":"https:\/\/telemme.mmsh.fr\/index.php?rest_route=\/wp\/v2\/tribe_events\/14023\/revisions\/14024"}],"wp:featuredmedia":[{"embeddable":true,"href":"https:\/\/telemme.mmsh.fr\/index.php?rest_route=\/wp\/v2\/media\/14022"}],"wp:attachment":[{"href":"https:\/\/telemme.mmsh.fr\/index.php?rest_route=%2Fwp%2Fv2%2Fmedia&parent=14023"}],"wp:term":[{"taxonomy":"post_tag","embeddable":true,"href":"https:\/\/telemme.mmsh.fr\/index.php?rest_route=%2Fwp%2Fv2%2Ftags&post=14023"},{"taxonomy":"tribe_events_cat","embeddable":true,"href":"https:\/\/telemme.mmsh.fr\/index.php?rest_route=%2Fwp%2Fv2%2Ftribe_events_cat&post=14023"}],"curies":[{"name":"wp","href":"https:\/\/api.w.org\/{rel}","templated":true}]}}