{"id":13939,"date":"2024-02-06T08:48:53","date_gmt":"2024-02-06T07:48:53","guid":{"rendered":"https:\/\/telemme.mmsh.fr\/?post_type=tribe_events&#038;p=13939"},"modified":"2024-02-08T08:59:49","modified_gmt":"2024-02-08T07:59:49","slug":"une-autre-histoire-du-monde-est-possible","status":"publish","type":"tribe_events","link":"https:\/\/telemme.mmsh.fr\/?tribe_events=une-autre-histoire-du-monde-est-possible","title":{"rendered":"Une autre histoire du monde est possible"},"content":{"rendered":"<p>Comment \u00e9crire une histoire \u00e0 l\u2019\u00e9chelle de la plan\u00e8te ? Nagu\u00e8re nationale ou locale, l\u2019histoire ne doit-elle pas se hisser \u00e0 ce niveau pour \u00e9clairer les d\u00e9fis de notre monde au prisme de la longue dur\u00e9e de l\u2019histoire humaine, naturelle et g\u00e9ologique ? Admettons, mais si toute \u00e9criture est situ\u00e9e, alors depuis quelle position un.e historien.ne peut-il\/elle envisager ce travail d\u2019\u00e9criture ? Quelle est cette histoire autrefois aux pr\u00e9tentions \u00ab universelles \u00bb et qui dor\u00e9navant se veut \u00ab globale \u00bb ou \u00ab profonde \u00bb ? L\u2019alternative r\u00e9side-t-elle uniquement dans le r\u00e9cit invers\u00e9 de l\u2019occidentalisation du monde qui ferait du colonialisme le seul vecteur des processus de mondialisation? Quelles pistes explorer pour \u00e9crire une histoire polyphonique du monde qui assume son ancrage dans des histoires particuli\u00e8res et dans des corpus localis\u00e9s ?<\/p>\n<p><a href=\"https:\/\/telemme.mmsh.fr\/?evenement=une-autre-histoire-du-monde-est-possible\"><strong>Programme<\/strong><\/a><\/p>\n","protected":false},"excerpt":{"rendered":"<p>Comment \u00e9crire une histoire \u00e0 l\u2019\u00e9chelle de la plan\u00e8te ? Nagu\u00e8re nationale ou locale, l\u2019histoire ne doit-elle pas se hisser \u00e0 ce niveau pour \u00e9clairer les d\u00e9fis de notre monde&hellip;&nbsp;<a href=\"https:\/\/telemme.mmsh.fr\/?tribe_events=une-autre-histoire-du-monde-est-possible\" rel=\"bookmark\">Lire la suite &raquo;<span class=\"screen-reader-text\">Une autre histoire du monde est possible<\/span><\/a><\/p>\n","protected":false},"author":6,"featured_media":10488,"template":"","meta":{"neve_meta_sidebar":"","neve_meta_container":"","neve_meta_enable_content_width":"","neve_meta_content_width":0,"neve_meta_title_alignment":"","neve_meta_author_avatar":"","neve_post_elements_order":"","neve_meta_disable_header":"","neve_meta_disable_footer":"","neve_meta_disable_title":"","_tribe_events_status":"canceled","_tribe_events_status_reason":"","footnotes":""},"tags":[],"tribe_events_cat":[2387],"class_list":["post-13939","tribe_events","type-tribe_events","status-publish","has-post-thumbnail","hentry","tribe_events_cat-seminaire-anachroniques","cat_seminaire-anachroniques","tribe-events-status__list-event-canceled"],"yoast_head":"<!-- This site is optimized with the Yoast SEO plugin v27.4 - https:\/\/yoast.com\/product\/yoast-seo-wordpress\/ -->\n<title>Une autre histoire du monde est possible - TELEMMe - Temps, espaces, langages, Europe m\u00e9ridionale, M\u00e9diterran\u00e9e<\/title>\n<meta name=\"robots\" content=\"index, follow, max-snippet:-1, max-image-preview:large, max-video-preview:-1\" \/>\n<link rel=\"canonical\" href=\"https:\/\/telemme.mmsh.fr\/?tribe_events=une-autre-histoire-du-monde-est-possible\" \/>\n<meta property=\"og:locale\" content=\"fr_FR\" \/>\n<meta property=\"og:type\" content=\"article\" \/>\n<meta property=\"og:title\" content=\"Une autre histoire du monde est possible - TELEMMe - Temps, espaces, langages, Europe m\u00e9ridionale, M\u00e9diterran\u00e9e\" \/>\n<meta property=\"og:description\" content=\"Comment \u00e9crire une histoire \u00e0 l\u2019\u00e9chelle de la plan\u00e8te ? Nagu\u00e8re nationale ou locale, l\u2019histoire ne doit-elle pas se hisser \u00e0 ce niveau pour \u00e9clairer les d\u00e9fis de notre monde&hellip;&nbsp;Lire la suite &raquo;Une autre histoire du monde est possible\" \/>\n<meta property=\"og:url\" content=\"https:\/\/telemme.mmsh.fr\/?tribe_events=une-autre-histoire-du-monde-est-possible\" \/>\n<meta property=\"og:site_name\" content=\"TELEMMe - Temps, espaces, langages, Europe m\u00e9ridionale, M\u00e9diterran\u00e9e\" \/>\n<meta property=\"article:modified_time\" content=\"2024-02-08T07:59:49+00:00\" \/>\n<meta property=\"og:image\" content=\"https:\/\/telemme.mmsh.fr\/wp-content\/uploads\/2022\/01\/Anachroniques_Saison6_carre.jpg\" \/>\n\t<meta property=\"og:image:width\" content=\"1773\" \/>\n\t<meta property=\"og:image:height\" content=\"1434\" \/>\n\t<meta property=\"og:image:type\" content=\"image\/jpeg\" \/>\n<meta name=\"twitter:card\" content=\"summary_large_image\" \/>\n<meta name=\"twitter:label1\" content=\"Dur\u00e9e de lecture estim\u00e9e\" \/>\n\t<meta name=\"twitter:data1\" content=\"1 minute\" \/>\n<script type=\"application\/ld+json\" class=\"yoast-schema-graph\">{\"@context\":\"https:\\\/\\\/schema.org\",\"@graph\":[{\"@type\":\"WebPage\",\"@id\":\"https:\\\/\\\/telemme.mmsh.fr\\\/?tribe_events=une-autre-histoire-du-monde-est-possible\",\"url\":\"https:\\\/\\\/telemme.mmsh.fr\\\/?tribe_events=une-autre-histoire-du-monde-est-possible\",\"name\":\"Une autre histoire du monde est possible - TELEMMe - Temps, espaces, langages, Europe m\u00e9ridionale, M\u00e9diterran\u00e9e\",\"isPartOf\":{\"@id\":\"https:\\\/\\\/telemme.mmsh.fr\\\/#website\"},\"primaryImageOfPage\":{\"@id\":\"https:\\\/\\\/telemme.mmsh.fr\\\/?tribe_events=une-autre-histoire-du-monde-est-possible#primaryimage\"},\"image\":{\"@id\":\"https:\\\/\\\/telemme.mmsh.fr\\\/?tribe_events=une-autre-histoire-du-monde-est-possible#primaryimage\"},\"thumbnailUrl\":\"https:\\\/\\\/telemme.mmsh.fr\\\/wp-content\\\/uploads\\\/2022\\\/01\\\/Anachroniques_Saison6_carre.jpg\",\"datePublished\":\"2024-02-06T07:48:53+00:00\",\"dateModified\":\"2024-02-08T07:59:49+00:00\",\"breadcrumb\":{\"@id\":\"https:\\\/\\\/telemme.mmsh.fr\\\/?tribe_events=une-autre-histoire-du-monde-est-possible#breadcrumb\"},\"inLanguage\":\"fr-FR\",\"potentialAction\":[{\"@type\":\"ReadAction\",\"target\":[\"https:\\\/\\\/telemme.mmsh.fr\\\/?tribe_events=une-autre-histoire-du-monde-est-possible\"]}]},{\"@type\":\"ImageObject\",\"inLanguage\":\"fr-FR\",\"@id\":\"https:\\\/\\\/telemme.mmsh.fr\\\/?tribe_events=une-autre-histoire-du-monde-est-possible#primaryimage\",\"url\":\"https:\\\/\\\/telemme.mmsh.fr\\\/wp-content\\\/uploads\\\/2022\\\/01\\\/Anachroniques_Saison6_carre.jpg\",\"contentUrl\":\"https:\\\/\\\/telemme.mmsh.fr\\\/wp-content\\\/uploads\\\/2022\\\/01\\\/Anachroniques_Saison6_carre.jpg\",\"width\":1773,\"height\":1434,\"caption\":\"Affiche du s\u00e9minaire Anachroniques, saison 6\"},{\"@type\":\"BreadcrumbList\",\"@id\":\"https:\\\/\\\/telemme.mmsh.fr\\\/?tribe_events=une-autre-histoire-du-monde-est-possible#breadcrumb\",\"itemListElement\":[{\"@type\":\"ListItem\",\"position\":1,\"name\":\"Accueil\",\"item\":\"https:\\\/\\\/telemme.mmsh.fr\\\/\"},{\"@type\":\"ListItem\",\"position\":2,\"name\":\"\u00c9v\u00e8nements\",\"item\":\"https:\\\/\\\/telemme.mmsh.fr\\\/?post_type=tribe_events\"},{\"@type\":\"ListItem\",\"position\":3,\"name\":\"S\u00e9minaire interlaboratoire\",\"item\":\"https:\\\/\\\/telemme.mmsh.fr\\\/?tribe_events_cat=seminaire-interlaboratoire\"},{\"@type\":\"ListItem\",\"position\":4,\"name\":\"S\u00e9minaire \\\"Anachroniques\\\"\",\"item\":\"https:\\\/\\\/telemme.mmsh.fr\\\/?tribe_events_cat=seminaire-anachroniques\"},{\"@type\":\"ListItem\",\"position\":5,\"name\":\"Une autre histoire du monde est possible\"}]},{\"@type\":\"WebSite\",\"@id\":\"https:\\\/\\\/telemme.mmsh.fr\\\/#website\",\"url\":\"https:\\\/\\\/telemme.mmsh.fr\\\/\",\"name\":\"TELEMMe - Temps, espaces, langages, Europe m\u00e9ridionale, M\u00e9diterran\u00e9e\",\"description\":\"\",\"publisher\":{\"@id\":\"https:\\\/\\\/telemme.mmsh.fr\\\/#organization\"},\"potentialAction\":[{\"@type\":\"SearchAction\",\"target\":{\"@type\":\"EntryPoint\",\"urlTemplate\":\"https:\\\/\\\/telemme.mmsh.fr\\\/?s={search_term_string}\"},\"query-input\":{\"@type\":\"PropertyValueSpecification\",\"valueRequired\":true,\"valueName\":\"search_term_string\"}}],\"inLanguage\":\"fr-FR\"},{\"@type\":\"Organization\",\"@id\":\"https:\\\/\\\/telemme.mmsh.fr\\\/#organization\",\"name\":\"TELEMMe\",\"url\":\"https:\\\/\\\/telemme.mmsh.fr\\\/\",\"logo\":{\"@type\":\"ImageObject\",\"inLanguage\":\"fr-FR\",\"@id\":\"https:\\\/\\\/telemme.mmsh.fr\\\/#\\\/schema\\\/logo\\\/image\\\/\",\"url\":\"https:\\\/\\\/telemme.mmsh.fr\\\/wp-content\\\/uploads\\\/2020\\\/03\\\/LogoTELEMMe-horizontal-fond-transparent.png\",\"contentUrl\":\"https:\\\/\\\/telemme.mmsh.fr\\\/wp-content\\\/uploads\\\/2020\\\/03\\\/LogoTELEMMe-horizontal-fond-transparent.png\",\"width\":1500,\"height\":437,\"caption\":\"TELEMMe\"},\"image\":{\"@id\":\"https:\\\/\\\/telemme.mmsh.fr\\\/#\\\/schema\\\/logo\\\/image\\\/\"}}]}<\/script>\n<!-- \/ Yoast SEO plugin. -->","yoast_head_json":{"title":"Une autre histoire du monde est possible - TELEMMe - Temps, espaces, langages, Europe m\u00e9ridionale, M\u00e9diterran\u00e9e","robots":{"index":"index","follow":"follow","max-snippet":"max-snippet:-1","max-image-preview":"max-image-preview:large","max-video-preview":"max-video-preview:-1"},"canonical":"https:\/\/telemme.mmsh.fr\/?tribe_events=une-autre-histoire-du-monde-est-possible","og_locale":"fr_FR","og_type":"article","og_title":"Une autre histoire du monde est possible - TELEMMe - Temps, espaces, langages, Europe m\u00e9ridionale, M\u00e9diterran\u00e9e","og_description":"Comment \u00e9crire une histoire \u00e0 l\u2019\u00e9chelle de la plan\u00e8te ? Nagu\u00e8re nationale ou locale, l\u2019histoire ne doit-elle pas se hisser \u00e0 ce niveau pour \u00e9clairer les d\u00e9fis de notre monde&hellip;&nbsp;Lire la suite &raquo;Une autre histoire du monde est possible","og_url":"https:\/\/telemme.mmsh.fr\/?tribe_events=une-autre-histoire-du-monde-est-possible","og_site_name":"TELEMMe - Temps, espaces, langages, Europe m\u00e9ridionale, M\u00e9diterran\u00e9e","article_modified_time":"2024-02-08T07:59:49+00:00","og_image":[{"width":1773,"height":1434,"url":"https:\/\/telemme.mmsh.fr\/wp-content\/uploads\/2022\/01\/Anachroniques_Saison6_carre.jpg","type":"image\/jpeg"}],"twitter_card":"summary_large_image","twitter_misc":{"Dur\u00e9e de lecture estim\u00e9e":"1 minute"},"schema":{"@context":"https:\/\/schema.org","@graph":[{"@type":"WebPage","@id":"https:\/\/telemme.mmsh.fr\/?tribe_events=une-autre-histoire-du-monde-est-possible","url":"https:\/\/telemme.mmsh.fr\/?tribe_events=une-autre-histoire-du-monde-est-possible","name":"Une autre histoire du monde est possible - TELEMMe - Temps, espaces, langages, Europe m\u00e9ridionale, M\u00e9diterran\u00e9e","isPartOf":{"@id":"https:\/\/telemme.mmsh.fr\/#website"},"primaryImageOfPage":{"@id":"https:\/\/telemme.mmsh.fr\/?tribe_events=une-autre-histoire-du-monde-est-possible#primaryimage"},"image":{"@id":"https:\/\/telemme.mmsh.fr\/?tribe_events=une-autre-histoire-du-monde-est-possible#primaryimage"},"thumbnailUrl":"https:\/\/telemme.mmsh.fr\/wp-content\/uploads\/2022\/01\/Anachroniques_Saison6_carre.jpg","datePublished":"2024-02-06T07:48:53+00:00","dateModified":"2024-02-08T07:59:49+00:00","breadcrumb":{"@id":"https:\/\/telemme.mmsh.fr\/?tribe_events=une-autre-histoire-du-monde-est-possible#breadcrumb"},"inLanguage":"fr-FR","potentialAction":[{"@type":"ReadAction","target":["https:\/\/telemme.mmsh.fr\/?tribe_events=une-autre-histoire-du-monde-est-possible"]}]},{"@type":"ImageObject","inLanguage":"fr-FR","@id":"https:\/\/telemme.mmsh.fr\/?tribe_events=une-autre-histoire-du-monde-est-possible#primaryimage","url":"https:\/\/telemme.mmsh.fr\/wp-content\/uploads\/2022\/01\/Anachroniques_Saison6_carre.jpg","contentUrl":"https:\/\/telemme.mmsh.fr\/wp-content\/uploads\/2022\/01\/Anachroniques_Saison6_carre.jpg","width":1773,"height":1434,"caption":"Affiche du s\u00e9minaire Anachroniques, saison 6"},{"@type":"BreadcrumbList","@id":"https:\/\/telemme.mmsh.fr\/?tribe_events=une-autre-histoire-du-monde-est-possible#breadcrumb","itemListElement":[{"@type":"ListItem","position":1,"name":"Accueil","item":"https:\/\/telemme.mmsh.fr\/"},{"@type":"ListItem","position":2,"name":"\u00c9v\u00e8nements","item":"https:\/\/telemme.mmsh.fr\/?post_type=tribe_events"},{"@type":"ListItem","position":3,"name":"S\u00e9minaire interlaboratoire","item":"https:\/\/telemme.mmsh.fr\/?tribe_events_cat=seminaire-interlaboratoire"},{"@type":"ListItem","position":4,"name":"S\u00e9minaire \"Anachroniques\"","item":"https:\/\/telemme.mmsh.fr\/?tribe_events_cat=seminaire-anachroniques"},{"@type":"ListItem","position":5,"name":"Une autre histoire du monde est possible"}]},{"@type":"WebSite","@id":"https:\/\/telemme.mmsh.fr\/#website","url":"https:\/\/telemme.mmsh.fr\/","name":"TELEMMe - Temps, espaces, langages, Europe m\u00e9ridionale, M\u00e9diterran\u00e9e","description":"","publisher":{"@id":"https:\/\/telemme.mmsh.fr\/#organization"},"potentialAction":[{"@type":"SearchAction","target":{"@type":"EntryPoint","urlTemplate":"https:\/\/telemme.mmsh.fr\/?s={search_term_string}"},"query-input":{"@type":"PropertyValueSpecification","valueRequired":true,"valueName":"search_term_string"}}],"inLanguage":"fr-FR"},{"@type":"Organization","@id":"https:\/\/telemme.mmsh.fr\/#organization","name":"TELEMMe","url":"https:\/\/telemme.mmsh.fr\/","logo":{"@type":"ImageObject","inLanguage":"fr-FR","@id":"https:\/\/telemme.mmsh.fr\/#\/schema\/logo\/image\/","url":"https:\/\/telemme.mmsh.fr\/wp-content\/uploads\/2020\/03\/LogoTELEMMe-horizontal-fond-transparent.png","contentUrl":"https:\/\/telemme.mmsh.fr\/wp-content\/uploads\/2020\/03\/LogoTELEMMe-horizontal-fond-transparent.png","width":1500,"height":437,"caption":"TELEMMe"},"image":{"@id":"https:\/\/telemme.mmsh.fr\/#\/schema\/logo\/image\/"}}]}},"_links":{"self":[{"href":"https:\/\/telemme.mmsh.fr\/index.php?rest_route=\/wp\/v2\/tribe_events\/13939","targetHints":{"allow":["GET"]}}],"collection":[{"href":"https:\/\/telemme.mmsh.fr\/index.php?rest_route=\/wp\/v2\/tribe_events"}],"about":[{"href":"https:\/\/telemme.mmsh.fr\/index.php?rest_route=\/wp\/v2\/types\/tribe_events"}],"author":[{"embeddable":true,"href":"https:\/\/telemme.mmsh.fr\/index.php?rest_route=\/wp\/v2\/users\/6"}],"version-history":[{"count":1,"href":"https:\/\/telemme.mmsh.fr\/index.php?rest_route=\/wp\/v2\/tribe_events\/13939\/revisions"}],"predecessor-version":[{"id":13940,"href":"https:\/\/telemme.mmsh.fr\/index.php?rest_route=\/wp\/v2\/tribe_events\/13939\/revisions\/13940"}],"wp:featuredmedia":[{"embeddable":true,"href":"https:\/\/telemme.mmsh.fr\/index.php?rest_route=\/wp\/v2\/media\/10488"}],"wp:attachment":[{"href":"https:\/\/telemme.mmsh.fr\/index.php?rest_route=%2Fwp%2Fv2%2Fmedia&parent=13939"}],"wp:term":[{"taxonomy":"post_tag","embeddable":true,"href":"https:\/\/telemme.mmsh.fr\/index.php?rest_route=%2Fwp%2Fv2%2Ftags&post=13939"},{"taxonomy":"tribe_events_cat","embeddable":true,"href":"https:\/\/telemme.mmsh.fr\/index.php?rest_route=%2Fwp%2Fv2%2Ftribe_events_cat&post=13939"}],"curies":[{"name":"wp","href":"https:\/\/api.w.org\/{rel}","templated":true}]}}