{"id":13901,"date":"2024-01-29T15:24:10","date_gmt":"2024-01-29T14:24:10","guid":{"rendered":"https:\/\/telemme.mmsh.fr\/?post_type=tribe_events&#038;p=13901"},"modified":"2024-01-29T15:24:10","modified_gmt":"2024-01-29T14:24:10","slug":"memoire-et-traumatisme","status":"publish","type":"tribe_events","link":"https:\/\/telemme.mmsh.fr\/?tribe_events=memoire-et-traumatisme","title":{"rendered":"M\u00e9moire et traumatisme"},"content":{"rendered":"<p><strong>Journ\u00e9e d\u2019\u00e9tudes co-organis\u00e9e par le groupe \u00ab\u00a0Histoire de la sant\u00e9\u00a0\u00bb et le RTP M\u00e9moire (TELEMMe-AMU CNRS)<\/strong><\/p>\n<p>Devenu RTP (R\u00e9seau th\u00e9matique pluridisciplinaire) en 2023, le GDR M\u00e9moire, cr\u00e9\u00e9 en 2018 avec le soutien de l\u2019INSHS et de l\u2019INSB, regroupe divers laboratoires et \u00e9quipes de recherche travaillant la m\u00e9moire de mani\u00e8re interdisciplinaire, du point de vue des SHS, des \u00e9tudes litt\u00e9raires, de la psychologie cognitive, des neurosciences. Destin\u00e9 \u00e0 explorer \u00ab un objet commun au croisement du social et du cognitif \u00bb (Luciani, Souchay, 2023), le RTP M\u00e9moire est port\u00e9 au sein de l\u2019UMR TELEMMe par Isabelle Luciani, MCF en histoire moderne. La journ\u00e9e d\u2019\u00e9tudes <em>M\u00e9moire et traumatisme<\/em>, co-organis\u00e9e avec le groupe \u00ab\u00a0Histoire de la sant\u00e9\u00a0\u00bb, est destin\u00e9e \u00e0 donner une visibilit\u00e9 aux travaux men\u00e9s au sein du laboratoire sur cette question.<\/p>\n<p><a href=\"https:\/\/telemme.mmsh.fr\/?evenement=memoire-et-traumatisme\"><strong>Programme complet<\/strong><\/a><\/p>\n","protected":false},"excerpt":{"rendered":"<p>Journ\u00e9e d\u2019\u00e9tudes co-organis\u00e9e par le groupe \u00ab\u00a0Histoire de la sant\u00e9\u00a0\u00bb et le RTP M\u00e9moire (TELEMMe-AMU CNRS) Devenu RTP (R\u00e9seau th\u00e9matique pluridisciplinaire) en 2023, le GDR M\u00e9moire, cr\u00e9\u00e9 en 2018 avec&hellip;&nbsp;<a href=\"https:\/\/telemme.mmsh.fr\/?tribe_events=memoire-et-traumatisme\" rel=\"bookmark\">Lire la suite &raquo;<span class=\"screen-reader-text\">M\u00e9moire et traumatisme<\/span><\/a><\/p>\n","protected":false},"author":6,"featured_media":13904,"template":"","meta":{"neve_meta_sidebar":"","neve_meta_container":"","neve_meta_enable_content_width":"","neve_meta_content_width":0,"neve_meta_title_alignment":"","neve_meta_author_avatar":"","neve_post_elements_order":"","neve_meta_disable_header":"","neve_meta_disable_footer":"","neve_meta_disable_title":"","_tribe_events_status":"","_tribe_events_status_reason":"","footnotes":""},"tags":[2765,2766],"tribe_events_cat":[1823],"class_list":["post-13901","tribe_events","type-tribe_events","status-publish","has-post-thumbnail","hentry","tag-histoire-de-la-sante","tag-rtp-memoire","tribe_events_cat-journee-detudes","cat_journee-detudes"],"yoast_head":"<!-- This site is optimized with the Yoast SEO plugin v27.4 - https:\/\/yoast.com\/product\/yoast-seo-wordpress\/ -->\n<title>M\u00e9moire et traumatisme - TELEMMe - Temps, espaces, langages, Europe m\u00e9ridionale, M\u00e9diterran\u00e9e<\/title>\n<meta name=\"robots\" content=\"index, follow, max-snippet:-1, max-image-preview:large, max-video-preview:-1\" \/>\n<link rel=\"canonical\" href=\"https:\/\/telemme.mmsh.fr\/?tribe_events=memoire-et-traumatisme\" \/>\n<meta property=\"og:locale\" content=\"fr_FR\" \/>\n<meta property=\"og:type\" content=\"article\" \/>\n<meta property=\"og:title\" content=\"M\u00e9moire et traumatisme - TELEMMe - Temps, espaces, langages, Europe m\u00e9ridionale, M\u00e9diterran\u00e9e\" \/>\n<meta property=\"og:description\" content=\"Journ\u00e9e d\u2019\u00e9tudes co-organis\u00e9e par le groupe \u00ab\u00a0Histoire de la sant\u00e9\u00a0\u00bb et le RTP M\u00e9moire (TELEMMe-AMU CNRS) Devenu RTP (R\u00e9seau th\u00e9matique pluridisciplinaire) en 2023, le GDR M\u00e9moire, cr\u00e9\u00e9 en 2018 avec&hellip;&nbsp;Lire la suite &raquo;M\u00e9moire et traumatisme\" \/>\n<meta property=\"og:url\" content=\"https:\/\/telemme.mmsh.fr\/?tribe_events=memoire-et-traumatisme\" \/>\n<meta property=\"og:site_name\" content=\"TELEMMe - Temps, espaces, langages, Europe m\u00e9ridionale, M\u00e9diterran\u00e9e\" \/>\n<meta property=\"og:image\" content=\"https:\/\/telemme.mmsh.fr\/wp-content\/uploads\/2024\/01\/Delacroix_MassacresDeScio.jpg\" \/>\n\t<meta property=\"og:image:width\" content=\"1024\" \/>\n\t<meta property=\"og:image:height\" content=\"1197\" \/>\n\t<meta property=\"og:image:type\" content=\"image\/jpeg\" \/>\n<meta name=\"twitter:card\" content=\"summary_large_image\" \/>\n<meta name=\"twitter:label1\" content=\"Dur\u00e9e de lecture estim\u00e9e\" \/>\n\t<meta name=\"twitter:data1\" content=\"1 minute\" \/>\n<script type=\"application\/ld+json\" class=\"yoast-schema-graph\">{\"@context\":\"https:\\\/\\\/schema.org\",\"@graph\":[{\"@type\":\"WebPage\",\"@id\":\"https:\\\/\\\/telemme.mmsh.fr\\\/?tribe_events=memoire-et-traumatisme\",\"url\":\"https:\\\/\\\/telemme.mmsh.fr\\\/?tribe_events=memoire-et-traumatisme\",\"name\":\"M\u00e9moire et traumatisme - TELEMMe - Temps, espaces, langages, Europe m\u00e9ridionale, M\u00e9diterran\u00e9e\",\"isPartOf\":{\"@id\":\"https:\\\/\\\/telemme.mmsh.fr\\\/#website\"},\"primaryImageOfPage\":{\"@id\":\"https:\\\/\\\/telemme.mmsh.fr\\\/?tribe_events=memoire-et-traumatisme#primaryimage\"},\"image\":{\"@id\":\"https:\\\/\\\/telemme.mmsh.fr\\\/?tribe_events=memoire-et-traumatisme#primaryimage\"},\"thumbnailUrl\":\"https:\\\/\\\/telemme.mmsh.fr\\\/wp-content\\\/uploads\\\/2024\\\/01\\\/Delacroix_MassacresDeScio.jpg\",\"datePublished\":\"2024-01-29T14:24:10+00:00\",\"breadcrumb\":{\"@id\":\"https:\\\/\\\/telemme.mmsh.fr\\\/?tribe_events=memoire-et-traumatisme#breadcrumb\"},\"inLanguage\":\"fr-FR\",\"potentialAction\":[{\"@type\":\"ReadAction\",\"target\":[\"https:\\\/\\\/telemme.mmsh.fr\\\/?tribe_events=memoire-et-traumatisme\"]}]},{\"@type\":\"ImageObject\",\"inLanguage\":\"fr-FR\",\"@id\":\"https:\\\/\\\/telemme.mmsh.fr\\\/?tribe_events=memoire-et-traumatisme#primaryimage\",\"url\":\"https:\\\/\\\/telemme.mmsh.fr\\\/wp-content\\\/uploads\\\/2024\\\/01\\\/Delacroix_MassacresDeScio.jpg\",\"contentUrl\":\"https:\\\/\\\/telemme.mmsh.fr\\\/wp-content\\\/uploads\\\/2024\\\/01\\\/Delacroix_MassacresDeScio.jpg\",\"width\":1024,\"height\":1197,\"caption\":\"Eug\u00e8ne Delacroix, Massacres de Scio, 1824, 419 \u00d7 354 cm, Mus\u00e9e du Louvre, Domaine public\"},{\"@type\":\"BreadcrumbList\",\"@id\":\"https:\\\/\\\/telemme.mmsh.fr\\\/?tribe_events=memoire-et-traumatisme#breadcrumb\",\"itemListElement\":[{\"@type\":\"ListItem\",\"position\":1,\"name\":\"Accueil\",\"item\":\"https:\\\/\\\/telemme.mmsh.fr\\\/\"},{\"@type\":\"ListItem\",\"position\":2,\"name\":\"\u00c9v\u00e8nements\",\"item\":\"https:\\\/\\\/telemme.mmsh.fr\\\/?post_type=tribe_events\"},{\"@type\":\"ListItem\",\"position\":3,\"name\":\"Journ\u00e9e d'\u00e9tudes\",\"item\":\"https:\\\/\\\/telemme.mmsh.fr\\\/?tribe_events_cat=journee-detudes\"},{\"@type\":\"ListItem\",\"position\":4,\"name\":\"M\u00e9moire et traumatisme\"}]},{\"@type\":\"WebSite\",\"@id\":\"https:\\\/\\\/telemme.mmsh.fr\\\/#website\",\"url\":\"https:\\\/\\\/telemme.mmsh.fr\\\/\",\"name\":\"TELEMMe - Temps, espaces, langages, Europe m\u00e9ridionale, M\u00e9diterran\u00e9e\",\"description\":\"\",\"publisher\":{\"@id\":\"https:\\\/\\\/telemme.mmsh.fr\\\/#organization\"},\"potentialAction\":[{\"@type\":\"SearchAction\",\"target\":{\"@type\":\"EntryPoint\",\"urlTemplate\":\"https:\\\/\\\/telemme.mmsh.fr\\\/?s={search_term_string}\"},\"query-input\":{\"@type\":\"PropertyValueSpecification\",\"valueRequired\":true,\"valueName\":\"search_term_string\"}}],\"inLanguage\":\"fr-FR\"},{\"@type\":\"Organization\",\"@id\":\"https:\\\/\\\/telemme.mmsh.fr\\\/#organization\",\"name\":\"TELEMMe\",\"url\":\"https:\\\/\\\/telemme.mmsh.fr\\\/\",\"logo\":{\"@type\":\"ImageObject\",\"inLanguage\":\"fr-FR\",\"@id\":\"https:\\\/\\\/telemme.mmsh.fr\\\/#\\\/schema\\\/logo\\\/image\\\/\",\"url\":\"https:\\\/\\\/telemme.mmsh.fr\\\/wp-content\\\/uploads\\\/2020\\\/03\\\/LogoTELEMMe-horizontal-fond-transparent.png\",\"contentUrl\":\"https:\\\/\\\/telemme.mmsh.fr\\\/wp-content\\\/uploads\\\/2020\\\/03\\\/LogoTELEMMe-horizontal-fond-transparent.png\",\"width\":1500,\"height\":437,\"caption\":\"TELEMMe\"},\"image\":{\"@id\":\"https:\\\/\\\/telemme.mmsh.fr\\\/#\\\/schema\\\/logo\\\/image\\\/\"}}]}<\/script>\n<!-- \/ Yoast SEO plugin. -->","yoast_head_json":{"title":"M\u00e9moire et traumatisme - TELEMMe - Temps, espaces, langages, Europe m\u00e9ridionale, M\u00e9diterran\u00e9e","robots":{"index":"index","follow":"follow","max-snippet":"max-snippet:-1","max-image-preview":"max-image-preview:large","max-video-preview":"max-video-preview:-1"},"canonical":"https:\/\/telemme.mmsh.fr\/?tribe_events=memoire-et-traumatisme","og_locale":"fr_FR","og_type":"article","og_title":"M\u00e9moire et traumatisme - TELEMMe - Temps, espaces, langages, Europe m\u00e9ridionale, M\u00e9diterran\u00e9e","og_description":"Journ\u00e9e d\u2019\u00e9tudes co-organis\u00e9e par le groupe \u00ab\u00a0Histoire de la sant\u00e9\u00a0\u00bb et le RTP M\u00e9moire (TELEMMe-AMU CNRS) Devenu RTP (R\u00e9seau th\u00e9matique pluridisciplinaire) en 2023, le GDR M\u00e9moire, cr\u00e9\u00e9 en 2018 avec&hellip;&nbsp;Lire la suite &raquo;M\u00e9moire et traumatisme","og_url":"https:\/\/telemme.mmsh.fr\/?tribe_events=memoire-et-traumatisme","og_site_name":"TELEMMe - Temps, espaces, langages, Europe m\u00e9ridionale, M\u00e9diterran\u00e9e","og_image":[{"width":1024,"height":1197,"url":"https:\/\/telemme.mmsh.fr\/wp-content\/uploads\/2024\/01\/Delacroix_MassacresDeScio.jpg","type":"image\/jpeg"}],"twitter_card":"summary_large_image","twitter_misc":{"Dur\u00e9e de lecture estim\u00e9e":"1 minute"},"schema":{"@context":"https:\/\/schema.org","@graph":[{"@type":"WebPage","@id":"https:\/\/telemme.mmsh.fr\/?tribe_events=memoire-et-traumatisme","url":"https:\/\/telemme.mmsh.fr\/?tribe_events=memoire-et-traumatisme","name":"M\u00e9moire et traumatisme - TELEMMe - Temps, espaces, langages, Europe m\u00e9ridionale, M\u00e9diterran\u00e9e","isPartOf":{"@id":"https:\/\/telemme.mmsh.fr\/#website"},"primaryImageOfPage":{"@id":"https:\/\/telemme.mmsh.fr\/?tribe_events=memoire-et-traumatisme#primaryimage"},"image":{"@id":"https:\/\/telemme.mmsh.fr\/?tribe_events=memoire-et-traumatisme#primaryimage"},"thumbnailUrl":"https:\/\/telemme.mmsh.fr\/wp-content\/uploads\/2024\/01\/Delacroix_MassacresDeScio.jpg","datePublished":"2024-01-29T14:24:10+00:00","breadcrumb":{"@id":"https:\/\/telemme.mmsh.fr\/?tribe_events=memoire-et-traumatisme#breadcrumb"},"inLanguage":"fr-FR","potentialAction":[{"@type":"ReadAction","target":["https:\/\/telemme.mmsh.fr\/?tribe_events=memoire-et-traumatisme"]}]},{"@type":"ImageObject","inLanguage":"fr-FR","@id":"https:\/\/telemme.mmsh.fr\/?tribe_events=memoire-et-traumatisme#primaryimage","url":"https:\/\/telemme.mmsh.fr\/wp-content\/uploads\/2024\/01\/Delacroix_MassacresDeScio.jpg","contentUrl":"https:\/\/telemme.mmsh.fr\/wp-content\/uploads\/2024\/01\/Delacroix_MassacresDeScio.jpg","width":1024,"height":1197,"caption":"Eug\u00e8ne Delacroix, Massacres de Scio, 1824, 419 \u00d7 354 cm, Mus\u00e9e du Louvre, Domaine public"},{"@type":"BreadcrumbList","@id":"https:\/\/telemme.mmsh.fr\/?tribe_events=memoire-et-traumatisme#breadcrumb","itemListElement":[{"@type":"ListItem","position":1,"name":"Accueil","item":"https:\/\/telemme.mmsh.fr\/"},{"@type":"ListItem","position":2,"name":"\u00c9v\u00e8nements","item":"https:\/\/telemme.mmsh.fr\/?post_type=tribe_events"},{"@type":"ListItem","position":3,"name":"Journ\u00e9e d'\u00e9tudes","item":"https:\/\/telemme.mmsh.fr\/?tribe_events_cat=journee-detudes"},{"@type":"ListItem","position":4,"name":"M\u00e9moire et traumatisme"}]},{"@type":"WebSite","@id":"https:\/\/telemme.mmsh.fr\/#website","url":"https:\/\/telemme.mmsh.fr\/","name":"TELEMMe - Temps, espaces, langages, Europe m\u00e9ridionale, M\u00e9diterran\u00e9e","description":"","publisher":{"@id":"https:\/\/telemme.mmsh.fr\/#organization"},"potentialAction":[{"@type":"SearchAction","target":{"@type":"EntryPoint","urlTemplate":"https:\/\/telemme.mmsh.fr\/?s={search_term_string}"},"query-input":{"@type":"PropertyValueSpecification","valueRequired":true,"valueName":"search_term_string"}}],"inLanguage":"fr-FR"},{"@type":"Organization","@id":"https:\/\/telemme.mmsh.fr\/#organization","name":"TELEMMe","url":"https:\/\/telemme.mmsh.fr\/","logo":{"@type":"ImageObject","inLanguage":"fr-FR","@id":"https:\/\/telemme.mmsh.fr\/#\/schema\/logo\/image\/","url":"https:\/\/telemme.mmsh.fr\/wp-content\/uploads\/2020\/03\/LogoTELEMMe-horizontal-fond-transparent.png","contentUrl":"https:\/\/telemme.mmsh.fr\/wp-content\/uploads\/2020\/03\/LogoTELEMMe-horizontal-fond-transparent.png","width":1500,"height":437,"caption":"TELEMMe"},"image":{"@id":"https:\/\/telemme.mmsh.fr\/#\/schema\/logo\/image\/"}}]}},"_links":{"self":[{"href":"https:\/\/telemme.mmsh.fr\/index.php?rest_route=\/wp\/v2\/tribe_events\/13901","targetHints":{"allow":["GET"]}}],"collection":[{"href":"https:\/\/telemme.mmsh.fr\/index.php?rest_route=\/wp\/v2\/tribe_events"}],"about":[{"href":"https:\/\/telemme.mmsh.fr\/index.php?rest_route=\/wp\/v2\/types\/tribe_events"}],"author":[{"embeddable":true,"href":"https:\/\/telemme.mmsh.fr\/index.php?rest_route=\/wp\/v2\/users\/6"}],"version-history":[{"count":2,"href":"https:\/\/telemme.mmsh.fr\/index.php?rest_route=\/wp\/v2\/tribe_events\/13901\/revisions"}],"predecessor-version":[{"id":13905,"href":"https:\/\/telemme.mmsh.fr\/index.php?rest_route=\/wp\/v2\/tribe_events\/13901\/revisions\/13905"}],"wp:featuredmedia":[{"embeddable":true,"href":"https:\/\/telemme.mmsh.fr\/index.php?rest_route=\/wp\/v2\/media\/13904"}],"wp:attachment":[{"href":"https:\/\/telemme.mmsh.fr\/index.php?rest_route=%2Fwp%2Fv2%2Fmedia&parent=13901"}],"wp:term":[{"taxonomy":"post_tag","embeddable":true,"href":"https:\/\/telemme.mmsh.fr\/index.php?rest_route=%2Fwp%2Fv2%2Ftags&post=13901"},{"taxonomy":"tribe_events_cat","embeddable":true,"href":"https:\/\/telemme.mmsh.fr\/index.php?rest_route=%2Fwp%2Fv2%2Ftribe_events_cat&post=13901"}],"curies":[{"name":"wp","href":"https:\/\/api.w.org\/{rel}","templated":true}]}}