{"id":13864,"date":"2024-01-18T15:30:33","date_gmt":"2024-01-18T14:30:33","guid":{"rendered":"https:\/\/telemme.mmsh.fr\/?post_type=tribe_events&#038;p=13864"},"modified":"2024-03-20T10:50:34","modified_gmt":"2024-03-20T09:50:34","slug":"collections-et-collectionneurs-dobjets-extra-occidentaux-en-mediterranee","status":"publish","type":"tribe_events","link":"https:\/\/telemme.mmsh.fr\/?tribe_events=collections-et-collectionneurs-dobjets-extra-occidentaux-en-mediterranee","title":{"rendered":"Collections et collectionneurs d\u2019objets extra-occidentaux en M\u00e9diterran\u00e9e"},"content":{"rendered":"<p>L\u2019int\u00e9r\u00eat pour les collections extra-occidentales connait depuis plusieurs ann\u00e9es un regain incontestable, \u00e0 la fois des scientifiques mais aussi du grand public. Si les probl\u00e9matiques sont nombreuses, certaines ont \u00e9t\u00e9 mises en avant par une m\u00e9diatisation nationale voire europ\u00e9enne.<\/p>\n<p>L\u2019objectif de cette journ\u00e9e d\u2019\u00e9tude n\u2019est pas de s\u2019inscrire dans cet axe, mais au contraire de poser les bases d\u2019une r\u00e9flexion pluridisciplinaire dont le p\u00e9rim\u00e8tre g\u00e9ographique a \u00e9t\u00e9 volontairement d\u00e9limit\u00e9 \u00e0 la M\u00e9diterran\u00e9e.<\/p>\n<p>Il ne s\u2019agit donc pas ici d\u2019aborder tous les sujets, mais d\u2019enrichir notre r\u00e9flexion commune \u00e0 partir de la probl\u00e9matique centrale, donc incontournable, des collections et des collectionneurs d\u2019objets extra-europ\u00e9ens en M\u00e9diterran\u00e9e et de f\u00e9d\u00e9rer les savoirs et comp\u00e9tences.<\/p>\n<p>De cette mise en commun permettra d\u2019\u00e9laborer la structuration du pr\u00e9-programme qui pr\u00e9vaudra \u00e0 l\u2019organisation d\u2019un colloque en 2025.<\/p>\n<p><strong>Partenaires :<\/strong><\/p>\n<p>\u00c9cole Sup\u00e9rieure d\u2019Art d\u2019Avignon<\/p>\n<p>Fondation Calvet<\/p>\n<p>Universit\u00e9 d\u2019Avignon<\/p>\n<p>&nbsp;<\/p>\n<p>Journ\u00e9e d\u2019\u00e9tude, introduction au colloque international de 2025 (avril)\u00a0: 9 avril 2024<\/p>\n<p>&nbsp;<\/p>\n<p><strong>Porteurs du projet\u00a0:<\/strong><\/p>\n<p>Nathalie Bertrand, MCF, AMU, Cnrs TELEMMe<\/p>\n<p>Ville d\u2019Avignon \u2013 Avignon Mus\u00e9es<\/p>\n<p>Benoit Martin charg\u00e9 des collections, Mus\u00e9e Calvet, Avignon<\/p>\n<p><a href=\"https:\/\/telemme.mmsh.fr\/?evenement=collections-et-collectionneurs-d-objets-extra-occidentaux-en-mediterranee\"><strong>Programme<\/strong><\/a><\/p>\n","protected":false},"excerpt":{"rendered":"<p>L\u2019int\u00e9r\u00eat pour les collections extra-occidentales connait depuis plusieurs ann\u00e9es un regain incontestable, \u00e0 la fois des scientifiques mais aussi du grand public. Si les probl\u00e9matiques sont nombreuses, certaines ont \u00e9t\u00e9&hellip;&nbsp;<a href=\"https:\/\/telemme.mmsh.fr\/?tribe_events=collections-et-collectionneurs-dobjets-extra-occidentaux-en-mediterranee\" rel=\"bookmark\">Lire la suite &raquo;<span class=\"screen-reader-text\">Collections et collectionneurs d\u2019objets extra-occidentaux en M\u00e9diterran\u00e9e<\/span><\/a><\/p>\n","protected":false},"author":175,"featured_media":14111,"template":"","meta":{"neve_meta_sidebar":"","neve_meta_container":"","neve_meta_enable_content_width":"","neve_meta_content_width":0,"neve_meta_title_alignment":"","neve_meta_author_avatar":"","neve_post_elements_order":"","neve_meta_disable_header":"","neve_meta_disable_footer":"","neve_meta_disable_title":"","_tribe_events_status":"","_tribe_events_status_reason":"","footnotes":""},"tags":[],"tribe_events_cat":[1823],"class_list":["post-13864","tribe_events","type-tribe_events","status-publish","has-post-thumbnail","hentry","tribe_events_cat-journee-detudes","cat_journee-detudes"],"yoast_head":"<!-- This site is optimized with the Yoast SEO plugin v27.4 - https:\/\/yoast.com\/product\/yoast-seo-wordpress\/ -->\n<title>Collections et collectionneurs d\u2019objets extra-occidentaux en M\u00e9diterran\u00e9e - TELEMMe - Temps, espaces, langages, Europe m\u00e9ridionale, M\u00e9diterran\u00e9e<\/title>\n<meta name=\"robots\" content=\"index, follow, max-snippet:-1, max-image-preview:large, max-video-preview:-1\" \/>\n<link rel=\"canonical\" href=\"https:\/\/telemme.mmsh.fr\/?tribe_events=collections-et-collectionneurs-dobjets-extra-occidentaux-en-mediterranee\" \/>\n<meta property=\"og:locale\" content=\"fr_FR\" \/>\n<meta property=\"og:type\" content=\"article\" \/>\n<meta property=\"og:title\" content=\"Collections et collectionneurs d\u2019objets extra-occidentaux en M\u00e9diterran\u00e9e - TELEMMe - Temps, espaces, langages, Europe m\u00e9ridionale, M\u00e9diterran\u00e9e\" \/>\n<meta property=\"og:description\" content=\"L\u2019int\u00e9r\u00eat pour les collections extra-occidentales connait depuis plusieurs ann\u00e9es un regain incontestable, \u00e0 la fois des scientifiques mais aussi du grand public. Si les probl\u00e9matiques sont nombreuses, certaines ont \u00e9t\u00e9&hellip;&nbsp;Lire la suite &raquo;Collections et collectionneurs d\u2019objets extra-occidentaux en M\u00e9diterran\u00e9e\" \/>\n<meta property=\"og:url\" content=\"https:\/\/telemme.mmsh.fr\/?tribe_events=collections-et-collectionneurs-dobjets-extra-occidentaux-en-mediterranee\" \/>\n<meta property=\"og:site_name\" content=\"TELEMMe - Temps, espaces, langages, Europe m\u00e9ridionale, M\u00e9diterran\u00e9e\" \/>\n<meta property=\"article:modified_time\" content=\"2024-03-20T09:50:34+00:00\" \/>\n<meta property=\"og:image\" content=\"https:\/\/telemme.mmsh.fr\/wp-content\/uploads\/2024\/03\/affiche_DEF-scaled.jpg\" \/>\n\t<meta property=\"og:image:width\" content=\"1707\" \/>\n\t<meta property=\"og:image:height\" content=\"2560\" \/>\n\t<meta property=\"og:image:type\" content=\"image\/jpeg\" \/>\n<meta name=\"twitter:card\" content=\"summary_large_image\" \/>\n<meta name=\"twitter:label1\" content=\"Dur\u00e9e de lecture estim\u00e9e\" \/>\n\t<meta name=\"twitter:data1\" content=\"1 minute\" \/>\n<script type=\"application\/ld+json\" class=\"yoast-schema-graph\">{\"@context\":\"https:\\\/\\\/schema.org\",\"@graph\":[{\"@type\":\"WebPage\",\"@id\":\"https:\\\/\\\/telemme.mmsh.fr\\\/?tribe_events=collections-et-collectionneurs-dobjets-extra-occidentaux-en-mediterranee\",\"url\":\"https:\\\/\\\/telemme.mmsh.fr\\\/?tribe_events=collections-et-collectionneurs-dobjets-extra-occidentaux-en-mediterranee\",\"name\":\"Collections et collectionneurs d\u2019objets extra-occidentaux en M\u00e9diterran\u00e9e - TELEMMe - Temps, espaces, langages, Europe m\u00e9ridionale, M\u00e9diterran\u00e9e\",\"isPartOf\":{\"@id\":\"https:\\\/\\\/telemme.mmsh.fr\\\/#website\"},\"primaryImageOfPage\":{\"@id\":\"https:\\\/\\\/telemme.mmsh.fr\\\/?tribe_events=collections-et-collectionneurs-dobjets-extra-occidentaux-en-mediterranee#primaryimage\"},\"image\":{\"@id\":\"https:\\\/\\\/telemme.mmsh.fr\\\/?tribe_events=collections-et-collectionneurs-dobjets-extra-occidentaux-en-mediterranee#primaryimage\"},\"thumbnailUrl\":\"https:\\\/\\\/telemme.mmsh.fr\\\/wp-content\\\/uploads\\\/2024\\\/03\\\/affiche_DEF-scaled.jpg\",\"datePublished\":\"2024-01-18T14:30:33+00:00\",\"dateModified\":\"2024-03-20T09:50:34+00:00\",\"breadcrumb\":{\"@id\":\"https:\\\/\\\/telemme.mmsh.fr\\\/?tribe_events=collections-et-collectionneurs-dobjets-extra-occidentaux-en-mediterranee#breadcrumb\"},\"inLanguage\":\"fr-FR\",\"potentialAction\":[{\"@type\":\"ReadAction\",\"target\":[\"https:\\\/\\\/telemme.mmsh.fr\\\/?tribe_events=collections-et-collectionneurs-dobjets-extra-occidentaux-en-mediterranee\"]}]},{\"@type\":\"ImageObject\",\"inLanguage\":\"fr-FR\",\"@id\":\"https:\\\/\\\/telemme.mmsh.fr\\\/?tribe_events=collections-et-collectionneurs-dobjets-extra-occidentaux-en-mediterranee#primaryimage\",\"url\":\"https:\\\/\\\/telemme.mmsh.fr\\\/wp-content\\\/uploads\\\/2024\\\/03\\\/affiche_DEF-scaled.jpg\",\"contentUrl\":\"https:\\\/\\\/telemme.mmsh.fr\\\/wp-content\\\/uploads\\\/2024\\\/03\\\/affiche_DEF-scaled.jpg\",\"width\":1707,\"height\":2560},{\"@type\":\"BreadcrumbList\",\"@id\":\"https:\\\/\\\/telemme.mmsh.fr\\\/?tribe_events=collections-et-collectionneurs-dobjets-extra-occidentaux-en-mediterranee#breadcrumb\",\"itemListElement\":[{\"@type\":\"ListItem\",\"position\":1,\"name\":\"Accueil\",\"item\":\"https:\\\/\\\/telemme.mmsh.fr\\\/\"},{\"@type\":\"ListItem\",\"position\":2,\"name\":\"\u00c9v\u00e8nements\",\"item\":\"https:\\\/\\\/telemme.mmsh.fr\\\/?post_type=tribe_events\"},{\"@type\":\"ListItem\",\"position\":3,\"name\":\"Journ\u00e9e d'\u00e9tudes\",\"item\":\"https:\\\/\\\/telemme.mmsh.fr\\\/?tribe_events_cat=journee-detudes\"},{\"@type\":\"ListItem\",\"position\":4,\"name\":\"Collections et collectionneurs d\u2019objets extra-occidentaux en M\u00e9diterran\u00e9e\"}]},{\"@type\":\"WebSite\",\"@id\":\"https:\\\/\\\/telemme.mmsh.fr\\\/#website\",\"url\":\"https:\\\/\\\/telemme.mmsh.fr\\\/\",\"name\":\"TELEMMe - Temps, espaces, langages, Europe m\u00e9ridionale, M\u00e9diterran\u00e9e\",\"description\":\"\",\"publisher\":{\"@id\":\"https:\\\/\\\/telemme.mmsh.fr\\\/#organization\"},\"potentialAction\":[{\"@type\":\"SearchAction\",\"target\":{\"@type\":\"EntryPoint\",\"urlTemplate\":\"https:\\\/\\\/telemme.mmsh.fr\\\/?s={search_term_string}\"},\"query-input\":{\"@type\":\"PropertyValueSpecification\",\"valueRequired\":true,\"valueName\":\"search_term_string\"}}],\"inLanguage\":\"fr-FR\"},{\"@type\":\"Organization\",\"@id\":\"https:\\\/\\\/telemme.mmsh.fr\\\/#organization\",\"name\":\"TELEMMe\",\"url\":\"https:\\\/\\\/telemme.mmsh.fr\\\/\",\"logo\":{\"@type\":\"ImageObject\",\"inLanguage\":\"fr-FR\",\"@id\":\"https:\\\/\\\/telemme.mmsh.fr\\\/#\\\/schema\\\/logo\\\/image\\\/\",\"url\":\"https:\\\/\\\/telemme.mmsh.fr\\\/wp-content\\\/uploads\\\/2020\\\/03\\\/LogoTELEMMe-horizontal-fond-transparent.png\",\"contentUrl\":\"https:\\\/\\\/telemme.mmsh.fr\\\/wp-content\\\/uploads\\\/2020\\\/03\\\/LogoTELEMMe-horizontal-fond-transparent.png\",\"width\":1500,\"height\":437,\"caption\":\"TELEMMe\"},\"image\":{\"@id\":\"https:\\\/\\\/telemme.mmsh.fr\\\/#\\\/schema\\\/logo\\\/image\\\/\"}}]}<\/script>\n<!-- \/ Yoast SEO plugin. -->","yoast_head_json":{"title":"Collections et collectionneurs d\u2019objets extra-occidentaux en M\u00e9diterran\u00e9e - TELEMMe - Temps, espaces, langages, Europe m\u00e9ridionale, M\u00e9diterran\u00e9e","robots":{"index":"index","follow":"follow","max-snippet":"max-snippet:-1","max-image-preview":"max-image-preview:large","max-video-preview":"max-video-preview:-1"},"canonical":"https:\/\/telemme.mmsh.fr\/?tribe_events=collections-et-collectionneurs-dobjets-extra-occidentaux-en-mediterranee","og_locale":"fr_FR","og_type":"article","og_title":"Collections et collectionneurs d\u2019objets extra-occidentaux en M\u00e9diterran\u00e9e - TELEMMe - Temps, espaces, langages, Europe m\u00e9ridionale, M\u00e9diterran\u00e9e","og_description":"L\u2019int\u00e9r\u00eat pour les collections extra-occidentales connait depuis plusieurs ann\u00e9es un regain incontestable, \u00e0 la fois des scientifiques mais aussi du grand public. Si les probl\u00e9matiques sont nombreuses, certaines ont \u00e9t\u00e9&hellip;&nbsp;Lire la suite &raquo;Collections et collectionneurs d\u2019objets extra-occidentaux en M\u00e9diterran\u00e9e","og_url":"https:\/\/telemme.mmsh.fr\/?tribe_events=collections-et-collectionneurs-dobjets-extra-occidentaux-en-mediterranee","og_site_name":"TELEMMe - Temps, espaces, langages, Europe m\u00e9ridionale, M\u00e9diterran\u00e9e","article_modified_time":"2024-03-20T09:50:34+00:00","og_image":[{"width":1707,"height":2560,"url":"https:\/\/telemme.mmsh.fr\/wp-content\/uploads\/2024\/03\/affiche_DEF-scaled.jpg","type":"image\/jpeg"}],"twitter_card":"summary_large_image","twitter_misc":{"Dur\u00e9e de lecture estim\u00e9e":"1 minute"},"schema":{"@context":"https:\/\/schema.org","@graph":[{"@type":"WebPage","@id":"https:\/\/telemme.mmsh.fr\/?tribe_events=collections-et-collectionneurs-dobjets-extra-occidentaux-en-mediterranee","url":"https:\/\/telemme.mmsh.fr\/?tribe_events=collections-et-collectionneurs-dobjets-extra-occidentaux-en-mediterranee","name":"Collections et collectionneurs d\u2019objets extra-occidentaux en M\u00e9diterran\u00e9e - TELEMMe - Temps, espaces, langages, Europe m\u00e9ridionale, M\u00e9diterran\u00e9e","isPartOf":{"@id":"https:\/\/telemme.mmsh.fr\/#website"},"primaryImageOfPage":{"@id":"https:\/\/telemme.mmsh.fr\/?tribe_events=collections-et-collectionneurs-dobjets-extra-occidentaux-en-mediterranee#primaryimage"},"image":{"@id":"https:\/\/telemme.mmsh.fr\/?tribe_events=collections-et-collectionneurs-dobjets-extra-occidentaux-en-mediterranee#primaryimage"},"thumbnailUrl":"https:\/\/telemme.mmsh.fr\/wp-content\/uploads\/2024\/03\/affiche_DEF-scaled.jpg","datePublished":"2024-01-18T14:30:33+00:00","dateModified":"2024-03-20T09:50:34+00:00","breadcrumb":{"@id":"https:\/\/telemme.mmsh.fr\/?tribe_events=collections-et-collectionneurs-dobjets-extra-occidentaux-en-mediterranee#breadcrumb"},"inLanguage":"fr-FR","potentialAction":[{"@type":"ReadAction","target":["https:\/\/telemme.mmsh.fr\/?tribe_events=collections-et-collectionneurs-dobjets-extra-occidentaux-en-mediterranee"]}]},{"@type":"ImageObject","inLanguage":"fr-FR","@id":"https:\/\/telemme.mmsh.fr\/?tribe_events=collections-et-collectionneurs-dobjets-extra-occidentaux-en-mediterranee#primaryimage","url":"https:\/\/telemme.mmsh.fr\/wp-content\/uploads\/2024\/03\/affiche_DEF-scaled.jpg","contentUrl":"https:\/\/telemme.mmsh.fr\/wp-content\/uploads\/2024\/03\/affiche_DEF-scaled.jpg","width":1707,"height":2560},{"@type":"BreadcrumbList","@id":"https:\/\/telemme.mmsh.fr\/?tribe_events=collections-et-collectionneurs-dobjets-extra-occidentaux-en-mediterranee#breadcrumb","itemListElement":[{"@type":"ListItem","position":1,"name":"Accueil","item":"https:\/\/telemme.mmsh.fr\/"},{"@type":"ListItem","position":2,"name":"\u00c9v\u00e8nements","item":"https:\/\/telemme.mmsh.fr\/?post_type=tribe_events"},{"@type":"ListItem","position":3,"name":"Journ\u00e9e d'\u00e9tudes","item":"https:\/\/telemme.mmsh.fr\/?tribe_events_cat=journee-detudes"},{"@type":"ListItem","position":4,"name":"Collections et collectionneurs d\u2019objets extra-occidentaux en M\u00e9diterran\u00e9e"}]},{"@type":"WebSite","@id":"https:\/\/telemme.mmsh.fr\/#website","url":"https:\/\/telemme.mmsh.fr\/","name":"TELEMMe - Temps, espaces, langages, Europe m\u00e9ridionale, M\u00e9diterran\u00e9e","description":"","publisher":{"@id":"https:\/\/telemme.mmsh.fr\/#organization"},"potentialAction":[{"@type":"SearchAction","target":{"@type":"EntryPoint","urlTemplate":"https:\/\/telemme.mmsh.fr\/?s={search_term_string}"},"query-input":{"@type":"PropertyValueSpecification","valueRequired":true,"valueName":"search_term_string"}}],"inLanguage":"fr-FR"},{"@type":"Organization","@id":"https:\/\/telemme.mmsh.fr\/#organization","name":"TELEMMe","url":"https:\/\/telemme.mmsh.fr\/","logo":{"@type":"ImageObject","inLanguage":"fr-FR","@id":"https:\/\/telemme.mmsh.fr\/#\/schema\/logo\/image\/","url":"https:\/\/telemme.mmsh.fr\/wp-content\/uploads\/2020\/03\/LogoTELEMMe-horizontal-fond-transparent.png","contentUrl":"https:\/\/telemme.mmsh.fr\/wp-content\/uploads\/2020\/03\/LogoTELEMMe-horizontal-fond-transparent.png","width":1500,"height":437,"caption":"TELEMMe"},"image":{"@id":"https:\/\/telemme.mmsh.fr\/#\/schema\/logo\/image\/"}}]}},"_links":{"self":[{"href":"https:\/\/telemme.mmsh.fr\/index.php?rest_route=\/wp\/v2\/tribe_events\/13864","targetHints":{"allow":["GET"]}}],"collection":[{"href":"https:\/\/telemme.mmsh.fr\/index.php?rest_route=\/wp\/v2\/tribe_events"}],"about":[{"href":"https:\/\/telemme.mmsh.fr\/index.php?rest_route=\/wp\/v2\/types\/tribe_events"}],"author":[{"embeddable":true,"href":"https:\/\/telemme.mmsh.fr\/index.php?rest_route=\/wp\/v2\/users\/175"}],"version-history":[{"count":5,"href":"https:\/\/telemme.mmsh.fr\/index.php?rest_route=\/wp\/v2\/tribe_events\/13864\/revisions"}],"predecessor-version":[{"id":14110,"href":"https:\/\/telemme.mmsh.fr\/index.php?rest_route=\/wp\/v2\/tribe_events\/13864\/revisions\/14110"}],"wp:featuredmedia":[{"embeddable":true,"href":"https:\/\/telemme.mmsh.fr\/index.php?rest_route=\/wp\/v2\/media\/14111"}],"wp:attachment":[{"href":"https:\/\/telemme.mmsh.fr\/index.php?rest_route=%2Fwp%2Fv2%2Fmedia&parent=13864"}],"wp:term":[{"taxonomy":"post_tag","embeddable":true,"href":"https:\/\/telemme.mmsh.fr\/index.php?rest_route=%2Fwp%2Fv2%2Ftags&post=13864"},{"taxonomy":"tribe_events_cat","embeddable":true,"href":"https:\/\/telemme.mmsh.fr\/index.php?rest_route=%2Fwp%2Fv2%2Ftribe_events_cat&post=13864"}],"curies":[{"name":"wp","href":"https:\/\/api.w.org\/{rel}","templated":true}]}}