{"id":13849,"date":"2024-01-17T11:43:49","date_gmt":"2024-01-17T10:43:49","guid":{"rendered":"https:\/\/telemme.mmsh.fr\/?post_type=tribe_events&#038;p=13849"},"modified":"2024-02-13T10:28:36","modified_gmt":"2024-02-13T09:28:36","slug":"collecter-utiliser-et-sauvegarder-le-web-pour-lenseignement-et-la-recherche","status":"publish","type":"tribe_events","link":"https:\/\/telemme.mmsh.fr\/?tribe_events=collecter-utiliser-et-sauvegarder-le-web-pour-lenseignement-et-la-recherche","title":{"rendered":"Collecter, utiliser et sauvegarder le Web pour l\u2019enseignement et la recherche"},"content":{"rendered":"<p>Rencontre avec <strong>Niels Br\u00fcgger<\/strong> (Professeur \u00e0 l\u2019Universit\u00e9 d\u2019Aarhus) et <strong>ateliers<\/strong><\/p>\n<p>Conf\u00e9rence en anglais avec traduction simultan\u00e9e<\/p>\n<p>11 et 12 mars 2024 apr\u00e8s-midi<br \/>\nINSP\u00e9 Aix-en-Provence<br \/>\n2 av. Jules ISAAC<\/p>\n<p><em><a href=\"https:\/\/www.au.dk\/en\/show\/person\/nb@cc.au.dk\">Niels <\/a><a href=\"https:\/\/www.au.dk\/en\/show\/person\/nb@cc.au.dk\" target=\"_blank\" rel=\"noreferrer noopener\">Br\u00fcgger<\/a>, professeur \u00e0 l\u2019Universit\u00e9 d\u2019Aarhus (Danemark), pionnier dans l\u2019utilisation des archives du web en sciences humaines et sociales, proposera une conf\u00e9rence le lundi 11 mars de 14h \u00e0 17h et animera un atelier le mardi 12 mars apr\u00e8s-midi \u00e0 <a href=\"https:\/\/inspe.univ-amu.fr\/fr\/a-propos\/contact\" target=\"_blank\" rel=\"noreferrer noopener\" data-type=\"URL\" data-id=\"https:\/\/inspe.univ-amu.fr\/fr\/a-propos\/contact\">l\u2019INSP\u00e9 d\u2019Aix-en-Provence <\/a>(AMU). Deux moments pour r\u00e9fl\u00e9chir collectivement \u00e0 l\u2019utilisation et la pr\u00e9servation du Web pour l\u2019enseignement et la recherche<\/em>. <em>\u00c9v\u00e9nement sur inscription.<\/em><\/p>\n<p>Avec le soutien de l\u2019Institut universitaire de France (IUF) <img loading=\"lazy\" decoding=\"async\" class=\"size-medium wp-image-13922 alignleft\" src=\"https:\/\/telemme.mmsh.fr\/wp-content\/uploads\/2024\/01\/IUF-LOGO-COMPLET-300x105.png\" alt=\"Logo de l\u2019Institut universitaire de France (IUF)\" width=\"300\" height=\"105\" srcset=\"https:\/\/telemme.mmsh.fr\/wp-content\/uploads\/2024\/01\/IUF-LOGO-COMPLET-300x105.png 300w, https:\/\/telemme.mmsh.fr\/wp-content\/uploads\/2024\/01\/IUF-LOGO-COMPLET.png 751w\" sizes=\"auto, (max-width: 300px) 100vw, 300px\" \/><\/p>\n<p><a href=\"https:\/\/telemme.mmsh.fr\/?evenement=collecter-utiliser-et-sauvegarder-le-web-pour-lenseignement-et-la-recherche\"><strong>Programme complet<\/strong><\/a><\/p>\n","protected":false},"excerpt":{"rendered":"<p>Rencontre avec Niels Br\u00fcgger (Professeur \u00e0 l\u2019Universit\u00e9 d\u2019Aarhus) et ateliers Conf\u00e9rence en anglais avec traduction simultan\u00e9e 11 et 12 mars 2024 apr\u00e8s-midi INSP\u00e9 Aix-en-Provence 2 av. Jules ISAAC Niels Br\u00fcgger,&hellip;&nbsp;<a href=\"https:\/\/telemme.mmsh.fr\/?tribe_events=collecter-utiliser-et-sauvegarder-le-web-pour-lenseignement-et-la-recherche\" rel=\"bookmark\">Lire la suite &raquo;<span class=\"screen-reader-text\">Collecter, utiliser et sauvegarder le Web pour l\u2019enseignement et la recherche<\/span><\/a><\/p>\n","protected":false},"author":175,"featured_media":13914,"template":"","meta":{"neve_meta_sidebar":"","neve_meta_container":"","neve_meta_enable_content_width":"","neve_meta_content_width":0,"neve_meta_title_alignment":"","neve_meta_author_avatar":"","neve_post_elements_order":"","neve_meta_disable_header":"","neve_meta_disable_footer":"","neve_meta_disable_title":"","_tribe_events_status":"","_tribe_events_status_reason":"","footnotes":""},"tags":[2405],"tribe_events_cat":[2063],"class_list":["post-13849","tribe_events","type-tribe_events","status-publish","has-post-thumbnail","hentry","tag-archives-web","tribe_events_cat-colloque","cat_colloque"],"yoast_head":"<!-- This site is optimized with the Yoast SEO plugin v27.4 - https:\/\/yoast.com\/product\/yoast-seo-wordpress\/ -->\n<title>Collecter, utiliser et sauvegarder le Web pour l\u2019enseignement et la recherche - TELEMMe - Temps, espaces, langages, Europe m\u00e9ridionale, M\u00e9diterran\u00e9e<\/title>\n<meta name=\"description\" content=\"Rencontre avec Niels Br\u00fcgger (Professeur \u00e0 l\u2019Universit\u00e9 d\u2019Aarhus)\" \/>\n<meta name=\"robots\" content=\"index, follow, max-snippet:-1, max-image-preview:large, max-video-preview:-1\" \/>\n<link rel=\"canonical\" href=\"https:\/\/telemme.mmsh.fr\/?tribe_events=collecter-utiliser-et-sauvegarder-le-web-pour-lenseignement-et-la-recherche\" \/>\n<meta property=\"og:locale\" content=\"fr_FR\" \/>\n<meta property=\"og:type\" content=\"article\" \/>\n<meta property=\"og:title\" content=\"Collecter, utiliser et sauvegarder le Web pour l\u2019enseignement et la recherche - TELEMMe - Temps, espaces, langages, Europe m\u00e9ridionale, M\u00e9diterran\u00e9e\" \/>\n<meta property=\"og:description\" content=\"Rencontre avec Niels Br\u00fcgger (Professeur \u00e0 l\u2019Universit\u00e9 d\u2019Aarhus)\" \/>\n<meta property=\"og:url\" content=\"https:\/\/telemme.mmsh.fr\/?tribe_events=collecter-utiliser-et-sauvegarder-le-web-pour-lenseignement-et-la-recherche\" \/>\n<meta property=\"og:site_name\" content=\"TELEMMe - Temps, espaces, langages, Europe m\u00e9ridionale, M\u00e9diterran\u00e9e\" \/>\n<meta property=\"article:modified_time\" content=\"2024-02-13T09:28:36+00:00\" \/>\n<meta property=\"og:image\" content=\"https:\/\/telemme.mmsh.fr\/wp-content\/uploads\/2024\/01\/serveurs_CEDRE_AMU.png\" \/>\n\t<meta property=\"og:image:width\" content=\"1038\" \/>\n\t<meta property=\"og:image:height\" content=\"576\" \/>\n\t<meta property=\"og:image:type\" content=\"image\/png\" \/>\n<meta name=\"twitter:card\" content=\"summary_large_image\" \/>\n<meta name=\"twitter:label1\" content=\"Dur\u00e9e de lecture estim\u00e9e\" \/>\n\t<meta name=\"twitter:data1\" content=\"1 minute\" \/>\n<script type=\"application\/ld+json\" class=\"yoast-schema-graph\">{\"@context\":\"https:\\\/\\\/schema.org\",\"@graph\":[{\"@type\":\"WebPage\",\"@id\":\"https:\\\/\\\/telemme.mmsh.fr\\\/?tribe_events=collecter-utiliser-et-sauvegarder-le-web-pour-lenseignement-et-la-recherche\",\"url\":\"https:\\\/\\\/telemme.mmsh.fr\\\/?tribe_events=collecter-utiliser-et-sauvegarder-le-web-pour-lenseignement-et-la-recherche\",\"name\":\"Collecter, utiliser et sauvegarder le Web pour l\u2019enseignement et la recherche - TELEMMe - Temps, espaces, langages, Europe m\u00e9ridionale, M\u00e9diterran\u00e9e\",\"isPartOf\":{\"@id\":\"https:\\\/\\\/telemme.mmsh.fr\\\/#website\"},\"primaryImageOfPage\":{\"@id\":\"https:\\\/\\\/telemme.mmsh.fr\\\/?tribe_events=collecter-utiliser-et-sauvegarder-le-web-pour-lenseignement-et-la-recherche#primaryimage\"},\"image\":{\"@id\":\"https:\\\/\\\/telemme.mmsh.fr\\\/?tribe_events=collecter-utiliser-et-sauvegarder-le-web-pour-lenseignement-et-la-recherche#primaryimage\"},\"thumbnailUrl\":\"https:\\\/\\\/telemme.mmsh.fr\\\/wp-content\\\/uploads\\\/2024\\\/01\\\/serveurs_CEDRE_AMU.png\",\"datePublished\":\"2024-01-17T10:43:49+00:00\",\"dateModified\":\"2024-02-13T09:28:36+00:00\",\"description\":\"Rencontre avec Niels Br\u00fcgger (Professeur \u00e0 l\u2019Universit\u00e9 d\u2019Aarhus)\",\"breadcrumb\":{\"@id\":\"https:\\\/\\\/telemme.mmsh.fr\\\/?tribe_events=collecter-utiliser-et-sauvegarder-le-web-pour-lenseignement-et-la-recherche#breadcrumb\"},\"inLanguage\":\"fr-FR\",\"potentialAction\":[{\"@type\":\"ReadAction\",\"target\":[\"https:\\\/\\\/telemme.mmsh.fr\\\/?tribe_events=collecter-utiliser-et-sauvegarder-le-web-pour-lenseignement-et-la-recherche\"]}]},{\"@type\":\"ImageObject\",\"inLanguage\":\"fr-FR\",\"@id\":\"https:\\\/\\\/telemme.mmsh.fr\\\/?tribe_events=collecter-utiliser-et-sauvegarder-le-web-pour-lenseignement-et-la-recherche#primaryimage\",\"url\":\"https:\\\/\\\/telemme.mmsh.fr\\\/wp-content\\\/uploads\\\/2024\\\/01\\\/serveurs_CEDRE_AMU.png\",\"contentUrl\":\"https:\\\/\\\/telemme.mmsh.fr\\\/wp-content\\\/uploads\\\/2024\\\/01\\\/serveurs_CEDRE_AMU.png\",\"width\":1038,\"height\":576,\"caption\":\"Serveurs AMU, CEDRE, https:\\\/\\\/www.univ-amu.fr\\\/fr\\\/public\\\/cedre\"},{\"@type\":\"BreadcrumbList\",\"@id\":\"https:\\\/\\\/telemme.mmsh.fr\\\/?tribe_events=collecter-utiliser-et-sauvegarder-le-web-pour-lenseignement-et-la-recherche#breadcrumb\",\"itemListElement\":[{\"@type\":\"ListItem\",\"position\":1,\"name\":\"Accueil\",\"item\":\"https:\\\/\\\/telemme.mmsh.fr\\\/\"},{\"@type\":\"ListItem\",\"position\":2,\"name\":\"\u00c9v\u00e8nements\",\"item\":\"https:\\\/\\\/telemme.mmsh.fr\\\/?post_type=tribe_events\"},{\"@type\":\"ListItem\",\"position\":3,\"name\":\"Colloque\",\"item\":\"https:\\\/\\\/telemme.mmsh.fr\\\/?tribe_events_cat=colloque\"},{\"@type\":\"ListItem\",\"position\":4,\"name\":\"Collecter, utiliser et sauvegarder le Web pour l\u2019enseignement et la recherche\"}]},{\"@type\":\"WebSite\",\"@id\":\"https:\\\/\\\/telemme.mmsh.fr\\\/#website\",\"url\":\"https:\\\/\\\/telemme.mmsh.fr\\\/\",\"name\":\"TELEMMe - Temps, espaces, langages, Europe m\u00e9ridionale, M\u00e9diterran\u00e9e\",\"description\":\"\",\"publisher\":{\"@id\":\"https:\\\/\\\/telemme.mmsh.fr\\\/#organization\"},\"potentialAction\":[{\"@type\":\"SearchAction\",\"target\":{\"@type\":\"EntryPoint\",\"urlTemplate\":\"https:\\\/\\\/telemme.mmsh.fr\\\/?s={search_term_string}\"},\"query-input\":{\"@type\":\"PropertyValueSpecification\",\"valueRequired\":true,\"valueName\":\"search_term_string\"}}],\"inLanguage\":\"fr-FR\"},{\"@type\":\"Organization\",\"@id\":\"https:\\\/\\\/telemme.mmsh.fr\\\/#organization\",\"name\":\"TELEMMe\",\"url\":\"https:\\\/\\\/telemme.mmsh.fr\\\/\",\"logo\":{\"@type\":\"ImageObject\",\"inLanguage\":\"fr-FR\",\"@id\":\"https:\\\/\\\/telemme.mmsh.fr\\\/#\\\/schema\\\/logo\\\/image\\\/\",\"url\":\"https:\\\/\\\/telemme.mmsh.fr\\\/wp-content\\\/uploads\\\/2020\\\/03\\\/LogoTELEMMe-horizontal-fond-transparent.png\",\"contentUrl\":\"https:\\\/\\\/telemme.mmsh.fr\\\/wp-content\\\/uploads\\\/2020\\\/03\\\/LogoTELEMMe-horizontal-fond-transparent.png\",\"width\":1500,\"height\":437,\"caption\":\"TELEMMe\"},\"image\":{\"@id\":\"https:\\\/\\\/telemme.mmsh.fr\\\/#\\\/schema\\\/logo\\\/image\\\/\"}}]}<\/script>\n<!-- \/ Yoast SEO plugin. -->","yoast_head_json":{"title":"Collecter, utiliser et sauvegarder le Web pour l\u2019enseignement et la recherche - TELEMMe - Temps, espaces, langages, Europe m\u00e9ridionale, M\u00e9diterran\u00e9e","description":"Rencontre avec Niels Br\u00fcgger (Professeur \u00e0 l\u2019Universit\u00e9 d\u2019Aarhus)","robots":{"index":"index","follow":"follow","max-snippet":"max-snippet:-1","max-image-preview":"max-image-preview:large","max-video-preview":"max-video-preview:-1"},"canonical":"https:\/\/telemme.mmsh.fr\/?tribe_events=collecter-utiliser-et-sauvegarder-le-web-pour-lenseignement-et-la-recherche","og_locale":"fr_FR","og_type":"article","og_title":"Collecter, utiliser et sauvegarder le Web pour l\u2019enseignement et la recherche - TELEMMe - Temps, espaces, langages, Europe m\u00e9ridionale, M\u00e9diterran\u00e9e","og_description":"Rencontre avec Niels Br\u00fcgger (Professeur \u00e0 l\u2019Universit\u00e9 d\u2019Aarhus)","og_url":"https:\/\/telemme.mmsh.fr\/?tribe_events=collecter-utiliser-et-sauvegarder-le-web-pour-lenseignement-et-la-recherche","og_site_name":"TELEMMe - Temps, espaces, langages, Europe m\u00e9ridionale, M\u00e9diterran\u00e9e","article_modified_time":"2024-02-13T09:28:36+00:00","og_image":[{"width":1038,"height":576,"url":"https:\/\/telemme.mmsh.fr\/wp-content\/uploads\/2024\/01\/serveurs_CEDRE_AMU.png","type":"image\/png"}],"twitter_card":"summary_large_image","twitter_misc":{"Dur\u00e9e de lecture estim\u00e9e":"1 minute"},"schema":{"@context":"https:\/\/schema.org","@graph":[{"@type":"WebPage","@id":"https:\/\/telemme.mmsh.fr\/?tribe_events=collecter-utiliser-et-sauvegarder-le-web-pour-lenseignement-et-la-recherche","url":"https:\/\/telemme.mmsh.fr\/?tribe_events=collecter-utiliser-et-sauvegarder-le-web-pour-lenseignement-et-la-recherche","name":"Collecter, utiliser et sauvegarder le Web pour l\u2019enseignement et la recherche - TELEMMe - Temps, espaces, langages, Europe m\u00e9ridionale, M\u00e9diterran\u00e9e","isPartOf":{"@id":"https:\/\/telemme.mmsh.fr\/#website"},"primaryImageOfPage":{"@id":"https:\/\/telemme.mmsh.fr\/?tribe_events=collecter-utiliser-et-sauvegarder-le-web-pour-lenseignement-et-la-recherche#primaryimage"},"image":{"@id":"https:\/\/telemme.mmsh.fr\/?tribe_events=collecter-utiliser-et-sauvegarder-le-web-pour-lenseignement-et-la-recherche#primaryimage"},"thumbnailUrl":"https:\/\/telemme.mmsh.fr\/wp-content\/uploads\/2024\/01\/serveurs_CEDRE_AMU.png","datePublished":"2024-01-17T10:43:49+00:00","dateModified":"2024-02-13T09:28:36+00:00","description":"Rencontre avec Niels Br\u00fcgger (Professeur \u00e0 l\u2019Universit\u00e9 d\u2019Aarhus)","breadcrumb":{"@id":"https:\/\/telemme.mmsh.fr\/?tribe_events=collecter-utiliser-et-sauvegarder-le-web-pour-lenseignement-et-la-recherche#breadcrumb"},"inLanguage":"fr-FR","potentialAction":[{"@type":"ReadAction","target":["https:\/\/telemme.mmsh.fr\/?tribe_events=collecter-utiliser-et-sauvegarder-le-web-pour-lenseignement-et-la-recherche"]}]},{"@type":"ImageObject","inLanguage":"fr-FR","@id":"https:\/\/telemme.mmsh.fr\/?tribe_events=collecter-utiliser-et-sauvegarder-le-web-pour-lenseignement-et-la-recherche#primaryimage","url":"https:\/\/telemme.mmsh.fr\/wp-content\/uploads\/2024\/01\/serveurs_CEDRE_AMU.png","contentUrl":"https:\/\/telemme.mmsh.fr\/wp-content\/uploads\/2024\/01\/serveurs_CEDRE_AMU.png","width":1038,"height":576,"caption":"Serveurs AMU, CEDRE, https:\/\/www.univ-amu.fr\/fr\/public\/cedre"},{"@type":"BreadcrumbList","@id":"https:\/\/telemme.mmsh.fr\/?tribe_events=collecter-utiliser-et-sauvegarder-le-web-pour-lenseignement-et-la-recherche#breadcrumb","itemListElement":[{"@type":"ListItem","position":1,"name":"Accueil","item":"https:\/\/telemme.mmsh.fr\/"},{"@type":"ListItem","position":2,"name":"\u00c9v\u00e8nements","item":"https:\/\/telemme.mmsh.fr\/?post_type=tribe_events"},{"@type":"ListItem","position":3,"name":"Colloque","item":"https:\/\/telemme.mmsh.fr\/?tribe_events_cat=colloque"},{"@type":"ListItem","position":4,"name":"Collecter, utiliser et sauvegarder le Web pour l\u2019enseignement et la recherche"}]},{"@type":"WebSite","@id":"https:\/\/telemme.mmsh.fr\/#website","url":"https:\/\/telemme.mmsh.fr\/","name":"TELEMMe - Temps, espaces, langages, Europe m\u00e9ridionale, M\u00e9diterran\u00e9e","description":"","publisher":{"@id":"https:\/\/telemme.mmsh.fr\/#organization"},"potentialAction":[{"@type":"SearchAction","target":{"@type":"EntryPoint","urlTemplate":"https:\/\/telemme.mmsh.fr\/?s={search_term_string}"},"query-input":{"@type":"PropertyValueSpecification","valueRequired":true,"valueName":"search_term_string"}}],"inLanguage":"fr-FR"},{"@type":"Organization","@id":"https:\/\/telemme.mmsh.fr\/#organization","name":"TELEMMe","url":"https:\/\/telemme.mmsh.fr\/","logo":{"@type":"ImageObject","inLanguage":"fr-FR","@id":"https:\/\/telemme.mmsh.fr\/#\/schema\/logo\/image\/","url":"https:\/\/telemme.mmsh.fr\/wp-content\/uploads\/2020\/03\/LogoTELEMMe-horizontal-fond-transparent.png","contentUrl":"https:\/\/telemme.mmsh.fr\/wp-content\/uploads\/2020\/03\/LogoTELEMMe-horizontal-fond-transparent.png","width":1500,"height":437,"caption":"TELEMMe"},"image":{"@id":"https:\/\/telemme.mmsh.fr\/#\/schema\/logo\/image\/"}}]}},"_links":{"self":[{"href":"https:\/\/telemme.mmsh.fr\/index.php?rest_route=\/wp\/v2\/tribe_events\/13849","targetHints":{"allow":["GET"]}}],"collection":[{"href":"https:\/\/telemme.mmsh.fr\/index.php?rest_route=\/wp\/v2\/tribe_events"}],"about":[{"href":"https:\/\/telemme.mmsh.fr\/index.php?rest_route=\/wp\/v2\/types\/tribe_events"}],"author":[{"embeddable":true,"href":"https:\/\/telemme.mmsh.fr\/index.php?rest_route=\/wp\/v2\/users\/175"}],"version-history":[{"count":8,"href":"https:\/\/telemme.mmsh.fr\/index.php?rest_route=\/wp\/v2\/tribe_events\/13849\/revisions"}],"predecessor-version":[{"id":13968,"href":"https:\/\/telemme.mmsh.fr\/index.php?rest_route=\/wp\/v2\/tribe_events\/13849\/revisions\/13968"}],"wp:featuredmedia":[{"embeddable":true,"href":"https:\/\/telemme.mmsh.fr\/index.php?rest_route=\/wp\/v2\/media\/13914"}],"wp:attachment":[{"href":"https:\/\/telemme.mmsh.fr\/index.php?rest_route=%2Fwp%2Fv2%2Fmedia&parent=13849"}],"wp:term":[{"taxonomy":"post_tag","embeddable":true,"href":"https:\/\/telemme.mmsh.fr\/index.php?rest_route=%2Fwp%2Fv2%2Ftags&post=13849"},{"taxonomy":"tribe_events_cat","embeddable":true,"href":"https:\/\/telemme.mmsh.fr\/index.php?rest_route=%2Fwp%2Fv2%2Ftribe_events_cat&post=13849"}],"curies":[{"name":"wp","href":"https:\/\/api.w.org\/{rel}","templated":true}]}}