{"id":13793,"date":"2024-01-09T11:46:56","date_gmt":"2024-01-09T10:46:56","guid":{"rendered":"https:\/\/telemme.mmsh.fr\/?post_type=tribe_events&#038;p=13793"},"modified":"2024-01-09T11:47:39","modified_gmt":"2024-01-09T10:47:39","slug":"geographie-de-leducation","status":"publish","type":"tribe_events","link":"https:\/\/telemme.mmsh.fr\/?tribe_events=geographie-de-leducation","title":{"rendered":"G\u00e9ographie de l\u2019\u00e9ducation"},"content":{"rendered":"<p>Cette conf\u00e9rence a pour objectif de pr\u00e9senter et d\u2019\u00e9changer avec l\u2019une des autrices principales de l\u2019ouvrage collectif <strong>\u00ab\u00a0G\u00e9ographie de l\u2019\u00e9ducation\u00a0\u00bb<\/strong> paru en 2023 chez Armand Colin.<\/p>\n<p>Co-\u00e9crit par <strong>Aur\u00e9lie Delage,<\/strong> <em>ma\u00eetresse de conf\u00e9rences en urbanisme et am\u00e9nagement du territoire \u00e0 l\u2019universit\u00e9 de Perpignan Via Domitia, membre de l\u2019UMR Art-Dev\u00a0; <\/em><strong>David Giband, <\/strong><em>professeur des universit\u00e9s en urbanisme et am\u00e9nagement du territoire \u00e0 l\u2019universit\u00e9 de Perpignan Via Domitia, membre de l\u2019UMR Art-Dev\u00a0; <\/em><strong>Kevin Mary,<\/strong> <em>ma\u00eetre de conf\u00e9rences en g\u00e9ographie \u00e0 l\u2019universit\u00e9 de Perpignan Via Domitia, membre de l\u2019UMR Art-Dev\u00a0; <\/em>et <strong>Nora Nafaa, <\/strong><em>c<\/em><em>harg\u00e9e de recherches, <\/em><em>Aix-Marseille Universit\u00e9, CNRS, UMR TELEMMe\u00a0; <\/em>cet ouvrage est le premier manuel en g\u00e9ographie de l\u2019\u00e9ducation publi\u00e9 en langue fran\u00e7aise.<\/p>\n<p><a href=\"https:\/\/telemme.mmsh.fr\/?evenement=conference-geographie-de-leducation-par-nora-nafaa\">Programme<\/a><\/p>\n","protected":false},"excerpt":{"rendered":"<p>Cette conf\u00e9rence a pour objectif de pr\u00e9senter et d\u2019\u00e9changer avec l\u2019une des autrices principales de l\u2019ouvrage collectif \u00ab\u00a0G\u00e9ographie de l\u2019\u00e9ducation\u00a0\u00bb paru en 2023 chez Armand Colin. Co-\u00e9crit par Aur\u00e9lie Delage,&hellip;&nbsp;<a href=\"https:\/\/telemme.mmsh.fr\/?tribe_events=geographie-de-leducation\" rel=\"bookmark\">Lire la suite &raquo;<span class=\"screen-reader-text\">G\u00e9ographie de l\u2019\u00e9ducation<\/span><\/a><\/p>\n","protected":false},"author":175,"featured_media":13792,"template":"","meta":{"neve_meta_sidebar":"","neve_meta_container":"","neve_meta_enable_content_width":"","neve_meta_content_width":0,"neve_meta_title_alignment":"","neve_meta_author_avatar":"","neve_post_elements_order":"","neve_meta_disable_header":"","neve_meta_disable_footer":"","neve_meta_disable_title":"","_tribe_events_status":"","_tribe_events_status_reason":"","footnotes":""},"tags":[],"tribe_events_cat":[1831],"class_list":["post-13793","tribe_events","type-tribe_events","status-publish","has-post-thumbnail","hentry","tribe_events_cat-seminaire","cat_seminaire"],"yoast_head":"<!-- This site is optimized with the Yoast SEO plugin v27.4 - https:\/\/yoast.com\/product\/yoast-seo-wordpress\/ -->\n<title>G\u00e9ographie de l\u2019\u00e9ducation - TELEMMe - Temps, espaces, langages, Europe m\u00e9ridionale, M\u00e9diterran\u00e9e<\/title>\n<meta name=\"robots\" content=\"index, follow, max-snippet:-1, max-image-preview:large, max-video-preview:-1\" \/>\n<link rel=\"canonical\" href=\"https:\/\/telemme.mmsh.fr\/?tribe_events=geographie-de-leducation\" \/>\n<meta property=\"og:locale\" content=\"fr_FR\" \/>\n<meta property=\"og:type\" content=\"article\" \/>\n<meta property=\"og:title\" content=\"G\u00e9ographie de l\u2019\u00e9ducation - TELEMMe - Temps, espaces, langages, Europe m\u00e9ridionale, M\u00e9diterran\u00e9e\" \/>\n<meta property=\"og:description\" content=\"Cette conf\u00e9rence a pour objectif de pr\u00e9senter et d\u2019\u00e9changer avec l\u2019une des autrices principales de l\u2019ouvrage collectif \u00ab\u00a0G\u00e9ographie de l\u2019\u00e9ducation\u00a0\u00bb paru en 2023 chez Armand Colin. Co-\u00e9crit par Aur\u00e9lie Delage,&hellip;&nbsp;Lire la suite &raquo;G\u00e9ographie de l\u2019\u00e9ducation\" \/>\n<meta property=\"og:url\" content=\"https:\/\/telemme.mmsh.fr\/?tribe_events=geographie-de-leducation\" \/>\n<meta property=\"og:site_name\" content=\"TELEMMe - Temps, espaces, langages, Europe m\u00e9ridionale, M\u00e9diterran\u00e9e\" \/>\n<meta property=\"article:modified_time\" content=\"2024-01-09T10:47:39+00:00\" \/>\n<meta property=\"og:image\" content=\"https:\/\/telemme.mmsh.fr\/wp-content\/uploads\/2024\/01\/geographie-de-leducation.png\" \/>\n\t<meta property=\"og:image:width\" content=\"490\" \/>\n\t<meta property=\"og:image:height\" content=\"707\" \/>\n\t<meta property=\"og:image:type\" content=\"image\/png\" \/>\n<meta name=\"twitter:card\" content=\"summary_large_image\" \/>\n<meta name=\"twitter:label1\" content=\"Dur\u00e9e de lecture estim\u00e9e\" \/>\n\t<meta name=\"twitter:data1\" content=\"1 minute\" \/>\n<script type=\"application\/ld+json\" class=\"yoast-schema-graph\">{\"@context\":\"https:\\\/\\\/schema.org\",\"@graph\":[{\"@type\":\"WebPage\",\"@id\":\"https:\\\/\\\/telemme.mmsh.fr\\\/?tribe_events=geographie-de-leducation\",\"url\":\"https:\\\/\\\/telemme.mmsh.fr\\\/?tribe_events=geographie-de-leducation\",\"name\":\"G\u00e9ographie de l\u2019\u00e9ducation - TELEMMe - Temps, espaces, langages, Europe m\u00e9ridionale, M\u00e9diterran\u00e9e\",\"isPartOf\":{\"@id\":\"https:\\\/\\\/telemme.mmsh.fr\\\/#website\"},\"primaryImageOfPage\":{\"@id\":\"https:\\\/\\\/telemme.mmsh.fr\\\/?tribe_events=geographie-de-leducation#primaryimage\"},\"image\":{\"@id\":\"https:\\\/\\\/telemme.mmsh.fr\\\/?tribe_events=geographie-de-leducation#primaryimage\"},\"thumbnailUrl\":\"https:\\\/\\\/telemme.mmsh.fr\\\/wp-content\\\/uploads\\\/2024\\\/01\\\/geographie-de-leducation.png\",\"datePublished\":\"2024-01-09T10:46:56+00:00\",\"dateModified\":\"2024-01-09T10:47:39+00:00\",\"breadcrumb\":{\"@id\":\"https:\\\/\\\/telemme.mmsh.fr\\\/?tribe_events=geographie-de-leducation#breadcrumb\"},\"inLanguage\":\"fr-FR\",\"potentialAction\":[{\"@type\":\"ReadAction\",\"target\":[\"https:\\\/\\\/telemme.mmsh.fr\\\/?tribe_events=geographie-de-leducation\"]}]},{\"@type\":\"ImageObject\",\"inLanguage\":\"fr-FR\",\"@id\":\"https:\\\/\\\/telemme.mmsh.fr\\\/?tribe_events=geographie-de-leducation#primaryimage\",\"url\":\"https:\\\/\\\/telemme.mmsh.fr\\\/wp-content\\\/uploads\\\/2024\\\/01\\\/geographie-de-leducation.png\",\"contentUrl\":\"https:\\\/\\\/telemme.mmsh.fr\\\/wp-content\\\/uploads\\\/2024\\\/01\\\/geographie-de-leducation.png\",\"width\":490,\"height\":707},{\"@type\":\"BreadcrumbList\",\"@id\":\"https:\\\/\\\/telemme.mmsh.fr\\\/?tribe_events=geographie-de-leducation#breadcrumb\",\"itemListElement\":[{\"@type\":\"ListItem\",\"position\":1,\"name\":\"Accueil\",\"item\":\"https:\\\/\\\/telemme.mmsh.fr\\\/\"},{\"@type\":\"ListItem\",\"position\":2,\"name\":\"\u00c9v\u00e8nements\",\"item\":\"https:\\\/\\\/telemme.mmsh.fr\\\/?post_type=tribe_events\"},{\"@type\":\"ListItem\",\"position\":3,\"name\":\"S\u00e9minaire\",\"item\":\"https:\\\/\\\/telemme.mmsh.fr\\\/?tribe_events_cat=seminaire\"},{\"@type\":\"ListItem\",\"position\":4,\"name\":\"G\u00e9ographie de l\u2019\u00e9ducation\"}]},{\"@type\":\"WebSite\",\"@id\":\"https:\\\/\\\/telemme.mmsh.fr\\\/#website\",\"url\":\"https:\\\/\\\/telemme.mmsh.fr\\\/\",\"name\":\"TELEMMe - Temps, espaces, langages, Europe m\u00e9ridionale, M\u00e9diterran\u00e9e\",\"description\":\"\",\"publisher\":{\"@id\":\"https:\\\/\\\/telemme.mmsh.fr\\\/#organization\"},\"potentialAction\":[{\"@type\":\"SearchAction\",\"target\":{\"@type\":\"EntryPoint\",\"urlTemplate\":\"https:\\\/\\\/telemme.mmsh.fr\\\/?s={search_term_string}\"},\"query-input\":{\"@type\":\"PropertyValueSpecification\",\"valueRequired\":true,\"valueName\":\"search_term_string\"}}],\"inLanguage\":\"fr-FR\"},{\"@type\":\"Organization\",\"@id\":\"https:\\\/\\\/telemme.mmsh.fr\\\/#organization\",\"name\":\"TELEMMe\",\"url\":\"https:\\\/\\\/telemme.mmsh.fr\\\/\",\"logo\":{\"@type\":\"ImageObject\",\"inLanguage\":\"fr-FR\",\"@id\":\"https:\\\/\\\/telemme.mmsh.fr\\\/#\\\/schema\\\/logo\\\/image\\\/\",\"url\":\"https:\\\/\\\/telemme.mmsh.fr\\\/wp-content\\\/uploads\\\/2020\\\/03\\\/LogoTELEMMe-horizontal-fond-transparent.png\",\"contentUrl\":\"https:\\\/\\\/telemme.mmsh.fr\\\/wp-content\\\/uploads\\\/2020\\\/03\\\/LogoTELEMMe-horizontal-fond-transparent.png\",\"width\":1500,\"height\":437,\"caption\":\"TELEMMe\"},\"image\":{\"@id\":\"https:\\\/\\\/telemme.mmsh.fr\\\/#\\\/schema\\\/logo\\\/image\\\/\"}}]}<\/script>\n<!-- \/ Yoast SEO plugin. -->","yoast_head_json":{"title":"G\u00e9ographie de l\u2019\u00e9ducation - TELEMMe - Temps, espaces, langages, Europe m\u00e9ridionale, M\u00e9diterran\u00e9e","robots":{"index":"index","follow":"follow","max-snippet":"max-snippet:-1","max-image-preview":"max-image-preview:large","max-video-preview":"max-video-preview:-1"},"canonical":"https:\/\/telemme.mmsh.fr\/?tribe_events=geographie-de-leducation","og_locale":"fr_FR","og_type":"article","og_title":"G\u00e9ographie de l\u2019\u00e9ducation - TELEMMe - Temps, espaces, langages, Europe m\u00e9ridionale, M\u00e9diterran\u00e9e","og_description":"Cette conf\u00e9rence a pour objectif de pr\u00e9senter et d\u2019\u00e9changer avec l\u2019une des autrices principales de l\u2019ouvrage collectif \u00ab\u00a0G\u00e9ographie de l\u2019\u00e9ducation\u00a0\u00bb paru en 2023 chez Armand Colin. Co-\u00e9crit par Aur\u00e9lie Delage,&hellip;&nbsp;Lire la suite &raquo;G\u00e9ographie de l\u2019\u00e9ducation","og_url":"https:\/\/telemme.mmsh.fr\/?tribe_events=geographie-de-leducation","og_site_name":"TELEMMe - Temps, espaces, langages, Europe m\u00e9ridionale, M\u00e9diterran\u00e9e","article_modified_time":"2024-01-09T10:47:39+00:00","og_image":[{"width":490,"height":707,"url":"https:\/\/telemme.mmsh.fr\/wp-content\/uploads\/2024\/01\/geographie-de-leducation.png","type":"image\/png"}],"twitter_card":"summary_large_image","twitter_misc":{"Dur\u00e9e de lecture estim\u00e9e":"1 minute"},"schema":{"@context":"https:\/\/schema.org","@graph":[{"@type":"WebPage","@id":"https:\/\/telemme.mmsh.fr\/?tribe_events=geographie-de-leducation","url":"https:\/\/telemme.mmsh.fr\/?tribe_events=geographie-de-leducation","name":"G\u00e9ographie de l\u2019\u00e9ducation - TELEMMe - Temps, espaces, langages, Europe m\u00e9ridionale, M\u00e9diterran\u00e9e","isPartOf":{"@id":"https:\/\/telemme.mmsh.fr\/#website"},"primaryImageOfPage":{"@id":"https:\/\/telemme.mmsh.fr\/?tribe_events=geographie-de-leducation#primaryimage"},"image":{"@id":"https:\/\/telemme.mmsh.fr\/?tribe_events=geographie-de-leducation#primaryimage"},"thumbnailUrl":"https:\/\/telemme.mmsh.fr\/wp-content\/uploads\/2024\/01\/geographie-de-leducation.png","datePublished":"2024-01-09T10:46:56+00:00","dateModified":"2024-01-09T10:47:39+00:00","breadcrumb":{"@id":"https:\/\/telemme.mmsh.fr\/?tribe_events=geographie-de-leducation#breadcrumb"},"inLanguage":"fr-FR","potentialAction":[{"@type":"ReadAction","target":["https:\/\/telemme.mmsh.fr\/?tribe_events=geographie-de-leducation"]}]},{"@type":"ImageObject","inLanguage":"fr-FR","@id":"https:\/\/telemme.mmsh.fr\/?tribe_events=geographie-de-leducation#primaryimage","url":"https:\/\/telemme.mmsh.fr\/wp-content\/uploads\/2024\/01\/geographie-de-leducation.png","contentUrl":"https:\/\/telemme.mmsh.fr\/wp-content\/uploads\/2024\/01\/geographie-de-leducation.png","width":490,"height":707},{"@type":"BreadcrumbList","@id":"https:\/\/telemme.mmsh.fr\/?tribe_events=geographie-de-leducation#breadcrumb","itemListElement":[{"@type":"ListItem","position":1,"name":"Accueil","item":"https:\/\/telemme.mmsh.fr\/"},{"@type":"ListItem","position":2,"name":"\u00c9v\u00e8nements","item":"https:\/\/telemme.mmsh.fr\/?post_type=tribe_events"},{"@type":"ListItem","position":3,"name":"S\u00e9minaire","item":"https:\/\/telemme.mmsh.fr\/?tribe_events_cat=seminaire"},{"@type":"ListItem","position":4,"name":"G\u00e9ographie de l\u2019\u00e9ducation"}]},{"@type":"WebSite","@id":"https:\/\/telemme.mmsh.fr\/#website","url":"https:\/\/telemme.mmsh.fr\/","name":"TELEMMe - Temps, espaces, langages, Europe m\u00e9ridionale, M\u00e9diterran\u00e9e","description":"","publisher":{"@id":"https:\/\/telemme.mmsh.fr\/#organization"},"potentialAction":[{"@type":"SearchAction","target":{"@type":"EntryPoint","urlTemplate":"https:\/\/telemme.mmsh.fr\/?s={search_term_string}"},"query-input":{"@type":"PropertyValueSpecification","valueRequired":true,"valueName":"search_term_string"}}],"inLanguage":"fr-FR"},{"@type":"Organization","@id":"https:\/\/telemme.mmsh.fr\/#organization","name":"TELEMMe","url":"https:\/\/telemme.mmsh.fr\/","logo":{"@type":"ImageObject","inLanguage":"fr-FR","@id":"https:\/\/telemme.mmsh.fr\/#\/schema\/logo\/image\/","url":"https:\/\/telemme.mmsh.fr\/wp-content\/uploads\/2020\/03\/LogoTELEMMe-horizontal-fond-transparent.png","contentUrl":"https:\/\/telemme.mmsh.fr\/wp-content\/uploads\/2020\/03\/LogoTELEMMe-horizontal-fond-transparent.png","width":1500,"height":437,"caption":"TELEMMe"},"image":{"@id":"https:\/\/telemme.mmsh.fr\/#\/schema\/logo\/image\/"}}]}},"_links":{"self":[{"href":"https:\/\/telemme.mmsh.fr\/index.php?rest_route=\/wp\/v2\/tribe_events\/13793","targetHints":{"allow":["GET"]}}],"collection":[{"href":"https:\/\/telemme.mmsh.fr\/index.php?rest_route=\/wp\/v2\/tribe_events"}],"about":[{"href":"https:\/\/telemme.mmsh.fr\/index.php?rest_route=\/wp\/v2\/types\/tribe_events"}],"author":[{"embeddable":true,"href":"https:\/\/telemme.mmsh.fr\/index.php?rest_route=\/wp\/v2\/users\/175"}],"version-history":[{"count":1,"href":"https:\/\/telemme.mmsh.fr\/index.php?rest_route=\/wp\/v2\/tribe_events\/13793\/revisions"}],"predecessor-version":[{"id":13795,"href":"https:\/\/telemme.mmsh.fr\/index.php?rest_route=\/wp\/v2\/tribe_events\/13793\/revisions\/13795"}],"wp:featuredmedia":[{"embeddable":true,"href":"https:\/\/telemme.mmsh.fr\/index.php?rest_route=\/wp\/v2\/media\/13792"}],"wp:attachment":[{"href":"https:\/\/telemme.mmsh.fr\/index.php?rest_route=%2Fwp%2Fv2%2Fmedia&parent=13793"}],"wp:term":[{"taxonomy":"post_tag","embeddable":true,"href":"https:\/\/telemme.mmsh.fr\/index.php?rest_route=%2Fwp%2Fv2%2Ftags&post=13793"},{"taxonomy":"tribe_events_cat","embeddable":true,"href":"https:\/\/telemme.mmsh.fr\/index.php?rest_route=%2Fwp%2Fv2%2Ftribe_events_cat&post=13793"}],"curies":[{"name":"wp","href":"https:\/\/api.w.org\/{rel}","templated":true}]}}