{"id":13746,"date":"2023-12-19T11:51:44","date_gmt":"2023-12-19T10:51:44","guid":{"rendered":"https:\/\/telemme.mmsh.fr\/?post_type=tribe_events&#038;p=13746"},"modified":"2024-01-12T09:47:11","modified_gmt":"2024-01-12T08:47:11","slug":"questionner-les-mondes-postcoloniaux-economies-societes-traces-memorielles","status":"publish","type":"tribe_events","link":"https:\/\/telemme.mmsh.fr\/?tribe_events=questionner-les-mondes-postcoloniaux-economies-societes-traces-memorielles","title":{"rendered":"Questionner les mondes (post)coloniaux : \u00e9conomies, soci\u00e9t\u00e9s, traces m\u00e9morielles"},"content":{"rendered":"<p>Face au dynamisme actuel de l\u2019histoire imp\u00e9riale, les \u00e9tudes men\u00e9es au sein du laboratoire TELEMMe jettent un nouveau regard sur les relations entre l\u2019Europe m\u00e9ridionale et les mondes coloniaux. De la dimension \u00e9conomique \u00e0 la sph\u00e8re sociale en passant par les aspects m\u00e9moriels li\u00e9s \u00e0 l\u2019h\u00e9ritage et aux traces mat\u00e9rielles de la colonisation, les travaux se jouent des cloisonnements th\u00e9matiques, g\u00e9ographiques ou temporels afin d\u2019envisager le sujet comme un ph\u00e9nom\u00e8ne total. Destin\u00e9e aux enseignant\u00b7e\u00b7s des coll\u00e8ges et lyc\u00e9es, cette journ\u00e9e pr\u00e9sentera les principaux enjeux de ces recherches, tout en donnant des cl\u00e9s de lecture pour penser une \u00ab\u00a0question sensible\u00a0\u00bb qui ne cesse de traverser les d\u00e9bats de la soci\u00e9t\u00e9 contemporaine.<\/p>\n<p><a href=\"https:\/\/telemme.mmsh.fr\/?evenement=questionner-les-mondes-postcoloniaux-economies-societes-traces-memorielles\">Programme<\/a><\/p>\n","protected":false},"excerpt":{"rendered":"<p>Face au dynamisme actuel de l\u2019histoire imp\u00e9riale, les \u00e9tudes men\u00e9es au sein du laboratoire TELEMMe jettent un nouveau regard sur les relations entre l\u2019Europe m\u00e9ridionale et les mondes coloniaux. De&hellip;&nbsp;<a href=\"https:\/\/telemme.mmsh.fr\/?tribe_events=questionner-les-mondes-postcoloniaux-economies-societes-traces-memorielles\" rel=\"bookmark\">Lire la suite &raquo;<span class=\"screen-reader-text\">Questionner les mondes (post)coloniaux : \u00e9conomies, soci\u00e9t\u00e9s, traces m\u00e9morielles<\/span><\/a><\/p>\n","protected":false},"author":175,"featured_media":13805,"template":"","meta":{"neve_meta_sidebar":"","neve_meta_container":"","neve_meta_enable_content_width":"","neve_meta_content_width":0,"neve_meta_title_alignment":"","neve_meta_author_avatar":"","neve_post_elements_order":"","neve_meta_disable_header":"","neve_meta_disable_footer":"","neve_meta_disable_title":"","_tribe_events_status":"","_tribe_events_status_reason":"","footnotes":""},"tags":[],"tribe_events_cat":[1828],"class_list":["post-13746","tribe_events","type-tribe_events","status-publish","has-post-thumbnail","hentry","tribe_events_cat-journees-rectorat","cat_journees-rectorat"],"yoast_head":"<!-- This site is optimized with the Yoast SEO plugin v27.4 - https:\/\/yoast.com\/product\/yoast-seo-wordpress\/ -->\n<title>Questionner les mondes (post)coloniaux : \u00e9conomies, soci\u00e9t\u00e9s, traces m\u00e9morielles - TELEMMe - Temps, espaces, langages, Europe m\u00e9ridionale, M\u00e9diterran\u00e9e<\/title>\n<meta name=\"robots\" content=\"index, follow, max-snippet:-1, max-image-preview:large, max-video-preview:-1\" \/>\n<link rel=\"canonical\" href=\"https:\/\/telemme.mmsh.fr\/?tribe_events=questionner-les-mondes-postcoloniaux-economies-societes-traces-memorielles\" \/>\n<meta property=\"og:locale\" content=\"fr_FR\" \/>\n<meta property=\"og:type\" content=\"article\" \/>\n<meta property=\"og:title\" content=\"Questionner les mondes (post)coloniaux : \u00e9conomies, soci\u00e9t\u00e9s, traces m\u00e9morielles - TELEMMe - Temps, espaces, langages, Europe m\u00e9ridionale, M\u00e9diterran\u00e9e\" \/>\n<meta property=\"og:description\" content=\"Face au dynamisme actuel de l\u2019histoire imp\u00e9riale, les \u00e9tudes men\u00e9es au sein du laboratoire TELEMMe jettent un nouveau regard sur les relations entre l\u2019Europe m\u00e9ridionale et les mondes coloniaux. De&hellip;&nbsp;Lire la suite &raquo;Questionner les mondes (post)coloniaux : \u00e9conomies, soci\u00e9t\u00e9s, traces m\u00e9morielles\" \/>\n<meta property=\"og:url\" content=\"https:\/\/telemme.mmsh.fr\/?tribe_events=questionner-les-mondes-postcoloniaux-economies-societes-traces-memorielles\" \/>\n<meta property=\"og:site_name\" content=\"TELEMMe - Temps, espaces, langages, Europe m\u00e9ridionale, M\u00e9diterran\u00e9e\" \/>\n<meta property=\"article:modified_time\" content=\"2024-01-12T08:47:11+00:00\" \/>\n<meta property=\"og:image\" content=\"https:\/\/telemme.mmsh.fr\/wp-content\/uploads\/2023\/12\/Carte-de-propagande-detail.jpg\" \/>\n\t<meta property=\"og:image:width\" content=\"1393\" \/>\n\t<meta property=\"og:image:height\" content=\"1077\" \/>\n\t<meta property=\"og:image:type\" content=\"image\/jpeg\" \/>\n<meta name=\"twitter:card\" content=\"summary_large_image\" \/>\n<meta name=\"twitter:label1\" content=\"Dur\u00e9e de lecture estim\u00e9e\" \/>\n\t<meta name=\"twitter:data1\" content=\"1 minute\" \/>\n<script type=\"application\/ld+json\" class=\"yoast-schema-graph\">{\"@context\":\"https:\\\/\\\/schema.org\",\"@graph\":[{\"@type\":\"WebPage\",\"@id\":\"https:\\\/\\\/telemme.mmsh.fr\\\/?tribe_events=questionner-les-mondes-postcoloniaux-economies-societes-traces-memorielles\",\"url\":\"https:\\\/\\\/telemme.mmsh.fr\\\/?tribe_events=questionner-les-mondes-postcoloniaux-economies-societes-traces-memorielles\",\"name\":\"Questionner les mondes (post)coloniaux : \u00e9conomies, soci\u00e9t\u00e9s, traces m\u00e9morielles - TELEMMe - Temps, espaces, langages, Europe m\u00e9ridionale, M\u00e9diterran\u00e9e\",\"isPartOf\":{\"@id\":\"https:\\\/\\\/telemme.mmsh.fr\\\/#website\"},\"primaryImageOfPage\":{\"@id\":\"https:\\\/\\\/telemme.mmsh.fr\\\/?tribe_events=questionner-les-mondes-postcoloniaux-economies-societes-traces-memorielles#primaryimage\"},\"image\":{\"@id\":\"https:\\\/\\\/telemme.mmsh.fr\\\/?tribe_events=questionner-les-mondes-postcoloniaux-economies-societes-traces-memorielles#primaryimage\"},\"thumbnailUrl\":\"https:\\\/\\\/telemme.mmsh.fr\\\/wp-content\\\/uploads\\\/2023\\\/12\\\/Carte-de-propagande-detail.jpg\",\"datePublished\":\"2023-12-19T10:51:44+00:00\",\"dateModified\":\"2024-01-12T08:47:11+00:00\",\"breadcrumb\":{\"@id\":\"https:\\\/\\\/telemme.mmsh.fr\\\/?tribe_events=questionner-les-mondes-postcoloniaux-economies-societes-traces-memorielles#breadcrumb\"},\"inLanguage\":\"fr-FR\",\"potentialAction\":[{\"@type\":\"ReadAction\",\"target\":[\"https:\\\/\\\/telemme.mmsh.fr\\\/?tribe_events=questionner-les-mondes-postcoloniaux-economies-societes-traces-memorielles\"]}]},{\"@type\":\"ImageObject\",\"inLanguage\":\"fr-FR\",\"@id\":\"https:\\\/\\\/telemme.mmsh.fr\\\/?tribe_events=questionner-les-mondes-postcoloniaux-economies-societes-traces-memorielles#primaryimage\",\"url\":\"https:\\\/\\\/telemme.mmsh.fr\\\/wp-content\\\/uploads\\\/2023\\\/12\\\/Carte-de-propagande-detail.jpg\",\"contentUrl\":\"https:\\\/\\\/telemme.mmsh.fr\\\/wp-content\\\/uploads\\\/2023\\\/12\\\/Carte-de-propagande-detail.jpg\",\"width\":1393,\"height\":1077},{\"@type\":\"BreadcrumbList\",\"@id\":\"https:\\\/\\\/telemme.mmsh.fr\\\/?tribe_events=questionner-les-mondes-postcoloniaux-economies-societes-traces-memorielles#breadcrumb\",\"itemListElement\":[{\"@type\":\"ListItem\",\"position\":1,\"name\":\"Accueil\",\"item\":\"https:\\\/\\\/telemme.mmsh.fr\\\/\"},{\"@type\":\"ListItem\",\"position\":2,\"name\":\"\u00c9v\u00e8nements\",\"item\":\"https:\\\/\\\/telemme.mmsh.fr\\\/?post_type=tribe_events\"},{\"@type\":\"ListItem\",\"position\":3,\"name\":\"Journ\u00e9es Rectorat\",\"item\":\"https:\\\/\\\/telemme.mmsh.fr\\\/?tribe_events_cat=journees-rectorat\"},{\"@type\":\"ListItem\",\"position\":4,\"name\":\"Questionner les mondes (post)coloniaux : \u00e9conomies, soci\u00e9t\u00e9s, traces m\u00e9morielles\"}]},{\"@type\":\"WebSite\",\"@id\":\"https:\\\/\\\/telemme.mmsh.fr\\\/#website\",\"url\":\"https:\\\/\\\/telemme.mmsh.fr\\\/\",\"name\":\"TELEMMe - Temps, espaces, langages, Europe m\u00e9ridionale, M\u00e9diterran\u00e9e\",\"description\":\"\",\"publisher\":{\"@id\":\"https:\\\/\\\/telemme.mmsh.fr\\\/#organization\"},\"potentialAction\":[{\"@type\":\"SearchAction\",\"target\":{\"@type\":\"EntryPoint\",\"urlTemplate\":\"https:\\\/\\\/telemme.mmsh.fr\\\/?s={search_term_string}\"},\"query-input\":{\"@type\":\"PropertyValueSpecification\",\"valueRequired\":true,\"valueName\":\"search_term_string\"}}],\"inLanguage\":\"fr-FR\"},{\"@type\":\"Organization\",\"@id\":\"https:\\\/\\\/telemme.mmsh.fr\\\/#organization\",\"name\":\"TELEMMe\",\"url\":\"https:\\\/\\\/telemme.mmsh.fr\\\/\",\"logo\":{\"@type\":\"ImageObject\",\"inLanguage\":\"fr-FR\",\"@id\":\"https:\\\/\\\/telemme.mmsh.fr\\\/#\\\/schema\\\/logo\\\/image\\\/\",\"url\":\"https:\\\/\\\/telemme.mmsh.fr\\\/wp-content\\\/uploads\\\/2020\\\/03\\\/LogoTELEMMe-horizontal-fond-transparent.png\",\"contentUrl\":\"https:\\\/\\\/telemme.mmsh.fr\\\/wp-content\\\/uploads\\\/2020\\\/03\\\/LogoTELEMMe-horizontal-fond-transparent.png\",\"width\":1500,\"height\":437,\"caption\":\"TELEMMe\"},\"image\":{\"@id\":\"https:\\\/\\\/telemme.mmsh.fr\\\/#\\\/schema\\\/logo\\\/image\\\/\"}}]}<\/script>\n<!-- \/ Yoast SEO plugin. -->","yoast_head_json":{"title":"Questionner les mondes (post)coloniaux : \u00e9conomies, soci\u00e9t\u00e9s, traces m\u00e9morielles - TELEMMe - Temps, espaces, langages, Europe m\u00e9ridionale, M\u00e9diterran\u00e9e","robots":{"index":"index","follow":"follow","max-snippet":"max-snippet:-1","max-image-preview":"max-image-preview:large","max-video-preview":"max-video-preview:-1"},"canonical":"https:\/\/telemme.mmsh.fr\/?tribe_events=questionner-les-mondes-postcoloniaux-economies-societes-traces-memorielles","og_locale":"fr_FR","og_type":"article","og_title":"Questionner les mondes (post)coloniaux : \u00e9conomies, soci\u00e9t\u00e9s, traces m\u00e9morielles - TELEMMe - Temps, espaces, langages, Europe m\u00e9ridionale, M\u00e9diterran\u00e9e","og_description":"Face au dynamisme actuel de l\u2019histoire imp\u00e9riale, les \u00e9tudes men\u00e9es au sein du laboratoire TELEMMe jettent un nouveau regard sur les relations entre l\u2019Europe m\u00e9ridionale et les mondes coloniaux. De&hellip;&nbsp;Lire la suite &raquo;Questionner les mondes (post)coloniaux : \u00e9conomies, soci\u00e9t\u00e9s, traces m\u00e9morielles","og_url":"https:\/\/telemme.mmsh.fr\/?tribe_events=questionner-les-mondes-postcoloniaux-economies-societes-traces-memorielles","og_site_name":"TELEMMe - Temps, espaces, langages, Europe m\u00e9ridionale, M\u00e9diterran\u00e9e","article_modified_time":"2024-01-12T08:47:11+00:00","og_image":[{"width":1393,"height":1077,"url":"https:\/\/telemme.mmsh.fr\/wp-content\/uploads\/2023\/12\/Carte-de-propagande-detail.jpg","type":"image\/jpeg"}],"twitter_card":"summary_large_image","twitter_misc":{"Dur\u00e9e de lecture estim\u00e9e":"1 minute"},"schema":{"@context":"https:\/\/schema.org","@graph":[{"@type":"WebPage","@id":"https:\/\/telemme.mmsh.fr\/?tribe_events=questionner-les-mondes-postcoloniaux-economies-societes-traces-memorielles","url":"https:\/\/telemme.mmsh.fr\/?tribe_events=questionner-les-mondes-postcoloniaux-economies-societes-traces-memorielles","name":"Questionner les mondes (post)coloniaux : \u00e9conomies, soci\u00e9t\u00e9s, traces m\u00e9morielles - TELEMMe - Temps, espaces, langages, Europe m\u00e9ridionale, M\u00e9diterran\u00e9e","isPartOf":{"@id":"https:\/\/telemme.mmsh.fr\/#website"},"primaryImageOfPage":{"@id":"https:\/\/telemme.mmsh.fr\/?tribe_events=questionner-les-mondes-postcoloniaux-economies-societes-traces-memorielles#primaryimage"},"image":{"@id":"https:\/\/telemme.mmsh.fr\/?tribe_events=questionner-les-mondes-postcoloniaux-economies-societes-traces-memorielles#primaryimage"},"thumbnailUrl":"https:\/\/telemme.mmsh.fr\/wp-content\/uploads\/2023\/12\/Carte-de-propagande-detail.jpg","datePublished":"2023-12-19T10:51:44+00:00","dateModified":"2024-01-12T08:47:11+00:00","breadcrumb":{"@id":"https:\/\/telemme.mmsh.fr\/?tribe_events=questionner-les-mondes-postcoloniaux-economies-societes-traces-memorielles#breadcrumb"},"inLanguage":"fr-FR","potentialAction":[{"@type":"ReadAction","target":["https:\/\/telemme.mmsh.fr\/?tribe_events=questionner-les-mondes-postcoloniaux-economies-societes-traces-memorielles"]}]},{"@type":"ImageObject","inLanguage":"fr-FR","@id":"https:\/\/telemme.mmsh.fr\/?tribe_events=questionner-les-mondes-postcoloniaux-economies-societes-traces-memorielles#primaryimage","url":"https:\/\/telemme.mmsh.fr\/wp-content\/uploads\/2023\/12\/Carte-de-propagande-detail.jpg","contentUrl":"https:\/\/telemme.mmsh.fr\/wp-content\/uploads\/2023\/12\/Carte-de-propagande-detail.jpg","width":1393,"height":1077},{"@type":"BreadcrumbList","@id":"https:\/\/telemme.mmsh.fr\/?tribe_events=questionner-les-mondes-postcoloniaux-economies-societes-traces-memorielles#breadcrumb","itemListElement":[{"@type":"ListItem","position":1,"name":"Accueil","item":"https:\/\/telemme.mmsh.fr\/"},{"@type":"ListItem","position":2,"name":"\u00c9v\u00e8nements","item":"https:\/\/telemme.mmsh.fr\/?post_type=tribe_events"},{"@type":"ListItem","position":3,"name":"Journ\u00e9es Rectorat","item":"https:\/\/telemme.mmsh.fr\/?tribe_events_cat=journees-rectorat"},{"@type":"ListItem","position":4,"name":"Questionner les mondes (post)coloniaux : \u00e9conomies, soci\u00e9t\u00e9s, traces m\u00e9morielles"}]},{"@type":"WebSite","@id":"https:\/\/telemme.mmsh.fr\/#website","url":"https:\/\/telemme.mmsh.fr\/","name":"TELEMMe - Temps, espaces, langages, Europe m\u00e9ridionale, M\u00e9diterran\u00e9e","description":"","publisher":{"@id":"https:\/\/telemme.mmsh.fr\/#organization"},"potentialAction":[{"@type":"SearchAction","target":{"@type":"EntryPoint","urlTemplate":"https:\/\/telemme.mmsh.fr\/?s={search_term_string}"},"query-input":{"@type":"PropertyValueSpecification","valueRequired":true,"valueName":"search_term_string"}}],"inLanguage":"fr-FR"},{"@type":"Organization","@id":"https:\/\/telemme.mmsh.fr\/#organization","name":"TELEMMe","url":"https:\/\/telemme.mmsh.fr\/","logo":{"@type":"ImageObject","inLanguage":"fr-FR","@id":"https:\/\/telemme.mmsh.fr\/#\/schema\/logo\/image\/","url":"https:\/\/telemme.mmsh.fr\/wp-content\/uploads\/2020\/03\/LogoTELEMMe-horizontal-fond-transparent.png","contentUrl":"https:\/\/telemme.mmsh.fr\/wp-content\/uploads\/2020\/03\/LogoTELEMMe-horizontal-fond-transparent.png","width":1500,"height":437,"caption":"TELEMMe"},"image":{"@id":"https:\/\/telemme.mmsh.fr\/#\/schema\/logo\/image\/"}}]}},"_links":{"self":[{"href":"https:\/\/telemme.mmsh.fr\/index.php?rest_route=\/wp\/v2\/tribe_events\/13746","targetHints":{"allow":["GET"]}}],"collection":[{"href":"https:\/\/telemme.mmsh.fr\/index.php?rest_route=\/wp\/v2\/tribe_events"}],"about":[{"href":"https:\/\/telemme.mmsh.fr\/index.php?rest_route=\/wp\/v2\/types\/tribe_events"}],"author":[{"embeddable":true,"href":"https:\/\/telemme.mmsh.fr\/index.php?rest_route=\/wp\/v2\/users\/175"}],"version-history":[{"count":1,"href":"https:\/\/telemme.mmsh.fr\/index.php?rest_route=\/wp\/v2\/tribe_events\/13746\/revisions"}],"predecessor-version":[{"id":13747,"href":"https:\/\/telemme.mmsh.fr\/index.php?rest_route=\/wp\/v2\/tribe_events\/13746\/revisions\/13747"}],"wp:featuredmedia":[{"embeddable":true,"href":"https:\/\/telemme.mmsh.fr\/index.php?rest_route=\/wp\/v2\/media\/13805"}],"wp:attachment":[{"href":"https:\/\/telemme.mmsh.fr\/index.php?rest_route=%2Fwp%2Fv2%2Fmedia&parent=13746"}],"wp:term":[{"taxonomy":"post_tag","embeddable":true,"href":"https:\/\/telemme.mmsh.fr\/index.php?rest_route=%2Fwp%2Fv2%2Ftags&post=13746"},{"taxonomy":"tribe_events_cat","embeddable":true,"href":"https:\/\/telemme.mmsh.fr\/index.php?rest_route=%2Fwp%2Fv2%2Ftribe_events_cat&post=13746"}],"curies":[{"name":"wp","href":"https:\/\/api.w.org\/{rel}","templated":true}]}}