{"id":13497,"date":"2023-11-13T12:11:07","date_gmt":"2023-11-13T11:11:07","guid":{"rendered":"https:\/\/telemme.mmsh.fr\/?post_type=tribe_events&#038;p=13497"},"modified":"2023-11-13T12:12:18","modified_gmt":"2023-11-13T11:12:18","slug":"orientation-scolaire-et-devenir-des-eleves-primo-migrants","status":"publish","type":"tribe_events","link":"https:\/\/telemme.mmsh.fr\/?tribe_events=orientation-scolaire-et-devenir-des-eleves-primo-migrants","title":{"rendered":"Orientation scolaire et devenir des \u00e9l\u00e8ves primo-migrants"},"content":{"rendered":"<p>Ce colloque s\u2019inscrit dans le projet de recherche OJEMIGR, \u00ab L\u2019orientation scolaire des jeunes migrants \u00bb (2021-2025), financ\u00e9 par l\u2019ANR (Agence nationale de la recherche), qui analyse la construction de l\u2019orientation scolaire post-troisi\u00e8me des jeunes primo-migrants dans le syst\u00e8me \u00e9ducatif fran\u00e7ais.<\/p>\n<p>Dans cinq acad\u00e9mies dont celle d\u2019Aix-Marseille, il s\u2019int\u00e9resse aux pratiques des coll\u00e9giens et des adultes intervenant aupr\u00e8s d\u2019eux.<\/p>\n<p>Ce colloque de mi projet vise \u00e0 restituer les r\u00e9sultats en cours relatifs \u00e0 la fin du coll\u00e8ge et \u00e0 l\u2019ann\u00e9e qui suit. Il proposera des pistes temporaires pour documenter les axes d\u2019analyse du projet national \u00e0 savoir : l\u2019\u00e9tude des parcours permettant de saisir les diff\u00e9rentes \u00e9tapes et structurations relatives de l\u2019orientation ; l\u2019\u00e9tude des registres de l\u00e9gitimations et de justifications autour des diff\u00e9rentes d\u00e9cisions ; l\u2019\u00e9tude des appropriations et des formes de r\u00e9actions sociales et de subjectivations des acteurs \u00e9ducatifs et des jeunes.<\/p>\n<p><strong>ORGANISATION ET PARTENARIATS<\/strong><\/p>\n<p>Organisateurs : Institut National Sup\u00e9rieur de l\u2019Education Inclusive (INSEI) \/ Grhapes (Paris) et Aix Marseille Universit\u00e9, UMR Temps, Espace, Langage, Europe m\u00e9ridionale, M\u00e9diterran\u00e9e (TELEMMe) (Aix en Provence)<\/p>\n<p><strong>COMIT\u00c9 SCIENTIFIQUE ET D\u2019ORGANISATION<\/strong><\/p>\n<p><strong>Pr\u00e9sidence : <\/strong>Ma\u00eftena Armagnague, Universit\u00e9 de Gen\u00e8ve, EduMij, INSEI, Grhapes et Virginie Baby-Collin, Aix Marseille Universit\u00e9, TELEMMe<\/p>\n<p>Ma\u00eftena Armagnague, Universit\u00e9 de Gen\u00e8ve, INSEI Gwena\u00eblle Audren, Aix Marseille Universit\u00e9, TELEMMe Virginie Baby-Collin, Aix Marseille Universit\u00e9, TELEMMe Anne Faure, MUCEM<\/p>\n<p>Caroline Chagniot, Aix Marseille Universit\u00e9, TELEMMe S\u00e9verine Maillet, INSEI<\/p>\n<p>C\u00e9line Persini, Universit\u00e9 de Gen\u00e8ve, INSEI, Grhapes Agn\u00e8s Rabion, Aix Marseille Universit\u00e9, TELEMMe<\/p>\n<p>Luna Russo, Aix Marseille Universit\u00e9, TELEMMe, AMPIRIC Alicia Zarb, Universit\u00e9 de Gen\u00e8ve, INSEI<\/p>\n<p><a href=\"https:\/\/telemme.mmsh.fr\/?evenement=orientation-scolaire-et-devenir-des-eleves-primo-migrants\">Programme<\/a><\/p>\n","protected":false},"excerpt":{"rendered":"<p>Orientation scolaire et devenir des \u00e9l\u00e8ves primo-migrants<\/p>\n","protected":false},"author":175,"featured_media":13495,"template":"","meta":{"neve_meta_sidebar":"","neve_meta_container":"","neve_meta_enable_content_width":"","neve_meta_content_width":0,"neve_meta_title_alignment":"","neve_meta_author_avatar":"","neve_post_elements_order":"","neve_meta_disable_header":"","neve_meta_disable_footer":"","neve_meta_disable_title":"","_tribe_events_status":"","_tribe_events_status_reason":"","footnotes":""},"tags":[],"tribe_events_cat":[2063],"class_list":["post-13497","tribe_events","type-tribe_events","status-publish","has-post-thumbnail","hentry","tribe_events_cat-colloque","cat_colloque"],"yoast_head":"<!-- This site is optimized with the Yoast SEO plugin v27.4 - https:\/\/yoast.com\/product\/yoast-seo-wordpress\/ -->\n<title>Orientation scolaire et devenir des \u00e9l\u00e8ves primo-migrants - TELEMMe - Temps, espaces, langages, Europe m\u00e9ridionale, M\u00e9diterran\u00e9e<\/title>\n<meta name=\"description\" content=\"Orientation scolaire et devenir des \u00e9l\u00e8ves primo-migrants\" \/>\n<meta name=\"robots\" content=\"index, follow, max-snippet:-1, max-image-preview:large, max-video-preview:-1\" \/>\n<link rel=\"canonical\" href=\"https:\/\/telemme.mmsh.fr\/?tribe_events=orientation-scolaire-et-devenir-des-eleves-primo-migrants\" \/>\n<meta property=\"og:locale\" content=\"fr_FR\" \/>\n<meta property=\"og:type\" content=\"article\" \/>\n<meta property=\"og:title\" content=\"Orientation scolaire et devenir des \u00e9l\u00e8ves primo-migrants - TELEMMe - Temps, espaces, langages, Europe m\u00e9ridionale, M\u00e9diterran\u00e9e\" \/>\n<meta property=\"og:description\" content=\"Orientation scolaire et devenir des \u00e9l\u00e8ves primo-migrants\" \/>\n<meta property=\"og:url\" content=\"https:\/\/telemme.mmsh.fr\/?tribe_events=orientation-scolaire-et-devenir-des-eleves-primo-migrants\" \/>\n<meta property=\"og:site_name\" content=\"TELEMMe - Temps, espaces, langages, Europe m\u00e9ridionale, M\u00e9diterran\u00e9e\" \/>\n<meta property=\"article:modified_time\" content=\"2023-11-13T11:12:18+00:00\" \/>\n<meta property=\"og:image\" content=\"https:\/\/telemme.mmsh.fr\/wp-content\/uploads\/2023\/11\/Capture-decran-2023-11-13-095009.png\" \/>\n\t<meta property=\"og:image:width\" content=\"257\" \/>\n\t<meta property=\"og:image:height\" content=\"260\" \/>\n\t<meta property=\"og:image:type\" content=\"image\/png\" \/>\n<meta name=\"twitter:card\" content=\"summary_large_image\" \/>\n<meta name=\"twitter:label1\" content=\"Dur\u00e9e de lecture estim\u00e9e\" \/>\n\t<meta name=\"twitter:data1\" content=\"1 minute\" \/>\n<script type=\"application\/ld+json\" class=\"yoast-schema-graph\">{\"@context\":\"https:\\\/\\\/schema.org\",\"@graph\":[{\"@type\":\"WebPage\",\"@id\":\"https:\\\/\\\/telemme.mmsh.fr\\\/?tribe_events=orientation-scolaire-et-devenir-des-eleves-primo-migrants\",\"url\":\"https:\\\/\\\/telemme.mmsh.fr\\\/?tribe_events=orientation-scolaire-et-devenir-des-eleves-primo-migrants\",\"name\":\"Orientation scolaire et devenir des \u00e9l\u00e8ves primo-migrants - TELEMMe - Temps, espaces, langages, Europe m\u00e9ridionale, M\u00e9diterran\u00e9e\",\"isPartOf\":{\"@id\":\"https:\\\/\\\/telemme.mmsh.fr\\\/#website\"},\"primaryImageOfPage\":{\"@id\":\"https:\\\/\\\/telemme.mmsh.fr\\\/?tribe_events=orientation-scolaire-et-devenir-des-eleves-primo-migrants#primaryimage\"},\"image\":{\"@id\":\"https:\\\/\\\/telemme.mmsh.fr\\\/?tribe_events=orientation-scolaire-et-devenir-des-eleves-primo-migrants#primaryimage\"},\"thumbnailUrl\":\"https:\\\/\\\/telemme.mmsh.fr\\\/wp-content\\\/uploads\\\/2023\\\/11\\\/Capture-decran-2023-11-13-095009.png\",\"datePublished\":\"2023-11-13T11:11:07+00:00\",\"dateModified\":\"2023-11-13T11:12:18+00:00\",\"description\":\"Orientation scolaire et devenir des \u00e9l\u00e8ves primo-migrants\",\"breadcrumb\":{\"@id\":\"https:\\\/\\\/telemme.mmsh.fr\\\/?tribe_events=orientation-scolaire-et-devenir-des-eleves-primo-migrants#breadcrumb\"},\"inLanguage\":\"fr-FR\",\"potentialAction\":[{\"@type\":\"ReadAction\",\"target\":[\"https:\\\/\\\/telemme.mmsh.fr\\\/?tribe_events=orientation-scolaire-et-devenir-des-eleves-primo-migrants\"]}]},{\"@type\":\"ImageObject\",\"inLanguage\":\"fr-FR\",\"@id\":\"https:\\\/\\\/telemme.mmsh.fr\\\/?tribe_events=orientation-scolaire-et-devenir-des-eleves-primo-migrants#primaryimage\",\"url\":\"https:\\\/\\\/telemme.mmsh.fr\\\/wp-content\\\/uploads\\\/2023\\\/11\\\/Capture-decran-2023-11-13-095009.png\",\"contentUrl\":\"https:\\\/\\\/telemme.mmsh.fr\\\/wp-content\\\/uploads\\\/2023\\\/11\\\/Capture-decran-2023-11-13-095009.png\",\"width\":257,\"height\":260,\"caption\":\"Le coll\u00e8ge vu par un \u00e9l\u00e8ve d\u2019Upe2a (Marseille 2023). Atelier men\u00e9 par Luna Russo (Aix-Marseille Universit\u00e9).\"},{\"@type\":\"BreadcrumbList\",\"@id\":\"https:\\\/\\\/telemme.mmsh.fr\\\/?tribe_events=orientation-scolaire-et-devenir-des-eleves-primo-migrants#breadcrumb\",\"itemListElement\":[{\"@type\":\"ListItem\",\"position\":1,\"name\":\"Accueil\",\"item\":\"https:\\\/\\\/telemme.mmsh.fr\\\/\"},{\"@type\":\"ListItem\",\"position\":2,\"name\":\"\u00c9v\u00e8nements\",\"item\":\"https:\\\/\\\/telemme.mmsh.fr\\\/?post_type=tribe_events\"},{\"@type\":\"ListItem\",\"position\":3,\"name\":\"Colloque\",\"item\":\"https:\\\/\\\/telemme.mmsh.fr\\\/?tribe_events_cat=colloque\"},{\"@type\":\"ListItem\",\"position\":4,\"name\":\"Orientation scolaire et devenir des \u00e9l\u00e8ves primo-migrants\"}]},{\"@type\":\"WebSite\",\"@id\":\"https:\\\/\\\/telemme.mmsh.fr\\\/#website\",\"url\":\"https:\\\/\\\/telemme.mmsh.fr\\\/\",\"name\":\"TELEMMe - Temps, espaces, langages, Europe m\u00e9ridionale, M\u00e9diterran\u00e9e\",\"description\":\"\",\"publisher\":{\"@id\":\"https:\\\/\\\/telemme.mmsh.fr\\\/#organization\"},\"potentialAction\":[{\"@type\":\"SearchAction\",\"target\":{\"@type\":\"EntryPoint\",\"urlTemplate\":\"https:\\\/\\\/telemme.mmsh.fr\\\/?s={search_term_string}\"},\"query-input\":{\"@type\":\"PropertyValueSpecification\",\"valueRequired\":true,\"valueName\":\"search_term_string\"}}],\"inLanguage\":\"fr-FR\"},{\"@type\":\"Organization\",\"@id\":\"https:\\\/\\\/telemme.mmsh.fr\\\/#organization\",\"name\":\"TELEMMe\",\"url\":\"https:\\\/\\\/telemme.mmsh.fr\\\/\",\"logo\":{\"@type\":\"ImageObject\",\"inLanguage\":\"fr-FR\",\"@id\":\"https:\\\/\\\/telemme.mmsh.fr\\\/#\\\/schema\\\/logo\\\/image\\\/\",\"url\":\"https:\\\/\\\/telemme.mmsh.fr\\\/wp-content\\\/uploads\\\/2020\\\/03\\\/LogoTELEMMe-horizontal-fond-transparent.png\",\"contentUrl\":\"https:\\\/\\\/telemme.mmsh.fr\\\/wp-content\\\/uploads\\\/2020\\\/03\\\/LogoTELEMMe-horizontal-fond-transparent.png\",\"width\":1500,\"height\":437,\"caption\":\"TELEMMe\"},\"image\":{\"@id\":\"https:\\\/\\\/telemme.mmsh.fr\\\/#\\\/schema\\\/logo\\\/image\\\/\"}}]}<\/script>\n<!-- \/ Yoast SEO plugin. -->","yoast_head_json":{"title":"Orientation scolaire et devenir des \u00e9l\u00e8ves primo-migrants - TELEMMe - Temps, espaces, langages, Europe m\u00e9ridionale, M\u00e9diterran\u00e9e","description":"Orientation scolaire et devenir des \u00e9l\u00e8ves primo-migrants","robots":{"index":"index","follow":"follow","max-snippet":"max-snippet:-1","max-image-preview":"max-image-preview:large","max-video-preview":"max-video-preview:-1"},"canonical":"https:\/\/telemme.mmsh.fr\/?tribe_events=orientation-scolaire-et-devenir-des-eleves-primo-migrants","og_locale":"fr_FR","og_type":"article","og_title":"Orientation scolaire et devenir des \u00e9l\u00e8ves primo-migrants - TELEMMe - Temps, espaces, langages, Europe m\u00e9ridionale, M\u00e9diterran\u00e9e","og_description":"Orientation scolaire et devenir des \u00e9l\u00e8ves primo-migrants","og_url":"https:\/\/telemme.mmsh.fr\/?tribe_events=orientation-scolaire-et-devenir-des-eleves-primo-migrants","og_site_name":"TELEMMe - Temps, espaces, langages, Europe m\u00e9ridionale, M\u00e9diterran\u00e9e","article_modified_time":"2023-11-13T11:12:18+00:00","og_image":[{"width":257,"height":260,"url":"https:\/\/telemme.mmsh.fr\/wp-content\/uploads\/2023\/11\/Capture-decran-2023-11-13-095009.png","type":"image\/png"}],"twitter_card":"summary_large_image","twitter_misc":{"Dur\u00e9e de lecture estim\u00e9e":"1 minute"},"schema":{"@context":"https:\/\/schema.org","@graph":[{"@type":"WebPage","@id":"https:\/\/telemme.mmsh.fr\/?tribe_events=orientation-scolaire-et-devenir-des-eleves-primo-migrants","url":"https:\/\/telemme.mmsh.fr\/?tribe_events=orientation-scolaire-et-devenir-des-eleves-primo-migrants","name":"Orientation scolaire et devenir des \u00e9l\u00e8ves primo-migrants - TELEMMe - Temps, espaces, langages, Europe m\u00e9ridionale, M\u00e9diterran\u00e9e","isPartOf":{"@id":"https:\/\/telemme.mmsh.fr\/#website"},"primaryImageOfPage":{"@id":"https:\/\/telemme.mmsh.fr\/?tribe_events=orientation-scolaire-et-devenir-des-eleves-primo-migrants#primaryimage"},"image":{"@id":"https:\/\/telemme.mmsh.fr\/?tribe_events=orientation-scolaire-et-devenir-des-eleves-primo-migrants#primaryimage"},"thumbnailUrl":"https:\/\/telemme.mmsh.fr\/wp-content\/uploads\/2023\/11\/Capture-decran-2023-11-13-095009.png","datePublished":"2023-11-13T11:11:07+00:00","dateModified":"2023-11-13T11:12:18+00:00","description":"Orientation scolaire et devenir des \u00e9l\u00e8ves primo-migrants","breadcrumb":{"@id":"https:\/\/telemme.mmsh.fr\/?tribe_events=orientation-scolaire-et-devenir-des-eleves-primo-migrants#breadcrumb"},"inLanguage":"fr-FR","potentialAction":[{"@type":"ReadAction","target":["https:\/\/telemme.mmsh.fr\/?tribe_events=orientation-scolaire-et-devenir-des-eleves-primo-migrants"]}]},{"@type":"ImageObject","inLanguage":"fr-FR","@id":"https:\/\/telemme.mmsh.fr\/?tribe_events=orientation-scolaire-et-devenir-des-eleves-primo-migrants#primaryimage","url":"https:\/\/telemme.mmsh.fr\/wp-content\/uploads\/2023\/11\/Capture-decran-2023-11-13-095009.png","contentUrl":"https:\/\/telemme.mmsh.fr\/wp-content\/uploads\/2023\/11\/Capture-decran-2023-11-13-095009.png","width":257,"height":260,"caption":"Le coll\u00e8ge vu par un \u00e9l\u00e8ve d\u2019Upe2a (Marseille 2023). Atelier men\u00e9 par Luna Russo (Aix-Marseille Universit\u00e9)."},{"@type":"BreadcrumbList","@id":"https:\/\/telemme.mmsh.fr\/?tribe_events=orientation-scolaire-et-devenir-des-eleves-primo-migrants#breadcrumb","itemListElement":[{"@type":"ListItem","position":1,"name":"Accueil","item":"https:\/\/telemme.mmsh.fr\/"},{"@type":"ListItem","position":2,"name":"\u00c9v\u00e8nements","item":"https:\/\/telemme.mmsh.fr\/?post_type=tribe_events"},{"@type":"ListItem","position":3,"name":"Colloque","item":"https:\/\/telemme.mmsh.fr\/?tribe_events_cat=colloque"},{"@type":"ListItem","position":4,"name":"Orientation scolaire et devenir des \u00e9l\u00e8ves primo-migrants"}]},{"@type":"WebSite","@id":"https:\/\/telemme.mmsh.fr\/#website","url":"https:\/\/telemme.mmsh.fr\/","name":"TELEMMe - Temps, espaces, langages, Europe m\u00e9ridionale, M\u00e9diterran\u00e9e","description":"","publisher":{"@id":"https:\/\/telemme.mmsh.fr\/#organization"},"potentialAction":[{"@type":"SearchAction","target":{"@type":"EntryPoint","urlTemplate":"https:\/\/telemme.mmsh.fr\/?s={search_term_string}"},"query-input":{"@type":"PropertyValueSpecification","valueRequired":true,"valueName":"search_term_string"}}],"inLanguage":"fr-FR"},{"@type":"Organization","@id":"https:\/\/telemme.mmsh.fr\/#organization","name":"TELEMMe","url":"https:\/\/telemme.mmsh.fr\/","logo":{"@type":"ImageObject","inLanguage":"fr-FR","@id":"https:\/\/telemme.mmsh.fr\/#\/schema\/logo\/image\/","url":"https:\/\/telemme.mmsh.fr\/wp-content\/uploads\/2020\/03\/LogoTELEMMe-horizontal-fond-transparent.png","contentUrl":"https:\/\/telemme.mmsh.fr\/wp-content\/uploads\/2020\/03\/LogoTELEMMe-horizontal-fond-transparent.png","width":1500,"height":437,"caption":"TELEMMe"},"image":{"@id":"https:\/\/telemme.mmsh.fr\/#\/schema\/logo\/image\/"}}]}},"_links":{"self":[{"href":"https:\/\/telemme.mmsh.fr\/index.php?rest_route=\/wp\/v2\/tribe_events\/13497","targetHints":{"allow":["GET"]}}],"collection":[{"href":"https:\/\/telemme.mmsh.fr\/index.php?rest_route=\/wp\/v2\/tribe_events"}],"about":[{"href":"https:\/\/telemme.mmsh.fr\/index.php?rest_route=\/wp\/v2\/types\/tribe_events"}],"author":[{"embeddable":true,"href":"https:\/\/telemme.mmsh.fr\/index.php?rest_route=\/wp\/v2\/users\/175"}],"version-history":[{"count":1,"href":"https:\/\/telemme.mmsh.fr\/index.php?rest_route=\/wp\/v2\/tribe_events\/13497\/revisions"}],"predecessor-version":[{"id":13498,"href":"https:\/\/telemme.mmsh.fr\/index.php?rest_route=\/wp\/v2\/tribe_events\/13497\/revisions\/13498"}],"wp:featuredmedia":[{"embeddable":true,"href":"https:\/\/telemme.mmsh.fr\/index.php?rest_route=\/wp\/v2\/media\/13495"}],"wp:attachment":[{"href":"https:\/\/telemme.mmsh.fr\/index.php?rest_route=%2Fwp%2Fv2%2Fmedia&parent=13497"}],"wp:term":[{"taxonomy":"post_tag","embeddable":true,"href":"https:\/\/telemme.mmsh.fr\/index.php?rest_route=%2Fwp%2Fv2%2Ftags&post=13497"},{"taxonomy":"tribe_events_cat","embeddable":true,"href":"https:\/\/telemme.mmsh.fr\/index.php?rest_route=%2Fwp%2Fv2%2Ftribe_events_cat&post=13497"}],"curies":[{"name":"wp","href":"https:\/\/api.w.org\/{rel}","templated":true}]}}