{"id":13421,"date":"2023-10-25T15:24:22","date_gmt":"2023-10-25T13:24:22","guid":{"rendered":"https:\/\/telemme.mmsh.fr\/?post_type=tribe_events&#038;p=13421"},"modified":"2023-10-25T15:24:22","modified_gmt":"2023-10-25T13:24:22","slug":"letude-de-la-biodiversite-marine-au-service-de-la-conservation","status":"publish","type":"tribe_events","link":"https:\/\/telemme.mmsh.fr\/?tribe_events=letude-de-la-biodiversite-marine-au-service-de-la-conservation","title":{"rendered":"L\u2019\u00e9tude de la biodiversit\u00e9 marine au service de la conservation"},"content":{"rendered":"<p>L\u2019Institut OCEAN a le plaisir de vous convier \u00e0 un s\u00e9minaire qui se tiendra le\u00a014 novembre 2023\u00a0de 11h \u00e0 12h, salle Paul Albert F\u00e9vrier de la MMSH \u00e0 Aix-en-Provence. Les communications porteront sur\u00a0:<\/p>\n<p><strong>1\/ \u00ab\u00a0Les\u00a0Repr\u00e9sentations de l\u2019oc\u00e9an\u00a0: comment contribuent-elles \u00e0 la perception des effets des activit\u00e9s humaines sur les animaux marins\u00a0? (<em>Le Figaro<\/em>,\u00a0<em>Le Monde<\/em>\u00a0et\u00a0<em>Lib\u00e9ration<\/em>)\u00a0\u00bb, Sandrine LAGE\u00a0<\/strong><\/p>\n<p><em>Dans le cadre de son doctorat \u00e0 Sorbonne Universit\u00e9 (ED433) et sous la direction de la s\u00e9mioticienne Astrid Guillaume, Sandrine Lage, MRes SIC (CELSA\/Sorbonne Universit\u00e9) et MSc\u00a0Sustainability\u00a0(Cranfield University), a \u00e9t\u00e9 s\u00e9lectionn\u00e9e par\u00a0l\u2019Institut de la Transition Environnementale\u00a0de Sorbonne Universit\u00e9 pour int\u00e9grer le programme doctoral europ\u00e9en et interdisciplinaire\u00a0Collegio Futuro\u00a0(pour les futurs leaders d\u2019un avenir europ\u00e9en durable).<\/em><\/p>\n<p><em>Sandrine Lage concentre sa recherche sur la transformation m\u00e9diatique \u00e0 l\u2019origine des interactions entre les repr\u00e9sentations des animaux marins dans le d\u00e9bat public et les effets des activit\u00e9s anthropiques. Ce qui permet d\u2019illustrer comment s\u2019inscrit la red\u00e9finition du bien-\u00eatre des animaux marins, sujet de ses interventions en 2022, \u00e0 Sorbonne Universit\u00e9, dont l\u2019Institut de l\u2019Oc\u00e9an, puis \u00e0 Durham et Oxford (Royaume-Uni). Sandrine Lage est \u00e9galement l\u2019autrice d\u2019un roman jeunesse dans lequel l\u2019Oc\u00e9an Atlantique est au centre de l\u2019histoire, ainsi que des illustrations.<\/em><\/p>\n<p>R\u00e9sum\u00e9\u00a0:<\/p>\n<p>Sachant que la France dispose du deuxi\u00e8me domaine maritime du monde et que 95% des esp\u00e8ces marines sont menac\u00e9es par l\u2019activit\u00e9 humaine, leur repr\u00e9sentation et celle de leur habitat est donc cruciale pour leur \u00e9tude et leur conservation. En particulier, quand il a \u00e9t\u00e9 observ\u00e9 dans d\u2019autres \u00e9tudes que la tendance des choix \u00e9ditoriaux repose essentiellement sur des sujets li\u00e9s \u00e0 un environnement terrestre. \u00c0 la lumi\u00e8re de cette probl\u00e9matique,\u00a0l\u2019intervention de Sandrine Lage\u00a0s\u2019articulera\u00a0autour des interactions entre les repr\u00e9sentations de l\u2019oc\u00e9an et la perception des effets des activit\u00e9s humaines sur les animaux marins dans le d\u00e9bat public. Illustrer cette transformation m\u00e9diatique implique, par cons\u00e9quent, d\u2019interroger les configurations courantes de l\u2019approche m\u00e9diatique de la \u00ab presse g\u00e9n\u00e9raliste fran\u00e7aise \u00bb. En s\u2019appuyant sur \u00ab\u00a0La Perspective Atlantique\u00a0\u00bb (H\u00e9l\u00e8ne Artaud, 2022), cette analyse de 5 338 articles, du 1er janvier 2013 au 30 juin 2023, est issue de trois quotidiens fran\u00e7ais\u00a0<em>Le Figaro<\/em>,\u00a0<em>Le Monde<\/em>\u00a0et\u00a0<em>Lib\u00e9ration<\/em>.<\/p>\n<p><strong>2\/ \u00ab\u00a0L\u2019\u00e9tude de la biodiversit\u00e9 marine au service de la conservation\u00a0\u00bb, Anne-Sophie Tribot, Post doctorante (programme\u00a0<a href=\"https:\/\/telemme.mmsh.fr\/?post_type=projets&amp;p=6522\">BIODIVAQUART<\/a>), UMR TELEMMe, AMU-CNRS.<\/strong><\/p>\n<p><em>Anne-Sophie Tribot est post-doctorante dans le cadre du programme interdisciplinaire \u00ab\u00a0BiodivAquArt, la biodiversit\u00e9 aquatique dans l\u2019art (2021-2023)\u00a0\u00bb, port\u00e9 par Daniel Faget (UMR TELEMMe, AMU) et Thomas Changeux (MIO, IRD). \u00c9cologue de formation, Anne-Sophie Tribot s\u2019int\u00e9resse \u00e0 la perception humaine de la biodiversit\u00e9, notamment \u00e0 travers la valeur esth\u00e9tique de la nature. Associant les outils de l\u2019\u00e9cologie et des sciences humaines, l\u2019objectif de ses recherches est de produire des outils et connaissances interdisciplinaires n\u00e9cessaires \u00e0 une conservation durable et socialement acceptable de la biodiversit\u00e9.<\/em><\/p>\n<p>R\u00e9sum\u00e9\u00a0:<\/p>\n<p>Cette communication pr\u00e9sente un bilan du projet BiodivAquArt, dont l\u2019objectif est d\u2019examiner la repr\u00e9sentation de la biodiversit\u00e9 aquatique dans la peinture moderne en Europe (du XVIe au XVIIIe si\u00e8cles) afin de renseigner la biodiversit\u00e9 pass\u00e9e. Les r\u00e9sultats mettent en \u00e9vidence l\u2019int\u00e9r\u00eat de telles \u0153uvres en \u00e9cologie historique, dans le but de mieux comprendre l\u2019\u00e9volution de nos rapports \u00e0 la biodiversit\u00e9 aquatique ainsi que ses variations au cours du temps. L\u2019originalit\u00e9 de cette approche souligne \u00e9galement comment peuvent s\u2019op\u00e9rer les apports mutuels entre \u00e9cologie, histoire environnementale et histoire de l\u2019art. La peinture moderne constitue par ailleurs un patrimoine historique et culturel inexploit\u00e9 de connexion \u00e0 la nature, permettant d\u2019observer la nature avec r\u00e9alisme et \u00e9merveillement, et de questionner notre rapport \u00e0 la nature face \u00e0 celui des soci\u00e9t\u00e9s pass\u00e9es. Dans cette perspective, seront pr\u00e9sent\u00e9s les r\u00e9sultats d\u2019une \u00e9tude quantitative destin\u00e9e \u00e0 caract\u00e9riser -\u00e0 travers la peinture moderne- les liens entre exp\u00e9rience esth\u00e9tique, connexion \u00e0 la nature et conservation de la biodiversit\u00e9, au croisement entre arts et sciences.<\/p>\n<p>&nbsp;<\/p>\n<p>&nbsp;<\/p>\n<p><a href=\"https:\/\/telemme.mmsh.fr\/?evenement=letude-de-la-biodiversite-marine-au-service-de-la-conservation\">Programme<\/a><\/p>\n","protected":false},"excerpt":{"rendered":"<p>L\u2019Institut OCEAN a le plaisir de vous convier \u00e0 un s\u00e9minaire qui se tiendra le\u00a014 novembre 2023\u00a0de 11h \u00e0 12h, salle Paul Albert F\u00e9vrier de la MMSH \u00e0 Aix-en-Provence. Les&hellip;&nbsp;<a href=\"https:\/\/telemme.mmsh.fr\/?tribe_events=letude-de-la-biodiversite-marine-au-service-de-la-conservation\" rel=\"bookmark\">Lire la suite &raquo;<span class=\"screen-reader-text\">L\u2019\u00e9tude de la biodiversit\u00e9 marine au service de la conservation<\/span><\/a><\/p>\n","protected":false},"author":175,"featured_media":11949,"template":"","meta":{"neve_meta_sidebar":"","neve_meta_container":"","neve_meta_enable_content_width":"","neve_meta_content_width":0,"neve_meta_title_alignment":"","neve_meta_author_avatar":"","neve_post_elements_order":"","neve_meta_disable_header":"","neve_meta_disable_footer":"","neve_meta_disable_title":"","_tribe_events_status":"","_tribe_events_status_reason":"","footnotes":""},"tags":[],"tribe_events_cat":[1831],"class_list":["post-13421","tribe_events","type-tribe_events","status-publish","has-post-thumbnail","hentry","tribe_events_cat-seminaire","cat_seminaire"],"yoast_head":"<!-- This site is optimized with the Yoast SEO plugin v27.4 - https:\/\/yoast.com\/product\/yoast-seo-wordpress\/ -->\n<title>L\u2019\u00e9tude de la biodiversit\u00e9 marine au service de la conservation - TELEMMe - Temps, espaces, langages, Europe m\u00e9ridionale, M\u00e9diterran\u00e9e<\/title>\n<meta name=\"description\" content=\"L\u2019\u00e9tude de la biodiversit\u00e9 marine au service de la conservation\" \/>\n<meta name=\"robots\" content=\"index, follow, max-snippet:-1, max-image-preview:large, max-video-preview:-1\" \/>\n<link rel=\"canonical\" href=\"https:\/\/telemme.mmsh.fr\/?tribe_events=letude-de-la-biodiversite-marine-au-service-de-la-conservation\" \/>\n<meta property=\"og:locale\" content=\"fr_FR\" \/>\n<meta property=\"og:type\" content=\"article\" \/>\n<meta property=\"og:title\" content=\"L\u2019\u00e9tude de la biodiversit\u00e9 marine au service de la conservation - TELEMMe - Temps, espaces, langages, Europe m\u00e9ridionale, M\u00e9diterran\u00e9e\" \/>\n<meta property=\"og:description\" content=\"L\u2019\u00e9tude de la biodiversit\u00e9 marine au service de la conservation\" \/>\n<meta property=\"og:url\" content=\"https:\/\/telemme.mmsh.fr\/?tribe_events=letude-de-la-biodiversite-marine-au-service-de-la-conservation\" \/>\n<meta property=\"og:site_name\" content=\"TELEMMe - Temps, espaces, langages, Europe m\u00e9ridionale, M\u00e9diterran\u00e9e\" \/>\n<meta property=\"og:image\" content=\"https:\/\/telemme.mmsh.fr\/wp-content\/uploads\/2022\/10\/Recco_Pesci-e-Molluschi.jpg\" \/>\n\t<meta property=\"og:image:width\" content=\"760\" \/>\n\t<meta property=\"og:image:height\" content=\"570\" \/>\n\t<meta property=\"og:image:type\" content=\"image\/jpeg\" \/>\n<meta name=\"twitter:card\" content=\"summary_large_image\" \/>\n<meta name=\"twitter:label1\" content=\"Dur\u00e9e de lecture estim\u00e9e\" \/>\n\t<meta name=\"twitter:data1\" content=\"4 minutes\" \/>\n<script type=\"application\/ld+json\" class=\"yoast-schema-graph\">{\"@context\":\"https:\\\/\\\/schema.org\",\"@graph\":[{\"@type\":\"WebPage\",\"@id\":\"https:\\\/\\\/telemme.mmsh.fr\\\/?tribe_events=letude-de-la-biodiversite-marine-au-service-de-la-conservation\",\"url\":\"https:\\\/\\\/telemme.mmsh.fr\\\/?tribe_events=letude-de-la-biodiversite-marine-au-service-de-la-conservation\",\"name\":\"L\u2019\u00e9tude de la biodiversit\u00e9 marine au service de la conservation - TELEMMe - Temps, espaces, langages, Europe m\u00e9ridionale, M\u00e9diterran\u00e9e\",\"isPartOf\":{\"@id\":\"https:\\\/\\\/telemme.mmsh.fr\\\/#website\"},\"primaryImageOfPage\":{\"@id\":\"https:\\\/\\\/telemme.mmsh.fr\\\/?tribe_events=letude-de-la-biodiversite-marine-au-service-de-la-conservation#primaryimage\"},\"image\":{\"@id\":\"https:\\\/\\\/telemme.mmsh.fr\\\/?tribe_events=letude-de-la-biodiversite-marine-au-service-de-la-conservation#primaryimage\"},\"thumbnailUrl\":\"https:\\\/\\\/telemme.mmsh.fr\\\/wp-content\\\/uploads\\\/2022\\\/10\\\/Recco_Pesci-e-Molluschi.jpg\",\"datePublished\":\"2023-10-25T13:24:22+00:00\",\"description\":\"L\u2019\u00e9tude de la biodiversit\u00e9 marine au service de la conservation\",\"breadcrumb\":{\"@id\":\"https:\\\/\\\/telemme.mmsh.fr\\\/?tribe_events=letude-de-la-biodiversite-marine-au-service-de-la-conservation#breadcrumb\"},\"inLanguage\":\"fr-FR\",\"potentialAction\":[{\"@type\":\"ReadAction\",\"target\":[\"https:\\\/\\\/telemme.mmsh.fr\\\/?tribe_events=letude-de-la-biodiversite-marine-au-service-de-la-conservation\"]}]},{\"@type\":\"ImageObject\",\"inLanguage\":\"fr-FR\",\"@id\":\"https:\\\/\\\/telemme.mmsh.fr\\\/?tribe_events=letude-de-la-biodiversite-marine-au-service-de-la-conservation#primaryimage\",\"url\":\"https:\\\/\\\/telemme.mmsh.fr\\\/wp-content\\\/uploads\\\/2022\\\/10\\\/Recco_Pesci-e-Molluschi.jpg\",\"contentUrl\":\"https:\\\/\\\/telemme.mmsh.fr\\\/wp-content\\\/uploads\\\/2022\\\/10\\\/Recco_Pesci-e-Molluschi.jpg\",\"width\":760,\"height\":570,\"caption\":\"Recco, Giuseppe [Naples, 1634 \u2013 Alicante, 1695], Natura morta con pesci e molluschi (1675-1680). Collezione Intesa Sanpaolo, Gallerie d\u2019Italia (Naples); image courtesy of the Archivio Patrimonio Artistico Intesa Sanpaolo, photographic credit: Luciano Pedicini, Naples.\"},{\"@type\":\"BreadcrumbList\",\"@id\":\"https:\\\/\\\/telemme.mmsh.fr\\\/?tribe_events=letude-de-la-biodiversite-marine-au-service-de-la-conservation#breadcrumb\",\"itemListElement\":[{\"@type\":\"ListItem\",\"position\":1,\"name\":\"Accueil\",\"item\":\"https:\\\/\\\/telemme.mmsh.fr\\\/\"},{\"@type\":\"ListItem\",\"position\":2,\"name\":\"\u00c9v\u00e8nements\",\"item\":\"https:\\\/\\\/telemme.mmsh.fr\\\/?post_type=tribe_events\"},{\"@type\":\"ListItem\",\"position\":3,\"name\":\"S\u00e9minaire\",\"item\":\"https:\\\/\\\/telemme.mmsh.fr\\\/?tribe_events_cat=seminaire\"},{\"@type\":\"ListItem\",\"position\":4,\"name\":\"L\u2019\u00e9tude de la biodiversit\u00e9 marine au service de la conservation\"}]},{\"@type\":\"WebSite\",\"@id\":\"https:\\\/\\\/telemme.mmsh.fr\\\/#website\",\"url\":\"https:\\\/\\\/telemme.mmsh.fr\\\/\",\"name\":\"TELEMMe - Temps, espaces, langages, Europe m\u00e9ridionale, M\u00e9diterran\u00e9e\",\"description\":\"\",\"publisher\":{\"@id\":\"https:\\\/\\\/telemme.mmsh.fr\\\/#organization\"},\"potentialAction\":[{\"@type\":\"SearchAction\",\"target\":{\"@type\":\"EntryPoint\",\"urlTemplate\":\"https:\\\/\\\/telemme.mmsh.fr\\\/?s={search_term_string}\"},\"query-input\":{\"@type\":\"PropertyValueSpecification\",\"valueRequired\":true,\"valueName\":\"search_term_string\"}}],\"inLanguage\":\"fr-FR\"},{\"@type\":\"Organization\",\"@id\":\"https:\\\/\\\/telemme.mmsh.fr\\\/#organization\",\"name\":\"TELEMMe\",\"url\":\"https:\\\/\\\/telemme.mmsh.fr\\\/\",\"logo\":{\"@type\":\"ImageObject\",\"inLanguage\":\"fr-FR\",\"@id\":\"https:\\\/\\\/telemme.mmsh.fr\\\/#\\\/schema\\\/logo\\\/image\\\/\",\"url\":\"https:\\\/\\\/telemme.mmsh.fr\\\/wp-content\\\/uploads\\\/2020\\\/03\\\/LogoTELEMMe-horizontal-fond-transparent.png\",\"contentUrl\":\"https:\\\/\\\/telemme.mmsh.fr\\\/wp-content\\\/uploads\\\/2020\\\/03\\\/LogoTELEMMe-horizontal-fond-transparent.png\",\"width\":1500,\"height\":437,\"caption\":\"TELEMMe\"},\"image\":{\"@id\":\"https:\\\/\\\/telemme.mmsh.fr\\\/#\\\/schema\\\/logo\\\/image\\\/\"}}]}<\/script>\n<!-- \/ Yoast SEO plugin. -->","yoast_head_json":{"title":"L\u2019\u00e9tude de la biodiversit\u00e9 marine au service de la conservation - TELEMMe - Temps, espaces, langages, Europe m\u00e9ridionale, M\u00e9diterran\u00e9e","description":"L\u2019\u00e9tude de la biodiversit\u00e9 marine au service de la conservation","robots":{"index":"index","follow":"follow","max-snippet":"max-snippet:-1","max-image-preview":"max-image-preview:large","max-video-preview":"max-video-preview:-1"},"canonical":"https:\/\/telemme.mmsh.fr\/?tribe_events=letude-de-la-biodiversite-marine-au-service-de-la-conservation","og_locale":"fr_FR","og_type":"article","og_title":"L\u2019\u00e9tude de la biodiversit\u00e9 marine au service de la conservation - TELEMMe - Temps, espaces, langages, Europe m\u00e9ridionale, M\u00e9diterran\u00e9e","og_description":"L\u2019\u00e9tude de la biodiversit\u00e9 marine au service de la conservation","og_url":"https:\/\/telemme.mmsh.fr\/?tribe_events=letude-de-la-biodiversite-marine-au-service-de-la-conservation","og_site_name":"TELEMMe - Temps, espaces, langages, Europe m\u00e9ridionale, M\u00e9diterran\u00e9e","og_image":[{"width":760,"height":570,"url":"https:\/\/telemme.mmsh.fr\/wp-content\/uploads\/2022\/10\/Recco_Pesci-e-Molluschi.jpg","type":"image\/jpeg"}],"twitter_card":"summary_large_image","twitter_misc":{"Dur\u00e9e de lecture estim\u00e9e":"4 minutes"},"schema":{"@context":"https:\/\/schema.org","@graph":[{"@type":"WebPage","@id":"https:\/\/telemme.mmsh.fr\/?tribe_events=letude-de-la-biodiversite-marine-au-service-de-la-conservation","url":"https:\/\/telemme.mmsh.fr\/?tribe_events=letude-de-la-biodiversite-marine-au-service-de-la-conservation","name":"L\u2019\u00e9tude de la biodiversit\u00e9 marine au service de la conservation - TELEMMe - Temps, espaces, langages, Europe m\u00e9ridionale, M\u00e9diterran\u00e9e","isPartOf":{"@id":"https:\/\/telemme.mmsh.fr\/#website"},"primaryImageOfPage":{"@id":"https:\/\/telemme.mmsh.fr\/?tribe_events=letude-de-la-biodiversite-marine-au-service-de-la-conservation#primaryimage"},"image":{"@id":"https:\/\/telemme.mmsh.fr\/?tribe_events=letude-de-la-biodiversite-marine-au-service-de-la-conservation#primaryimage"},"thumbnailUrl":"https:\/\/telemme.mmsh.fr\/wp-content\/uploads\/2022\/10\/Recco_Pesci-e-Molluschi.jpg","datePublished":"2023-10-25T13:24:22+00:00","description":"L\u2019\u00e9tude de la biodiversit\u00e9 marine au service de la conservation","breadcrumb":{"@id":"https:\/\/telemme.mmsh.fr\/?tribe_events=letude-de-la-biodiversite-marine-au-service-de-la-conservation#breadcrumb"},"inLanguage":"fr-FR","potentialAction":[{"@type":"ReadAction","target":["https:\/\/telemme.mmsh.fr\/?tribe_events=letude-de-la-biodiversite-marine-au-service-de-la-conservation"]}]},{"@type":"ImageObject","inLanguage":"fr-FR","@id":"https:\/\/telemme.mmsh.fr\/?tribe_events=letude-de-la-biodiversite-marine-au-service-de-la-conservation#primaryimage","url":"https:\/\/telemme.mmsh.fr\/wp-content\/uploads\/2022\/10\/Recco_Pesci-e-Molluschi.jpg","contentUrl":"https:\/\/telemme.mmsh.fr\/wp-content\/uploads\/2022\/10\/Recco_Pesci-e-Molluschi.jpg","width":760,"height":570,"caption":"Recco, Giuseppe [Naples, 1634 \u2013 Alicante, 1695], Natura morta con pesci e molluschi (1675-1680). Collezione Intesa Sanpaolo, Gallerie d\u2019Italia (Naples); image courtesy of the Archivio Patrimonio Artistico Intesa Sanpaolo, photographic credit: Luciano Pedicini, Naples."},{"@type":"BreadcrumbList","@id":"https:\/\/telemme.mmsh.fr\/?tribe_events=letude-de-la-biodiversite-marine-au-service-de-la-conservation#breadcrumb","itemListElement":[{"@type":"ListItem","position":1,"name":"Accueil","item":"https:\/\/telemme.mmsh.fr\/"},{"@type":"ListItem","position":2,"name":"\u00c9v\u00e8nements","item":"https:\/\/telemme.mmsh.fr\/?post_type=tribe_events"},{"@type":"ListItem","position":3,"name":"S\u00e9minaire","item":"https:\/\/telemme.mmsh.fr\/?tribe_events_cat=seminaire"},{"@type":"ListItem","position":4,"name":"L\u2019\u00e9tude de la biodiversit\u00e9 marine au service de la conservation"}]},{"@type":"WebSite","@id":"https:\/\/telemme.mmsh.fr\/#website","url":"https:\/\/telemme.mmsh.fr\/","name":"TELEMMe - Temps, espaces, langages, Europe m\u00e9ridionale, M\u00e9diterran\u00e9e","description":"","publisher":{"@id":"https:\/\/telemme.mmsh.fr\/#organization"},"potentialAction":[{"@type":"SearchAction","target":{"@type":"EntryPoint","urlTemplate":"https:\/\/telemme.mmsh.fr\/?s={search_term_string}"},"query-input":{"@type":"PropertyValueSpecification","valueRequired":true,"valueName":"search_term_string"}}],"inLanguage":"fr-FR"},{"@type":"Organization","@id":"https:\/\/telemme.mmsh.fr\/#organization","name":"TELEMMe","url":"https:\/\/telemme.mmsh.fr\/","logo":{"@type":"ImageObject","inLanguage":"fr-FR","@id":"https:\/\/telemme.mmsh.fr\/#\/schema\/logo\/image\/","url":"https:\/\/telemme.mmsh.fr\/wp-content\/uploads\/2020\/03\/LogoTELEMMe-horizontal-fond-transparent.png","contentUrl":"https:\/\/telemme.mmsh.fr\/wp-content\/uploads\/2020\/03\/LogoTELEMMe-horizontal-fond-transparent.png","width":1500,"height":437,"caption":"TELEMMe"},"image":{"@id":"https:\/\/telemme.mmsh.fr\/#\/schema\/logo\/image\/"}}]}},"_links":{"self":[{"href":"https:\/\/telemme.mmsh.fr\/index.php?rest_route=\/wp\/v2\/tribe_events\/13421","targetHints":{"allow":["GET"]}}],"collection":[{"href":"https:\/\/telemme.mmsh.fr\/index.php?rest_route=\/wp\/v2\/tribe_events"}],"about":[{"href":"https:\/\/telemme.mmsh.fr\/index.php?rest_route=\/wp\/v2\/types\/tribe_events"}],"author":[{"embeddable":true,"href":"https:\/\/telemme.mmsh.fr\/index.php?rest_route=\/wp\/v2\/users\/175"}],"version-history":[{"count":1,"href":"https:\/\/telemme.mmsh.fr\/index.php?rest_route=\/wp\/v2\/tribe_events\/13421\/revisions"}],"predecessor-version":[{"id":13422,"href":"https:\/\/telemme.mmsh.fr\/index.php?rest_route=\/wp\/v2\/tribe_events\/13421\/revisions\/13422"}],"wp:featuredmedia":[{"embeddable":true,"href":"https:\/\/telemme.mmsh.fr\/index.php?rest_route=\/wp\/v2\/media\/11949"}],"wp:attachment":[{"href":"https:\/\/telemme.mmsh.fr\/index.php?rest_route=%2Fwp%2Fv2%2Fmedia&parent=13421"}],"wp:term":[{"taxonomy":"post_tag","embeddable":true,"href":"https:\/\/telemme.mmsh.fr\/index.php?rest_route=%2Fwp%2Fv2%2Ftags&post=13421"},{"taxonomy":"tribe_events_cat","embeddable":true,"href":"https:\/\/telemme.mmsh.fr\/index.php?rest_route=%2Fwp%2Fv2%2Ftribe_events_cat&post=13421"}],"curies":[{"name":"wp","href":"https:\/\/api.w.org\/{rel}","templated":true}]}}