{"id":13331,"date":"2023-10-04T11:20:20","date_gmt":"2023-10-04T09:20:20","guid":{"rendered":"https:\/\/telemme.mmsh.fr\/?post_type=tribe_events&#038;p=13331"},"modified":"2023-10-04T11:20:20","modified_gmt":"2023-10-04T09:20:20","slug":"la-syrie-objet-et-terrain-cartographique-entre-deux-1860-1933","status":"publish","type":"tribe_events","link":"https:\/\/telemme.mmsh.fr\/?tribe_events=la-syrie-objet-et-terrain-cartographique-entre-deux-1860-1933","title":{"rendered":"La Syrie, objet et terrain cartographique \u00ab entre deux \u00bb (1860-1933)"},"content":{"rendered":"<p style=\"text-align: center;\"><strong>Groupe Entre deux (terres)<\/strong><\/p>\n<p style=\"text-align: center;\"><strong>Migrations et mobilit\u00e9s XVIIe-XXIe si\u00e8cles<\/strong><\/p>\n<p>&nbsp;<\/p>\n<h3><strong> Pr\u00e9sentation de recherches de membres du groupe\u00a0 <\/strong><\/h3>\n<ul>\n<li><strong><em>La Syrie, objet et terrain cartographique \u00ab\u00a0entre deux\u00a0\u00bb (1860-1933).<\/em><\/strong><\/li>\n<\/ul>\n<p>Louis Le Douarin, docteur en histoire et civilisation, ATER en g\u00e9ographie (AMU, ALLSH), UMR TELEMMe.<\/p>\n<p>Le processus qui voit certaines parties de la c\u00f4te orientale de la M\u00e9diterran\u00e9e passer de provinces de l\u2019empire ottoman \u00e0 \u00c9tats int\u00e9gr\u00e9s \u00e0 l\u2019empire colonial fran\u00e7ais sous le nouveau r\u00e9gime du mandat, s\u2019accompagne d\u2019un effort th\u00e9orique d\u2019identification, de d\u00e9finition et de d\u00e9limitation des espaces concern\u00e9s. La \u00ab\u00a0Syrie\u00a0\u00bb \u00e9merge alors comme un espace de transition, un \u00ab\u00a0entre-deux\u00a0\u00bb, \u00e0 la fois entre l\u2019Europe et l\u2019Orient, entre l\u2019Afrique et l\u2019Anatolie. Dans la lign\u00e9e des travaux qui ont permis de consid\u00e9rer \u00ab l\u2019invention de la M\u00e9diterran\u00e9e \u00bb comme ressort imp\u00e9rial, cette conceptualisation de la Syrie peut \u00eatre pens\u00e9e au prisme d\u2019une g\u00e9ographie imp\u00e9riale motivant l\u2019expansion fran\u00e7aise dans la r\u00e9gion. L\u2019existence d\u2019un entre-deux implique alors le rattachement des \u00ab deux \u00bb (rives) en effa\u00e7ant progressivement l\u2019\u00ab entre\u00a0\u00bb. Ce rattachement th\u00e9orique s\u2019appuie sur \u2013 et participe \u00e0 donner forme \u2013 un processus plus large de rattachement mat\u00e9riel et technique, par la construction des grands r\u00e9seaux (de t\u00e9l\u00e9communications, de transports, g\u00e9od\u00e9siques) transcontinentaux qui raccordent la Syrie \u00e0 l\u2019Europe. La naturalisation du rattachement passe aussi par la cartographie, qui donne \u00e0 voir un empire fran\u00e7ais o\u00f9 la Syrie devient une des extr\u00e9mit\u00e9s d\u2019une toile fran\u00e7aise en M\u00e9diterran\u00e9e. Avec la mise en place du mandat, les cartographes militaires fran\u00e7ais p\u00e9n\u00e8trent en Syrie. La r\u00e9gion est ainsi effectivement \u00ab\u00a0rattach\u00e9e\u00a0\u00bb aux r\u00e9seaux, g\u00e9od\u00e9siques et professionnels, d\u00e9ploy\u00e9s depuis Marseille ou Alger. En introduisant plus globalement mon travail de th\u00e8se, soutenu en 2022, cette intervention propose ainsi de pr\u00e9senter comment l\u2019objet g\u00e9ographique Syrie est progressivement rapproch\u00e9 et incorpor\u00e9 \u00e0 un espace m\u00e9diterran\u00e9en fran\u00e7ais, jusqu\u2019\u00e0 son int\u00e9gration \u00e0 une \u00ab\u00a0machine cartographique \u00bb o\u00f9 cartes et cartographes circulent entre les deux rives de la M\u00e9diterran\u00e9e. Cette \u00e9tude de cas participe ainsi \u00e0 interroger l\u2019ancrage imp\u00e9rial colonial de l\u2019entre-deux, pens\u00e9 comme \u00ab\u00a0imaginaire de connectivit\u00e9\u00a0\u00bb (LOBO-GUERRERO,2019).<\/p>\n<p>&nbsp;<\/p>\n<ul>\n<li><strong>L\u2019\u00e9chelle urbaine de l\u2019accueil des personnes migrantes, entre configurations politico-institutionnelles, r\u00e9seaux de solidarit\u00e9 et fractures urbaines : Marseille et Bristol.<\/strong><\/li>\n<\/ul>\n<p>Marie-Aude Salomon, doctorante contractuelle en g\u00e9ographie (3eme ann\u00e9e) , AMU-TELEMMe, Maison Fran\u00e7aise d\u2019Oxford.<\/p>\n<p><strong>\u00a0\u00a0\u00a0\u00a0\u00a0\u00a0\u00a0\u00a0\u00a0<\/strong>En partant de l\u2019id\u00e9e que les villes pourraient \u00eatre des sites et des \u00e9chelons strat\u00e9giques pour des \u00e9volutions moins restrictives de la gestion des migrations et de l\u2019accueil, dans un contexte dans lequel leur r\u00f4le \u00e9merge\u00a0dans la gouvernance internationale des migrations, ce travail interroge les processus de structuration d\u2019une \u00e9chelle urbaine de l\u2019accueil dans deux grandes villes europ\u00e9ennes\u00a0: Marseille et Bristol. Ces deux m\u00e9tropoles, attractives, multiculturelles, mais aussi fragment\u00e9es socialement et spatialement, b\u00e9n\u00e9ficient de tissus associatifs et de collectifs actifs et structur\u00e9s en mati\u00e8re d\u2019accueil, tandis que r\u00e9cemment, les \u00e9quipes municipales ont revendiqu\u00e9 et positionn\u00e9 celles-ci comme \u00ab\u00a0accueillantes\u00a0\u00bb, en d\u00e9veloppant des dispositifs et des discours aff\u00e9rents.\u00a0Comment ces processus de structuration d\u2019une \u00e9chelle urbaine d\u2019accueil, \u00e0 la crois\u00e9e des r\u00e9seaux de solidarit\u00e9s issus de la soci\u00e9t\u00e9 civile et des municipalit\u00e9s, sont-ils travaill\u00e9s, contraints et ou suscit\u00e9s par des configurations politico-institutionnelles et juridiques sp\u00e9cifiques\u00a0? Par la confrontation des diverses\u00a0conceptions et pratiques d\u2019accueil port\u00e9es par ces diff\u00e9rents acteurs\u00a0? Par les enjeux territoriaux li\u00e9s \u00e0 la fabrique urbaine et aux\u00a0stratifications socio-spatiales des\u00a0villes,\u00a0ainsi que par les discours qui entourent les\u00a0h\u00e9ritages locaux ayant trait aux migrations\u00a0?\u00a0Cette communication pr\u00e9sentera les hypoth\u00e8ses de recherche et les premi\u00e8res analyses des mat\u00e9riaux tir\u00e9s d\u2019une enqu\u00eate qualitative en cours, men\u00e9e depuis fin 2021.<\/p>\n<p><a href=\"https:\/\/telemme.mmsh.fr\/?evenement=la-syrie-objet-et-terrain-cartographique-entre-deux-1860-1933\">Programme<\/a><\/p>\n","protected":false},"excerpt":{"rendered":"<p>Groupe Entre deux (terres) Migrations et mobilit\u00e9s XVIIe-XXIe si\u00e8cles &nbsp; Pr\u00e9sentation de recherches de membres du groupe\u00a0 La Syrie, objet et terrain cartographique \u00ab\u00a0entre deux\u00a0\u00bb (1860-1933). Louis Le Douarin, docteur&hellip;&nbsp;<a href=\"https:\/\/telemme.mmsh.fr\/?tribe_events=la-syrie-objet-et-terrain-cartographique-entre-deux-1860-1933\" rel=\"bookmark\">Lire la suite &raquo;<span class=\"screen-reader-text\">La Syrie, objet et terrain cartographique \u00ab entre deux \u00bb (1860-1933)<\/span><\/a><\/p>\n","protected":false},"author":175,"featured_media":0,"template":"","meta":{"neve_meta_sidebar":"","neve_meta_container":"","neve_meta_enable_content_width":"","neve_meta_content_width":0,"neve_meta_title_alignment":"","neve_meta_author_avatar":"","neve_post_elements_order":"","neve_meta_disable_header":"","neve_meta_disable_footer":"","neve_meta_disable_title":"","_tribe_events_status":"","_tribe_events_status_reason":"","footnotes":""},"tags":[2710,2711,1986,2708,2712,2709],"tribe_events_cat":[1831],"class_list":["post-13331","tribe_events","type-tribe_events","status-publish","hentry","tag-cultures","tag-generations","tag-migrations","tag-mobilites","tag-temporalites","tag-territoires","tribe_events_cat-seminaire","cat_seminaire"],"yoast_head":"<!-- This site is optimized with the Yoast SEO plugin v27.4 - https:\/\/yoast.com\/product\/yoast-seo-wordpress\/ -->\n<title>La Syrie, objet et terrain cartographique \u00ab entre deux \u00bb (1860-1933) - TELEMMe - Temps, espaces, langages, Europe m\u00e9ridionale, M\u00e9diterran\u00e9e<\/title>\n<meta name=\"description\" content=\"La Syrie, objet et terrain cartographique \u00ab entre deux \u00bb (1860-1933)\" \/>\n<meta name=\"robots\" content=\"index, follow, max-snippet:-1, max-image-preview:large, max-video-preview:-1\" \/>\n<link rel=\"canonical\" href=\"https:\/\/telemme.mmsh.fr\/?tribe_events=la-syrie-objet-et-terrain-cartographique-entre-deux-1860-1933\" \/>\n<meta property=\"og:locale\" content=\"fr_FR\" \/>\n<meta property=\"og:type\" content=\"article\" \/>\n<meta property=\"og:title\" content=\"La Syrie, objet et terrain cartographique \u00ab entre deux \u00bb (1860-1933) - TELEMMe - Temps, espaces, langages, Europe m\u00e9ridionale, M\u00e9diterran\u00e9e\" \/>\n<meta property=\"og:description\" content=\"La Syrie, objet et terrain cartographique \u00ab entre deux \u00bb (1860-1933)\" \/>\n<meta property=\"og:url\" content=\"https:\/\/telemme.mmsh.fr\/?tribe_events=la-syrie-objet-et-terrain-cartographique-entre-deux-1860-1933\" \/>\n<meta property=\"og:site_name\" content=\"TELEMMe - Temps, espaces, langages, Europe m\u00e9ridionale, M\u00e9diterran\u00e9e\" \/>\n<meta name=\"twitter:card\" content=\"summary_large_image\" \/>\n<meta name=\"twitter:label1\" content=\"Dur\u00e9e de lecture estim\u00e9e\" \/>\n\t<meta name=\"twitter:data1\" content=\"3 minutes\" \/>\n<script type=\"application\/ld+json\" class=\"yoast-schema-graph\">{\"@context\":\"https:\\\/\\\/schema.org\",\"@graph\":[{\"@type\":\"WebPage\",\"@id\":\"https:\\\/\\\/telemme.mmsh.fr\\\/?tribe_events=la-syrie-objet-et-terrain-cartographique-entre-deux-1860-1933\",\"url\":\"https:\\\/\\\/telemme.mmsh.fr\\\/?tribe_events=la-syrie-objet-et-terrain-cartographique-entre-deux-1860-1933\",\"name\":\"La Syrie, objet et terrain cartographique \u00ab entre deux \u00bb (1860-1933) - TELEMMe - Temps, espaces, langages, Europe m\u00e9ridionale, M\u00e9diterran\u00e9e\",\"isPartOf\":{\"@id\":\"https:\\\/\\\/telemme.mmsh.fr\\\/#website\"},\"datePublished\":\"2023-10-04T09:20:20+00:00\",\"description\":\"La Syrie, objet et terrain cartographique \u00ab entre deux \u00bb (1860-1933)\",\"breadcrumb\":{\"@id\":\"https:\\\/\\\/telemme.mmsh.fr\\\/?tribe_events=la-syrie-objet-et-terrain-cartographique-entre-deux-1860-1933#breadcrumb\"},\"inLanguage\":\"fr-FR\",\"potentialAction\":[{\"@type\":\"ReadAction\",\"target\":[\"https:\\\/\\\/telemme.mmsh.fr\\\/?tribe_events=la-syrie-objet-et-terrain-cartographique-entre-deux-1860-1933\"]}]},{\"@type\":\"BreadcrumbList\",\"@id\":\"https:\\\/\\\/telemme.mmsh.fr\\\/?tribe_events=la-syrie-objet-et-terrain-cartographique-entre-deux-1860-1933#breadcrumb\",\"itemListElement\":[{\"@type\":\"ListItem\",\"position\":1,\"name\":\"Accueil\",\"item\":\"https:\\\/\\\/telemme.mmsh.fr\\\/\"},{\"@type\":\"ListItem\",\"position\":2,\"name\":\"\u00c9v\u00e8nements\",\"item\":\"https:\\\/\\\/telemme.mmsh.fr\\\/?post_type=tribe_events\"},{\"@type\":\"ListItem\",\"position\":3,\"name\":\"S\u00e9minaire\",\"item\":\"https:\\\/\\\/telemme.mmsh.fr\\\/?tribe_events_cat=seminaire\"},{\"@type\":\"ListItem\",\"position\":4,\"name\":\"La Syrie, objet et terrain cartographique \u00ab entre deux \u00bb (1860-1933)\"}]},{\"@type\":\"WebSite\",\"@id\":\"https:\\\/\\\/telemme.mmsh.fr\\\/#website\",\"url\":\"https:\\\/\\\/telemme.mmsh.fr\\\/\",\"name\":\"TELEMMe - Temps, espaces, langages, Europe m\u00e9ridionale, M\u00e9diterran\u00e9e\",\"description\":\"\",\"publisher\":{\"@id\":\"https:\\\/\\\/telemme.mmsh.fr\\\/#organization\"},\"potentialAction\":[{\"@type\":\"SearchAction\",\"target\":{\"@type\":\"EntryPoint\",\"urlTemplate\":\"https:\\\/\\\/telemme.mmsh.fr\\\/?s={search_term_string}\"},\"query-input\":{\"@type\":\"PropertyValueSpecification\",\"valueRequired\":true,\"valueName\":\"search_term_string\"}}],\"inLanguage\":\"fr-FR\"},{\"@type\":\"Organization\",\"@id\":\"https:\\\/\\\/telemme.mmsh.fr\\\/#organization\",\"name\":\"TELEMMe\",\"url\":\"https:\\\/\\\/telemme.mmsh.fr\\\/\",\"logo\":{\"@type\":\"ImageObject\",\"inLanguage\":\"fr-FR\",\"@id\":\"https:\\\/\\\/telemme.mmsh.fr\\\/#\\\/schema\\\/logo\\\/image\\\/\",\"url\":\"https:\\\/\\\/telemme.mmsh.fr\\\/wp-content\\\/uploads\\\/2020\\\/03\\\/LogoTELEMMe-horizontal-fond-transparent.png\",\"contentUrl\":\"https:\\\/\\\/telemme.mmsh.fr\\\/wp-content\\\/uploads\\\/2020\\\/03\\\/LogoTELEMMe-horizontal-fond-transparent.png\",\"width\":1500,\"height\":437,\"caption\":\"TELEMMe\"},\"image\":{\"@id\":\"https:\\\/\\\/telemme.mmsh.fr\\\/#\\\/schema\\\/logo\\\/image\\\/\"}}]}<\/script>\n<!-- \/ Yoast SEO plugin. -->","yoast_head_json":{"title":"La Syrie, objet et terrain cartographique \u00ab entre deux \u00bb (1860-1933) - TELEMMe - Temps, espaces, langages, Europe m\u00e9ridionale, M\u00e9diterran\u00e9e","description":"La Syrie, objet et terrain cartographique \u00ab entre deux \u00bb (1860-1933)","robots":{"index":"index","follow":"follow","max-snippet":"max-snippet:-1","max-image-preview":"max-image-preview:large","max-video-preview":"max-video-preview:-1"},"canonical":"https:\/\/telemme.mmsh.fr\/?tribe_events=la-syrie-objet-et-terrain-cartographique-entre-deux-1860-1933","og_locale":"fr_FR","og_type":"article","og_title":"La Syrie, objet et terrain cartographique \u00ab entre deux \u00bb (1860-1933) - TELEMMe - Temps, espaces, langages, Europe m\u00e9ridionale, M\u00e9diterran\u00e9e","og_description":"La Syrie, objet et terrain cartographique \u00ab entre deux \u00bb (1860-1933)","og_url":"https:\/\/telemme.mmsh.fr\/?tribe_events=la-syrie-objet-et-terrain-cartographique-entre-deux-1860-1933","og_site_name":"TELEMMe - Temps, espaces, langages, Europe m\u00e9ridionale, M\u00e9diterran\u00e9e","twitter_card":"summary_large_image","twitter_misc":{"Dur\u00e9e de lecture estim\u00e9e":"3 minutes"},"schema":{"@context":"https:\/\/schema.org","@graph":[{"@type":"WebPage","@id":"https:\/\/telemme.mmsh.fr\/?tribe_events=la-syrie-objet-et-terrain-cartographique-entre-deux-1860-1933","url":"https:\/\/telemme.mmsh.fr\/?tribe_events=la-syrie-objet-et-terrain-cartographique-entre-deux-1860-1933","name":"La Syrie, objet et terrain cartographique \u00ab entre deux \u00bb (1860-1933) - TELEMMe - Temps, espaces, langages, Europe m\u00e9ridionale, M\u00e9diterran\u00e9e","isPartOf":{"@id":"https:\/\/telemme.mmsh.fr\/#website"},"datePublished":"2023-10-04T09:20:20+00:00","description":"La Syrie, objet et terrain cartographique \u00ab entre deux \u00bb (1860-1933)","breadcrumb":{"@id":"https:\/\/telemme.mmsh.fr\/?tribe_events=la-syrie-objet-et-terrain-cartographique-entre-deux-1860-1933#breadcrumb"},"inLanguage":"fr-FR","potentialAction":[{"@type":"ReadAction","target":["https:\/\/telemme.mmsh.fr\/?tribe_events=la-syrie-objet-et-terrain-cartographique-entre-deux-1860-1933"]}]},{"@type":"BreadcrumbList","@id":"https:\/\/telemme.mmsh.fr\/?tribe_events=la-syrie-objet-et-terrain-cartographique-entre-deux-1860-1933#breadcrumb","itemListElement":[{"@type":"ListItem","position":1,"name":"Accueil","item":"https:\/\/telemme.mmsh.fr\/"},{"@type":"ListItem","position":2,"name":"\u00c9v\u00e8nements","item":"https:\/\/telemme.mmsh.fr\/?post_type=tribe_events"},{"@type":"ListItem","position":3,"name":"S\u00e9minaire","item":"https:\/\/telemme.mmsh.fr\/?tribe_events_cat=seminaire"},{"@type":"ListItem","position":4,"name":"La Syrie, objet et terrain cartographique \u00ab entre deux \u00bb (1860-1933)"}]},{"@type":"WebSite","@id":"https:\/\/telemme.mmsh.fr\/#website","url":"https:\/\/telemme.mmsh.fr\/","name":"TELEMMe - Temps, espaces, langages, Europe m\u00e9ridionale, M\u00e9diterran\u00e9e","description":"","publisher":{"@id":"https:\/\/telemme.mmsh.fr\/#organization"},"potentialAction":[{"@type":"SearchAction","target":{"@type":"EntryPoint","urlTemplate":"https:\/\/telemme.mmsh.fr\/?s={search_term_string}"},"query-input":{"@type":"PropertyValueSpecification","valueRequired":true,"valueName":"search_term_string"}}],"inLanguage":"fr-FR"},{"@type":"Organization","@id":"https:\/\/telemme.mmsh.fr\/#organization","name":"TELEMMe","url":"https:\/\/telemme.mmsh.fr\/","logo":{"@type":"ImageObject","inLanguage":"fr-FR","@id":"https:\/\/telemme.mmsh.fr\/#\/schema\/logo\/image\/","url":"https:\/\/telemme.mmsh.fr\/wp-content\/uploads\/2020\/03\/LogoTELEMMe-horizontal-fond-transparent.png","contentUrl":"https:\/\/telemme.mmsh.fr\/wp-content\/uploads\/2020\/03\/LogoTELEMMe-horizontal-fond-transparent.png","width":1500,"height":437,"caption":"TELEMMe"},"image":{"@id":"https:\/\/telemme.mmsh.fr\/#\/schema\/logo\/image\/"}}]}},"_links":{"self":[{"href":"https:\/\/telemme.mmsh.fr\/index.php?rest_route=\/wp\/v2\/tribe_events\/13331","targetHints":{"allow":["GET"]}}],"collection":[{"href":"https:\/\/telemme.mmsh.fr\/index.php?rest_route=\/wp\/v2\/tribe_events"}],"about":[{"href":"https:\/\/telemme.mmsh.fr\/index.php?rest_route=\/wp\/v2\/types\/tribe_events"}],"author":[{"embeddable":true,"href":"https:\/\/telemme.mmsh.fr\/index.php?rest_route=\/wp\/v2\/users\/175"}],"version-history":[{"count":1,"href":"https:\/\/telemme.mmsh.fr\/index.php?rest_route=\/wp\/v2\/tribe_events\/13331\/revisions"}],"predecessor-version":[{"id":13333,"href":"https:\/\/telemme.mmsh.fr\/index.php?rest_route=\/wp\/v2\/tribe_events\/13331\/revisions\/13333"}],"wp:attachment":[{"href":"https:\/\/telemme.mmsh.fr\/index.php?rest_route=%2Fwp%2Fv2%2Fmedia&parent=13331"}],"wp:term":[{"taxonomy":"post_tag","embeddable":true,"href":"https:\/\/telemme.mmsh.fr\/index.php?rest_route=%2Fwp%2Fv2%2Ftags&post=13331"},{"taxonomy":"tribe_events_cat","embeddable":true,"href":"https:\/\/telemme.mmsh.fr\/index.php?rest_route=%2Fwp%2Fv2%2Ftribe_events_cat&post=13331"}],"curies":[{"name":"wp","href":"https:\/\/api.w.org\/{rel}","templated":true}]}}