{"id":13313,"date":"2023-09-27T10:27:54","date_gmt":"2023-09-27T08:27:54","guid":{"rendered":"https:\/\/telemme.mmsh.fr\/?post_type=tribe_events&#038;p=13313"},"modified":"2023-11-02T14:13:18","modified_gmt":"2023-11-02T13:13:18","slug":"13313","status":"publish","type":"tribe_events","link":"https:\/\/telemme.mmsh.fr\/?tribe_events=13313","title":{"rendered":"Cadavres et pauvret\u00e9 : d\u00e9nuement, pr\u00e9carit\u00e9 \u00e9conomique et pratiques fun\u00e9raires de l\u2019Antiquit\u00e9 \u00e0 nos jours"},"content":{"rendered":"<p>Colloque international et interdisciplinaire<\/p>\n<p><strong>9 et 10 Novembre 2023<\/strong><\/p>\n<p>Participation gratuite mais <strong>inscription pr\u00e9alable obligatoire <\/strong>aupr\u00e8s des organisatrices<\/p>\n<p><a href=\"mailto:elisabeth.anstett@univ-amu.fr\">elisabeth.anstett@univ-amu.fr<\/a> ou <a href=\"mailto:anne.carol@orange.fr\">anne.carol@orange.fr<\/a><\/p>\n<p>&nbsp;<\/p>\n<p><em>Organis\u00e9 par <strong>Elisabeth Anstett<\/strong> (CNRS) et <strong>Anne Carol<\/strong> (Aix-Marseille Universit\u00e9) <\/em><em>en prolongement du s\u00e9minaire inter-laboratoire ADES -TELEMMe (Aix-Marseille Universit\u00e9) <\/em><a href=\"https:\/\/necrolog.hypotheses.org\/a-propos-du-seminaire-histoire-et-anthropologie-de-la-mort-amu\"><em>Histoire et anthropologie de la mort<\/em><\/a><\/p>\n<p><img loading=\"lazy\" decoding=\"async\" class=\"alignnone wp-image-13419\" src=\"https:\/\/telemme.mmsh.fr\/wp-content\/uploads\/2023\/09\/ades.jpg\" alt=\"\" width=\"165\" height=\"66\" \/><\/p>\n<p><em>Cette manifestation, soutenue par l\u2019Observatoire des Pratiques Interdisciplinaires coordonn\u00e9 par la Mission Interdisciplinarit\u00e9(s) d\u2019AMU, b\u00e9n\u00e9ficie dans ce cadre d\u2019une aide de l\u2019\u00c9tat g\u00e9r\u00e9e par l\u2019Agence Nationale de la Recherche au titre du programme d\u2019Investissements d\u2019avenir portant la r\u00e9f\u00e9rence ANR-20-IDES-0003<\/em><\/p>\n<p><strong><a href=\"https:\/\/telemme.mmsh.fr\/?evenement=cadavres-et-pauvrete-denuement-precarite-economique-et-pratiques-funeraires-de-lantiquite-a-nos-jours\">Programme<\/a><\/strong><\/p>\n","protected":false},"excerpt":{"rendered":"<p>Colloque international et interdisciplinaire 9 et 10 Novembre 2023 Participation gratuite mais inscription pr\u00e9alable obligatoire aupr\u00e8s des organisatrices elisabeth.anstett@univ-amu.fr ou anne.carol@orange.fr &nbsp; Organis\u00e9 par Elisabeth Anstett (CNRS) et Anne Carol&hellip;&nbsp;<a href=\"https:\/\/telemme.mmsh.fr\/?tribe_events=13313\" rel=\"bookmark\">Lire la suite &raquo;<span class=\"screen-reader-text\">Cadavres et pauvret\u00e9 : d\u00e9nuement, pr\u00e9carit\u00e9 \u00e9conomique et pratiques fun\u00e9raires de l\u2019Antiquit\u00e9 \u00e0 nos jours<\/span><\/a><\/p>\n","protected":false},"author":175,"featured_media":13358,"template":"","meta":{"neve_meta_sidebar":"","neve_meta_container":"","neve_meta_enable_content_width":"","neve_meta_content_width":0,"neve_meta_title_alignment":"","neve_meta_author_avatar":"","neve_post_elements_order":"","neve_meta_disable_header":"","neve_meta_disable_footer":"","neve_meta_disable_title":"","_tribe_events_status":"","_tribe_events_status_reason":"","footnotes":""},"tags":[],"tribe_events_cat":[2063],"class_list":["post-13313","tribe_events","type-tribe_events","status-publish","has-post-thumbnail","hentry","tribe_events_cat-colloque","cat_colloque"],"yoast_head":"<!-- This site is optimized with the Yoast SEO plugin v27.4 - https:\/\/yoast.com\/product\/yoast-seo-wordpress\/ -->\n<title>Cadavres et pauvret\u00e9 : d\u00e9nuement, pr\u00e9carit\u00e9 \u00e9conomique et pratiques fun\u00e9raires de l\u2019Antiquit\u00e9 \u00e0 nos jours - TELEMMe - Temps, espaces, langages, Europe m\u00e9ridionale, M\u00e9diterran\u00e9e<\/title>\n<meta name=\"robots\" content=\"index, follow, max-snippet:-1, max-image-preview:large, max-video-preview:-1\" \/>\n<link rel=\"canonical\" href=\"https:\/\/telemme.mmsh.fr\/?tribe_events=13313\" \/>\n<meta property=\"og:locale\" content=\"fr_FR\" \/>\n<meta property=\"og:type\" content=\"article\" \/>\n<meta property=\"og:title\" content=\"Cadavres et pauvret\u00e9 : d\u00e9nuement, pr\u00e9carit\u00e9 \u00e9conomique et pratiques fun\u00e9raires de l\u2019Antiquit\u00e9 \u00e0 nos jours - TELEMMe - Temps, espaces, langages, Europe m\u00e9ridionale, M\u00e9diterran\u00e9e\" \/>\n<meta property=\"og:description\" content=\"Colloque international et interdisciplinaire 9 et 10 Novembre 2023 Participation gratuite mais inscription pr\u00e9alable obligatoire aupr\u00e8s des organisatrices elisabeth.anstett@univ-amu.fr ou anne.carol@orange.fr &nbsp; Organis\u00e9 par Elisabeth Anstett (CNRS) et Anne Carol&hellip;&nbsp;Lire la suite &raquo;Cadavres et pauvret\u00e9 : d\u00e9nuement, pr\u00e9carit\u00e9 \u00e9conomique et pratiques fun\u00e9raires de l\u2019Antiquit\u00e9 \u00e0 nos jours\" \/>\n<meta property=\"og:url\" content=\"https:\/\/telemme.mmsh.fr\/?tribe_events=13313\" \/>\n<meta property=\"og:site_name\" content=\"TELEMMe - Temps, espaces, langages, Europe m\u00e9ridionale, M\u00e9diterran\u00e9e\" \/>\n<meta property=\"article:modified_time\" content=\"2023-11-02T13:13:18+00:00\" \/>\n<meta property=\"og:image\" content=\"https:\/\/telemme.mmsh.fr\/wp-content\/uploads\/2023\/09\/print-British-Museum_Page_3-scaled.jpg\" \/>\n\t<meta property=\"og:image:width\" content=\"2560\" \/>\n\t<meta property=\"og:image:height\" content=\"1849\" \/>\n\t<meta property=\"og:image:type\" content=\"image\/jpeg\" \/>\n<meta name=\"twitter:card\" content=\"summary_large_image\" \/>\n<meta name=\"twitter:label1\" content=\"Dur\u00e9e de lecture estim\u00e9e\" \/>\n\t<meta name=\"twitter:data1\" content=\"1 minute\" \/>\n<script type=\"application\/ld+json\" class=\"yoast-schema-graph\">{\"@context\":\"https:\\\/\\\/schema.org\",\"@graph\":[{\"@type\":\"WebPage\",\"@id\":\"https:\\\/\\\/telemme.mmsh.fr\\\/?tribe_events=13313\",\"url\":\"https:\\\/\\\/telemme.mmsh.fr\\\/?tribe_events=13313\",\"name\":\"Cadavres et pauvret\u00e9 : d\u00e9nuement, pr\u00e9carit\u00e9 \u00e9conomique et pratiques fun\u00e9raires de l\u2019Antiquit\u00e9 \u00e0 nos jours - TELEMMe - Temps, espaces, langages, Europe m\u00e9ridionale, M\u00e9diterran\u00e9e\",\"isPartOf\":{\"@id\":\"https:\\\/\\\/telemme.mmsh.fr\\\/#website\"},\"primaryImageOfPage\":{\"@id\":\"https:\\\/\\\/telemme.mmsh.fr\\\/?tribe_events=13313#primaryimage\"},\"image\":{\"@id\":\"https:\\\/\\\/telemme.mmsh.fr\\\/?tribe_events=13313#primaryimage\"},\"thumbnailUrl\":\"https:\\\/\\\/telemme.mmsh.fr\\\/wp-content\\\/uploads\\\/2023\\\/09\\\/print-British-Museum_Page_3-scaled.jpg\",\"datePublished\":\"2023-09-27T08:27:54+00:00\",\"dateModified\":\"2023-11-02T13:13:18+00:00\",\"breadcrumb\":{\"@id\":\"https:\\\/\\\/telemme.mmsh.fr\\\/?tribe_events=13313#breadcrumb\"},\"inLanguage\":\"fr-FR\",\"potentialAction\":[{\"@type\":\"ReadAction\",\"target\":[\"https:\\\/\\\/telemme.mmsh.fr\\\/?tribe_events=13313\"]}]},{\"@type\":\"ImageObject\",\"inLanguage\":\"fr-FR\",\"@id\":\"https:\\\/\\\/telemme.mmsh.fr\\\/?tribe_events=13313#primaryimage\",\"url\":\"https:\\\/\\\/telemme.mmsh.fr\\\/wp-content\\\/uploads\\\/2023\\\/09\\\/print-British-Museum_Page_3-scaled.jpg\",\"contentUrl\":\"https:\\\/\\\/telemme.mmsh.fr\\\/wp-content\\\/uploads\\\/2023\\\/09\\\/print-British-Museum_Page_3-scaled.jpg\",\"width\":2560,\"height\":1849,\"caption\":\"P. R Vigneron Le convoi du pauvre, 1820, \u00a9 The Trustees of the British Museum\"},{\"@type\":\"BreadcrumbList\",\"@id\":\"https:\\\/\\\/telemme.mmsh.fr\\\/?tribe_events=13313#breadcrumb\",\"itemListElement\":[{\"@type\":\"ListItem\",\"position\":1,\"name\":\"Accueil\",\"item\":\"https:\\\/\\\/telemme.mmsh.fr\\\/\"},{\"@type\":\"ListItem\",\"position\":2,\"name\":\"\u00c9v\u00e8nements\",\"item\":\"https:\\\/\\\/telemme.mmsh.fr\\\/?post_type=tribe_events\"},{\"@type\":\"ListItem\",\"position\":3,\"name\":\"Colloque\",\"item\":\"https:\\\/\\\/telemme.mmsh.fr\\\/?tribe_events_cat=colloque\"},{\"@type\":\"ListItem\",\"position\":4,\"name\":\"Cadavres et pauvret\u00e9 : d\u00e9nuement, pr\u00e9carit\u00e9 \u00e9conomique et pratiques fun\u00e9raires de l\u2019Antiquit\u00e9 \u00e0 nos jours\"}]},{\"@type\":\"WebSite\",\"@id\":\"https:\\\/\\\/telemme.mmsh.fr\\\/#website\",\"url\":\"https:\\\/\\\/telemme.mmsh.fr\\\/\",\"name\":\"TELEMMe - Temps, espaces, langages, Europe m\u00e9ridionale, M\u00e9diterran\u00e9e\",\"description\":\"\",\"publisher\":{\"@id\":\"https:\\\/\\\/telemme.mmsh.fr\\\/#organization\"},\"potentialAction\":[{\"@type\":\"SearchAction\",\"target\":{\"@type\":\"EntryPoint\",\"urlTemplate\":\"https:\\\/\\\/telemme.mmsh.fr\\\/?s={search_term_string}\"},\"query-input\":{\"@type\":\"PropertyValueSpecification\",\"valueRequired\":true,\"valueName\":\"search_term_string\"}}],\"inLanguage\":\"fr-FR\"},{\"@type\":\"Organization\",\"@id\":\"https:\\\/\\\/telemme.mmsh.fr\\\/#organization\",\"name\":\"TELEMMe\",\"url\":\"https:\\\/\\\/telemme.mmsh.fr\\\/\",\"logo\":{\"@type\":\"ImageObject\",\"inLanguage\":\"fr-FR\",\"@id\":\"https:\\\/\\\/telemme.mmsh.fr\\\/#\\\/schema\\\/logo\\\/image\\\/\",\"url\":\"https:\\\/\\\/telemme.mmsh.fr\\\/wp-content\\\/uploads\\\/2020\\\/03\\\/LogoTELEMMe-horizontal-fond-transparent.png\",\"contentUrl\":\"https:\\\/\\\/telemme.mmsh.fr\\\/wp-content\\\/uploads\\\/2020\\\/03\\\/LogoTELEMMe-horizontal-fond-transparent.png\",\"width\":1500,\"height\":437,\"caption\":\"TELEMMe\"},\"image\":{\"@id\":\"https:\\\/\\\/telemme.mmsh.fr\\\/#\\\/schema\\\/logo\\\/image\\\/\"}}]}<\/script>\n<!-- \/ Yoast SEO plugin. -->","yoast_head_json":{"title":"Cadavres et pauvret\u00e9 : d\u00e9nuement, pr\u00e9carit\u00e9 \u00e9conomique et pratiques fun\u00e9raires de l\u2019Antiquit\u00e9 \u00e0 nos jours - TELEMMe - Temps, espaces, langages, Europe m\u00e9ridionale, M\u00e9diterran\u00e9e","robots":{"index":"index","follow":"follow","max-snippet":"max-snippet:-1","max-image-preview":"max-image-preview:large","max-video-preview":"max-video-preview:-1"},"canonical":"https:\/\/telemme.mmsh.fr\/?tribe_events=13313","og_locale":"fr_FR","og_type":"article","og_title":"Cadavres et pauvret\u00e9 : d\u00e9nuement, pr\u00e9carit\u00e9 \u00e9conomique et pratiques fun\u00e9raires de l\u2019Antiquit\u00e9 \u00e0 nos jours - TELEMMe - Temps, espaces, langages, Europe m\u00e9ridionale, M\u00e9diterran\u00e9e","og_description":"Colloque international et interdisciplinaire 9 et 10 Novembre 2023 Participation gratuite mais inscription pr\u00e9alable obligatoire aupr\u00e8s des organisatrices elisabeth.anstett@univ-amu.fr ou anne.carol@orange.fr &nbsp; Organis\u00e9 par Elisabeth Anstett (CNRS) et Anne Carol&hellip;&nbsp;Lire la suite &raquo;Cadavres et pauvret\u00e9 : d\u00e9nuement, pr\u00e9carit\u00e9 \u00e9conomique et pratiques fun\u00e9raires de l\u2019Antiquit\u00e9 \u00e0 nos jours","og_url":"https:\/\/telemme.mmsh.fr\/?tribe_events=13313","og_site_name":"TELEMMe - Temps, espaces, langages, Europe m\u00e9ridionale, M\u00e9diterran\u00e9e","article_modified_time":"2023-11-02T13:13:18+00:00","og_image":[{"width":2560,"height":1849,"url":"https:\/\/telemme.mmsh.fr\/wp-content\/uploads\/2023\/09\/print-British-Museum_Page_3-scaled.jpg","type":"image\/jpeg"}],"twitter_card":"summary_large_image","twitter_misc":{"Dur\u00e9e de lecture estim\u00e9e":"1 minute"},"schema":{"@context":"https:\/\/schema.org","@graph":[{"@type":"WebPage","@id":"https:\/\/telemme.mmsh.fr\/?tribe_events=13313","url":"https:\/\/telemme.mmsh.fr\/?tribe_events=13313","name":"Cadavres et pauvret\u00e9 : d\u00e9nuement, pr\u00e9carit\u00e9 \u00e9conomique et pratiques fun\u00e9raires de l\u2019Antiquit\u00e9 \u00e0 nos jours - TELEMMe - Temps, espaces, langages, Europe m\u00e9ridionale, M\u00e9diterran\u00e9e","isPartOf":{"@id":"https:\/\/telemme.mmsh.fr\/#website"},"primaryImageOfPage":{"@id":"https:\/\/telemme.mmsh.fr\/?tribe_events=13313#primaryimage"},"image":{"@id":"https:\/\/telemme.mmsh.fr\/?tribe_events=13313#primaryimage"},"thumbnailUrl":"https:\/\/telemme.mmsh.fr\/wp-content\/uploads\/2023\/09\/print-British-Museum_Page_3-scaled.jpg","datePublished":"2023-09-27T08:27:54+00:00","dateModified":"2023-11-02T13:13:18+00:00","breadcrumb":{"@id":"https:\/\/telemme.mmsh.fr\/?tribe_events=13313#breadcrumb"},"inLanguage":"fr-FR","potentialAction":[{"@type":"ReadAction","target":["https:\/\/telemme.mmsh.fr\/?tribe_events=13313"]}]},{"@type":"ImageObject","inLanguage":"fr-FR","@id":"https:\/\/telemme.mmsh.fr\/?tribe_events=13313#primaryimage","url":"https:\/\/telemme.mmsh.fr\/wp-content\/uploads\/2023\/09\/print-British-Museum_Page_3-scaled.jpg","contentUrl":"https:\/\/telemme.mmsh.fr\/wp-content\/uploads\/2023\/09\/print-British-Museum_Page_3-scaled.jpg","width":2560,"height":1849,"caption":"P. R Vigneron Le convoi du pauvre, 1820, \u00a9 The Trustees of the British Museum"},{"@type":"BreadcrumbList","@id":"https:\/\/telemme.mmsh.fr\/?tribe_events=13313#breadcrumb","itemListElement":[{"@type":"ListItem","position":1,"name":"Accueil","item":"https:\/\/telemme.mmsh.fr\/"},{"@type":"ListItem","position":2,"name":"\u00c9v\u00e8nements","item":"https:\/\/telemme.mmsh.fr\/?post_type=tribe_events"},{"@type":"ListItem","position":3,"name":"Colloque","item":"https:\/\/telemme.mmsh.fr\/?tribe_events_cat=colloque"},{"@type":"ListItem","position":4,"name":"Cadavres et pauvret\u00e9 : d\u00e9nuement, pr\u00e9carit\u00e9 \u00e9conomique et pratiques fun\u00e9raires de l\u2019Antiquit\u00e9 \u00e0 nos jours"}]},{"@type":"WebSite","@id":"https:\/\/telemme.mmsh.fr\/#website","url":"https:\/\/telemme.mmsh.fr\/","name":"TELEMMe - Temps, espaces, langages, Europe m\u00e9ridionale, M\u00e9diterran\u00e9e","description":"","publisher":{"@id":"https:\/\/telemme.mmsh.fr\/#organization"},"potentialAction":[{"@type":"SearchAction","target":{"@type":"EntryPoint","urlTemplate":"https:\/\/telemme.mmsh.fr\/?s={search_term_string}"},"query-input":{"@type":"PropertyValueSpecification","valueRequired":true,"valueName":"search_term_string"}}],"inLanguage":"fr-FR"},{"@type":"Organization","@id":"https:\/\/telemme.mmsh.fr\/#organization","name":"TELEMMe","url":"https:\/\/telemme.mmsh.fr\/","logo":{"@type":"ImageObject","inLanguage":"fr-FR","@id":"https:\/\/telemme.mmsh.fr\/#\/schema\/logo\/image\/","url":"https:\/\/telemme.mmsh.fr\/wp-content\/uploads\/2020\/03\/LogoTELEMMe-horizontal-fond-transparent.png","contentUrl":"https:\/\/telemme.mmsh.fr\/wp-content\/uploads\/2020\/03\/LogoTELEMMe-horizontal-fond-transparent.png","width":1500,"height":437,"caption":"TELEMMe"},"image":{"@id":"https:\/\/telemme.mmsh.fr\/#\/schema\/logo\/image\/"}}]}},"_links":{"self":[{"href":"https:\/\/telemme.mmsh.fr\/index.php?rest_route=\/wp\/v2\/tribe_events\/13313","targetHints":{"allow":["GET"]}}],"collection":[{"href":"https:\/\/telemme.mmsh.fr\/index.php?rest_route=\/wp\/v2\/tribe_events"}],"about":[{"href":"https:\/\/telemme.mmsh.fr\/index.php?rest_route=\/wp\/v2\/types\/tribe_events"}],"author":[{"embeddable":true,"href":"https:\/\/telemme.mmsh.fr\/index.php?rest_route=\/wp\/v2\/users\/175"}],"version-history":[{"count":6,"href":"https:\/\/telemme.mmsh.fr\/index.php?rest_route=\/wp\/v2\/tribe_events\/13313\/revisions"}],"predecessor-version":[{"id":13468,"href":"https:\/\/telemme.mmsh.fr\/index.php?rest_route=\/wp\/v2\/tribe_events\/13313\/revisions\/13468"}],"wp:featuredmedia":[{"embeddable":true,"href":"https:\/\/telemme.mmsh.fr\/index.php?rest_route=\/wp\/v2\/media\/13358"}],"wp:attachment":[{"href":"https:\/\/telemme.mmsh.fr\/index.php?rest_route=%2Fwp%2Fv2%2Fmedia&parent=13313"}],"wp:term":[{"taxonomy":"post_tag","embeddable":true,"href":"https:\/\/telemme.mmsh.fr\/index.php?rest_route=%2Fwp%2Fv2%2Ftags&post=13313"},{"taxonomy":"tribe_events_cat","embeddable":true,"href":"https:\/\/telemme.mmsh.fr\/index.php?rest_route=%2Fwp%2Fv2%2Ftribe_events_cat&post=13313"}],"curies":[{"name":"wp","href":"https:\/\/api.w.org\/{rel}","templated":true}]}}