{"id":13140,"date":"2023-09-19T17:17:44","date_gmt":"2023-09-19T15:17:44","guid":{"rendered":"https:\/\/telemme.mmsh.fr\/?post_type=tribe_events&#038;p=13140"},"modified":"2023-09-19T17:17:44","modified_gmt":"2023-09-19T15:17:44","slug":"le-travail-dans-les-economies-et-les-societes-mediterraneennes-3","status":"publish","type":"tribe_events","link":"https:\/\/telemme.mmsh.fr\/?tribe_events=le-travail-dans-les-economies-et-les-societes-mediterraneennes-3","title":{"rendered":"LE TRAVAIL DANS LES \u00c9CONOMIES ET LES SOCI\u00c9T\u00c9S M\u00c9DITERRAN\u00c9ENNES"},"content":{"rendered":"<p><strong>L\u2019apprentissage \u00e0 Venise \u00e0 l\u2019\u00e9poque moderne\u00a0: le Projet\u00a0Garzoni<\/strong><\/p>\n<p><strong><em>Anna Bellavitis<\/em><\/strong> Universit\u00e9 <em>de Rouen-GRHis<\/em><\/p>\n<p>&nbsp;<\/p>\n<p><strong>Autour du fil et de la cha\u00eene. Les transformations des m\u00e9tiers auxiliaires dans la soierie lyonnaise, XVIII<sup>e<\/sup>-XIX<sup>e<\/sup> si\u00e8cles<\/strong><\/p>\n<p><strong>Manuela Martini<\/strong> Universit\u00e9 Lumi\u00e8re Lyon 2-LARHRA, <strong>Anne Montenach<\/strong> AMU-TELEMMe<\/p>\n<p>Organis\u00e9 par Anne Montenach et Olivier Raveux<\/p>\n<p><a href=\"https:\/\/telemme.mmsh.fr\/?evenement=le-travail-dans-les-economies-et-les-societes-mediterraneennes-2\">Programme<\/a><\/p>\n","protected":false},"excerpt":{"rendered":"<p>LE TRAVAIL DANS LES \u00c9CONOMIES ET LES SOCI\u00c9T\u00c9S M\u00c9DITERRAN\u00c9ENNES<\/p>\n","protected":false},"author":175,"featured_media":13139,"template":"","meta":{"neve_meta_sidebar":"","neve_meta_container":"","neve_meta_enable_content_width":"","neve_meta_content_width":0,"neve_meta_title_alignment":"","neve_meta_author_avatar":"","neve_post_elements_order":"","neve_meta_disable_header":"","neve_meta_disable_footer":"","neve_meta_disable_title":"","_tribe_events_status":"","_tribe_events_status_reason":"","footnotes":""},"tags":[],"tribe_events_cat":[1831],"class_list":["post-13140","tribe_events","type-tribe_events","status-publish","has-post-thumbnail","hentry","tribe_events_cat-seminaire","cat_seminaire"],"yoast_head":"<!-- This site is optimized with the Yoast SEO plugin v27.4 - https:\/\/yoast.com\/product\/yoast-seo-wordpress\/ -->\n<title>LE TRAVAIL DANS LES \u00c9CONOMIES ET LES SOCI\u00c9T\u00c9S M\u00c9DITERRAN\u00c9ENNES - TELEMMe - Temps, espaces, langages, Europe m\u00e9ridionale, M\u00e9diterran\u00e9e<\/title>\n<meta name=\"description\" content=\"LE TRAVAIL DANS LES \u00c9CONOMIES ET LES SOCI\u00c9T\u00c9S M\u00c9DITERRAN\u00c9ENNES\" \/>\n<meta name=\"robots\" content=\"index, follow, max-snippet:-1, max-image-preview:large, max-video-preview:-1\" \/>\n<link rel=\"canonical\" href=\"https:\/\/telemme.mmsh.fr\/?tribe_events=le-travail-dans-les-economies-et-les-societes-mediterraneennes-3\" \/>\n<meta property=\"og:locale\" content=\"fr_FR\" \/>\n<meta property=\"og:type\" content=\"article\" \/>\n<meta property=\"og:title\" content=\"LE TRAVAIL DANS LES \u00c9CONOMIES ET LES SOCI\u00c9T\u00c9S M\u00c9DITERRAN\u00c9ENNES - TELEMMe - Temps, espaces, langages, Europe m\u00e9ridionale, M\u00e9diterran\u00e9e\" \/>\n<meta property=\"og:description\" content=\"LE TRAVAIL DANS LES \u00c9CONOMIES ET LES SOCI\u00c9T\u00c9S M\u00c9DITERRAN\u00c9ENNES\" \/>\n<meta property=\"og:url\" content=\"https:\/\/telemme.mmsh.fr\/?tribe_events=le-travail-dans-les-economies-et-les-societes-mediterraneennes-3\" \/>\n<meta property=\"og:site_name\" content=\"TELEMMe - Temps, espaces, langages, Europe m\u00e9ridionale, M\u00e9diterran\u00e9e\" \/>\n<meta property=\"og:image\" content=\"https:\/\/telemme.mmsh.fr\/wp-content\/uploads\/2023\/09\/Interieur-dun-atelier-de-canut.-Huile-sur-carton.-Balthazar-Alexis-XIXe-siecle-Musee-Gadagne-Lyon.jpg\" \/>\n\t<meta property=\"og:image:width\" content=\"1102\" \/>\n\t<meta property=\"og:image:height\" content=\"866\" \/>\n\t<meta property=\"og:image:type\" content=\"image\/jpeg\" \/>\n<meta name=\"twitter:card\" content=\"summary_large_image\" \/>\n<script type=\"application\/ld+json\" class=\"yoast-schema-graph\">{\"@context\":\"https:\\\/\\\/schema.org\",\"@graph\":[{\"@type\":\"WebPage\",\"@id\":\"https:\\\/\\\/telemme.mmsh.fr\\\/?tribe_events=le-travail-dans-les-economies-et-les-societes-mediterraneennes-3\",\"url\":\"https:\\\/\\\/telemme.mmsh.fr\\\/?tribe_events=le-travail-dans-les-economies-et-les-societes-mediterraneennes-3\",\"name\":\"LE TRAVAIL DANS LES \u00c9CONOMIES ET LES SOCI\u00c9T\u00c9S M\u00c9DITERRAN\u00c9ENNES - TELEMMe - Temps, espaces, langages, Europe m\u00e9ridionale, M\u00e9diterran\u00e9e\",\"isPartOf\":{\"@id\":\"https:\\\/\\\/telemme.mmsh.fr\\\/#website\"},\"primaryImageOfPage\":{\"@id\":\"https:\\\/\\\/telemme.mmsh.fr\\\/?tribe_events=le-travail-dans-les-economies-et-les-societes-mediterraneennes-3#primaryimage\"},\"image\":{\"@id\":\"https:\\\/\\\/telemme.mmsh.fr\\\/?tribe_events=le-travail-dans-les-economies-et-les-societes-mediterraneennes-3#primaryimage\"},\"thumbnailUrl\":\"https:\\\/\\\/telemme.mmsh.fr\\\/wp-content\\\/uploads\\\/2023\\\/09\\\/Interieur-dun-atelier-de-canut.-Huile-sur-carton.-Balthazar-Alexis-XIXe-siecle-Musee-Gadagne-Lyon.jpg\",\"datePublished\":\"2023-09-19T15:17:44+00:00\",\"description\":\"LE TRAVAIL DANS LES \u00c9CONOMIES ET LES SOCI\u00c9T\u00c9S M\u00c9DITERRAN\u00c9ENNES\",\"breadcrumb\":{\"@id\":\"https:\\\/\\\/telemme.mmsh.fr\\\/?tribe_events=le-travail-dans-les-economies-et-les-societes-mediterraneennes-3#breadcrumb\"},\"inLanguage\":\"fr-FR\",\"potentialAction\":[{\"@type\":\"ReadAction\",\"target\":[\"https:\\\/\\\/telemme.mmsh.fr\\\/?tribe_events=le-travail-dans-les-economies-et-les-societes-mediterraneennes-3\"]}]},{\"@type\":\"ImageObject\",\"inLanguage\":\"fr-FR\",\"@id\":\"https:\\\/\\\/telemme.mmsh.fr\\\/?tribe_events=le-travail-dans-les-economies-et-les-societes-mediterraneennes-3#primaryimage\",\"url\":\"https:\\\/\\\/telemme.mmsh.fr\\\/wp-content\\\/uploads\\\/2023\\\/09\\\/Interieur-dun-atelier-de-canut.-Huile-sur-carton.-Balthazar-Alexis-XIXe-siecle-Musee-Gadagne-Lyon.jpg\",\"contentUrl\":\"https:\\\/\\\/telemme.mmsh.fr\\\/wp-content\\\/uploads\\\/2023\\\/09\\\/Interieur-dun-atelier-de-canut.-Huile-sur-carton.-Balthazar-Alexis-XIXe-siecle-Musee-Gadagne-Lyon.jpg\",\"width\":1102,\"height\":866},{\"@type\":\"BreadcrumbList\",\"@id\":\"https:\\\/\\\/telemme.mmsh.fr\\\/?tribe_events=le-travail-dans-les-economies-et-les-societes-mediterraneennes-3#breadcrumb\",\"itemListElement\":[{\"@type\":\"ListItem\",\"position\":1,\"name\":\"Accueil\",\"item\":\"https:\\\/\\\/telemme.mmsh.fr\\\/\"},{\"@type\":\"ListItem\",\"position\":2,\"name\":\"\u00c9v\u00e8nements\",\"item\":\"https:\\\/\\\/telemme.mmsh.fr\\\/?post_type=tribe_events\"},{\"@type\":\"ListItem\",\"position\":3,\"name\":\"S\u00e9minaire\",\"item\":\"https:\\\/\\\/telemme.mmsh.fr\\\/?tribe_events_cat=seminaire\"},{\"@type\":\"ListItem\",\"position\":4,\"name\":\"LE TRAVAIL DANS LES \u00c9CONOMIES ET LES SOCI\u00c9T\u00c9S M\u00c9DITERRAN\u00c9ENNES\"}]},{\"@type\":\"WebSite\",\"@id\":\"https:\\\/\\\/telemme.mmsh.fr\\\/#website\",\"url\":\"https:\\\/\\\/telemme.mmsh.fr\\\/\",\"name\":\"TELEMMe - Temps, espaces, langages, Europe m\u00e9ridionale, M\u00e9diterran\u00e9e\",\"description\":\"\",\"publisher\":{\"@id\":\"https:\\\/\\\/telemme.mmsh.fr\\\/#organization\"},\"potentialAction\":[{\"@type\":\"SearchAction\",\"target\":{\"@type\":\"EntryPoint\",\"urlTemplate\":\"https:\\\/\\\/telemme.mmsh.fr\\\/?s={search_term_string}\"},\"query-input\":{\"@type\":\"PropertyValueSpecification\",\"valueRequired\":true,\"valueName\":\"search_term_string\"}}],\"inLanguage\":\"fr-FR\"},{\"@type\":\"Organization\",\"@id\":\"https:\\\/\\\/telemme.mmsh.fr\\\/#organization\",\"name\":\"TELEMMe\",\"url\":\"https:\\\/\\\/telemme.mmsh.fr\\\/\",\"logo\":{\"@type\":\"ImageObject\",\"inLanguage\":\"fr-FR\",\"@id\":\"https:\\\/\\\/telemme.mmsh.fr\\\/#\\\/schema\\\/logo\\\/image\\\/\",\"url\":\"https:\\\/\\\/telemme.mmsh.fr\\\/wp-content\\\/uploads\\\/2020\\\/03\\\/LogoTELEMMe-horizontal-fond-transparent.png\",\"contentUrl\":\"https:\\\/\\\/telemme.mmsh.fr\\\/wp-content\\\/uploads\\\/2020\\\/03\\\/LogoTELEMMe-horizontal-fond-transparent.png\",\"width\":1500,\"height\":437,\"caption\":\"TELEMMe\"},\"image\":{\"@id\":\"https:\\\/\\\/telemme.mmsh.fr\\\/#\\\/schema\\\/logo\\\/image\\\/\"}}]}<\/script>\n<!-- \/ Yoast SEO plugin. -->","yoast_head_json":{"title":"LE TRAVAIL DANS LES \u00c9CONOMIES ET LES SOCI\u00c9T\u00c9S M\u00c9DITERRAN\u00c9ENNES - TELEMMe - Temps, espaces, langages, Europe m\u00e9ridionale, M\u00e9diterran\u00e9e","description":"LE TRAVAIL DANS LES \u00c9CONOMIES ET LES SOCI\u00c9T\u00c9S M\u00c9DITERRAN\u00c9ENNES","robots":{"index":"index","follow":"follow","max-snippet":"max-snippet:-1","max-image-preview":"max-image-preview:large","max-video-preview":"max-video-preview:-1"},"canonical":"https:\/\/telemme.mmsh.fr\/?tribe_events=le-travail-dans-les-economies-et-les-societes-mediterraneennes-3","og_locale":"fr_FR","og_type":"article","og_title":"LE TRAVAIL DANS LES \u00c9CONOMIES ET LES SOCI\u00c9T\u00c9S M\u00c9DITERRAN\u00c9ENNES - TELEMMe - Temps, espaces, langages, Europe m\u00e9ridionale, M\u00e9diterran\u00e9e","og_description":"LE TRAVAIL DANS LES \u00c9CONOMIES ET LES SOCI\u00c9T\u00c9S M\u00c9DITERRAN\u00c9ENNES","og_url":"https:\/\/telemme.mmsh.fr\/?tribe_events=le-travail-dans-les-economies-et-les-societes-mediterraneennes-3","og_site_name":"TELEMMe - Temps, espaces, langages, Europe m\u00e9ridionale, M\u00e9diterran\u00e9e","og_image":[{"width":1102,"height":866,"url":"https:\/\/telemme.mmsh.fr\/wp-content\/uploads\/2023\/09\/Interieur-dun-atelier-de-canut.-Huile-sur-carton.-Balthazar-Alexis-XIXe-siecle-Musee-Gadagne-Lyon.jpg","type":"image\/jpeg"}],"twitter_card":"summary_large_image","schema":{"@context":"https:\/\/schema.org","@graph":[{"@type":"WebPage","@id":"https:\/\/telemme.mmsh.fr\/?tribe_events=le-travail-dans-les-economies-et-les-societes-mediterraneennes-3","url":"https:\/\/telemme.mmsh.fr\/?tribe_events=le-travail-dans-les-economies-et-les-societes-mediterraneennes-3","name":"LE TRAVAIL DANS LES \u00c9CONOMIES ET LES SOCI\u00c9T\u00c9S M\u00c9DITERRAN\u00c9ENNES - TELEMMe - Temps, espaces, langages, Europe m\u00e9ridionale, M\u00e9diterran\u00e9e","isPartOf":{"@id":"https:\/\/telemme.mmsh.fr\/#website"},"primaryImageOfPage":{"@id":"https:\/\/telemme.mmsh.fr\/?tribe_events=le-travail-dans-les-economies-et-les-societes-mediterraneennes-3#primaryimage"},"image":{"@id":"https:\/\/telemme.mmsh.fr\/?tribe_events=le-travail-dans-les-economies-et-les-societes-mediterraneennes-3#primaryimage"},"thumbnailUrl":"https:\/\/telemme.mmsh.fr\/wp-content\/uploads\/2023\/09\/Interieur-dun-atelier-de-canut.-Huile-sur-carton.-Balthazar-Alexis-XIXe-siecle-Musee-Gadagne-Lyon.jpg","datePublished":"2023-09-19T15:17:44+00:00","description":"LE TRAVAIL DANS LES \u00c9CONOMIES ET LES SOCI\u00c9T\u00c9S M\u00c9DITERRAN\u00c9ENNES","breadcrumb":{"@id":"https:\/\/telemme.mmsh.fr\/?tribe_events=le-travail-dans-les-economies-et-les-societes-mediterraneennes-3#breadcrumb"},"inLanguage":"fr-FR","potentialAction":[{"@type":"ReadAction","target":["https:\/\/telemme.mmsh.fr\/?tribe_events=le-travail-dans-les-economies-et-les-societes-mediterraneennes-3"]}]},{"@type":"ImageObject","inLanguage":"fr-FR","@id":"https:\/\/telemme.mmsh.fr\/?tribe_events=le-travail-dans-les-economies-et-les-societes-mediterraneennes-3#primaryimage","url":"https:\/\/telemme.mmsh.fr\/wp-content\/uploads\/2023\/09\/Interieur-dun-atelier-de-canut.-Huile-sur-carton.-Balthazar-Alexis-XIXe-siecle-Musee-Gadagne-Lyon.jpg","contentUrl":"https:\/\/telemme.mmsh.fr\/wp-content\/uploads\/2023\/09\/Interieur-dun-atelier-de-canut.-Huile-sur-carton.-Balthazar-Alexis-XIXe-siecle-Musee-Gadagne-Lyon.jpg","width":1102,"height":866},{"@type":"BreadcrumbList","@id":"https:\/\/telemme.mmsh.fr\/?tribe_events=le-travail-dans-les-economies-et-les-societes-mediterraneennes-3#breadcrumb","itemListElement":[{"@type":"ListItem","position":1,"name":"Accueil","item":"https:\/\/telemme.mmsh.fr\/"},{"@type":"ListItem","position":2,"name":"\u00c9v\u00e8nements","item":"https:\/\/telemme.mmsh.fr\/?post_type=tribe_events"},{"@type":"ListItem","position":3,"name":"S\u00e9minaire","item":"https:\/\/telemme.mmsh.fr\/?tribe_events_cat=seminaire"},{"@type":"ListItem","position":4,"name":"LE TRAVAIL DANS LES \u00c9CONOMIES ET LES SOCI\u00c9T\u00c9S M\u00c9DITERRAN\u00c9ENNES"}]},{"@type":"WebSite","@id":"https:\/\/telemme.mmsh.fr\/#website","url":"https:\/\/telemme.mmsh.fr\/","name":"TELEMMe - Temps, espaces, langages, Europe m\u00e9ridionale, M\u00e9diterran\u00e9e","description":"","publisher":{"@id":"https:\/\/telemme.mmsh.fr\/#organization"},"potentialAction":[{"@type":"SearchAction","target":{"@type":"EntryPoint","urlTemplate":"https:\/\/telemme.mmsh.fr\/?s={search_term_string}"},"query-input":{"@type":"PropertyValueSpecification","valueRequired":true,"valueName":"search_term_string"}}],"inLanguage":"fr-FR"},{"@type":"Organization","@id":"https:\/\/telemme.mmsh.fr\/#organization","name":"TELEMMe","url":"https:\/\/telemme.mmsh.fr\/","logo":{"@type":"ImageObject","inLanguage":"fr-FR","@id":"https:\/\/telemme.mmsh.fr\/#\/schema\/logo\/image\/","url":"https:\/\/telemme.mmsh.fr\/wp-content\/uploads\/2020\/03\/LogoTELEMMe-horizontal-fond-transparent.png","contentUrl":"https:\/\/telemme.mmsh.fr\/wp-content\/uploads\/2020\/03\/LogoTELEMMe-horizontal-fond-transparent.png","width":1500,"height":437,"caption":"TELEMMe"},"image":{"@id":"https:\/\/telemme.mmsh.fr\/#\/schema\/logo\/image\/"}}]}},"_links":{"self":[{"href":"https:\/\/telemme.mmsh.fr\/index.php?rest_route=\/wp\/v2\/tribe_events\/13140","targetHints":{"allow":["GET"]}}],"collection":[{"href":"https:\/\/telemme.mmsh.fr\/index.php?rest_route=\/wp\/v2\/tribe_events"}],"about":[{"href":"https:\/\/telemme.mmsh.fr\/index.php?rest_route=\/wp\/v2\/types\/tribe_events"}],"author":[{"embeddable":true,"href":"https:\/\/telemme.mmsh.fr\/index.php?rest_route=\/wp\/v2\/users\/175"}],"version-history":[{"count":1,"href":"https:\/\/telemme.mmsh.fr\/index.php?rest_route=\/wp\/v2\/tribe_events\/13140\/revisions"}],"predecessor-version":[{"id":13141,"href":"https:\/\/telemme.mmsh.fr\/index.php?rest_route=\/wp\/v2\/tribe_events\/13140\/revisions\/13141"}],"wp:featuredmedia":[{"embeddable":true,"href":"https:\/\/telemme.mmsh.fr\/index.php?rest_route=\/wp\/v2\/media\/13139"}],"wp:attachment":[{"href":"https:\/\/telemme.mmsh.fr\/index.php?rest_route=%2Fwp%2Fv2%2Fmedia&parent=13140"}],"wp:term":[{"taxonomy":"post_tag","embeddable":true,"href":"https:\/\/telemme.mmsh.fr\/index.php?rest_route=%2Fwp%2Fv2%2Ftags&post=13140"},{"taxonomy":"tribe_events_cat","embeddable":true,"href":"https:\/\/telemme.mmsh.fr\/index.php?rest_route=%2Fwp%2Fv2%2Ftribe_events_cat&post=13140"}],"curies":[{"name":"wp","href":"https:\/\/api.w.org\/{rel}","templated":true}]}}