{"id":13089,"date":"2023-09-11T11:31:33","date_gmt":"2023-09-11T09:31:33","guid":{"rendered":"https:\/\/telemme.mmsh.fr\/?post_type=tribe_events&#038;p=13089"},"modified":"2023-09-19T17:28:38","modified_gmt":"2023-09-19T15:28:38","slug":"autorites-et-participation-des-habitants-au-gouvernement-de-la-ville","status":"publish","type":"tribe_events","link":"https:\/\/telemme.mmsh.fr\/?tribe_events=autorites-et-participation-des-habitants-au-gouvernement-de-la-ville","title":{"rendered":"Autorit\u00e9(s) et participation des habitants au gouvernement de la ville"},"content":{"rendered":"<p><a href=\"https:\/\/telemme.mmsh.fr\/?evenement=autorites-et-participation-des-habitants-au-gouvernement-de-la-ville\">Programme<\/a><\/p>\n","protected":false},"excerpt":{"rendered":"<p>Autorit\u00e9(s) et participation des habitants au gouvernement de la ville<\/p>\n","protected":false},"author":175,"featured_media":13088,"template":"","meta":{"neve_meta_sidebar":"","neve_meta_container":"","neve_meta_enable_content_width":"","neve_meta_content_width":0,"neve_meta_title_alignment":"","neve_meta_author_avatar":"","neve_post_elements_order":"","neve_meta_disable_header":"","neve_meta_disable_footer":"","neve_meta_disable_title":"","_tribe_events_status":"","_tribe_events_status_reason":"","footnotes":""},"tags":[],"tribe_events_cat":[1831],"class_list":["post-13089","tribe_events","type-tribe_events","status-publish","has-post-thumbnail","hentry","tribe_events_cat-seminaire","cat_seminaire"],"yoast_head":"<!-- This site is optimized with the Yoast SEO plugin v27.4 - https:\/\/yoast.com\/product\/yoast-seo-wordpress\/ -->\n<title>Autorit\u00e9(s) et participation des habitants au gouvernement de la ville - TELEMMe - Temps, espaces, langages, Europe m\u00e9ridionale, M\u00e9diterran\u00e9e<\/title>\n<meta name=\"description\" content=\"Autorit\u00e9(s) et participation des habitants au gouvernement de la ville\" \/>\n<meta name=\"robots\" content=\"index, follow, max-snippet:-1, max-image-preview:large, max-video-preview:-1\" \/>\n<link rel=\"canonical\" href=\"https:\/\/telemme.mmsh.fr\/?tribe_events=autorites-et-participation-des-habitants-au-gouvernement-de-la-ville\" \/>\n<meta property=\"og:locale\" content=\"fr_FR\" \/>\n<meta property=\"og:type\" content=\"article\" \/>\n<meta property=\"og:title\" content=\"Autorit\u00e9(s) et participation des habitants au gouvernement de la ville - TELEMMe - Temps, espaces, langages, Europe m\u00e9ridionale, M\u00e9diterran\u00e9e\" \/>\n<meta property=\"og:description\" content=\"Autorit\u00e9(s) et participation des habitants au gouvernement de la ville\" \/>\n<meta property=\"og:url\" content=\"https:\/\/telemme.mmsh.fr\/?tribe_events=autorites-et-participation-des-habitants-au-gouvernement-de-la-ville\" \/>\n<meta property=\"og:site_name\" content=\"TELEMMe - Temps, espaces, langages, Europe m\u00e9ridionale, M\u00e9diterran\u00e9e\" \/>\n<meta property=\"article:modified_time\" content=\"2023-09-19T15:28:38+00:00\" \/>\n<meta property=\"og:image\" content=\"https:\/\/telemme.mmsh.fr\/wp-content\/uploads\/2023\/09\/affiche_6octobre2023.jpg\" \/>\n\t<meta property=\"og:image:width\" content=\"462\" \/>\n\t<meta property=\"og:image:height\" content=\"731\" \/>\n\t<meta property=\"og:image:type\" content=\"image\/jpeg\" \/>\n<meta name=\"twitter:card\" content=\"summary_large_image\" \/>\n<script type=\"application\/ld+json\" class=\"yoast-schema-graph\">{\"@context\":\"https:\\\/\\\/schema.org\",\"@graph\":[{\"@type\":\"WebPage\",\"@id\":\"https:\\\/\\\/telemme.mmsh.fr\\\/?tribe_events=autorites-et-participation-des-habitants-au-gouvernement-de-la-ville\",\"url\":\"https:\\\/\\\/telemme.mmsh.fr\\\/?tribe_events=autorites-et-participation-des-habitants-au-gouvernement-de-la-ville\",\"name\":\"Autorit\u00e9(s) et participation des habitants au gouvernement de la ville - TELEMMe - Temps, espaces, langages, Europe m\u00e9ridionale, M\u00e9diterran\u00e9e\",\"isPartOf\":{\"@id\":\"https:\\\/\\\/telemme.mmsh.fr\\\/#website\"},\"primaryImageOfPage\":{\"@id\":\"https:\\\/\\\/telemme.mmsh.fr\\\/?tribe_events=autorites-et-participation-des-habitants-au-gouvernement-de-la-ville#primaryimage\"},\"image\":{\"@id\":\"https:\\\/\\\/telemme.mmsh.fr\\\/?tribe_events=autorites-et-participation-des-habitants-au-gouvernement-de-la-ville#primaryimage\"},\"thumbnailUrl\":\"https:\\\/\\\/telemme.mmsh.fr\\\/wp-content\\\/uploads\\\/2023\\\/09\\\/affiche_6octobre2023.jpg\",\"datePublished\":\"2023-09-11T09:31:33+00:00\",\"dateModified\":\"2023-09-19T15:28:38+00:00\",\"description\":\"Autorit\u00e9(s) et participation des habitants au gouvernement de la ville\",\"breadcrumb\":{\"@id\":\"https:\\\/\\\/telemme.mmsh.fr\\\/?tribe_events=autorites-et-participation-des-habitants-au-gouvernement-de-la-ville#breadcrumb\"},\"inLanguage\":\"fr-FR\",\"potentialAction\":[{\"@type\":\"ReadAction\",\"target\":[\"https:\\\/\\\/telemme.mmsh.fr\\\/?tribe_events=autorites-et-participation-des-habitants-au-gouvernement-de-la-ville\"]}]},{\"@type\":\"ImageObject\",\"inLanguage\":\"fr-FR\",\"@id\":\"https:\\\/\\\/telemme.mmsh.fr\\\/?tribe_events=autorites-et-participation-des-habitants-au-gouvernement-de-la-ville#primaryimage\",\"url\":\"https:\\\/\\\/telemme.mmsh.fr\\\/wp-content\\\/uploads\\\/2023\\\/09\\\/affiche_6octobre2023.jpg\",\"contentUrl\":\"https:\\\/\\\/telemme.mmsh.fr\\\/wp-content\\\/uploads\\\/2023\\\/09\\\/affiche_6octobre2023.jpg\",\"width\":462,\"height\":731,\"caption\":\"Ordonnance aussi inepte qu'inique du d\u00e9p.t de police de Paris, du 17 mars 1791 : divers fait occassionn\u00e9s par cette ordonnance, inconstitutionnelle et vexatoire ; ou r\u00e9sistance \u00e0 l'oppression par des citoyens qui par l'attitude imposante de la libert\u00e9 ont intimid\u00e9 les traitres et pr\u00e9cipit\u00e9 en moins de trois jours la r\u00e9vocation de cette infamie BnF, Estampe, eau-forte ; 14x9,5 cm\"},{\"@type\":\"BreadcrumbList\",\"@id\":\"https:\\\/\\\/telemme.mmsh.fr\\\/?tribe_events=autorites-et-participation-des-habitants-au-gouvernement-de-la-ville#breadcrumb\",\"itemListElement\":[{\"@type\":\"ListItem\",\"position\":1,\"name\":\"Accueil\",\"item\":\"https:\\\/\\\/telemme.mmsh.fr\\\/\"},{\"@type\":\"ListItem\",\"position\":2,\"name\":\"\u00c9v\u00e8nements\",\"item\":\"https:\\\/\\\/telemme.mmsh.fr\\\/?post_type=tribe_events\"},{\"@type\":\"ListItem\",\"position\":3,\"name\":\"S\u00e9minaire\",\"item\":\"https:\\\/\\\/telemme.mmsh.fr\\\/?tribe_events_cat=seminaire\"},{\"@type\":\"ListItem\",\"position\":4,\"name\":\"Autorit\u00e9(s) et participation des habitants au gouvernement de la ville\"}]},{\"@type\":\"WebSite\",\"@id\":\"https:\\\/\\\/telemme.mmsh.fr\\\/#website\",\"url\":\"https:\\\/\\\/telemme.mmsh.fr\\\/\",\"name\":\"TELEMMe - Temps, espaces, langages, Europe m\u00e9ridionale, M\u00e9diterran\u00e9e\",\"description\":\"\",\"publisher\":{\"@id\":\"https:\\\/\\\/telemme.mmsh.fr\\\/#organization\"},\"potentialAction\":[{\"@type\":\"SearchAction\",\"target\":{\"@type\":\"EntryPoint\",\"urlTemplate\":\"https:\\\/\\\/telemme.mmsh.fr\\\/?s={search_term_string}\"},\"query-input\":{\"@type\":\"PropertyValueSpecification\",\"valueRequired\":true,\"valueName\":\"search_term_string\"}}],\"inLanguage\":\"fr-FR\"},{\"@type\":\"Organization\",\"@id\":\"https:\\\/\\\/telemme.mmsh.fr\\\/#organization\",\"name\":\"TELEMMe\",\"url\":\"https:\\\/\\\/telemme.mmsh.fr\\\/\",\"logo\":{\"@type\":\"ImageObject\",\"inLanguage\":\"fr-FR\",\"@id\":\"https:\\\/\\\/telemme.mmsh.fr\\\/#\\\/schema\\\/logo\\\/image\\\/\",\"url\":\"https:\\\/\\\/telemme.mmsh.fr\\\/wp-content\\\/uploads\\\/2020\\\/03\\\/LogoTELEMMe-horizontal-fond-transparent.png\",\"contentUrl\":\"https:\\\/\\\/telemme.mmsh.fr\\\/wp-content\\\/uploads\\\/2020\\\/03\\\/LogoTELEMMe-horizontal-fond-transparent.png\",\"width\":1500,\"height\":437,\"caption\":\"TELEMMe\"},\"image\":{\"@id\":\"https:\\\/\\\/telemme.mmsh.fr\\\/#\\\/schema\\\/logo\\\/image\\\/\"}}]}<\/script>\n<!-- \/ Yoast SEO plugin. -->","yoast_head_json":{"title":"Autorit\u00e9(s) et participation des habitants au gouvernement de la ville - TELEMMe - Temps, espaces, langages, Europe m\u00e9ridionale, M\u00e9diterran\u00e9e","description":"Autorit\u00e9(s) et participation des habitants au gouvernement de la ville","robots":{"index":"index","follow":"follow","max-snippet":"max-snippet:-1","max-image-preview":"max-image-preview:large","max-video-preview":"max-video-preview:-1"},"canonical":"https:\/\/telemme.mmsh.fr\/?tribe_events=autorites-et-participation-des-habitants-au-gouvernement-de-la-ville","og_locale":"fr_FR","og_type":"article","og_title":"Autorit\u00e9(s) et participation des habitants au gouvernement de la ville - TELEMMe - Temps, espaces, langages, Europe m\u00e9ridionale, M\u00e9diterran\u00e9e","og_description":"Autorit\u00e9(s) et participation des habitants au gouvernement de la ville","og_url":"https:\/\/telemme.mmsh.fr\/?tribe_events=autorites-et-participation-des-habitants-au-gouvernement-de-la-ville","og_site_name":"TELEMMe - Temps, espaces, langages, Europe m\u00e9ridionale, M\u00e9diterran\u00e9e","article_modified_time":"2023-09-19T15:28:38+00:00","og_image":[{"width":462,"height":731,"url":"https:\/\/telemme.mmsh.fr\/wp-content\/uploads\/2023\/09\/affiche_6octobre2023.jpg","type":"image\/jpeg"}],"twitter_card":"summary_large_image","schema":{"@context":"https:\/\/schema.org","@graph":[{"@type":"WebPage","@id":"https:\/\/telemme.mmsh.fr\/?tribe_events=autorites-et-participation-des-habitants-au-gouvernement-de-la-ville","url":"https:\/\/telemme.mmsh.fr\/?tribe_events=autorites-et-participation-des-habitants-au-gouvernement-de-la-ville","name":"Autorit\u00e9(s) et participation des habitants au gouvernement de la ville - TELEMMe - Temps, espaces, langages, Europe m\u00e9ridionale, M\u00e9diterran\u00e9e","isPartOf":{"@id":"https:\/\/telemme.mmsh.fr\/#website"},"primaryImageOfPage":{"@id":"https:\/\/telemme.mmsh.fr\/?tribe_events=autorites-et-participation-des-habitants-au-gouvernement-de-la-ville#primaryimage"},"image":{"@id":"https:\/\/telemme.mmsh.fr\/?tribe_events=autorites-et-participation-des-habitants-au-gouvernement-de-la-ville#primaryimage"},"thumbnailUrl":"https:\/\/telemme.mmsh.fr\/wp-content\/uploads\/2023\/09\/affiche_6octobre2023.jpg","datePublished":"2023-09-11T09:31:33+00:00","dateModified":"2023-09-19T15:28:38+00:00","description":"Autorit\u00e9(s) et participation des habitants au gouvernement de la ville","breadcrumb":{"@id":"https:\/\/telemme.mmsh.fr\/?tribe_events=autorites-et-participation-des-habitants-au-gouvernement-de-la-ville#breadcrumb"},"inLanguage":"fr-FR","potentialAction":[{"@type":"ReadAction","target":["https:\/\/telemme.mmsh.fr\/?tribe_events=autorites-et-participation-des-habitants-au-gouvernement-de-la-ville"]}]},{"@type":"ImageObject","inLanguage":"fr-FR","@id":"https:\/\/telemme.mmsh.fr\/?tribe_events=autorites-et-participation-des-habitants-au-gouvernement-de-la-ville#primaryimage","url":"https:\/\/telemme.mmsh.fr\/wp-content\/uploads\/2023\/09\/affiche_6octobre2023.jpg","contentUrl":"https:\/\/telemme.mmsh.fr\/wp-content\/uploads\/2023\/09\/affiche_6octobre2023.jpg","width":462,"height":731,"caption":"Ordonnance aussi inepte qu'inique du d\u00e9p.t de police de Paris, du 17 mars 1791 : divers fait occassionn\u00e9s par cette ordonnance, inconstitutionnelle et vexatoire ; ou r\u00e9sistance \u00e0 l'oppression par des citoyens qui par l'attitude imposante de la libert\u00e9 ont intimid\u00e9 les traitres et pr\u00e9cipit\u00e9 en moins de trois jours la r\u00e9vocation de cette infamie BnF, Estampe, eau-forte ; 14x9,5 cm"},{"@type":"BreadcrumbList","@id":"https:\/\/telemme.mmsh.fr\/?tribe_events=autorites-et-participation-des-habitants-au-gouvernement-de-la-ville#breadcrumb","itemListElement":[{"@type":"ListItem","position":1,"name":"Accueil","item":"https:\/\/telemme.mmsh.fr\/"},{"@type":"ListItem","position":2,"name":"\u00c9v\u00e8nements","item":"https:\/\/telemme.mmsh.fr\/?post_type=tribe_events"},{"@type":"ListItem","position":3,"name":"S\u00e9minaire","item":"https:\/\/telemme.mmsh.fr\/?tribe_events_cat=seminaire"},{"@type":"ListItem","position":4,"name":"Autorit\u00e9(s) et participation des habitants au gouvernement de la ville"}]},{"@type":"WebSite","@id":"https:\/\/telemme.mmsh.fr\/#website","url":"https:\/\/telemme.mmsh.fr\/","name":"TELEMMe - Temps, espaces, langages, Europe m\u00e9ridionale, M\u00e9diterran\u00e9e","description":"","publisher":{"@id":"https:\/\/telemme.mmsh.fr\/#organization"},"potentialAction":[{"@type":"SearchAction","target":{"@type":"EntryPoint","urlTemplate":"https:\/\/telemme.mmsh.fr\/?s={search_term_string}"},"query-input":{"@type":"PropertyValueSpecification","valueRequired":true,"valueName":"search_term_string"}}],"inLanguage":"fr-FR"},{"@type":"Organization","@id":"https:\/\/telemme.mmsh.fr\/#organization","name":"TELEMMe","url":"https:\/\/telemme.mmsh.fr\/","logo":{"@type":"ImageObject","inLanguage":"fr-FR","@id":"https:\/\/telemme.mmsh.fr\/#\/schema\/logo\/image\/","url":"https:\/\/telemme.mmsh.fr\/wp-content\/uploads\/2020\/03\/LogoTELEMMe-horizontal-fond-transparent.png","contentUrl":"https:\/\/telemme.mmsh.fr\/wp-content\/uploads\/2020\/03\/LogoTELEMMe-horizontal-fond-transparent.png","width":1500,"height":437,"caption":"TELEMMe"},"image":{"@id":"https:\/\/telemme.mmsh.fr\/#\/schema\/logo\/image\/"}}]}},"_links":{"self":[{"href":"https:\/\/telemme.mmsh.fr\/index.php?rest_route=\/wp\/v2\/tribe_events\/13089","targetHints":{"allow":["GET"]}}],"collection":[{"href":"https:\/\/telemme.mmsh.fr\/index.php?rest_route=\/wp\/v2\/tribe_events"}],"about":[{"href":"https:\/\/telemme.mmsh.fr\/index.php?rest_route=\/wp\/v2\/types\/tribe_events"}],"author":[{"embeddable":true,"href":"https:\/\/telemme.mmsh.fr\/index.php?rest_route=\/wp\/v2\/users\/175"}],"version-history":[{"count":1,"href":"https:\/\/telemme.mmsh.fr\/index.php?rest_route=\/wp\/v2\/tribe_events\/13089\/revisions"}],"predecessor-version":[{"id":13090,"href":"https:\/\/telemme.mmsh.fr\/index.php?rest_route=\/wp\/v2\/tribe_events\/13089\/revisions\/13090"}],"wp:featuredmedia":[{"embeddable":true,"href":"https:\/\/telemme.mmsh.fr\/index.php?rest_route=\/wp\/v2\/media\/13088"}],"wp:attachment":[{"href":"https:\/\/telemme.mmsh.fr\/index.php?rest_route=%2Fwp%2Fv2%2Fmedia&parent=13089"}],"wp:term":[{"taxonomy":"post_tag","embeddable":true,"href":"https:\/\/telemme.mmsh.fr\/index.php?rest_route=%2Fwp%2Fv2%2Ftags&post=13089"},{"taxonomy":"tribe_events_cat","embeddable":true,"href":"https:\/\/telemme.mmsh.fr\/index.php?rest_route=%2Fwp%2Fv2%2Ftribe_events_cat&post=13089"}],"curies":[{"name":"wp","href":"https:\/\/api.w.org\/{rel}","templated":true}]}}