{"id":12649,"date":"2023-03-20T10:41:05","date_gmt":"2023-03-20T09:41:05","guid":{"rendered":"https:\/\/telemme.mmsh.fr\/?post_type=tribe_events&#038;p=12649"},"modified":"2023-05-05T13:41:01","modified_gmt":"2023-05-05T11:41:01","slug":"seminaire-lautorite-dans-la-ville-de-lantiquite-a-nos-jours","status":"publish","type":"tribe_events","link":"https:\/\/telemme.mmsh.fr\/?tribe_events=seminaire-lautorite-dans-la-ville-de-lantiquite-a-nos-jours","title":{"rendered":"L\u2019autorit\u00e9 dans la ville de l\u2019Antiquit\u00e9 \u00e0 nos jours"},"content":{"rendered":"<p><strong>\u00a0<\/strong><strong>Coordonn\u00e9 par Nicolas Vidoni (AMU, UMR TELEMMe) et H\u00e9l\u00e8ne M\u00e9nard (UPVM3, CRISES)<\/strong><\/p>\n<p>Programme:<\/p>\n<p><strong>Nicolas Vidoni <\/strong>(MCF en Histoire moderne, AMU-TELEMMe)\u00a0: <em>Introduction<\/em>.<\/p>\n<p><strong>Pierre Vey<\/strong> (Doctorant \/ charg\u00e9 de cours Paris I, \u00c9cole des Chartes, EA 3624 Centre Jean Mabillon)\u00a0: <em>La d\u00e9limitation du\u00a0<\/em>territorium<em>\u00a0<\/em><em>de Marseille entre affirmation de l&rsquo;autorit\u00e9 comtale entre d\u00e9finition de l&rsquo;autonomie municipale (1275-1294)<\/em><em>.<\/em><\/p>\n<p><strong>Fleur Beauvieux<\/strong> (Institut Pasteur, CeRIS)\u00a0: <em>R\u00e9voltes et contestations urbaines en contexte de crise sanitaire. \u00c9tudes de cas en Provence au XVIIIe si\u00e8cle<\/em><em>.<\/em><\/p>\n<p>Contacts\u00a0: <u>nicolas.vidoni@univ-amu.fr<\/u>\u00a0; <a href=\"mailto:helene.menard@univ-montp3.fr\">helene.menard@univ-montp3.fr<\/a><\/p>\n<p><a href=\"https:\/\/telemme.mmsh.fr\/?evenement=lautorite-dans-la-ville-de-lantiquite-a-nos-jours\">Plus d&rsquo;informations<\/a><\/p>\n","protected":false},"excerpt":{"rendered":"<p>S\u00e9minaire \u00ab L\u2019autorit\u00e9 dans la ville<br \/>\nde l\u2019Antiquit\u00e9 \u00e0 nos jours \u00bb<\/p>\n","protected":false},"author":175,"featured_media":12746,"template":"","meta":{"neve_meta_sidebar":"","neve_meta_container":"","neve_meta_enable_content_width":"","neve_meta_content_width":0,"neve_meta_title_alignment":"","neve_meta_author_avatar":"","neve_post_elements_order":"","neve_meta_disable_header":"","neve_meta_disable_footer":"","neve_meta_disable_title":"","_tribe_events_status":"","_tribe_events_status_reason":"","footnotes":""},"tags":[2653],"tribe_events_cat":[1831],"class_list":["post-12649","tribe_events","type-tribe_events","status-publish","has-post-thumbnail","hentry","tag-seminaire","tribe_events_cat-seminaire","cat_seminaire"],"yoast_head":"<!-- This site is optimized with the Yoast SEO plugin v27.4 - https:\/\/yoast.com\/product\/yoast-seo-wordpress\/ -->\n<title>L\u2019autorit\u00e9 dans la ville de l\u2019Antiquit\u00e9 \u00e0 nos jours - TELEMMe - Temps, espaces, langages, Europe m\u00e9ridionale, M\u00e9diterran\u00e9e<\/title>\n<meta name=\"description\" content=\"S\u00e9minaire \u00ab L\u2019autorit\u00e9 dans la ville de l\u2019Antiquit\u00e9 \u00e0 nos jours \u00bb\" \/>\n<meta name=\"robots\" content=\"index, follow, max-snippet:-1, max-image-preview:large, max-video-preview:-1\" \/>\n<link rel=\"canonical\" href=\"https:\/\/telemme.mmsh.fr\/?tribe_events=seminaire-lautorite-dans-la-ville-de-lantiquite-a-nos-jours\" \/>\n<meta property=\"og:locale\" content=\"fr_FR\" \/>\n<meta property=\"og:type\" content=\"article\" \/>\n<meta property=\"og:title\" content=\"L\u2019autorit\u00e9 dans la ville de l\u2019Antiquit\u00e9 \u00e0 nos jours - TELEMMe - Temps, espaces, langages, Europe m\u00e9ridionale, M\u00e9diterran\u00e9e\" \/>\n<meta property=\"og:description\" content=\"S\u00e9minaire \u00ab L\u2019autorit\u00e9 dans la ville de l\u2019Antiquit\u00e9 \u00e0 nos jours \u00bb\" \/>\n<meta property=\"og:url\" content=\"https:\/\/telemme.mmsh.fr\/?tribe_events=seminaire-lautorite-dans-la-ville-de-lantiquite-a-nos-jours\" \/>\n<meta property=\"og:site_name\" content=\"TELEMMe - Temps, espaces, langages, Europe m\u00e9ridionale, M\u00e9diterran\u00e9e\" \/>\n<meta property=\"article:modified_time\" content=\"2023-05-05T11:41:01+00:00\" \/>\n<meta property=\"og:image\" content=\"https:\/\/telemme.mmsh.fr\/wp-content\/uploads\/2023\/03\/22-mai.jpg\" \/>\n\t<meta property=\"og:image:width\" content=\"1342\" \/>\n\t<meta property=\"og:image:height\" content=\"777\" \/>\n\t<meta property=\"og:image:type\" content=\"image\/jpeg\" \/>\n<meta name=\"twitter:card\" content=\"summary_large_image\" \/>\n<script type=\"application\/ld+json\" class=\"yoast-schema-graph\">{\"@context\":\"https:\\\/\\\/schema.org\",\"@graph\":[{\"@type\":\"WebPage\",\"@id\":\"https:\\\/\\\/telemme.mmsh.fr\\\/?tribe_events=seminaire-lautorite-dans-la-ville-de-lantiquite-a-nos-jours\",\"url\":\"https:\\\/\\\/telemme.mmsh.fr\\\/?tribe_events=seminaire-lautorite-dans-la-ville-de-lantiquite-a-nos-jours\",\"name\":\"L\u2019autorit\u00e9 dans la ville de l\u2019Antiquit\u00e9 \u00e0 nos jours - TELEMMe - Temps, espaces, langages, Europe m\u00e9ridionale, M\u00e9diterran\u00e9e\",\"isPartOf\":{\"@id\":\"https:\\\/\\\/telemme.mmsh.fr\\\/#website\"},\"primaryImageOfPage\":{\"@id\":\"https:\\\/\\\/telemme.mmsh.fr\\\/?tribe_events=seminaire-lautorite-dans-la-ville-de-lantiquite-a-nos-jours#primaryimage\"},\"image\":{\"@id\":\"https:\\\/\\\/telemme.mmsh.fr\\\/?tribe_events=seminaire-lautorite-dans-la-ville-de-lantiquite-a-nos-jours#primaryimage\"},\"thumbnailUrl\":\"https:\\\/\\\/telemme.mmsh.fr\\\/wp-content\\\/uploads\\\/2023\\\/03\\\/22-mai.jpg\",\"datePublished\":\"2023-03-20T09:41:05+00:00\",\"dateModified\":\"2023-05-05T11:41:01+00:00\",\"description\":\"S\u00e9minaire \u00ab L\u2019autorit\u00e9 dans la ville de l\u2019Antiquit\u00e9 \u00e0 nos jours \u00bb\",\"breadcrumb\":{\"@id\":\"https:\\\/\\\/telemme.mmsh.fr\\\/?tribe_events=seminaire-lautorite-dans-la-ville-de-lantiquite-a-nos-jours#breadcrumb\"},\"inLanguage\":\"fr-FR\",\"potentialAction\":[{\"@type\":\"ReadAction\",\"target\":[\"https:\\\/\\\/telemme.mmsh.fr\\\/?tribe_events=seminaire-lautorite-dans-la-ville-de-lantiquite-a-nos-jours\"]}]},{\"@type\":\"ImageObject\",\"inLanguage\":\"fr-FR\",\"@id\":\"https:\\\/\\\/telemme.mmsh.fr\\\/?tribe_events=seminaire-lautorite-dans-la-ville-de-lantiquite-a-nos-jours#primaryimage\",\"url\":\"https:\\\/\\\/telemme.mmsh.fr\\\/wp-content\\\/uploads\\\/2023\\\/03\\\/22-mai.jpg\",\"contentUrl\":\"https:\\\/\\\/telemme.mmsh.fr\\\/wp-content\\\/uploads\\\/2023\\\/03\\\/22-mai.jpg\",\"width\":1342,\"height\":777},{\"@type\":\"BreadcrumbList\",\"@id\":\"https:\\\/\\\/telemme.mmsh.fr\\\/?tribe_events=seminaire-lautorite-dans-la-ville-de-lantiquite-a-nos-jours#breadcrumb\",\"itemListElement\":[{\"@type\":\"ListItem\",\"position\":1,\"name\":\"Accueil\",\"item\":\"https:\\\/\\\/telemme.mmsh.fr\\\/\"},{\"@type\":\"ListItem\",\"position\":2,\"name\":\"\u00c9v\u00e8nements\",\"item\":\"https:\\\/\\\/telemme.mmsh.fr\\\/?post_type=tribe_events\"},{\"@type\":\"ListItem\",\"position\":3,\"name\":\"S\u00e9minaire\",\"item\":\"https:\\\/\\\/telemme.mmsh.fr\\\/?tribe_events_cat=seminaire\"},{\"@type\":\"ListItem\",\"position\":4,\"name\":\"L\u2019autorit\u00e9 dans la ville de l\u2019Antiquit\u00e9 \u00e0 nos jours\"}]},{\"@type\":\"WebSite\",\"@id\":\"https:\\\/\\\/telemme.mmsh.fr\\\/#website\",\"url\":\"https:\\\/\\\/telemme.mmsh.fr\\\/\",\"name\":\"TELEMMe - Temps, espaces, langages, Europe m\u00e9ridionale, M\u00e9diterran\u00e9e\",\"description\":\"\",\"publisher\":{\"@id\":\"https:\\\/\\\/telemme.mmsh.fr\\\/#organization\"},\"potentialAction\":[{\"@type\":\"SearchAction\",\"target\":{\"@type\":\"EntryPoint\",\"urlTemplate\":\"https:\\\/\\\/telemme.mmsh.fr\\\/?s={search_term_string}\"},\"query-input\":{\"@type\":\"PropertyValueSpecification\",\"valueRequired\":true,\"valueName\":\"search_term_string\"}}],\"inLanguage\":\"fr-FR\"},{\"@type\":\"Organization\",\"@id\":\"https:\\\/\\\/telemme.mmsh.fr\\\/#organization\",\"name\":\"TELEMMe\",\"url\":\"https:\\\/\\\/telemme.mmsh.fr\\\/\",\"logo\":{\"@type\":\"ImageObject\",\"inLanguage\":\"fr-FR\",\"@id\":\"https:\\\/\\\/telemme.mmsh.fr\\\/#\\\/schema\\\/logo\\\/image\\\/\",\"url\":\"https:\\\/\\\/telemme.mmsh.fr\\\/wp-content\\\/uploads\\\/2020\\\/03\\\/LogoTELEMMe-horizontal-fond-transparent.png\",\"contentUrl\":\"https:\\\/\\\/telemme.mmsh.fr\\\/wp-content\\\/uploads\\\/2020\\\/03\\\/LogoTELEMMe-horizontal-fond-transparent.png\",\"width\":1500,\"height\":437,\"caption\":\"TELEMMe\"},\"image\":{\"@id\":\"https:\\\/\\\/telemme.mmsh.fr\\\/#\\\/schema\\\/logo\\\/image\\\/\"}}]}<\/script>\n<!-- \/ Yoast SEO plugin. -->","yoast_head_json":{"title":"L\u2019autorit\u00e9 dans la ville de l\u2019Antiquit\u00e9 \u00e0 nos jours - TELEMMe - Temps, espaces, langages, Europe m\u00e9ridionale, M\u00e9diterran\u00e9e","description":"S\u00e9minaire \u00ab L\u2019autorit\u00e9 dans la ville de l\u2019Antiquit\u00e9 \u00e0 nos jours \u00bb","robots":{"index":"index","follow":"follow","max-snippet":"max-snippet:-1","max-image-preview":"max-image-preview:large","max-video-preview":"max-video-preview:-1"},"canonical":"https:\/\/telemme.mmsh.fr\/?tribe_events=seminaire-lautorite-dans-la-ville-de-lantiquite-a-nos-jours","og_locale":"fr_FR","og_type":"article","og_title":"L\u2019autorit\u00e9 dans la ville de l\u2019Antiquit\u00e9 \u00e0 nos jours - TELEMMe - Temps, espaces, langages, Europe m\u00e9ridionale, M\u00e9diterran\u00e9e","og_description":"S\u00e9minaire \u00ab L\u2019autorit\u00e9 dans la ville de l\u2019Antiquit\u00e9 \u00e0 nos jours \u00bb","og_url":"https:\/\/telemme.mmsh.fr\/?tribe_events=seminaire-lautorite-dans-la-ville-de-lantiquite-a-nos-jours","og_site_name":"TELEMMe - Temps, espaces, langages, Europe m\u00e9ridionale, M\u00e9diterran\u00e9e","article_modified_time":"2023-05-05T11:41:01+00:00","og_image":[{"width":1342,"height":777,"url":"https:\/\/telemme.mmsh.fr\/wp-content\/uploads\/2023\/03\/22-mai.jpg","type":"image\/jpeg"}],"twitter_card":"summary_large_image","schema":{"@context":"https:\/\/schema.org","@graph":[{"@type":"WebPage","@id":"https:\/\/telemme.mmsh.fr\/?tribe_events=seminaire-lautorite-dans-la-ville-de-lantiquite-a-nos-jours","url":"https:\/\/telemme.mmsh.fr\/?tribe_events=seminaire-lautorite-dans-la-ville-de-lantiquite-a-nos-jours","name":"L\u2019autorit\u00e9 dans la ville de l\u2019Antiquit\u00e9 \u00e0 nos jours - TELEMMe - Temps, espaces, langages, Europe m\u00e9ridionale, M\u00e9diterran\u00e9e","isPartOf":{"@id":"https:\/\/telemme.mmsh.fr\/#website"},"primaryImageOfPage":{"@id":"https:\/\/telemme.mmsh.fr\/?tribe_events=seminaire-lautorite-dans-la-ville-de-lantiquite-a-nos-jours#primaryimage"},"image":{"@id":"https:\/\/telemme.mmsh.fr\/?tribe_events=seminaire-lautorite-dans-la-ville-de-lantiquite-a-nos-jours#primaryimage"},"thumbnailUrl":"https:\/\/telemme.mmsh.fr\/wp-content\/uploads\/2023\/03\/22-mai.jpg","datePublished":"2023-03-20T09:41:05+00:00","dateModified":"2023-05-05T11:41:01+00:00","description":"S\u00e9minaire \u00ab L\u2019autorit\u00e9 dans la ville de l\u2019Antiquit\u00e9 \u00e0 nos jours \u00bb","breadcrumb":{"@id":"https:\/\/telemme.mmsh.fr\/?tribe_events=seminaire-lautorite-dans-la-ville-de-lantiquite-a-nos-jours#breadcrumb"},"inLanguage":"fr-FR","potentialAction":[{"@type":"ReadAction","target":["https:\/\/telemme.mmsh.fr\/?tribe_events=seminaire-lautorite-dans-la-ville-de-lantiquite-a-nos-jours"]}]},{"@type":"ImageObject","inLanguage":"fr-FR","@id":"https:\/\/telemme.mmsh.fr\/?tribe_events=seminaire-lautorite-dans-la-ville-de-lantiquite-a-nos-jours#primaryimage","url":"https:\/\/telemme.mmsh.fr\/wp-content\/uploads\/2023\/03\/22-mai.jpg","contentUrl":"https:\/\/telemme.mmsh.fr\/wp-content\/uploads\/2023\/03\/22-mai.jpg","width":1342,"height":777},{"@type":"BreadcrumbList","@id":"https:\/\/telemme.mmsh.fr\/?tribe_events=seminaire-lautorite-dans-la-ville-de-lantiquite-a-nos-jours#breadcrumb","itemListElement":[{"@type":"ListItem","position":1,"name":"Accueil","item":"https:\/\/telemme.mmsh.fr\/"},{"@type":"ListItem","position":2,"name":"\u00c9v\u00e8nements","item":"https:\/\/telemme.mmsh.fr\/?post_type=tribe_events"},{"@type":"ListItem","position":3,"name":"S\u00e9minaire","item":"https:\/\/telemme.mmsh.fr\/?tribe_events_cat=seminaire"},{"@type":"ListItem","position":4,"name":"L\u2019autorit\u00e9 dans la ville de l\u2019Antiquit\u00e9 \u00e0 nos jours"}]},{"@type":"WebSite","@id":"https:\/\/telemme.mmsh.fr\/#website","url":"https:\/\/telemme.mmsh.fr\/","name":"TELEMMe - Temps, espaces, langages, Europe m\u00e9ridionale, M\u00e9diterran\u00e9e","description":"","publisher":{"@id":"https:\/\/telemme.mmsh.fr\/#organization"},"potentialAction":[{"@type":"SearchAction","target":{"@type":"EntryPoint","urlTemplate":"https:\/\/telemme.mmsh.fr\/?s={search_term_string}"},"query-input":{"@type":"PropertyValueSpecification","valueRequired":true,"valueName":"search_term_string"}}],"inLanguage":"fr-FR"},{"@type":"Organization","@id":"https:\/\/telemme.mmsh.fr\/#organization","name":"TELEMMe","url":"https:\/\/telemme.mmsh.fr\/","logo":{"@type":"ImageObject","inLanguage":"fr-FR","@id":"https:\/\/telemme.mmsh.fr\/#\/schema\/logo\/image\/","url":"https:\/\/telemme.mmsh.fr\/wp-content\/uploads\/2020\/03\/LogoTELEMMe-horizontal-fond-transparent.png","contentUrl":"https:\/\/telemme.mmsh.fr\/wp-content\/uploads\/2020\/03\/LogoTELEMMe-horizontal-fond-transparent.png","width":1500,"height":437,"caption":"TELEMMe"},"image":{"@id":"https:\/\/telemme.mmsh.fr\/#\/schema\/logo\/image\/"}}]}},"_links":{"self":[{"href":"https:\/\/telemme.mmsh.fr\/index.php?rest_route=\/wp\/v2\/tribe_events\/12649","targetHints":{"allow":["GET"]}}],"collection":[{"href":"https:\/\/telemme.mmsh.fr\/index.php?rest_route=\/wp\/v2\/tribe_events"}],"about":[{"href":"https:\/\/telemme.mmsh.fr\/index.php?rest_route=\/wp\/v2\/types\/tribe_events"}],"author":[{"embeddable":true,"href":"https:\/\/telemme.mmsh.fr\/index.php?rest_route=\/wp\/v2\/users\/175"}],"version-history":[{"count":5,"href":"https:\/\/telemme.mmsh.fr\/index.php?rest_route=\/wp\/v2\/tribe_events\/12649\/revisions"}],"predecessor-version":[{"id":12751,"href":"https:\/\/telemme.mmsh.fr\/index.php?rest_route=\/wp\/v2\/tribe_events\/12649\/revisions\/12751"}],"wp:featuredmedia":[{"embeddable":true,"href":"https:\/\/telemme.mmsh.fr\/index.php?rest_route=\/wp\/v2\/media\/12746"}],"wp:attachment":[{"href":"https:\/\/telemme.mmsh.fr\/index.php?rest_route=%2Fwp%2Fv2%2Fmedia&parent=12649"}],"wp:term":[{"taxonomy":"post_tag","embeddable":true,"href":"https:\/\/telemme.mmsh.fr\/index.php?rest_route=%2Fwp%2Fv2%2Ftags&post=12649"},{"taxonomy":"tribe_events_cat","embeddable":true,"href":"https:\/\/telemme.mmsh.fr\/index.php?rest_route=%2Fwp%2Fv2%2Ftribe_events_cat&post=12649"}],"curies":[{"name":"wp","href":"https:\/\/api.w.org\/{rel}","templated":true}]}}