{"id":12593,"date":"2023-03-09T10:39:14","date_gmt":"2023-03-09T09:39:14","guid":{"rendered":"https:\/\/telemme.mmsh.fr\/?post_type=tribe_events&#038;p=12593"},"modified":"2023-03-09T10:39:14","modified_gmt":"2023-03-09T09:39:14","slug":"anachroniques-levi-strauss","status":"publish","type":"tribe_events","link":"https:\/\/telemme.mmsh.fr\/?tribe_events=anachroniques-levi-strauss","title":{"rendered":"[Anachroniques] L\u00e9vi-Strauss"},"content":{"rendered":"<p>Anachroniques revient ce vendredi pour discuter de l\u2019oeuvre de L\u00e9vi-Strauss (rien de moins!) \u00e0 travers le bilan critique dress\u00e9 par deux \u00e9minents anthropologues, Maurice Godelier et Alban Bensa.<\/p>\n<p>On se retrouve comme d\u2019habitude \u00e0 Mille B\u00e2bords (61, rue Consolat 13001 Marseille) de 15h \u00e0 18h ou sur les ondes:\u00a0<a href=\"https:\/\/univ-amu-fr.zoom.us\/j\/87505213080?pwd=b1QrQzBvODVnYjJ0emtDTkdHK0lhQT09\">https:\/\/univ-amu-fr.zoom.us\/j\/87505213080?pwd=b1QrQzBvODVnYjJ0emtDTkdHK0lhQT09<\/a><\/p>\n<p>Au plaisir de vous y (re)trouver,<\/p>\n<p>Thomas, J\u00e9r\u00e9mie<\/p>\n<ul>\n<li>Maurice Godelier, <em>L\u00e9vi-Strauss, <\/em>Paris, Seuil, 2013<\/li>\n<li>Alban Bensa, <em>Apr\u00e8s L\u00e9vi-Strauss. Pour une anthropologie \u00e0 taille humaine<\/em>, Paris, Textuel, 2010<\/li>\n<\/ul>\n<p><a href=\"https:\/\/telemme.mmsh.fr\/?evenement=anachroniques-levi-strauss\">Programme<\/a><\/p>\n","protected":false},"excerpt":{"rendered":"<p>Anachroniques revient ce vendredi pour discuter de l\u2019oeuvre de L\u00e9vi-Strauss (rien de moins!) \u00e0 travers le bilan critique dress\u00e9 par deux \u00e9minents anthropologues, Maurice Godelier et Alban Bensa.<\/p>\n","protected":false},"author":175,"featured_media":10488,"template":"","meta":{"neve_meta_sidebar":"","neve_meta_container":"","neve_meta_enable_content_width":"","neve_meta_content_width":0,"neve_meta_title_alignment":"","neve_meta_author_avatar":"","neve_post_elements_order":"","neve_meta_disable_header":"","neve_meta_disable_footer":"","neve_meta_disable_title":"","_tribe_events_status":"","_tribe_events_status_reason":"","footnotes":""},"tags":[],"tribe_events_cat":[2387],"class_list":["post-12593","tribe_events","type-tribe_events","status-publish","has-post-thumbnail","hentry","tribe_events_cat-seminaire-anachroniques","cat_seminaire-anachroniques"],"yoast_head":"<!-- This site is optimized with the Yoast SEO plugin v27.4 - https:\/\/yoast.com\/product\/yoast-seo-wordpress\/ -->\n<title>[Anachroniques] L\u00e9vi-Strauss - TELEMMe - Temps, espaces, langages, Europe m\u00e9ridionale, M\u00e9diterran\u00e9e<\/title>\n<meta name=\"description\" content=\"Anachroniques revient ce vendredi pour discuter de l\u2019oeuvre de L\u00e9vi-Strauss (rien de moins!) \u00e0 travers le bilan critique dress\u00e9 par deux \u00e9minents anthropologues, Maurice Godelier et Alban Bensa.\" \/>\n<meta name=\"robots\" content=\"index, follow, max-snippet:-1, max-image-preview:large, max-video-preview:-1\" \/>\n<link rel=\"canonical\" href=\"https:\/\/telemme.mmsh.fr\/?tribe_events=anachroniques-levi-strauss\" \/>\n<meta property=\"og:locale\" content=\"fr_FR\" \/>\n<meta property=\"og:type\" content=\"article\" \/>\n<meta property=\"og:title\" content=\"[Anachroniques] L\u00e9vi-Strauss - TELEMMe - Temps, espaces, langages, Europe m\u00e9ridionale, M\u00e9diterran\u00e9e\" \/>\n<meta property=\"og:description\" content=\"Anachroniques revient ce vendredi pour discuter de l\u2019oeuvre de L\u00e9vi-Strauss (rien de moins!) \u00e0 travers le bilan critique dress\u00e9 par deux \u00e9minents anthropologues, Maurice Godelier et Alban Bensa.\" \/>\n<meta property=\"og:url\" content=\"https:\/\/telemme.mmsh.fr\/?tribe_events=anachroniques-levi-strauss\" \/>\n<meta property=\"og:site_name\" content=\"TELEMMe - Temps, espaces, langages, Europe m\u00e9ridionale, M\u00e9diterran\u00e9e\" \/>\n<meta property=\"og:image\" content=\"https:\/\/telemme.mmsh.fr\/wp-content\/uploads\/2022\/01\/Anachroniques_Saison6_carre.jpg\" \/>\n\t<meta property=\"og:image:width\" content=\"1773\" \/>\n\t<meta property=\"og:image:height\" content=\"1434\" \/>\n\t<meta property=\"og:image:type\" content=\"image\/jpeg\" \/>\n<meta name=\"twitter:card\" content=\"summary_large_image\" \/>\n<script type=\"application\/ld+json\" class=\"yoast-schema-graph\">{\"@context\":\"https:\\\/\\\/schema.org\",\"@graph\":[{\"@type\":\"WebPage\",\"@id\":\"https:\\\/\\\/telemme.mmsh.fr\\\/?tribe_events=anachroniques-levi-strauss\",\"url\":\"https:\\\/\\\/telemme.mmsh.fr\\\/?tribe_events=anachroniques-levi-strauss\",\"name\":\"[Anachroniques] L\u00e9vi-Strauss - TELEMMe - Temps, espaces, langages, Europe m\u00e9ridionale, M\u00e9diterran\u00e9e\",\"isPartOf\":{\"@id\":\"https:\\\/\\\/telemme.mmsh.fr\\\/#website\"},\"primaryImageOfPage\":{\"@id\":\"https:\\\/\\\/telemme.mmsh.fr\\\/?tribe_events=anachroniques-levi-strauss#primaryimage\"},\"image\":{\"@id\":\"https:\\\/\\\/telemme.mmsh.fr\\\/?tribe_events=anachroniques-levi-strauss#primaryimage\"},\"thumbnailUrl\":\"https:\\\/\\\/telemme.mmsh.fr\\\/wp-content\\\/uploads\\\/2022\\\/01\\\/Anachroniques_Saison6_carre.jpg\",\"datePublished\":\"2023-03-09T09:39:14+00:00\",\"description\":\"Anachroniques revient ce vendredi pour discuter de l\u2019oeuvre de L\u00e9vi-Strauss (rien de moins!) \u00e0 travers le bilan critique dress\u00e9 par deux \u00e9minents anthropologues, Maurice Godelier et Alban Bensa.\",\"breadcrumb\":{\"@id\":\"https:\\\/\\\/telemme.mmsh.fr\\\/?tribe_events=anachroniques-levi-strauss#breadcrumb\"},\"inLanguage\":\"fr-FR\",\"potentialAction\":[{\"@type\":\"ReadAction\",\"target\":[\"https:\\\/\\\/telemme.mmsh.fr\\\/?tribe_events=anachroniques-levi-strauss\"]}]},{\"@type\":\"ImageObject\",\"inLanguage\":\"fr-FR\",\"@id\":\"https:\\\/\\\/telemme.mmsh.fr\\\/?tribe_events=anachroniques-levi-strauss#primaryimage\",\"url\":\"https:\\\/\\\/telemme.mmsh.fr\\\/wp-content\\\/uploads\\\/2022\\\/01\\\/Anachroniques_Saison6_carre.jpg\",\"contentUrl\":\"https:\\\/\\\/telemme.mmsh.fr\\\/wp-content\\\/uploads\\\/2022\\\/01\\\/Anachroniques_Saison6_carre.jpg\",\"width\":1773,\"height\":1434,\"caption\":\"Affiche du s\u00e9minaire Anachroniques, saison 6\"},{\"@type\":\"BreadcrumbList\",\"@id\":\"https:\\\/\\\/telemme.mmsh.fr\\\/?tribe_events=anachroniques-levi-strauss#breadcrumb\",\"itemListElement\":[{\"@type\":\"ListItem\",\"position\":1,\"name\":\"Accueil\",\"item\":\"https:\\\/\\\/telemme.mmsh.fr\\\/\"},{\"@type\":\"ListItem\",\"position\":2,\"name\":\"\u00c9v\u00e8nements\",\"item\":\"https:\\\/\\\/telemme.mmsh.fr\\\/?post_type=tribe_events\"},{\"@type\":\"ListItem\",\"position\":3,\"name\":\"S\u00e9minaire interlaboratoire\",\"item\":\"https:\\\/\\\/telemme.mmsh.fr\\\/?tribe_events_cat=seminaire-interlaboratoire\"},{\"@type\":\"ListItem\",\"position\":4,\"name\":\"S\u00e9minaire \\\"Anachroniques\\\"\",\"item\":\"https:\\\/\\\/telemme.mmsh.fr\\\/?tribe_events_cat=seminaire-anachroniques\"},{\"@type\":\"ListItem\",\"position\":5,\"name\":\"[Anachroniques] L\u00e9vi-Strauss\"}]},{\"@type\":\"WebSite\",\"@id\":\"https:\\\/\\\/telemme.mmsh.fr\\\/#website\",\"url\":\"https:\\\/\\\/telemme.mmsh.fr\\\/\",\"name\":\"TELEMMe - Temps, espaces, langages, Europe m\u00e9ridionale, M\u00e9diterran\u00e9e\",\"description\":\"\",\"publisher\":{\"@id\":\"https:\\\/\\\/telemme.mmsh.fr\\\/#organization\"},\"potentialAction\":[{\"@type\":\"SearchAction\",\"target\":{\"@type\":\"EntryPoint\",\"urlTemplate\":\"https:\\\/\\\/telemme.mmsh.fr\\\/?s={search_term_string}\"},\"query-input\":{\"@type\":\"PropertyValueSpecification\",\"valueRequired\":true,\"valueName\":\"search_term_string\"}}],\"inLanguage\":\"fr-FR\"},{\"@type\":\"Organization\",\"@id\":\"https:\\\/\\\/telemme.mmsh.fr\\\/#organization\",\"name\":\"TELEMMe\",\"url\":\"https:\\\/\\\/telemme.mmsh.fr\\\/\",\"logo\":{\"@type\":\"ImageObject\",\"inLanguage\":\"fr-FR\",\"@id\":\"https:\\\/\\\/telemme.mmsh.fr\\\/#\\\/schema\\\/logo\\\/image\\\/\",\"url\":\"https:\\\/\\\/telemme.mmsh.fr\\\/wp-content\\\/uploads\\\/2020\\\/03\\\/LogoTELEMMe-horizontal-fond-transparent.png\",\"contentUrl\":\"https:\\\/\\\/telemme.mmsh.fr\\\/wp-content\\\/uploads\\\/2020\\\/03\\\/LogoTELEMMe-horizontal-fond-transparent.png\",\"width\":1500,\"height\":437,\"caption\":\"TELEMMe\"},\"image\":{\"@id\":\"https:\\\/\\\/telemme.mmsh.fr\\\/#\\\/schema\\\/logo\\\/image\\\/\"}}]}<\/script>\n<!-- \/ Yoast SEO plugin. -->","yoast_head_json":{"title":"[Anachroniques] L\u00e9vi-Strauss - TELEMMe - Temps, espaces, langages, Europe m\u00e9ridionale, M\u00e9diterran\u00e9e","description":"Anachroniques revient ce vendredi pour discuter de l\u2019oeuvre de L\u00e9vi-Strauss (rien de moins!) \u00e0 travers le bilan critique dress\u00e9 par deux \u00e9minents anthropologues, Maurice Godelier et Alban Bensa.","robots":{"index":"index","follow":"follow","max-snippet":"max-snippet:-1","max-image-preview":"max-image-preview:large","max-video-preview":"max-video-preview:-1"},"canonical":"https:\/\/telemme.mmsh.fr\/?tribe_events=anachroniques-levi-strauss","og_locale":"fr_FR","og_type":"article","og_title":"[Anachroniques] L\u00e9vi-Strauss - TELEMMe - Temps, espaces, langages, Europe m\u00e9ridionale, M\u00e9diterran\u00e9e","og_description":"Anachroniques revient ce vendredi pour discuter de l\u2019oeuvre de L\u00e9vi-Strauss (rien de moins!) \u00e0 travers le bilan critique dress\u00e9 par deux \u00e9minents anthropologues, Maurice Godelier et Alban Bensa.","og_url":"https:\/\/telemme.mmsh.fr\/?tribe_events=anachroniques-levi-strauss","og_site_name":"TELEMMe - Temps, espaces, langages, Europe m\u00e9ridionale, M\u00e9diterran\u00e9e","og_image":[{"width":1773,"height":1434,"url":"https:\/\/telemme.mmsh.fr\/wp-content\/uploads\/2022\/01\/Anachroniques_Saison6_carre.jpg","type":"image\/jpeg"}],"twitter_card":"summary_large_image","schema":{"@context":"https:\/\/schema.org","@graph":[{"@type":"WebPage","@id":"https:\/\/telemme.mmsh.fr\/?tribe_events=anachroniques-levi-strauss","url":"https:\/\/telemme.mmsh.fr\/?tribe_events=anachroniques-levi-strauss","name":"[Anachroniques] L\u00e9vi-Strauss - TELEMMe - Temps, espaces, langages, Europe m\u00e9ridionale, M\u00e9diterran\u00e9e","isPartOf":{"@id":"https:\/\/telemme.mmsh.fr\/#website"},"primaryImageOfPage":{"@id":"https:\/\/telemme.mmsh.fr\/?tribe_events=anachroniques-levi-strauss#primaryimage"},"image":{"@id":"https:\/\/telemme.mmsh.fr\/?tribe_events=anachroniques-levi-strauss#primaryimage"},"thumbnailUrl":"https:\/\/telemme.mmsh.fr\/wp-content\/uploads\/2022\/01\/Anachroniques_Saison6_carre.jpg","datePublished":"2023-03-09T09:39:14+00:00","description":"Anachroniques revient ce vendredi pour discuter de l\u2019oeuvre de L\u00e9vi-Strauss (rien de moins!) \u00e0 travers le bilan critique dress\u00e9 par deux \u00e9minents anthropologues, Maurice Godelier et Alban Bensa.","breadcrumb":{"@id":"https:\/\/telemme.mmsh.fr\/?tribe_events=anachroniques-levi-strauss#breadcrumb"},"inLanguage":"fr-FR","potentialAction":[{"@type":"ReadAction","target":["https:\/\/telemme.mmsh.fr\/?tribe_events=anachroniques-levi-strauss"]}]},{"@type":"ImageObject","inLanguage":"fr-FR","@id":"https:\/\/telemme.mmsh.fr\/?tribe_events=anachroniques-levi-strauss#primaryimage","url":"https:\/\/telemme.mmsh.fr\/wp-content\/uploads\/2022\/01\/Anachroniques_Saison6_carre.jpg","contentUrl":"https:\/\/telemme.mmsh.fr\/wp-content\/uploads\/2022\/01\/Anachroniques_Saison6_carre.jpg","width":1773,"height":1434,"caption":"Affiche du s\u00e9minaire Anachroniques, saison 6"},{"@type":"BreadcrumbList","@id":"https:\/\/telemme.mmsh.fr\/?tribe_events=anachroniques-levi-strauss#breadcrumb","itemListElement":[{"@type":"ListItem","position":1,"name":"Accueil","item":"https:\/\/telemme.mmsh.fr\/"},{"@type":"ListItem","position":2,"name":"\u00c9v\u00e8nements","item":"https:\/\/telemme.mmsh.fr\/?post_type=tribe_events"},{"@type":"ListItem","position":3,"name":"S\u00e9minaire interlaboratoire","item":"https:\/\/telemme.mmsh.fr\/?tribe_events_cat=seminaire-interlaboratoire"},{"@type":"ListItem","position":4,"name":"S\u00e9minaire \"Anachroniques\"","item":"https:\/\/telemme.mmsh.fr\/?tribe_events_cat=seminaire-anachroniques"},{"@type":"ListItem","position":5,"name":"[Anachroniques] L\u00e9vi-Strauss"}]},{"@type":"WebSite","@id":"https:\/\/telemme.mmsh.fr\/#website","url":"https:\/\/telemme.mmsh.fr\/","name":"TELEMMe - Temps, espaces, langages, Europe m\u00e9ridionale, M\u00e9diterran\u00e9e","description":"","publisher":{"@id":"https:\/\/telemme.mmsh.fr\/#organization"},"potentialAction":[{"@type":"SearchAction","target":{"@type":"EntryPoint","urlTemplate":"https:\/\/telemme.mmsh.fr\/?s={search_term_string}"},"query-input":{"@type":"PropertyValueSpecification","valueRequired":true,"valueName":"search_term_string"}}],"inLanguage":"fr-FR"},{"@type":"Organization","@id":"https:\/\/telemme.mmsh.fr\/#organization","name":"TELEMMe","url":"https:\/\/telemme.mmsh.fr\/","logo":{"@type":"ImageObject","inLanguage":"fr-FR","@id":"https:\/\/telemme.mmsh.fr\/#\/schema\/logo\/image\/","url":"https:\/\/telemme.mmsh.fr\/wp-content\/uploads\/2020\/03\/LogoTELEMMe-horizontal-fond-transparent.png","contentUrl":"https:\/\/telemme.mmsh.fr\/wp-content\/uploads\/2020\/03\/LogoTELEMMe-horizontal-fond-transparent.png","width":1500,"height":437,"caption":"TELEMMe"},"image":{"@id":"https:\/\/telemme.mmsh.fr\/#\/schema\/logo\/image\/"}}]}},"_links":{"self":[{"href":"https:\/\/telemme.mmsh.fr\/index.php?rest_route=\/wp\/v2\/tribe_events\/12593","targetHints":{"allow":["GET"]}}],"collection":[{"href":"https:\/\/telemme.mmsh.fr\/index.php?rest_route=\/wp\/v2\/tribe_events"}],"about":[{"href":"https:\/\/telemme.mmsh.fr\/index.php?rest_route=\/wp\/v2\/types\/tribe_events"}],"author":[{"embeddable":true,"href":"https:\/\/telemme.mmsh.fr\/index.php?rest_route=\/wp\/v2\/users\/175"}],"version-history":[{"count":1,"href":"https:\/\/telemme.mmsh.fr\/index.php?rest_route=\/wp\/v2\/tribe_events\/12593\/revisions"}],"predecessor-version":[{"id":12594,"href":"https:\/\/telemme.mmsh.fr\/index.php?rest_route=\/wp\/v2\/tribe_events\/12593\/revisions\/12594"}],"wp:featuredmedia":[{"embeddable":true,"href":"https:\/\/telemme.mmsh.fr\/index.php?rest_route=\/wp\/v2\/media\/10488"}],"wp:attachment":[{"href":"https:\/\/telemme.mmsh.fr\/index.php?rest_route=%2Fwp%2Fv2%2Fmedia&parent=12593"}],"wp:term":[{"taxonomy":"post_tag","embeddable":true,"href":"https:\/\/telemme.mmsh.fr\/index.php?rest_route=%2Fwp%2Fv2%2Ftags&post=12593"},{"taxonomy":"tribe_events_cat","embeddable":true,"href":"https:\/\/telemme.mmsh.fr\/index.php?rest_route=%2Fwp%2Fv2%2Ftribe_events_cat&post=12593"}],"curies":[{"name":"wp","href":"https:\/\/api.w.org\/{rel}","templated":true}]}}