{"id":12462,"date":"2023-02-03T14:51:31","date_gmt":"2023-02-03T13:51:31","guid":{"rendered":"https:\/\/telemme.mmsh.fr\/?post_type=tribe_events&#038;p=12462"},"modified":"2023-02-03T15:16:03","modified_gmt":"2023-02-03T14:16:03","slug":"marche-pour-legalite-et-contre-le-racisme-de-1983-approche-sociohistorique","status":"publish","type":"tribe_events","link":"https:\/\/telemme.mmsh.fr\/?tribe_events=marche-pour-legalite-et-contre-le-racisme-de-1983-approche-sociohistorique","title":{"rendered":"Marche pour l&rsquo;\u00e9galit\u00e9 et contre le racisme de 1983 : approche sociohistorique"},"content":{"rendered":"<p><span style=\"font-size: 12.0pt; font-family: 'Georgia',serif; color: black;\">Intervention de :\u00a0<\/span><\/p>\n<p><span style=\"font-size: 12.0pt; font-family: 'Georgia',serif; color: black;\">Abdellali Hajjat<\/span><\/p>\n<p><span style=\"font-size: 12.0pt; font-family: 'Georgia',serif; color: black;\">Charg\u00e9 de cours en sociologie<\/span><\/p>\n<p><span style=\"font-size: 12.0pt; font-family: 'Georgia',serif; color: black;\">Universit\u00e9 libre de Bruxelles | GERME\u00a0<\/span><\/p>\n<p><span style=\"font-size: 12.0pt; font-family: 'Georgia',serif; color: black;\"><a href=\"https:\/\/hajjat.ulb.be\">https:\/\/hajjat.ulb.be<\/a>\u00a0<\/span><\/p>\n<p><span style=\"font-size: 12.0pt; font-family: 'Georgia',serif; color: black;\">\u00a0<\/span><\/p>\n<p>&nbsp;<\/p>\n<p><a href=\"https:\/\/telemme.mmsh.fr\/?evenement=seminaire-anr-polyvocal-picch-2\">Programme<\/a><\/p>\n","protected":false},"excerpt":{"rendered":"<p>Intervention de :\u00a0 Abdellali Hajjat Charg\u00e9 de cours en sociologie Universit\u00e9 libre de Bruxelles | GERME\u00a0 https:\/\/hajjat.ulb.be\u00a0 \u00a0 &nbsp; Programme<\/p>\n","protected":false},"author":175,"featured_media":11920,"template":"","meta":{"neve_meta_sidebar":"","neve_meta_container":"","neve_meta_enable_content_width":"","neve_meta_content_width":0,"neve_meta_title_alignment":"","neve_meta_author_avatar":"","neve_post_elements_order":"","neve_meta_disable_header":"","neve_meta_disable_footer":"","neve_meta_disable_title":"","_tribe_events_status":"","_tribe_events_status_reason":"","footnotes":""},"tags":[2211],"tribe_events_cat":[1831],"class_list":["post-12462","tribe_events","type-tribe_events","status-publish","has-post-thumbnail","hentry","tag-anr-picch","tribe_events_cat-seminaire","cat_seminaire"],"yoast_head":"<!-- This site is optimized with the Yoast SEO plugin v27.4 - https:\/\/yoast.com\/product\/yoast-seo-wordpress\/ -->\n<title>Marche pour l&#039;\u00e9galit\u00e9 et contre le racisme de 1983 : approche sociohistorique - TELEMMe - Temps, espaces, langages, Europe m\u00e9ridionale, M\u00e9diterran\u00e9e<\/title>\n<meta name=\"robots\" content=\"index, follow, max-snippet:-1, max-image-preview:large, max-video-preview:-1\" \/>\n<link rel=\"canonical\" href=\"https:\/\/telemme.mmsh.fr\/?tribe_events=marche-pour-legalite-et-contre-le-racisme-de-1983-approche-sociohistorique\" \/>\n<meta property=\"og:locale\" content=\"fr_FR\" \/>\n<meta property=\"og:type\" content=\"article\" \/>\n<meta property=\"og:title\" content=\"Marche pour l&#039;\u00e9galit\u00e9 et contre le racisme de 1983 : approche sociohistorique - TELEMMe - Temps, espaces, langages, Europe m\u00e9ridionale, M\u00e9diterran\u00e9e\" \/>\n<meta property=\"og:description\" content=\"Intervention de :\u00a0 Abdellali Hajjat Charg\u00e9 de cours en sociologie Universit\u00e9 libre de Bruxelles | GERME\u00a0 https:\/\/hajjat.ulb.be\u00a0 \u00a0 &nbsp; Programme\" \/>\n<meta property=\"og:url\" content=\"https:\/\/telemme.mmsh.fr\/?tribe_events=marche-pour-legalite-et-contre-le-racisme-de-1983-approche-sociohistorique\" \/>\n<meta property=\"og:site_name\" content=\"TELEMMe - Temps, espaces, langages, Europe m\u00e9ridionale, M\u00e9diterran\u00e9e\" \/>\n<meta property=\"article:modified_time\" content=\"2023-02-03T14:16:03+00:00\" \/>\n<meta property=\"og:image\" content=\"https:\/\/telemme.mmsh.fr\/wp-content\/uploads\/2022\/10\/logo_PICCH_2-930x250-1.jpg\" \/>\n\t<meta property=\"og:image:width\" content=\"930\" \/>\n\t<meta property=\"og:image:height\" content=\"250\" \/>\n\t<meta property=\"og:image:type\" content=\"image\/jpeg\" \/>\n<meta name=\"twitter:card\" content=\"summary_large_image\" \/>\n<script type=\"application\/ld+json\" class=\"yoast-schema-graph\">{\"@context\":\"https:\\\/\\\/schema.org\",\"@graph\":[{\"@type\":\"WebPage\",\"@id\":\"https:\\\/\\\/telemme.mmsh.fr\\\/?tribe_events=marche-pour-legalite-et-contre-le-racisme-de-1983-approche-sociohistorique\",\"url\":\"https:\\\/\\\/telemme.mmsh.fr\\\/?tribe_events=marche-pour-legalite-et-contre-le-racisme-de-1983-approche-sociohistorique\",\"name\":\"Marche pour l'\u00e9galit\u00e9 et contre le racisme de 1983 : approche sociohistorique - TELEMMe - Temps, espaces, langages, Europe m\u00e9ridionale, M\u00e9diterran\u00e9e\",\"isPartOf\":{\"@id\":\"https:\\\/\\\/telemme.mmsh.fr\\\/#website\"},\"primaryImageOfPage\":{\"@id\":\"https:\\\/\\\/telemme.mmsh.fr\\\/?tribe_events=marche-pour-legalite-et-contre-le-racisme-de-1983-approche-sociohistorique#primaryimage\"},\"image\":{\"@id\":\"https:\\\/\\\/telemme.mmsh.fr\\\/?tribe_events=marche-pour-legalite-et-contre-le-racisme-de-1983-approche-sociohistorique#primaryimage\"},\"thumbnailUrl\":\"https:\\\/\\\/telemme.mmsh.fr\\\/wp-content\\\/uploads\\\/2022\\\/10\\\/logo_PICCH_2-930x250-1.jpg\",\"datePublished\":\"2023-02-03T13:51:31+00:00\",\"dateModified\":\"2023-02-03T14:16:03+00:00\",\"breadcrumb\":{\"@id\":\"https:\\\/\\\/telemme.mmsh.fr\\\/?tribe_events=marche-pour-legalite-et-contre-le-racisme-de-1983-approche-sociohistorique#breadcrumb\"},\"inLanguage\":\"fr-FR\",\"potentialAction\":[{\"@type\":\"ReadAction\",\"target\":[\"https:\\\/\\\/telemme.mmsh.fr\\\/?tribe_events=marche-pour-legalite-et-contre-le-racisme-de-1983-approche-sociohistorique\"]}]},{\"@type\":\"ImageObject\",\"inLanguage\":\"fr-FR\",\"@id\":\"https:\\\/\\\/telemme.mmsh.fr\\\/?tribe_events=marche-pour-legalite-et-contre-le-racisme-de-1983-approche-sociohistorique#primaryimage\",\"url\":\"https:\\\/\\\/telemme.mmsh.fr\\\/wp-content\\\/uploads\\\/2022\\\/10\\\/logo_PICCH_2-930x250-1.jpg\",\"contentUrl\":\"https:\\\/\\\/telemme.mmsh.fr\\\/wp-content\\\/uploads\\\/2022\\\/10\\\/logo_PICCH_2-930x250-1.jpg\",\"width\":930,\"height\":250},{\"@type\":\"BreadcrumbList\",\"@id\":\"https:\\\/\\\/telemme.mmsh.fr\\\/?tribe_events=marche-pour-legalite-et-contre-le-racisme-de-1983-approche-sociohistorique#breadcrumb\",\"itemListElement\":[{\"@type\":\"ListItem\",\"position\":1,\"name\":\"Accueil\",\"item\":\"https:\\\/\\\/telemme.mmsh.fr\\\/\"},{\"@type\":\"ListItem\",\"position\":2,\"name\":\"\u00c9v\u00e8nements\",\"item\":\"https:\\\/\\\/telemme.mmsh.fr\\\/?post_type=tribe_events\"},{\"@type\":\"ListItem\",\"position\":3,\"name\":\"S\u00e9minaire\",\"item\":\"https:\\\/\\\/telemme.mmsh.fr\\\/?tribe_events_cat=seminaire\"},{\"@type\":\"ListItem\",\"position\":4,\"name\":\"Marche pour l&#8217;\u00e9galit\u00e9 et contre le racisme de 1983 : approche sociohistorique\"}]},{\"@type\":\"WebSite\",\"@id\":\"https:\\\/\\\/telemme.mmsh.fr\\\/#website\",\"url\":\"https:\\\/\\\/telemme.mmsh.fr\\\/\",\"name\":\"TELEMMe - Temps, espaces, langages, Europe m\u00e9ridionale, M\u00e9diterran\u00e9e\",\"description\":\"\",\"publisher\":{\"@id\":\"https:\\\/\\\/telemme.mmsh.fr\\\/#organization\"},\"potentialAction\":[{\"@type\":\"SearchAction\",\"target\":{\"@type\":\"EntryPoint\",\"urlTemplate\":\"https:\\\/\\\/telemme.mmsh.fr\\\/?s={search_term_string}\"},\"query-input\":{\"@type\":\"PropertyValueSpecification\",\"valueRequired\":true,\"valueName\":\"search_term_string\"}}],\"inLanguage\":\"fr-FR\"},{\"@type\":\"Organization\",\"@id\":\"https:\\\/\\\/telemme.mmsh.fr\\\/#organization\",\"name\":\"TELEMMe\",\"url\":\"https:\\\/\\\/telemme.mmsh.fr\\\/\",\"logo\":{\"@type\":\"ImageObject\",\"inLanguage\":\"fr-FR\",\"@id\":\"https:\\\/\\\/telemme.mmsh.fr\\\/#\\\/schema\\\/logo\\\/image\\\/\",\"url\":\"https:\\\/\\\/telemme.mmsh.fr\\\/wp-content\\\/uploads\\\/2020\\\/03\\\/LogoTELEMMe-horizontal-fond-transparent.png\",\"contentUrl\":\"https:\\\/\\\/telemme.mmsh.fr\\\/wp-content\\\/uploads\\\/2020\\\/03\\\/LogoTELEMMe-horizontal-fond-transparent.png\",\"width\":1500,\"height\":437,\"caption\":\"TELEMMe\"},\"image\":{\"@id\":\"https:\\\/\\\/telemme.mmsh.fr\\\/#\\\/schema\\\/logo\\\/image\\\/\"}}]}<\/script>\n<!-- \/ Yoast SEO plugin. -->","yoast_head_json":{"title":"Marche pour l'\u00e9galit\u00e9 et contre le racisme de 1983 : approche sociohistorique - TELEMMe - Temps, espaces, langages, Europe m\u00e9ridionale, M\u00e9diterran\u00e9e","robots":{"index":"index","follow":"follow","max-snippet":"max-snippet:-1","max-image-preview":"max-image-preview:large","max-video-preview":"max-video-preview:-1"},"canonical":"https:\/\/telemme.mmsh.fr\/?tribe_events=marche-pour-legalite-et-contre-le-racisme-de-1983-approche-sociohistorique","og_locale":"fr_FR","og_type":"article","og_title":"Marche pour l'\u00e9galit\u00e9 et contre le racisme de 1983 : approche sociohistorique - TELEMMe - Temps, espaces, langages, Europe m\u00e9ridionale, M\u00e9diterran\u00e9e","og_description":"Intervention de :\u00a0 Abdellali Hajjat Charg\u00e9 de cours en sociologie Universit\u00e9 libre de Bruxelles | GERME\u00a0 https:\/\/hajjat.ulb.be\u00a0 \u00a0 &nbsp; Programme","og_url":"https:\/\/telemme.mmsh.fr\/?tribe_events=marche-pour-legalite-et-contre-le-racisme-de-1983-approche-sociohistorique","og_site_name":"TELEMMe - Temps, espaces, langages, Europe m\u00e9ridionale, M\u00e9diterran\u00e9e","article_modified_time":"2023-02-03T14:16:03+00:00","og_image":[{"width":930,"height":250,"url":"https:\/\/telemme.mmsh.fr\/wp-content\/uploads\/2022\/10\/logo_PICCH_2-930x250-1.jpg","type":"image\/jpeg"}],"twitter_card":"summary_large_image","schema":{"@context":"https:\/\/schema.org","@graph":[{"@type":"WebPage","@id":"https:\/\/telemme.mmsh.fr\/?tribe_events=marche-pour-legalite-et-contre-le-racisme-de-1983-approche-sociohistorique","url":"https:\/\/telemme.mmsh.fr\/?tribe_events=marche-pour-legalite-et-contre-le-racisme-de-1983-approche-sociohistorique","name":"Marche pour l'\u00e9galit\u00e9 et contre le racisme de 1983 : approche sociohistorique - TELEMMe - Temps, espaces, langages, Europe m\u00e9ridionale, M\u00e9diterran\u00e9e","isPartOf":{"@id":"https:\/\/telemme.mmsh.fr\/#website"},"primaryImageOfPage":{"@id":"https:\/\/telemme.mmsh.fr\/?tribe_events=marche-pour-legalite-et-contre-le-racisme-de-1983-approche-sociohistorique#primaryimage"},"image":{"@id":"https:\/\/telemme.mmsh.fr\/?tribe_events=marche-pour-legalite-et-contre-le-racisme-de-1983-approche-sociohistorique#primaryimage"},"thumbnailUrl":"https:\/\/telemme.mmsh.fr\/wp-content\/uploads\/2022\/10\/logo_PICCH_2-930x250-1.jpg","datePublished":"2023-02-03T13:51:31+00:00","dateModified":"2023-02-03T14:16:03+00:00","breadcrumb":{"@id":"https:\/\/telemme.mmsh.fr\/?tribe_events=marche-pour-legalite-et-contre-le-racisme-de-1983-approche-sociohistorique#breadcrumb"},"inLanguage":"fr-FR","potentialAction":[{"@type":"ReadAction","target":["https:\/\/telemme.mmsh.fr\/?tribe_events=marche-pour-legalite-et-contre-le-racisme-de-1983-approche-sociohistorique"]}]},{"@type":"ImageObject","inLanguage":"fr-FR","@id":"https:\/\/telemme.mmsh.fr\/?tribe_events=marche-pour-legalite-et-contre-le-racisme-de-1983-approche-sociohistorique#primaryimage","url":"https:\/\/telemme.mmsh.fr\/wp-content\/uploads\/2022\/10\/logo_PICCH_2-930x250-1.jpg","contentUrl":"https:\/\/telemme.mmsh.fr\/wp-content\/uploads\/2022\/10\/logo_PICCH_2-930x250-1.jpg","width":930,"height":250},{"@type":"BreadcrumbList","@id":"https:\/\/telemme.mmsh.fr\/?tribe_events=marche-pour-legalite-et-contre-le-racisme-de-1983-approche-sociohistorique#breadcrumb","itemListElement":[{"@type":"ListItem","position":1,"name":"Accueil","item":"https:\/\/telemme.mmsh.fr\/"},{"@type":"ListItem","position":2,"name":"\u00c9v\u00e8nements","item":"https:\/\/telemme.mmsh.fr\/?post_type=tribe_events"},{"@type":"ListItem","position":3,"name":"S\u00e9minaire","item":"https:\/\/telemme.mmsh.fr\/?tribe_events_cat=seminaire"},{"@type":"ListItem","position":4,"name":"Marche pour l&#8217;\u00e9galit\u00e9 et contre le racisme de 1983 : approche sociohistorique"}]},{"@type":"WebSite","@id":"https:\/\/telemme.mmsh.fr\/#website","url":"https:\/\/telemme.mmsh.fr\/","name":"TELEMMe - Temps, espaces, langages, Europe m\u00e9ridionale, M\u00e9diterran\u00e9e","description":"","publisher":{"@id":"https:\/\/telemme.mmsh.fr\/#organization"},"potentialAction":[{"@type":"SearchAction","target":{"@type":"EntryPoint","urlTemplate":"https:\/\/telemme.mmsh.fr\/?s={search_term_string}"},"query-input":{"@type":"PropertyValueSpecification","valueRequired":true,"valueName":"search_term_string"}}],"inLanguage":"fr-FR"},{"@type":"Organization","@id":"https:\/\/telemme.mmsh.fr\/#organization","name":"TELEMMe","url":"https:\/\/telemme.mmsh.fr\/","logo":{"@type":"ImageObject","inLanguage":"fr-FR","@id":"https:\/\/telemme.mmsh.fr\/#\/schema\/logo\/image\/","url":"https:\/\/telemme.mmsh.fr\/wp-content\/uploads\/2020\/03\/LogoTELEMMe-horizontal-fond-transparent.png","contentUrl":"https:\/\/telemme.mmsh.fr\/wp-content\/uploads\/2020\/03\/LogoTELEMMe-horizontal-fond-transparent.png","width":1500,"height":437,"caption":"TELEMMe"},"image":{"@id":"https:\/\/telemme.mmsh.fr\/#\/schema\/logo\/image\/"}}]}},"_links":{"self":[{"href":"https:\/\/telemme.mmsh.fr\/index.php?rest_route=\/wp\/v2\/tribe_events\/12462","targetHints":{"allow":["GET"]}}],"collection":[{"href":"https:\/\/telemme.mmsh.fr\/index.php?rest_route=\/wp\/v2\/tribe_events"}],"about":[{"href":"https:\/\/telemme.mmsh.fr\/index.php?rest_route=\/wp\/v2\/types\/tribe_events"}],"author":[{"embeddable":true,"href":"https:\/\/telemme.mmsh.fr\/index.php?rest_route=\/wp\/v2\/users\/175"}],"version-history":[{"count":2,"href":"https:\/\/telemme.mmsh.fr\/index.php?rest_route=\/wp\/v2\/tribe_events\/12462\/revisions"}],"predecessor-version":[{"id":12467,"href":"https:\/\/telemme.mmsh.fr\/index.php?rest_route=\/wp\/v2\/tribe_events\/12462\/revisions\/12467"}],"wp:featuredmedia":[{"embeddable":true,"href":"https:\/\/telemme.mmsh.fr\/index.php?rest_route=\/wp\/v2\/media\/11920"}],"wp:attachment":[{"href":"https:\/\/telemme.mmsh.fr\/index.php?rest_route=%2Fwp%2Fv2%2Fmedia&parent=12462"}],"wp:term":[{"taxonomy":"post_tag","embeddable":true,"href":"https:\/\/telemme.mmsh.fr\/index.php?rest_route=%2Fwp%2Fv2%2Ftags&post=12462"},{"taxonomy":"tribe_events_cat","embeddable":true,"href":"https:\/\/telemme.mmsh.fr\/index.php?rest_route=%2Fwp%2Fv2%2Ftribe_events_cat&post=12462"}],"curies":[{"name":"wp","href":"https:\/\/api.w.org\/{rel}","templated":true}]}}