{"id":12417,"date":"2023-01-27T10:22:59","date_gmt":"2023-01-27T09:22:59","guid":{"rendered":"https:\/\/telemme.mmsh.fr\/?post_type=tribe_events&#038;p=12417"},"modified":"2023-06-09T09:49:23","modified_gmt":"2023-06-09T07:49:23","slug":"mediterranee-sensible","status":"publish","type":"tribe_events","link":"https:\/\/telemme.mmsh.fr\/?tribe_events=mediterranee-sensible","title":{"rendered":"M\u00e9diterran\u00e9e sensible"},"content":{"rendered":"<p>Les rencontres m\u00e9diterran\u00e9ennes de TELEMMe 2023 se tiendront \u00e0 la fondation Camargo (Cassis) le 26 juin 2023 et porteront sur la th\u00e9matique \u201cM\u00e9diterran\u00e9e sensible\u201c.<\/p>\n<p>Cette 5<sup>\u00e8me<\/sup> \u00e9dition est organis\u00e9e par l&rsquo;\u00e9quipe des m\u00e9di\u00e9vistes mais bien s\u00fbr destin\u00e9e \u00e0 tous et toutes.\u00a0 Plusieurs temps forts sont pr\u00e9vus : \u00ab Des sources dans tous les sens \u00bb ; \u00ab D\u00e9go\u00fbtant salle et moche \u00bb ; un buffet aux saveurs m\u00e9diterran\u00e9ennes ; un mini-concert de musiques m\u00e9diterran\u00e9ennes m\u00e9di\u00e9vales par l\u2019ensemble Apotropa\u00efk ; une table-ronde, des petites conf\u00e9rences et un pot final.<\/p>\n<p><a href=\"https:\/\/telemme.mmsh.fr\/?evenement=mediterranee-sensible\">Programme<\/a><\/p>\n","protected":false},"excerpt":{"rendered":"<p>Les rencontres m\u00e9diterran\u00e9ennes de TELEMMe 2023 se tiendront \u00e0 la fondation Camargo (Cassis) le 26 juin 2023 et porteront sur la th\u00e9matique \u201cM\u00e9diterran\u00e9e sensible\u201c. Cette 5\u00e8me \u00e9dition est organis\u00e9e par&hellip;&nbsp;<a href=\"https:\/\/telemme.mmsh.fr\/?tribe_events=mediterranee-sensible\" rel=\"bookmark\">Lire la suite &raquo;<span class=\"screen-reader-text\">M\u00e9diterran\u00e9e sensible<\/span><\/a><\/p>\n","protected":false},"author":175,"featured_media":12418,"template":"","meta":{"neve_meta_sidebar":"","neve_meta_container":"","neve_meta_enable_content_width":"","neve_meta_content_width":0,"neve_meta_title_alignment":"","neve_meta_author_avatar":"","neve_post_elements_order":"","neve_meta_disable_header":"","neve_meta_disable_footer":"","neve_meta_disable_title":"","_tribe_events_status":"","_tribe_events_status_reason":"","footnotes":""},"tags":[2628],"tribe_events_cat":[2319],"class_list":["post-12417","tribe_events","type-tribe_events","status-publish","has-post-thumbnail","hentry","tag-rmt","tribe_events_cat-rencontres-mediterranennes-de-telemme","cat_rencontres-mediterranennes-de-telemme"],"yoast_head":"<!-- This site is optimized with the Yoast SEO plugin v27.4 - https:\/\/yoast.com\/product\/yoast-seo-wordpress\/ -->\n<title>M\u00e9diterran\u00e9e sensible - TELEMMe - Temps, espaces, langages, Europe m\u00e9ridionale, M\u00e9diterran\u00e9e<\/title>\n<meta name=\"robots\" content=\"index, follow, max-snippet:-1, max-image-preview:large, max-video-preview:-1\" \/>\n<link rel=\"canonical\" href=\"https:\/\/telemme.mmsh.fr\/?tribe_events=mediterranee-sensible\" \/>\n<meta property=\"og:locale\" content=\"fr_FR\" \/>\n<meta property=\"og:type\" content=\"article\" \/>\n<meta property=\"og:title\" content=\"M\u00e9diterran\u00e9e sensible - TELEMMe - Temps, espaces, langages, Europe m\u00e9ridionale, M\u00e9diterran\u00e9e\" \/>\n<meta property=\"og:description\" content=\"Les rencontres m\u00e9diterran\u00e9ennes de TELEMMe 2023 se tiendront \u00e0 la fondation Camargo (Cassis) le 26 juin 2023 et porteront sur la th\u00e9matique \u201cM\u00e9diterran\u00e9e sensible\u201c. Cette 5\u00e8me \u00e9dition est organis\u00e9e par&hellip;&nbsp;Lire la suite &raquo;M\u00e9diterran\u00e9e sensible\" \/>\n<meta property=\"og:url\" content=\"https:\/\/telemme.mmsh.fr\/?tribe_events=mediterranee-sensible\" \/>\n<meta property=\"og:site_name\" content=\"TELEMMe - Temps, espaces, langages, Europe m\u00e9ridionale, M\u00e9diterran\u00e9e\" \/>\n<meta property=\"article:modified_time\" content=\"2023-06-09T07:49:23+00:00\" \/>\n<meta property=\"og:image\" content=\"https:\/\/telemme.mmsh.fr\/wp-content\/uploads\/2023\/01\/image.jpg\" \/>\n\t<meta property=\"og:image:width\" content=\"300\" \/>\n\t<meta property=\"og:image:height\" content=\"451\" \/>\n\t<meta property=\"og:image:type\" content=\"image\/jpeg\" \/>\n<meta name=\"twitter:card\" content=\"summary_large_image\" \/>\n<script type=\"application\/ld+json\" class=\"yoast-schema-graph\">{\"@context\":\"https:\\\/\\\/schema.org\",\"@graph\":[{\"@type\":\"WebPage\",\"@id\":\"https:\\\/\\\/telemme.mmsh.fr\\\/?tribe_events=mediterranee-sensible\",\"url\":\"https:\\\/\\\/telemme.mmsh.fr\\\/?tribe_events=mediterranee-sensible\",\"name\":\"M\u00e9diterran\u00e9e sensible - TELEMMe - Temps, espaces, langages, Europe m\u00e9ridionale, M\u00e9diterran\u00e9e\",\"isPartOf\":{\"@id\":\"https:\\\/\\\/telemme.mmsh.fr\\\/#website\"},\"primaryImageOfPage\":{\"@id\":\"https:\\\/\\\/telemme.mmsh.fr\\\/?tribe_events=mediterranee-sensible#primaryimage\"},\"image\":{\"@id\":\"https:\\\/\\\/telemme.mmsh.fr\\\/?tribe_events=mediterranee-sensible#primaryimage\"},\"thumbnailUrl\":\"https:\\\/\\\/telemme.mmsh.fr\\\/wp-content\\\/uploads\\\/2023\\\/01\\\/image.jpg\",\"datePublished\":\"2023-01-27T09:22:59+00:00\",\"dateModified\":\"2023-06-09T07:49:23+00:00\",\"breadcrumb\":{\"@id\":\"https:\\\/\\\/telemme.mmsh.fr\\\/?tribe_events=mediterranee-sensible#breadcrumb\"},\"inLanguage\":\"fr-FR\",\"potentialAction\":[{\"@type\":\"ReadAction\",\"target\":[\"https:\\\/\\\/telemme.mmsh.fr\\\/?tribe_events=mediterranee-sensible\"]}]},{\"@type\":\"ImageObject\",\"inLanguage\":\"fr-FR\",\"@id\":\"https:\\\/\\\/telemme.mmsh.fr\\\/?tribe_events=mediterranee-sensible#primaryimage\",\"url\":\"https:\\\/\\\/telemme.mmsh.fr\\\/wp-content\\\/uploads\\\/2023\\\/01\\\/image.jpg\",\"contentUrl\":\"https:\\\/\\\/telemme.mmsh.fr\\\/wp-content\\\/uploads\\\/2023\\\/01\\\/image.jpg\",\"width\":300,\"height\":451,\"caption\":\"K\u00e2\u011f\u0131ttan yap\u0131lm\u0131\u015f sar\u0131 l\u00e2lenin Atmeydan\u0131\u2019ndan ge\u00e7irili\u015fi, \u0130ntiz\u00e2m\u00ee, S\u00fbrn\u00e2me-i H\u00fcm\u00e2y\u00fbn, Osmanl\u0131 1587 civar\u0131, TSMK, H. 1344, 200a Procession of yellow tulip made of paper in Atmeydan\u0131 (Hippodrome), \u0130ntiz\u00e2m\u00ee, S\u00fbrn\u00e2me-i H\u00fcm\u00e2y\u00fbn, Ottoman circa 1587 , TSMK, H. 1344, 200a\"},{\"@type\":\"BreadcrumbList\",\"@id\":\"https:\\\/\\\/telemme.mmsh.fr\\\/?tribe_events=mediterranee-sensible#breadcrumb\",\"itemListElement\":[{\"@type\":\"ListItem\",\"position\":1,\"name\":\"Accueil\",\"item\":\"https:\\\/\\\/telemme.mmsh.fr\\\/\"},{\"@type\":\"ListItem\",\"position\":2,\"name\":\"\u00c9v\u00e8nements\",\"item\":\"https:\\\/\\\/telemme.mmsh.fr\\\/?post_type=tribe_events\"},{\"@type\":\"ListItem\",\"position\":3,\"name\":\"Rencontres m\u00e9diterran\u00e9nnes de TELEMMe\",\"item\":\"https:\\\/\\\/telemme.mmsh.fr\\\/?tribe_events_cat=rencontres-mediterranennes-de-telemme\"},{\"@type\":\"ListItem\",\"position\":4,\"name\":\"M\u00e9diterran\u00e9e sensible\"}]},{\"@type\":\"WebSite\",\"@id\":\"https:\\\/\\\/telemme.mmsh.fr\\\/#website\",\"url\":\"https:\\\/\\\/telemme.mmsh.fr\\\/\",\"name\":\"TELEMMe - Temps, espaces, langages, Europe m\u00e9ridionale, M\u00e9diterran\u00e9e\",\"description\":\"\",\"publisher\":{\"@id\":\"https:\\\/\\\/telemme.mmsh.fr\\\/#organization\"},\"potentialAction\":[{\"@type\":\"SearchAction\",\"target\":{\"@type\":\"EntryPoint\",\"urlTemplate\":\"https:\\\/\\\/telemme.mmsh.fr\\\/?s={search_term_string}\"},\"query-input\":{\"@type\":\"PropertyValueSpecification\",\"valueRequired\":true,\"valueName\":\"search_term_string\"}}],\"inLanguage\":\"fr-FR\"},{\"@type\":\"Organization\",\"@id\":\"https:\\\/\\\/telemme.mmsh.fr\\\/#organization\",\"name\":\"TELEMMe\",\"url\":\"https:\\\/\\\/telemme.mmsh.fr\\\/\",\"logo\":{\"@type\":\"ImageObject\",\"inLanguage\":\"fr-FR\",\"@id\":\"https:\\\/\\\/telemme.mmsh.fr\\\/#\\\/schema\\\/logo\\\/image\\\/\",\"url\":\"https:\\\/\\\/telemme.mmsh.fr\\\/wp-content\\\/uploads\\\/2020\\\/03\\\/LogoTELEMMe-horizontal-fond-transparent.png\",\"contentUrl\":\"https:\\\/\\\/telemme.mmsh.fr\\\/wp-content\\\/uploads\\\/2020\\\/03\\\/LogoTELEMMe-horizontal-fond-transparent.png\",\"width\":1500,\"height\":437,\"caption\":\"TELEMMe\"},\"image\":{\"@id\":\"https:\\\/\\\/telemme.mmsh.fr\\\/#\\\/schema\\\/logo\\\/image\\\/\"}}]}<\/script>\n<!-- \/ Yoast SEO plugin. -->","yoast_head_json":{"title":"M\u00e9diterran\u00e9e sensible - TELEMMe - Temps, espaces, langages, Europe m\u00e9ridionale, M\u00e9diterran\u00e9e","robots":{"index":"index","follow":"follow","max-snippet":"max-snippet:-1","max-image-preview":"max-image-preview:large","max-video-preview":"max-video-preview:-1"},"canonical":"https:\/\/telemme.mmsh.fr\/?tribe_events=mediterranee-sensible","og_locale":"fr_FR","og_type":"article","og_title":"M\u00e9diterran\u00e9e sensible - TELEMMe - Temps, espaces, langages, Europe m\u00e9ridionale, M\u00e9diterran\u00e9e","og_description":"Les rencontres m\u00e9diterran\u00e9ennes de TELEMMe 2023 se tiendront \u00e0 la fondation Camargo (Cassis) le 26 juin 2023 et porteront sur la th\u00e9matique \u201cM\u00e9diterran\u00e9e sensible\u201c. Cette 5\u00e8me \u00e9dition est organis\u00e9e par&hellip;&nbsp;Lire la suite &raquo;M\u00e9diterran\u00e9e sensible","og_url":"https:\/\/telemme.mmsh.fr\/?tribe_events=mediterranee-sensible","og_site_name":"TELEMMe - Temps, espaces, langages, Europe m\u00e9ridionale, M\u00e9diterran\u00e9e","article_modified_time":"2023-06-09T07:49:23+00:00","og_image":[{"width":300,"height":451,"url":"https:\/\/telemme.mmsh.fr\/wp-content\/uploads\/2023\/01\/image.jpg","type":"image\/jpeg"}],"twitter_card":"summary_large_image","schema":{"@context":"https:\/\/schema.org","@graph":[{"@type":"WebPage","@id":"https:\/\/telemme.mmsh.fr\/?tribe_events=mediterranee-sensible","url":"https:\/\/telemme.mmsh.fr\/?tribe_events=mediterranee-sensible","name":"M\u00e9diterran\u00e9e sensible - TELEMMe - Temps, espaces, langages, Europe m\u00e9ridionale, M\u00e9diterran\u00e9e","isPartOf":{"@id":"https:\/\/telemme.mmsh.fr\/#website"},"primaryImageOfPage":{"@id":"https:\/\/telemme.mmsh.fr\/?tribe_events=mediterranee-sensible#primaryimage"},"image":{"@id":"https:\/\/telemme.mmsh.fr\/?tribe_events=mediterranee-sensible#primaryimage"},"thumbnailUrl":"https:\/\/telemme.mmsh.fr\/wp-content\/uploads\/2023\/01\/image.jpg","datePublished":"2023-01-27T09:22:59+00:00","dateModified":"2023-06-09T07:49:23+00:00","breadcrumb":{"@id":"https:\/\/telemme.mmsh.fr\/?tribe_events=mediterranee-sensible#breadcrumb"},"inLanguage":"fr-FR","potentialAction":[{"@type":"ReadAction","target":["https:\/\/telemme.mmsh.fr\/?tribe_events=mediterranee-sensible"]}]},{"@type":"ImageObject","inLanguage":"fr-FR","@id":"https:\/\/telemme.mmsh.fr\/?tribe_events=mediterranee-sensible#primaryimage","url":"https:\/\/telemme.mmsh.fr\/wp-content\/uploads\/2023\/01\/image.jpg","contentUrl":"https:\/\/telemme.mmsh.fr\/wp-content\/uploads\/2023\/01\/image.jpg","width":300,"height":451,"caption":"K\u00e2\u011f\u0131ttan yap\u0131lm\u0131\u015f sar\u0131 l\u00e2lenin Atmeydan\u0131\u2019ndan ge\u00e7irili\u015fi, \u0130ntiz\u00e2m\u00ee, S\u00fbrn\u00e2me-i H\u00fcm\u00e2y\u00fbn, Osmanl\u0131 1587 civar\u0131, TSMK, H. 1344, 200a Procession of yellow tulip made of paper in Atmeydan\u0131 (Hippodrome), \u0130ntiz\u00e2m\u00ee, S\u00fbrn\u00e2me-i H\u00fcm\u00e2y\u00fbn, Ottoman circa 1587 , TSMK, H. 1344, 200a"},{"@type":"BreadcrumbList","@id":"https:\/\/telemme.mmsh.fr\/?tribe_events=mediterranee-sensible#breadcrumb","itemListElement":[{"@type":"ListItem","position":1,"name":"Accueil","item":"https:\/\/telemme.mmsh.fr\/"},{"@type":"ListItem","position":2,"name":"\u00c9v\u00e8nements","item":"https:\/\/telemme.mmsh.fr\/?post_type=tribe_events"},{"@type":"ListItem","position":3,"name":"Rencontres m\u00e9diterran\u00e9nnes de TELEMMe","item":"https:\/\/telemme.mmsh.fr\/?tribe_events_cat=rencontres-mediterranennes-de-telemme"},{"@type":"ListItem","position":4,"name":"M\u00e9diterran\u00e9e sensible"}]},{"@type":"WebSite","@id":"https:\/\/telemme.mmsh.fr\/#website","url":"https:\/\/telemme.mmsh.fr\/","name":"TELEMMe - Temps, espaces, langages, Europe m\u00e9ridionale, M\u00e9diterran\u00e9e","description":"","publisher":{"@id":"https:\/\/telemme.mmsh.fr\/#organization"},"potentialAction":[{"@type":"SearchAction","target":{"@type":"EntryPoint","urlTemplate":"https:\/\/telemme.mmsh.fr\/?s={search_term_string}"},"query-input":{"@type":"PropertyValueSpecification","valueRequired":true,"valueName":"search_term_string"}}],"inLanguage":"fr-FR"},{"@type":"Organization","@id":"https:\/\/telemme.mmsh.fr\/#organization","name":"TELEMMe","url":"https:\/\/telemme.mmsh.fr\/","logo":{"@type":"ImageObject","inLanguage":"fr-FR","@id":"https:\/\/telemme.mmsh.fr\/#\/schema\/logo\/image\/","url":"https:\/\/telemme.mmsh.fr\/wp-content\/uploads\/2020\/03\/LogoTELEMMe-horizontal-fond-transparent.png","contentUrl":"https:\/\/telemme.mmsh.fr\/wp-content\/uploads\/2020\/03\/LogoTELEMMe-horizontal-fond-transparent.png","width":1500,"height":437,"caption":"TELEMMe"},"image":{"@id":"https:\/\/telemme.mmsh.fr\/#\/schema\/logo\/image\/"}}]}},"_links":{"self":[{"href":"https:\/\/telemme.mmsh.fr\/index.php?rest_route=\/wp\/v2\/tribe_events\/12417","targetHints":{"allow":["GET"]}}],"collection":[{"href":"https:\/\/telemme.mmsh.fr\/index.php?rest_route=\/wp\/v2\/tribe_events"}],"about":[{"href":"https:\/\/telemme.mmsh.fr\/index.php?rest_route=\/wp\/v2\/types\/tribe_events"}],"author":[{"embeddable":true,"href":"https:\/\/telemme.mmsh.fr\/index.php?rest_route=\/wp\/v2\/users\/175"}],"version-history":[{"count":4,"href":"https:\/\/telemme.mmsh.fr\/index.php?rest_route=\/wp\/v2\/tribe_events\/12417\/revisions"}],"predecessor-version":[{"id":12888,"href":"https:\/\/telemme.mmsh.fr\/index.php?rest_route=\/wp\/v2\/tribe_events\/12417\/revisions\/12888"}],"wp:featuredmedia":[{"embeddable":true,"href":"https:\/\/telemme.mmsh.fr\/index.php?rest_route=\/wp\/v2\/media\/12418"}],"wp:attachment":[{"href":"https:\/\/telemme.mmsh.fr\/index.php?rest_route=%2Fwp%2Fv2%2Fmedia&parent=12417"}],"wp:term":[{"taxonomy":"post_tag","embeddable":true,"href":"https:\/\/telemme.mmsh.fr\/index.php?rest_route=%2Fwp%2Fv2%2Ftags&post=12417"},{"taxonomy":"tribe_events_cat","embeddable":true,"href":"https:\/\/telemme.mmsh.fr\/index.php?rest_route=%2Fwp%2Fv2%2Ftribe_events_cat&post=12417"}],"curies":[{"name":"wp","href":"https:\/\/api.w.org\/{rel}","templated":true}]}}