{"id":12408,"date":"2023-01-27T10:09:38","date_gmt":"2023-01-27T09:09:38","guid":{"rendered":"https:\/\/telemme.mmsh.fr\/?post_type=tribe_events&#038;p=12408"},"modified":"2023-05-12T11:08:07","modified_gmt":"2023-05-12T09:08:07","slug":"journee-jeunes-chercheurs","status":"publish","type":"tribe_events","link":"https:\/\/telemme.mmsh.fr\/?tribe_events=journee-jeunes-chercheurs","title":{"rendered":"La fabrique de l\u2019oubli. Journ\u00e9e Jeunes chercheur\u00b7euse\u00b7s TELEMMe"},"content":{"rendered":"<p>Du trou de m\u00e9moire \u00e0 l\u2019amn\u00e9sie et de l\u2019inattention au d\u00e9ni, l\u2019oubli se caract\u00e9rise par la perte partielle ou totale, momentan\u00e9e ou d\u00e9finitive, de souvenirs d\u2019\u00e9v\u00e9nements, de repr\u00e9sentations et d\u2019espaces v\u00e9cus, qu\u2019ils soient intimes ou partag\u00e9s. En ce sens, l\u2019oubli se d\u00e9finit en miroir de la m\u00e9moire et fait partie int\u00e9grante de la construction d\u2019identit\u00e9s individuelles et collectives. Dans la mani\u00e8re dont il se fabrique, il s\u2019appr\u00e9hende comme un processus sociopolitique et culturel volontaire, inconscient et\/ou subi. Cette journ\u00e9e d\u2019\u00e9tude sera l\u2019occasion d\u2019aborder la construction de l\u2019oubli, \u00e9labor\u00e9e \u00e0 des \u00e9chelles spatiales et temporelles plus ou moins \u00e9tendues, et mettant en tension une diversit\u00e9 d\u2019acteur\u00b7ices<\/p>\n<p><a href=\"https:\/\/telemme.mmsh.fr\/?evenement=la-fabrique-de-loubli\">Programme<\/a><\/p>\n","protected":false},"excerpt":{"rendered":"<p>Du trou de m\u00e9moire \u00e0 l\u2019amn\u00e9sie et de l\u2019inattention au d\u00e9ni, l\u2019oubli se caract\u00e9rise par la perte partielle ou totale, momentan\u00e9e ou d\u00e9finitive, de souvenirs d\u2019\u00e9v\u00e9nements, de repr\u00e9sentations et d\u2019espaces&hellip;&nbsp;<a href=\"https:\/\/telemme.mmsh.fr\/?tribe_events=journee-jeunes-chercheurs\" rel=\"bookmark\">Lire la suite &raquo;<span class=\"screen-reader-text\">La fabrique de l\u2019oubli. Journ\u00e9e Jeunes chercheur\u00b7euse\u00b7s TELEMMe<\/span><\/a><\/p>\n","protected":false},"author":175,"featured_media":12450,"template":"","meta":{"neve_meta_sidebar":"","neve_meta_container":"","neve_meta_enable_content_width":"","neve_meta_content_width":0,"neve_meta_title_alignment":"","neve_meta_author_avatar":"","neve_post_elements_order":"","neve_meta_disable_header":"","neve_meta_disable_footer":"","neve_meta_disable_title":"","_tribe_events_status":"","_tribe_events_status_reason":"","footnotes":""},"tags":[],"tribe_events_cat":[1956],"class_list":["post-12408","tribe_events","type-tribe_events","status-publish","has-post-thumbnail","hentry","tribe_events_cat-journee-jeunes-chercheureuses-telemme","cat_journee-jeunes-chercheureuses-telemme"],"yoast_head":"<!-- This site is optimized with the Yoast SEO plugin v27.4 - https:\/\/yoast.com\/product\/yoast-seo-wordpress\/ -->\n<title>La fabrique de l\u2019oubli. Journ\u00e9e Jeunes chercheur\u00b7euse\u00b7s TELEMMe - TELEMMe - Temps, espaces, langages, Europe m\u00e9ridionale, M\u00e9diterran\u00e9e<\/title>\n<meta name=\"robots\" content=\"index, follow, max-snippet:-1, max-image-preview:large, max-video-preview:-1\" \/>\n<link rel=\"canonical\" href=\"https:\/\/telemme.mmsh.fr\/?tribe_events=journee-jeunes-chercheurs\" \/>\n<meta property=\"og:locale\" content=\"fr_FR\" \/>\n<meta property=\"og:type\" content=\"article\" \/>\n<meta property=\"og:title\" content=\"La fabrique de l\u2019oubli. Journ\u00e9e Jeunes chercheur\u00b7euse\u00b7s TELEMMe - TELEMMe - Temps, espaces, langages, Europe m\u00e9ridionale, M\u00e9diterran\u00e9e\" \/>\n<meta property=\"og:description\" content=\"Du trou de m\u00e9moire \u00e0 l\u2019amn\u00e9sie et de l\u2019inattention au d\u00e9ni, l\u2019oubli se caract\u00e9rise par la perte partielle ou totale, momentan\u00e9e ou d\u00e9finitive, de souvenirs d\u2019\u00e9v\u00e9nements, de repr\u00e9sentations et d\u2019espaces&hellip;&nbsp;Lire la suite &raquo;La fabrique de l\u2019oubli. Journ\u00e9e Jeunes chercheur\u00b7euse\u00b7s TELEMMe\" \/>\n<meta property=\"og:url\" content=\"https:\/\/telemme.mmsh.fr\/?tribe_events=journee-jeunes-chercheurs\" \/>\n<meta property=\"og:site_name\" content=\"TELEMMe - Temps, espaces, langages, Europe m\u00e9ridionale, M\u00e9diterran\u00e9e\" \/>\n<meta property=\"article:modified_time\" content=\"2023-05-12T09:08:07+00:00\" \/>\n<meta property=\"og:image\" content=\"https:\/\/telemme.mmsh.fr\/wp-content\/uploads\/2023\/02\/ok.png\" \/>\n\t<meta property=\"og:image:width\" content=\"677\" \/>\n\t<meta property=\"og:image:height\" content=\"502\" \/>\n\t<meta property=\"og:image:type\" content=\"image\/png\" \/>\n<meta name=\"twitter:card\" content=\"summary_large_image\" \/>\n<meta name=\"twitter:label1\" content=\"Dur\u00e9e de lecture estim\u00e9e\" \/>\n\t<meta name=\"twitter:data1\" content=\"1 minute\" \/>\n<script type=\"application\/ld+json\" class=\"yoast-schema-graph\">{\"@context\":\"https:\\\/\\\/schema.org\",\"@graph\":[{\"@type\":\"WebPage\",\"@id\":\"https:\\\/\\\/telemme.mmsh.fr\\\/?tribe_events=journee-jeunes-chercheurs\",\"url\":\"https:\\\/\\\/telemme.mmsh.fr\\\/?tribe_events=journee-jeunes-chercheurs\",\"name\":\"La fabrique de l\u2019oubli. Journ\u00e9e Jeunes chercheur\u00b7euse\u00b7s TELEMMe - TELEMMe - Temps, espaces, langages, Europe m\u00e9ridionale, M\u00e9diterran\u00e9e\",\"isPartOf\":{\"@id\":\"https:\\\/\\\/telemme.mmsh.fr\\\/#website\"},\"primaryImageOfPage\":{\"@id\":\"https:\\\/\\\/telemme.mmsh.fr\\\/?tribe_events=journee-jeunes-chercheurs#primaryimage\"},\"image\":{\"@id\":\"https:\\\/\\\/telemme.mmsh.fr\\\/?tribe_events=journee-jeunes-chercheurs#primaryimage\"},\"thumbnailUrl\":\"https:\\\/\\\/telemme.mmsh.fr\\\/wp-content\\\/uploads\\\/2023\\\/02\\\/ok.png\",\"datePublished\":\"2023-01-27T09:09:38+00:00\",\"dateModified\":\"2023-05-12T09:08:07+00:00\",\"breadcrumb\":{\"@id\":\"https:\\\/\\\/telemme.mmsh.fr\\\/?tribe_events=journee-jeunes-chercheurs#breadcrumb\"},\"inLanguage\":\"fr-FR\",\"potentialAction\":[{\"@type\":\"ReadAction\",\"target\":[\"https:\\\/\\\/telemme.mmsh.fr\\\/?tribe_events=journee-jeunes-chercheurs\"]}]},{\"@type\":\"ImageObject\",\"inLanguage\":\"fr-FR\",\"@id\":\"https:\\\/\\\/telemme.mmsh.fr\\\/?tribe_events=journee-jeunes-chercheurs#primaryimage\",\"url\":\"https:\\\/\\\/telemme.mmsh.fr\\\/wp-content\\\/uploads\\\/2023\\\/02\\\/ok.png\",\"contentUrl\":\"https:\\\/\\\/telemme.mmsh.fr\\\/wp-content\\\/uploads\\\/2023\\\/02\\\/ok.png\",\"width\":677,\"height\":502,\"caption\":\"Une maison abandonn\u00e9e, Santiago, Chili, par Javier Ignacio Acu\u00f1a Ditzel, 2008. Licence CC BY-NC 2.0 Source : https:\\\/\\\/www.flickr.com\\\/photos\\\/santoposmoderno\\\/2391044477.\"},{\"@type\":\"BreadcrumbList\",\"@id\":\"https:\\\/\\\/telemme.mmsh.fr\\\/?tribe_events=journee-jeunes-chercheurs#breadcrumb\",\"itemListElement\":[{\"@type\":\"ListItem\",\"position\":1,\"name\":\"Accueil\",\"item\":\"https:\\\/\\\/telemme.mmsh.fr\\\/\"},{\"@type\":\"ListItem\",\"position\":2,\"name\":\"\u00c9v\u00e8nements\",\"item\":\"https:\\\/\\\/telemme.mmsh.fr\\\/?post_type=tribe_events\"},{\"@type\":\"ListItem\",\"position\":3,\"name\":\"Journ\u00e9e Jeunes chercheur\u00b7euses TELEMMe\",\"item\":\"https:\\\/\\\/telemme.mmsh.fr\\\/?tribe_events_cat=journee-jeunes-chercheur%c2%b7euses-telemme\"},{\"@type\":\"ListItem\",\"position\":4,\"name\":\"La fabrique de l\u2019oubli. Journ\u00e9e Jeunes chercheur\u00b7euse\u00b7s TELEMMe\"}]},{\"@type\":\"WebSite\",\"@id\":\"https:\\\/\\\/telemme.mmsh.fr\\\/#website\",\"url\":\"https:\\\/\\\/telemme.mmsh.fr\\\/\",\"name\":\"TELEMMe - Temps, espaces, langages, Europe m\u00e9ridionale, M\u00e9diterran\u00e9e\",\"description\":\"\",\"publisher\":{\"@id\":\"https:\\\/\\\/telemme.mmsh.fr\\\/#organization\"},\"potentialAction\":[{\"@type\":\"SearchAction\",\"target\":{\"@type\":\"EntryPoint\",\"urlTemplate\":\"https:\\\/\\\/telemme.mmsh.fr\\\/?s={search_term_string}\"},\"query-input\":{\"@type\":\"PropertyValueSpecification\",\"valueRequired\":true,\"valueName\":\"search_term_string\"}}],\"inLanguage\":\"fr-FR\"},{\"@type\":\"Organization\",\"@id\":\"https:\\\/\\\/telemme.mmsh.fr\\\/#organization\",\"name\":\"TELEMMe\",\"url\":\"https:\\\/\\\/telemme.mmsh.fr\\\/\",\"logo\":{\"@type\":\"ImageObject\",\"inLanguage\":\"fr-FR\",\"@id\":\"https:\\\/\\\/telemme.mmsh.fr\\\/#\\\/schema\\\/logo\\\/image\\\/\",\"url\":\"https:\\\/\\\/telemme.mmsh.fr\\\/wp-content\\\/uploads\\\/2020\\\/03\\\/LogoTELEMMe-horizontal-fond-transparent.png\",\"contentUrl\":\"https:\\\/\\\/telemme.mmsh.fr\\\/wp-content\\\/uploads\\\/2020\\\/03\\\/LogoTELEMMe-horizontal-fond-transparent.png\",\"width\":1500,\"height\":437,\"caption\":\"TELEMMe\"},\"image\":{\"@id\":\"https:\\\/\\\/telemme.mmsh.fr\\\/#\\\/schema\\\/logo\\\/image\\\/\"}}]}<\/script>\n<!-- \/ Yoast SEO plugin. -->","yoast_head_json":{"title":"La fabrique de l\u2019oubli. Journ\u00e9e Jeunes chercheur\u00b7euse\u00b7s TELEMMe - TELEMMe - Temps, espaces, langages, Europe m\u00e9ridionale, M\u00e9diterran\u00e9e","robots":{"index":"index","follow":"follow","max-snippet":"max-snippet:-1","max-image-preview":"max-image-preview:large","max-video-preview":"max-video-preview:-1"},"canonical":"https:\/\/telemme.mmsh.fr\/?tribe_events=journee-jeunes-chercheurs","og_locale":"fr_FR","og_type":"article","og_title":"La fabrique de l\u2019oubli. Journ\u00e9e Jeunes chercheur\u00b7euse\u00b7s TELEMMe - TELEMMe - Temps, espaces, langages, Europe m\u00e9ridionale, M\u00e9diterran\u00e9e","og_description":"Du trou de m\u00e9moire \u00e0 l\u2019amn\u00e9sie et de l\u2019inattention au d\u00e9ni, l\u2019oubli se caract\u00e9rise par la perte partielle ou totale, momentan\u00e9e ou d\u00e9finitive, de souvenirs d\u2019\u00e9v\u00e9nements, de repr\u00e9sentations et d\u2019espaces&hellip;&nbsp;Lire la suite &raquo;La fabrique de l\u2019oubli. Journ\u00e9e Jeunes chercheur\u00b7euse\u00b7s TELEMMe","og_url":"https:\/\/telemme.mmsh.fr\/?tribe_events=journee-jeunes-chercheurs","og_site_name":"TELEMMe - Temps, espaces, langages, Europe m\u00e9ridionale, M\u00e9diterran\u00e9e","article_modified_time":"2023-05-12T09:08:07+00:00","og_image":[{"width":677,"height":502,"url":"https:\/\/telemme.mmsh.fr\/wp-content\/uploads\/2023\/02\/ok.png","type":"image\/png"}],"twitter_card":"summary_large_image","twitter_misc":{"Dur\u00e9e de lecture estim\u00e9e":"1 minute"},"schema":{"@context":"https:\/\/schema.org","@graph":[{"@type":"WebPage","@id":"https:\/\/telemme.mmsh.fr\/?tribe_events=journee-jeunes-chercheurs","url":"https:\/\/telemme.mmsh.fr\/?tribe_events=journee-jeunes-chercheurs","name":"La fabrique de l\u2019oubli. Journ\u00e9e Jeunes chercheur\u00b7euse\u00b7s TELEMMe - TELEMMe - Temps, espaces, langages, Europe m\u00e9ridionale, M\u00e9diterran\u00e9e","isPartOf":{"@id":"https:\/\/telemme.mmsh.fr\/#website"},"primaryImageOfPage":{"@id":"https:\/\/telemme.mmsh.fr\/?tribe_events=journee-jeunes-chercheurs#primaryimage"},"image":{"@id":"https:\/\/telemme.mmsh.fr\/?tribe_events=journee-jeunes-chercheurs#primaryimage"},"thumbnailUrl":"https:\/\/telemme.mmsh.fr\/wp-content\/uploads\/2023\/02\/ok.png","datePublished":"2023-01-27T09:09:38+00:00","dateModified":"2023-05-12T09:08:07+00:00","breadcrumb":{"@id":"https:\/\/telemme.mmsh.fr\/?tribe_events=journee-jeunes-chercheurs#breadcrumb"},"inLanguage":"fr-FR","potentialAction":[{"@type":"ReadAction","target":["https:\/\/telemme.mmsh.fr\/?tribe_events=journee-jeunes-chercheurs"]}]},{"@type":"ImageObject","inLanguage":"fr-FR","@id":"https:\/\/telemme.mmsh.fr\/?tribe_events=journee-jeunes-chercheurs#primaryimage","url":"https:\/\/telemme.mmsh.fr\/wp-content\/uploads\/2023\/02\/ok.png","contentUrl":"https:\/\/telemme.mmsh.fr\/wp-content\/uploads\/2023\/02\/ok.png","width":677,"height":502,"caption":"Une maison abandonn\u00e9e, Santiago, Chili, par Javier Ignacio Acu\u00f1a Ditzel, 2008. Licence CC BY-NC 2.0 Source : https:\/\/www.flickr.com\/photos\/santoposmoderno\/2391044477."},{"@type":"BreadcrumbList","@id":"https:\/\/telemme.mmsh.fr\/?tribe_events=journee-jeunes-chercheurs#breadcrumb","itemListElement":[{"@type":"ListItem","position":1,"name":"Accueil","item":"https:\/\/telemme.mmsh.fr\/"},{"@type":"ListItem","position":2,"name":"\u00c9v\u00e8nements","item":"https:\/\/telemme.mmsh.fr\/?post_type=tribe_events"},{"@type":"ListItem","position":3,"name":"Journ\u00e9e Jeunes chercheur\u00b7euses TELEMMe","item":"https:\/\/telemme.mmsh.fr\/?tribe_events_cat=journee-jeunes-chercheur%c2%b7euses-telemme"},{"@type":"ListItem","position":4,"name":"La fabrique de l\u2019oubli. Journ\u00e9e Jeunes chercheur\u00b7euse\u00b7s TELEMMe"}]},{"@type":"WebSite","@id":"https:\/\/telemme.mmsh.fr\/#website","url":"https:\/\/telemme.mmsh.fr\/","name":"TELEMMe - Temps, espaces, langages, Europe m\u00e9ridionale, M\u00e9diterran\u00e9e","description":"","publisher":{"@id":"https:\/\/telemme.mmsh.fr\/#organization"},"potentialAction":[{"@type":"SearchAction","target":{"@type":"EntryPoint","urlTemplate":"https:\/\/telemme.mmsh.fr\/?s={search_term_string}"},"query-input":{"@type":"PropertyValueSpecification","valueRequired":true,"valueName":"search_term_string"}}],"inLanguage":"fr-FR"},{"@type":"Organization","@id":"https:\/\/telemme.mmsh.fr\/#organization","name":"TELEMMe","url":"https:\/\/telemme.mmsh.fr\/","logo":{"@type":"ImageObject","inLanguage":"fr-FR","@id":"https:\/\/telemme.mmsh.fr\/#\/schema\/logo\/image\/","url":"https:\/\/telemme.mmsh.fr\/wp-content\/uploads\/2020\/03\/LogoTELEMMe-horizontal-fond-transparent.png","contentUrl":"https:\/\/telemme.mmsh.fr\/wp-content\/uploads\/2020\/03\/LogoTELEMMe-horizontal-fond-transparent.png","width":1500,"height":437,"caption":"TELEMMe"},"image":{"@id":"https:\/\/telemme.mmsh.fr\/#\/schema\/logo\/image\/"}}]}},"_links":{"self":[{"href":"https:\/\/telemme.mmsh.fr\/index.php?rest_route=\/wp\/v2\/tribe_events\/12408","targetHints":{"allow":["GET"]}}],"collection":[{"href":"https:\/\/telemme.mmsh.fr\/index.php?rest_route=\/wp\/v2\/tribe_events"}],"about":[{"href":"https:\/\/telemme.mmsh.fr\/index.php?rest_route=\/wp\/v2\/types\/tribe_events"}],"author":[{"embeddable":true,"href":"https:\/\/telemme.mmsh.fr\/index.php?rest_route=\/wp\/v2\/users\/175"}],"version-history":[{"count":7,"href":"https:\/\/telemme.mmsh.fr\/index.php?rest_route=\/wp\/v2\/tribe_events\/12408\/revisions"}],"predecessor-version":[{"id":12811,"href":"https:\/\/telemme.mmsh.fr\/index.php?rest_route=\/wp\/v2\/tribe_events\/12408\/revisions\/12811"}],"wp:featuredmedia":[{"embeddable":true,"href":"https:\/\/telemme.mmsh.fr\/index.php?rest_route=\/wp\/v2\/media\/12450"}],"wp:attachment":[{"href":"https:\/\/telemme.mmsh.fr\/index.php?rest_route=%2Fwp%2Fv2%2Fmedia&parent=12408"}],"wp:term":[{"taxonomy":"post_tag","embeddable":true,"href":"https:\/\/telemme.mmsh.fr\/index.php?rest_route=%2Fwp%2Fv2%2Ftags&post=12408"},{"taxonomy":"tribe_events_cat","embeddable":true,"href":"https:\/\/telemme.mmsh.fr\/index.php?rest_route=%2Fwp%2Fv2%2Ftribe_events_cat&post=12408"}],"curies":[{"name":"wp","href":"https:\/\/api.w.org\/{rel}","templated":true}]}}