{"id":12356,"date":"2023-01-25T09:42:33","date_gmt":"2023-01-25T08:42:33","guid":{"rendered":"https:\/\/telemme.mmsh.fr\/?post_type=tribe_events&#038;p=12356"},"modified":"2023-03-03T09:26:26","modified_gmt":"2023-03-03T08:26:26","slug":"discours-de-la-contestation","status":"publish","type":"tribe_events","link":"https:\/\/telemme.mmsh.fr\/?tribe_events=discours-de-la-contestation","title":{"rendered":"Discours de la contestation"},"content":{"rendered":"<div class=\"tribe-events-single-event-description tribe-events-content\">\n<div class=\"tribe-events-single-event-description tribe-events-content\">\n<h3>Saisir la\u00a0polyvocalit\u00e9\u00a0des archives audiovisuelles et num\u00e9riques en contexte postcolonial<\/h3>\n<p>Dans de nombreuses institutions de m\u00e9moire en France et sur le web, sont aujourd\u2019hui accessibles \u00e0 tous les publics des fonds li\u00e9s au pass\u00e9 colonial qui font l\u2019objet de contestations et de d\u00e9bats au sein de la soci\u00e9t\u00e9 civile. Les\u00a0professionnel\u00b7le\u00b7s\u00a0de l\u2019information doivent d\u00e9sormais d\u00e9velopper de nouvelles comp\u00e9tences pour prendre en compte ce patrimoine culturel, qu\u2019il s\u2019agisse de mettre \u00e0 disposition des fonds d\u2019archives, de restituer des objets, de r\u00e9\u00e9crire le contexte historique qui les entoure d\u2019une mani\u00e8re plus critique et plus inclusive. Organis\u00e9 par S. Gebeil, C. Mussard et V. Ginouv\u00e8s dans le cadre du programme de recherche PICCH, ce s\u00e9minaire pluridisciplinaire a pour objectif d\u2019explorer les outils, pratiques participatives et cr\u00e9atives qui invitent \u00e0 l\u2019analyse et \u00e0 la r\u00e9utilisation critiques de l\u2019h\u00e9ritage audiovisuel colonial dans les fonds de trois types d\u2019archives (web, fonds de la m\u00e9diath\u00e8que de la MMSH, Institut national de l\u2019audiovisuel). Pens\u00e9 comme un espace d\u2019\u00e9change et d\u2019exp\u00e9rimentation, il mettra en dialogue une pluralit\u00e9 d\u2019acteurs (utilisateurs, archivistes, chercheurs, cin\u00e9astes, citoyens, associations) autour de leurs pratiques de l\u2019archive.<\/p>\n<p>Organis\u00e9 par S. Gebeil, C. Mussard et V. Ginouv\u00e8s dans le cadre du programme de recherche PICCH, <strong>et en partenariat avec l\u2019INA<\/strong><\/p>\n<p><span style=\"font-size: 12.0pt; font-family: 'Georgia',serif; color: black;\">10h-12h\u00a0<\/span><\/p>\n<p><strong><span style=\"font-size: 12.0pt; font-family: 'Palatino Linotype',serif; color: black;\">Les repr\u00e9sentations de l\u2019alt\u00e9rit\u00e9 migratoire dans les m\u00e9dias socio-num\u00e9riques<\/span><\/strong><\/p>\n<p>Dans cette intervention, nous tenterons de caract\u00e9riser la figure de l&rsquo;Autre migrant dans les m\u00e9dias socio num\u00e9riques, \u00e0 partir des modalit\u00e9s de la production contextuelle et interdiscursive du sens.\u00a0Trois questions se posent et s\u2019imposent \u00e0 nous\u00a0: Quelle diff\u00e9rence entre harragas, r\u00e9fugi\u00e9s et migrants ?\u00a0 Quelles repr\u00e9sentations des harragas dans les discours des deux rives de la M\u00e9diterran\u00e9e? Comment qualifier les \u00e9trangers subsahariens qui arrivent en Alg\u00e9rie\u00a0?\u00a0 Pour y r\u00e9pondre, nous faisons l\u2019hypoth\u00e8se que la port\u00e9e s\u00e9mantique tout comme les implications des d\u00e9nominations \u00ab\u00a0harragas\u00a0\u00bb, \u00ab\u00a0migrant\u00a0\u00bb et \u00ab\u00a0r\u00e9fugi\u00e9\u00a0\u00bb semblent parfois \u00e9chapper aux politiciens et aux journalistes. Elles doivent \u00eatre localis\u00e9es dans l\u2019espace et le temps.\u00a0Nous allons revenir, \u00e0 partir de l\u2019entrecroisement des lectures, sur les concepts \u00ab\u00a0alt\u00e9rit\u00e9\u00a0\u00bb, \u00ab\u00a0interdiscours\u00a0\u00bb et \u00ab\u00a0repr\u00e9sentations\u00a0\u00bb qui sont, eux-m\u00eames, travers\u00e9s de \u00ab\u00a0m\u00e9moire discursive\u00a0\u00bb. L&rsquo;objectif est de montrer comment ces notions peuvent \u00eatre revisit\u00e9es et appliqu\u00e9es du point de vue de l&rsquo;analyse du discours. Nous nous interrogerons ensuite, \u00e0 la lumi\u00e8re d&rsquo;analyses men\u00e9es sur les traitements m\u00e9diatiques qui sont\u00a0 investis\u00a0 par les ph\u00e9nom\u00e8nes de st\u00e9r\u00e9otypisation et dessinent une g\u00e9ographie linguistique et culturelle du corps\u00a0 \u00e9tranger \u00e0 la Nation.<\/p>\n<p><strong>\u00a0\u00a0\u00a0\u00a0Mots cl\u00e9s\u00a0:\u00a0<\/strong>Alt\u00e9rit\u00e9, contexte,\u00a0 d\u00e9nomination, migrant, st\u00e9r\u00e9otype.<\/p>\n<p><strong>\u00a0<\/strong>Karima\u00a0\u00a0Ait Dahmane,\u00a0Professeure, Laboratoire RIDILCA,\u00a0Universit\u00e9 de Blida 2<\/p>\n<p><span style=\"font-size: 12.0pt; font-family: 'Palatino Linotype',serif; color: black;\">\u00a0<\/span><\/p>\n<p><strong><span style=\"font-size: 12.0pt; font-family: 'Palatino Linotype',serif; color: black;\">Communication :\u00a0\u00ab Les repr\u00e9sentations de l\u2019alt\u00e9rit\u00e9 migratoire dans les m\u00e9dias socio-num\u00e9riques\u00a0\u00bb<\/span><\/strong><\/p>\n<p><span style=\"font-size: 12.0pt; font-family: 'Palatino Linotype',serif; color: black;\">Discutante : Karima Dir\u00e8che<\/span><\/p>\n<p><span style=\"font-size: 12.0pt; font-family: 'Palatino Linotype',serif; color: black;\">Lien zoom\u00a0 :\u00a0<\/span><span style=\"font-size: 12.0pt; font-family: 'Georgia',serif; color: black;\"><a href=\"https:\/\/univ-amu-fr.zoom.us\/j\/82863026893?pwd=ZFdKaFRoUDN2azVDbzhEOTF4Z3F3QT09\" target=\"_blank\" rel=\"noopener\"><span style=\"font-family: 'Palatino Linotype',serif;\">https:\/\/univ-amu-fr.zoom.us\/j\/82863026893?pwd=ZFdKaFRoUDN2azVDbzhEOTF4Z3F3QT09<\/span><\/a><\/span><span style=\"font-size: 12.0pt; font-family: 'Palatino Linotype',serif; color: black;\">;<\/span><\/p>\n<\/div>\n<p><a href=\"https:\/\/telemme.mmsh.fr\/?evenement=seminaire-anr-polyvocal-picch-2\">Plus d&rsquo;informations<\/a><\/p>\n<\/div>\n","protected":false},"excerpt":{"rendered":"<p>Saisir la\u00a0polyvocalit\u00e9\u00a0des archives audiovisuelles et num\u00e9riques en contexte postcolonial Dans de nombreuses institutions de m\u00e9moire en France et sur le web, sont aujourd\u2019hui accessibles \u00e0 tous les publics des fonds&hellip;&nbsp;<a href=\"https:\/\/telemme.mmsh.fr\/?tribe_events=discours-de-la-contestation\" rel=\"bookmark\">Lire la suite &raquo;<span class=\"screen-reader-text\">Discours de la contestation<\/span><\/a><\/p>\n","protected":false},"author":175,"featured_media":0,"template":"","meta":{"neve_meta_sidebar":"","neve_meta_container":"","neve_meta_enable_content_width":"","neve_meta_content_width":0,"neve_meta_title_alignment":"","neve_meta_author_avatar":"","neve_post_elements_order":"","neve_meta_disable_header":"","neve_meta_disable_footer":"","neve_meta_disable_title":"","_tribe_events_status":"","_tribe_events_status_reason":"","footnotes":""},"tags":[2211,2304],"tribe_events_cat":[1831],"class_list":["post-12356","tribe_events","type-tribe_events","status-publish","hentry","tag-anr-picch","tag-picch","tribe_events_cat-seminaire","cat_seminaire"],"yoast_head":"<!-- This site is optimized with the Yoast SEO plugin v27.4 - https:\/\/yoast.com\/product\/yoast-seo-wordpress\/ -->\n<title>Discours de la contestation - TELEMMe - Temps, espaces, langages, Europe m\u00e9ridionale, M\u00e9diterran\u00e9e<\/title>\n<meta name=\"robots\" content=\"index, follow, max-snippet:-1, max-image-preview:large, max-video-preview:-1\" \/>\n<link rel=\"canonical\" href=\"https:\/\/telemme.mmsh.fr\/?tribe_events=discours-de-la-contestation\" \/>\n<meta property=\"og:locale\" content=\"fr_FR\" \/>\n<meta property=\"og:type\" content=\"article\" \/>\n<meta property=\"og:title\" content=\"Discours de la contestation - TELEMMe - Temps, espaces, langages, Europe m\u00e9ridionale, M\u00e9diterran\u00e9e\" \/>\n<meta property=\"og:description\" content=\"Saisir la\u00a0polyvocalit\u00e9\u00a0des archives audiovisuelles et num\u00e9riques en contexte postcolonial Dans de nombreuses institutions de m\u00e9moire en France et sur le web, sont aujourd\u2019hui accessibles \u00e0 tous les publics des fonds&hellip;&nbsp;Lire la suite &raquo;Discours de la contestation\" \/>\n<meta property=\"og:url\" content=\"https:\/\/telemme.mmsh.fr\/?tribe_events=discours-de-la-contestation\" \/>\n<meta property=\"og:site_name\" content=\"TELEMMe - Temps, espaces, langages, Europe m\u00e9ridionale, M\u00e9diterran\u00e9e\" \/>\n<meta property=\"article:modified_time\" content=\"2023-03-03T08:26:26+00:00\" \/>\n<meta name=\"twitter:card\" content=\"summary_large_image\" \/>\n<meta name=\"twitter:label1\" content=\"Dur\u00e9e de lecture estim\u00e9e\" \/>\n\t<meta name=\"twitter:data1\" content=\"3 minutes\" \/>\n<script type=\"application\/ld+json\" class=\"yoast-schema-graph\">{\"@context\":\"https:\\\/\\\/schema.org\",\"@graph\":[{\"@type\":\"WebPage\",\"@id\":\"https:\\\/\\\/telemme.mmsh.fr\\\/?tribe_events=discours-de-la-contestation\",\"url\":\"https:\\\/\\\/telemme.mmsh.fr\\\/?tribe_events=discours-de-la-contestation\",\"name\":\"Discours de la contestation - TELEMMe - Temps, espaces, langages, Europe m\u00e9ridionale, M\u00e9diterran\u00e9e\",\"isPartOf\":{\"@id\":\"https:\\\/\\\/telemme.mmsh.fr\\\/#website\"},\"datePublished\":\"2023-01-25T08:42:33+00:00\",\"dateModified\":\"2023-03-03T08:26:26+00:00\",\"breadcrumb\":{\"@id\":\"https:\\\/\\\/telemme.mmsh.fr\\\/?tribe_events=discours-de-la-contestation#breadcrumb\"},\"inLanguage\":\"fr-FR\",\"potentialAction\":[{\"@type\":\"ReadAction\",\"target\":[\"https:\\\/\\\/telemme.mmsh.fr\\\/?tribe_events=discours-de-la-contestation\"]}]},{\"@type\":\"BreadcrumbList\",\"@id\":\"https:\\\/\\\/telemme.mmsh.fr\\\/?tribe_events=discours-de-la-contestation#breadcrumb\",\"itemListElement\":[{\"@type\":\"ListItem\",\"position\":1,\"name\":\"Accueil\",\"item\":\"https:\\\/\\\/telemme.mmsh.fr\\\/\"},{\"@type\":\"ListItem\",\"position\":2,\"name\":\"\u00c9v\u00e8nements\",\"item\":\"https:\\\/\\\/telemme.mmsh.fr\\\/?post_type=tribe_events\"},{\"@type\":\"ListItem\",\"position\":3,\"name\":\"S\u00e9minaire\",\"item\":\"https:\\\/\\\/telemme.mmsh.fr\\\/?tribe_events_cat=seminaire\"},{\"@type\":\"ListItem\",\"position\":4,\"name\":\"Discours de la contestation\"}]},{\"@type\":\"WebSite\",\"@id\":\"https:\\\/\\\/telemme.mmsh.fr\\\/#website\",\"url\":\"https:\\\/\\\/telemme.mmsh.fr\\\/\",\"name\":\"TELEMMe - Temps, espaces, langages, Europe m\u00e9ridionale, M\u00e9diterran\u00e9e\",\"description\":\"\",\"publisher\":{\"@id\":\"https:\\\/\\\/telemme.mmsh.fr\\\/#organization\"},\"potentialAction\":[{\"@type\":\"SearchAction\",\"target\":{\"@type\":\"EntryPoint\",\"urlTemplate\":\"https:\\\/\\\/telemme.mmsh.fr\\\/?s={search_term_string}\"},\"query-input\":{\"@type\":\"PropertyValueSpecification\",\"valueRequired\":true,\"valueName\":\"search_term_string\"}}],\"inLanguage\":\"fr-FR\"},{\"@type\":\"Organization\",\"@id\":\"https:\\\/\\\/telemme.mmsh.fr\\\/#organization\",\"name\":\"TELEMMe\",\"url\":\"https:\\\/\\\/telemme.mmsh.fr\\\/\",\"logo\":{\"@type\":\"ImageObject\",\"inLanguage\":\"fr-FR\",\"@id\":\"https:\\\/\\\/telemme.mmsh.fr\\\/#\\\/schema\\\/logo\\\/image\\\/\",\"url\":\"https:\\\/\\\/telemme.mmsh.fr\\\/wp-content\\\/uploads\\\/2020\\\/03\\\/LogoTELEMMe-horizontal-fond-transparent.png\",\"contentUrl\":\"https:\\\/\\\/telemme.mmsh.fr\\\/wp-content\\\/uploads\\\/2020\\\/03\\\/LogoTELEMMe-horizontal-fond-transparent.png\",\"width\":1500,\"height\":437,\"caption\":\"TELEMMe\"},\"image\":{\"@id\":\"https:\\\/\\\/telemme.mmsh.fr\\\/#\\\/schema\\\/logo\\\/image\\\/\"}}]}<\/script>\n<!-- \/ Yoast SEO plugin. -->","yoast_head_json":{"title":"Discours de la contestation - TELEMMe - Temps, espaces, langages, Europe m\u00e9ridionale, M\u00e9diterran\u00e9e","robots":{"index":"index","follow":"follow","max-snippet":"max-snippet:-1","max-image-preview":"max-image-preview:large","max-video-preview":"max-video-preview:-1"},"canonical":"https:\/\/telemme.mmsh.fr\/?tribe_events=discours-de-la-contestation","og_locale":"fr_FR","og_type":"article","og_title":"Discours de la contestation - TELEMMe - Temps, espaces, langages, Europe m\u00e9ridionale, M\u00e9diterran\u00e9e","og_description":"Saisir la\u00a0polyvocalit\u00e9\u00a0des archives audiovisuelles et num\u00e9riques en contexte postcolonial Dans de nombreuses institutions de m\u00e9moire en France et sur le web, sont aujourd\u2019hui accessibles \u00e0 tous les publics des fonds&hellip;&nbsp;Lire la suite &raquo;Discours de la contestation","og_url":"https:\/\/telemme.mmsh.fr\/?tribe_events=discours-de-la-contestation","og_site_name":"TELEMMe - Temps, espaces, langages, Europe m\u00e9ridionale, M\u00e9diterran\u00e9e","article_modified_time":"2023-03-03T08:26:26+00:00","twitter_card":"summary_large_image","twitter_misc":{"Dur\u00e9e de lecture estim\u00e9e":"3 minutes"},"schema":{"@context":"https:\/\/schema.org","@graph":[{"@type":"WebPage","@id":"https:\/\/telemme.mmsh.fr\/?tribe_events=discours-de-la-contestation","url":"https:\/\/telemme.mmsh.fr\/?tribe_events=discours-de-la-contestation","name":"Discours de la contestation - TELEMMe - Temps, espaces, langages, Europe m\u00e9ridionale, M\u00e9diterran\u00e9e","isPartOf":{"@id":"https:\/\/telemme.mmsh.fr\/#website"},"datePublished":"2023-01-25T08:42:33+00:00","dateModified":"2023-03-03T08:26:26+00:00","breadcrumb":{"@id":"https:\/\/telemme.mmsh.fr\/?tribe_events=discours-de-la-contestation#breadcrumb"},"inLanguage":"fr-FR","potentialAction":[{"@type":"ReadAction","target":["https:\/\/telemme.mmsh.fr\/?tribe_events=discours-de-la-contestation"]}]},{"@type":"BreadcrumbList","@id":"https:\/\/telemme.mmsh.fr\/?tribe_events=discours-de-la-contestation#breadcrumb","itemListElement":[{"@type":"ListItem","position":1,"name":"Accueil","item":"https:\/\/telemme.mmsh.fr\/"},{"@type":"ListItem","position":2,"name":"\u00c9v\u00e8nements","item":"https:\/\/telemme.mmsh.fr\/?post_type=tribe_events"},{"@type":"ListItem","position":3,"name":"S\u00e9minaire","item":"https:\/\/telemme.mmsh.fr\/?tribe_events_cat=seminaire"},{"@type":"ListItem","position":4,"name":"Discours de la contestation"}]},{"@type":"WebSite","@id":"https:\/\/telemme.mmsh.fr\/#website","url":"https:\/\/telemme.mmsh.fr\/","name":"TELEMMe - Temps, espaces, langages, Europe m\u00e9ridionale, M\u00e9diterran\u00e9e","description":"","publisher":{"@id":"https:\/\/telemme.mmsh.fr\/#organization"},"potentialAction":[{"@type":"SearchAction","target":{"@type":"EntryPoint","urlTemplate":"https:\/\/telemme.mmsh.fr\/?s={search_term_string}"},"query-input":{"@type":"PropertyValueSpecification","valueRequired":true,"valueName":"search_term_string"}}],"inLanguage":"fr-FR"},{"@type":"Organization","@id":"https:\/\/telemme.mmsh.fr\/#organization","name":"TELEMMe","url":"https:\/\/telemme.mmsh.fr\/","logo":{"@type":"ImageObject","inLanguage":"fr-FR","@id":"https:\/\/telemme.mmsh.fr\/#\/schema\/logo\/image\/","url":"https:\/\/telemme.mmsh.fr\/wp-content\/uploads\/2020\/03\/LogoTELEMMe-horizontal-fond-transparent.png","contentUrl":"https:\/\/telemme.mmsh.fr\/wp-content\/uploads\/2020\/03\/LogoTELEMMe-horizontal-fond-transparent.png","width":1500,"height":437,"caption":"TELEMMe"},"image":{"@id":"https:\/\/telemme.mmsh.fr\/#\/schema\/logo\/image\/"}}]}},"_links":{"self":[{"href":"https:\/\/telemme.mmsh.fr\/index.php?rest_route=\/wp\/v2\/tribe_events\/12356","targetHints":{"allow":["GET"]}}],"collection":[{"href":"https:\/\/telemme.mmsh.fr\/index.php?rest_route=\/wp\/v2\/tribe_events"}],"about":[{"href":"https:\/\/telemme.mmsh.fr\/index.php?rest_route=\/wp\/v2\/types\/tribe_events"}],"author":[{"embeddable":true,"href":"https:\/\/telemme.mmsh.fr\/index.php?rest_route=\/wp\/v2\/users\/175"}],"version-history":[{"count":5,"href":"https:\/\/telemme.mmsh.fr\/index.php?rest_route=\/wp\/v2\/tribe_events\/12356\/revisions"}],"predecessor-version":[{"id":12586,"href":"https:\/\/telemme.mmsh.fr\/index.php?rest_route=\/wp\/v2\/tribe_events\/12356\/revisions\/12586"}],"wp:attachment":[{"href":"https:\/\/telemme.mmsh.fr\/index.php?rest_route=%2Fwp%2Fv2%2Fmedia&parent=12356"}],"wp:term":[{"taxonomy":"post_tag","embeddable":true,"href":"https:\/\/telemme.mmsh.fr\/index.php?rest_route=%2Fwp%2Fv2%2Ftags&post=12356"},{"taxonomy":"tribe_events_cat","embeddable":true,"href":"https:\/\/telemme.mmsh.fr\/index.php?rest_route=%2Fwp%2Fv2%2Ftribe_events_cat&post=12356"}],"curies":[{"name":"wp","href":"https:\/\/api.w.org\/{rel}","templated":true}]}}