{"id":12353,"date":"2023-01-25T09:23:02","date_gmt":"2023-01-25T08:23:02","guid":{"rendered":"https:\/\/telemme.mmsh.fr\/?post_type=tribe_events&#038;p=12353"},"modified":"2023-01-25T09:23:02","modified_gmt":"2023-01-25T08:23:02","slug":"la-marche-de-1983-et-sa-mediatisation-yvan-gastaut","status":"publish","type":"tribe_events","link":"https:\/\/telemme.mmsh.fr\/?tribe_events=la-marche-de-1983-et-sa-mediatisation-yvan-gastaut","title":{"rendered":"La Marche de 1983 et sa m\u00e9diatisation \u2013 Yvan Gastaut"},"content":{"rendered":"<div class=\"tribe-events-single-event-description tribe-events-content\">\n<p>Saisir la\u00a0polyvocalit\u00e9\u00a0des archives audiovisuelles et num\u00e9riques en contexte postcolonial<\/p>\n<p>Dans le cadre du programme <a href=\"https:\/\/picch-project.org\">Polyvocal Interpretation of a Contested Colonial Heritage<\/a>, cette s\u00e9ance r\u00e9unira les membres de l\u2019\u00e9quipe en charge de l\u2019\u00e9tude de la m\u00e9diatisation de la Marche pour l\u2019\u00e9galit\u00e9 et contre le racisme de 1983 \u00e0 la t\u00e9l\u00e9vision et sur le web gr\u00e2ce aux archives de <a href=\"https:\/\/inalelab.hypotheses.org\/\">l\u2019INA<\/a>, autour de l\u2019intervention d\u2019Yvan Gastaut. Historien de l\u2019immigration, ce dernier reviendra sur l\u2019histoire de la Marche de 1983 ainsi que sur sa m\u00e9diatisation (TV, presse \u00e9crite).<\/p>\n<p>&nbsp;<\/p>\n<\/div>\n<div class=\"tribe-events tribe-common\">\n<div class=\"tribe-events-c-subscribe-dropdown__container\">\n<div class=\"tribe-events-c-subscribe-dropdown\">\n<div class=\"tribe-common-c-btn-border tribe-events-c-subscribe-dropdown__button\" tabindex=\"0\"><\/div>\n<\/div>\n<\/div>\n<\/div>\n","protected":false},"excerpt":{"rendered":"<p>Saisir la\u00a0polyvocalit\u00e9\u00a0des archives audiovisuelles et num\u00e9riques en contexte postcolonial Dans le cadre du programme Polyvocal Interpretation of a Contested Colonial Heritage, cette s\u00e9ance r\u00e9unira les membres de l\u2019\u00e9quipe en charge&hellip;&nbsp;<a href=\"https:\/\/telemme.mmsh.fr\/?tribe_events=la-marche-de-1983-et-sa-mediatisation-yvan-gastaut\" rel=\"bookmark\">Lire la suite &raquo;<span class=\"screen-reader-text\">La Marche de 1983 et sa m\u00e9diatisation \u2013 Yvan Gastaut<\/span><\/a><\/p>\n","protected":false},"author":175,"featured_media":0,"template":"","meta":{"neve_meta_sidebar":"","neve_meta_container":"","neve_meta_enable_content_width":"","neve_meta_content_width":0,"neve_meta_title_alignment":"","neve_meta_author_avatar":"","neve_post_elements_order":"","neve_meta_disable_header":"","neve_meta_disable_footer":"","neve_meta_disable_title":"","_tribe_events_status":"","_tribe_events_status_reason":"","footnotes":""},"tags":[2211,2304],"tribe_events_cat":[1831],"class_list":["post-12353","tribe_events","type-tribe_events","status-publish","hentry","tag-anr-picch","tag-picch","tribe_events_cat-seminaire","cat_seminaire"],"yoast_head":"<!-- This site is optimized with the Yoast SEO plugin v27.4 - https:\/\/yoast.com\/product\/yoast-seo-wordpress\/ -->\n<title>La Marche de 1983 et sa m\u00e9diatisation \u2013 Yvan Gastaut - TELEMMe - Temps, espaces, langages, Europe m\u00e9ridionale, M\u00e9diterran\u00e9e<\/title>\n<meta name=\"robots\" content=\"index, follow, max-snippet:-1, max-image-preview:large, max-video-preview:-1\" \/>\n<link rel=\"canonical\" href=\"https:\/\/telemme.mmsh.fr\/?tribe_events=la-marche-de-1983-et-sa-mediatisation-yvan-gastaut\" \/>\n<meta property=\"og:locale\" content=\"fr_FR\" \/>\n<meta property=\"og:type\" content=\"article\" \/>\n<meta property=\"og:title\" content=\"La Marche de 1983 et sa m\u00e9diatisation \u2013 Yvan Gastaut - TELEMMe - Temps, espaces, langages, Europe m\u00e9ridionale, M\u00e9diterran\u00e9e\" \/>\n<meta property=\"og:description\" content=\"Saisir la\u00a0polyvocalit\u00e9\u00a0des archives audiovisuelles et num\u00e9riques en contexte postcolonial Dans le cadre du programme Polyvocal Interpretation of a Contested Colonial Heritage, cette s\u00e9ance r\u00e9unira les membres de l\u2019\u00e9quipe en charge&hellip;&nbsp;Lire la suite &raquo;La Marche de 1983 et sa m\u00e9diatisation \u2013 Yvan Gastaut\" \/>\n<meta property=\"og:url\" content=\"https:\/\/telemme.mmsh.fr\/?tribe_events=la-marche-de-1983-et-sa-mediatisation-yvan-gastaut\" \/>\n<meta property=\"og:site_name\" content=\"TELEMMe - Temps, espaces, langages, Europe m\u00e9ridionale, M\u00e9diterran\u00e9e\" \/>\n<meta name=\"twitter:card\" content=\"summary_large_image\" \/>\n<meta name=\"twitter:label1\" content=\"Dur\u00e9e de lecture estim\u00e9e\" \/>\n\t<meta name=\"twitter:data1\" content=\"1 minute\" \/>\n<script type=\"application\/ld+json\" class=\"yoast-schema-graph\">{\"@context\":\"https:\\\/\\\/schema.org\",\"@graph\":[{\"@type\":\"WebPage\",\"@id\":\"https:\\\/\\\/telemme.mmsh.fr\\\/?tribe_events=la-marche-de-1983-et-sa-mediatisation-yvan-gastaut\",\"url\":\"https:\\\/\\\/telemme.mmsh.fr\\\/?tribe_events=la-marche-de-1983-et-sa-mediatisation-yvan-gastaut\",\"name\":\"La Marche de 1983 et sa m\u00e9diatisation \u2013 Yvan Gastaut - TELEMMe - Temps, espaces, langages, Europe m\u00e9ridionale, M\u00e9diterran\u00e9e\",\"isPartOf\":{\"@id\":\"https:\\\/\\\/telemme.mmsh.fr\\\/#website\"},\"datePublished\":\"2023-01-25T08:23:02+00:00\",\"breadcrumb\":{\"@id\":\"https:\\\/\\\/telemme.mmsh.fr\\\/?tribe_events=la-marche-de-1983-et-sa-mediatisation-yvan-gastaut#breadcrumb\"},\"inLanguage\":\"fr-FR\",\"potentialAction\":[{\"@type\":\"ReadAction\",\"target\":[\"https:\\\/\\\/telemme.mmsh.fr\\\/?tribe_events=la-marche-de-1983-et-sa-mediatisation-yvan-gastaut\"]}]},{\"@type\":\"BreadcrumbList\",\"@id\":\"https:\\\/\\\/telemme.mmsh.fr\\\/?tribe_events=la-marche-de-1983-et-sa-mediatisation-yvan-gastaut#breadcrumb\",\"itemListElement\":[{\"@type\":\"ListItem\",\"position\":1,\"name\":\"Accueil\",\"item\":\"https:\\\/\\\/telemme.mmsh.fr\\\/\"},{\"@type\":\"ListItem\",\"position\":2,\"name\":\"\u00c9v\u00e8nements\",\"item\":\"https:\\\/\\\/telemme.mmsh.fr\\\/?post_type=tribe_events\"},{\"@type\":\"ListItem\",\"position\":3,\"name\":\"S\u00e9minaire\",\"item\":\"https:\\\/\\\/telemme.mmsh.fr\\\/?tribe_events_cat=seminaire\"},{\"@type\":\"ListItem\",\"position\":4,\"name\":\"La Marche de 1983 et sa m\u00e9diatisation \u2013 Yvan Gastaut\"}]},{\"@type\":\"WebSite\",\"@id\":\"https:\\\/\\\/telemme.mmsh.fr\\\/#website\",\"url\":\"https:\\\/\\\/telemme.mmsh.fr\\\/\",\"name\":\"TELEMMe - Temps, espaces, langages, Europe m\u00e9ridionale, M\u00e9diterran\u00e9e\",\"description\":\"\",\"publisher\":{\"@id\":\"https:\\\/\\\/telemme.mmsh.fr\\\/#organization\"},\"potentialAction\":[{\"@type\":\"SearchAction\",\"target\":{\"@type\":\"EntryPoint\",\"urlTemplate\":\"https:\\\/\\\/telemme.mmsh.fr\\\/?s={search_term_string}\"},\"query-input\":{\"@type\":\"PropertyValueSpecification\",\"valueRequired\":true,\"valueName\":\"search_term_string\"}}],\"inLanguage\":\"fr-FR\"},{\"@type\":\"Organization\",\"@id\":\"https:\\\/\\\/telemme.mmsh.fr\\\/#organization\",\"name\":\"TELEMMe\",\"url\":\"https:\\\/\\\/telemme.mmsh.fr\\\/\",\"logo\":{\"@type\":\"ImageObject\",\"inLanguage\":\"fr-FR\",\"@id\":\"https:\\\/\\\/telemme.mmsh.fr\\\/#\\\/schema\\\/logo\\\/image\\\/\",\"url\":\"https:\\\/\\\/telemme.mmsh.fr\\\/wp-content\\\/uploads\\\/2020\\\/03\\\/LogoTELEMMe-horizontal-fond-transparent.png\",\"contentUrl\":\"https:\\\/\\\/telemme.mmsh.fr\\\/wp-content\\\/uploads\\\/2020\\\/03\\\/LogoTELEMMe-horizontal-fond-transparent.png\",\"width\":1500,\"height\":437,\"caption\":\"TELEMMe\"},\"image\":{\"@id\":\"https:\\\/\\\/telemme.mmsh.fr\\\/#\\\/schema\\\/logo\\\/image\\\/\"}}]}<\/script>\n<!-- \/ Yoast SEO plugin. -->","yoast_head_json":{"title":"La Marche de 1983 et sa m\u00e9diatisation \u2013 Yvan Gastaut - TELEMMe - Temps, espaces, langages, Europe m\u00e9ridionale, M\u00e9diterran\u00e9e","robots":{"index":"index","follow":"follow","max-snippet":"max-snippet:-1","max-image-preview":"max-image-preview:large","max-video-preview":"max-video-preview:-1"},"canonical":"https:\/\/telemme.mmsh.fr\/?tribe_events=la-marche-de-1983-et-sa-mediatisation-yvan-gastaut","og_locale":"fr_FR","og_type":"article","og_title":"La Marche de 1983 et sa m\u00e9diatisation \u2013 Yvan Gastaut - TELEMMe - Temps, espaces, langages, Europe m\u00e9ridionale, M\u00e9diterran\u00e9e","og_description":"Saisir la\u00a0polyvocalit\u00e9\u00a0des archives audiovisuelles et num\u00e9riques en contexte postcolonial Dans le cadre du programme Polyvocal Interpretation of a Contested Colonial Heritage, cette s\u00e9ance r\u00e9unira les membres de l\u2019\u00e9quipe en charge&hellip;&nbsp;Lire la suite &raquo;La Marche de 1983 et sa m\u00e9diatisation \u2013 Yvan Gastaut","og_url":"https:\/\/telemme.mmsh.fr\/?tribe_events=la-marche-de-1983-et-sa-mediatisation-yvan-gastaut","og_site_name":"TELEMMe - Temps, espaces, langages, Europe m\u00e9ridionale, M\u00e9diterran\u00e9e","twitter_card":"summary_large_image","twitter_misc":{"Dur\u00e9e de lecture estim\u00e9e":"1 minute"},"schema":{"@context":"https:\/\/schema.org","@graph":[{"@type":"WebPage","@id":"https:\/\/telemme.mmsh.fr\/?tribe_events=la-marche-de-1983-et-sa-mediatisation-yvan-gastaut","url":"https:\/\/telemme.mmsh.fr\/?tribe_events=la-marche-de-1983-et-sa-mediatisation-yvan-gastaut","name":"La Marche de 1983 et sa m\u00e9diatisation \u2013 Yvan Gastaut - TELEMMe - Temps, espaces, langages, Europe m\u00e9ridionale, M\u00e9diterran\u00e9e","isPartOf":{"@id":"https:\/\/telemme.mmsh.fr\/#website"},"datePublished":"2023-01-25T08:23:02+00:00","breadcrumb":{"@id":"https:\/\/telemme.mmsh.fr\/?tribe_events=la-marche-de-1983-et-sa-mediatisation-yvan-gastaut#breadcrumb"},"inLanguage":"fr-FR","potentialAction":[{"@type":"ReadAction","target":["https:\/\/telemme.mmsh.fr\/?tribe_events=la-marche-de-1983-et-sa-mediatisation-yvan-gastaut"]}]},{"@type":"BreadcrumbList","@id":"https:\/\/telemme.mmsh.fr\/?tribe_events=la-marche-de-1983-et-sa-mediatisation-yvan-gastaut#breadcrumb","itemListElement":[{"@type":"ListItem","position":1,"name":"Accueil","item":"https:\/\/telemme.mmsh.fr\/"},{"@type":"ListItem","position":2,"name":"\u00c9v\u00e8nements","item":"https:\/\/telemme.mmsh.fr\/?post_type=tribe_events"},{"@type":"ListItem","position":3,"name":"S\u00e9minaire","item":"https:\/\/telemme.mmsh.fr\/?tribe_events_cat=seminaire"},{"@type":"ListItem","position":4,"name":"La Marche de 1983 et sa m\u00e9diatisation \u2013 Yvan Gastaut"}]},{"@type":"WebSite","@id":"https:\/\/telemme.mmsh.fr\/#website","url":"https:\/\/telemme.mmsh.fr\/","name":"TELEMMe - Temps, espaces, langages, Europe m\u00e9ridionale, M\u00e9diterran\u00e9e","description":"","publisher":{"@id":"https:\/\/telemme.mmsh.fr\/#organization"},"potentialAction":[{"@type":"SearchAction","target":{"@type":"EntryPoint","urlTemplate":"https:\/\/telemme.mmsh.fr\/?s={search_term_string}"},"query-input":{"@type":"PropertyValueSpecification","valueRequired":true,"valueName":"search_term_string"}}],"inLanguage":"fr-FR"},{"@type":"Organization","@id":"https:\/\/telemme.mmsh.fr\/#organization","name":"TELEMMe","url":"https:\/\/telemme.mmsh.fr\/","logo":{"@type":"ImageObject","inLanguage":"fr-FR","@id":"https:\/\/telemme.mmsh.fr\/#\/schema\/logo\/image\/","url":"https:\/\/telemme.mmsh.fr\/wp-content\/uploads\/2020\/03\/LogoTELEMMe-horizontal-fond-transparent.png","contentUrl":"https:\/\/telemme.mmsh.fr\/wp-content\/uploads\/2020\/03\/LogoTELEMMe-horizontal-fond-transparent.png","width":1500,"height":437,"caption":"TELEMMe"},"image":{"@id":"https:\/\/telemme.mmsh.fr\/#\/schema\/logo\/image\/"}}]}},"_links":{"self":[{"href":"https:\/\/telemme.mmsh.fr\/index.php?rest_route=\/wp\/v2\/tribe_events\/12353","targetHints":{"allow":["GET"]}}],"collection":[{"href":"https:\/\/telemme.mmsh.fr\/index.php?rest_route=\/wp\/v2\/tribe_events"}],"about":[{"href":"https:\/\/telemme.mmsh.fr\/index.php?rest_route=\/wp\/v2\/types\/tribe_events"}],"author":[{"embeddable":true,"href":"https:\/\/telemme.mmsh.fr\/index.php?rest_route=\/wp\/v2\/users\/175"}],"version-history":[{"count":1,"href":"https:\/\/telemme.mmsh.fr\/index.php?rest_route=\/wp\/v2\/tribe_events\/12353\/revisions"}],"predecessor-version":[{"id":12354,"href":"https:\/\/telemme.mmsh.fr\/index.php?rest_route=\/wp\/v2\/tribe_events\/12353\/revisions\/12354"}],"wp:attachment":[{"href":"https:\/\/telemme.mmsh.fr\/index.php?rest_route=%2Fwp%2Fv2%2Fmedia&parent=12353"}],"wp:term":[{"taxonomy":"post_tag","embeddable":true,"href":"https:\/\/telemme.mmsh.fr\/index.php?rest_route=%2Fwp%2Fv2%2Ftags&post=12353"},{"taxonomy":"tribe_events_cat","embeddable":true,"href":"https:\/\/telemme.mmsh.fr\/index.php?rest_route=%2Fwp%2Fv2%2Ftribe_events_cat&post=12353"}],"curies":[{"name":"wp","href":"https:\/\/api.w.org\/{rel}","templated":true}]}}