{"id":12311,"date":"2023-01-23T10:29:06","date_gmt":"2023-01-23T09:29:06","guid":{"rendered":"https:\/\/telemme.mmsh.fr\/?post_type=tribe_events&#038;p=12311"},"modified":"2023-01-30T15:11:45","modified_gmt":"2023-01-30T14:11:45","slug":"marchandisation-du-corps-et-questions-de-necro-economie","status":"publish","type":"tribe_events","link":"https:\/\/telemme.mmsh.fr\/?tribe_events=marchandisation-du-corps-et-questions-de-necro-economie","title":{"rendered":"Marchandisation du corps et questions de n\u00e9cro-\u00e9conomie"},"content":{"rendered":"<p>Le s\u00e9minaire interlaboratoire Aix-Marseille Universit\u00e9\u00a0<strong><em>Histoire et anthropologie de la mort<\/em><\/strong>, organis\u00e9 conjointement par E. Anstett (ADES) et A. Carol (TELEMMe) reprend ses activit\u00e9s. Le programme pour 2023 pr\u00e9voit deux journ\u00e9es d\u2019\u00e9tudes et un colloque (pour plus de d\u00e9tails voir :\u00a0<a href=\"https:\/\/necrolog.hypotheses.org\/a-propos-du-seminaire-histoire-et-anthropologie-de-la-mort-amu\/2023-2\">https:\/\/necrolog.hypotheses.org\/a-propos-du-seminaire-histoire-et-anthropologie-de-la-mort-amu\/2023-2<\/a> .<\/p>\n<p>Participer \u00e0 la r\u00e9union via le lien Zoom suivant\u00a0: <a href=\"https:\/\/univ-amu-fr.zoom.us\/j\/87907909770?pwd=WXBZUC9lVGVrQzMweWMyRzZONlV4dz09\">https:\/\/univ-amu-fr.zoom.us\/j\/87907909770?pwd=WXBZUC9lVGVrQzMweWMyRzZONlV4dz09<\/a><\/p>\n<p>Vous \u00eates bienvenus \u00e0 la MMSH (merci de nous pr\u00e9venir de votre venue pour que nous puissions organiser la logistique de ces s\u00e9ances en cons\u00e9quence :\u00a0<a href=\"mailto:anne.carol@orange.fr\"><strong>anne.carol@orange.fr<\/strong><\/a>).<\/p>\n<p><a href=\"https:\/\/telemme.mmsh.fr\/?evenement=histoire-et-anthropologie-de-la-mort\">Programme<\/a><\/p>\n","protected":false},"excerpt":{"rendered":"<p>Le s\u00e9minaire interlaboratoire Aix-Marseille Universit\u00e9\u00a0Histoire et anthropologie de la mort, organis\u00e9 conjointement par E. Anstett (ADES) et A. Carol (TELEMMe) reprend ses activit\u00e9s. Le programme pour 2023 pr\u00e9voit deux journ\u00e9es&hellip;&nbsp;<a href=\"https:\/\/telemme.mmsh.fr\/?tribe_events=marchandisation-du-corps-et-questions-de-necro-economie\" rel=\"bookmark\">Lire la suite &raquo;<span class=\"screen-reader-text\">Marchandisation du corps et questions de n\u00e9cro-\u00e9conomie<\/span><\/a><\/p>\n","protected":false},"author":175,"featured_media":12421,"template":"","meta":{"neve_meta_sidebar":"","neve_meta_container":"","neve_meta_enable_content_width":"","neve_meta_content_width":0,"neve_meta_title_alignment":"","neve_meta_author_avatar":"","neve_post_elements_order":"","neve_meta_disable_header":"","neve_meta_disable_footer":"","neve_meta_disable_title":"","_tribe_events_status":"","_tribe_events_status_reason":"","footnotes":""},"tags":[],"tribe_events_cat":[2308],"class_list":["post-12311","tribe_events","type-tribe_events","status-publish","has-post-thumbnail","hentry","tribe_events_cat-seminaire-histoire-et-anthropologie-de-la-mort","cat_seminaire-histoire-et-anthropologie-de-la-mort"],"yoast_head":"<!-- This site is optimized with the Yoast SEO plugin v27.4 - https:\/\/yoast.com\/product\/yoast-seo-wordpress\/ -->\n<title>Marchandisation du corps et questions de n\u00e9cro-\u00e9conomie - TELEMMe - Temps, espaces, langages, Europe m\u00e9ridionale, M\u00e9diterran\u00e9e<\/title>\n<meta name=\"robots\" content=\"index, follow, max-snippet:-1, max-image-preview:large, max-video-preview:-1\" \/>\n<link rel=\"canonical\" href=\"https:\/\/telemme.mmsh.fr\/?tribe_events=marchandisation-du-corps-et-questions-de-necro-economie\" \/>\n<meta property=\"og:locale\" content=\"fr_FR\" \/>\n<meta property=\"og:type\" content=\"article\" \/>\n<meta property=\"og:title\" content=\"Marchandisation du corps et questions de n\u00e9cro-\u00e9conomie - TELEMMe - Temps, espaces, langages, Europe m\u00e9ridionale, M\u00e9diterran\u00e9e\" \/>\n<meta property=\"og:description\" content=\"Le s\u00e9minaire interlaboratoire Aix-Marseille Universit\u00e9\u00a0Histoire et anthropologie de la mort, organis\u00e9 conjointement par E. Anstett (ADES) et A. Carol (TELEMMe) reprend ses activit\u00e9s. Le programme pour 2023 pr\u00e9voit deux journ\u00e9es&hellip;&nbsp;Lire la suite &raquo;Marchandisation du corps et questions de n\u00e9cro-\u00e9conomie\" \/>\n<meta property=\"og:url\" content=\"https:\/\/telemme.mmsh.fr\/?tribe_events=marchandisation-du-corps-et-questions-de-necro-economie\" \/>\n<meta property=\"og:site_name\" content=\"TELEMMe - Temps, espaces, langages, Europe m\u00e9ridionale, M\u00e9diterran\u00e9e\" \/>\n<meta property=\"article:modified_time\" content=\"2023-01-30T14:11:45+00:00\" \/>\n<meta property=\"og:image\" content=\"https:\/\/telemme.mmsh.fr\/wp-content\/uploads\/2023\/01\/pieds-Anne-Carol-scaled.jpg\" \/>\n\t<meta property=\"og:image:width\" content=\"2560\" \/>\n\t<meta property=\"og:image:height\" content=\"1920\" \/>\n\t<meta property=\"og:image:type\" content=\"image\/jpeg\" \/>\n<meta name=\"twitter:card\" content=\"summary_large_image\" \/>\n<meta name=\"twitter:label1\" content=\"Dur\u00e9e de lecture estim\u00e9e\" \/>\n\t<meta name=\"twitter:data1\" content=\"1 minute\" \/>\n<script type=\"application\/ld+json\" class=\"yoast-schema-graph\">{\"@context\":\"https:\\\/\\\/schema.org\",\"@graph\":[{\"@type\":\"WebPage\",\"@id\":\"https:\\\/\\\/telemme.mmsh.fr\\\/?tribe_events=marchandisation-du-corps-et-questions-de-necro-economie\",\"url\":\"https:\\\/\\\/telemme.mmsh.fr\\\/?tribe_events=marchandisation-du-corps-et-questions-de-necro-economie\",\"name\":\"Marchandisation du corps et questions de n\u00e9cro-\u00e9conomie - TELEMMe - Temps, espaces, langages, Europe m\u00e9ridionale, M\u00e9diterran\u00e9e\",\"isPartOf\":{\"@id\":\"https:\\\/\\\/telemme.mmsh.fr\\\/#website\"},\"primaryImageOfPage\":{\"@id\":\"https:\\\/\\\/telemme.mmsh.fr\\\/?tribe_events=marchandisation-du-corps-et-questions-de-necro-economie#primaryimage\"},\"image\":{\"@id\":\"https:\\\/\\\/telemme.mmsh.fr\\\/?tribe_events=marchandisation-du-corps-et-questions-de-necro-economie#primaryimage\"},\"thumbnailUrl\":\"https:\\\/\\\/telemme.mmsh.fr\\\/wp-content\\\/uploads\\\/2023\\\/01\\\/pieds-Anne-Carol-scaled.jpg\",\"datePublished\":\"2023-01-23T09:29:06+00:00\",\"dateModified\":\"2023-01-30T14:11:45+00:00\",\"breadcrumb\":{\"@id\":\"https:\\\/\\\/telemme.mmsh.fr\\\/?tribe_events=marchandisation-du-corps-et-questions-de-necro-economie#breadcrumb\"},\"inLanguage\":\"fr-FR\",\"potentialAction\":[{\"@type\":\"ReadAction\",\"target\":[\"https:\\\/\\\/telemme.mmsh.fr\\\/?tribe_events=marchandisation-du-corps-et-questions-de-necro-economie\"]}]},{\"@type\":\"ImageObject\",\"inLanguage\":\"fr-FR\",\"@id\":\"https:\\\/\\\/telemme.mmsh.fr\\\/?tribe_events=marchandisation-du-corps-et-questions-de-necro-economie#primaryimage\",\"url\":\"https:\\\/\\\/telemme.mmsh.fr\\\/wp-content\\\/uploads\\\/2023\\\/01\\\/pieds-Anne-Carol-scaled.jpg\",\"contentUrl\":\"https:\\\/\\\/telemme.mmsh.fr\\\/wp-content\\\/uploads\\\/2023\\\/01\\\/pieds-Anne-Carol-scaled.jpg\",\"width\":2560,\"height\":1920},{\"@type\":\"BreadcrumbList\",\"@id\":\"https:\\\/\\\/telemme.mmsh.fr\\\/?tribe_events=marchandisation-du-corps-et-questions-de-necro-economie#breadcrumb\",\"itemListElement\":[{\"@type\":\"ListItem\",\"position\":1,\"name\":\"Accueil\",\"item\":\"https:\\\/\\\/telemme.mmsh.fr\\\/\"},{\"@type\":\"ListItem\",\"position\":2,\"name\":\"\u00c9v\u00e8nements\",\"item\":\"https:\\\/\\\/telemme.mmsh.fr\\\/?post_type=tribe_events\"},{\"@type\":\"ListItem\",\"position\":3,\"name\":\"S\u00e9minaire interlaboratoire\",\"item\":\"https:\\\/\\\/telemme.mmsh.fr\\\/?tribe_events_cat=seminaire-interlaboratoire\"},{\"@type\":\"ListItem\",\"position\":4,\"name\":\"S\u00e9minaire \\\"Histoire et anthropologie de la mort\\\"\",\"item\":\"https:\\\/\\\/telemme.mmsh.fr\\\/?tribe_events_cat=seminaire-histoire-et-anthropologie-de-la-mort\"},{\"@type\":\"ListItem\",\"position\":5,\"name\":\"Marchandisation du corps et questions de n\u00e9cro-\u00e9conomie\"}]},{\"@type\":\"WebSite\",\"@id\":\"https:\\\/\\\/telemme.mmsh.fr\\\/#website\",\"url\":\"https:\\\/\\\/telemme.mmsh.fr\\\/\",\"name\":\"TELEMMe - Temps, espaces, langages, Europe m\u00e9ridionale, M\u00e9diterran\u00e9e\",\"description\":\"\",\"publisher\":{\"@id\":\"https:\\\/\\\/telemme.mmsh.fr\\\/#organization\"},\"potentialAction\":[{\"@type\":\"SearchAction\",\"target\":{\"@type\":\"EntryPoint\",\"urlTemplate\":\"https:\\\/\\\/telemme.mmsh.fr\\\/?s={search_term_string}\"},\"query-input\":{\"@type\":\"PropertyValueSpecification\",\"valueRequired\":true,\"valueName\":\"search_term_string\"}}],\"inLanguage\":\"fr-FR\"},{\"@type\":\"Organization\",\"@id\":\"https:\\\/\\\/telemme.mmsh.fr\\\/#organization\",\"name\":\"TELEMMe\",\"url\":\"https:\\\/\\\/telemme.mmsh.fr\\\/\",\"logo\":{\"@type\":\"ImageObject\",\"inLanguage\":\"fr-FR\",\"@id\":\"https:\\\/\\\/telemme.mmsh.fr\\\/#\\\/schema\\\/logo\\\/image\\\/\",\"url\":\"https:\\\/\\\/telemme.mmsh.fr\\\/wp-content\\\/uploads\\\/2020\\\/03\\\/LogoTELEMMe-horizontal-fond-transparent.png\",\"contentUrl\":\"https:\\\/\\\/telemme.mmsh.fr\\\/wp-content\\\/uploads\\\/2020\\\/03\\\/LogoTELEMMe-horizontal-fond-transparent.png\",\"width\":1500,\"height\":437,\"caption\":\"TELEMMe\"},\"image\":{\"@id\":\"https:\\\/\\\/telemme.mmsh.fr\\\/#\\\/schema\\\/logo\\\/image\\\/\"}}]}<\/script>\n<!-- \/ Yoast SEO plugin. -->","yoast_head_json":{"title":"Marchandisation du corps et questions de n\u00e9cro-\u00e9conomie - TELEMMe - Temps, espaces, langages, Europe m\u00e9ridionale, M\u00e9diterran\u00e9e","robots":{"index":"index","follow":"follow","max-snippet":"max-snippet:-1","max-image-preview":"max-image-preview:large","max-video-preview":"max-video-preview:-1"},"canonical":"https:\/\/telemme.mmsh.fr\/?tribe_events=marchandisation-du-corps-et-questions-de-necro-economie","og_locale":"fr_FR","og_type":"article","og_title":"Marchandisation du corps et questions de n\u00e9cro-\u00e9conomie - TELEMMe - Temps, espaces, langages, Europe m\u00e9ridionale, M\u00e9diterran\u00e9e","og_description":"Le s\u00e9minaire interlaboratoire Aix-Marseille Universit\u00e9\u00a0Histoire et anthropologie de la mort, organis\u00e9 conjointement par E. Anstett (ADES) et A. Carol (TELEMMe) reprend ses activit\u00e9s. Le programme pour 2023 pr\u00e9voit deux journ\u00e9es&hellip;&nbsp;Lire la suite &raquo;Marchandisation du corps et questions de n\u00e9cro-\u00e9conomie","og_url":"https:\/\/telemme.mmsh.fr\/?tribe_events=marchandisation-du-corps-et-questions-de-necro-economie","og_site_name":"TELEMMe - Temps, espaces, langages, Europe m\u00e9ridionale, M\u00e9diterran\u00e9e","article_modified_time":"2023-01-30T14:11:45+00:00","og_image":[{"width":2560,"height":1920,"url":"https:\/\/telemme.mmsh.fr\/wp-content\/uploads\/2023\/01\/pieds-Anne-Carol-scaled.jpg","type":"image\/jpeg"}],"twitter_card":"summary_large_image","twitter_misc":{"Dur\u00e9e de lecture estim\u00e9e":"1 minute"},"schema":{"@context":"https:\/\/schema.org","@graph":[{"@type":"WebPage","@id":"https:\/\/telemme.mmsh.fr\/?tribe_events=marchandisation-du-corps-et-questions-de-necro-economie","url":"https:\/\/telemme.mmsh.fr\/?tribe_events=marchandisation-du-corps-et-questions-de-necro-economie","name":"Marchandisation du corps et questions de n\u00e9cro-\u00e9conomie - TELEMMe - Temps, espaces, langages, Europe m\u00e9ridionale, M\u00e9diterran\u00e9e","isPartOf":{"@id":"https:\/\/telemme.mmsh.fr\/#website"},"primaryImageOfPage":{"@id":"https:\/\/telemme.mmsh.fr\/?tribe_events=marchandisation-du-corps-et-questions-de-necro-economie#primaryimage"},"image":{"@id":"https:\/\/telemme.mmsh.fr\/?tribe_events=marchandisation-du-corps-et-questions-de-necro-economie#primaryimage"},"thumbnailUrl":"https:\/\/telemme.mmsh.fr\/wp-content\/uploads\/2023\/01\/pieds-Anne-Carol-scaled.jpg","datePublished":"2023-01-23T09:29:06+00:00","dateModified":"2023-01-30T14:11:45+00:00","breadcrumb":{"@id":"https:\/\/telemme.mmsh.fr\/?tribe_events=marchandisation-du-corps-et-questions-de-necro-economie#breadcrumb"},"inLanguage":"fr-FR","potentialAction":[{"@type":"ReadAction","target":["https:\/\/telemme.mmsh.fr\/?tribe_events=marchandisation-du-corps-et-questions-de-necro-economie"]}]},{"@type":"ImageObject","inLanguage":"fr-FR","@id":"https:\/\/telemme.mmsh.fr\/?tribe_events=marchandisation-du-corps-et-questions-de-necro-economie#primaryimage","url":"https:\/\/telemme.mmsh.fr\/wp-content\/uploads\/2023\/01\/pieds-Anne-Carol-scaled.jpg","contentUrl":"https:\/\/telemme.mmsh.fr\/wp-content\/uploads\/2023\/01\/pieds-Anne-Carol-scaled.jpg","width":2560,"height":1920},{"@type":"BreadcrumbList","@id":"https:\/\/telemme.mmsh.fr\/?tribe_events=marchandisation-du-corps-et-questions-de-necro-economie#breadcrumb","itemListElement":[{"@type":"ListItem","position":1,"name":"Accueil","item":"https:\/\/telemme.mmsh.fr\/"},{"@type":"ListItem","position":2,"name":"\u00c9v\u00e8nements","item":"https:\/\/telemme.mmsh.fr\/?post_type=tribe_events"},{"@type":"ListItem","position":3,"name":"S\u00e9minaire interlaboratoire","item":"https:\/\/telemme.mmsh.fr\/?tribe_events_cat=seminaire-interlaboratoire"},{"@type":"ListItem","position":4,"name":"S\u00e9minaire \"Histoire et anthropologie de la mort\"","item":"https:\/\/telemme.mmsh.fr\/?tribe_events_cat=seminaire-histoire-et-anthropologie-de-la-mort"},{"@type":"ListItem","position":5,"name":"Marchandisation du corps et questions de n\u00e9cro-\u00e9conomie"}]},{"@type":"WebSite","@id":"https:\/\/telemme.mmsh.fr\/#website","url":"https:\/\/telemme.mmsh.fr\/","name":"TELEMMe - Temps, espaces, langages, Europe m\u00e9ridionale, M\u00e9diterran\u00e9e","description":"","publisher":{"@id":"https:\/\/telemme.mmsh.fr\/#organization"},"potentialAction":[{"@type":"SearchAction","target":{"@type":"EntryPoint","urlTemplate":"https:\/\/telemme.mmsh.fr\/?s={search_term_string}"},"query-input":{"@type":"PropertyValueSpecification","valueRequired":true,"valueName":"search_term_string"}}],"inLanguage":"fr-FR"},{"@type":"Organization","@id":"https:\/\/telemme.mmsh.fr\/#organization","name":"TELEMMe","url":"https:\/\/telemme.mmsh.fr\/","logo":{"@type":"ImageObject","inLanguage":"fr-FR","@id":"https:\/\/telemme.mmsh.fr\/#\/schema\/logo\/image\/","url":"https:\/\/telemme.mmsh.fr\/wp-content\/uploads\/2020\/03\/LogoTELEMMe-horizontal-fond-transparent.png","contentUrl":"https:\/\/telemme.mmsh.fr\/wp-content\/uploads\/2020\/03\/LogoTELEMMe-horizontal-fond-transparent.png","width":1500,"height":437,"caption":"TELEMMe"},"image":{"@id":"https:\/\/telemme.mmsh.fr\/#\/schema\/logo\/image\/"}}]}},"_links":{"self":[{"href":"https:\/\/telemme.mmsh.fr\/index.php?rest_route=\/wp\/v2\/tribe_events\/12311","targetHints":{"allow":["GET"]}}],"collection":[{"href":"https:\/\/telemme.mmsh.fr\/index.php?rest_route=\/wp\/v2\/tribe_events"}],"about":[{"href":"https:\/\/telemme.mmsh.fr\/index.php?rest_route=\/wp\/v2\/types\/tribe_events"}],"author":[{"embeddable":true,"href":"https:\/\/telemme.mmsh.fr\/index.php?rest_route=\/wp\/v2\/users\/175"}],"version-history":[{"count":3,"href":"https:\/\/telemme.mmsh.fr\/index.php?rest_route=\/wp\/v2\/tribe_events\/12311\/revisions"}],"predecessor-version":[{"id":12445,"href":"https:\/\/telemme.mmsh.fr\/index.php?rest_route=\/wp\/v2\/tribe_events\/12311\/revisions\/12445"}],"wp:featuredmedia":[{"embeddable":true,"href":"https:\/\/telemme.mmsh.fr\/index.php?rest_route=\/wp\/v2\/media\/12421"}],"wp:attachment":[{"href":"https:\/\/telemme.mmsh.fr\/index.php?rest_route=%2Fwp%2Fv2%2Fmedia&parent=12311"}],"wp:term":[{"taxonomy":"post_tag","embeddable":true,"href":"https:\/\/telemme.mmsh.fr\/index.php?rest_route=%2Fwp%2Fv2%2Ftags&post=12311"},{"taxonomy":"tribe_events_cat","embeddable":true,"href":"https:\/\/telemme.mmsh.fr\/index.php?rest_route=%2Fwp%2Fv2%2Ftribe_events_cat&post=12311"}],"curies":[{"name":"wp","href":"https:\/\/api.w.org\/{rel}","templated":true}]}}