{"id":12287,"date":"2023-01-17T11:02:40","date_gmt":"2023-01-17T10:02:40","guid":{"rendered":"https:\/\/telemme.mmsh.fr\/?post_type=tribe_events&#038;p=12287"},"modified":"2023-01-25T10:54:59","modified_gmt":"2023-01-25T09:54:59","slug":"seminaire-du-groupe-facons-detre-autour-de-la-figure-des-martyrs-espagne-xv-xis","status":"publish","type":"tribe_events","link":"https:\/\/telemme.mmsh.fr\/?tribe_events=seminaire-du-groupe-facons-detre-autour-de-la-figure-des-martyrs-espagne-xv-xis","title":{"rendered":"Autour de la figure des martyrs, Espagne, XV-XI\u00b0S."},"content":{"rendered":"<p>Les deux communications interrogeront sur la longue dur\u00e9e les processus par lesquels on devient un martyr et les usages sociaux que cette figure suscite dans le cadre d\u2019une soci\u00e9t\u00e9 catholique de l\u2019Europe m\u00e9ridionale. En quoi le corps du martyr cristallise-t-il le culte dont il est l\u2019objet dans l\u2019espace public comme priv\u00e9 ? A quels dispositifs narratifs, \u00e0 quels r\u00e9gimes m\u00e9moriels ce culte donne-t-il lieu ? En quoi la porosit\u00e9 des fronti\u00e8res entre le religieux et le politique fait-elle sens ? Comment se d\u00e9cline le martyre au f\u00e9minin ?<\/p>\n<p><a href=\"https:\/\/telemme.mmsh.fr\/?evenement=seminaire-du-groupe-facons-detre-autour-de-la-figure-des-martyrs-espagne-xv-xis\">Programme<\/a><\/p>\n","protected":false},"excerpt":{"rendered":"<p>Les deux communications interrogeront sur la longue dur\u00e9e les processus par lesquels on devient un martyr et les usages sociaux que cette figure suscite dans le cadre d\u2019une soci\u00e9t\u00e9 catholique&hellip;&nbsp;<a href=\"https:\/\/telemme.mmsh.fr\/?tribe_events=seminaire-du-groupe-facons-detre-autour-de-la-figure-des-martyrs-espagne-xv-xis\" rel=\"bookmark\">Lire la suite &raquo;<span class=\"screen-reader-text\">Autour de la figure des martyrs, Espagne, XV-XI\u00b0S.<\/span><\/a><\/p>\n","protected":false},"author":175,"featured_media":11712,"template":"","meta":{"neve_meta_sidebar":"","neve_meta_container":"","neve_meta_enable_content_width":"","neve_meta_content_width":0,"neve_meta_title_alignment":"","neve_meta_author_avatar":"","neve_post_elements_order":"","neve_meta_disable_header":"","neve_meta_disable_footer":"","neve_meta_disable_title":"","_tribe_events_status":"","_tribe_events_status_reason":"","footnotes":""},"tags":[1836],"tribe_events_cat":[1831],"class_list":["post-12287","tribe_events","type-tribe_events","status-publish","has-post-thumbnail","hentry","tag-1-3-facons-detre","tribe_events_cat-seminaire","cat_seminaire"],"yoast_head":"<!-- This site is optimized with the Yoast SEO plugin v27.4 - https:\/\/yoast.com\/product\/yoast-seo-wordpress\/ -->\n<title>Autour de la figure des martyrs, Espagne, XV-XI\u00b0S. - TELEMMe - Temps, espaces, langages, Europe m\u00e9ridionale, M\u00e9diterran\u00e9e<\/title>\n<meta name=\"description\" content=\"Les deux communications interrogeront sur la longue dur\u00e9e les processus par lesquels on devient un martyr et les usages sociaux que cette figure suscite dans le cadre d\u2019une soci\u00e9t\u00e9 catholique de l\u2019Europe m\u00e9ridionale. En quoi le corps du martyr cristallise-t-il le culte dont il est l\u2019objet dans l\u2019espace public comme priv\u00e9 ? A quels dispositifs narratifs, \u00e0 quels r\u00e9gimes m\u00e9moriels ce culte donne-t-il lieu ? En quoi la porosit\u00e9 des fronti\u00e8res entre le religieux et le politique fait-elle sens ? Comment se d\u00e9cline le martyre au f\u00e9minin ?\" \/>\n<meta name=\"robots\" content=\"index, follow, max-snippet:-1, max-image-preview:large, max-video-preview:-1\" \/>\n<link rel=\"canonical\" href=\"https:\/\/telemme.mmsh.fr\/?tribe_events=seminaire-du-groupe-facons-detre-autour-de-la-figure-des-martyrs-espagne-xv-xis\" \/>\n<meta property=\"og:locale\" content=\"fr_FR\" \/>\n<meta property=\"og:type\" content=\"article\" \/>\n<meta property=\"og:title\" content=\"Autour de la figure des martyrs, Espagne, XV-XI\u00b0S. - TELEMMe - Temps, espaces, langages, Europe m\u00e9ridionale, M\u00e9diterran\u00e9e\" \/>\n<meta property=\"og:description\" content=\"Les deux communications interrogeront sur la longue dur\u00e9e les processus par lesquels on devient un martyr et les usages sociaux que cette figure suscite dans le cadre d\u2019une soci\u00e9t\u00e9 catholique de l\u2019Europe m\u00e9ridionale. En quoi le corps du martyr cristallise-t-il le culte dont il est l\u2019objet dans l\u2019espace public comme priv\u00e9 ? A quels dispositifs narratifs, \u00e0 quels r\u00e9gimes m\u00e9moriels ce culte donne-t-il lieu ? En quoi la porosit\u00e9 des fronti\u00e8res entre le religieux et le politique fait-elle sens ? Comment se d\u00e9cline le martyre au f\u00e9minin ?\" \/>\n<meta property=\"og:url\" content=\"https:\/\/telemme.mmsh.fr\/?tribe_events=seminaire-du-groupe-facons-detre-autour-de-la-figure-des-martyrs-espagne-xv-xis\" \/>\n<meta property=\"og:site_name\" content=\"TELEMMe - Temps, espaces, langages, Europe m\u00e9ridionale, M\u00e9diterran\u00e9e\" \/>\n<meta property=\"article:modified_time\" content=\"2023-01-25T09:54:59+00:00\" \/>\n<meta property=\"og:image\" content=\"https:\/\/telemme.mmsh.fr\/wp-content\/uploads\/2022\/10\/Capture.png\" \/>\n\t<meta property=\"og:image:width\" content=\"397\" \/>\n\t<meta property=\"og:image:height\" content=\"413\" \/>\n\t<meta property=\"og:image:type\" content=\"image\/png\" \/>\n<meta name=\"twitter:card\" content=\"summary_large_image\" \/>\n<script type=\"application\/ld+json\" class=\"yoast-schema-graph\">{\"@context\":\"https:\\\/\\\/schema.org\",\"@graph\":[{\"@type\":\"WebPage\",\"@id\":\"https:\\\/\\\/telemme.mmsh.fr\\\/?tribe_events=seminaire-du-groupe-facons-detre-autour-de-la-figure-des-martyrs-espagne-xv-xis\",\"url\":\"https:\\\/\\\/telemme.mmsh.fr\\\/?tribe_events=seminaire-du-groupe-facons-detre-autour-de-la-figure-des-martyrs-espagne-xv-xis\",\"name\":\"Autour de la figure des martyrs, Espagne, XV-XI\u00b0S. - TELEMMe - Temps, espaces, langages, Europe m\u00e9ridionale, M\u00e9diterran\u00e9e\",\"isPartOf\":{\"@id\":\"https:\\\/\\\/telemme.mmsh.fr\\\/#website\"},\"primaryImageOfPage\":{\"@id\":\"https:\\\/\\\/telemme.mmsh.fr\\\/?tribe_events=seminaire-du-groupe-facons-detre-autour-de-la-figure-des-martyrs-espagne-xv-xis#primaryimage\"},\"image\":{\"@id\":\"https:\\\/\\\/telemme.mmsh.fr\\\/?tribe_events=seminaire-du-groupe-facons-detre-autour-de-la-figure-des-martyrs-espagne-xv-xis#primaryimage\"},\"thumbnailUrl\":\"https:\\\/\\\/telemme.mmsh.fr\\\/wp-content\\\/uploads\\\/2022\\\/10\\\/Capture.png\",\"datePublished\":\"2023-01-17T10:02:40+00:00\",\"dateModified\":\"2023-01-25T09:54:59+00:00\",\"description\":\"Les deux communications interrogeront sur la longue dur\u00e9e les processus par lesquels on devient un martyr et les usages sociaux que cette figure suscite dans le cadre d\u2019une soci\u00e9t\u00e9 catholique de l\u2019Europe m\u00e9ridionale. En quoi le corps du martyr cristallise-t-il le culte dont il est l\u2019objet dans l\u2019espace public comme priv\u00e9 ? A quels dispositifs narratifs, \u00e0 quels r\u00e9gimes m\u00e9moriels ce culte donne-t-il lieu ? En quoi la porosit\u00e9 des fronti\u00e8res entre le religieux et le politique fait-elle sens ? Comment se d\u00e9cline le martyre au f\u00e9minin ?\",\"breadcrumb\":{\"@id\":\"https:\\\/\\\/telemme.mmsh.fr\\\/?tribe_events=seminaire-du-groupe-facons-detre-autour-de-la-figure-des-martyrs-espagne-xv-xis#breadcrumb\"},\"inLanguage\":\"fr-FR\",\"potentialAction\":[{\"@type\":\"ReadAction\",\"target\":[\"https:\\\/\\\/telemme.mmsh.fr\\\/?tribe_events=seminaire-du-groupe-facons-detre-autour-de-la-figure-des-martyrs-espagne-xv-xis\"]}]},{\"@type\":\"ImageObject\",\"inLanguage\":\"fr-FR\",\"@id\":\"https:\\\/\\\/telemme.mmsh.fr\\\/?tribe_events=seminaire-du-groupe-facons-detre-autour-de-la-figure-des-martyrs-espagne-xv-xis#primaryimage\",\"url\":\"https:\\\/\\\/telemme.mmsh.fr\\\/wp-content\\\/uploads\\\/2022\\\/10\\\/Capture.png\",\"contentUrl\":\"https:\\\/\\\/telemme.mmsh.fr\\\/wp-content\\\/uploads\\\/2022\\\/10\\\/Capture.png\",\"width\":397,\"height\":413},{\"@type\":\"BreadcrumbList\",\"@id\":\"https:\\\/\\\/telemme.mmsh.fr\\\/?tribe_events=seminaire-du-groupe-facons-detre-autour-de-la-figure-des-martyrs-espagne-xv-xis#breadcrumb\",\"itemListElement\":[{\"@type\":\"ListItem\",\"position\":1,\"name\":\"Accueil\",\"item\":\"https:\\\/\\\/telemme.mmsh.fr\\\/\"},{\"@type\":\"ListItem\",\"position\":2,\"name\":\"\u00c9v\u00e8nements\",\"item\":\"https:\\\/\\\/telemme.mmsh.fr\\\/?post_type=tribe_events\"},{\"@type\":\"ListItem\",\"position\":3,\"name\":\"S\u00e9minaire\",\"item\":\"https:\\\/\\\/telemme.mmsh.fr\\\/?tribe_events_cat=seminaire\"},{\"@type\":\"ListItem\",\"position\":4,\"name\":\"Autour de la figure des martyrs, Espagne, XV-XI\u00b0S.\"}]},{\"@type\":\"WebSite\",\"@id\":\"https:\\\/\\\/telemme.mmsh.fr\\\/#website\",\"url\":\"https:\\\/\\\/telemme.mmsh.fr\\\/\",\"name\":\"TELEMMe - Temps, espaces, langages, Europe m\u00e9ridionale, M\u00e9diterran\u00e9e\",\"description\":\"\",\"publisher\":{\"@id\":\"https:\\\/\\\/telemme.mmsh.fr\\\/#organization\"},\"potentialAction\":[{\"@type\":\"SearchAction\",\"target\":{\"@type\":\"EntryPoint\",\"urlTemplate\":\"https:\\\/\\\/telemme.mmsh.fr\\\/?s={search_term_string}\"},\"query-input\":{\"@type\":\"PropertyValueSpecification\",\"valueRequired\":true,\"valueName\":\"search_term_string\"}}],\"inLanguage\":\"fr-FR\"},{\"@type\":\"Organization\",\"@id\":\"https:\\\/\\\/telemme.mmsh.fr\\\/#organization\",\"name\":\"TELEMMe\",\"url\":\"https:\\\/\\\/telemme.mmsh.fr\\\/\",\"logo\":{\"@type\":\"ImageObject\",\"inLanguage\":\"fr-FR\",\"@id\":\"https:\\\/\\\/telemme.mmsh.fr\\\/#\\\/schema\\\/logo\\\/image\\\/\",\"url\":\"https:\\\/\\\/telemme.mmsh.fr\\\/wp-content\\\/uploads\\\/2020\\\/03\\\/LogoTELEMMe-horizontal-fond-transparent.png\",\"contentUrl\":\"https:\\\/\\\/telemme.mmsh.fr\\\/wp-content\\\/uploads\\\/2020\\\/03\\\/LogoTELEMMe-horizontal-fond-transparent.png\",\"width\":1500,\"height\":437,\"caption\":\"TELEMMe\"},\"image\":{\"@id\":\"https:\\\/\\\/telemme.mmsh.fr\\\/#\\\/schema\\\/logo\\\/image\\\/\"}}]}<\/script>\n<!-- \/ Yoast SEO plugin. -->","yoast_head_json":{"title":"Autour de la figure des martyrs, Espagne, XV-XI\u00b0S. - TELEMMe - Temps, espaces, langages, Europe m\u00e9ridionale, M\u00e9diterran\u00e9e","description":"Les deux communications interrogeront sur la longue dur\u00e9e les processus par lesquels on devient un martyr et les usages sociaux que cette figure suscite dans le cadre d\u2019une soci\u00e9t\u00e9 catholique de l\u2019Europe m\u00e9ridionale. En quoi le corps du martyr cristallise-t-il le culte dont il est l\u2019objet dans l\u2019espace public comme priv\u00e9 ? A quels dispositifs narratifs, \u00e0 quels r\u00e9gimes m\u00e9moriels ce culte donne-t-il lieu ? En quoi la porosit\u00e9 des fronti\u00e8res entre le religieux et le politique fait-elle sens ? Comment se d\u00e9cline le martyre au f\u00e9minin ?","robots":{"index":"index","follow":"follow","max-snippet":"max-snippet:-1","max-image-preview":"max-image-preview:large","max-video-preview":"max-video-preview:-1"},"canonical":"https:\/\/telemme.mmsh.fr\/?tribe_events=seminaire-du-groupe-facons-detre-autour-de-la-figure-des-martyrs-espagne-xv-xis","og_locale":"fr_FR","og_type":"article","og_title":"Autour de la figure des martyrs, Espagne, XV-XI\u00b0S. - TELEMMe - Temps, espaces, langages, Europe m\u00e9ridionale, M\u00e9diterran\u00e9e","og_description":"Les deux communications interrogeront sur la longue dur\u00e9e les processus par lesquels on devient un martyr et les usages sociaux que cette figure suscite dans le cadre d\u2019une soci\u00e9t\u00e9 catholique de l\u2019Europe m\u00e9ridionale. En quoi le corps du martyr cristallise-t-il le culte dont il est l\u2019objet dans l\u2019espace public comme priv\u00e9 ? A quels dispositifs narratifs, \u00e0 quels r\u00e9gimes m\u00e9moriels ce culte donne-t-il lieu ? En quoi la porosit\u00e9 des fronti\u00e8res entre le religieux et le politique fait-elle sens ? Comment se d\u00e9cline le martyre au f\u00e9minin ?","og_url":"https:\/\/telemme.mmsh.fr\/?tribe_events=seminaire-du-groupe-facons-detre-autour-de-la-figure-des-martyrs-espagne-xv-xis","og_site_name":"TELEMMe - Temps, espaces, langages, Europe m\u00e9ridionale, M\u00e9diterran\u00e9e","article_modified_time":"2023-01-25T09:54:59+00:00","og_image":[{"width":397,"height":413,"url":"https:\/\/telemme.mmsh.fr\/wp-content\/uploads\/2022\/10\/Capture.png","type":"image\/png"}],"twitter_card":"summary_large_image","schema":{"@context":"https:\/\/schema.org","@graph":[{"@type":"WebPage","@id":"https:\/\/telemme.mmsh.fr\/?tribe_events=seminaire-du-groupe-facons-detre-autour-de-la-figure-des-martyrs-espagne-xv-xis","url":"https:\/\/telemme.mmsh.fr\/?tribe_events=seminaire-du-groupe-facons-detre-autour-de-la-figure-des-martyrs-espagne-xv-xis","name":"Autour de la figure des martyrs, Espagne, XV-XI\u00b0S. - TELEMMe - Temps, espaces, langages, Europe m\u00e9ridionale, M\u00e9diterran\u00e9e","isPartOf":{"@id":"https:\/\/telemme.mmsh.fr\/#website"},"primaryImageOfPage":{"@id":"https:\/\/telemme.mmsh.fr\/?tribe_events=seminaire-du-groupe-facons-detre-autour-de-la-figure-des-martyrs-espagne-xv-xis#primaryimage"},"image":{"@id":"https:\/\/telemme.mmsh.fr\/?tribe_events=seminaire-du-groupe-facons-detre-autour-de-la-figure-des-martyrs-espagne-xv-xis#primaryimage"},"thumbnailUrl":"https:\/\/telemme.mmsh.fr\/wp-content\/uploads\/2022\/10\/Capture.png","datePublished":"2023-01-17T10:02:40+00:00","dateModified":"2023-01-25T09:54:59+00:00","description":"Les deux communications interrogeront sur la longue dur\u00e9e les processus par lesquels on devient un martyr et les usages sociaux que cette figure suscite dans le cadre d\u2019une soci\u00e9t\u00e9 catholique de l\u2019Europe m\u00e9ridionale. En quoi le corps du martyr cristallise-t-il le culte dont il est l\u2019objet dans l\u2019espace public comme priv\u00e9 ? A quels dispositifs narratifs, \u00e0 quels r\u00e9gimes m\u00e9moriels ce culte donne-t-il lieu ? En quoi la porosit\u00e9 des fronti\u00e8res entre le religieux et le politique fait-elle sens ? Comment se d\u00e9cline le martyre au f\u00e9minin ?","breadcrumb":{"@id":"https:\/\/telemme.mmsh.fr\/?tribe_events=seminaire-du-groupe-facons-detre-autour-de-la-figure-des-martyrs-espagne-xv-xis#breadcrumb"},"inLanguage":"fr-FR","potentialAction":[{"@type":"ReadAction","target":["https:\/\/telemme.mmsh.fr\/?tribe_events=seminaire-du-groupe-facons-detre-autour-de-la-figure-des-martyrs-espagne-xv-xis"]}]},{"@type":"ImageObject","inLanguage":"fr-FR","@id":"https:\/\/telemme.mmsh.fr\/?tribe_events=seminaire-du-groupe-facons-detre-autour-de-la-figure-des-martyrs-espagne-xv-xis#primaryimage","url":"https:\/\/telemme.mmsh.fr\/wp-content\/uploads\/2022\/10\/Capture.png","contentUrl":"https:\/\/telemme.mmsh.fr\/wp-content\/uploads\/2022\/10\/Capture.png","width":397,"height":413},{"@type":"BreadcrumbList","@id":"https:\/\/telemme.mmsh.fr\/?tribe_events=seminaire-du-groupe-facons-detre-autour-de-la-figure-des-martyrs-espagne-xv-xis#breadcrumb","itemListElement":[{"@type":"ListItem","position":1,"name":"Accueil","item":"https:\/\/telemme.mmsh.fr\/"},{"@type":"ListItem","position":2,"name":"\u00c9v\u00e8nements","item":"https:\/\/telemme.mmsh.fr\/?post_type=tribe_events"},{"@type":"ListItem","position":3,"name":"S\u00e9minaire","item":"https:\/\/telemme.mmsh.fr\/?tribe_events_cat=seminaire"},{"@type":"ListItem","position":4,"name":"Autour de la figure des martyrs, Espagne, XV-XI\u00b0S."}]},{"@type":"WebSite","@id":"https:\/\/telemme.mmsh.fr\/#website","url":"https:\/\/telemme.mmsh.fr\/","name":"TELEMMe - Temps, espaces, langages, Europe m\u00e9ridionale, M\u00e9diterran\u00e9e","description":"","publisher":{"@id":"https:\/\/telemme.mmsh.fr\/#organization"},"potentialAction":[{"@type":"SearchAction","target":{"@type":"EntryPoint","urlTemplate":"https:\/\/telemme.mmsh.fr\/?s={search_term_string}"},"query-input":{"@type":"PropertyValueSpecification","valueRequired":true,"valueName":"search_term_string"}}],"inLanguage":"fr-FR"},{"@type":"Organization","@id":"https:\/\/telemme.mmsh.fr\/#organization","name":"TELEMMe","url":"https:\/\/telemme.mmsh.fr\/","logo":{"@type":"ImageObject","inLanguage":"fr-FR","@id":"https:\/\/telemme.mmsh.fr\/#\/schema\/logo\/image\/","url":"https:\/\/telemme.mmsh.fr\/wp-content\/uploads\/2020\/03\/LogoTELEMMe-horizontal-fond-transparent.png","contentUrl":"https:\/\/telemme.mmsh.fr\/wp-content\/uploads\/2020\/03\/LogoTELEMMe-horizontal-fond-transparent.png","width":1500,"height":437,"caption":"TELEMMe"},"image":{"@id":"https:\/\/telemme.mmsh.fr\/#\/schema\/logo\/image\/"}}]}},"_links":{"self":[{"href":"https:\/\/telemme.mmsh.fr\/index.php?rest_route=\/wp\/v2\/tribe_events\/12287","targetHints":{"allow":["GET"]}}],"collection":[{"href":"https:\/\/telemme.mmsh.fr\/index.php?rest_route=\/wp\/v2\/tribe_events"}],"about":[{"href":"https:\/\/telemme.mmsh.fr\/index.php?rest_route=\/wp\/v2\/types\/tribe_events"}],"author":[{"embeddable":true,"href":"https:\/\/telemme.mmsh.fr\/index.php?rest_route=\/wp\/v2\/users\/175"}],"version-history":[{"count":6,"href":"https:\/\/telemme.mmsh.fr\/index.php?rest_route=\/wp\/v2\/tribe_events\/12287\/revisions"}],"predecessor-version":[{"id":12367,"href":"https:\/\/telemme.mmsh.fr\/index.php?rest_route=\/wp\/v2\/tribe_events\/12287\/revisions\/12367"}],"wp:featuredmedia":[{"embeddable":true,"href":"https:\/\/telemme.mmsh.fr\/index.php?rest_route=\/wp\/v2\/media\/11712"}],"wp:attachment":[{"href":"https:\/\/telemme.mmsh.fr\/index.php?rest_route=%2Fwp%2Fv2%2Fmedia&parent=12287"}],"wp:term":[{"taxonomy":"post_tag","embeddable":true,"href":"https:\/\/telemme.mmsh.fr\/index.php?rest_route=%2Fwp%2Fv2%2Ftags&post=12287"},{"taxonomy":"tribe_events_cat","embeddable":true,"href":"https:\/\/telemme.mmsh.fr\/index.php?rest_route=%2Fwp%2Fv2%2Ftribe_events_cat&post=12287"}],"curies":[{"name":"wp","href":"https:\/\/api.w.org\/{rel}","templated":true}]}}