{"id":12188,"date":"2022-12-05T14:28:09","date_gmt":"2022-12-05T13:28:09","guid":{"rendered":"https:\/\/telemme.mmsh.fr\/?post_type=tribe_events&#038;p=12188"},"modified":"2022-12-05T14:28:09","modified_gmt":"2022-12-05T13:28:09","slug":"le-travail-dans-les-economies-et-les-societes-mediterraneennes","status":"publish","type":"tribe_events","link":"https:\/\/telemme.mmsh.fr\/?tribe_events=le-travail-dans-les-economies-et-les-societes-mediterraneennes","title":{"rendered":"Le travail dans les \u00e9conomies et les soci\u00e9t\u00e9s m\u00e9diterran\u00e9ennes"},"content":{"rendered":"<h3><strong>Autour du travail de la soie au XVIII<sup>e<\/sup> si\u00e8cle<\/strong><\/h3>\n<ul>\n<li><strong>L\u2019industrie de la soie et la mobilisation des ouvri\u00e8res en Languedoc au XVIII<sup>e<\/sup> si\u00e8cle<\/strong><\/li>\n<\/ul>\n<p><strong>Yuko Nakamatsu<\/strong> Universit\u00e9 Hokkai Gakuen<\/p>\n<ul>\n<li><strong>Une r\u00e9volte de qualit\u00e9\u00a0: le tumulte des tisserands de soie de C\u00f4me en 1790<\/strong><\/li>\n<\/ul>\n<p><strong>Lorenzo Avellino<\/strong> Universit\u00e9 de Gen\u00e8ve, Institut Bairoch<\/p>\n<p><a href=\"https:\/\/telemme.mmsh.fr\/?evenement=le-travail-dans-les-economies-et-les-societes-mediterraneennes\">Programme et r\u00e9sum\u00e9s<\/a><\/p>\n","protected":false},"excerpt":{"rendered":"<p>Autour du travail de la soie au XVIIIe si\u00e8cle<\/p>\n<p>    L\u2019industrie de la soie et la mobilisation des ouvri\u00e8res en Languedoc au XVIIIe si\u00e8cle<\/p>\n<p>Yuko Nakamatsu Universit\u00e9 Hokkai Gakuen<\/p>\n<p>    Une r\u00e9volte de qualit\u00e9\u00a0: le tumulte des tisserands de soie de C\u00f4me en 1790<\/p>\n<p>Lorenzo Avellino Universit\u00e9 de Gen\u00e8ve, Institut Bairoch<\/p>\n","protected":false},"author":175,"featured_media":12187,"template":"","meta":{"neve_meta_sidebar":"","neve_meta_container":"","neve_meta_enable_content_width":"","neve_meta_content_width":0,"neve_meta_title_alignment":"","neve_meta_author_avatar":"","neve_post_elements_order":"","neve_meta_disable_header":"","neve_meta_disable_footer":"","neve_meta_disable_title":"","_tribe_events_status":"","_tribe_events_status_reason":"","footnotes":""},"tags":[2069],"tribe_events_cat":[1831],"class_list":["post-12188","tribe_events","type-tribe_events","status-publish","has-post-thumbnail","hentry","tag-3-1-les-economies-mediterraneennes-et-leurs-environnements","tribe_events_cat-seminaire","cat_seminaire"],"yoast_head":"<!-- This site is optimized with the Yoast SEO plugin v27.4 - https:\/\/yoast.com\/product\/yoast-seo-wordpress\/ -->\n<title>Le travail dans les \u00e9conomies et les soci\u00e9t\u00e9s m\u00e9diterran\u00e9ennes - TELEMMe - Temps, espaces, langages, Europe m\u00e9ridionale, M\u00e9diterran\u00e9e<\/title>\n<meta name=\"description\" content=\"Le travail dans les \u00e9conomies et les soci\u00e9t\u00e9s m\u00e9diterran\u00e9ennesAutour du travail de la soie au XVIIIe si\u00e8cle L\u2019industrie de la soie et la mobilisation des ouvri\u00e8res en Languedoc au XVIIIe si\u00e8cleYuko Nakamatsu Universit\u00e9 Hokkai Gakuen Une r\u00e9volte de qualit\u00e9\u00a0: le tumulte des tisserands de soie de C\u00f4me en 1790Lorenzo Avellino Universit\u00e9 de Gen\u00e8ve, Institut Bairoch\u00a0\" \/>\n<meta name=\"robots\" content=\"index, follow, max-snippet:-1, max-image-preview:large, max-video-preview:-1\" \/>\n<link rel=\"canonical\" href=\"https:\/\/telemme.mmsh.fr\/?tribe_events=le-travail-dans-les-economies-et-les-societes-mediterraneennes\" \/>\n<meta property=\"og:locale\" content=\"fr_FR\" \/>\n<meta property=\"og:type\" content=\"article\" \/>\n<meta property=\"og:title\" content=\"Le travail dans les \u00e9conomies et les soci\u00e9t\u00e9s m\u00e9diterran\u00e9ennes - TELEMMe - Temps, espaces, langages, Europe m\u00e9ridionale, M\u00e9diterran\u00e9e\" \/>\n<meta property=\"og:description\" content=\"Le travail dans les \u00e9conomies et les soci\u00e9t\u00e9s m\u00e9diterran\u00e9ennesAutour du travail de la soie au XVIIIe si\u00e8cle L\u2019industrie de la soie et la mobilisation des ouvri\u00e8res en Languedoc au XVIIIe si\u00e8cleYuko Nakamatsu Universit\u00e9 Hokkai Gakuen Une r\u00e9volte de qualit\u00e9\u00a0: le tumulte des tisserands de soie de C\u00f4me en 1790Lorenzo Avellino Universit\u00e9 de Gen\u00e8ve, Institut Bairoch\u00a0\" \/>\n<meta property=\"og:url\" content=\"https:\/\/telemme.mmsh.fr\/?tribe_events=le-travail-dans-les-economies-et-les-societes-mediterraneennes\" \/>\n<meta property=\"og:site_name\" content=\"TELEMMe - Temps, espaces, langages, Europe m\u00e9ridionale, M\u00e9diterran\u00e9e\" \/>\n<meta property=\"og:image\" content=\"https:\/\/telemme.mmsh.fr\/wp-content\/uploads\/2022\/12\/Gravure-extraite-de-Jean-Baptiste-Le-Tellier-Memoires-et-instructions-pour-lestablissement-des-meuriers-et-art-de-faire-la-soye-en-France-Paris-1603-BNF-Gallica.jpg\" \/>\n\t<meta property=\"og:image:width\" content=\"1141\" \/>\n\t<meta property=\"og:image:height\" content=\"800\" \/>\n\t<meta property=\"og:image:type\" content=\"image\/jpeg\" \/>\n<meta name=\"twitter:card\" content=\"summary_large_image\" \/>\n<script type=\"application\/ld+json\" class=\"yoast-schema-graph\">{\"@context\":\"https:\\\/\\\/schema.org\",\"@graph\":[{\"@type\":\"WebPage\",\"@id\":\"https:\\\/\\\/telemme.mmsh.fr\\\/?tribe_events=le-travail-dans-les-economies-et-les-societes-mediterraneennes\",\"url\":\"https:\\\/\\\/telemme.mmsh.fr\\\/?tribe_events=le-travail-dans-les-economies-et-les-societes-mediterraneennes\",\"name\":\"Le travail dans les \u00e9conomies et les soci\u00e9t\u00e9s m\u00e9diterran\u00e9ennes - TELEMMe - Temps, espaces, langages, Europe m\u00e9ridionale, M\u00e9diterran\u00e9e\",\"isPartOf\":{\"@id\":\"https:\\\/\\\/telemme.mmsh.fr\\\/#website\"},\"primaryImageOfPage\":{\"@id\":\"https:\\\/\\\/telemme.mmsh.fr\\\/?tribe_events=le-travail-dans-les-economies-et-les-societes-mediterraneennes#primaryimage\"},\"image\":{\"@id\":\"https:\\\/\\\/telemme.mmsh.fr\\\/?tribe_events=le-travail-dans-les-economies-et-les-societes-mediterraneennes#primaryimage\"},\"thumbnailUrl\":\"https:\\\/\\\/telemme.mmsh.fr\\\/wp-content\\\/uploads\\\/2022\\\/12\\\/Gravure-extraite-de-Jean-Baptiste-Le-Tellier-Memoires-et-instructions-pour-lestablissement-des-meuriers-et-art-de-faire-la-soye-en-France-Paris-1603-BNF-Gallica.jpg\",\"datePublished\":\"2022-12-05T13:28:09+00:00\",\"description\":\"Le travail dans les \u00e9conomies et les soci\u00e9t\u00e9s m\u00e9diterran\u00e9ennesAutour du travail de la soie au XVIIIe si\u00e8cle L\u2019industrie de la soie et la mobilisation des ouvri\u00e8res en Languedoc au XVIIIe si\u00e8cleYuko Nakamatsu Universit\u00e9 Hokkai Gakuen Une r\u00e9volte de qualit\u00e9\u00a0: le tumulte des tisserands de soie de C\u00f4me en 1790Lorenzo Avellino Universit\u00e9 de Gen\u00e8ve, Institut Bairoch\u00a0\",\"breadcrumb\":{\"@id\":\"https:\\\/\\\/telemme.mmsh.fr\\\/?tribe_events=le-travail-dans-les-economies-et-les-societes-mediterraneennes#breadcrumb\"},\"inLanguage\":\"fr-FR\",\"potentialAction\":[{\"@type\":\"ReadAction\",\"target\":[\"https:\\\/\\\/telemme.mmsh.fr\\\/?tribe_events=le-travail-dans-les-economies-et-les-societes-mediterraneennes\"]}]},{\"@type\":\"ImageObject\",\"inLanguage\":\"fr-FR\",\"@id\":\"https:\\\/\\\/telemme.mmsh.fr\\\/?tribe_events=le-travail-dans-les-economies-et-les-societes-mediterraneennes#primaryimage\",\"url\":\"https:\\\/\\\/telemme.mmsh.fr\\\/wp-content\\\/uploads\\\/2022\\\/12\\\/Gravure-extraite-de-Jean-Baptiste-Le-Tellier-Memoires-et-instructions-pour-lestablissement-des-meuriers-et-art-de-faire-la-soye-en-France-Paris-1603-BNF-Gallica.jpg\",\"contentUrl\":\"https:\\\/\\\/telemme.mmsh.fr\\\/wp-content\\\/uploads\\\/2022\\\/12\\\/Gravure-extraite-de-Jean-Baptiste-Le-Tellier-Memoires-et-instructions-pour-lestablissement-des-meuriers-et-art-de-faire-la-soye-en-France-Paris-1603-BNF-Gallica.jpg\",\"width\":1141,\"height\":800,\"caption\":\"Gravure-extraite-de-Jean-Baptiste-Le-Tellier-Memoires-et-instructions-pour-lestablissement-des-meuriers-et-art-de-faire-la-soye-en-France-Paris-1603-BNF-Gallic\"},{\"@type\":\"BreadcrumbList\",\"@id\":\"https:\\\/\\\/telemme.mmsh.fr\\\/?tribe_events=le-travail-dans-les-economies-et-les-societes-mediterraneennes#breadcrumb\",\"itemListElement\":[{\"@type\":\"ListItem\",\"position\":1,\"name\":\"Accueil\",\"item\":\"https:\\\/\\\/telemme.mmsh.fr\\\/\"},{\"@type\":\"ListItem\",\"position\":2,\"name\":\"\u00c9v\u00e8nements\",\"item\":\"https:\\\/\\\/telemme.mmsh.fr\\\/?post_type=tribe_events\"},{\"@type\":\"ListItem\",\"position\":3,\"name\":\"S\u00e9minaire\",\"item\":\"https:\\\/\\\/telemme.mmsh.fr\\\/?tribe_events_cat=seminaire\"},{\"@type\":\"ListItem\",\"position\":4,\"name\":\"Le travail dans les \u00e9conomies et les soci\u00e9t\u00e9s m\u00e9diterran\u00e9ennes\"}]},{\"@type\":\"WebSite\",\"@id\":\"https:\\\/\\\/telemme.mmsh.fr\\\/#website\",\"url\":\"https:\\\/\\\/telemme.mmsh.fr\\\/\",\"name\":\"TELEMMe - Temps, espaces, langages, Europe m\u00e9ridionale, M\u00e9diterran\u00e9e\",\"description\":\"\",\"publisher\":{\"@id\":\"https:\\\/\\\/telemme.mmsh.fr\\\/#organization\"},\"potentialAction\":[{\"@type\":\"SearchAction\",\"target\":{\"@type\":\"EntryPoint\",\"urlTemplate\":\"https:\\\/\\\/telemme.mmsh.fr\\\/?s={search_term_string}\"},\"query-input\":{\"@type\":\"PropertyValueSpecification\",\"valueRequired\":true,\"valueName\":\"search_term_string\"}}],\"inLanguage\":\"fr-FR\"},{\"@type\":\"Organization\",\"@id\":\"https:\\\/\\\/telemme.mmsh.fr\\\/#organization\",\"name\":\"TELEMMe\",\"url\":\"https:\\\/\\\/telemme.mmsh.fr\\\/\",\"logo\":{\"@type\":\"ImageObject\",\"inLanguage\":\"fr-FR\",\"@id\":\"https:\\\/\\\/telemme.mmsh.fr\\\/#\\\/schema\\\/logo\\\/image\\\/\",\"url\":\"https:\\\/\\\/telemme.mmsh.fr\\\/wp-content\\\/uploads\\\/2020\\\/03\\\/LogoTELEMMe-horizontal-fond-transparent.png\",\"contentUrl\":\"https:\\\/\\\/telemme.mmsh.fr\\\/wp-content\\\/uploads\\\/2020\\\/03\\\/LogoTELEMMe-horizontal-fond-transparent.png\",\"width\":1500,\"height\":437,\"caption\":\"TELEMMe\"},\"image\":{\"@id\":\"https:\\\/\\\/telemme.mmsh.fr\\\/#\\\/schema\\\/logo\\\/image\\\/\"}}]}<\/script>\n<!-- \/ Yoast SEO plugin. -->","yoast_head_json":{"title":"Le travail dans les \u00e9conomies et les soci\u00e9t\u00e9s m\u00e9diterran\u00e9ennes - TELEMMe - Temps, espaces, langages, Europe m\u00e9ridionale, M\u00e9diterran\u00e9e","description":"Le travail dans les \u00e9conomies et les soci\u00e9t\u00e9s m\u00e9diterran\u00e9ennesAutour du travail de la soie au XVIIIe si\u00e8cle L\u2019industrie de la soie et la mobilisation des ouvri\u00e8res en Languedoc au XVIIIe si\u00e8cleYuko Nakamatsu Universit\u00e9 Hokkai Gakuen Une r\u00e9volte de qualit\u00e9\u00a0: le tumulte des tisserands de soie de C\u00f4me en 1790Lorenzo Avellino Universit\u00e9 de Gen\u00e8ve, Institut Bairoch\u00a0","robots":{"index":"index","follow":"follow","max-snippet":"max-snippet:-1","max-image-preview":"max-image-preview:large","max-video-preview":"max-video-preview:-1"},"canonical":"https:\/\/telemme.mmsh.fr\/?tribe_events=le-travail-dans-les-economies-et-les-societes-mediterraneennes","og_locale":"fr_FR","og_type":"article","og_title":"Le travail dans les \u00e9conomies et les soci\u00e9t\u00e9s m\u00e9diterran\u00e9ennes - TELEMMe - Temps, espaces, langages, Europe m\u00e9ridionale, M\u00e9diterran\u00e9e","og_description":"Le travail dans les \u00e9conomies et les soci\u00e9t\u00e9s m\u00e9diterran\u00e9ennesAutour du travail de la soie au XVIIIe si\u00e8cle L\u2019industrie de la soie et la mobilisation des ouvri\u00e8res en Languedoc au XVIIIe si\u00e8cleYuko Nakamatsu Universit\u00e9 Hokkai Gakuen Une r\u00e9volte de qualit\u00e9\u00a0: le tumulte des tisserands de soie de C\u00f4me en 1790Lorenzo Avellino Universit\u00e9 de Gen\u00e8ve, Institut Bairoch\u00a0","og_url":"https:\/\/telemme.mmsh.fr\/?tribe_events=le-travail-dans-les-economies-et-les-societes-mediterraneennes","og_site_name":"TELEMMe - Temps, espaces, langages, Europe m\u00e9ridionale, M\u00e9diterran\u00e9e","og_image":[{"width":1141,"height":800,"url":"https:\/\/telemme.mmsh.fr\/wp-content\/uploads\/2022\/12\/Gravure-extraite-de-Jean-Baptiste-Le-Tellier-Memoires-et-instructions-pour-lestablissement-des-meuriers-et-art-de-faire-la-soye-en-France-Paris-1603-BNF-Gallica.jpg","type":"image\/jpeg"}],"twitter_card":"summary_large_image","schema":{"@context":"https:\/\/schema.org","@graph":[{"@type":"WebPage","@id":"https:\/\/telemme.mmsh.fr\/?tribe_events=le-travail-dans-les-economies-et-les-societes-mediterraneennes","url":"https:\/\/telemme.mmsh.fr\/?tribe_events=le-travail-dans-les-economies-et-les-societes-mediterraneennes","name":"Le travail dans les \u00e9conomies et les soci\u00e9t\u00e9s m\u00e9diterran\u00e9ennes - TELEMMe - Temps, espaces, langages, Europe m\u00e9ridionale, M\u00e9diterran\u00e9e","isPartOf":{"@id":"https:\/\/telemme.mmsh.fr\/#website"},"primaryImageOfPage":{"@id":"https:\/\/telemme.mmsh.fr\/?tribe_events=le-travail-dans-les-economies-et-les-societes-mediterraneennes#primaryimage"},"image":{"@id":"https:\/\/telemme.mmsh.fr\/?tribe_events=le-travail-dans-les-economies-et-les-societes-mediterraneennes#primaryimage"},"thumbnailUrl":"https:\/\/telemme.mmsh.fr\/wp-content\/uploads\/2022\/12\/Gravure-extraite-de-Jean-Baptiste-Le-Tellier-Memoires-et-instructions-pour-lestablissement-des-meuriers-et-art-de-faire-la-soye-en-France-Paris-1603-BNF-Gallica.jpg","datePublished":"2022-12-05T13:28:09+00:00","description":"Le travail dans les \u00e9conomies et les soci\u00e9t\u00e9s m\u00e9diterran\u00e9ennesAutour du travail de la soie au XVIIIe si\u00e8cle L\u2019industrie de la soie et la mobilisation des ouvri\u00e8res en Languedoc au XVIIIe si\u00e8cleYuko Nakamatsu Universit\u00e9 Hokkai Gakuen Une r\u00e9volte de qualit\u00e9\u00a0: le tumulte des tisserands de soie de C\u00f4me en 1790Lorenzo Avellino Universit\u00e9 de Gen\u00e8ve, Institut Bairoch\u00a0","breadcrumb":{"@id":"https:\/\/telemme.mmsh.fr\/?tribe_events=le-travail-dans-les-economies-et-les-societes-mediterraneennes#breadcrumb"},"inLanguage":"fr-FR","potentialAction":[{"@type":"ReadAction","target":["https:\/\/telemme.mmsh.fr\/?tribe_events=le-travail-dans-les-economies-et-les-societes-mediterraneennes"]}]},{"@type":"ImageObject","inLanguage":"fr-FR","@id":"https:\/\/telemme.mmsh.fr\/?tribe_events=le-travail-dans-les-economies-et-les-societes-mediterraneennes#primaryimage","url":"https:\/\/telemme.mmsh.fr\/wp-content\/uploads\/2022\/12\/Gravure-extraite-de-Jean-Baptiste-Le-Tellier-Memoires-et-instructions-pour-lestablissement-des-meuriers-et-art-de-faire-la-soye-en-France-Paris-1603-BNF-Gallica.jpg","contentUrl":"https:\/\/telemme.mmsh.fr\/wp-content\/uploads\/2022\/12\/Gravure-extraite-de-Jean-Baptiste-Le-Tellier-Memoires-et-instructions-pour-lestablissement-des-meuriers-et-art-de-faire-la-soye-en-France-Paris-1603-BNF-Gallica.jpg","width":1141,"height":800,"caption":"Gravure-extraite-de-Jean-Baptiste-Le-Tellier-Memoires-et-instructions-pour-lestablissement-des-meuriers-et-art-de-faire-la-soye-en-France-Paris-1603-BNF-Gallic"},{"@type":"BreadcrumbList","@id":"https:\/\/telemme.mmsh.fr\/?tribe_events=le-travail-dans-les-economies-et-les-societes-mediterraneennes#breadcrumb","itemListElement":[{"@type":"ListItem","position":1,"name":"Accueil","item":"https:\/\/telemme.mmsh.fr\/"},{"@type":"ListItem","position":2,"name":"\u00c9v\u00e8nements","item":"https:\/\/telemme.mmsh.fr\/?post_type=tribe_events"},{"@type":"ListItem","position":3,"name":"S\u00e9minaire","item":"https:\/\/telemme.mmsh.fr\/?tribe_events_cat=seminaire"},{"@type":"ListItem","position":4,"name":"Le travail dans les \u00e9conomies et les soci\u00e9t\u00e9s m\u00e9diterran\u00e9ennes"}]},{"@type":"WebSite","@id":"https:\/\/telemme.mmsh.fr\/#website","url":"https:\/\/telemme.mmsh.fr\/","name":"TELEMMe - Temps, espaces, langages, Europe m\u00e9ridionale, M\u00e9diterran\u00e9e","description":"","publisher":{"@id":"https:\/\/telemme.mmsh.fr\/#organization"},"potentialAction":[{"@type":"SearchAction","target":{"@type":"EntryPoint","urlTemplate":"https:\/\/telemme.mmsh.fr\/?s={search_term_string}"},"query-input":{"@type":"PropertyValueSpecification","valueRequired":true,"valueName":"search_term_string"}}],"inLanguage":"fr-FR"},{"@type":"Organization","@id":"https:\/\/telemme.mmsh.fr\/#organization","name":"TELEMMe","url":"https:\/\/telemme.mmsh.fr\/","logo":{"@type":"ImageObject","inLanguage":"fr-FR","@id":"https:\/\/telemme.mmsh.fr\/#\/schema\/logo\/image\/","url":"https:\/\/telemme.mmsh.fr\/wp-content\/uploads\/2020\/03\/LogoTELEMMe-horizontal-fond-transparent.png","contentUrl":"https:\/\/telemme.mmsh.fr\/wp-content\/uploads\/2020\/03\/LogoTELEMMe-horizontal-fond-transparent.png","width":1500,"height":437,"caption":"TELEMMe"},"image":{"@id":"https:\/\/telemme.mmsh.fr\/#\/schema\/logo\/image\/"}}]}},"_links":{"self":[{"href":"https:\/\/telemme.mmsh.fr\/index.php?rest_route=\/wp\/v2\/tribe_events\/12188","targetHints":{"allow":["GET"]}}],"collection":[{"href":"https:\/\/telemme.mmsh.fr\/index.php?rest_route=\/wp\/v2\/tribe_events"}],"about":[{"href":"https:\/\/telemme.mmsh.fr\/index.php?rest_route=\/wp\/v2\/types\/tribe_events"}],"author":[{"embeddable":true,"href":"https:\/\/telemme.mmsh.fr\/index.php?rest_route=\/wp\/v2\/users\/175"}],"version-history":[{"count":1,"href":"https:\/\/telemme.mmsh.fr\/index.php?rest_route=\/wp\/v2\/tribe_events\/12188\/revisions"}],"predecessor-version":[{"id":12189,"href":"https:\/\/telemme.mmsh.fr\/index.php?rest_route=\/wp\/v2\/tribe_events\/12188\/revisions\/12189"}],"wp:featuredmedia":[{"embeddable":true,"href":"https:\/\/telemme.mmsh.fr\/index.php?rest_route=\/wp\/v2\/media\/12187"}],"wp:attachment":[{"href":"https:\/\/telemme.mmsh.fr\/index.php?rest_route=%2Fwp%2Fv2%2Fmedia&parent=12188"}],"wp:term":[{"taxonomy":"post_tag","embeddable":true,"href":"https:\/\/telemme.mmsh.fr\/index.php?rest_route=%2Fwp%2Fv2%2Ftags&post=12188"},{"taxonomy":"tribe_events_cat","embeddable":true,"href":"https:\/\/telemme.mmsh.fr\/index.php?rest_route=%2Fwp%2Fv2%2Ftribe_events_cat&post=12188"}],"curies":[{"name":"wp","href":"https:\/\/api.w.org\/{rel}","templated":true}]}}