{"id":11895,"date":"2022-10-18T18:01:31","date_gmt":"2022-10-18T16:01:31","guid":{"rendered":"https:\/\/telemme.mmsh.fr\/?post_type=tribe_events&#038;p=11895"},"modified":"2022-10-18T18:04:36","modified_gmt":"2022-10-18T16:04:36","slug":"11895","status":"publish","type":"tribe_events","link":"https:\/\/telemme.mmsh.fr\/?tribe_events=11895","title":{"rendered":"La Sainte-Baume : protection et valorisation d\u2019un haut lieu patrimonial"},"content":{"rendered":"<h4>JOURN\u00c9ES D\u2019\u00c9TUDES DE TERRAIN DU GHFF <strong>ET DE L\u2019ASSOCIATION FORET MEDITERRANEENNE<\/strong><\/h4>\n<p><strong>\u00ab Le temps des territoires \u00bb en Sainte Baume (Var) Plan d\u2019Aups, Lundi 7 et mardi 8 novembre 2022<\/strong><\/p>\n<p>Le Groupe d\u2019Histoire des For\u00eats Fran\u00e7aises et l\u2019association For\u00eat M\u00e9diterran\u00e9enne ont d\u00e9cid\u00e9 de monter ensemble une session \u00ab Le temps des territoires \u00bb sur le site de la Sainte-Baume (Var).<\/p>\n<p>La Sainte-Baume est un \u00ab haut-lieu \u00bb1 de nature, de culte, de culture et d\u2019histoire d\u2019une extr\u00eame richesse. Des aspects cultuels, aux aspects \u00e9cologiques mais aussi \u00e9conomiques, sociaux, culturels et artistiques, de la protection d\u2019une for\u00eat exceptionnelle aux diff\u00e9rents usages qui pr\u00e9sentent tous une histoire riche et complexe, en t\u00e9moigne celle des p\u00e8lerinages, des compagnons, des glaci\u00e8res\u2026<\/p>\n<p>Face \u00e0 un mat\u00e9riau aussi riche, ce \u00ab temps des territoires \u00bb sera centr\u00e9 sur un th\u00e8me pr\u00e9pond\u00e9rant : la protection\/valorisation de ce \u00ab haut-lieu \u00bb. <em>Fond\u00e9es sur la longue dur\u00e9e, l\u2019histoire et l\u2019\u00e9tude de la for\u00eat domaniale de la Sainte-Baume convergent vers un cas d\u2019\u00e9cole dont les enseignements en disent long sur l\u2019attitude de l\u2019homme face \u00e0 une for\u00eat relique dans la d\u00e9licate \u00e9quation de son usage, de sa mise en valeur, de sa sauvegarde et des mythologies qu\u2019elle ne cesse de fomenter<\/em><em>2. <\/em>Et en effet, comment, \u00e9tablir la vocation et fixer les objectifs d\u2019un tel site, comment assurer la p\u00e9rennit\u00e9 d\u2019un territoire qui \u00e9volue et qui est soumis \u00e0 de multiples pressions ?<\/p>\n<p>Nous souhaitons poser toutes ces questions dans notre rencontre en croisant les approches des \u00e9cologues, des paysagistes, des historiens et des sociologues mais aussi des acteurs de terrains : Office national des for\u00eats (ONF), Parc naturel r\u00e9gional (PNR), associations\u2026 Il s\u2019agit d\u2019expliquer l\u2019histoire de la Sainte-Baume sur la longue dur\u00e9e et m\u00eame les possibles \u00e9volutions dans le contexte du r\u00e9chauffement climatique ; histoire et transformations des peuplements, notamment de la h\u00eatraie, mais aussi des paysages, histoire des relations hommes\/ for\u00eat depuis le Moyen \u00c2ge et de la mise en place des diff\u00e9rents types de protection. Au-del\u00e0 des aspects historiques, il s\u2019agit \u00e9galement de regarder l\u2019actualit\u00e9 de ce \u00ab haut lieu \u00bb qui b\u00e9n\u00e9ficie de diff\u00e9rents classements : For\u00eat d\u2019exception, Parc naturel r\u00e9gional, r\u00e9serve biologique, site Natura 2000, site inscrit au titre des sites l\u00e9gendaires et pittoresques du Var, Zones naturelles d\u2019int\u00e9r\u00eat \u00e9cologique, faunistique et floristique (ZNIEFF). Quels \u00e9quilibres sont actuellement mis en place dans l\u2019usage, la mise en valeur et la sauvegarde ? Quelles solutions sont propos\u00e9es dans le nouveau contexte du r\u00e9chauffement climatique et de la sur- fr\u00e9quentation de ce site touristique.<\/p>\n<p>Pour r\u00e9pondre \u00e0 toutes ces questions, notre approche sera \u00e0 la fois large dans le temps mais aussi dans l\u2019espace. En effet, la for\u00eat relique de la Sainte-Baume n\u2019est pas une \u00ab \u00eele d\u00e9serte \u00bb. Elle est en interaction avec les diff\u00e9rents noyaux qui l\u2019entourent : for\u00eat domaniale de la Sainte-Baume, propri\u00e9t\u00e9s voisines et ensemble du massif de la Sainte-Baume. Les usages, les \u00e9cosyst\u00e8mes, les diff\u00e9rentes politiques de protection en t\u00e9moignent, la \u00ab for\u00eat relique \u00bb n\u2019est pas un isolat. Cet esprit d\u2019ouverture nous m\u00e8nera jusqu\u2019en Toscane. Il s\u2019agira \u00e0 travers l\u2019exemple d\u2019un \u00ab haut-lieu \u00bb similaire par son histoire et ses enjeux, la for\u00eat de la Verna, de comprendre les r\u00e9ponses apport\u00e9es par nos voisins \u00e0 la d\u00e9licate question protection\/valorisation d\u2019un \u00ab haut lieu \u00bb.<\/p>\n<p>Notre session sera compos\u00e9e de deux demi-journ\u00e9es en salle encadrant la matin\u00e9e du deuxi\u00e8me jour sur le terrain. La soir\u00e9e du premier jour sera d\u00e9di\u00e9e \u00e0 une approche du site \u00e0 travers l\u2019art. Les discussions et les \u00e9changes permettront \u00e9galement de r\u00e9pondre \u00e0 vos questionnements et \u00e0 votre curiosit\u00e9 pour ce site exceptionnel.<\/p>\n<p><a href=\"https:\/\/telemme.mmsh.fr\/?evenement=la-sainte-baume-protection-et-valorisation-dun-haut-lieu-patrimonial\">Programme<\/a><\/p>\n<p>Journ\u00e9e organis\u00e9e par For\u00eat M\u00e9diterran\u00e9enne<\/p>\n<p>14 rue Louis Astouin 13002 Marseille T\u00e9l. : 04 91 56 06 91 et le Groupe d\u2019histoire des for\u00eats fran\u00e7aises<\/p>\n<p>Sorbonne Universit\u00e9 Institut de G\u00e9ographie 191 rue Saint-Jacques F. 75005 PARIS<\/p>\n<p>Avec l\u2019appui financier du minist\u00e8re de la Transition \u00e9cologique et de la Coh\u00e9sion des territoires, Laboratoire TELEMME, Aix Marseille Universit\u00e9<\/p>\n","protected":false},"excerpt":{"rendered":"<p>JOURN\u00c9ES D\u2019\u00c9TUDES DE TERRAIN DU GHFF ET DE L\u2019ASSOCIATION FORET MEDITERRANEENNE \u00ab Le temps des territoires \u00bb en Sainte Baume (Var) Plan d\u2019Aups, Lundi 7 et mardi 8 novembre 2022&hellip;&nbsp;<a href=\"https:\/\/telemme.mmsh.fr\/?tribe_events=11895\" rel=\"bookmark\">Lire la suite &raquo;<span class=\"screen-reader-text\">La Sainte-Baume : protection et valorisation d\u2019un haut lieu patrimonial<\/span><\/a><\/p>\n","protected":false},"author":175,"featured_media":11894,"template":"","meta":{"neve_meta_sidebar":"","neve_meta_container":"","neve_meta_enable_content_width":"","neve_meta_content_width":0,"neve_meta_title_alignment":"","neve_meta_author_avatar":"","neve_post_elements_order":"","neve_meta_disable_header":"","neve_meta_disable_footer":"","neve_meta_disable_title":"","_tribe_events_status":"","_tribe_events_status_reason":"","footnotes":""},"tags":[2553],"tribe_events_cat":[1823],"class_list":["post-11895","tribe_events","type-tribe_events","status-publish","has-post-thumbnail","hentry","tag-sainte-baume","tribe_events_cat-journee-detudes","cat_journee-detudes"],"yoast_head":"<!-- This site is optimized with the Yoast SEO plugin v27.4 - https:\/\/yoast.com\/product\/yoast-seo-wordpress\/ -->\n<title>La Sainte-Baume : protection et valorisation d\u2019un haut lieu patrimonial - TELEMMe - Temps, espaces, langages, Europe m\u00e9ridionale, M\u00e9diterran\u00e9e<\/title>\n<meta name=\"robots\" content=\"index, follow, max-snippet:-1, max-image-preview:large, max-video-preview:-1\" \/>\n<link rel=\"canonical\" href=\"https:\/\/telemme.mmsh.fr\/?tribe_events=11895\" \/>\n<meta property=\"og:locale\" content=\"fr_FR\" \/>\n<meta property=\"og:type\" content=\"article\" \/>\n<meta property=\"og:title\" content=\"La Sainte-Baume : protection et valorisation d\u2019un haut lieu patrimonial - TELEMMe - Temps, espaces, langages, Europe m\u00e9ridionale, M\u00e9diterran\u00e9e\" \/>\n<meta property=\"og:description\" content=\"JOURN\u00c9ES D\u2019\u00c9TUDES DE TERRAIN DU GHFF ET DE L\u2019ASSOCIATION FORET MEDITERRANEENNE \u00ab Le temps des territoires \u00bb en Sainte Baume (Var) Plan d\u2019Aups, Lundi 7 et mardi 8 novembre 2022&hellip;&nbsp;Lire la suite &raquo;La Sainte-Baume : protection et valorisation d\u2019un haut lieu patrimonial\" \/>\n<meta property=\"og:url\" content=\"https:\/\/telemme.mmsh.fr\/?tribe_events=11895\" \/>\n<meta property=\"og:site_name\" content=\"TELEMMe - Temps, espaces, langages, Europe m\u00e9ridionale, M\u00e9diterran\u00e9e\" \/>\n<meta property=\"article:modified_time\" content=\"2022-10-18T16:04:36+00:00\" \/>\n<meta property=\"og:image\" content=\"https:\/\/telemme.mmsh.fr\/wp-content\/uploads\/2022\/10\/st-baume.jpg\" \/>\n\t<meta property=\"og:image:width\" content=\"290\" \/>\n\t<meta property=\"og:image:height\" content=\"215\" \/>\n\t<meta property=\"og:image:type\" content=\"image\/jpeg\" \/>\n<meta name=\"twitter:card\" content=\"summary_large_image\" \/>\n<meta name=\"twitter:label1\" content=\"Dur\u00e9e de lecture estim\u00e9e\" \/>\n\t<meta name=\"twitter:data1\" content=\"4 minutes\" \/>\n<script type=\"application\/ld+json\" class=\"yoast-schema-graph\">{\"@context\":\"https:\\\/\\\/schema.org\",\"@graph\":[{\"@type\":\"WebPage\",\"@id\":\"https:\\\/\\\/telemme.mmsh.fr\\\/?tribe_events=11895\",\"url\":\"https:\\\/\\\/telemme.mmsh.fr\\\/?tribe_events=11895\",\"name\":\"La Sainte-Baume : protection et valorisation d\u2019un haut lieu patrimonial - TELEMMe - Temps, espaces, langages, Europe m\u00e9ridionale, M\u00e9diterran\u00e9e\",\"isPartOf\":{\"@id\":\"https:\\\/\\\/telemme.mmsh.fr\\\/#website\"},\"primaryImageOfPage\":{\"@id\":\"https:\\\/\\\/telemme.mmsh.fr\\\/?tribe_events=11895#primaryimage\"},\"image\":{\"@id\":\"https:\\\/\\\/telemme.mmsh.fr\\\/?tribe_events=11895#primaryimage\"},\"thumbnailUrl\":\"https:\\\/\\\/telemme.mmsh.fr\\\/wp-content\\\/uploads\\\/2022\\\/10\\\/st-baume.jpg\",\"datePublished\":\"2022-10-18T16:01:31+00:00\",\"dateModified\":\"2022-10-18T16:04:36+00:00\",\"breadcrumb\":{\"@id\":\"https:\\\/\\\/telemme.mmsh.fr\\\/?tribe_events=11895#breadcrumb\"},\"inLanguage\":\"fr-FR\",\"potentialAction\":[{\"@type\":\"ReadAction\",\"target\":[\"https:\\\/\\\/telemme.mmsh.fr\\\/?tribe_events=11895\"]}]},{\"@type\":\"ImageObject\",\"inLanguage\":\"fr-FR\",\"@id\":\"https:\\\/\\\/telemme.mmsh.fr\\\/?tribe_events=11895#primaryimage\",\"url\":\"https:\\\/\\\/telemme.mmsh.fr\\\/wp-content\\\/uploads\\\/2022\\\/10\\\/st-baume.jpg\",\"contentUrl\":\"https:\\\/\\\/telemme.mmsh.fr\\\/wp-content\\\/uploads\\\/2022\\\/10\\\/st-baume.jpg\",\"width\":290,\"height\":215},{\"@type\":\"BreadcrumbList\",\"@id\":\"https:\\\/\\\/telemme.mmsh.fr\\\/?tribe_events=11895#breadcrumb\",\"itemListElement\":[{\"@type\":\"ListItem\",\"position\":1,\"name\":\"Accueil\",\"item\":\"https:\\\/\\\/telemme.mmsh.fr\\\/\"},{\"@type\":\"ListItem\",\"position\":2,\"name\":\"\u00c9v\u00e8nements\",\"item\":\"https:\\\/\\\/telemme.mmsh.fr\\\/?post_type=tribe_events\"},{\"@type\":\"ListItem\",\"position\":3,\"name\":\"Journ\u00e9e d'\u00e9tudes\",\"item\":\"https:\\\/\\\/telemme.mmsh.fr\\\/?tribe_events_cat=journee-detudes\"},{\"@type\":\"ListItem\",\"position\":4,\"name\":\"La Sainte-Baume : protection et valorisation d\u2019un haut lieu patrimonial\"}]},{\"@type\":\"WebSite\",\"@id\":\"https:\\\/\\\/telemme.mmsh.fr\\\/#website\",\"url\":\"https:\\\/\\\/telemme.mmsh.fr\\\/\",\"name\":\"TELEMMe - Temps, espaces, langages, Europe m\u00e9ridionale, M\u00e9diterran\u00e9e\",\"description\":\"\",\"publisher\":{\"@id\":\"https:\\\/\\\/telemme.mmsh.fr\\\/#organization\"},\"potentialAction\":[{\"@type\":\"SearchAction\",\"target\":{\"@type\":\"EntryPoint\",\"urlTemplate\":\"https:\\\/\\\/telemme.mmsh.fr\\\/?s={search_term_string}\"},\"query-input\":{\"@type\":\"PropertyValueSpecification\",\"valueRequired\":true,\"valueName\":\"search_term_string\"}}],\"inLanguage\":\"fr-FR\"},{\"@type\":\"Organization\",\"@id\":\"https:\\\/\\\/telemme.mmsh.fr\\\/#organization\",\"name\":\"TELEMMe\",\"url\":\"https:\\\/\\\/telemme.mmsh.fr\\\/\",\"logo\":{\"@type\":\"ImageObject\",\"inLanguage\":\"fr-FR\",\"@id\":\"https:\\\/\\\/telemme.mmsh.fr\\\/#\\\/schema\\\/logo\\\/image\\\/\",\"url\":\"https:\\\/\\\/telemme.mmsh.fr\\\/wp-content\\\/uploads\\\/2020\\\/03\\\/LogoTELEMMe-horizontal-fond-transparent.png\",\"contentUrl\":\"https:\\\/\\\/telemme.mmsh.fr\\\/wp-content\\\/uploads\\\/2020\\\/03\\\/LogoTELEMMe-horizontal-fond-transparent.png\",\"width\":1500,\"height\":437,\"caption\":\"TELEMMe\"},\"image\":{\"@id\":\"https:\\\/\\\/telemme.mmsh.fr\\\/#\\\/schema\\\/logo\\\/image\\\/\"}}]}<\/script>\n<!-- \/ Yoast SEO plugin. -->","yoast_head_json":{"title":"La Sainte-Baume : protection et valorisation d\u2019un haut lieu patrimonial - TELEMMe - Temps, espaces, langages, Europe m\u00e9ridionale, M\u00e9diterran\u00e9e","robots":{"index":"index","follow":"follow","max-snippet":"max-snippet:-1","max-image-preview":"max-image-preview:large","max-video-preview":"max-video-preview:-1"},"canonical":"https:\/\/telemme.mmsh.fr\/?tribe_events=11895","og_locale":"fr_FR","og_type":"article","og_title":"La Sainte-Baume : protection et valorisation d\u2019un haut lieu patrimonial - TELEMMe - Temps, espaces, langages, Europe m\u00e9ridionale, M\u00e9diterran\u00e9e","og_description":"JOURN\u00c9ES D\u2019\u00c9TUDES DE TERRAIN DU GHFF ET DE L\u2019ASSOCIATION FORET MEDITERRANEENNE \u00ab Le temps des territoires \u00bb en Sainte Baume (Var) Plan d\u2019Aups, Lundi 7 et mardi 8 novembre 2022&hellip;&nbsp;Lire la suite &raquo;La Sainte-Baume : protection et valorisation d\u2019un haut lieu patrimonial","og_url":"https:\/\/telemme.mmsh.fr\/?tribe_events=11895","og_site_name":"TELEMMe - Temps, espaces, langages, Europe m\u00e9ridionale, M\u00e9diterran\u00e9e","article_modified_time":"2022-10-18T16:04:36+00:00","og_image":[{"width":290,"height":215,"url":"https:\/\/telemme.mmsh.fr\/wp-content\/uploads\/2022\/10\/st-baume.jpg","type":"image\/jpeg"}],"twitter_card":"summary_large_image","twitter_misc":{"Dur\u00e9e de lecture estim\u00e9e":"4 minutes"},"schema":{"@context":"https:\/\/schema.org","@graph":[{"@type":"WebPage","@id":"https:\/\/telemme.mmsh.fr\/?tribe_events=11895","url":"https:\/\/telemme.mmsh.fr\/?tribe_events=11895","name":"La Sainte-Baume : protection et valorisation d\u2019un haut lieu patrimonial - TELEMMe - Temps, espaces, langages, Europe m\u00e9ridionale, M\u00e9diterran\u00e9e","isPartOf":{"@id":"https:\/\/telemme.mmsh.fr\/#website"},"primaryImageOfPage":{"@id":"https:\/\/telemme.mmsh.fr\/?tribe_events=11895#primaryimage"},"image":{"@id":"https:\/\/telemme.mmsh.fr\/?tribe_events=11895#primaryimage"},"thumbnailUrl":"https:\/\/telemme.mmsh.fr\/wp-content\/uploads\/2022\/10\/st-baume.jpg","datePublished":"2022-10-18T16:01:31+00:00","dateModified":"2022-10-18T16:04:36+00:00","breadcrumb":{"@id":"https:\/\/telemme.mmsh.fr\/?tribe_events=11895#breadcrumb"},"inLanguage":"fr-FR","potentialAction":[{"@type":"ReadAction","target":["https:\/\/telemme.mmsh.fr\/?tribe_events=11895"]}]},{"@type":"ImageObject","inLanguage":"fr-FR","@id":"https:\/\/telemme.mmsh.fr\/?tribe_events=11895#primaryimage","url":"https:\/\/telemme.mmsh.fr\/wp-content\/uploads\/2022\/10\/st-baume.jpg","contentUrl":"https:\/\/telemme.mmsh.fr\/wp-content\/uploads\/2022\/10\/st-baume.jpg","width":290,"height":215},{"@type":"BreadcrumbList","@id":"https:\/\/telemme.mmsh.fr\/?tribe_events=11895#breadcrumb","itemListElement":[{"@type":"ListItem","position":1,"name":"Accueil","item":"https:\/\/telemme.mmsh.fr\/"},{"@type":"ListItem","position":2,"name":"\u00c9v\u00e8nements","item":"https:\/\/telemme.mmsh.fr\/?post_type=tribe_events"},{"@type":"ListItem","position":3,"name":"Journ\u00e9e d'\u00e9tudes","item":"https:\/\/telemme.mmsh.fr\/?tribe_events_cat=journee-detudes"},{"@type":"ListItem","position":4,"name":"La Sainte-Baume : protection et valorisation d\u2019un haut lieu patrimonial"}]},{"@type":"WebSite","@id":"https:\/\/telemme.mmsh.fr\/#website","url":"https:\/\/telemme.mmsh.fr\/","name":"TELEMMe - Temps, espaces, langages, Europe m\u00e9ridionale, M\u00e9diterran\u00e9e","description":"","publisher":{"@id":"https:\/\/telemme.mmsh.fr\/#organization"},"potentialAction":[{"@type":"SearchAction","target":{"@type":"EntryPoint","urlTemplate":"https:\/\/telemme.mmsh.fr\/?s={search_term_string}"},"query-input":{"@type":"PropertyValueSpecification","valueRequired":true,"valueName":"search_term_string"}}],"inLanguage":"fr-FR"},{"@type":"Organization","@id":"https:\/\/telemme.mmsh.fr\/#organization","name":"TELEMMe","url":"https:\/\/telemme.mmsh.fr\/","logo":{"@type":"ImageObject","inLanguage":"fr-FR","@id":"https:\/\/telemme.mmsh.fr\/#\/schema\/logo\/image\/","url":"https:\/\/telemme.mmsh.fr\/wp-content\/uploads\/2020\/03\/LogoTELEMMe-horizontal-fond-transparent.png","contentUrl":"https:\/\/telemme.mmsh.fr\/wp-content\/uploads\/2020\/03\/LogoTELEMMe-horizontal-fond-transparent.png","width":1500,"height":437,"caption":"TELEMMe"},"image":{"@id":"https:\/\/telemme.mmsh.fr\/#\/schema\/logo\/image\/"}}]}},"_links":{"self":[{"href":"https:\/\/telemme.mmsh.fr\/index.php?rest_route=\/wp\/v2\/tribe_events\/11895","targetHints":{"allow":["GET"]}}],"collection":[{"href":"https:\/\/telemme.mmsh.fr\/index.php?rest_route=\/wp\/v2\/tribe_events"}],"about":[{"href":"https:\/\/telemme.mmsh.fr\/index.php?rest_route=\/wp\/v2\/types\/tribe_events"}],"author":[{"embeddable":true,"href":"https:\/\/telemme.mmsh.fr\/index.php?rest_route=\/wp\/v2\/users\/175"}],"version-history":[{"count":3,"href":"https:\/\/telemme.mmsh.fr\/index.php?rest_route=\/wp\/v2\/tribe_events\/11895\/revisions"}],"predecessor-version":[{"id":11899,"href":"https:\/\/telemme.mmsh.fr\/index.php?rest_route=\/wp\/v2\/tribe_events\/11895\/revisions\/11899"}],"wp:featuredmedia":[{"embeddable":true,"href":"https:\/\/telemme.mmsh.fr\/index.php?rest_route=\/wp\/v2\/media\/11894"}],"wp:attachment":[{"href":"https:\/\/telemme.mmsh.fr\/index.php?rest_route=%2Fwp%2Fv2%2Fmedia&parent=11895"}],"wp:term":[{"taxonomy":"post_tag","embeddable":true,"href":"https:\/\/telemme.mmsh.fr\/index.php?rest_route=%2Fwp%2Fv2%2Ftags&post=11895"},{"taxonomy":"tribe_events_cat","embeddable":true,"href":"https:\/\/telemme.mmsh.fr\/index.php?rest_route=%2Fwp%2Fv2%2Ftribe_events_cat&post=11895"}],"curies":[{"name":"wp","href":"https:\/\/api.w.org\/{rel}","templated":true}]}}