{"id":11873,"date":"2022-10-18T12:12:05","date_gmt":"2022-10-18T10:12:05","guid":{"rendered":"https:\/\/telemme.mmsh.fr\/?post_type=tribe_events&#038;p=11873"},"modified":"2022-10-18T16:29:46","modified_gmt":"2022-10-18T14:29:46","slug":"femmes-et-vieillissement-dans-lespace-mediterraneen-perspectives-socio-historiques","status":"publish","type":"tribe_events","link":"https:\/\/telemme.mmsh.fr\/?tribe_events=femmes-et-vieillissement-dans-lespace-mediterraneen-perspectives-socio-historiques","title":{"rendered":"Femmes et vieillissement dans l\u2019espace m\u00e9diterran\u00e9en. Perspectives socio-historiques"},"content":{"rendered":"<p>III RENCONTRE INTERNATIONALE<br \/>\nD\u00b4ENSEIGNANTES-CHERCHEUSES DE LA M\u00c9DITERRAN\u00c9E<br \/>\n\u00ab Femmes et vieillissement dans l\u2019espace m\u00e9diterran\u00e9en. Perspectives socio-historiques \u00bb<br \/>\nGrenade les 24 octobre 2022<br \/>\nFacult\u00e9 des relations du travail et des ressources humaines<br \/>\nUniversit\u00e9 de Grenade<\/p>\n<p>Les progr\u00e8s scientifiques et m\u00e9dicaux ont eu pour effet de retarder le processus de vieillissement des populations, produisant diverses mutations qui ont modifi\u00e9 les structures d\u00e9mographiques et se sont traduites par une hausse de l&rsquo;esp\u00e9rance de vie, ainsi qu\u00b4une baisse de la fertilit\u00e9. D\u00e9sormais, les populations, particuli\u00e8rement dans les pays occidentaux, vivent plus longtemps, le nombre de personnes \u00e2g\u00e9es dans la population totale augmentant rapidement. Enfin, il est important de relever le ph\u00e9nom\u00e8ne de f\u00e9minisation de la population des seniors.<\/p>\n<p>Quelques dates int\u00e9ressantes : 727 millions de personnes \u00e2g\u00e9es de 65 ans et plus ont \u00e9t\u00e9 recens\u00e9es dans le monde en 2020 (ONU, Division de la population mondiale 2020) ; les Nations Unies ont d\u00e9clar\u00e9 1999 Ann\u00e9e internationale des personnes \u00e2g\u00e9es ; la deuxi\u00e8me Assembl\u00e9e mondiale sur le vieillissement s&rsquo;est tenue \u00e0 Madrid en 2002, vingt ans apr\u00e8s celle de Vienne ; et le Plan d&rsquo;action international de Madrid sur le vieillissement a \u00e9t\u00e9 pr\u00e9sent\u00e9 en 2003 (ONU, 2003) et approuv\u00e9 \u00e0 l&rsquo;unanimit\u00e9 lors de l&rsquo;Assembl\u00e9e mondiale des Nations Unies, marquant ainsi un tournant.<\/p>\n<p>Les recherches actuelles sur le genre et le vieillissement montrent qu&rsquo;il existe de profondes variations dans les processus de vieillissements des femmes et des hommes au XXIe si\u00e8cle (Rennes, 2021). Ces variations se manifestent \u00e0 plusieurs niveaux : dans l&rsquo;\u00e9conomie ; les politiques publiques ; le droit \u00e0 la retraite ; le domaine sanitaire ; le domaine relationnel, affectif et sexuel ; et dans le domaine juridique et politique. De nos jours, ces aspects constituent les d\u00e9terminants des nombreuses discriminations envers les femmes qui sont en processus de vieillissement.<\/p>\n<p>L&rsquo;\u00e9tude des processus physiologiques chez les femmes, d\u00e9riv\u00e9s du vieillissement en relation avec l&rsquo;\u00e2ge et le sexe, est centr\u00e9e sur le ph\u00e9nom\u00e8ne de la m\u00e9nopause et du climat\u00e8re, r\u00e9v\u00e9lant diverses probl\u00e9matiques qui seront abord\u00e9es lors de ce colloque dans une perspective interdisciplinaire, croisant les \u00e9tudes en sciences humaines et sociales, juridiques, biologiques et m\u00e9dicales. Ainsi, dans les discours culturels et sociaux, deux cat\u00e9gories d&rsquo;\u00e2ge marquant le cours du vieillissement peuvent \u00eatre appr\u00e9ci\u00e9es : l&rsquo;\u00e2ge biologique, abord\u00e9 par les sciences biom\u00e9dicales, repr\u00e9sente l&rsquo;\u00e2ge physiologique et \u00e9tablit la relation entre l&rsquo;\u00e9tat corporel et le nombre d&rsquo;ann\u00e9es v\u00e9cues ; et l&rsquo;\u00e2ge l\u00e9gal qui d\u00e9coupe le cycle de vie en \u00e9tapes conventionnelles. L\u00b4&rsquo;organisation des cycles de vie, les usages sociaux de l&rsquo;\u00e2ge renvoient \u00e0 la dimension socio-sexu\u00e9e des rapports de force dans les soci\u00e9t\u00e9s modernes (XIX\u00e8-XX\u00e8me si\u00e8cles) et postmodernes du pourtour m\u00e9diterran\u00e9en (Vialle, 2014 ; Rennes, 2019).<\/p>\n<p>En ce sens, il ne faut pas oublier les processus discriminatoires de l&rsquo;\u00e2ge par rapport au genre, puisque les femmes sont encore largement condamn\u00e9es au retrait sexuel plus t\u00f4t que les hommes, cessant d&rsquo;\u00eatre un objet de d\u00e9sir (Butler, 1975; Rennes, 2021). De plus, la signification esth\u00e9tique de l&rsquo;apparence physique lors du vieillissement (les cheveux gris et les rides par exemple) est consid\u00e9r\u00e9e diff\u00e9remment\u00a0chez les hommes et les femmes, ce que Susan Sontag a d\u00e9j\u00e0 r\u00e9v\u00e9l\u00e9 dans le th\u00e8me du double standard de l&rsquo;\u00e2ge (Sontag, 1972).<\/p>\n<p>Ainsi, la modification des discours sociaux, culturels et m\u00e9dicaux, tel que le plaidoyer en faveur de l&rsquo;anti-\u00e2ge corporel et le nouveau paradigme du culte de la beaut\u00e9, repr\u00e9sentent les grands st\u00e9r\u00e9otypes qui pr\u00f4nent la chirurgie esth\u00e9tique et les traitements m\u00e9dicaux innovants. Les deux sujets tentent de r\u00e9cup\u00e9rer la valeur \u00e9rotique des femmes dans la mesure o\u00f9 elles perdent leur capacit\u00e9 de reproduction.<\/p>\n<p>D&rsquo;autre part, concernant le vieillissement des femmes, l&rsquo;espace m\u00e9diterran\u00e9en contient de multiples perceptions et d\u00e9terminants particuliers qui semblent repr\u00e9senter\u00a0ce processus comme un d\u00e9clin. Toutefois, la vieillesse suppose une construction sociale et culturelle qui acquiert des formes particuli\u00e8res dans chaque soci\u00e9t\u00e9 et pour chaque p\u00e9riode (Ramos, 2005). Ces fa\u00e7ons d&rsquo;\u00eatre et d&rsquo;agir, tant f\u00e9minines que masculines, \u00e9manent de valeurs sp\u00e9cifiques, de repr\u00e9sentations et de symboles qui renforcent la diff\u00e9rence sexuelle (Sosa, 2008). Comme on le sait, les rapports de genre montrent les diff\u00e9rentes positions de pouvoir et les cat\u00e9gories dans lesquelles les hommes et les femmes sont install\u00e9s dans la hi\u00e9rarchie sociale et, \u00e0 mesure que les individus avancent en \u00e2ge, le genre peut aussi changer au fil des trajectoires de vie et dans le temps.<\/p>\n<p>Ainsi, la relation entre l&rsquo;\u00e2ge et le genre met en \u00e9vidence de quel type est la participation des femmes et des hommes dans la hi\u00e9rarchie sociale, dans les relations de pouvoir et comment comprendre les privil\u00e8ges dont ils jouissent ou non et les diff\u00e9rentes fa\u00e7ons d\u00b4acc\u00e9der \u00e0 la protection sociale (Ginn et Arber, 1996). Par cons\u00e9quent, il est n\u00e9cessaire de revoir et d&rsquo;actualiser la cat\u00e9gorie des femmes vieillissantes par rapport \u00e0 leurs soci\u00e9t\u00e9s, leurs mythes et leurs valeurs, si diverses dans cet espace m\u00e9diterran\u00e9en riche et int\u00e9ressant, en raison de sa longue tradition de creuset de civilisations et de cultures, comme en t\u00e9moigne notre histoire.<\/p>\n<p>Ces nouvelles approches r\u00e9pondent \u00e0 la vision du parcours de vie des femmes et des discriminations subies tout au long des \u00e9tapes ant\u00e9rieures dans les soci\u00e9t\u00e9s des pays m\u00e9diterran\u00e9ens.<\/p>\n<p><a href=\"https:\/\/telemme.mmsh.fr\/?evenement=femmes-et-vieillissement-dans-lespace-mediterraneen-perspectives-socio-historiques\">Programme<\/a><\/p>\n","protected":false},"excerpt":{"rendered":"<p>III RENCONTRE INTERNATIONALE D\u00b4ENSEIGNANTES-CHERCHEUSES DE LA M\u00c9DITERRAN\u00c9E \u00ab Femmes et vieillissement dans l\u2019espace m\u00e9diterran\u00e9en. Perspectives socio-historiques \u00bb Grenade les 24 octobre 2022 Facult\u00e9 des relations du travail et des ressources&hellip;&nbsp;<a href=\"https:\/\/telemme.mmsh.fr\/?tribe_events=femmes-et-vieillissement-dans-lespace-mediterraneen-perspectives-socio-historiques\" rel=\"bookmark\">Lire la suite &raquo;<span class=\"screen-reader-text\">Femmes et vieillissement dans l\u2019espace m\u00e9diterran\u00e9en. Perspectives socio-historiques<\/span><\/a><\/p>\n","protected":false},"author":175,"featured_media":0,"template":"","meta":{"neve_meta_sidebar":"","neve_meta_container":"","neve_meta_enable_content_width":"","neve_meta_content_width":0,"neve_meta_title_alignment":"","neve_meta_author_avatar":"","neve_post_elements_order":"","neve_meta_disable_header":"","neve_meta_disable_footer":"","neve_meta_disable_title":"","_tribe_events_status":"","_tribe_events_status_reason":"","footnotes":""},"tags":[],"tribe_events_cat":[2063],"class_list":["post-11873","tribe_events","type-tribe_events","status-publish","hentry","tribe_events_cat-colloque","cat_colloque"],"yoast_head":"<!-- This site is optimized with the Yoast SEO plugin v27.4 - https:\/\/yoast.com\/product\/yoast-seo-wordpress\/ -->\n<title>Femmes et vieillissement dans l\u2019espace m\u00e9diterran\u00e9en. Perspectives socio-historiques - TELEMMe - Temps, espaces, langages, Europe m\u00e9ridionale, M\u00e9diterran\u00e9e<\/title>\n<meta name=\"description\" content=\"Femmes et vieillissement dans l\u2019espace m\u00e9diterran\u00e9en. Perspectives socio-historiques\" \/>\n<meta name=\"robots\" content=\"index, follow, max-snippet:-1, max-image-preview:large, max-video-preview:-1\" \/>\n<link rel=\"canonical\" href=\"https:\/\/telemme.mmsh.fr\/?tribe_events=femmes-et-vieillissement-dans-lespace-mediterraneen-perspectives-socio-historiques\" \/>\n<meta property=\"og:locale\" content=\"fr_FR\" \/>\n<meta property=\"og:type\" content=\"article\" \/>\n<meta property=\"og:title\" content=\"Femmes et vieillissement dans l\u2019espace m\u00e9diterran\u00e9en. Perspectives socio-historiques - TELEMMe - Temps, espaces, langages, Europe m\u00e9ridionale, M\u00e9diterran\u00e9e\" \/>\n<meta property=\"og:description\" content=\"Femmes et vieillissement dans l\u2019espace m\u00e9diterran\u00e9en. Perspectives socio-historiques\" \/>\n<meta property=\"og:url\" content=\"https:\/\/telemme.mmsh.fr\/?tribe_events=femmes-et-vieillissement-dans-lespace-mediterraneen-perspectives-socio-historiques\" \/>\n<meta property=\"og:site_name\" content=\"TELEMMe - Temps, espaces, langages, Europe m\u00e9ridionale, M\u00e9diterran\u00e9e\" \/>\n<meta property=\"article:modified_time\" content=\"2022-10-18T14:29:46+00:00\" \/>\n<meta name=\"twitter:card\" content=\"summary_large_image\" \/>\n<meta name=\"twitter:label1\" content=\"Dur\u00e9e de lecture estim\u00e9e\" \/>\n\t<meta name=\"twitter:data1\" content=\"5 minutes\" \/>\n<script type=\"application\/ld+json\" class=\"yoast-schema-graph\">{\"@context\":\"https:\\\/\\\/schema.org\",\"@graph\":[{\"@type\":\"WebPage\",\"@id\":\"https:\\\/\\\/telemme.mmsh.fr\\\/?tribe_events=femmes-et-vieillissement-dans-lespace-mediterraneen-perspectives-socio-historiques\",\"url\":\"https:\\\/\\\/telemme.mmsh.fr\\\/?tribe_events=femmes-et-vieillissement-dans-lespace-mediterraneen-perspectives-socio-historiques\",\"name\":\"Femmes et vieillissement dans l\u2019espace m\u00e9diterran\u00e9en. Perspectives socio-historiques - TELEMMe - Temps, espaces, langages, Europe m\u00e9ridionale, M\u00e9diterran\u00e9e\",\"isPartOf\":{\"@id\":\"https:\\\/\\\/telemme.mmsh.fr\\\/#website\"},\"datePublished\":\"2022-10-18T10:12:05+00:00\",\"dateModified\":\"2022-10-18T14:29:46+00:00\",\"description\":\"Femmes et vieillissement dans l\u2019espace m\u00e9diterran\u00e9en. Perspectives socio-historiques\",\"breadcrumb\":{\"@id\":\"https:\\\/\\\/telemme.mmsh.fr\\\/?tribe_events=femmes-et-vieillissement-dans-lespace-mediterraneen-perspectives-socio-historiques#breadcrumb\"},\"inLanguage\":\"fr-FR\",\"potentialAction\":[{\"@type\":\"ReadAction\",\"target\":[\"https:\\\/\\\/telemme.mmsh.fr\\\/?tribe_events=femmes-et-vieillissement-dans-lespace-mediterraneen-perspectives-socio-historiques\"]}]},{\"@type\":\"BreadcrumbList\",\"@id\":\"https:\\\/\\\/telemme.mmsh.fr\\\/?tribe_events=femmes-et-vieillissement-dans-lespace-mediterraneen-perspectives-socio-historiques#breadcrumb\",\"itemListElement\":[{\"@type\":\"ListItem\",\"position\":1,\"name\":\"Accueil\",\"item\":\"https:\\\/\\\/telemme.mmsh.fr\\\/\"},{\"@type\":\"ListItem\",\"position\":2,\"name\":\"\u00c9v\u00e8nements\",\"item\":\"https:\\\/\\\/telemme.mmsh.fr\\\/?post_type=tribe_events\"},{\"@type\":\"ListItem\",\"position\":3,\"name\":\"Colloque\",\"item\":\"https:\\\/\\\/telemme.mmsh.fr\\\/?tribe_events_cat=colloque\"},{\"@type\":\"ListItem\",\"position\":4,\"name\":\"Femmes et vieillissement dans l\u2019espace m\u00e9diterran\u00e9en. Perspectives socio-historiques\"}]},{\"@type\":\"WebSite\",\"@id\":\"https:\\\/\\\/telemme.mmsh.fr\\\/#website\",\"url\":\"https:\\\/\\\/telemme.mmsh.fr\\\/\",\"name\":\"TELEMMe - Temps, espaces, langages, Europe m\u00e9ridionale, M\u00e9diterran\u00e9e\",\"description\":\"\",\"publisher\":{\"@id\":\"https:\\\/\\\/telemme.mmsh.fr\\\/#organization\"},\"potentialAction\":[{\"@type\":\"SearchAction\",\"target\":{\"@type\":\"EntryPoint\",\"urlTemplate\":\"https:\\\/\\\/telemme.mmsh.fr\\\/?s={search_term_string}\"},\"query-input\":{\"@type\":\"PropertyValueSpecification\",\"valueRequired\":true,\"valueName\":\"search_term_string\"}}],\"inLanguage\":\"fr-FR\"},{\"@type\":\"Organization\",\"@id\":\"https:\\\/\\\/telemme.mmsh.fr\\\/#organization\",\"name\":\"TELEMMe\",\"url\":\"https:\\\/\\\/telemme.mmsh.fr\\\/\",\"logo\":{\"@type\":\"ImageObject\",\"inLanguage\":\"fr-FR\",\"@id\":\"https:\\\/\\\/telemme.mmsh.fr\\\/#\\\/schema\\\/logo\\\/image\\\/\",\"url\":\"https:\\\/\\\/telemme.mmsh.fr\\\/wp-content\\\/uploads\\\/2020\\\/03\\\/LogoTELEMMe-horizontal-fond-transparent.png\",\"contentUrl\":\"https:\\\/\\\/telemme.mmsh.fr\\\/wp-content\\\/uploads\\\/2020\\\/03\\\/LogoTELEMMe-horizontal-fond-transparent.png\",\"width\":1500,\"height\":437,\"caption\":\"TELEMMe\"},\"image\":{\"@id\":\"https:\\\/\\\/telemme.mmsh.fr\\\/#\\\/schema\\\/logo\\\/image\\\/\"}}]}<\/script>\n<!-- \/ Yoast SEO plugin. -->","yoast_head_json":{"title":"Femmes et vieillissement dans l\u2019espace m\u00e9diterran\u00e9en. Perspectives socio-historiques - TELEMMe - Temps, espaces, langages, Europe m\u00e9ridionale, M\u00e9diterran\u00e9e","description":"Femmes et vieillissement dans l\u2019espace m\u00e9diterran\u00e9en. Perspectives socio-historiques","robots":{"index":"index","follow":"follow","max-snippet":"max-snippet:-1","max-image-preview":"max-image-preview:large","max-video-preview":"max-video-preview:-1"},"canonical":"https:\/\/telemme.mmsh.fr\/?tribe_events=femmes-et-vieillissement-dans-lespace-mediterraneen-perspectives-socio-historiques","og_locale":"fr_FR","og_type":"article","og_title":"Femmes et vieillissement dans l\u2019espace m\u00e9diterran\u00e9en. Perspectives socio-historiques - TELEMMe - Temps, espaces, langages, Europe m\u00e9ridionale, M\u00e9diterran\u00e9e","og_description":"Femmes et vieillissement dans l\u2019espace m\u00e9diterran\u00e9en. Perspectives socio-historiques","og_url":"https:\/\/telemme.mmsh.fr\/?tribe_events=femmes-et-vieillissement-dans-lespace-mediterraneen-perspectives-socio-historiques","og_site_name":"TELEMMe - Temps, espaces, langages, Europe m\u00e9ridionale, M\u00e9diterran\u00e9e","article_modified_time":"2022-10-18T14:29:46+00:00","twitter_card":"summary_large_image","twitter_misc":{"Dur\u00e9e de lecture estim\u00e9e":"5 minutes"},"schema":{"@context":"https:\/\/schema.org","@graph":[{"@type":"WebPage","@id":"https:\/\/telemme.mmsh.fr\/?tribe_events=femmes-et-vieillissement-dans-lespace-mediterraneen-perspectives-socio-historiques","url":"https:\/\/telemme.mmsh.fr\/?tribe_events=femmes-et-vieillissement-dans-lespace-mediterraneen-perspectives-socio-historiques","name":"Femmes et vieillissement dans l\u2019espace m\u00e9diterran\u00e9en. Perspectives socio-historiques - TELEMMe - Temps, espaces, langages, Europe m\u00e9ridionale, M\u00e9diterran\u00e9e","isPartOf":{"@id":"https:\/\/telemme.mmsh.fr\/#website"},"datePublished":"2022-10-18T10:12:05+00:00","dateModified":"2022-10-18T14:29:46+00:00","description":"Femmes et vieillissement dans l\u2019espace m\u00e9diterran\u00e9en. Perspectives socio-historiques","breadcrumb":{"@id":"https:\/\/telemme.mmsh.fr\/?tribe_events=femmes-et-vieillissement-dans-lespace-mediterraneen-perspectives-socio-historiques#breadcrumb"},"inLanguage":"fr-FR","potentialAction":[{"@type":"ReadAction","target":["https:\/\/telemme.mmsh.fr\/?tribe_events=femmes-et-vieillissement-dans-lespace-mediterraneen-perspectives-socio-historiques"]}]},{"@type":"BreadcrumbList","@id":"https:\/\/telemme.mmsh.fr\/?tribe_events=femmes-et-vieillissement-dans-lespace-mediterraneen-perspectives-socio-historiques#breadcrumb","itemListElement":[{"@type":"ListItem","position":1,"name":"Accueil","item":"https:\/\/telemme.mmsh.fr\/"},{"@type":"ListItem","position":2,"name":"\u00c9v\u00e8nements","item":"https:\/\/telemme.mmsh.fr\/?post_type=tribe_events"},{"@type":"ListItem","position":3,"name":"Colloque","item":"https:\/\/telemme.mmsh.fr\/?tribe_events_cat=colloque"},{"@type":"ListItem","position":4,"name":"Femmes et vieillissement dans l\u2019espace m\u00e9diterran\u00e9en. Perspectives socio-historiques"}]},{"@type":"WebSite","@id":"https:\/\/telemme.mmsh.fr\/#website","url":"https:\/\/telemme.mmsh.fr\/","name":"TELEMMe - Temps, espaces, langages, Europe m\u00e9ridionale, M\u00e9diterran\u00e9e","description":"","publisher":{"@id":"https:\/\/telemme.mmsh.fr\/#organization"},"potentialAction":[{"@type":"SearchAction","target":{"@type":"EntryPoint","urlTemplate":"https:\/\/telemme.mmsh.fr\/?s={search_term_string}"},"query-input":{"@type":"PropertyValueSpecification","valueRequired":true,"valueName":"search_term_string"}}],"inLanguage":"fr-FR"},{"@type":"Organization","@id":"https:\/\/telemme.mmsh.fr\/#organization","name":"TELEMMe","url":"https:\/\/telemme.mmsh.fr\/","logo":{"@type":"ImageObject","inLanguage":"fr-FR","@id":"https:\/\/telemme.mmsh.fr\/#\/schema\/logo\/image\/","url":"https:\/\/telemme.mmsh.fr\/wp-content\/uploads\/2020\/03\/LogoTELEMMe-horizontal-fond-transparent.png","contentUrl":"https:\/\/telemme.mmsh.fr\/wp-content\/uploads\/2020\/03\/LogoTELEMMe-horizontal-fond-transparent.png","width":1500,"height":437,"caption":"TELEMMe"},"image":{"@id":"https:\/\/telemme.mmsh.fr\/#\/schema\/logo\/image\/"}}]}},"_links":{"self":[{"href":"https:\/\/telemme.mmsh.fr\/index.php?rest_route=\/wp\/v2\/tribe_events\/11873","targetHints":{"allow":["GET"]}}],"collection":[{"href":"https:\/\/telemme.mmsh.fr\/index.php?rest_route=\/wp\/v2\/tribe_events"}],"about":[{"href":"https:\/\/telemme.mmsh.fr\/index.php?rest_route=\/wp\/v2\/types\/tribe_events"}],"author":[{"embeddable":true,"href":"https:\/\/telemme.mmsh.fr\/index.php?rest_route=\/wp\/v2\/users\/175"}],"version-history":[{"count":3,"href":"https:\/\/telemme.mmsh.fr\/index.php?rest_route=\/wp\/v2\/tribe_events\/11873\/revisions"}],"predecessor-version":[{"id":11892,"href":"https:\/\/telemme.mmsh.fr\/index.php?rest_route=\/wp\/v2\/tribe_events\/11873\/revisions\/11892"}],"wp:attachment":[{"href":"https:\/\/telemme.mmsh.fr\/index.php?rest_route=%2Fwp%2Fv2%2Fmedia&parent=11873"}],"wp:term":[{"taxonomy":"post_tag","embeddable":true,"href":"https:\/\/telemme.mmsh.fr\/index.php?rest_route=%2Fwp%2Fv2%2Ftags&post=11873"},{"taxonomy":"tribe_events_cat","embeddable":true,"href":"https:\/\/telemme.mmsh.fr\/index.php?rest_route=%2Fwp%2Fv2%2Ftribe_events_cat&post=11873"}],"curies":[{"name":"wp","href":"https:\/\/api.w.org\/{rel}","templated":true}]}}