{"id":11811,"date":"2022-10-11T15:24:20","date_gmt":"2022-10-11T13:24:20","guid":{"rendered":"https:\/\/telemme.mmsh.fr\/?post_type=tribe_events&#038;p=11811"},"modified":"2022-10-14T13:42:22","modified_gmt":"2022-10-14T11:42:22","slug":"georges-duby-dans-la-pleiade-et-ses-archives","status":"publish","type":"tribe_events","link":"https:\/\/telemme.mmsh.fr\/?tribe_events=georges-duby-dans-la-pleiade-et-ses-archives","title":{"rendered":"Georges Duby dans la \u00ab Pl\u00e9iade \u00bb et ses archives"},"content":{"rendered":"<p>Georges Duby (1919-1996), historien m\u00e9di\u00e9viste, Aixois d\u2019adoption, membre de l\u2019\u00e9cole des\u00a0<em>Annales<\/em>, acad\u00e9micien et professeur au Coll\u00e8ge de France, laissa une empreinte durable et inspirante dans son champ et plus largement pour l\u2019\u00e9criture de l\u2019histoire. La parution de ses \u0153uvres choisies dans la prestigieuse Biblioth\u00e8que de la Pl\u00e9iade (fin 2019)\u00a0n\u2019eut pas le retentissement qu\u2019il aurait pu et d\u00fb avoir. Nous tenons le confinement mondial pour responsable.<\/p>\n<p>Cette table-ronde tente de faire justice \u00e0 cet \u00e9v\u00e9nement \u00e9ditorial en r\u00e9unissant trois figures en dialogue :<\/p>\n<p>Felipe Brandi,\u00a0sp\u00e9cialiste de la m\u00e9di\u00e9vistique fran\u00e7aise, qui a soigneusement \u00e9dit\u00e9 et annot\u00e9 le volume en question ;<\/p>\n<p>Laure Verdon, historienne m\u00e9di\u00e9viste,\u00a0<a href=\"http:\/\/journals.openedition.org\/rives\/4657\">connaisseuse des collections\u00a0Duby de la M\u00e9diath\u00e8que<\/a>\u00a0;<\/p>\n<p>et Jean-Christophe Peyssard,\u00a0le directeur de la M\u00e9diath\u00e8que de la MMSH, qui \u00e9voquera le fonds\u00a0Duby et les autres qui sont pertinents pour l\u2019histoire m\u00e9di\u00e9vale.<\/p>\n<p><u><a href=\"https:\/\/www.la-pleiade.fr\/Catalogue\/GALLIMARD\/Bibliotheque-de-la-Pleiade\/OEuvres104\">https:\/\/www.la-pleiade.fr\/Catalogue\/GALLIMARD\/Bibliotheque-de-la-Pleiade\/OEuvres104#<\/a><\/u><\/p>\n<p>Avec le soutien logistico-financier\u00a0de TELEMMe et MMSH<\/p>\n<p><a href=\"https:\/\/telemme.mmsh.fr\/?evenement=georges-duby-dans-la-pleiade-et-ses-archives\">Programme<\/a><\/p>\n<p>Un cocktail suivra la table-ronde apr\u00e8s 18h00 jusqu&rsquo;\u00e0 19h30 environ.<\/p>\n","protected":false},"excerpt":{"rendered":"<p>Georges Duby (1919-1996), historien m\u00e9di\u00e9viste, Aixois d\u2019adoption, membre de l\u2019\u00e9cole des\u00a0Annales, acad\u00e9micien et professeur au Coll\u00e8ge de France, laissa une empreinte durable et inspirante dans son champ et plus largement&hellip;&nbsp;<a href=\"https:\/\/telemme.mmsh.fr\/?tribe_events=georges-duby-dans-la-pleiade-et-ses-archives\" rel=\"bookmark\">Lire la suite &raquo;<span class=\"screen-reader-text\">Georges Duby dans la \u00ab Pl\u00e9iade \u00bb et ses archives<\/span><\/a><\/p>\n","protected":false},"author":175,"featured_media":11847,"template":"","meta":{"neve_meta_sidebar":"","neve_meta_container":"","neve_meta_enable_content_width":"","neve_meta_content_width":0,"neve_meta_title_alignment":"","neve_meta_author_avatar":"","neve_post_elements_order":"","neve_meta_disable_header":"","neve_meta_disable_footer":"","neve_meta_disable_title":"","_tribe_events_status":"","_tribe_events_status_reason":"","footnotes":""},"tags":[],"tribe_events_cat":[2402],"class_list":["post-11811","tribe_events","type-tribe_events","status-publish","has-post-thumbnail","hentry","tribe_events_cat-table-ronde","cat_table-ronde"],"yoast_head":"<!-- This site is optimized with the Yoast SEO plugin v27.4 - https:\/\/yoast.com\/product\/yoast-seo-wordpress\/ -->\n<title>Georges Duby dans la \u00ab Pl\u00e9iade \u00bb et ses archives - TELEMMe - Temps, espaces, langages, Europe m\u00e9ridionale, M\u00e9diterran\u00e9e<\/title>\n<meta name=\"description\" content=\"Georges Duby (1919-1996), historien m\u00e9di\u00e9viste, Aixois d\u2019adoption, membre de l\u2019\u00e9cole des\u00a0Annales, acad\u00e9micien et professeur au Coll\u00e8ge de France, laissa une empreinte durable et inspirante dans son champ et plus largement pour l\u2019\u00e9criture de l\u2019histoire. La parution de ses \u0153uvres choisies dans la prestigieuse Biblioth\u00e8que de la Pl\u00e9iade (fin 2019)\u00a0n\u2019eut pas le retentissement qu\u2019il aurait pu et d\u00fb avoir. Nous tenons le confinement mondial pour responsable.\" \/>\n<meta name=\"robots\" content=\"index, follow, max-snippet:-1, max-image-preview:large, max-video-preview:-1\" \/>\n<link rel=\"canonical\" href=\"https:\/\/telemme.mmsh.fr\/?tribe_events=georges-duby-dans-la-pleiade-et-ses-archives\" \/>\n<meta property=\"og:locale\" content=\"fr_FR\" \/>\n<meta property=\"og:type\" content=\"article\" \/>\n<meta property=\"og:title\" content=\"Georges Duby dans la \u00ab Pl\u00e9iade \u00bb et ses archives - TELEMMe - Temps, espaces, langages, Europe m\u00e9ridionale, M\u00e9diterran\u00e9e\" \/>\n<meta property=\"og:description\" content=\"Georges Duby (1919-1996), historien m\u00e9di\u00e9viste, Aixois d\u2019adoption, membre de l\u2019\u00e9cole des\u00a0Annales, acad\u00e9micien et professeur au Coll\u00e8ge de France, laissa une empreinte durable et inspirante dans son champ et plus largement pour l\u2019\u00e9criture de l\u2019histoire. La parution de ses \u0153uvres choisies dans la prestigieuse Biblioth\u00e8que de la Pl\u00e9iade (fin 2019)\u00a0n\u2019eut pas le retentissement qu\u2019il aurait pu et d\u00fb avoir. Nous tenons le confinement mondial pour responsable.\" \/>\n<meta property=\"og:url\" content=\"https:\/\/telemme.mmsh.fr\/?tribe_events=georges-duby-dans-la-pleiade-et-ses-archives\" \/>\n<meta property=\"og:site_name\" content=\"TELEMMe - Temps, espaces, langages, Europe m\u00e9ridionale, M\u00e9diterran\u00e9e\" \/>\n<meta property=\"article:modified_time\" content=\"2022-10-14T11:42:22+00:00\" \/>\n<meta property=\"og:image\" content=\"https:\/\/telemme.mmsh.fr\/wp-content\/uploads\/2022\/10\/DUBY-visuel-scaled.jpg\" \/>\n\t<meta property=\"og:image:width\" content=\"2560\" \/>\n\t<meta property=\"og:image:height\" content=\"2216\" \/>\n\t<meta property=\"og:image:type\" content=\"image\/jpeg\" \/>\n<meta name=\"twitter:card\" content=\"summary_large_image\" \/>\n<meta name=\"twitter:label1\" content=\"Dur\u00e9e de lecture estim\u00e9e\" \/>\n\t<meta name=\"twitter:data1\" content=\"1 minute\" \/>\n<script type=\"application\/ld+json\" class=\"yoast-schema-graph\">{\"@context\":\"https:\\\/\\\/schema.org\",\"@graph\":[{\"@type\":\"WebPage\",\"@id\":\"https:\\\/\\\/telemme.mmsh.fr\\\/?tribe_events=georges-duby-dans-la-pleiade-et-ses-archives\",\"url\":\"https:\\\/\\\/telemme.mmsh.fr\\\/?tribe_events=georges-duby-dans-la-pleiade-et-ses-archives\",\"name\":\"Georges Duby dans la \u00ab Pl\u00e9iade \u00bb et ses archives - TELEMMe - Temps, espaces, langages, Europe m\u00e9ridionale, M\u00e9diterran\u00e9e\",\"isPartOf\":{\"@id\":\"https:\\\/\\\/telemme.mmsh.fr\\\/#website\"},\"primaryImageOfPage\":{\"@id\":\"https:\\\/\\\/telemme.mmsh.fr\\\/?tribe_events=georges-duby-dans-la-pleiade-et-ses-archives#primaryimage\"},\"image\":{\"@id\":\"https:\\\/\\\/telemme.mmsh.fr\\\/?tribe_events=georges-duby-dans-la-pleiade-et-ses-archives#primaryimage\"},\"thumbnailUrl\":\"https:\\\/\\\/telemme.mmsh.fr\\\/wp-content\\\/uploads\\\/2022\\\/10\\\/DUBY-visuel-scaled.jpg\",\"datePublished\":\"2022-10-11T13:24:20+00:00\",\"dateModified\":\"2022-10-14T11:42:22+00:00\",\"description\":\"Georges Duby (1919-1996), historien m\u00e9di\u00e9viste, Aixois d\u2019adoption, membre de l\u2019\u00e9cole des\u00a0Annales, acad\u00e9micien et professeur au Coll\u00e8ge de France, laissa une empreinte durable et inspirante dans son champ et plus largement pour l\u2019\u00e9criture de l\u2019histoire. La parution de ses \u0153uvres choisies dans la prestigieuse Biblioth\u00e8que de la Pl\u00e9iade (fin 2019)\u00a0n\u2019eut pas le retentissement qu\u2019il aurait pu et d\u00fb avoir. Nous tenons le confinement mondial pour responsable.\",\"breadcrumb\":{\"@id\":\"https:\\\/\\\/telemme.mmsh.fr\\\/?tribe_events=georges-duby-dans-la-pleiade-et-ses-archives#breadcrumb\"},\"inLanguage\":\"fr-FR\",\"potentialAction\":[{\"@type\":\"ReadAction\",\"target\":[\"https:\\\/\\\/telemme.mmsh.fr\\\/?tribe_events=georges-duby-dans-la-pleiade-et-ses-archives\"]}]},{\"@type\":\"ImageObject\",\"inLanguage\":\"fr-FR\",\"@id\":\"https:\\\/\\\/telemme.mmsh.fr\\\/?tribe_events=georges-duby-dans-la-pleiade-et-ses-archives#primaryimage\",\"url\":\"https:\\\/\\\/telemme.mmsh.fr\\\/wp-content\\\/uploads\\\/2022\\\/10\\\/DUBY-visuel-scaled.jpg\",\"contentUrl\":\"https:\\\/\\\/telemme.mmsh.fr\\\/wp-content\\\/uploads\\\/2022\\\/10\\\/DUBY-visuel-scaled.jpg\",\"width\":2560,\"height\":2216},{\"@type\":\"BreadcrumbList\",\"@id\":\"https:\\\/\\\/telemme.mmsh.fr\\\/?tribe_events=georges-duby-dans-la-pleiade-et-ses-archives#breadcrumb\",\"itemListElement\":[{\"@type\":\"ListItem\",\"position\":1,\"name\":\"Accueil\",\"item\":\"https:\\\/\\\/telemme.mmsh.fr\\\/\"},{\"@type\":\"ListItem\",\"position\":2,\"name\":\"\u00c9v\u00e8nements\",\"item\":\"https:\\\/\\\/telemme.mmsh.fr\\\/?post_type=tribe_events\"},{\"@type\":\"ListItem\",\"position\":3,\"name\":\"Table ronde\",\"item\":\"https:\\\/\\\/telemme.mmsh.fr\\\/?tribe_events_cat=table-ronde\"},{\"@type\":\"ListItem\",\"position\":4,\"name\":\"Georges Duby dans la \u00ab Pl\u00e9iade \u00bb et ses archives\"}]},{\"@type\":\"WebSite\",\"@id\":\"https:\\\/\\\/telemme.mmsh.fr\\\/#website\",\"url\":\"https:\\\/\\\/telemme.mmsh.fr\\\/\",\"name\":\"TELEMMe - Temps, espaces, langages, Europe m\u00e9ridionale, M\u00e9diterran\u00e9e\",\"description\":\"\",\"publisher\":{\"@id\":\"https:\\\/\\\/telemme.mmsh.fr\\\/#organization\"},\"potentialAction\":[{\"@type\":\"SearchAction\",\"target\":{\"@type\":\"EntryPoint\",\"urlTemplate\":\"https:\\\/\\\/telemme.mmsh.fr\\\/?s={search_term_string}\"},\"query-input\":{\"@type\":\"PropertyValueSpecification\",\"valueRequired\":true,\"valueName\":\"search_term_string\"}}],\"inLanguage\":\"fr-FR\"},{\"@type\":\"Organization\",\"@id\":\"https:\\\/\\\/telemme.mmsh.fr\\\/#organization\",\"name\":\"TELEMMe\",\"url\":\"https:\\\/\\\/telemme.mmsh.fr\\\/\",\"logo\":{\"@type\":\"ImageObject\",\"inLanguage\":\"fr-FR\",\"@id\":\"https:\\\/\\\/telemme.mmsh.fr\\\/#\\\/schema\\\/logo\\\/image\\\/\",\"url\":\"https:\\\/\\\/telemme.mmsh.fr\\\/wp-content\\\/uploads\\\/2020\\\/03\\\/LogoTELEMMe-horizontal-fond-transparent.png\",\"contentUrl\":\"https:\\\/\\\/telemme.mmsh.fr\\\/wp-content\\\/uploads\\\/2020\\\/03\\\/LogoTELEMMe-horizontal-fond-transparent.png\",\"width\":1500,\"height\":437,\"caption\":\"TELEMMe\"},\"image\":{\"@id\":\"https:\\\/\\\/telemme.mmsh.fr\\\/#\\\/schema\\\/logo\\\/image\\\/\"}}]}<\/script>\n<!-- \/ Yoast SEO plugin. -->","yoast_head_json":{"title":"Georges Duby dans la \u00ab Pl\u00e9iade \u00bb et ses archives - TELEMMe - Temps, espaces, langages, Europe m\u00e9ridionale, M\u00e9diterran\u00e9e","description":"Georges Duby (1919-1996), historien m\u00e9di\u00e9viste, Aixois d\u2019adoption, membre de l\u2019\u00e9cole des\u00a0Annales, acad\u00e9micien et professeur au Coll\u00e8ge de France, laissa une empreinte durable et inspirante dans son champ et plus largement pour l\u2019\u00e9criture de l\u2019histoire. La parution de ses \u0153uvres choisies dans la prestigieuse Biblioth\u00e8que de la Pl\u00e9iade (fin 2019)\u00a0n\u2019eut pas le retentissement qu\u2019il aurait pu et d\u00fb avoir. Nous tenons le confinement mondial pour responsable.","robots":{"index":"index","follow":"follow","max-snippet":"max-snippet:-1","max-image-preview":"max-image-preview:large","max-video-preview":"max-video-preview:-1"},"canonical":"https:\/\/telemme.mmsh.fr\/?tribe_events=georges-duby-dans-la-pleiade-et-ses-archives","og_locale":"fr_FR","og_type":"article","og_title":"Georges Duby dans la \u00ab Pl\u00e9iade \u00bb et ses archives - TELEMMe - Temps, espaces, langages, Europe m\u00e9ridionale, M\u00e9diterran\u00e9e","og_description":"Georges Duby (1919-1996), historien m\u00e9di\u00e9viste, Aixois d\u2019adoption, membre de l\u2019\u00e9cole des\u00a0Annales, acad\u00e9micien et professeur au Coll\u00e8ge de France, laissa une empreinte durable et inspirante dans son champ et plus largement pour l\u2019\u00e9criture de l\u2019histoire. La parution de ses \u0153uvres choisies dans la prestigieuse Biblioth\u00e8que de la Pl\u00e9iade (fin 2019)\u00a0n\u2019eut pas le retentissement qu\u2019il aurait pu et d\u00fb avoir. Nous tenons le confinement mondial pour responsable.","og_url":"https:\/\/telemme.mmsh.fr\/?tribe_events=georges-duby-dans-la-pleiade-et-ses-archives","og_site_name":"TELEMMe - Temps, espaces, langages, Europe m\u00e9ridionale, M\u00e9diterran\u00e9e","article_modified_time":"2022-10-14T11:42:22+00:00","og_image":[{"width":2560,"height":2216,"url":"https:\/\/telemme.mmsh.fr\/wp-content\/uploads\/2022\/10\/DUBY-visuel-scaled.jpg","type":"image\/jpeg"}],"twitter_card":"summary_large_image","twitter_misc":{"Dur\u00e9e de lecture estim\u00e9e":"1 minute"},"schema":{"@context":"https:\/\/schema.org","@graph":[{"@type":"WebPage","@id":"https:\/\/telemme.mmsh.fr\/?tribe_events=georges-duby-dans-la-pleiade-et-ses-archives","url":"https:\/\/telemme.mmsh.fr\/?tribe_events=georges-duby-dans-la-pleiade-et-ses-archives","name":"Georges Duby dans la \u00ab Pl\u00e9iade \u00bb et ses archives - TELEMMe - Temps, espaces, langages, Europe m\u00e9ridionale, M\u00e9diterran\u00e9e","isPartOf":{"@id":"https:\/\/telemme.mmsh.fr\/#website"},"primaryImageOfPage":{"@id":"https:\/\/telemme.mmsh.fr\/?tribe_events=georges-duby-dans-la-pleiade-et-ses-archives#primaryimage"},"image":{"@id":"https:\/\/telemme.mmsh.fr\/?tribe_events=georges-duby-dans-la-pleiade-et-ses-archives#primaryimage"},"thumbnailUrl":"https:\/\/telemme.mmsh.fr\/wp-content\/uploads\/2022\/10\/DUBY-visuel-scaled.jpg","datePublished":"2022-10-11T13:24:20+00:00","dateModified":"2022-10-14T11:42:22+00:00","description":"Georges Duby (1919-1996), historien m\u00e9di\u00e9viste, Aixois d\u2019adoption, membre de l\u2019\u00e9cole des\u00a0Annales, acad\u00e9micien et professeur au Coll\u00e8ge de France, laissa une empreinte durable et inspirante dans son champ et plus largement pour l\u2019\u00e9criture de l\u2019histoire. La parution de ses \u0153uvres choisies dans la prestigieuse Biblioth\u00e8que de la Pl\u00e9iade (fin 2019)\u00a0n\u2019eut pas le retentissement qu\u2019il aurait pu et d\u00fb avoir. Nous tenons le confinement mondial pour responsable.","breadcrumb":{"@id":"https:\/\/telemme.mmsh.fr\/?tribe_events=georges-duby-dans-la-pleiade-et-ses-archives#breadcrumb"},"inLanguage":"fr-FR","potentialAction":[{"@type":"ReadAction","target":["https:\/\/telemme.mmsh.fr\/?tribe_events=georges-duby-dans-la-pleiade-et-ses-archives"]}]},{"@type":"ImageObject","inLanguage":"fr-FR","@id":"https:\/\/telemme.mmsh.fr\/?tribe_events=georges-duby-dans-la-pleiade-et-ses-archives#primaryimage","url":"https:\/\/telemme.mmsh.fr\/wp-content\/uploads\/2022\/10\/DUBY-visuel-scaled.jpg","contentUrl":"https:\/\/telemme.mmsh.fr\/wp-content\/uploads\/2022\/10\/DUBY-visuel-scaled.jpg","width":2560,"height":2216},{"@type":"BreadcrumbList","@id":"https:\/\/telemme.mmsh.fr\/?tribe_events=georges-duby-dans-la-pleiade-et-ses-archives#breadcrumb","itemListElement":[{"@type":"ListItem","position":1,"name":"Accueil","item":"https:\/\/telemme.mmsh.fr\/"},{"@type":"ListItem","position":2,"name":"\u00c9v\u00e8nements","item":"https:\/\/telemme.mmsh.fr\/?post_type=tribe_events"},{"@type":"ListItem","position":3,"name":"Table ronde","item":"https:\/\/telemme.mmsh.fr\/?tribe_events_cat=table-ronde"},{"@type":"ListItem","position":4,"name":"Georges Duby dans la \u00ab Pl\u00e9iade \u00bb et ses archives"}]},{"@type":"WebSite","@id":"https:\/\/telemme.mmsh.fr\/#website","url":"https:\/\/telemme.mmsh.fr\/","name":"TELEMMe - Temps, espaces, langages, Europe m\u00e9ridionale, M\u00e9diterran\u00e9e","description":"","publisher":{"@id":"https:\/\/telemme.mmsh.fr\/#organization"},"potentialAction":[{"@type":"SearchAction","target":{"@type":"EntryPoint","urlTemplate":"https:\/\/telemme.mmsh.fr\/?s={search_term_string}"},"query-input":{"@type":"PropertyValueSpecification","valueRequired":true,"valueName":"search_term_string"}}],"inLanguage":"fr-FR"},{"@type":"Organization","@id":"https:\/\/telemme.mmsh.fr\/#organization","name":"TELEMMe","url":"https:\/\/telemme.mmsh.fr\/","logo":{"@type":"ImageObject","inLanguage":"fr-FR","@id":"https:\/\/telemme.mmsh.fr\/#\/schema\/logo\/image\/","url":"https:\/\/telemme.mmsh.fr\/wp-content\/uploads\/2020\/03\/LogoTELEMMe-horizontal-fond-transparent.png","contentUrl":"https:\/\/telemme.mmsh.fr\/wp-content\/uploads\/2020\/03\/LogoTELEMMe-horizontal-fond-transparent.png","width":1500,"height":437,"caption":"TELEMMe"},"image":{"@id":"https:\/\/telemme.mmsh.fr\/#\/schema\/logo\/image\/"}}]}},"_links":{"self":[{"href":"https:\/\/telemme.mmsh.fr\/index.php?rest_route=\/wp\/v2\/tribe_events\/11811","targetHints":{"allow":["GET"]}}],"collection":[{"href":"https:\/\/telemme.mmsh.fr\/index.php?rest_route=\/wp\/v2\/tribe_events"}],"about":[{"href":"https:\/\/telemme.mmsh.fr\/index.php?rest_route=\/wp\/v2\/types\/tribe_events"}],"author":[{"embeddable":true,"href":"https:\/\/telemme.mmsh.fr\/index.php?rest_route=\/wp\/v2\/users\/175"}],"version-history":[{"count":3,"href":"https:\/\/telemme.mmsh.fr\/index.php?rest_route=\/wp\/v2\/tribe_events\/11811\/revisions"}],"predecessor-version":[{"id":11848,"href":"https:\/\/telemme.mmsh.fr\/index.php?rest_route=\/wp\/v2\/tribe_events\/11811\/revisions\/11848"}],"wp:featuredmedia":[{"embeddable":true,"href":"https:\/\/telemme.mmsh.fr\/index.php?rest_route=\/wp\/v2\/media\/11847"}],"wp:attachment":[{"href":"https:\/\/telemme.mmsh.fr\/index.php?rest_route=%2Fwp%2Fv2%2Fmedia&parent=11811"}],"wp:term":[{"taxonomy":"post_tag","embeddable":true,"href":"https:\/\/telemme.mmsh.fr\/index.php?rest_route=%2Fwp%2Fv2%2Ftags&post=11811"},{"taxonomy":"tribe_events_cat","embeddable":true,"href":"https:\/\/telemme.mmsh.fr\/index.php?rest_route=%2Fwp%2Fv2%2Ftribe_events_cat&post=11811"}],"curies":[{"name":"wp","href":"https:\/\/api.w.org\/{rel}","templated":true}]}}