{"id":11510,"date":"2022-09-09T11:42:27","date_gmt":"2022-09-09T09:42:27","guid":{"rendered":"https:\/\/telemme.mmsh.fr\/?post_type=tribe_events&#038;p=11510"},"modified":"2022-11-10T05:51:02","modified_gmt":"2022-11-10T04:51:02","slug":"seminaire-facons-detre-2","status":"publish","type":"tribe_events","link":"https:\/\/telemme.mmsh.fr\/?tribe_events=seminaire-facons-detre-2","title":{"rendered":"S\u00e9minaire Fa\u00e7ons d\u2019\u00eatre: Varia"},"content":{"rendered":"<p>Le s\u00e9minaire\u00a0sera consacr\u00e9 \u00e0 la pr\u00e9sentation de divers travaux en cours, men\u00e9s dans le cadre du groupe, entre histoire du corps et r\u00e9cit de soi (communication de Christine Orobitg) ou en marge de ses activit\u00e9s en lien avec le projet de recherche <em>Rivages<\/em> port\u00e9 par Anne Carol, soutenu par l<em>\u2019Institut Soci\u00e9t\u00e9s en Mutation en M\u00e9diterran\u00e9e<\/em>, consacr\u00e9 \u00e0 l\u2019\u00e9tude des perceptions du corps et aux usages ordinaires du rivage en M\u00e9diterran\u00e9e, de la fin du XVIII<sup>e<\/sup> si\u00e8cle aux ann\u00e9es 1930.\u00a0 La mer et ses rivages seront scrut\u00e9s \u00e0 partir du double regard de l\u2019historien et de l\u2019historien de l\u2019art pour en saisir les repr\u00e9sentations et les usages entre le second XVIII<sup>e<\/sup> si\u00e8cle et les ann\u00e9es 1880.<\/p>\n<p><a href=\"https:\/\/telemme.mmsh.fr\/?evenement=seminaire-du-groupe-facons-detre-varia\">Programme<\/a><\/p>\n","protected":false},"excerpt":{"rendered":"<p>Le s\u00e9minaire\u00a0sera consacr\u00e9 \u00e0 la pr\u00e9sentation de divers travaux en cours, men\u00e9s dans le cadre du groupe, entre histoire du corps et r\u00e9cit de soi (communication de Christine Orobitg) ou&hellip;&nbsp;<a href=\"https:\/\/telemme.mmsh.fr\/?tribe_events=seminaire-facons-detre-2\" rel=\"bookmark\">Lire la suite &raquo;<span class=\"screen-reader-text\">S\u00e9minaire Fa\u00e7ons d\u2019\u00eatre: Varia<\/span><\/a><\/p>\n","protected":false},"author":6,"featured_media":3657,"template":"","meta":{"neve_meta_sidebar":"","neve_meta_container":"","neve_meta_enable_content_width":"","neve_meta_content_width":0,"neve_meta_title_alignment":"","neve_meta_author_avatar":"","neve_post_elements_order":"","neve_meta_disable_header":"","neve_meta_disable_footer":"","neve_meta_disable_title":"","_tribe_events_status":"","_tribe_events_status_reason":"","footnotes":""},"tags":[1836],"tribe_events_cat":[1831],"class_list":["post-11510","tribe_events","type-tribe_events","status-publish","has-post-thumbnail","hentry","tag-1-3-facons-detre","tribe_events_cat-seminaire","cat_seminaire"],"yoast_head":"<!-- This site is optimized with the Yoast SEO plugin v27.4 - https:\/\/yoast.com\/product\/yoast-seo-wordpress\/ -->\n<title>S\u00e9minaire Fa\u00e7ons d\u2019\u00eatre: Varia - TELEMMe - Temps, espaces, langages, Europe m\u00e9ridionale, M\u00e9diterran\u00e9e<\/title>\n<meta name=\"robots\" content=\"index, follow, max-snippet:-1, max-image-preview:large, max-video-preview:-1\" \/>\n<link rel=\"canonical\" href=\"https:\/\/telemme.mmsh.fr\/?tribe_events=seminaire-facons-detre-2\" \/>\n<meta property=\"og:locale\" content=\"fr_FR\" \/>\n<meta property=\"og:type\" content=\"article\" \/>\n<meta property=\"og:title\" content=\"S\u00e9minaire Fa\u00e7ons d\u2019\u00eatre: Varia - TELEMMe - Temps, espaces, langages, Europe m\u00e9ridionale, M\u00e9diterran\u00e9e\" \/>\n<meta property=\"og:description\" content=\"Le s\u00e9minaire\u00a0sera consacr\u00e9 \u00e0 la pr\u00e9sentation de divers travaux en cours, men\u00e9s dans le cadre du groupe, entre histoire du corps et r\u00e9cit de soi (communication de Christine Orobitg) ou&hellip;&nbsp;Lire la suite &raquo;S\u00e9minaire Fa\u00e7ons d\u2019\u00eatre: Varia\" \/>\n<meta property=\"og:url\" content=\"https:\/\/telemme.mmsh.fr\/?tribe_events=seminaire-facons-detre-2\" \/>\n<meta property=\"og:site_name\" content=\"TELEMMe - Temps, espaces, langages, Europe m\u00e9ridionale, M\u00e9diterran\u00e9e\" \/>\n<meta property=\"article:modified_time\" content=\"2022-11-10T04:51:02+00:00\" \/>\n<meta property=\"og:image\" content=\"https:\/\/telemme.mmsh.fr\/wp-content\/uploads\/2021\/01\/Courbet-autoportait_light2.jpg\" \/>\n\t<meta property=\"og:image:width\" content=\"300\" \/>\n\t<meta property=\"og:image:height\" content=\"359\" \/>\n\t<meta property=\"og:image:type\" content=\"image\/jpeg\" \/>\n<meta name=\"twitter:card\" content=\"summary_large_image\" \/>\n<meta name=\"twitter:label1\" content=\"Dur\u00e9e de lecture estim\u00e9e\" \/>\n\t<meta name=\"twitter:data1\" content=\"1 minute\" \/>\n<script type=\"application\/ld+json\" class=\"yoast-schema-graph\">{\"@context\":\"https:\\\/\\\/schema.org\",\"@graph\":[{\"@type\":\"WebPage\",\"@id\":\"https:\\\/\\\/telemme.mmsh.fr\\\/?tribe_events=seminaire-facons-detre-2\",\"url\":\"https:\\\/\\\/telemme.mmsh.fr\\\/?tribe_events=seminaire-facons-detre-2\",\"name\":\"S\u00e9minaire Fa\u00e7ons d\u2019\u00eatre: Varia - TELEMMe - Temps, espaces, langages, Europe m\u00e9ridionale, M\u00e9diterran\u00e9e\",\"isPartOf\":{\"@id\":\"https:\\\/\\\/telemme.mmsh.fr\\\/#website\"},\"primaryImageOfPage\":{\"@id\":\"https:\\\/\\\/telemme.mmsh.fr\\\/?tribe_events=seminaire-facons-detre-2#primaryimage\"},\"image\":{\"@id\":\"https:\\\/\\\/telemme.mmsh.fr\\\/?tribe_events=seminaire-facons-detre-2#primaryimage\"},\"thumbnailUrl\":\"https:\\\/\\\/telemme.mmsh.fr\\\/wp-content\\\/uploads\\\/2021\\\/01\\\/Courbet-autoportait_light2.jpg\",\"datePublished\":\"2022-09-09T09:42:27+00:00\",\"dateModified\":\"2022-11-10T04:51:02+00:00\",\"breadcrumb\":{\"@id\":\"https:\\\/\\\/telemme.mmsh.fr\\\/?tribe_events=seminaire-facons-detre-2#breadcrumb\"},\"inLanguage\":\"fr-FR\",\"potentialAction\":[{\"@type\":\"ReadAction\",\"target\":[\"https:\\\/\\\/telemme.mmsh.fr\\\/?tribe_events=seminaire-facons-detre-2\"]}]},{\"@type\":\"ImageObject\",\"inLanguage\":\"fr-FR\",\"@id\":\"https:\\\/\\\/telemme.mmsh.fr\\\/?tribe_events=seminaire-facons-detre-2#primaryimage\",\"url\":\"https:\\\/\\\/telemme.mmsh.fr\\\/wp-content\\\/uploads\\\/2021\\\/01\\\/Courbet-autoportait_light2.jpg\",\"contentUrl\":\"https:\\\/\\\/telemme.mmsh.fr\\\/wp-content\\\/uploads\\\/2021\\\/01\\\/Courbet-autoportait_light2.jpg\",\"width\":300,\"height\":359,\"caption\":\"Gustave Courbet, Autoportrait, vers 1840, The Metropolitan Museum, Domaine public\"},{\"@type\":\"BreadcrumbList\",\"@id\":\"https:\\\/\\\/telemme.mmsh.fr\\\/?tribe_events=seminaire-facons-detre-2#breadcrumb\",\"itemListElement\":[{\"@type\":\"ListItem\",\"position\":1,\"name\":\"Accueil\",\"item\":\"https:\\\/\\\/telemme.mmsh.fr\\\/\"},{\"@type\":\"ListItem\",\"position\":2,\"name\":\"\u00c9v\u00e8nements\",\"item\":\"https:\\\/\\\/telemme.mmsh.fr\\\/?post_type=tribe_events\"},{\"@type\":\"ListItem\",\"position\":3,\"name\":\"S\u00e9minaire\",\"item\":\"https:\\\/\\\/telemme.mmsh.fr\\\/?tribe_events_cat=seminaire\"},{\"@type\":\"ListItem\",\"position\":4,\"name\":\"S\u00e9minaire Fa\u00e7ons d\u2019\u00eatre: Varia\"}]},{\"@type\":\"WebSite\",\"@id\":\"https:\\\/\\\/telemme.mmsh.fr\\\/#website\",\"url\":\"https:\\\/\\\/telemme.mmsh.fr\\\/\",\"name\":\"TELEMMe - Temps, espaces, langages, Europe m\u00e9ridionale, M\u00e9diterran\u00e9e\",\"description\":\"\",\"publisher\":{\"@id\":\"https:\\\/\\\/telemme.mmsh.fr\\\/#organization\"},\"potentialAction\":[{\"@type\":\"SearchAction\",\"target\":{\"@type\":\"EntryPoint\",\"urlTemplate\":\"https:\\\/\\\/telemme.mmsh.fr\\\/?s={search_term_string}\"},\"query-input\":{\"@type\":\"PropertyValueSpecification\",\"valueRequired\":true,\"valueName\":\"search_term_string\"}}],\"inLanguage\":\"fr-FR\"},{\"@type\":\"Organization\",\"@id\":\"https:\\\/\\\/telemme.mmsh.fr\\\/#organization\",\"name\":\"TELEMMe\",\"url\":\"https:\\\/\\\/telemme.mmsh.fr\\\/\",\"logo\":{\"@type\":\"ImageObject\",\"inLanguage\":\"fr-FR\",\"@id\":\"https:\\\/\\\/telemme.mmsh.fr\\\/#\\\/schema\\\/logo\\\/image\\\/\",\"url\":\"https:\\\/\\\/telemme.mmsh.fr\\\/wp-content\\\/uploads\\\/2020\\\/03\\\/LogoTELEMMe-horizontal-fond-transparent.png\",\"contentUrl\":\"https:\\\/\\\/telemme.mmsh.fr\\\/wp-content\\\/uploads\\\/2020\\\/03\\\/LogoTELEMMe-horizontal-fond-transparent.png\",\"width\":1500,\"height\":437,\"caption\":\"TELEMMe\"},\"image\":{\"@id\":\"https:\\\/\\\/telemme.mmsh.fr\\\/#\\\/schema\\\/logo\\\/image\\\/\"}}]}<\/script>\n<!-- \/ Yoast SEO plugin. -->","yoast_head_json":{"title":"S\u00e9minaire Fa\u00e7ons d\u2019\u00eatre: Varia - TELEMMe - Temps, espaces, langages, Europe m\u00e9ridionale, M\u00e9diterran\u00e9e","robots":{"index":"index","follow":"follow","max-snippet":"max-snippet:-1","max-image-preview":"max-image-preview:large","max-video-preview":"max-video-preview:-1"},"canonical":"https:\/\/telemme.mmsh.fr\/?tribe_events=seminaire-facons-detre-2","og_locale":"fr_FR","og_type":"article","og_title":"S\u00e9minaire Fa\u00e7ons d\u2019\u00eatre: Varia - TELEMMe - Temps, espaces, langages, Europe m\u00e9ridionale, M\u00e9diterran\u00e9e","og_description":"Le s\u00e9minaire\u00a0sera consacr\u00e9 \u00e0 la pr\u00e9sentation de divers travaux en cours, men\u00e9s dans le cadre du groupe, entre histoire du corps et r\u00e9cit de soi (communication de Christine Orobitg) ou&hellip;&nbsp;Lire la suite &raquo;S\u00e9minaire Fa\u00e7ons d\u2019\u00eatre: Varia","og_url":"https:\/\/telemme.mmsh.fr\/?tribe_events=seminaire-facons-detre-2","og_site_name":"TELEMMe - Temps, espaces, langages, Europe m\u00e9ridionale, M\u00e9diterran\u00e9e","article_modified_time":"2022-11-10T04:51:02+00:00","og_image":[{"width":300,"height":359,"url":"https:\/\/telemme.mmsh.fr\/wp-content\/uploads\/2021\/01\/Courbet-autoportait_light2.jpg","type":"image\/jpeg"}],"twitter_card":"summary_large_image","twitter_misc":{"Dur\u00e9e de lecture estim\u00e9e":"1 minute"},"schema":{"@context":"https:\/\/schema.org","@graph":[{"@type":"WebPage","@id":"https:\/\/telemme.mmsh.fr\/?tribe_events=seminaire-facons-detre-2","url":"https:\/\/telemme.mmsh.fr\/?tribe_events=seminaire-facons-detre-2","name":"S\u00e9minaire Fa\u00e7ons d\u2019\u00eatre: Varia - TELEMMe - Temps, espaces, langages, Europe m\u00e9ridionale, M\u00e9diterran\u00e9e","isPartOf":{"@id":"https:\/\/telemme.mmsh.fr\/#website"},"primaryImageOfPage":{"@id":"https:\/\/telemme.mmsh.fr\/?tribe_events=seminaire-facons-detre-2#primaryimage"},"image":{"@id":"https:\/\/telemme.mmsh.fr\/?tribe_events=seminaire-facons-detre-2#primaryimage"},"thumbnailUrl":"https:\/\/telemme.mmsh.fr\/wp-content\/uploads\/2021\/01\/Courbet-autoportait_light2.jpg","datePublished":"2022-09-09T09:42:27+00:00","dateModified":"2022-11-10T04:51:02+00:00","breadcrumb":{"@id":"https:\/\/telemme.mmsh.fr\/?tribe_events=seminaire-facons-detre-2#breadcrumb"},"inLanguage":"fr-FR","potentialAction":[{"@type":"ReadAction","target":["https:\/\/telemme.mmsh.fr\/?tribe_events=seminaire-facons-detre-2"]}]},{"@type":"ImageObject","inLanguage":"fr-FR","@id":"https:\/\/telemme.mmsh.fr\/?tribe_events=seminaire-facons-detre-2#primaryimage","url":"https:\/\/telemme.mmsh.fr\/wp-content\/uploads\/2021\/01\/Courbet-autoportait_light2.jpg","contentUrl":"https:\/\/telemme.mmsh.fr\/wp-content\/uploads\/2021\/01\/Courbet-autoportait_light2.jpg","width":300,"height":359,"caption":"Gustave Courbet, Autoportrait, vers 1840, The Metropolitan Museum, Domaine public"},{"@type":"BreadcrumbList","@id":"https:\/\/telemme.mmsh.fr\/?tribe_events=seminaire-facons-detre-2#breadcrumb","itemListElement":[{"@type":"ListItem","position":1,"name":"Accueil","item":"https:\/\/telemme.mmsh.fr\/"},{"@type":"ListItem","position":2,"name":"\u00c9v\u00e8nements","item":"https:\/\/telemme.mmsh.fr\/?post_type=tribe_events"},{"@type":"ListItem","position":3,"name":"S\u00e9minaire","item":"https:\/\/telemme.mmsh.fr\/?tribe_events_cat=seminaire"},{"@type":"ListItem","position":4,"name":"S\u00e9minaire Fa\u00e7ons d\u2019\u00eatre: Varia"}]},{"@type":"WebSite","@id":"https:\/\/telemme.mmsh.fr\/#website","url":"https:\/\/telemme.mmsh.fr\/","name":"TELEMMe - Temps, espaces, langages, Europe m\u00e9ridionale, M\u00e9diterran\u00e9e","description":"","publisher":{"@id":"https:\/\/telemme.mmsh.fr\/#organization"},"potentialAction":[{"@type":"SearchAction","target":{"@type":"EntryPoint","urlTemplate":"https:\/\/telemme.mmsh.fr\/?s={search_term_string}"},"query-input":{"@type":"PropertyValueSpecification","valueRequired":true,"valueName":"search_term_string"}}],"inLanguage":"fr-FR"},{"@type":"Organization","@id":"https:\/\/telemme.mmsh.fr\/#organization","name":"TELEMMe","url":"https:\/\/telemme.mmsh.fr\/","logo":{"@type":"ImageObject","inLanguage":"fr-FR","@id":"https:\/\/telemme.mmsh.fr\/#\/schema\/logo\/image\/","url":"https:\/\/telemme.mmsh.fr\/wp-content\/uploads\/2020\/03\/LogoTELEMMe-horizontal-fond-transparent.png","contentUrl":"https:\/\/telemme.mmsh.fr\/wp-content\/uploads\/2020\/03\/LogoTELEMMe-horizontal-fond-transparent.png","width":1500,"height":437,"caption":"TELEMMe"},"image":{"@id":"https:\/\/telemme.mmsh.fr\/#\/schema\/logo\/image\/"}}]}},"_links":{"self":[{"href":"https:\/\/telemme.mmsh.fr\/index.php?rest_route=\/wp\/v2\/tribe_events\/11510","targetHints":{"allow":["GET"]}}],"collection":[{"href":"https:\/\/telemme.mmsh.fr\/index.php?rest_route=\/wp\/v2\/tribe_events"}],"about":[{"href":"https:\/\/telemme.mmsh.fr\/index.php?rest_route=\/wp\/v2\/types\/tribe_events"}],"author":[{"embeddable":true,"href":"https:\/\/telemme.mmsh.fr\/index.php?rest_route=\/wp\/v2\/users\/6"}],"version-history":[{"count":3,"href":"https:\/\/telemme.mmsh.fr\/index.php?rest_route=\/wp\/v2\/tribe_events\/11510\/revisions"}],"predecessor-version":[{"id":11994,"href":"https:\/\/telemme.mmsh.fr\/index.php?rest_route=\/wp\/v2\/tribe_events\/11510\/revisions\/11994"}],"wp:featuredmedia":[{"embeddable":true,"href":"https:\/\/telemme.mmsh.fr\/index.php?rest_route=\/wp\/v2\/media\/3657"}],"wp:attachment":[{"href":"https:\/\/telemme.mmsh.fr\/index.php?rest_route=%2Fwp%2Fv2%2Fmedia&parent=11510"}],"wp:term":[{"taxonomy":"post_tag","embeddable":true,"href":"https:\/\/telemme.mmsh.fr\/index.php?rest_route=%2Fwp%2Fv2%2Ftags&post=11510"},{"taxonomy":"tribe_events_cat","embeddable":true,"href":"https:\/\/telemme.mmsh.fr\/index.php?rest_route=%2Fwp%2Fv2%2Ftribe_events_cat&post=11510"}],"curies":[{"name":"wp","href":"https:\/\/api.w.org\/{rel}","templated":true}]}}