{"id":11507,"date":"2022-09-09T11:39:41","date_gmt":"2022-09-09T09:39:41","guid":{"rendered":"https:\/\/telemme.mmsh.fr\/?post_type=tribe_events&#038;p=11507"},"modified":"2022-10-03T12:00:31","modified_gmt":"2022-10-03T10:00:31","slug":"seminaire-facons-detre","status":"publish","type":"tribe_events","link":"https:\/\/telemme.mmsh.fr\/?tribe_events=seminaire-facons-detre","title":{"rendered":"Corps noirs et m\u00e9decins blancs"},"content":{"rendered":"<p>La s\u00e9ance sera consacr\u00e9e \u00e0 l\u2019actualit\u00e9 \u00e9ditoriale et organis\u00e9e autour de l\u2019ouvrage de Delphine Peiretti-Courtis, Corps noirs et m\u00e9decins blancs. La fabrique du pr\u00e9jug\u00e9 racial, XIX-XXe si\u00e8cles paru en 2021. A la crois\u00e9e de l\u2019histoire du corps, de la m\u00e9decine et du genre, l\u2019ouvrage interroge la construction des th\u00e9ories raciales en lien avec le projet colonial. La s\u00e9ance sera anim\u00e9e par Francesca Arena, Ma\u00eetre assistante \u00e0 l\u2019iEH2, Institut \u00c9thique Histoire Humanit\u00e9s, Universit\u00e9 de Gen\u00e8ve.<\/p>\n<p><strong><a href=\"https:\/\/telemme.mmsh.fr\/?evenement=corps-noirs-et-medecins-blancs\">Programme complet<\/a><\/strong><\/p>\n","protected":false},"excerpt":{"rendered":"<p>La s\u00e9ance sera consacr\u00e9e \u00e0 l\u2019actualit\u00e9 \u00e9ditoriale et organis\u00e9e autour de l\u2019ouvrage de Delphine Peiretti-Courtis, Corps noirs et m\u00e9decins blancs. La fabrique du pr\u00e9jug\u00e9 racial, XIX-XXe si\u00e8cles paru en 2021. A la crois\u00e9e de l\u2019histoire du corps, de la m\u00e9decine et du genre, l\u2019ouvrage interroge la construction des th\u00e9ories raciales en lien avec le projet colonial. La s\u00e9ance sera anim\u00e9e par Francesca Arena, Ma\u00eetre assistante \u00e0 l\u2019iEH2, Institut \u00c9thique Histoire Humanit\u00e9s, Universit\u00e9 de Gen\u00e8ve.<\/p>\n","protected":false},"author":6,"featured_media":3657,"template":"","meta":{"neve_meta_sidebar":"","neve_meta_container":"","neve_meta_enable_content_width":"","neve_meta_content_width":0,"neve_meta_title_alignment":"","neve_meta_author_avatar":"","neve_post_elements_order":"","neve_meta_disable_header":"","neve_meta_disable_footer":"","neve_meta_disable_title":"","_tribe_events_status":"","_tribe_events_status_reason":"","footnotes":""},"tags":[1836],"tribe_events_cat":[1831],"class_list":["post-11507","tribe_events","type-tribe_events","status-publish","has-post-thumbnail","hentry","tag-1-3-facons-detre","tribe_events_cat-seminaire","cat_seminaire"],"yoast_head":"<!-- This site is optimized with the Yoast SEO plugin v27.4 - https:\/\/yoast.com\/product\/yoast-seo-wordpress\/ -->\n<title>Corps noirs et m\u00e9decins blancs - TELEMMe - Temps, espaces, langages, Europe m\u00e9ridionale, M\u00e9diterran\u00e9e<\/title>\n<meta name=\"description\" content=\"La s\u00e9ance sera consacr\u00e9e \u00e0 l\u2019actualit\u00e9 \u00e9ditoriale et organis\u00e9e autour de l\u2019ouvrage de Delphine Peiretti-Courtis, Corps noirs et m\u00e9decins blancs. La fabrique du pr\u00e9jug\u00e9 racial, XIX-XXe si\u00e8cles paru en 2021. A la crois\u00e9e de l\u2019histoire du corps, de la m\u00e9decine et du genre, l\u2019ouvrage interroge la construction des th\u00e9ories raciales en lien avec le projet colonial. La s\u00e9ance sera anim\u00e9e par Francesca Arena, Ma\u00eetre assistante \u00e0 l\u2019iEH2, Institut \u00c9thique Histoire Humanit\u00e9s, Universit\u00e9 de Gen\u00e8ve.\" \/>\n<meta name=\"robots\" content=\"index, follow, max-snippet:-1, max-image-preview:large, max-video-preview:-1\" \/>\n<link rel=\"canonical\" href=\"https:\/\/telemme.mmsh.fr\/?tribe_events=seminaire-facons-detre\" \/>\n<meta property=\"og:locale\" content=\"fr_FR\" \/>\n<meta property=\"og:type\" content=\"article\" \/>\n<meta property=\"og:title\" content=\"Corps noirs et m\u00e9decins blancs - TELEMMe - Temps, espaces, langages, Europe m\u00e9ridionale, M\u00e9diterran\u00e9e\" \/>\n<meta property=\"og:description\" content=\"La s\u00e9ance sera consacr\u00e9e \u00e0 l\u2019actualit\u00e9 \u00e9ditoriale et organis\u00e9e autour de l\u2019ouvrage de Delphine Peiretti-Courtis, Corps noirs et m\u00e9decins blancs. La fabrique du pr\u00e9jug\u00e9 racial, XIX-XXe si\u00e8cles paru en 2021. A la crois\u00e9e de l\u2019histoire du corps, de la m\u00e9decine et du genre, l\u2019ouvrage interroge la construction des th\u00e9ories raciales en lien avec le projet colonial. La s\u00e9ance sera anim\u00e9e par Francesca Arena, Ma\u00eetre assistante \u00e0 l\u2019iEH2, Institut \u00c9thique Histoire Humanit\u00e9s, Universit\u00e9 de Gen\u00e8ve.\" \/>\n<meta property=\"og:url\" content=\"https:\/\/telemme.mmsh.fr\/?tribe_events=seminaire-facons-detre\" \/>\n<meta property=\"og:site_name\" content=\"TELEMMe - Temps, espaces, langages, Europe m\u00e9ridionale, M\u00e9diterran\u00e9e\" \/>\n<meta property=\"article:modified_time\" content=\"2022-10-03T10:00:31+00:00\" \/>\n<meta property=\"og:image\" content=\"https:\/\/telemme.mmsh.fr\/wp-content\/uploads\/2021\/01\/Courbet-autoportait_light2.jpg\" \/>\n\t<meta property=\"og:image:width\" content=\"300\" \/>\n\t<meta property=\"og:image:height\" content=\"359\" \/>\n\t<meta property=\"og:image:type\" content=\"image\/jpeg\" \/>\n<meta name=\"twitter:card\" content=\"summary_large_image\" \/>\n<script type=\"application\/ld+json\" class=\"yoast-schema-graph\">{\"@context\":\"https:\\\/\\\/schema.org\",\"@graph\":[{\"@type\":\"WebPage\",\"@id\":\"https:\\\/\\\/telemme.mmsh.fr\\\/?tribe_events=seminaire-facons-detre\",\"url\":\"https:\\\/\\\/telemme.mmsh.fr\\\/?tribe_events=seminaire-facons-detre\",\"name\":\"Corps noirs et m\u00e9decins blancs - TELEMMe - Temps, espaces, langages, Europe m\u00e9ridionale, M\u00e9diterran\u00e9e\",\"isPartOf\":{\"@id\":\"https:\\\/\\\/telemme.mmsh.fr\\\/#website\"},\"primaryImageOfPage\":{\"@id\":\"https:\\\/\\\/telemme.mmsh.fr\\\/?tribe_events=seminaire-facons-detre#primaryimage\"},\"image\":{\"@id\":\"https:\\\/\\\/telemme.mmsh.fr\\\/?tribe_events=seminaire-facons-detre#primaryimage\"},\"thumbnailUrl\":\"https:\\\/\\\/telemme.mmsh.fr\\\/wp-content\\\/uploads\\\/2021\\\/01\\\/Courbet-autoportait_light2.jpg\",\"datePublished\":\"2022-09-09T09:39:41+00:00\",\"dateModified\":\"2022-10-03T10:00:31+00:00\",\"description\":\"La s\u00e9ance sera consacr\u00e9e \u00e0 l\u2019actualit\u00e9 \u00e9ditoriale et organis\u00e9e autour de l\u2019ouvrage de Delphine Peiretti-Courtis, Corps noirs et m\u00e9decins blancs. La fabrique du pr\u00e9jug\u00e9 racial, XIX-XXe si\u00e8cles paru en 2021. A la crois\u00e9e de l\u2019histoire du corps, de la m\u00e9decine et du genre, l\u2019ouvrage interroge la construction des th\u00e9ories raciales en lien avec le projet colonial. La s\u00e9ance sera anim\u00e9e par Francesca Arena, Ma\u00eetre assistante \u00e0 l\u2019iEH2, Institut \u00c9thique Histoire Humanit\u00e9s, Universit\u00e9 de Gen\u00e8ve.\",\"breadcrumb\":{\"@id\":\"https:\\\/\\\/telemme.mmsh.fr\\\/?tribe_events=seminaire-facons-detre#breadcrumb\"},\"inLanguage\":\"fr-FR\",\"potentialAction\":[{\"@type\":\"ReadAction\",\"target\":[\"https:\\\/\\\/telemme.mmsh.fr\\\/?tribe_events=seminaire-facons-detre\"]}]},{\"@type\":\"ImageObject\",\"inLanguage\":\"fr-FR\",\"@id\":\"https:\\\/\\\/telemme.mmsh.fr\\\/?tribe_events=seminaire-facons-detre#primaryimage\",\"url\":\"https:\\\/\\\/telemme.mmsh.fr\\\/wp-content\\\/uploads\\\/2021\\\/01\\\/Courbet-autoportait_light2.jpg\",\"contentUrl\":\"https:\\\/\\\/telemme.mmsh.fr\\\/wp-content\\\/uploads\\\/2021\\\/01\\\/Courbet-autoportait_light2.jpg\",\"width\":300,\"height\":359,\"caption\":\"Gustave Courbet, Autoportrait, vers 1840, The Metropolitan Museum, Domaine public\"},{\"@type\":\"BreadcrumbList\",\"@id\":\"https:\\\/\\\/telemme.mmsh.fr\\\/?tribe_events=seminaire-facons-detre#breadcrumb\",\"itemListElement\":[{\"@type\":\"ListItem\",\"position\":1,\"name\":\"Accueil\",\"item\":\"https:\\\/\\\/telemme.mmsh.fr\\\/\"},{\"@type\":\"ListItem\",\"position\":2,\"name\":\"\u00c9v\u00e8nements\",\"item\":\"https:\\\/\\\/telemme.mmsh.fr\\\/?post_type=tribe_events\"},{\"@type\":\"ListItem\",\"position\":3,\"name\":\"S\u00e9minaire\",\"item\":\"https:\\\/\\\/telemme.mmsh.fr\\\/?tribe_events_cat=seminaire\"},{\"@type\":\"ListItem\",\"position\":4,\"name\":\"Corps noirs et m\u00e9decins blancs\"}]},{\"@type\":\"WebSite\",\"@id\":\"https:\\\/\\\/telemme.mmsh.fr\\\/#website\",\"url\":\"https:\\\/\\\/telemme.mmsh.fr\\\/\",\"name\":\"TELEMMe - Temps, espaces, langages, Europe m\u00e9ridionale, M\u00e9diterran\u00e9e\",\"description\":\"\",\"publisher\":{\"@id\":\"https:\\\/\\\/telemme.mmsh.fr\\\/#organization\"},\"potentialAction\":[{\"@type\":\"SearchAction\",\"target\":{\"@type\":\"EntryPoint\",\"urlTemplate\":\"https:\\\/\\\/telemme.mmsh.fr\\\/?s={search_term_string}\"},\"query-input\":{\"@type\":\"PropertyValueSpecification\",\"valueRequired\":true,\"valueName\":\"search_term_string\"}}],\"inLanguage\":\"fr-FR\"},{\"@type\":\"Organization\",\"@id\":\"https:\\\/\\\/telemme.mmsh.fr\\\/#organization\",\"name\":\"TELEMMe\",\"url\":\"https:\\\/\\\/telemme.mmsh.fr\\\/\",\"logo\":{\"@type\":\"ImageObject\",\"inLanguage\":\"fr-FR\",\"@id\":\"https:\\\/\\\/telemme.mmsh.fr\\\/#\\\/schema\\\/logo\\\/image\\\/\",\"url\":\"https:\\\/\\\/telemme.mmsh.fr\\\/wp-content\\\/uploads\\\/2020\\\/03\\\/LogoTELEMMe-horizontal-fond-transparent.png\",\"contentUrl\":\"https:\\\/\\\/telemme.mmsh.fr\\\/wp-content\\\/uploads\\\/2020\\\/03\\\/LogoTELEMMe-horizontal-fond-transparent.png\",\"width\":1500,\"height\":437,\"caption\":\"TELEMMe\"},\"image\":{\"@id\":\"https:\\\/\\\/telemme.mmsh.fr\\\/#\\\/schema\\\/logo\\\/image\\\/\"}}]}<\/script>\n<!-- \/ Yoast SEO plugin. -->","yoast_head_json":{"title":"Corps noirs et m\u00e9decins blancs - TELEMMe - Temps, espaces, langages, Europe m\u00e9ridionale, M\u00e9diterran\u00e9e","description":"La s\u00e9ance sera consacr\u00e9e \u00e0 l\u2019actualit\u00e9 \u00e9ditoriale et organis\u00e9e autour de l\u2019ouvrage de Delphine Peiretti-Courtis, Corps noirs et m\u00e9decins blancs. La fabrique du pr\u00e9jug\u00e9 racial, XIX-XXe si\u00e8cles paru en 2021. A la crois\u00e9e de l\u2019histoire du corps, de la m\u00e9decine et du genre, l\u2019ouvrage interroge la construction des th\u00e9ories raciales en lien avec le projet colonial. La s\u00e9ance sera anim\u00e9e par Francesca Arena, Ma\u00eetre assistante \u00e0 l\u2019iEH2, Institut \u00c9thique Histoire Humanit\u00e9s, Universit\u00e9 de Gen\u00e8ve.","robots":{"index":"index","follow":"follow","max-snippet":"max-snippet:-1","max-image-preview":"max-image-preview:large","max-video-preview":"max-video-preview:-1"},"canonical":"https:\/\/telemme.mmsh.fr\/?tribe_events=seminaire-facons-detre","og_locale":"fr_FR","og_type":"article","og_title":"Corps noirs et m\u00e9decins blancs - TELEMMe - Temps, espaces, langages, Europe m\u00e9ridionale, M\u00e9diterran\u00e9e","og_description":"La s\u00e9ance sera consacr\u00e9e \u00e0 l\u2019actualit\u00e9 \u00e9ditoriale et organis\u00e9e autour de l\u2019ouvrage de Delphine Peiretti-Courtis, Corps noirs et m\u00e9decins blancs. La fabrique du pr\u00e9jug\u00e9 racial, XIX-XXe si\u00e8cles paru en 2021. A la crois\u00e9e de l\u2019histoire du corps, de la m\u00e9decine et du genre, l\u2019ouvrage interroge la construction des th\u00e9ories raciales en lien avec le projet colonial. La s\u00e9ance sera anim\u00e9e par Francesca Arena, Ma\u00eetre assistante \u00e0 l\u2019iEH2, Institut \u00c9thique Histoire Humanit\u00e9s, Universit\u00e9 de Gen\u00e8ve.","og_url":"https:\/\/telemme.mmsh.fr\/?tribe_events=seminaire-facons-detre","og_site_name":"TELEMMe - Temps, espaces, langages, Europe m\u00e9ridionale, M\u00e9diterran\u00e9e","article_modified_time":"2022-10-03T10:00:31+00:00","og_image":[{"width":300,"height":359,"url":"https:\/\/telemme.mmsh.fr\/wp-content\/uploads\/2021\/01\/Courbet-autoportait_light2.jpg","type":"image\/jpeg"}],"twitter_card":"summary_large_image","schema":{"@context":"https:\/\/schema.org","@graph":[{"@type":"WebPage","@id":"https:\/\/telemme.mmsh.fr\/?tribe_events=seminaire-facons-detre","url":"https:\/\/telemme.mmsh.fr\/?tribe_events=seminaire-facons-detre","name":"Corps noirs et m\u00e9decins blancs - TELEMMe - Temps, espaces, langages, Europe m\u00e9ridionale, M\u00e9diterran\u00e9e","isPartOf":{"@id":"https:\/\/telemme.mmsh.fr\/#website"},"primaryImageOfPage":{"@id":"https:\/\/telemme.mmsh.fr\/?tribe_events=seminaire-facons-detre#primaryimage"},"image":{"@id":"https:\/\/telemme.mmsh.fr\/?tribe_events=seminaire-facons-detre#primaryimage"},"thumbnailUrl":"https:\/\/telemme.mmsh.fr\/wp-content\/uploads\/2021\/01\/Courbet-autoportait_light2.jpg","datePublished":"2022-09-09T09:39:41+00:00","dateModified":"2022-10-03T10:00:31+00:00","description":"La s\u00e9ance sera consacr\u00e9e \u00e0 l\u2019actualit\u00e9 \u00e9ditoriale et organis\u00e9e autour de l\u2019ouvrage de Delphine Peiretti-Courtis, Corps noirs et m\u00e9decins blancs. La fabrique du pr\u00e9jug\u00e9 racial, XIX-XXe si\u00e8cles paru en 2021. A la crois\u00e9e de l\u2019histoire du corps, de la m\u00e9decine et du genre, l\u2019ouvrage interroge la construction des th\u00e9ories raciales en lien avec le projet colonial. La s\u00e9ance sera anim\u00e9e par Francesca Arena, Ma\u00eetre assistante \u00e0 l\u2019iEH2, Institut \u00c9thique Histoire Humanit\u00e9s, Universit\u00e9 de Gen\u00e8ve.","breadcrumb":{"@id":"https:\/\/telemme.mmsh.fr\/?tribe_events=seminaire-facons-detre#breadcrumb"},"inLanguage":"fr-FR","potentialAction":[{"@type":"ReadAction","target":["https:\/\/telemme.mmsh.fr\/?tribe_events=seminaire-facons-detre"]}]},{"@type":"ImageObject","inLanguage":"fr-FR","@id":"https:\/\/telemme.mmsh.fr\/?tribe_events=seminaire-facons-detre#primaryimage","url":"https:\/\/telemme.mmsh.fr\/wp-content\/uploads\/2021\/01\/Courbet-autoportait_light2.jpg","contentUrl":"https:\/\/telemme.mmsh.fr\/wp-content\/uploads\/2021\/01\/Courbet-autoportait_light2.jpg","width":300,"height":359,"caption":"Gustave Courbet, Autoportrait, vers 1840, The Metropolitan Museum, Domaine public"},{"@type":"BreadcrumbList","@id":"https:\/\/telemme.mmsh.fr\/?tribe_events=seminaire-facons-detre#breadcrumb","itemListElement":[{"@type":"ListItem","position":1,"name":"Accueil","item":"https:\/\/telemme.mmsh.fr\/"},{"@type":"ListItem","position":2,"name":"\u00c9v\u00e8nements","item":"https:\/\/telemme.mmsh.fr\/?post_type=tribe_events"},{"@type":"ListItem","position":3,"name":"S\u00e9minaire","item":"https:\/\/telemme.mmsh.fr\/?tribe_events_cat=seminaire"},{"@type":"ListItem","position":4,"name":"Corps noirs et m\u00e9decins blancs"}]},{"@type":"WebSite","@id":"https:\/\/telemme.mmsh.fr\/#website","url":"https:\/\/telemme.mmsh.fr\/","name":"TELEMMe - Temps, espaces, langages, Europe m\u00e9ridionale, M\u00e9diterran\u00e9e","description":"","publisher":{"@id":"https:\/\/telemme.mmsh.fr\/#organization"},"potentialAction":[{"@type":"SearchAction","target":{"@type":"EntryPoint","urlTemplate":"https:\/\/telemme.mmsh.fr\/?s={search_term_string}"},"query-input":{"@type":"PropertyValueSpecification","valueRequired":true,"valueName":"search_term_string"}}],"inLanguage":"fr-FR"},{"@type":"Organization","@id":"https:\/\/telemme.mmsh.fr\/#organization","name":"TELEMMe","url":"https:\/\/telemme.mmsh.fr\/","logo":{"@type":"ImageObject","inLanguage":"fr-FR","@id":"https:\/\/telemme.mmsh.fr\/#\/schema\/logo\/image\/","url":"https:\/\/telemme.mmsh.fr\/wp-content\/uploads\/2020\/03\/LogoTELEMMe-horizontal-fond-transparent.png","contentUrl":"https:\/\/telemme.mmsh.fr\/wp-content\/uploads\/2020\/03\/LogoTELEMMe-horizontal-fond-transparent.png","width":1500,"height":437,"caption":"TELEMMe"},"image":{"@id":"https:\/\/telemme.mmsh.fr\/#\/schema\/logo\/image\/"}}]}},"_links":{"self":[{"href":"https:\/\/telemme.mmsh.fr\/index.php?rest_route=\/wp\/v2\/tribe_events\/11507","targetHints":{"allow":["GET"]}}],"collection":[{"href":"https:\/\/telemme.mmsh.fr\/index.php?rest_route=\/wp\/v2\/tribe_events"}],"about":[{"href":"https:\/\/telemme.mmsh.fr\/index.php?rest_route=\/wp\/v2\/types\/tribe_events"}],"author":[{"embeddable":true,"href":"https:\/\/telemme.mmsh.fr\/index.php?rest_route=\/wp\/v2\/users\/6"}],"version-history":[{"count":7,"href":"https:\/\/telemme.mmsh.fr\/index.php?rest_route=\/wp\/v2\/tribe_events\/11507\/revisions"}],"predecessor-version":[{"id":11722,"href":"https:\/\/telemme.mmsh.fr\/index.php?rest_route=\/wp\/v2\/tribe_events\/11507\/revisions\/11722"}],"wp:featuredmedia":[{"embeddable":true,"href":"https:\/\/telemme.mmsh.fr\/index.php?rest_route=\/wp\/v2\/media\/3657"}],"wp:attachment":[{"href":"https:\/\/telemme.mmsh.fr\/index.php?rest_route=%2Fwp%2Fv2%2Fmedia&parent=11507"}],"wp:term":[{"taxonomy":"post_tag","embeddable":true,"href":"https:\/\/telemme.mmsh.fr\/index.php?rest_route=%2Fwp%2Fv2%2Ftags&post=11507"},{"taxonomy":"tribe_events_cat","embeddable":true,"href":"https:\/\/telemme.mmsh.fr\/index.php?rest_route=%2Fwp%2Fv2%2Ftribe_events_cat&post=11507"}],"curies":[{"name":"wp","href":"https:\/\/api.w.org\/{rel}","templated":true}]}}