{"id":11350,"date":"2022-07-19T17:20:40","date_gmt":"2022-07-19T15:20:40","guid":{"rendered":"https:\/\/telemme.mmsh.fr\/?post_type=tribe_events&#038;p=11350"},"modified":"2022-07-20T11:51:47","modified_gmt":"2022-07-20T09:51:47","slug":"une-autre-maniere-de-fabriquer-la-ville-2-approches-pluridisciplinaires","status":"publish","type":"tribe_events","link":"https:\/\/telemme.mmsh.fr\/?tribe_events=une-autre-maniere-de-fabriquer-la-ville-2-approches-pluridisciplinaires","title":{"rendered":"Une autre mani\u00e8re de fabriquer la ville #2 : approches pluridisciplinaires"},"content":{"rendered":"<p>Depuis vingt ans, l\u2019encha\u00eenement des crises sociales, \u00e9conomiques, identitaires, technologiques, environnementales et aujourd\u2019hui sanitaires et g\u00e9opolitiques, transforme profond\u00e9ment la mani\u00e8re de fabriquer et de produire de la ville. Les limites de la m\u00e9tropolisation, des gouvernances locales et du n\u00e9olib\u00e9ralisme urbain imposent en ce sens de trouver des alternatives effectives et efficaces. Ces perspectives alternatives se retrouvent dans de nouvelles mani\u00e8res d\u2019appr\u00e9hender les fonctions m\u00e9tropolitaines classiques que sont les transports, le logement, le gouvernement ou encore l\u2019environnement. Dans le m\u00eame temps l\u2019\u00e9mergence et l\u2019affirmation des \u00e9conomies sociales et solidaires comme de l\u2019\u00e9conomie circulaire constituent de nouveaux enjeux pour le d\u00e9veloppement et l\u2019am\u00e9nagement de nos villes. Cette journ\u00e9e d\u2019\u00e9tude abordera toutes ces perspectives du point de vue de la pluridisciplinarit\u00e9 et dans une perspective op\u00e9rationnelle.<\/p>\n<p><a href=\"https:\/\/telemme.mmsh.fr\/?evenement=une-autre-maniere-de-fabriquer-la-ville-2-approches-pluridisciplinaires\"><strong>Programme complet<\/strong><\/a><\/p>\n","protected":false},"excerpt":{"rendered":"<p>Depuis vingt ans, l\u2019encha\u00eenement des crises sociales, \u00e9conomiques, identitaires, technologiques, environnementales et aujourd\u2019hui sanitaires et g\u00e9opolitiques, transforme profond\u00e9ment la mani\u00e8re de fabriquer et de produire de la ville. Les limites&hellip;&nbsp;<a href=\"https:\/\/telemme.mmsh.fr\/?tribe_events=une-autre-maniere-de-fabriquer-la-ville-2-approches-pluridisciplinaires\" rel=\"bookmark\">Lire la suite &raquo;<span class=\"screen-reader-text\">Une autre mani\u00e8re de fabriquer la ville #2 : approches pluridisciplinaires<\/span><\/a><\/p>\n","protected":false},"author":6,"featured_media":11352,"template":"","meta":{"neve_meta_sidebar":"","neve_meta_container":"","neve_meta_enable_content_width":"","neve_meta_content_width":0,"neve_meta_title_alignment":"","neve_meta_author_avatar":"","neve_post_elements_order":"","neve_meta_disable_header":"","neve_meta_disable_footer":"","neve_meta_disable_title":"","_tribe_events_status":"","_tribe_events_status_reason":"","footnotes":""},"tags":[],"tribe_events_cat":[1823],"class_list":["post-11350","tribe_events","type-tribe_events","status-publish","has-post-thumbnail","hentry","tribe_events_cat-journee-detudes","cat_journee-detudes"],"yoast_head":"<!-- This site is optimized with the Yoast SEO plugin v27.4 - https:\/\/yoast.com\/product\/yoast-seo-wordpress\/ -->\n<title>Une autre mani\u00e8re de fabriquer la ville #2 : approches pluridisciplinaires - TELEMMe - Temps, espaces, langages, Europe m\u00e9ridionale, M\u00e9diterran\u00e9e<\/title>\n<meta name=\"description\" content=\"Depuis vingt ans, l\u2019encha\u00eenement des crises sociales, \u00e9conomiques, identitaires, technologiques, environnementales et aujourd\u2019hui sanitaires et g\u00e9opolitiques, transforme profond\u00e9ment la mani\u00e8re de fabriquer et de produire de la ville. Les limites de la m\u00e9tropolisation, des gouvernances locales et du n\u00e9olib\u00e9ralisme urbain imposent en ce sens de trouver des alternatives effectives et efficaces. Ces perspectives alternatives se retrouvent dans de nouvelles mani\u00e8res d\u2019appr\u00e9hender les fonctions m\u00e9tropolitaines classiques que sont les transports, le logement, le gouvernement ou encore l\u2019environnement. Dans le m\u00eame temps l\u2019\u00e9mergence et l\u2019affirmation des \u00e9conomies sociales et solidaires comme de l\u2019\u00e9conomie circulaire constituent de nouveaux enjeux pour le d\u00e9veloppement et l\u2019am\u00e9nagement de nos villes. Cette journ\u00e9e d\u2019\u00e9tude abordera toutes ces perspectives du point de vue de la pluridisciplinarit\u00e9 et dans une perspective op\u00e9rationnelle.\" \/>\n<meta name=\"robots\" content=\"index, follow, max-snippet:-1, max-image-preview:large, max-video-preview:-1\" \/>\n<link rel=\"canonical\" href=\"https:\/\/telemme.mmsh.fr\/?tribe_events=une-autre-maniere-de-fabriquer-la-ville-2-approches-pluridisciplinaires\" \/>\n<meta property=\"og:locale\" content=\"fr_FR\" \/>\n<meta property=\"og:type\" content=\"article\" \/>\n<meta property=\"og:title\" content=\"Une autre mani\u00e8re de fabriquer la ville #2 : approches pluridisciplinaires - TELEMMe - Temps, espaces, langages, Europe m\u00e9ridionale, M\u00e9diterran\u00e9e\" \/>\n<meta property=\"og:description\" content=\"Depuis vingt ans, l\u2019encha\u00eenement des crises sociales, \u00e9conomiques, identitaires, technologiques, environnementales et aujourd\u2019hui sanitaires et g\u00e9opolitiques, transforme profond\u00e9ment la mani\u00e8re de fabriquer et de produire de la ville. Les limites de la m\u00e9tropolisation, des gouvernances locales et du n\u00e9olib\u00e9ralisme urbain imposent en ce sens de trouver des alternatives effectives et efficaces. Ces perspectives alternatives se retrouvent dans de nouvelles mani\u00e8res d\u2019appr\u00e9hender les fonctions m\u00e9tropolitaines classiques que sont les transports, le logement, le gouvernement ou encore l\u2019environnement. Dans le m\u00eame temps l\u2019\u00e9mergence et l\u2019affirmation des \u00e9conomies sociales et solidaires comme de l\u2019\u00e9conomie circulaire constituent de nouveaux enjeux pour le d\u00e9veloppement et l\u2019am\u00e9nagement de nos villes. Cette journ\u00e9e d\u2019\u00e9tude abordera toutes ces perspectives du point de vue de la pluridisciplinarit\u00e9 et dans une perspective op\u00e9rationnelle.\" \/>\n<meta property=\"og:url\" content=\"https:\/\/telemme.mmsh.fr\/?tribe_events=une-autre-maniere-de-fabriquer-la-ville-2-approches-pluridisciplinaires\" \/>\n<meta property=\"og:site_name\" content=\"TELEMMe - Temps, espaces, langages, Europe m\u00e9ridionale, M\u00e9diterran\u00e9e\" \/>\n<meta property=\"article:modified_time\" content=\"2022-07-20T09:51:47+00:00\" \/>\n<meta property=\"og:image\" content=\"https:\/\/telemme.mmsh.fr\/wp-content\/uploads\/2022\/07\/IMG_0942.jpg\" \/>\n\t<meta property=\"og:image:width\" content=\"500\" \/>\n\t<meta property=\"og:image:height\" content=\"667\" \/>\n\t<meta property=\"og:image:type\" content=\"image\/jpeg\" \/>\n<meta name=\"twitter:card\" content=\"summary_large_image\" \/>\n<meta name=\"twitter:label1\" content=\"Dur\u00e9e de lecture estim\u00e9e\" \/>\n\t<meta name=\"twitter:data1\" content=\"1 minute\" \/>\n<script type=\"application\/ld+json\" class=\"yoast-schema-graph\">{\"@context\":\"https:\\\/\\\/schema.org\",\"@graph\":[{\"@type\":\"WebPage\",\"@id\":\"https:\\\/\\\/telemme.mmsh.fr\\\/?tribe_events=une-autre-maniere-de-fabriquer-la-ville-2-approches-pluridisciplinaires\",\"url\":\"https:\\\/\\\/telemme.mmsh.fr\\\/?tribe_events=une-autre-maniere-de-fabriquer-la-ville-2-approches-pluridisciplinaires\",\"name\":\"Une autre mani\u00e8re de fabriquer la ville #2 : approches pluridisciplinaires - TELEMMe - Temps, espaces, langages, Europe m\u00e9ridionale, M\u00e9diterran\u00e9e\",\"isPartOf\":{\"@id\":\"https:\\\/\\\/telemme.mmsh.fr\\\/#website\"},\"primaryImageOfPage\":{\"@id\":\"https:\\\/\\\/telemme.mmsh.fr\\\/?tribe_events=une-autre-maniere-de-fabriquer-la-ville-2-approches-pluridisciplinaires#primaryimage\"},\"image\":{\"@id\":\"https:\\\/\\\/telemme.mmsh.fr\\\/?tribe_events=une-autre-maniere-de-fabriquer-la-ville-2-approches-pluridisciplinaires#primaryimage\"},\"thumbnailUrl\":\"https:\\\/\\\/telemme.mmsh.fr\\\/wp-content\\\/uploads\\\/2022\\\/07\\\/IMG_0942.jpg\",\"datePublished\":\"2022-07-19T15:20:40+00:00\",\"dateModified\":\"2022-07-20T09:51:47+00:00\",\"description\":\"Depuis vingt ans, l\u2019encha\u00eenement des crises sociales, \u00e9conomiques, identitaires, technologiques, environnementales et aujourd\u2019hui sanitaires et g\u00e9opolitiques, transforme profond\u00e9ment la mani\u00e8re de fabriquer et de produire de la ville. Les limites de la m\u00e9tropolisation, des gouvernances locales et du n\u00e9olib\u00e9ralisme urbain imposent en ce sens de trouver des alternatives effectives et efficaces. Ces perspectives alternatives se retrouvent dans de nouvelles mani\u00e8res d\u2019appr\u00e9hender les fonctions m\u00e9tropolitaines classiques que sont les transports, le logement, le gouvernement ou encore l\u2019environnement. Dans le m\u00eame temps l\u2019\u00e9mergence et l\u2019affirmation des \u00e9conomies sociales et solidaires comme de l\u2019\u00e9conomie circulaire constituent de nouveaux enjeux pour le d\u00e9veloppement et l\u2019am\u00e9nagement de nos villes. Cette journ\u00e9e d\u2019\u00e9tude abordera toutes ces perspectives du point de vue de la pluridisciplinarit\u00e9 et dans une perspective op\u00e9rationnelle.\",\"breadcrumb\":{\"@id\":\"https:\\\/\\\/telemme.mmsh.fr\\\/?tribe_events=une-autre-maniere-de-fabriquer-la-ville-2-approches-pluridisciplinaires#breadcrumb\"},\"inLanguage\":\"fr-FR\",\"potentialAction\":[{\"@type\":\"ReadAction\",\"target\":[\"https:\\\/\\\/telemme.mmsh.fr\\\/?tribe_events=une-autre-maniere-de-fabriquer-la-ville-2-approches-pluridisciplinaires\"]}]},{\"@type\":\"ImageObject\",\"inLanguage\":\"fr-FR\",\"@id\":\"https:\\\/\\\/telemme.mmsh.fr\\\/?tribe_events=une-autre-maniere-de-fabriquer-la-ville-2-approches-pluridisciplinaires#primaryimage\",\"url\":\"https:\\\/\\\/telemme.mmsh.fr\\\/wp-content\\\/uploads\\\/2022\\\/07\\\/IMG_0942.jpg\",\"contentUrl\":\"https:\\\/\\\/telemme.mmsh.fr\\\/wp-content\\\/uploads\\\/2022\\\/07\\\/IMG_0942.jpg\",\"width\":500,\"height\":667,\"caption\":\"Barcelone : Torre Agbhar, bidonville, la Sagrada familia\"},{\"@type\":\"BreadcrumbList\",\"@id\":\"https:\\\/\\\/telemme.mmsh.fr\\\/?tribe_events=une-autre-maniere-de-fabriquer-la-ville-2-approches-pluridisciplinaires#breadcrumb\",\"itemListElement\":[{\"@type\":\"ListItem\",\"position\":1,\"name\":\"Accueil\",\"item\":\"https:\\\/\\\/telemme.mmsh.fr\\\/\"},{\"@type\":\"ListItem\",\"position\":2,\"name\":\"\u00c9v\u00e8nements\",\"item\":\"https:\\\/\\\/telemme.mmsh.fr\\\/?post_type=tribe_events\"},{\"@type\":\"ListItem\",\"position\":3,\"name\":\"Journ\u00e9e d'\u00e9tudes\",\"item\":\"https:\\\/\\\/telemme.mmsh.fr\\\/?tribe_events_cat=journee-detudes\"},{\"@type\":\"ListItem\",\"position\":4,\"name\":\"Une autre mani\u00e8re de fabriquer la ville #2 : approches pluridisciplinaires\"}]},{\"@type\":\"WebSite\",\"@id\":\"https:\\\/\\\/telemme.mmsh.fr\\\/#website\",\"url\":\"https:\\\/\\\/telemme.mmsh.fr\\\/\",\"name\":\"TELEMMe - Temps, espaces, langages, Europe m\u00e9ridionale, M\u00e9diterran\u00e9e\",\"description\":\"\",\"publisher\":{\"@id\":\"https:\\\/\\\/telemme.mmsh.fr\\\/#organization\"},\"potentialAction\":[{\"@type\":\"SearchAction\",\"target\":{\"@type\":\"EntryPoint\",\"urlTemplate\":\"https:\\\/\\\/telemme.mmsh.fr\\\/?s={search_term_string}\"},\"query-input\":{\"@type\":\"PropertyValueSpecification\",\"valueRequired\":true,\"valueName\":\"search_term_string\"}}],\"inLanguage\":\"fr-FR\"},{\"@type\":\"Organization\",\"@id\":\"https:\\\/\\\/telemme.mmsh.fr\\\/#organization\",\"name\":\"TELEMMe\",\"url\":\"https:\\\/\\\/telemme.mmsh.fr\\\/\",\"logo\":{\"@type\":\"ImageObject\",\"inLanguage\":\"fr-FR\",\"@id\":\"https:\\\/\\\/telemme.mmsh.fr\\\/#\\\/schema\\\/logo\\\/image\\\/\",\"url\":\"https:\\\/\\\/telemme.mmsh.fr\\\/wp-content\\\/uploads\\\/2020\\\/03\\\/LogoTELEMMe-horizontal-fond-transparent.png\",\"contentUrl\":\"https:\\\/\\\/telemme.mmsh.fr\\\/wp-content\\\/uploads\\\/2020\\\/03\\\/LogoTELEMMe-horizontal-fond-transparent.png\",\"width\":1500,\"height\":437,\"caption\":\"TELEMMe\"},\"image\":{\"@id\":\"https:\\\/\\\/telemme.mmsh.fr\\\/#\\\/schema\\\/logo\\\/image\\\/\"}}]}<\/script>\n<!-- \/ Yoast SEO plugin. -->","yoast_head_json":{"title":"Une autre mani\u00e8re de fabriquer la ville #2 : approches pluridisciplinaires - TELEMMe - Temps, espaces, langages, Europe m\u00e9ridionale, M\u00e9diterran\u00e9e","description":"Depuis vingt ans, l\u2019encha\u00eenement des crises sociales, \u00e9conomiques, identitaires, technologiques, environnementales et aujourd\u2019hui sanitaires et g\u00e9opolitiques, transforme profond\u00e9ment la mani\u00e8re de fabriquer et de produire de la ville. Les limites de la m\u00e9tropolisation, des gouvernances locales et du n\u00e9olib\u00e9ralisme urbain imposent en ce sens de trouver des alternatives effectives et efficaces. Ces perspectives alternatives se retrouvent dans de nouvelles mani\u00e8res d\u2019appr\u00e9hender les fonctions m\u00e9tropolitaines classiques que sont les transports, le logement, le gouvernement ou encore l\u2019environnement. Dans le m\u00eame temps l\u2019\u00e9mergence et l\u2019affirmation des \u00e9conomies sociales et solidaires comme de l\u2019\u00e9conomie circulaire constituent de nouveaux enjeux pour le d\u00e9veloppement et l\u2019am\u00e9nagement de nos villes. Cette journ\u00e9e d\u2019\u00e9tude abordera toutes ces perspectives du point de vue de la pluridisciplinarit\u00e9 et dans une perspective op\u00e9rationnelle.","robots":{"index":"index","follow":"follow","max-snippet":"max-snippet:-1","max-image-preview":"max-image-preview:large","max-video-preview":"max-video-preview:-1"},"canonical":"https:\/\/telemme.mmsh.fr\/?tribe_events=une-autre-maniere-de-fabriquer-la-ville-2-approches-pluridisciplinaires","og_locale":"fr_FR","og_type":"article","og_title":"Une autre mani\u00e8re de fabriquer la ville #2 : approches pluridisciplinaires - TELEMMe - Temps, espaces, langages, Europe m\u00e9ridionale, M\u00e9diterran\u00e9e","og_description":"Depuis vingt ans, l\u2019encha\u00eenement des crises sociales, \u00e9conomiques, identitaires, technologiques, environnementales et aujourd\u2019hui sanitaires et g\u00e9opolitiques, transforme profond\u00e9ment la mani\u00e8re de fabriquer et de produire de la ville. Les limites de la m\u00e9tropolisation, des gouvernances locales et du n\u00e9olib\u00e9ralisme urbain imposent en ce sens de trouver des alternatives effectives et efficaces. Ces perspectives alternatives se retrouvent dans de nouvelles mani\u00e8res d\u2019appr\u00e9hender les fonctions m\u00e9tropolitaines classiques que sont les transports, le logement, le gouvernement ou encore l\u2019environnement. Dans le m\u00eame temps l\u2019\u00e9mergence et l\u2019affirmation des \u00e9conomies sociales et solidaires comme de l\u2019\u00e9conomie circulaire constituent de nouveaux enjeux pour le d\u00e9veloppement et l\u2019am\u00e9nagement de nos villes. Cette journ\u00e9e d\u2019\u00e9tude abordera toutes ces perspectives du point de vue de la pluridisciplinarit\u00e9 et dans une perspective op\u00e9rationnelle.","og_url":"https:\/\/telemme.mmsh.fr\/?tribe_events=une-autre-maniere-de-fabriquer-la-ville-2-approches-pluridisciplinaires","og_site_name":"TELEMMe - Temps, espaces, langages, Europe m\u00e9ridionale, M\u00e9diterran\u00e9e","article_modified_time":"2022-07-20T09:51:47+00:00","og_image":[{"width":500,"height":667,"url":"https:\/\/telemme.mmsh.fr\/wp-content\/uploads\/2022\/07\/IMG_0942.jpg","type":"image\/jpeg"}],"twitter_card":"summary_large_image","twitter_misc":{"Dur\u00e9e de lecture estim\u00e9e":"1 minute"},"schema":{"@context":"https:\/\/schema.org","@graph":[{"@type":"WebPage","@id":"https:\/\/telemme.mmsh.fr\/?tribe_events=une-autre-maniere-de-fabriquer-la-ville-2-approches-pluridisciplinaires","url":"https:\/\/telemme.mmsh.fr\/?tribe_events=une-autre-maniere-de-fabriquer-la-ville-2-approches-pluridisciplinaires","name":"Une autre mani\u00e8re de fabriquer la ville #2 : approches pluridisciplinaires - TELEMMe - Temps, espaces, langages, Europe m\u00e9ridionale, M\u00e9diterran\u00e9e","isPartOf":{"@id":"https:\/\/telemme.mmsh.fr\/#website"},"primaryImageOfPage":{"@id":"https:\/\/telemme.mmsh.fr\/?tribe_events=une-autre-maniere-de-fabriquer-la-ville-2-approches-pluridisciplinaires#primaryimage"},"image":{"@id":"https:\/\/telemme.mmsh.fr\/?tribe_events=une-autre-maniere-de-fabriquer-la-ville-2-approches-pluridisciplinaires#primaryimage"},"thumbnailUrl":"https:\/\/telemme.mmsh.fr\/wp-content\/uploads\/2022\/07\/IMG_0942.jpg","datePublished":"2022-07-19T15:20:40+00:00","dateModified":"2022-07-20T09:51:47+00:00","description":"Depuis vingt ans, l\u2019encha\u00eenement des crises sociales, \u00e9conomiques, identitaires, technologiques, environnementales et aujourd\u2019hui sanitaires et g\u00e9opolitiques, transforme profond\u00e9ment la mani\u00e8re de fabriquer et de produire de la ville. Les limites de la m\u00e9tropolisation, des gouvernances locales et du n\u00e9olib\u00e9ralisme urbain imposent en ce sens de trouver des alternatives effectives et efficaces. Ces perspectives alternatives se retrouvent dans de nouvelles mani\u00e8res d\u2019appr\u00e9hender les fonctions m\u00e9tropolitaines classiques que sont les transports, le logement, le gouvernement ou encore l\u2019environnement. Dans le m\u00eame temps l\u2019\u00e9mergence et l\u2019affirmation des \u00e9conomies sociales et solidaires comme de l\u2019\u00e9conomie circulaire constituent de nouveaux enjeux pour le d\u00e9veloppement et l\u2019am\u00e9nagement de nos villes. Cette journ\u00e9e d\u2019\u00e9tude abordera toutes ces perspectives du point de vue de la pluridisciplinarit\u00e9 et dans une perspective op\u00e9rationnelle.","breadcrumb":{"@id":"https:\/\/telemme.mmsh.fr\/?tribe_events=une-autre-maniere-de-fabriquer-la-ville-2-approches-pluridisciplinaires#breadcrumb"},"inLanguage":"fr-FR","potentialAction":[{"@type":"ReadAction","target":["https:\/\/telemme.mmsh.fr\/?tribe_events=une-autre-maniere-de-fabriquer-la-ville-2-approches-pluridisciplinaires"]}]},{"@type":"ImageObject","inLanguage":"fr-FR","@id":"https:\/\/telemme.mmsh.fr\/?tribe_events=une-autre-maniere-de-fabriquer-la-ville-2-approches-pluridisciplinaires#primaryimage","url":"https:\/\/telemme.mmsh.fr\/wp-content\/uploads\/2022\/07\/IMG_0942.jpg","contentUrl":"https:\/\/telemme.mmsh.fr\/wp-content\/uploads\/2022\/07\/IMG_0942.jpg","width":500,"height":667,"caption":"Barcelone : Torre Agbhar, bidonville, la Sagrada familia"},{"@type":"BreadcrumbList","@id":"https:\/\/telemme.mmsh.fr\/?tribe_events=une-autre-maniere-de-fabriquer-la-ville-2-approches-pluridisciplinaires#breadcrumb","itemListElement":[{"@type":"ListItem","position":1,"name":"Accueil","item":"https:\/\/telemme.mmsh.fr\/"},{"@type":"ListItem","position":2,"name":"\u00c9v\u00e8nements","item":"https:\/\/telemme.mmsh.fr\/?post_type=tribe_events"},{"@type":"ListItem","position":3,"name":"Journ\u00e9e d'\u00e9tudes","item":"https:\/\/telemme.mmsh.fr\/?tribe_events_cat=journee-detudes"},{"@type":"ListItem","position":4,"name":"Une autre mani\u00e8re de fabriquer la ville #2 : approches pluridisciplinaires"}]},{"@type":"WebSite","@id":"https:\/\/telemme.mmsh.fr\/#website","url":"https:\/\/telemme.mmsh.fr\/","name":"TELEMMe - Temps, espaces, langages, Europe m\u00e9ridionale, M\u00e9diterran\u00e9e","description":"","publisher":{"@id":"https:\/\/telemme.mmsh.fr\/#organization"},"potentialAction":[{"@type":"SearchAction","target":{"@type":"EntryPoint","urlTemplate":"https:\/\/telemme.mmsh.fr\/?s={search_term_string}"},"query-input":{"@type":"PropertyValueSpecification","valueRequired":true,"valueName":"search_term_string"}}],"inLanguage":"fr-FR"},{"@type":"Organization","@id":"https:\/\/telemme.mmsh.fr\/#organization","name":"TELEMMe","url":"https:\/\/telemme.mmsh.fr\/","logo":{"@type":"ImageObject","inLanguage":"fr-FR","@id":"https:\/\/telemme.mmsh.fr\/#\/schema\/logo\/image\/","url":"https:\/\/telemme.mmsh.fr\/wp-content\/uploads\/2020\/03\/LogoTELEMMe-horizontal-fond-transparent.png","contentUrl":"https:\/\/telemme.mmsh.fr\/wp-content\/uploads\/2020\/03\/LogoTELEMMe-horizontal-fond-transparent.png","width":1500,"height":437,"caption":"TELEMMe"},"image":{"@id":"https:\/\/telemme.mmsh.fr\/#\/schema\/logo\/image\/"}}]}},"_links":{"self":[{"href":"https:\/\/telemme.mmsh.fr\/index.php?rest_route=\/wp\/v2\/tribe_events\/11350","targetHints":{"allow":["GET"]}}],"collection":[{"href":"https:\/\/telemme.mmsh.fr\/index.php?rest_route=\/wp\/v2\/tribe_events"}],"about":[{"href":"https:\/\/telemme.mmsh.fr\/index.php?rest_route=\/wp\/v2\/types\/tribe_events"}],"author":[{"embeddable":true,"href":"https:\/\/telemme.mmsh.fr\/index.php?rest_route=\/wp\/v2\/users\/6"}],"version-history":[{"count":2,"href":"https:\/\/telemme.mmsh.fr\/index.php?rest_route=\/wp\/v2\/tribe_events\/11350\/revisions"}],"predecessor-version":[{"id":11379,"href":"https:\/\/telemme.mmsh.fr\/index.php?rest_route=\/wp\/v2\/tribe_events\/11350\/revisions\/11379"}],"wp:featuredmedia":[{"embeddable":true,"href":"https:\/\/telemme.mmsh.fr\/index.php?rest_route=\/wp\/v2\/media\/11352"}],"wp:attachment":[{"href":"https:\/\/telemme.mmsh.fr\/index.php?rest_route=%2Fwp%2Fv2%2Fmedia&parent=11350"}],"wp:term":[{"taxonomy":"post_tag","embeddable":true,"href":"https:\/\/telemme.mmsh.fr\/index.php?rest_route=%2Fwp%2Fv2%2Ftags&post=11350"},{"taxonomy":"tribe_events_cat","embeddable":true,"href":"https:\/\/telemme.mmsh.fr\/index.php?rest_route=%2Fwp%2Fv2%2Ftribe_events_cat&post=11350"}],"curies":[{"name":"wp","href":"https:\/\/api.w.org\/{rel}","templated":true}]}}