{"id":11195,"date":"2022-06-07T22:10:09","date_gmt":"2022-06-07T20:10:09","guid":{"rendered":"https:\/\/telemme.mmsh.fr\/?post_type=tribe_events&#038;p=11195"},"modified":"2022-06-07T22:16:42","modified_gmt":"2022-06-07T20:16:42","slug":"conferences-publiques-de-lecole-dete-de-museo-polis","status":"publish","type":"tribe_events","link":"https:\/\/telemme.mmsh.fr\/?tribe_events=conferences-publiques-de-lecole-dete-de-museo-polis","title":{"rendered":"Conf\u00e9rences publiques de l&rsquo;\u00e9cole d&rsquo;\u00e9t\u00e9 de MUSEO-POLIS"},"content":{"rendered":"<p class=\"p1\">Cycle de <span class=\"s1\">3 conf\u00e9rences<\/span>, ouvert au public, dans le cadre de l\u2019\u00e9cole d\u2019\u00e9t\u00e9 MUSEO-POLIS, qui propose aux \u00e9tudiants de l\u2019Universit\u00e9 europ\u00e9enne CIVIS d\u2019analyser l\u2019histoire contemporaine des rapports entre mus\u00e9e et d\u00e9mocratie, et notamment les processus de repr\u00e9sentation et de l\u00e9gitimation des identit\u00e9s d\u00e9mocratiques en construction ou en crise depuis l\u2019\u00e9mergence du projet europ\u00e9en au XX<sup>e<\/sup> si\u00e8cle, \u00e0 partir de champs disciplinaires tr\u00e8s divers, tels que l\u2019histoire politique, l\u2019histoire des institutions culturelles, l\u2019histoire de l\u2019art, la sociologie, le droit ou encore l\u2019anthropologie. Co-organis\u00e9 avec le D\u00e9partement Recherche du Mucem, ce cycle de conf\u00e9rences s\u2019articule autour de trois th\u00e9matiques : <b>Mus\u00e9e et Migration \/ Mus\u00e9e et Religion \/ Mus\u00e9e et D\u00e9mocratie<\/b>.<\/p>\n<p class=\"p1\">L\u2019anglais et la langue naturelle des participants (fran\u00e7ais, espagnol, italien) seront d\u2019usage pour favoriser le multilinguisme.<\/p>\n<p><a href=\"https:\/\/telemme.mmsh.fr\/?evenement=conferences-publiques-de-lecole-dete-de-museo-polis\"><strong>Programme complet<\/strong><\/a><\/p>\n","protected":false},"excerpt":{"rendered":"<p>Cycle de 3 conf\u00e9rences, ouvert au public, dans le cadre de l\u2019\u00e9cole d\u2019\u00e9t\u00e9 MUSEO-POLIS, qui propose aux \u00e9tudiants de l\u2019Universit\u00e9 europ\u00e9enne CIVIS d\u2019analyser l\u2019histoire contemporaine des rapports entre mus\u00e9e et&hellip;&nbsp;<a href=\"https:\/\/telemme.mmsh.fr\/?tribe_events=conferences-publiques-de-lecole-dete-de-museo-polis\" rel=\"bookmark\">Lire la suite &raquo;<span class=\"screen-reader-text\">Conf\u00e9rences publiques de l&rsquo;\u00e9cole d&rsquo;\u00e9t\u00e9 de MUSEO-POLIS<\/span><\/a><\/p>\n","protected":false},"author":6,"featured_media":10417,"template":"","meta":{"neve_meta_sidebar":"","neve_meta_container":"","neve_meta_enable_content_width":"","neve_meta_content_width":0,"neve_meta_title_alignment":"","neve_meta_author_avatar":"","neve_post_elements_order":"","neve_meta_disable_header":"","neve_meta_disable_footer":"","neve_meta_disable_title":"","_tribe_events_status":"","_tribe_events_status_reason":"","footnotes":""},"tags":[2372],"tribe_events_cat":[1975,2379],"class_list":["post-11195","tribe_events","type-tribe_events","status-publish","has-post-thumbnail","hentry","tag-musees","tribe_events_cat-ecole-de-recherche","tribe_events_cat-seminaire-interlaboratoire-museo-polis","cat_ecole-de-recherche","cat_seminaire-interlaboratoire-museo-polis"],"yoast_head":"<!-- This site is optimized with the Yoast SEO plugin v27.4 - https:\/\/yoast.com\/product\/yoast-seo-wordpress\/ -->\n<title>Conf\u00e9rences publiques de l&#039;\u00e9cole d&#039;\u00e9t\u00e9 de MUSEO-POLIS - TELEMMe - Temps, espaces, langages, Europe m\u00e9ridionale, M\u00e9diterran\u00e9e<\/title>\n<meta name=\"description\" content=\"Cycle de 3 conf\u00e9rences, ouvert au public, dans le cadre de l\u2019\u00e9cole d\u2019\u00e9t\u00e9 MUSEO-POLIS, qui propose aux \u00e9tudiants de l\u2019Universit\u00e9 europ\u00e9enne CIVIS d\u2019analyser l\u2019histoire contemporaine des rapports entre mus\u00e9e et d\u00e9mocratie, et notamment les processus de repr\u00e9sentation et de l\u00e9gitimation des identit\u00e9s d\u00e9mocratiques en construction ou en crise depuis l\u2019\u00e9mergence du projet europ\u00e9en au XXe si\u00e8cle, \u00e0 partir de champs disciplinaires tr\u00e8s divers, tels que l\u2019histoire politique, l\u2019histoire des institutions culturelles, l\u2019histoire de l\u2019art, la sociologie, le droit ou encore l\u2019anthropologie.\" \/>\n<meta name=\"robots\" content=\"index, follow, max-snippet:-1, max-image-preview:large, max-video-preview:-1\" \/>\n<link rel=\"canonical\" href=\"https:\/\/telemme.mmsh.fr\/?tribe_events=conferences-publiques-de-lecole-dete-de-museo-polis\" \/>\n<meta property=\"og:locale\" content=\"fr_FR\" \/>\n<meta property=\"og:type\" content=\"article\" \/>\n<meta property=\"og:title\" content=\"Conf\u00e9rences publiques de l&#039;\u00e9cole d&#039;\u00e9t\u00e9 de MUSEO-POLIS - TELEMMe - Temps, espaces, langages, Europe m\u00e9ridionale, M\u00e9diterran\u00e9e\" \/>\n<meta property=\"og:description\" content=\"Cycle de 3 conf\u00e9rences, ouvert au public, dans le cadre de l\u2019\u00e9cole d\u2019\u00e9t\u00e9 MUSEO-POLIS, qui propose aux \u00e9tudiants de l\u2019Universit\u00e9 europ\u00e9enne CIVIS d\u2019analyser l\u2019histoire contemporaine des rapports entre mus\u00e9e et d\u00e9mocratie, et notamment les processus de repr\u00e9sentation et de l\u00e9gitimation des identit\u00e9s d\u00e9mocratiques en construction ou en crise depuis l\u2019\u00e9mergence du projet europ\u00e9en au XXe si\u00e8cle, \u00e0 partir de champs disciplinaires tr\u00e8s divers, tels que l\u2019histoire politique, l\u2019histoire des institutions culturelles, l\u2019histoire de l\u2019art, la sociologie, le droit ou encore l\u2019anthropologie.\" \/>\n<meta property=\"og:url\" content=\"https:\/\/telemme.mmsh.fr\/?tribe_events=conferences-publiques-de-lecole-dete-de-museo-polis\" \/>\n<meta property=\"og:site_name\" content=\"TELEMMe - Temps, espaces, langages, Europe m\u00e9ridionale, M\u00e9diterran\u00e9e\" \/>\n<meta property=\"article:modified_time\" content=\"2022-06-07T20:16:42+00:00\" \/>\n<meta property=\"og:image\" content=\"https:\/\/telemme.mmsh.fr\/wp-content\/uploads\/2022\/01\/cyrille_weiner_mucem_1.jpg\" \/>\n\t<meta property=\"og:image:width\" content=\"500\" \/>\n\t<meta property=\"og:image:height\" content=\"750\" \/>\n\t<meta property=\"og:image:type\" content=\"image\/jpeg\" \/>\n<meta name=\"twitter:card\" content=\"summary_large_image\" \/>\n<meta name=\"twitter:label1\" content=\"Dur\u00e9e de lecture estim\u00e9e\" \/>\n\t<meta name=\"twitter:data1\" content=\"1 minute\" \/>\n<script type=\"application\/ld+json\" class=\"yoast-schema-graph\">{\"@context\":\"https:\\\/\\\/schema.org\",\"@graph\":[{\"@type\":\"WebPage\",\"@id\":\"https:\\\/\\\/telemme.mmsh.fr\\\/?tribe_events=conferences-publiques-de-lecole-dete-de-museo-polis\",\"url\":\"https:\\\/\\\/telemme.mmsh.fr\\\/?tribe_events=conferences-publiques-de-lecole-dete-de-museo-polis\",\"name\":\"Conf\u00e9rences publiques de l'\u00e9cole d'\u00e9t\u00e9 de MUSEO-POLIS - TELEMMe - Temps, espaces, langages, Europe m\u00e9ridionale, M\u00e9diterran\u00e9e\",\"isPartOf\":{\"@id\":\"https:\\\/\\\/telemme.mmsh.fr\\\/#website\"},\"primaryImageOfPage\":{\"@id\":\"https:\\\/\\\/telemme.mmsh.fr\\\/?tribe_events=conferences-publiques-de-lecole-dete-de-museo-polis#primaryimage\"},\"image\":{\"@id\":\"https:\\\/\\\/telemme.mmsh.fr\\\/?tribe_events=conferences-publiques-de-lecole-dete-de-museo-polis#primaryimage\"},\"thumbnailUrl\":\"https:\\\/\\\/telemme.mmsh.fr\\\/wp-content\\\/uploads\\\/2022\\\/01\\\/cyrille_weiner_mucem_1.jpg\",\"datePublished\":\"2022-06-07T20:10:09+00:00\",\"dateModified\":\"2022-06-07T20:16:42+00:00\",\"description\":\"Cycle de 3 conf\u00e9rences, ouvert au public, dans le cadre de l\u2019\u00e9cole d\u2019\u00e9t\u00e9 MUSEO-POLIS, qui propose aux \u00e9tudiants de l\u2019Universit\u00e9 europ\u00e9enne CIVIS d\u2019analyser l\u2019histoire contemporaine des rapports entre mus\u00e9e et d\u00e9mocratie, et notamment les processus de repr\u00e9sentation et de l\u00e9gitimation des identit\u00e9s d\u00e9mocratiques en construction ou en crise depuis l\u2019\u00e9mergence du projet europ\u00e9en au XXe si\u00e8cle, \u00e0 partir de champs disciplinaires tr\u00e8s divers, tels que l\u2019histoire politique, l\u2019histoire des institutions culturelles, l\u2019histoire de l\u2019art, la sociologie, le droit ou encore l\u2019anthropologie.\",\"breadcrumb\":{\"@id\":\"https:\\\/\\\/telemme.mmsh.fr\\\/?tribe_events=conferences-publiques-de-lecole-dete-de-museo-polis#breadcrumb\"},\"inLanguage\":\"fr-FR\",\"potentialAction\":[{\"@type\":\"ReadAction\",\"target\":[\"https:\\\/\\\/telemme.mmsh.fr\\\/?tribe_events=conferences-publiques-de-lecole-dete-de-museo-polis\"]}]},{\"@type\":\"ImageObject\",\"inLanguage\":\"fr-FR\",\"@id\":\"https:\\\/\\\/telemme.mmsh.fr\\\/?tribe_events=conferences-publiques-de-lecole-dete-de-museo-polis#primaryimage\",\"url\":\"https:\\\/\\\/telemme.mmsh.fr\\\/wp-content\\\/uploads\\\/2022\\\/01\\\/cyrille_weiner_mucem_1.jpg\",\"contentUrl\":\"https:\\\/\\\/telemme.mmsh.fr\\\/wp-content\\\/uploads\\\/2022\\\/01\\\/cyrille_weiner_mucem_1.jpg\",\"width\":500,\"height\":750,\"caption\":\"Mucem \u00a9Cyril Weiner, architectes Rudy Ricciotti et Roland Carta\"},{\"@type\":\"BreadcrumbList\",\"@id\":\"https:\\\/\\\/telemme.mmsh.fr\\\/?tribe_events=conferences-publiques-de-lecole-dete-de-museo-polis#breadcrumb\",\"itemListElement\":[{\"@type\":\"ListItem\",\"position\":1,\"name\":\"Accueil\",\"item\":\"https:\\\/\\\/telemme.mmsh.fr\\\/\"},{\"@type\":\"ListItem\",\"position\":2,\"name\":\"\u00c9v\u00e8nements\",\"item\":\"https:\\\/\\\/telemme.mmsh.fr\\\/?post_type=tribe_events\"},{\"@type\":\"ListItem\",\"position\":3,\"name\":\"S\u00e9minaire interlaboratoire\",\"item\":\"https:\\\/\\\/telemme.mmsh.fr\\\/?tribe_events_cat=seminaire-interlaboratoire\"},{\"@type\":\"ListItem\",\"position\":4,\"name\":\"S\u00e9minaire interlaboratoire \\\"Museo-Polis\\\"\",\"item\":\"https:\\\/\\\/telemme.mmsh.fr\\\/?tribe_events_cat=seminaire-interlaboratoire-museo-polis\"},{\"@type\":\"ListItem\",\"position\":5,\"name\":\"Conf\u00e9rences publiques de l&#8217;\u00e9cole d&#8217;\u00e9t\u00e9 de MUSEO-POLIS\"}]},{\"@type\":\"WebSite\",\"@id\":\"https:\\\/\\\/telemme.mmsh.fr\\\/#website\",\"url\":\"https:\\\/\\\/telemme.mmsh.fr\\\/\",\"name\":\"TELEMMe - Temps, espaces, langages, Europe m\u00e9ridionale, M\u00e9diterran\u00e9e\",\"description\":\"\",\"publisher\":{\"@id\":\"https:\\\/\\\/telemme.mmsh.fr\\\/#organization\"},\"potentialAction\":[{\"@type\":\"SearchAction\",\"target\":{\"@type\":\"EntryPoint\",\"urlTemplate\":\"https:\\\/\\\/telemme.mmsh.fr\\\/?s={search_term_string}\"},\"query-input\":{\"@type\":\"PropertyValueSpecification\",\"valueRequired\":true,\"valueName\":\"search_term_string\"}}],\"inLanguage\":\"fr-FR\"},{\"@type\":\"Organization\",\"@id\":\"https:\\\/\\\/telemme.mmsh.fr\\\/#organization\",\"name\":\"TELEMMe\",\"url\":\"https:\\\/\\\/telemme.mmsh.fr\\\/\",\"logo\":{\"@type\":\"ImageObject\",\"inLanguage\":\"fr-FR\",\"@id\":\"https:\\\/\\\/telemme.mmsh.fr\\\/#\\\/schema\\\/logo\\\/image\\\/\",\"url\":\"https:\\\/\\\/telemme.mmsh.fr\\\/wp-content\\\/uploads\\\/2020\\\/03\\\/LogoTELEMMe-horizontal-fond-transparent.png\",\"contentUrl\":\"https:\\\/\\\/telemme.mmsh.fr\\\/wp-content\\\/uploads\\\/2020\\\/03\\\/LogoTELEMMe-horizontal-fond-transparent.png\",\"width\":1500,\"height\":437,\"caption\":\"TELEMMe\"},\"image\":{\"@id\":\"https:\\\/\\\/telemme.mmsh.fr\\\/#\\\/schema\\\/logo\\\/image\\\/\"}}]}<\/script>\n<!-- \/ Yoast SEO plugin. -->","yoast_head_json":{"title":"Conf\u00e9rences publiques de l'\u00e9cole d'\u00e9t\u00e9 de MUSEO-POLIS - TELEMMe - Temps, espaces, langages, Europe m\u00e9ridionale, M\u00e9diterran\u00e9e","description":"Cycle de 3 conf\u00e9rences, ouvert au public, dans le cadre de l\u2019\u00e9cole d\u2019\u00e9t\u00e9 MUSEO-POLIS, qui propose aux \u00e9tudiants de l\u2019Universit\u00e9 europ\u00e9enne CIVIS d\u2019analyser l\u2019histoire contemporaine des rapports entre mus\u00e9e et d\u00e9mocratie, et notamment les processus de repr\u00e9sentation et de l\u00e9gitimation des identit\u00e9s d\u00e9mocratiques en construction ou en crise depuis l\u2019\u00e9mergence du projet europ\u00e9en au XXe si\u00e8cle, \u00e0 partir de champs disciplinaires tr\u00e8s divers, tels que l\u2019histoire politique, l\u2019histoire des institutions culturelles, l\u2019histoire de l\u2019art, la sociologie, le droit ou encore l\u2019anthropologie.","robots":{"index":"index","follow":"follow","max-snippet":"max-snippet:-1","max-image-preview":"max-image-preview:large","max-video-preview":"max-video-preview:-1"},"canonical":"https:\/\/telemme.mmsh.fr\/?tribe_events=conferences-publiques-de-lecole-dete-de-museo-polis","og_locale":"fr_FR","og_type":"article","og_title":"Conf\u00e9rences publiques de l'\u00e9cole d'\u00e9t\u00e9 de MUSEO-POLIS - TELEMMe - Temps, espaces, langages, Europe m\u00e9ridionale, M\u00e9diterran\u00e9e","og_description":"Cycle de 3 conf\u00e9rences, ouvert au public, dans le cadre de l\u2019\u00e9cole d\u2019\u00e9t\u00e9 MUSEO-POLIS, qui propose aux \u00e9tudiants de l\u2019Universit\u00e9 europ\u00e9enne CIVIS d\u2019analyser l\u2019histoire contemporaine des rapports entre mus\u00e9e et d\u00e9mocratie, et notamment les processus de repr\u00e9sentation et de l\u00e9gitimation des identit\u00e9s d\u00e9mocratiques en construction ou en crise depuis l\u2019\u00e9mergence du projet europ\u00e9en au XXe si\u00e8cle, \u00e0 partir de champs disciplinaires tr\u00e8s divers, tels que l\u2019histoire politique, l\u2019histoire des institutions culturelles, l\u2019histoire de l\u2019art, la sociologie, le droit ou encore l\u2019anthropologie.","og_url":"https:\/\/telemme.mmsh.fr\/?tribe_events=conferences-publiques-de-lecole-dete-de-museo-polis","og_site_name":"TELEMMe - Temps, espaces, langages, Europe m\u00e9ridionale, M\u00e9diterran\u00e9e","article_modified_time":"2022-06-07T20:16:42+00:00","og_image":[{"width":500,"height":750,"url":"https:\/\/telemme.mmsh.fr\/wp-content\/uploads\/2022\/01\/cyrille_weiner_mucem_1.jpg","type":"image\/jpeg"}],"twitter_card":"summary_large_image","twitter_misc":{"Dur\u00e9e de lecture estim\u00e9e":"1 minute"},"schema":{"@context":"https:\/\/schema.org","@graph":[{"@type":"WebPage","@id":"https:\/\/telemme.mmsh.fr\/?tribe_events=conferences-publiques-de-lecole-dete-de-museo-polis","url":"https:\/\/telemme.mmsh.fr\/?tribe_events=conferences-publiques-de-lecole-dete-de-museo-polis","name":"Conf\u00e9rences publiques de l'\u00e9cole d'\u00e9t\u00e9 de MUSEO-POLIS - TELEMMe - Temps, espaces, langages, Europe m\u00e9ridionale, M\u00e9diterran\u00e9e","isPartOf":{"@id":"https:\/\/telemme.mmsh.fr\/#website"},"primaryImageOfPage":{"@id":"https:\/\/telemme.mmsh.fr\/?tribe_events=conferences-publiques-de-lecole-dete-de-museo-polis#primaryimage"},"image":{"@id":"https:\/\/telemme.mmsh.fr\/?tribe_events=conferences-publiques-de-lecole-dete-de-museo-polis#primaryimage"},"thumbnailUrl":"https:\/\/telemme.mmsh.fr\/wp-content\/uploads\/2022\/01\/cyrille_weiner_mucem_1.jpg","datePublished":"2022-06-07T20:10:09+00:00","dateModified":"2022-06-07T20:16:42+00:00","description":"Cycle de 3 conf\u00e9rences, ouvert au public, dans le cadre de l\u2019\u00e9cole d\u2019\u00e9t\u00e9 MUSEO-POLIS, qui propose aux \u00e9tudiants de l\u2019Universit\u00e9 europ\u00e9enne CIVIS d\u2019analyser l\u2019histoire contemporaine des rapports entre mus\u00e9e et d\u00e9mocratie, et notamment les processus de repr\u00e9sentation et de l\u00e9gitimation des identit\u00e9s d\u00e9mocratiques en construction ou en crise depuis l\u2019\u00e9mergence du projet europ\u00e9en au XXe si\u00e8cle, \u00e0 partir de champs disciplinaires tr\u00e8s divers, tels que l\u2019histoire politique, l\u2019histoire des institutions culturelles, l\u2019histoire de l\u2019art, la sociologie, le droit ou encore l\u2019anthropologie.","breadcrumb":{"@id":"https:\/\/telemme.mmsh.fr\/?tribe_events=conferences-publiques-de-lecole-dete-de-museo-polis#breadcrumb"},"inLanguage":"fr-FR","potentialAction":[{"@type":"ReadAction","target":["https:\/\/telemme.mmsh.fr\/?tribe_events=conferences-publiques-de-lecole-dete-de-museo-polis"]}]},{"@type":"ImageObject","inLanguage":"fr-FR","@id":"https:\/\/telemme.mmsh.fr\/?tribe_events=conferences-publiques-de-lecole-dete-de-museo-polis#primaryimage","url":"https:\/\/telemme.mmsh.fr\/wp-content\/uploads\/2022\/01\/cyrille_weiner_mucem_1.jpg","contentUrl":"https:\/\/telemme.mmsh.fr\/wp-content\/uploads\/2022\/01\/cyrille_weiner_mucem_1.jpg","width":500,"height":750,"caption":"Mucem \u00a9Cyril Weiner, architectes Rudy Ricciotti et Roland Carta"},{"@type":"BreadcrumbList","@id":"https:\/\/telemme.mmsh.fr\/?tribe_events=conferences-publiques-de-lecole-dete-de-museo-polis#breadcrumb","itemListElement":[{"@type":"ListItem","position":1,"name":"Accueil","item":"https:\/\/telemme.mmsh.fr\/"},{"@type":"ListItem","position":2,"name":"\u00c9v\u00e8nements","item":"https:\/\/telemme.mmsh.fr\/?post_type=tribe_events"},{"@type":"ListItem","position":3,"name":"S\u00e9minaire interlaboratoire","item":"https:\/\/telemme.mmsh.fr\/?tribe_events_cat=seminaire-interlaboratoire"},{"@type":"ListItem","position":4,"name":"S\u00e9minaire interlaboratoire \"Museo-Polis\"","item":"https:\/\/telemme.mmsh.fr\/?tribe_events_cat=seminaire-interlaboratoire-museo-polis"},{"@type":"ListItem","position":5,"name":"Conf\u00e9rences publiques de l&#8217;\u00e9cole d&#8217;\u00e9t\u00e9 de MUSEO-POLIS"}]},{"@type":"WebSite","@id":"https:\/\/telemme.mmsh.fr\/#website","url":"https:\/\/telemme.mmsh.fr\/","name":"TELEMMe - Temps, espaces, langages, Europe m\u00e9ridionale, M\u00e9diterran\u00e9e","description":"","publisher":{"@id":"https:\/\/telemme.mmsh.fr\/#organization"},"potentialAction":[{"@type":"SearchAction","target":{"@type":"EntryPoint","urlTemplate":"https:\/\/telemme.mmsh.fr\/?s={search_term_string}"},"query-input":{"@type":"PropertyValueSpecification","valueRequired":true,"valueName":"search_term_string"}}],"inLanguage":"fr-FR"},{"@type":"Organization","@id":"https:\/\/telemme.mmsh.fr\/#organization","name":"TELEMMe","url":"https:\/\/telemme.mmsh.fr\/","logo":{"@type":"ImageObject","inLanguage":"fr-FR","@id":"https:\/\/telemme.mmsh.fr\/#\/schema\/logo\/image\/","url":"https:\/\/telemme.mmsh.fr\/wp-content\/uploads\/2020\/03\/LogoTELEMMe-horizontal-fond-transparent.png","contentUrl":"https:\/\/telemme.mmsh.fr\/wp-content\/uploads\/2020\/03\/LogoTELEMMe-horizontal-fond-transparent.png","width":1500,"height":437,"caption":"TELEMMe"},"image":{"@id":"https:\/\/telemme.mmsh.fr\/#\/schema\/logo\/image\/"}}]}},"_links":{"self":[{"href":"https:\/\/telemme.mmsh.fr\/index.php?rest_route=\/wp\/v2\/tribe_events\/11195","targetHints":{"allow":["GET"]}}],"collection":[{"href":"https:\/\/telemme.mmsh.fr\/index.php?rest_route=\/wp\/v2\/tribe_events"}],"about":[{"href":"https:\/\/telemme.mmsh.fr\/index.php?rest_route=\/wp\/v2\/types\/tribe_events"}],"author":[{"embeddable":true,"href":"https:\/\/telemme.mmsh.fr\/index.php?rest_route=\/wp\/v2\/users\/6"}],"version-history":[{"count":2,"href":"https:\/\/telemme.mmsh.fr\/index.php?rest_route=\/wp\/v2\/tribe_events\/11195\/revisions"}],"predecessor-version":[{"id":11199,"href":"https:\/\/telemme.mmsh.fr\/index.php?rest_route=\/wp\/v2\/tribe_events\/11195\/revisions\/11199"}],"wp:featuredmedia":[{"embeddable":true,"href":"https:\/\/telemme.mmsh.fr\/index.php?rest_route=\/wp\/v2\/media\/10417"}],"wp:attachment":[{"href":"https:\/\/telemme.mmsh.fr\/index.php?rest_route=%2Fwp%2Fv2%2Fmedia&parent=11195"}],"wp:term":[{"taxonomy":"post_tag","embeddable":true,"href":"https:\/\/telemme.mmsh.fr\/index.php?rest_route=%2Fwp%2Fv2%2Ftags&post=11195"},{"taxonomy":"tribe_events_cat","embeddable":true,"href":"https:\/\/telemme.mmsh.fr\/index.php?rest_route=%2Fwp%2Fv2%2Ftribe_events_cat&post=11195"}],"curies":[{"name":"wp","href":"https:\/\/api.w.org\/{rel}","templated":true}]}}