{"id":11065,"date":"2022-05-02T16:14:14","date_gmt":"2022-05-02T14:14:14","guid":{"rendered":"https:\/\/telemme.mmsh.fr\/?post_type=tribe_events&#038;p=11065"},"modified":"2022-10-27T12:08:43","modified_gmt":"2022-10-27T10:08:43","slug":"gouverner-la-ville-en-temps-de-crise","status":"publish","type":"tribe_events","link":"https:\/\/telemme.mmsh.fr\/?tribe_events=gouverner-la-ville-en-temps-de-crise","title":{"rendered":"Gouverner la ville en temps de crise"},"content":{"rendered":"<p><strong>S\u00e9minaire \u00ab\u00a0L\u2019autorit\u00e9 dans la ville <\/strong><strong>de l\u2019Antiquit\u00e9 \u00e0 nos jours\u00a0\u00bb<\/strong><\/p>\n<p>Coordonn\u00e9 par<strong> Nicolas Vidoni (AMU, UMR TELEMMe) et H\u00e9l\u00e8ne M\u00e9nard (UPVM3, CRISES)<\/strong><\/p>\n<p><a href=\"https:\/\/telemme.mmsh.fr\/?evenement=gouverner-la-ville-en-temps-de-crise\"><strong>Programme complet<\/strong><\/a><\/p>\n","protected":false},"excerpt":{"rendered":"<p>S\u00e9minaire \u00ab\u00a0L\u2019autorit\u00e9 dans la ville de l\u2019Antiquit\u00e9 \u00e0 nos jours\u00a0\u00bb Coordonn\u00e9 par Nicolas Vidoni (AMU, UMR TELEMMe) et H\u00e9l\u00e8ne M\u00e9nard (UPVM3, CRISES) Programme complet<\/p>\n","protected":false},"author":6,"featured_media":11064,"template":"","meta":{"neve_meta_sidebar":"","neve_meta_container":"","neve_meta_enable_content_width":"","neve_meta_content_width":0,"neve_meta_title_alignment":"","neve_meta_author_avatar":"","neve_post_elements_order":"","neve_meta_disable_header":"","neve_meta_disable_footer":"","neve_meta_disable_title":"","_tribe_events_status":"","_tribe_events_status_reason":"","footnotes":""},"tags":[],"tribe_events_cat":[2563],"class_list":["post-11065","tribe_events","type-tribe_events","status-publish","has-post-thumbnail","hentry","tribe_events_cat-seminaire-interlaboratoire-lautorite-dans-la-ville-de-lantiquite-a-nos-jours","cat_seminaire-interlaboratoire-lautorite-dans-la-ville-de-lantiquite-a-nos-jours"],"yoast_head":"<!-- This site is optimized with the Yoast SEO plugin v27.4 - https:\/\/yoast.com\/product\/yoast-seo-wordpress\/ -->\n<title>Gouverner la ville en temps de crise - TELEMMe - Temps, espaces, langages, Europe m\u00e9ridionale, M\u00e9diterran\u00e9e<\/title>\n<meta name=\"robots\" content=\"index, follow, max-snippet:-1, max-image-preview:large, max-video-preview:-1\" \/>\n<link rel=\"canonical\" href=\"https:\/\/telemme.mmsh.fr\/?tribe_events=gouverner-la-ville-en-temps-de-crise\" \/>\n<meta property=\"og:locale\" content=\"fr_FR\" \/>\n<meta property=\"og:type\" content=\"article\" \/>\n<meta property=\"og:title\" content=\"Gouverner la ville en temps de crise - TELEMMe - Temps, espaces, langages, Europe m\u00e9ridionale, M\u00e9diterran\u00e9e\" \/>\n<meta property=\"og:description\" content=\"S\u00e9minaire \u00ab\u00a0L\u2019autorit\u00e9 dans la ville de l\u2019Antiquit\u00e9 \u00e0 nos jours\u00a0\u00bb Coordonn\u00e9 par Nicolas Vidoni (AMU, UMR TELEMMe) et H\u00e9l\u00e8ne M\u00e9nard (UPVM3, CRISES) Programme complet\" \/>\n<meta property=\"og:url\" content=\"https:\/\/telemme.mmsh.fr\/?tribe_events=gouverner-la-ville-en-temps-de-crise\" \/>\n<meta property=\"og:site_name\" content=\"TELEMMe - Temps, espaces, langages, Europe m\u00e9ridionale, M\u00e9diterran\u00e9e\" \/>\n<meta property=\"article:modified_time\" content=\"2022-10-27T10:08:43+00:00\" \/>\n<meta property=\"og:image\" content=\"https:\/\/telemme.mmsh.fr\/wp-content\/uploads\/2022\/05\/Illustrations_de_Voyages_pittoresques_de_...Saint-Non_Jean-Claude_btv1b20000478.jpeg\" \/>\n\t<meta property=\"og:image:width\" content=\"1531\" \/>\n\t<meta property=\"og:image:height\" content=\"1054\" \/>\n\t<meta property=\"og:image:type\" content=\"image\/jpeg\" \/>\n<meta name=\"twitter:card\" content=\"summary_large_image\" \/>\n<script type=\"application\/ld+json\" class=\"yoast-schema-graph\">{\"@context\":\"https:\\\/\\\/schema.org\",\"@graph\":[{\"@type\":\"WebPage\",\"@id\":\"https:\\\/\\\/telemme.mmsh.fr\\\/?tribe_events=gouverner-la-ville-en-temps-de-crise\",\"url\":\"https:\\\/\\\/telemme.mmsh.fr\\\/?tribe_events=gouverner-la-ville-en-temps-de-crise\",\"name\":\"Gouverner la ville en temps de crise - TELEMMe - Temps, espaces, langages, Europe m\u00e9ridionale, M\u00e9diterran\u00e9e\",\"isPartOf\":{\"@id\":\"https:\\\/\\\/telemme.mmsh.fr\\\/#website\"},\"primaryImageOfPage\":{\"@id\":\"https:\\\/\\\/telemme.mmsh.fr\\\/?tribe_events=gouverner-la-ville-en-temps-de-crise#primaryimage\"},\"image\":{\"@id\":\"https:\\\/\\\/telemme.mmsh.fr\\\/?tribe_events=gouverner-la-ville-en-temps-de-crise#primaryimage\"},\"thumbnailUrl\":\"https:\\\/\\\/telemme.mmsh.fr\\\/wp-content\\\/uploads\\\/2022\\\/05\\\/Illustrations_de_Voyages_pittoresques_de_...Saint-Non_Jean-Claude_btv1b20000478.jpeg\",\"datePublished\":\"2022-05-02T14:14:14+00:00\",\"dateModified\":\"2022-10-27T10:08:43+00:00\",\"breadcrumb\":{\"@id\":\"https:\\\/\\\/telemme.mmsh.fr\\\/?tribe_events=gouverner-la-ville-en-temps-de-crise#breadcrumb\"},\"inLanguage\":\"fr-FR\",\"potentialAction\":[{\"@type\":\"ReadAction\",\"target\":[\"https:\\\/\\\/telemme.mmsh.fr\\\/?tribe_events=gouverner-la-ville-en-temps-de-crise\"]}]},{\"@type\":\"ImageObject\",\"inLanguage\":\"fr-FR\",\"@id\":\"https:\\\/\\\/telemme.mmsh.fr\\\/?tribe_events=gouverner-la-ville-en-temps-de-crise#primaryimage\",\"url\":\"https:\\\/\\\/telemme.mmsh.fr\\\/wp-content\\\/uploads\\\/2022\\\/05\\\/Illustrations_de_Voyages_pittoresques_de_...Saint-Non_Jean-Claude_btv1b20000478.jpeg\",\"contentUrl\":\"https:\\\/\\\/telemme.mmsh.fr\\\/wp-content\\\/uploads\\\/2022\\\/05\\\/Illustrations_de_Voyages_pittoresques_de_...Saint-Non_Jean-Claude_btv1b20000478.jpeg\",\"width\":1531,\"height\":1054,\"caption\":\"Illustrations de Voyages pittoresque de Naples et de Sicile, gravure de Berthaut, t. I, 1781, Biblioth\u00e8que nationale de France\"},{\"@type\":\"BreadcrumbList\",\"@id\":\"https:\\\/\\\/telemme.mmsh.fr\\\/?tribe_events=gouverner-la-ville-en-temps-de-crise#breadcrumb\",\"itemListElement\":[{\"@type\":\"ListItem\",\"position\":1,\"name\":\"Accueil\",\"item\":\"https:\\\/\\\/telemme.mmsh.fr\\\/\"},{\"@type\":\"ListItem\",\"position\":2,\"name\":\"\u00c9v\u00e8nements\",\"item\":\"https:\\\/\\\/telemme.mmsh.fr\\\/?post_type=tribe_events\"},{\"@type\":\"ListItem\",\"position\":3,\"name\":\"S\u00e9minaire interlaboratoire\",\"item\":\"https:\\\/\\\/telemme.mmsh.fr\\\/?tribe_events_cat=seminaire-interlaboratoire\"},{\"@type\":\"ListItem\",\"position\":4,\"name\":\"S\u00e9minaire interlaboratoire \\\"L'autorit\u00e9 dans la ville de l'Antiquit\u00e9 \u00e0 nos jours\\\"\",\"item\":\"https:\\\/\\\/telemme.mmsh.fr\\\/?tribe_events_cat=seminaire-interlaboratoire-lautorite-dans-la-ville-de-lantiquite-a-nos-jours\"},{\"@type\":\"ListItem\",\"position\":5,\"name\":\"Gouverner la ville en temps de crise\"}]},{\"@type\":\"WebSite\",\"@id\":\"https:\\\/\\\/telemme.mmsh.fr\\\/#website\",\"url\":\"https:\\\/\\\/telemme.mmsh.fr\\\/\",\"name\":\"TELEMMe - Temps, espaces, langages, Europe m\u00e9ridionale, M\u00e9diterran\u00e9e\",\"description\":\"\",\"publisher\":{\"@id\":\"https:\\\/\\\/telemme.mmsh.fr\\\/#organization\"},\"potentialAction\":[{\"@type\":\"SearchAction\",\"target\":{\"@type\":\"EntryPoint\",\"urlTemplate\":\"https:\\\/\\\/telemme.mmsh.fr\\\/?s={search_term_string}\"},\"query-input\":{\"@type\":\"PropertyValueSpecification\",\"valueRequired\":true,\"valueName\":\"search_term_string\"}}],\"inLanguage\":\"fr-FR\"},{\"@type\":\"Organization\",\"@id\":\"https:\\\/\\\/telemme.mmsh.fr\\\/#organization\",\"name\":\"TELEMMe\",\"url\":\"https:\\\/\\\/telemme.mmsh.fr\\\/\",\"logo\":{\"@type\":\"ImageObject\",\"inLanguage\":\"fr-FR\",\"@id\":\"https:\\\/\\\/telemme.mmsh.fr\\\/#\\\/schema\\\/logo\\\/image\\\/\",\"url\":\"https:\\\/\\\/telemme.mmsh.fr\\\/wp-content\\\/uploads\\\/2020\\\/03\\\/LogoTELEMMe-horizontal-fond-transparent.png\",\"contentUrl\":\"https:\\\/\\\/telemme.mmsh.fr\\\/wp-content\\\/uploads\\\/2020\\\/03\\\/LogoTELEMMe-horizontal-fond-transparent.png\",\"width\":1500,\"height\":437,\"caption\":\"TELEMMe\"},\"image\":{\"@id\":\"https:\\\/\\\/telemme.mmsh.fr\\\/#\\\/schema\\\/logo\\\/image\\\/\"}}]}<\/script>\n<!-- \/ Yoast SEO plugin. -->","yoast_head_json":{"title":"Gouverner la ville en temps de crise - TELEMMe - Temps, espaces, langages, Europe m\u00e9ridionale, M\u00e9diterran\u00e9e","robots":{"index":"index","follow":"follow","max-snippet":"max-snippet:-1","max-image-preview":"max-image-preview:large","max-video-preview":"max-video-preview:-1"},"canonical":"https:\/\/telemme.mmsh.fr\/?tribe_events=gouverner-la-ville-en-temps-de-crise","og_locale":"fr_FR","og_type":"article","og_title":"Gouverner la ville en temps de crise - TELEMMe - Temps, espaces, langages, Europe m\u00e9ridionale, M\u00e9diterran\u00e9e","og_description":"S\u00e9minaire \u00ab\u00a0L\u2019autorit\u00e9 dans la ville de l\u2019Antiquit\u00e9 \u00e0 nos jours\u00a0\u00bb Coordonn\u00e9 par Nicolas Vidoni (AMU, UMR TELEMMe) et H\u00e9l\u00e8ne M\u00e9nard (UPVM3, CRISES) Programme complet","og_url":"https:\/\/telemme.mmsh.fr\/?tribe_events=gouverner-la-ville-en-temps-de-crise","og_site_name":"TELEMMe - Temps, espaces, langages, Europe m\u00e9ridionale, M\u00e9diterran\u00e9e","article_modified_time":"2022-10-27T10:08:43+00:00","og_image":[{"width":1531,"height":1054,"url":"https:\/\/telemme.mmsh.fr\/wp-content\/uploads\/2022\/05\/Illustrations_de_Voyages_pittoresques_de_...Saint-Non_Jean-Claude_btv1b20000478.jpeg","type":"image\/jpeg"}],"twitter_card":"summary_large_image","schema":{"@context":"https:\/\/schema.org","@graph":[{"@type":"WebPage","@id":"https:\/\/telemme.mmsh.fr\/?tribe_events=gouverner-la-ville-en-temps-de-crise","url":"https:\/\/telemme.mmsh.fr\/?tribe_events=gouverner-la-ville-en-temps-de-crise","name":"Gouverner la ville en temps de crise - TELEMMe - Temps, espaces, langages, Europe m\u00e9ridionale, M\u00e9diterran\u00e9e","isPartOf":{"@id":"https:\/\/telemme.mmsh.fr\/#website"},"primaryImageOfPage":{"@id":"https:\/\/telemme.mmsh.fr\/?tribe_events=gouverner-la-ville-en-temps-de-crise#primaryimage"},"image":{"@id":"https:\/\/telemme.mmsh.fr\/?tribe_events=gouverner-la-ville-en-temps-de-crise#primaryimage"},"thumbnailUrl":"https:\/\/telemme.mmsh.fr\/wp-content\/uploads\/2022\/05\/Illustrations_de_Voyages_pittoresques_de_...Saint-Non_Jean-Claude_btv1b20000478.jpeg","datePublished":"2022-05-02T14:14:14+00:00","dateModified":"2022-10-27T10:08:43+00:00","breadcrumb":{"@id":"https:\/\/telemme.mmsh.fr\/?tribe_events=gouverner-la-ville-en-temps-de-crise#breadcrumb"},"inLanguage":"fr-FR","potentialAction":[{"@type":"ReadAction","target":["https:\/\/telemme.mmsh.fr\/?tribe_events=gouverner-la-ville-en-temps-de-crise"]}]},{"@type":"ImageObject","inLanguage":"fr-FR","@id":"https:\/\/telemme.mmsh.fr\/?tribe_events=gouverner-la-ville-en-temps-de-crise#primaryimage","url":"https:\/\/telemme.mmsh.fr\/wp-content\/uploads\/2022\/05\/Illustrations_de_Voyages_pittoresques_de_...Saint-Non_Jean-Claude_btv1b20000478.jpeg","contentUrl":"https:\/\/telemme.mmsh.fr\/wp-content\/uploads\/2022\/05\/Illustrations_de_Voyages_pittoresques_de_...Saint-Non_Jean-Claude_btv1b20000478.jpeg","width":1531,"height":1054,"caption":"Illustrations de Voyages pittoresque de Naples et de Sicile, gravure de Berthaut, t. I, 1781, Biblioth\u00e8que nationale de France"},{"@type":"BreadcrumbList","@id":"https:\/\/telemme.mmsh.fr\/?tribe_events=gouverner-la-ville-en-temps-de-crise#breadcrumb","itemListElement":[{"@type":"ListItem","position":1,"name":"Accueil","item":"https:\/\/telemme.mmsh.fr\/"},{"@type":"ListItem","position":2,"name":"\u00c9v\u00e8nements","item":"https:\/\/telemme.mmsh.fr\/?post_type=tribe_events"},{"@type":"ListItem","position":3,"name":"S\u00e9minaire interlaboratoire","item":"https:\/\/telemme.mmsh.fr\/?tribe_events_cat=seminaire-interlaboratoire"},{"@type":"ListItem","position":4,"name":"S\u00e9minaire interlaboratoire \"L'autorit\u00e9 dans la ville de l'Antiquit\u00e9 \u00e0 nos jours\"","item":"https:\/\/telemme.mmsh.fr\/?tribe_events_cat=seminaire-interlaboratoire-lautorite-dans-la-ville-de-lantiquite-a-nos-jours"},{"@type":"ListItem","position":5,"name":"Gouverner la ville en temps de crise"}]},{"@type":"WebSite","@id":"https:\/\/telemme.mmsh.fr\/#website","url":"https:\/\/telemme.mmsh.fr\/","name":"TELEMMe - Temps, espaces, langages, Europe m\u00e9ridionale, M\u00e9diterran\u00e9e","description":"","publisher":{"@id":"https:\/\/telemme.mmsh.fr\/#organization"},"potentialAction":[{"@type":"SearchAction","target":{"@type":"EntryPoint","urlTemplate":"https:\/\/telemme.mmsh.fr\/?s={search_term_string}"},"query-input":{"@type":"PropertyValueSpecification","valueRequired":true,"valueName":"search_term_string"}}],"inLanguage":"fr-FR"},{"@type":"Organization","@id":"https:\/\/telemme.mmsh.fr\/#organization","name":"TELEMMe","url":"https:\/\/telemme.mmsh.fr\/","logo":{"@type":"ImageObject","inLanguage":"fr-FR","@id":"https:\/\/telemme.mmsh.fr\/#\/schema\/logo\/image\/","url":"https:\/\/telemme.mmsh.fr\/wp-content\/uploads\/2020\/03\/LogoTELEMMe-horizontal-fond-transparent.png","contentUrl":"https:\/\/telemme.mmsh.fr\/wp-content\/uploads\/2020\/03\/LogoTELEMMe-horizontal-fond-transparent.png","width":1500,"height":437,"caption":"TELEMMe"},"image":{"@id":"https:\/\/telemme.mmsh.fr\/#\/schema\/logo\/image\/"}}]}},"_links":{"self":[{"href":"https:\/\/telemme.mmsh.fr\/index.php?rest_route=\/wp\/v2\/tribe_events\/11065","targetHints":{"allow":["GET"]}}],"collection":[{"href":"https:\/\/telemme.mmsh.fr\/index.php?rest_route=\/wp\/v2\/tribe_events"}],"about":[{"href":"https:\/\/telemme.mmsh.fr\/index.php?rest_route=\/wp\/v2\/types\/tribe_events"}],"author":[{"embeddable":true,"href":"https:\/\/telemme.mmsh.fr\/index.php?rest_route=\/wp\/v2\/users\/6"}],"version-history":[{"count":1,"href":"https:\/\/telemme.mmsh.fr\/index.php?rest_route=\/wp\/v2\/tribe_events\/11065\/revisions"}],"predecessor-version":[{"id":11066,"href":"https:\/\/telemme.mmsh.fr\/index.php?rest_route=\/wp\/v2\/tribe_events\/11065\/revisions\/11066"}],"wp:featuredmedia":[{"embeddable":true,"href":"https:\/\/telemme.mmsh.fr\/index.php?rest_route=\/wp\/v2\/media\/11064"}],"wp:attachment":[{"href":"https:\/\/telemme.mmsh.fr\/index.php?rest_route=%2Fwp%2Fv2%2Fmedia&parent=11065"}],"wp:term":[{"taxonomy":"post_tag","embeddable":true,"href":"https:\/\/telemme.mmsh.fr\/index.php?rest_route=%2Fwp%2Fv2%2Ftags&post=11065"},{"taxonomy":"tribe_events_cat","embeddable":true,"href":"https:\/\/telemme.mmsh.fr\/index.php?rest_route=%2Fwp%2Fv2%2Ftribe_events_cat&post=11065"}],"curies":[{"name":"wp","href":"https:\/\/api.w.org\/{rel}","templated":true}]}}