{"id":11048,"date":"2022-04-29T10:49:23","date_gmt":"2022-04-29T08:49:23","guid":{"rendered":"https:\/\/telemme.mmsh.fr\/?post_type=tribe_events&#038;p=11048"},"modified":"2022-05-10T16:17:43","modified_gmt":"2022-05-10T14:17:43","slug":"les-juifs-les-musulmans-et-la-france-pour-dautres-recits","status":"publish","type":"tribe_events","link":"https:\/\/telemme.mmsh.fr\/?tribe_events=les-juifs-les-musulmans-et-la-france-pour-dautres-recits","title":{"rendered":"Les juifs, les musulmans et la France.  Pour d\u2019autres r\u00e9cits"},"content":{"rendered":"<p>Journ\u00e9e d&rsquo;\u00e9tudes organis\u00e9e par Karima Dir\u00e8che au Mucem, dans le prolongement de l&rsquo;exposition <a href=\"https:\/\/telemme.mmsh.fr\/?p=10946\"><em>Juifs et musulmans de la France coloniale \u00e0 nos jours<\/em><\/a>, au MNHI.<\/p>\n<p>Souvent pr\u00e9sent\u00e9e \u00e0 travers le prisme d\u2019un conflit h\u00e9r\u00e9ditaire entre deux populations, voire deux fr\u00e8res ennemis, l\u2019histoire des relations entre juifs et musulmans a longtemps p\u00e2ti d\u2019une vision partielle et partiale dans l\u2019opinion publique et m\u00e9diatique. Ces relations s\u2019av\u00e8rent pourtant bien plus complexes, et les d\u00e9bats qu\u2019elles g\u00e9n\u00e8rent ont tendance \u00e0 \u00e9luder le r\u00f4le de la France et de l\u2019\u00c9tat, essentiel dans la transformation de ces relations, tant en Afrique du Nord qu\u2019en France m\u00e9tropolitaine.<\/p>\n<p>Inscrite dans la dynamique de l\u2019exposition <a href=\"https:\/\/telemme.mmsh.fr\/?p=10946\"><em>Juifs et musulmans de France. De l\u2019Empire \u00e0 l\u2019Hexagone<\/em><\/a> inaugur\u00e9e le 4 avril au palais de la Porte Dor\u00e9e (Paris), cette journ\u00e9e d\u2019\u00e9tude souhaite contribuer \u00e0 l\u2019\u00e9clairage d\u2019une histoire et de ses acteurs dans ses circulations (du Maghreb colonial \u00e0 la France m\u00e9tropolitaine). Au rebours des grandes narrations qui se sont impos\u00e9es, elle privil\u00e9giera la d\u00e9marche micro en donnant la parole aux m\u00e9moires intimes et personnelles, et en analysant les r\u00e9cits alternatifs qui racontent une histoire partag\u00e9e, marqu\u00e9e par les rapprochements et les ruptures.<\/p>\n<p><a href=\"https:\/\/telemme.mmsh.fr\/?evenement=les-juifs-les-musulmans-et-la-france-pour-dautres-recits\"><strong>Programme complet<\/strong><\/a><\/p>\n","protected":false},"excerpt":{"rendered":"<p>Journ\u00e9e d&rsquo;\u00e9tudes organis\u00e9e par Karima Dir\u00e8che au Mucem, dans le prolongement de l&rsquo;exposition Juifs et musulmans de la France coloniale \u00e0 nos jours, au MNHI. Souvent pr\u00e9sent\u00e9e \u00e0 travers le&hellip;&nbsp;<a href=\"https:\/\/telemme.mmsh.fr\/?tribe_events=les-juifs-les-musulmans-et-la-france-pour-dautres-recits\" rel=\"bookmark\">Lire la suite &raquo;<span class=\"screen-reader-text\">Les juifs, les musulmans et la France.  Pour d\u2019autres r\u00e9cits<\/span><\/a><\/p>\n","protected":false},"author":6,"featured_media":11067,"template":"","meta":{"neve_meta_sidebar":"","neve_meta_container":"","neve_meta_enable_content_width":"","neve_meta_content_width":0,"neve_meta_title_alignment":"","neve_meta_author_avatar":"","neve_post_elements_order":"","neve_meta_disable_header":"","neve_meta_disable_footer":"","neve_meta_disable_title":"","_tribe_events_status":"","_tribe_events_status_reason":"","footnotes":""},"tags":[],"tribe_events_cat":[1823],"class_list":["post-11048","tribe_events","type-tribe_events","status-publish","has-post-thumbnail","hentry","tribe_events_cat-journee-detudes","cat_journee-detudes"],"yoast_head":"<!-- This site is optimized with the Yoast SEO plugin v27.4 - https:\/\/yoast.com\/product\/yoast-seo-wordpress\/ -->\n<title>Les juifs, les musulmans et la France. Pour d\u2019autres r\u00e9cits - TELEMMe - Temps, espaces, langages, Europe m\u00e9ridionale, M\u00e9diterran\u00e9e<\/title>\n<meta name=\"description\" content=\"Souvent pr\u00e9sent\u00e9e \u00e0 travers le prisme d\u2019un conflit h\u00e9r\u00e9ditaire entre deux populations, voire deux fr\u00e8res ennemis, l\u2019histoire des relations entre juifs et musulmans a longtemps p\u00e2ti d\u2019une vision partielle et partiale dans l\u2019opinion publique et m\u00e9diatique. Ces relations s\u2019av\u00e8rent pourtant bien plus complexes, et les d\u00e9bats qu\u2019elles g\u00e9n\u00e8rent ont tendance \u00e0 \u00e9luder le r\u00f4le de la France et de l\u2019\u00c9tat, essentiel dans la transformation de ces relations, tant en Afrique du Nord qu\u2019en France m\u00e9tropolitaine.Inscrite dans la dynamique de l\u2019exposition Juifs et musulmans de France. De l\u2019Empire \u00e0 l\u2019Hexagone inaugur\u00e9e le 4 avril au palais de la Porte Dor\u00e9e (Paris), cette journ\u00e9e d\u2019\u00e9tude souhaite contribuer \u00e0 l\u2019\u00e9clairage d\u2019une histoire et de ses acteurs dans ses circulations (du Maghreb colonial \u00e0 la France m\u00e9tropolitaine). Au rebours des grandes narrations qui se sont impos\u00e9es, elle privil\u00e9giera la d\u00e9marche micro en donnant la parole aux m\u00e9moires intimes et personnelles, et en analysant les r\u00e9cits alternatifs qui racontent une histoire partag\u00e9e, marqu\u00e9e par les rapprochements et les ruptures.\" \/>\n<meta name=\"robots\" content=\"index, follow, max-snippet:-1, max-image-preview:large, max-video-preview:-1\" \/>\n<link rel=\"canonical\" href=\"https:\/\/telemme.mmsh.fr\/?tribe_events=les-juifs-les-musulmans-et-la-france-pour-dautres-recits\" \/>\n<meta property=\"og:locale\" content=\"fr_FR\" \/>\n<meta property=\"og:type\" content=\"article\" \/>\n<meta property=\"og:title\" content=\"Les juifs, les musulmans et la France. Pour d\u2019autres r\u00e9cits - TELEMMe - Temps, espaces, langages, Europe m\u00e9ridionale, M\u00e9diterran\u00e9e\" \/>\n<meta property=\"og:description\" content=\"Souvent pr\u00e9sent\u00e9e \u00e0 travers le prisme d\u2019un conflit h\u00e9r\u00e9ditaire entre deux populations, voire deux fr\u00e8res ennemis, l\u2019histoire des relations entre juifs et musulmans a longtemps p\u00e2ti d\u2019une vision partielle et partiale dans l\u2019opinion publique et m\u00e9diatique. Ces relations s\u2019av\u00e8rent pourtant bien plus complexes, et les d\u00e9bats qu\u2019elles g\u00e9n\u00e8rent ont tendance \u00e0 \u00e9luder le r\u00f4le de la France et de l\u2019\u00c9tat, essentiel dans la transformation de ces relations, tant en Afrique du Nord qu\u2019en France m\u00e9tropolitaine.Inscrite dans la dynamique de l\u2019exposition Juifs et musulmans de France. De l\u2019Empire \u00e0 l\u2019Hexagone inaugur\u00e9e le 4 avril au palais de la Porte Dor\u00e9e (Paris), cette journ\u00e9e d\u2019\u00e9tude souhaite contribuer \u00e0 l\u2019\u00e9clairage d\u2019une histoire et de ses acteurs dans ses circulations (du Maghreb colonial \u00e0 la France m\u00e9tropolitaine). Au rebours des grandes narrations qui se sont impos\u00e9es, elle privil\u00e9giera la d\u00e9marche micro en donnant la parole aux m\u00e9moires intimes et personnelles, et en analysant les r\u00e9cits alternatifs qui racontent une histoire partag\u00e9e, marqu\u00e9e par les rapprochements et les ruptures.\" \/>\n<meta property=\"og:url\" content=\"https:\/\/telemme.mmsh.fr\/?tribe_events=les-juifs-les-musulmans-et-la-france-pour-dautres-recits\" \/>\n<meta property=\"og:site_name\" content=\"TELEMMe - Temps, espaces, langages, Europe m\u00e9ridionale, M\u00e9diterran\u00e9e\" \/>\n<meta property=\"article:modified_time\" content=\"2022-05-10T14:17:43+00:00\" \/>\n<meta property=\"og:image\" content=\"https:\/\/telemme.mmsh.fr\/wp-content\/uploads\/2022\/04\/Vue-dAlger-\u00a9-Mucem.jpg\" \/>\n\t<meta property=\"og:image:width\" content=\"1300\" \/>\n\t<meta property=\"og:image:height\" content=\"975\" \/>\n\t<meta property=\"og:image:type\" content=\"image\/jpeg\" \/>\n<meta name=\"twitter:card\" content=\"summary_large_image\" \/>\n<meta name=\"twitter:label1\" content=\"Dur\u00e9e de lecture estim\u00e9e\" \/>\n\t<meta name=\"twitter:data1\" content=\"1 minute\" \/>\n<script type=\"application\/ld+json\" class=\"yoast-schema-graph\">{\"@context\":\"https:\\\/\\\/schema.org\",\"@graph\":[{\"@type\":\"WebPage\",\"@id\":\"https:\\\/\\\/telemme.mmsh.fr\\\/?tribe_events=les-juifs-les-musulmans-et-la-france-pour-dautres-recits\",\"url\":\"https:\\\/\\\/telemme.mmsh.fr\\\/?tribe_events=les-juifs-les-musulmans-et-la-france-pour-dautres-recits\",\"name\":\"Les juifs, les musulmans et la France. Pour d\u2019autres r\u00e9cits - TELEMMe - Temps, espaces, langages, Europe m\u00e9ridionale, M\u00e9diterran\u00e9e\",\"isPartOf\":{\"@id\":\"https:\\\/\\\/telemme.mmsh.fr\\\/#website\"},\"primaryImageOfPage\":{\"@id\":\"https:\\\/\\\/telemme.mmsh.fr\\\/?tribe_events=les-juifs-les-musulmans-et-la-france-pour-dautres-recits#primaryimage\"},\"image\":{\"@id\":\"https:\\\/\\\/telemme.mmsh.fr\\\/?tribe_events=les-juifs-les-musulmans-et-la-france-pour-dautres-recits#primaryimage\"},\"thumbnailUrl\":\"https:\\\/\\\/telemme.mmsh.fr\\\/wp-content\\\/uploads\\\/2022\\\/04\\\/Vue-dAlger-\u00a9-Mucem.jpg\",\"datePublished\":\"2022-04-29T08:49:23+00:00\",\"dateModified\":\"2022-05-10T14:17:43+00:00\",\"description\":\"Souvent pr\u00e9sent\u00e9e \u00e0 travers le prisme d\u2019un conflit h\u00e9r\u00e9ditaire entre deux populations, voire deux fr\u00e8res ennemis, l\u2019histoire des relations entre juifs et musulmans a longtemps p\u00e2ti d\u2019une vision partielle et partiale dans l\u2019opinion publique et m\u00e9diatique. Ces relations s\u2019av\u00e8rent pourtant bien plus complexes, et les d\u00e9bats qu\u2019elles g\u00e9n\u00e8rent ont tendance \u00e0 \u00e9luder le r\u00f4le de la France et de l\u2019\u00c9tat, essentiel dans la transformation de ces relations, tant en Afrique du Nord qu\u2019en France m\u00e9tropolitaine.Inscrite dans la dynamique de l\u2019exposition Juifs et musulmans de France. De l\u2019Empire \u00e0 l\u2019Hexagone inaugur\u00e9e le 4 avril au palais de la Porte Dor\u00e9e (Paris), cette journ\u00e9e d\u2019\u00e9tude souhaite contribuer \u00e0 l\u2019\u00e9clairage d\u2019une histoire et de ses acteurs dans ses circulations (du Maghreb colonial \u00e0 la France m\u00e9tropolitaine). Au rebours des grandes narrations qui se sont impos\u00e9es, elle privil\u00e9giera la d\u00e9marche micro en donnant la parole aux m\u00e9moires intimes et personnelles, et en analysant les r\u00e9cits alternatifs qui racontent une histoire partag\u00e9e, marqu\u00e9e par les rapprochements et les ruptures.\",\"breadcrumb\":{\"@id\":\"https:\\\/\\\/telemme.mmsh.fr\\\/?tribe_events=les-juifs-les-musulmans-et-la-france-pour-dautres-recits#breadcrumb\"},\"inLanguage\":\"fr-FR\",\"potentialAction\":[{\"@type\":\"ReadAction\",\"target\":[\"https:\\\/\\\/telemme.mmsh.fr\\\/?tribe_events=les-juifs-les-musulmans-et-la-france-pour-dautres-recits\"]}]},{\"@type\":\"ImageObject\",\"inLanguage\":\"fr-FR\",\"@id\":\"https:\\\/\\\/telemme.mmsh.fr\\\/?tribe_events=les-juifs-les-musulmans-et-la-france-pour-dautres-recits#primaryimage\",\"url\":\"https:\\\/\\\/telemme.mmsh.fr\\\/wp-content\\\/uploads\\\/2022\\\/04\\\/Vue-dAlger-\u00a9-Mucem.jpg\",\"contentUrl\":\"https:\\\/\\\/telemme.mmsh.fr\\\/wp-content\\\/uploads\\\/2022\\\/04\\\/Vue-dAlger-\u00a9-Mucem.jpg\",\"width\":1300,\"height\":975,\"caption\":\"[#Beginning of Shooting Data Section] Nikon D700 18\\\/10\\\/2008 06:08:03.64 Fuseau horaire\\\/date : UTC, Heure d'??t??:D??sactiv??e RAW, compression sans perte (12 bits) Taille d'image : L (4256 x 2832), FX Objectif : 24-70mm f\\\/2,8G Photographe : Copyright : Focale : 58mm Mode d'exposition : Manuel Mesure : Matricielle Vitesse d'obturation : 1\\\/10s Ouverture : f\\\/18 Correction expo. : 0IL R??gl. pr??cis expo. : Sensibilit?? : ISO 200 Optimisation image : Balance des blancs : Pr??-r??glage manuel d-0, 0, 0 Mode mise au point : AF-S Mode de zone AF : AF ?? d??tection de contraste R??glage pr??cis AF : D??sactiv?? VR : R??duction du bruit : D??sactiv??e R??duc. bruit ISO : D??sactiv??e Mode couleur : Espace colorim??trique : Adobe RVB Correction des tons : R??glage des teintes : Saturation : Accentuation : D-Lighting actif : D??sactiv?? Contr??le du vignetage : Normal Contr??le auto de la distorsion : Picture Control : [SD] Standard Fond?? sur : [SD] Standard R??glage rapide : 0 Accentuation : 3 Contraste : 0 Luminosit?? : 0 Saturation : 0 Teinte : 0 Effets de filtres : Virage : Sys coord : Authentification : D??sactiv??e Nettoyage du capteur d'image : [#End of Shooting Data Section]\"},{\"@type\":\"BreadcrumbList\",\"@id\":\"https:\\\/\\\/telemme.mmsh.fr\\\/?tribe_events=les-juifs-les-musulmans-et-la-france-pour-dautres-recits#breadcrumb\",\"itemListElement\":[{\"@type\":\"ListItem\",\"position\":1,\"name\":\"Accueil\",\"item\":\"https:\\\/\\\/telemme.mmsh.fr\\\/\"},{\"@type\":\"ListItem\",\"position\":2,\"name\":\"\u00c9v\u00e8nements\",\"item\":\"https:\\\/\\\/telemme.mmsh.fr\\\/?post_type=tribe_events\"},{\"@type\":\"ListItem\",\"position\":3,\"name\":\"Journ\u00e9e d'\u00e9tudes\",\"item\":\"https:\\\/\\\/telemme.mmsh.fr\\\/?tribe_events_cat=journee-detudes\"},{\"@type\":\"ListItem\",\"position\":4,\"name\":\"Les juifs, les musulmans et la France. Pour d\u2019autres r\u00e9cits\"}]},{\"@type\":\"WebSite\",\"@id\":\"https:\\\/\\\/telemme.mmsh.fr\\\/#website\",\"url\":\"https:\\\/\\\/telemme.mmsh.fr\\\/\",\"name\":\"TELEMMe - Temps, espaces, langages, Europe m\u00e9ridionale, M\u00e9diterran\u00e9e\",\"description\":\"\",\"publisher\":{\"@id\":\"https:\\\/\\\/telemme.mmsh.fr\\\/#organization\"},\"potentialAction\":[{\"@type\":\"SearchAction\",\"target\":{\"@type\":\"EntryPoint\",\"urlTemplate\":\"https:\\\/\\\/telemme.mmsh.fr\\\/?s={search_term_string}\"},\"query-input\":{\"@type\":\"PropertyValueSpecification\",\"valueRequired\":true,\"valueName\":\"search_term_string\"}}],\"inLanguage\":\"fr-FR\"},{\"@type\":\"Organization\",\"@id\":\"https:\\\/\\\/telemme.mmsh.fr\\\/#organization\",\"name\":\"TELEMMe\",\"url\":\"https:\\\/\\\/telemme.mmsh.fr\\\/\",\"logo\":{\"@type\":\"ImageObject\",\"inLanguage\":\"fr-FR\",\"@id\":\"https:\\\/\\\/telemme.mmsh.fr\\\/#\\\/schema\\\/logo\\\/image\\\/\",\"url\":\"https:\\\/\\\/telemme.mmsh.fr\\\/wp-content\\\/uploads\\\/2020\\\/03\\\/LogoTELEMMe-horizontal-fond-transparent.png\",\"contentUrl\":\"https:\\\/\\\/telemme.mmsh.fr\\\/wp-content\\\/uploads\\\/2020\\\/03\\\/LogoTELEMMe-horizontal-fond-transparent.png\",\"width\":1500,\"height\":437,\"caption\":\"TELEMMe\"},\"image\":{\"@id\":\"https:\\\/\\\/telemme.mmsh.fr\\\/#\\\/schema\\\/logo\\\/image\\\/\"}}]}<\/script>\n<!-- \/ Yoast SEO plugin. -->","yoast_head_json":{"title":"Les juifs, les musulmans et la France. Pour d\u2019autres r\u00e9cits - TELEMMe - Temps, espaces, langages, Europe m\u00e9ridionale, M\u00e9diterran\u00e9e","description":"Souvent pr\u00e9sent\u00e9e \u00e0 travers le prisme d\u2019un conflit h\u00e9r\u00e9ditaire entre deux populations, voire deux fr\u00e8res ennemis, l\u2019histoire des relations entre juifs et musulmans a longtemps p\u00e2ti d\u2019une vision partielle et partiale dans l\u2019opinion publique et m\u00e9diatique. Ces relations s\u2019av\u00e8rent pourtant bien plus complexes, et les d\u00e9bats qu\u2019elles g\u00e9n\u00e8rent ont tendance \u00e0 \u00e9luder le r\u00f4le de la France et de l\u2019\u00c9tat, essentiel dans la transformation de ces relations, tant en Afrique du Nord qu\u2019en France m\u00e9tropolitaine.Inscrite dans la dynamique de l\u2019exposition Juifs et musulmans de France. De l\u2019Empire \u00e0 l\u2019Hexagone inaugur\u00e9e le 4 avril au palais de la Porte Dor\u00e9e (Paris), cette journ\u00e9e d\u2019\u00e9tude souhaite contribuer \u00e0 l\u2019\u00e9clairage d\u2019une histoire et de ses acteurs dans ses circulations (du Maghreb colonial \u00e0 la France m\u00e9tropolitaine). Au rebours des grandes narrations qui se sont impos\u00e9es, elle privil\u00e9giera la d\u00e9marche micro en donnant la parole aux m\u00e9moires intimes et personnelles, et en analysant les r\u00e9cits alternatifs qui racontent une histoire partag\u00e9e, marqu\u00e9e par les rapprochements et les ruptures.","robots":{"index":"index","follow":"follow","max-snippet":"max-snippet:-1","max-image-preview":"max-image-preview:large","max-video-preview":"max-video-preview:-1"},"canonical":"https:\/\/telemme.mmsh.fr\/?tribe_events=les-juifs-les-musulmans-et-la-france-pour-dautres-recits","og_locale":"fr_FR","og_type":"article","og_title":"Les juifs, les musulmans et la France. Pour d\u2019autres r\u00e9cits - TELEMMe - Temps, espaces, langages, Europe m\u00e9ridionale, M\u00e9diterran\u00e9e","og_description":"Souvent pr\u00e9sent\u00e9e \u00e0 travers le prisme d\u2019un conflit h\u00e9r\u00e9ditaire entre deux populations, voire deux fr\u00e8res ennemis, l\u2019histoire des relations entre juifs et musulmans a longtemps p\u00e2ti d\u2019une vision partielle et partiale dans l\u2019opinion publique et m\u00e9diatique. Ces relations s\u2019av\u00e8rent pourtant bien plus complexes, et les d\u00e9bats qu\u2019elles g\u00e9n\u00e8rent ont tendance \u00e0 \u00e9luder le r\u00f4le de la France et de l\u2019\u00c9tat, essentiel dans la transformation de ces relations, tant en Afrique du Nord qu\u2019en France m\u00e9tropolitaine.Inscrite dans la dynamique de l\u2019exposition Juifs et musulmans de France. De l\u2019Empire \u00e0 l\u2019Hexagone inaugur\u00e9e le 4 avril au palais de la Porte Dor\u00e9e (Paris), cette journ\u00e9e d\u2019\u00e9tude souhaite contribuer \u00e0 l\u2019\u00e9clairage d\u2019une histoire et de ses acteurs dans ses circulations (du Maghreb colonial \u00e0 la France m\u00e9tropolitaine). Au rebours des grandes narrations qui se sont impos\u00e9es, elle privil\u00e9giera la d\u00e9marche micro en donnant la parole aux m\u00e9moires intimes et personnelles, et en analysant les r\u00e9cits alternatifs qui racontent une histoire partag\u00e9e, marqu\u00e9e par les rapprochements et les ruptures.","og_url":"https:\/\/telemme.mmsh.fr\/?tribe_events=les-juifs-les-musulmans-et-la-france-pour-dautres-recits","og_site_name":"TELEMMe - Temps, espaces, langages, Europe m\u00e9ridionale, M\u00e9diterran\u00e9e","article_modified_time":"2022-05-10T14:17:43+00:00","og_image":[{"width":1300,"height":975,"url":"https:\/\/telemme.mmsh.fr\/wp-content\/uploads\/2022\/04\/Vue-dAlger-\u00a9-Mucem.jpg","type":"image\/jpeg"}],"twitter_card":"summary_large_image","twitter_misc":{"Dur\u00e9e de lecture estim\u00e9e":"1 minute"},"schema":{"@context":"https:\/\/schema.org","@graph":[{"@type":"WebPage","@id":"https:\/\/telemme.mmsh.fr\/?tribe_events=les-juifs-les-musulmans-et-la-france-pour-dautres-recits","url":"https:\/\/telemme.mmsh.fr\/?tribe_events=les-juifs-les-musulmans-et-la-france-pour-dautres-recits","name":"Les juifs, les musulmans et la France. Pour d\u2019autres r\u00e9cits - TELEMMe - Temps, espaces, langages, Europe m\u00e9ridionale, M\u00e9diterran\u00e9e","isPartOf":{"@id":"https:\/\/telemme.mmsh.fr\/#website"},"primaryImageOfPage":{"@id":"https:\/\/telemme.mmsh.fr\/?tribe_events=les-juifs-les-musulmans-et-la-france-pour-dautres-recits#primaryimage"},"image":{"@id":"https:\/\/telemme.mmsh.fr\/?tribe_events=les-juifs-les-musulmans-et-la-france-pour-dautres-recits#primaryimage"},"thumbnailUrl":"https:\/\/telemme.mmsh.fr\/wp-content\/uploads\/2022\/04\/Vue-dAlger-\u00a9-Mucem.jpg","datePublished":"2022-04-29T08:49:23+00:00","dateModified":"2022-05-10T14:17:43+00:00","description":"Souvent pr\u00e9sent\u00e9e \u00e0 travers le prisme d\u2019un conflit h\u00e9r\u00e9ditaire entre deux populations, voire deux fr\u00e8res ennemis, l\u2019histoire des relations entre juifs et musulmans a longtemps p\u00e2ti d\u2019une vision partielle et partiale dans l\u2019opinion publique et m\u00e9diatique. Ces relations s\u2019av\u00e8rent pourtant bien plus complexes, et les d\u00e9bats qu\u2019elles g\u00e9n\u00e8rent ont tendance \u00e0 \u00e9luder le r\u00f4le de la France et de l\u2019\u00c9tat, essentiel dans la transformation de ces relations, tant en Afrique du Nord qu\u2019en France m\u00e9tropolitaine.Inscrite dans la dynamique de l\u2019exposition Juifs et musulmans de France. De l\u2019Empire \u00e0 l\u2019Hexagone inaugur\u00e9e le 4 avril au palais de la Porte Dor\u00e9e (Paris), cette journ\u00e9e d\u2019\u00e9tude souhaite contribuer \u00e0 l\u2019\u00e9clairage d\u2019une histoire et de ses acteurs dans ses circulations (du Maghreb colonial \u00e0 la France m\u00e9tropolitaine). Au rebours des grandes narrations qui se sont impos\u00e9es, elle privil\u00e9giera la d\u00e9marche micro en donnant la parole aux m\u00e9moires intimes et personnelles, et en analysant les r\u00e9cits alternatifs qui racontent une histoire partag\u00e9e, marqu\u00e9e par les rapprochements et les ruptures.","breadcrumb":{"@id":"https:\/\/telemme.mmsh.fr\/?tribe_events=les-juifs-les-musulmans-et-la-france-pour-dautres-recits#breadcrumb"},"inLanguage":"fr-FR","potentialAction":[{"@type":"ReadAction","target":["https:\/\/telemme.mmsh.fr\/?tribe_events=les-juifs-les-musulmans-et-la-france-pour-dautres-recits"]}]},{"@type":"ImageObject","inLanguage":"fr-FR","@id":"https:\/\/telemme.mmsh.fr\/?tribe_events=les-juifs-les-musulmans-et-la-france-pour-dautres-recits#primaryimage","url":"https:\/\/telemme.mmsh.fr\/wp-content\/uploads\/2022\/04\/Vue-dAlger-\u00a9-Mucem.jpg","contentUrl":"https:\/\/telemme.mmsh.fr\/wp-content\/uploads\/2022\/04\/Vue-dAlger-\u00a9-Mucem.jpg","width":1300,"height":975,"caption":"[#Beginning of Shooting Data Section] Nikon D700 18\/10\/2008 06:08:03.64 Fuseau horaire\/date : UTC, Heure d'??t??:D??sactiv??e RAW, compression sans perte (12 bits) Taille d'image : L (4256 x 2832), FX Objectif : 24-70mm f\/2,8G Photographe : Copyright : Focale : 58mm Mode d'exposition : Manuel Mesure : Matricielle Vitesse d'obturation : 1\/10s Ouverture : f\/18 Correction expo. : 0IL R??gl. pr??cis expo. : Sensibilit?? : ISO 200 Optimisation image : Balance des blancs : Pr??-r??glage manuel d-0, 0, 0 Mode mise au point : AF-S Mode de zone AF : AF ?? d??tection de contraste R??glage pr??cis AF : D??sactiv?? VR : R??duction du bruit : D??sactiv??e R??duc. bruit ISO : D??sactiv??e Mode couleur : Espace colorim??trique : Adobe RVB Correction des tons : R??glage des teintes : Saturation : Accentuation : D-Lighting actif : D??sactiv?? Contr??le du vignetage : Normal Contr??le auto de la distorsion : Picture Control : [SD] Standard Fond?? sur : [SD] Standard R??glage rapide : 0 Accentuation : 3 Contraste : 0 Luminosit?? : 0 Saturation : 0 Teinte : 0 Effets de filtres : Virage : Sys coord : Authentification : D??sactiv??e Nettoyage du capteur d'image : [#End of Shooting Data Section]"},{"@type":"BreadcrumbList","@id":"https:\/\/telemme.mmsh.fr\/?tribe_events=les-juifs-les-musulmans-et-la-france-pour-dautres-recits#breadcrumb","itemListElement":[{"@type":"ListItem","position":1,"name":"Accueil","item":"https:\/\/telemme.mmsh.fr\/"},{"@type":"ListItem","position":2,"name":"\u00c9v\u00e8nements","item":"https:\/\/telemme.mmsh.fr\/?post_type=tribe_events"},{"@type":"ListItem","position":3,"name":"Journ\u00e9e d'\u00e9tudes","item":"https:\/\/telemme.mmsh.fr\/?tribe_events_cat=journee-detudes"},{"@type":"ListItem","position":4,"name":"Les juifs, les musulmans et la France. Pour d\u2019autres r\u00e9cits"}]},{"@type":"WebSite","@id":"https:\/\/telemme.mmsh.fr\/#website","url":"https:\/\/telemme.mmsh.fr\/","name":"TELEMMe - Temps, espaces, langages, Europe m\u00e9ridionale, M\u00e9diterran\u00e9e","description":"","publisher":{"@id":"https:\/\/telemme.mmsh.fr\/#organization"},"potentialAction":[{"@type":"SearchAction","target":{"@type":"EntryPoint","urlTemplate":"https:\/\/telemme.mmsh.fr\/?s={search_term_string}"},"query-input":{"@type":"PropertyValueSpecification","valueRequired":true,"valueName":"search_term_string"}}],"inLanguage":"fr-FR"},{"@type":"Organization","@id":"https:\/\/telemme.mmsh.fr\/#organization","name":"TELEMMe","url":"https:\/\/telemme.mmsh.fr\/","logo":{"@type":"ImageObject","inLanguage":"fr-FR","@id":"https:\/\/telemme.mmsh.fr\/#\/schema\/logo\/image\/","url":"https:\/\/telemme.mmsh.fr\/wp-content\/uploads\/2020\/03\/LogoTELEMMe-horizontal-fond-transparent.png","contentUrl":"https:\/\/telemme.mmsh.fr\/wp-content\/uploads\/2020\/03\/LogoTELEMMe-horizontal-fond-transparent.png","width":1500,"height":437,"caption":"TELEMMe"},"image":{"@id":"https:\/\/telemme.mmsh.fr\/#\/schema\/logo\/image\/"}}]}},"_links":{"self":[{"href":"https:\/\/telemme.mmsh.fr\/index.php?rest_route=\/wp\/v2\/tribe_events\/11048","targetHints":{"allow":["GET"]}}],"collection":[{"href":"https:\/\/telemme.mmsh.fr\/index.php?rest_route=\/wp\/v2\/tribe_events"}],"about":[{"href":"https:\/\/telemme.mmsh.fr\/index.php?rest_route=\/wp\/v2\/types\/tribe_events"}],"author":[{"embeddable":true,"href":"https:\/\/telemme.mmsh.fr\/index.php?rest_route=\/wp\/v2\/users\/6"}],"version-history":[{"count":4,"href":"https:\/\/telemme.mmsh.fr\/index.php?rest_route=\/wp\/v2\/tribe_events\/11048\/revisions"}],"predecessor-version":[{"id":11078,"href":"https:\/\/telemme.mmsh.fr\/index.php?rest_route=\/wp\/v2\/tribe_events\/11048\/revisions\/11078"}],"wp:featuredmedia":[{"embeddable":true,"href":"https:\/\/telemme.mmsh.fr\/index.php?rest_route=\/wp\/v2\/media\/11067"}],"wp:attachment":[{"href":"https:\/\/telemme.mmsh.fr\/index.php?rest_route=%2Fwp%2Fv2%2Fmedia&parent=11048"}],"wp:term":[{"taxonomy":"post_tag","embeddable":true,"href":"https:\/\/telemme.mmsh.fr\/index.php?rest_route=%2Fwp%2Fv2%2Ftags&post=11048"},{"taxonomy":"tribe_events_cat","embeddable":true,"href":"https:\/\/telemme.mmsh.fr\/index.php?rest_route=%2Fwp%2Fv2%2Ftribe_events_cat&post=11048"}],"curies":[{"name":"wp","href":"https:\/\/api.w.org\/{rel}","templated":true}]}}