{"id":11044,"date":"2022-04-29T10:40:58","date_gmt":"2022-04-29T08:40:58","guid":{"rendered":"https:\/\/telemme.mmsh.fr\/?post_type=tribe_events&#038;p=11044"},"modified":"2022-04-29T10:40:58","modified_gmt":"2022-04-29T08:40:58","slug":"frondeuses-et-nobles-vendeennes-des-aristocrates-dans-les-crises-politiques","status":"publish","type":"tribe_events","link":"https:\/\/telemme.mmsh.fr\/?tribe_events=frondeuses-et-nobles-vendeennes-des-aristocrates-dans-les-crises-politiques","title":{"rendered":"Frondeuses et nobles vend\u00e9ennes, des aristocrates dans les crises politiques"},"content":{"rendered":"<p>La Fronde est probablement la crise politique la plus importante qu&rsquo;ait connue le Royaume de France au XVIIe si\u00e8cle. Des femmes nobles ont jou\u00e9 un grand r\u00f4le dans cette contestation. L&rsquo;id\u00e9ologie des Frondeuses para\u00eet \u00e0 bien des \u00e9gards comparable \u00e0 celle des nobles vend\u00e9ennes en lutte contre la construction de l&rsquo;\u00c9tat r\u00e9publicain comme en t\u00e9moignent deux M\u00e9moires fameux ceux de la Grande Mademoiselle et ceux de la marquise de La Rochejaquelein. Ces crises politiques majeures ont permis \u00e0 des femmes des actions politiques et militaires dont la perception s&rsquo;est av\u00e9r\u00e9e bien diff\u00e9rente dans la m\u00e9moire et l&rsquo;historiographie.<\/p>\n<p><a href=\"https:\/\/telemme.mmsh.fr\/?evenement=frondeuses-et-nobles-vendeennes-des-aristocrates-dans-les-crises-politiques\"><strong>Programme complet<\/strong><\/a><\/p>\n","protected":false},"excerpt":{"rendered":"<p>La Fronde est probablement la crise politique la plus importante qu&rsquo;ait connue le Royaume de France au XVIIe si\u00e8cle. Des femmes nobles ont jou\u00e9 un grand r\u00f4le dans cette contestation.&hellip;&nbsp;<a href=\"https:\/\/telemme.mmsh.fr\/?tribe_events=frondeuses-et-nobles-vendeennes-des-aristocrates-dans-les-crises-politiques\" rel=\"bookmark\">Lire la suite &raquo;<span class=\"screen-reader-text\">Frondeuses et nobles vend\u00e9ennes, des aristocrates dans les crises politiques<\/span><\/a><\/p>\n","protected":false},"author":6,"featured_media":3533,"template":"","meta":{"neve_meta_sidebar":"","neve_meta_container":"","neve_meta_enable_content_width":"","neve_meta_content_width":0,"neve_meta_title_alignment":"","neve_meta_author_avatar":"","neve_post_elements_order":"","neve_meta_disable_header":"","neve_meta_disable_footer":"","neve_meta_disable_title":"","_tribe_events_status":"","_tribe_events_status_reason":"","footnotes":""},"tags":[1834],"tribe_events_cat":[1831],"class_list":["post-11044","tribe_events","type-tribe_events","status-publish","has-post-thumbnail","hentry","tag-2-3-gecris-gefem","tribe_events_cat-seminaire","cat_seminaire"],"yoast_head":"<!-- This site is optimized with the Yoast SEO plugin v27.4 - https:\/\/yoast.com\/product\/yoast-seo-wordpress\/ -->\n<title>Frondeuses et nobles vend\u00e9ennes, des aristocrates dans les crises politiques - TELEMMe - Temps, espaces, langages, Europe m\u00e9ridionale, M\u00e9diterran\u00e9e<\/title>\n<meta name=\"robots\" content=\"index, follow, max-snippet:-1, max-image-preview:large, max-video-preview:-1\" \/>\n<link rel=\"canonical\" href=\"https:\/\/telemme.mmsh.fr\/?tribe_events=frondeuses-et-nobles-vendeennes-des-aristocrates-dans-les-crises-politiques\" \/>\n<meta property=\"og:locale\" content=\"fr_FR\" \/>\n<meta property=\"og:type\" content=\"article\" \/>\n<meta property=\"og:title\" content=\"Frondeuses et nobles vend\u00e9ennes, des aristocrates dans les crises politiques - TELEMMe - Temps, espaces, langages, Europe m\u00e9ridionale, M\u00e9diterran\u00e9e\" \/>\n<meta property=\"og:description\" content=\"La Fronde est probablement la crise politique la plus importante qu&rsquo;ait connue le Royaume de France au XVIIe si\u00e8cle. Des femmes nobles ont jou\u00e9 un grand r\u00f4le dans cette contestation.&hellip;&nbsp;Lire la suite &raquo;Frondeuses et nobles vend\u00e9ennes, des aristocrates dans les crises politiques\" \/>\n<meta property=\"og:url\" content=\"https:\/\/telemme.mmsh.fr\/?tribe_events=frondeuses-et-nobles-vendeennes-des-aristocrates-dans-les-crises-politiques\" \/>\n<meta property=\"og:site_name\" content=\"TELEMMe - Temps, espaces, langages, Europe m\u00e9ridionale, M\u00e9diterran\u00e9e\" \/>\n<meta property=\"og:image\" content=\"https:\/\/telemme.mmsh.fr\/wp-content\/uploads\/2021\/01\/GRAVURE-FOND-VIOLET-light.jpg\" \/>\n\t<meta property=\"og:image:width\" content=\"300\" \/>\n\t<meta property=\"og:image:height\" content=\"400\" \/>\n\t<meta property=\"og:image:type\" content=\"image\/jpeg\" \/>\n<meta name=\"twitter:card\" content=\"summary_large_image\" \/>\n<meta name=\"twitter:label1\" content=\"Dur\u00e9e de lecture estim\u00e9e\" \/>\n\t<meta name=\"twitter:data1\" content=\"1 minute\" \/>\n<script type=\"application\/ld+json\" class=\"yoast-schema-graph\">{\"@context\":\"https:\\\/\\\/schema.org\",\"@graph\":[{\"@type\":\"WebPage\",\"@id\":\"https:\\\/\\\/telemme.mmsh.fr\\\/?tribe_events=frondeuses-et-nobles-vendeennes-des-aristocrates-dans-les-crises-politiques\",\"url\":\"https:\\\/\\\/telemme.mmsh.fr\\\/?tribe_events=frondeuses-et-nobles-vendeennes-des-aristocrates-dans-les-crises-politiques\",\"name\":\"Frondeuses et nobles vend\u00e9ennes, des aristocrates dans les crises politiques - TELEMMe - Temps, espaces, langages, Europe m\u00e9ridionale, M\u00e9diterran\u00e9e\",\"isPartOf\":{\"@id\":\"https:\\\/\\\/telemme.mmsh.fr\\\/#website\"},\"primaryImageOfPage\":{\"@id\":\"https:\\\/\\\/telemme.mmsh.fr\\\/?tribe_events=frondeuses-et-nobles-vendeennes-des-aristocrates-dans-les-crises-politiques#primaryimage\"},\"image\":{\"@id\":\"https:\\\/\\\/telemme.mmsh.fr\\\/?tribe_events=frondeuses-et-nobles-vendeennes-des-aristocrates-dans-les-crises-politiques#primaryimage\"},\"thumbnailUrl\":\"https:\\\/\\\/telemme.mmsh.fr\\\/wp-content\\\/uploads\\\/2021\\\/01\\\/GRAVURE-FOND-VIOLET-light.jpg\",\"datePublished\":\"2022-04-29T08:40:58+00:00\",\"breadcrumb\":{\"@id\":\"https:\\\/\\\/telemme.mmsh.fr\\\/?tribe_events=frondeuses-et-nobles-vendeennes-des-aristocrates-dans-les-crises-politiques#breadcrumb\"},\"inLanguage\":\"fr-FR\",\"potentialAction\":[{\"@type\":\"ReadAction\",\"target\":[\"https:\\\/\\\/telemme.mmsh.fr\\\/?tribe_events=frondeuses-et-nobles-vendeennes-des-aristocrates-dans-les-crises-politiques\"]}]},{\"@type\":\"ImageObject\",\"inLanguage\":\"fr-FR\",\"@id\":\"https:\\\/\\\/telemme.mmsh.fr\\\/?tribe_events=frondeuses-et-nobles-vendeennes-des-aristocrates-dans-les-crises-politiques#primaryimage\",\"url\":\"https:\\\/\\\/telemme.mmsh.fr\\\/wp-content\\\/uploads\\\/2021\\\/01\\\/GRAVURE-FOND-VIOLET-light.jpg\",\"contentUrl\":\"https:\\\/\\\/telemme.mmsh.fr\\\/wp-content\\\/uploads\\\/2021\\\/01\\\/GRAVURE-FOND-VIOLET-light.jpg\",\"width\":300,\"height\":400,\"caption\":\"Duel de femmes, SaSa, d\u2019apr\u00e8s Bayard, 2017. Avec l\u2019aimable autorisation de l\u2019artiste\"},{\"@type\":\"BreadcrumbList\",\"@id\":\"https:\\\/\\\/telemme.mmsh.fr\\\/?tribe_events=frondeuses-et-nobles-vendeennes-des-aristocrates-dans-les-crises-politiques#breadcrumb\",\"itemListElement\":[{\"@type\":\"ListItem\",\"position\":1,\"name\":\"Accueil\",\"item\":\"https:\\\/\\\/telemme.mmsh.fr\\\/\"},{\"@type\":\"ListItem\",\"position\":2,\"name\":\"\u00c9v\u00e8nements\",\"item\":\"https:\\\/\\\/telemme.mmsh.fr\\\/?post_type=tribe_events\"},{\"@type\":\"ListItem\",\"position\":3,\"name\":\"S\u00e9minaire\",\"item\":\"https:\\\/\\\/telemme.mmsh.fr\\\/?tribe_events_cat=seminaire\"},{\"@type\":\"ListItem\",\"position\":4,\"name\":\"Frondeuses et nobles vend\u00e9ennes, des aristocrates dans les crises politiques\"}]},{\"@type\":\"WebSite\",\"@id\":\"https:\\\/\\\/telemme.mmsh.fr\\\/#website\",\"url\":\"https:\\\/\\\/telemme.mmsh.fr\\\/\",\"name\":\"TELEMMe - Temps, espaces, langages, Europe m\u00e9ridionale, M\u00e9diterran\u00e9e\",\"description\":\"\",\"publisher\":{\"@id\":\"https:\\\/\\\/telemme.mmsh.fr\\\/#organization\"},\"potentialAction\":[{\"@type\":\"SearchAction\",\"target\":{\"@type\":\"EntryPoint\",\"urlTemplate\":\"https:\\\/\\\/telemme.mmsh.fr\\\/?s={search_term_string}\"},\"query-input\":{\"@type\":\"PropertyValueSpecification\",\"valueRequired\":true,\"valueName\":\"search_term_string\"}}],\"inLanguage\":\"fr-FR\"},{\"@type\":\"Organization\",\"@id\":\"https:\\\/\\\/telemme.mmsh.fr\\\/#organization\",\"name\":\"TELEMMe\",\"url\":\"https:\\\/\\\/telemme.mmsh.fr\\\/\",\"logo\":{\"@type\":\"ImageObject\",\"inLanguage\":\"fr-FR\",\"@id\":\"https:\\\/\\\/telemme.mmsh.fr\\\/#\\\/schema\\\/logo\\\/image\\\/\",\"url\":\"https:\\\/\\\/telemme.mmsh.fr\\\/wp-content\\\/uploads\\\/2020\\\/03\\\/LogoTELEMMe-horizontal-fond-transparent.png\",\"contentUrl\":\"https:\\\/\\\/telemme.mmsh.fr\\\/wp-content\\\/uploads\\\/2020\\\/03\\\/LogoTELEMMe-horizontal-fond-transparent.png\",\"width\":1500,\"height\":437,\"caption\":\"TELEMMe\"},\"image\":{\"@id\":\"https:\\\/\\\/telemme.mmsh.fr\\\/#\\\/schema\\\/logo\\\/image\\\/\"}}]}<\/script>\n<!-- \/ Yoast SEO plugin. -->","yoast_head_json":{"title":"Frondeuses et nobles vend\u00e9ennes, des aristocrates dans les crises politiques - TELEMMe - Temps, espaces, langages, Europe m\u00e9ridionale, M\u00e9diterran\u00e9e","robots":{"index":"index","follow":"follow","max-snippet":"max-snippet:-1","max-image-preview":"max-image-preview:large","max-video-preview":"max-video-preview:-1"},"canonical":"https:\/\/telemme.mmsh.fr\/?tribe_events=frondeuses-et-nobles-vendeennes-des-aristocrates-dans-les-crises-politiques","og_locale":"fr_FR","og_type":"article","og_title":"Frondeuses et nobles vend\u00e9ennes, des aristocrates dans les crises politiques - TELEMMe - Temps, espaces, langages, Europe m\u00e9ridionale, M\u00e9diterran\u00e9e","og_description":"La Fronde est probablement la crise politique la plus importante qu&rsquo;ait connue le Royaume de France au XVIIe si\u00e8cle. Des femmes nobles ont jou\u00e9 un grand r\u00f4le dans cette contestation.&hellip;&nbsp;Lire la suite &raquo;Frondeuses et nobles vend\u00e9ennes, des aristocrates dans les crises politiques","og_url":"https:\/\/telemme.mmsh.fr\/?tribe_events=frondeuses-et-nobles-vendeennes-des-aristocrates-dans-les-crises-politiques","og_site_name":"TELEMMe - Temps, espaces, langages, Europe m\u00e9ridionale, M\u00e9diterran\u00e9e","og_image":[{"width":300,"height":400,"url":"https:\/\/telemme.mmsh.fr\/wp-content\/uploads\/2021\/01\/GRAVURE-FOND-VIOLET-light.jpg","type":"image\/jpeg"}],"twitter_card":"summary_large_image","twitter_misc":{"Dur\u00e9e de lecture estim\u00e9e":"1 minute"},"schema":{"@context":"https:\/\/schema.org","@graph":[{"@type":"WebPage","@id":"https:\/\/telemme.mmsh.fr\/?tribe_events=frondeuses-et-nobles-vendeennes-des-aristocrates-dans-les-crises-politiques","url":"https:\/\/telemme.mmsh.fr\/?tribe_events=frondeuses-et-nobles-vendeennes-des-aristocrates-dans-les-crises-politiques","name":"Frondeuses et nobles vend\u00e9ennes, des aristocrates dans les crises politiques - TELEMMe - Temps, espaces, langages, Europe m\u00e9ridionale, M\u00e9diterran\u00e9e","isPartOf":{"@id":"https:\/\/telemme.mmsh.fr\/#website"},"primaryImageOfPage":{"@id":"https:\/\/telemme.mmsh.fr\/?tribe_events=frondeuses-et-nobles-vendeennes-des-aristocrates-dans-les-crises-politiques#primaryimage"},"image":{"@id":"https:\/\/telemme.mmsh.fr\/?tribe_events=frondeuses-et-nobles-vendeennes-des-aristocrates-dans-les-crises-politiques#primaryimage"},"thumbnailUrl":"https:\/\/telemme.mmsh.fr\/wp-content\/uploads\/2021\/01\/GRAVURE-FOND-VIOLET-light.jpg","datePublished":"2022-04-29T08:40:58+00:00","breadcrumb":{"@id":"https:\/\/telemme.mmsh.fr\/?tribe_events=frondeuses-et-nobles-vendeennes-des-aristocrates-dans-les-crises-politiques#breadcrumb"},"inLanguage":"fr-FR","potentialAction":[{"@type":"ReadAction","target":["https:\/\/telemme.mmsh.fr\/?tribe_events=frondeuses-et-nobles-vendeennes-des-aristocrates-dans-les-crises-politiques"]}]},{"@type":"ImageObject","inLanguage":"fr-FR","@id":"https:\/\/telemme.mmsh.fr\/?tribe_events=frondeuses-et-nobles-vendeennes-des-aristocrates-dans-les-crises-politiques#primaryimage","url":"https:\/\/telemme.mmsh.fr\/wp-content\/uploads\/2021\/01\/GRAVURE-FOND-VIOLET-light.jpg","contentUrl":"https:\/\/telemme.mmsh.fr\/wp-content\/uploads\/2021\/01\/GRAVURE-FOND-VIOLET-light.jpg","width":300,"height":400,"caption":"Duel de femmes, SaSa, d\u2019apr\u00e8s Bayard, 2017. Avec l\u2019aimable autorisation de l\u2019artiste"},{"@type":"BreadcrumbList","@id":"https:\/\/telemme.mmsh.fr\/?tribe_events=frondeuses-et-nobles-vendeennes-des-aristocrates-dans-les-crises-politiques#breadcrumb","itemListElement":[{"@type":"ListItem","position":1,"name":"Accueil","item":"https:\/\/telemme.mmsh.fr\/"},{"@type":"ListItem","position":2,"name":"\u00c9v\u00e8nements","item":"https:\/\/telemme.mmsh.fr\/?post_type=tribe_events"},{"@type":"ListItem","position":3,"name":"S\u00e9minaire","item":"https:\/\/telemme.mmsh.fr\/?tribe_events_cat=seminaire"},{"@type":"ListItem","position":4,"name":"Frondeuses et nobles vend\u00e9ennes, des aristocrates dans les crises politiques"}]},{"@type":"WebSite","@id":"https:\/\/telemme.mmsh.fr\/#website","url":"https:\/\/telemme.mmsh.fr\/","name":"TELEMMe - Temps, espaces, langages, Europe m\u00e9ridionale, M\u00e9diterran\u00e9e","description":"","publisher":{"@id":"https:\/\/telemme.mmsh.fr\/#organization"},"potentialAction":[{"@type":"SearchAction","target":{"@type":"EntryPoint","urlTemplate":"https:\/\/telemme.mmsh.fr\/?s={search_term_string}"},"query-input":{"@type":"PropertyValueSpecification","valueRequired":true,"valueName":"search_term_string"}}],"inLanguage":"fr-FR"},{"@type":"Organization","@id":"https:\/\/telemme.mmsh.fr\/#organization","name":"TELEMMe","url":"https:\/\/telemme.mmsh.fr\/","logo":{"@type":"ImageObject","inLanguage":"fr-FR","@id":"https:\/\/telemme.mmsh.fr\/#\/schema\/logo\/image\/","url":"https:\/\/telemme.mmsh.fr\/wp-content\/uploads\/2020\/03\/LogoTELEMMe-horizontal-fond-transparent.png","contentUrl":"https:\/\/telemme.mmsh.fr\/wp-content\/uploads\/2020\/03\/LogoTELEMMe-horizontal-fond-transparent.png","width":1500,"height":437,"caption":"TELEMMe"},"image":{"@id":"https:\/\/telemme.mmsh.fr\/#\/schema\/logo\/image\/"}}]}},"_links":{"self":[{"href":"https:\/\/telemme.mmsh.fr\/index.php?rest_route=\/wp\/v2\/tribe_events\/11044","targetHints":{"allow":["GET"]}}],"collection":[{"href":"https:\/\/telemme.mmsh.fr\/index.php?rest_route=\/wp\/v2\/tribe_events"}],"about":[{"href":"https:\/\/telemme.mmsh.fr\/index.php?rest_route=\/wp\/v2\/types\/tribe_events"}],"author":[{"embeddable":true,"href":"https:\/\/telemme.mmsh.fr\/index.php?rest_route=\/wp\/v2\/users\/6"}],"version-history":[{"count":2,"href":"https:\/\/telemme.mmsh.fr\/index.php?rest_route=\/wp\/v2\/tribe_events\/11044\/revisions"}],"predecessor-version":[{"id":11047,"href":"https:\/\/telemme.mmsh.fr\/index.php?rest_route=\/wp\/v2\/tribe_events\/11044\/revisions\/11047"}],"wp:featuredmedia":[{"embeddable":true,"href":"https:\/\/telemme.mmsh.fr\/index.php?rest_route=\/wp\/v2\/media\/3533"}],"wp:attachment":[{"href":"https:\/\/telemme.mmsh.fr\/index.php?rest_route=%2Fwp%2Fv2%2Fmedia&parent=11044"}],"wp:term":[{"taxonomy":"post_tag","embeddable":true,"href":"https:\/\/telemme.mmsh.fr\/index.php?rest_route=%2Fwp%2Fv2%2Ftags&post=11044"},{"taxonomy":"tribe_events_cat","embeddable":true,"href":"https:\/\/telemme.mmsh.fr\/index.php?rest_route=%2Fwp%2Fv2%2Ftribe_events_cat&post=11044"}],"curies":[{"name":"wp","href":"https:\/\/api.w.org\/{rel}","templated":true}]}}