{"id":11027,"date":"2022-04-25T14:48:45","date_gmt":"2022-04-25T12:48:45","guid":{"rendered":"https:\/\/telemme.mmsh.fr\/?post_type=tribe_events&#038;p=11027"},"modified":"2022-04-25T14:51:33","modified_gmt":"2022-04-25T12:51:33","slug":"saisir-linvisible-la-face-cachee-des-societes","status":"publish","type":"tribe_events","link":"https:\/\/telemme.mmsh.fr\/?tribe_events=saisir-linvisible-la-face-cachee-des-societes","title":{"rendered":"Saisir l\u2019invisible : la face cach\u00e9e des soci\u00e9t\u00e9s"},"content":{"rendered":"<p>Au sein des soci\u00e9t\u00e9s, l\u2019acc\u00e8s \u00e0 la reconnaissance est in\u00e9gal : des individus, groupes, courants de pens\u00e9e et pratiques peinent \u00e0 exister tant dans les discours que dans les repr\u00e9sentations. En les occultant, l\u2019invisibilisation sociale, \u00ab\u2009processus dont la cons\u00e9quence ultime est l\u2019impossibilit\u00e9 de participer \u00e0 la vie sociale(1)\u2009\u00bb, contribue au maintien d\u2019un consensus qui profite aux dominant\u00b7es. C\u2019est par une mise \u00e0 l\u2019\u00e9cart sociale, politique, \u00e9conomique, juridique, g\u00e9ographique ou encore symbolique que se produisent les divisions et la stratification des groupes humains. En cons\u00e9quence, cette nouvelle journ\u00e9e d\u2019\u00e9tude des Jeunes Chercheur\u00b7se\u00b7s de TELEMMe s\u2019attachera \u00e0 analyser ces m\u00e9canismes au prisme des acteur\u00b7rices, des objets et des espaces invisibilis\u00e9\u00b7es.<\/p>\n<p>(1)\u00a0Guillaume Le Blanc, <em>L\u2019invisibilit\u00e9 sociale<\/em>, Paris, PUF, 2009, p.\u00a01.<\/p>\n<p><a href=\"https:\/\/telemme.mmsh.fr\/?evenement=saisir-linvisible-la-face-cachee-des-societes\"><strong>Programme complet<\/strong><\/a><\/p>\n","protected":false},"excerpt":{"rendered":"<p>Au sein des soci\u00e9t\u00e9s, l\u2019acc\u00e8s \u00e0 la reconnaissance est in\u00e9gal : des individus, groupes, courants de pens\u00e9e et pratiques peinent \u00e0 exister tant dans les discours que dans les repr\u00e9sentations.&hellip;&nbsp;<a href=\"https:\/\/telemme.mmsh.fr\/?tribe_events=saisir-linvisible-la-face-cachee-des-societes\" rel=\"bookmark\">Lire la suite &raquo;<span class=\"screen-reader-text\">Saisir l\u2019invisible : la face cach\u00e9e des soci\u00e9t\u00e9s<\/span><\/a><\/p>\n","protected":false},"author":6,"featured_media":10578,"template":"","meta":{"neve_meta_sidebar":"","neve_meta_container":"","neve_meta_enable_content_width":"","neve_meta_content_width":0,"neve_meta_title_alignment":"","neve_meta_author_avatar":"","neve_post_elements_order":"","neve_meta_disable_header":"","neve_meta_disable_footer":"","neve_meta_disable_title":"","_tribe_events_status":"","_tribe_events_status_reason":"","footnotes":""},"tags":[],"tribe_events_cat":[1956],"class_list":["post-11027","tribe_events","type-tribe_events","status-publish","has-post-thumbnail","hentry","tribe_events_cat-journee-jeunes-chercheureuses-telemme","cat_journee-jeunes-chercheureuses-telemme"],"yoast_head":"<!-- This site is optimized with the Yoast SEO plugin v27.4 - https:\/\/yoast.com\/product\/yoast-seo-wordpress\/ -->\n<title>Saisir l\u2019invisible : la face cach\u00e9e des soci\u00e9t\u00e9s - TELEMMe - Temps, espaces, langages, Europe m\u00e9ridionale, M\u00e9diterran\u00e9e<\/title>\n<meta name=\"description\" content=\"Au sein des soci\u00e9t\u00e9s, l\u2019acc\u00e8s \u00e0 la reconnaissance est in\u00e9gal : des individus, groupes, courants de pens\u00e9e et pratiques peinent \u00e0 exister tant dans les discours que dans les repr\u00e9sentations. En les occultant, l\u2019invisibilisation sociale, \u00ab\u2009processus dont la cons\u00e9quence ultime est l\u2019impossibilit\u00e9 de participer \u00e0 la vie sociale(1)\u2009\u00bb, contribue au maintien d\u2019un consensus qui profite aux dominant\u00b7es. C\u2019est par une mise \u00e0 l\u2019\u00e9cart sociale, politique, \u00e9conomique, juridique, g\u00e9ographique ou encore symbolique que se produisent les divisions et la stratification des groupes humains. En cons\u00e9quence, cette nouvelle journ\u00e9e d\u2019\u00e9tude des Jeunes Chercheur\u00b7se\u00b7s de TELEMMe s\u2019attachera \u00e0 analyser ces m\u00e9canismes au prisme des acteur\u00b7rices, des objets et des espaces invisibilis\u00e9\u00b7es.\" \/>\n<meta name=\"robots\" content=\"index, follow, max-snippet:-1, max-image-preview:large, max-video-preview:-1\" \/>\n<link rel=\"canonical\" href=\"https:\/\/telemme.mmsh.fr\/?tribe_events=saisir-linvisible-la-face-cachee-des-societes\" \/>\n<meta property=\"og:locale\" content=\"fr_FR\" \/>\n<meta property=\"og:type\" content=\"article\" \/>\n<meta property=\"og:title\" content=\"Saisir l\u2019invisible : la face cach\u00e9e des soci\u00e9t\u00e9s - TELEMMe - Temps, espaces, langages, Europe m\u00e9ridionale, M\u00e9diterran\u00e9e\" \/>\n<meta property=\"og:description\" content=\"Au sein des soci\u00e9t\u00e9s, l\u2019acc\u00e8s \u00e0 la reconnaissance est in\u00e9gal : des individus, groupes, courants de pens\u00e9e et pratiques peinent \u00e0 exister tant dans les discours que dans les repr\u00e9sentations. En les occultant, l\u2019invisibilisation sociale, \u00ab\u2009processus dont la cons\u00e9quence ultime est l\u2019impossibilit\u00e9 de participer \u00e0 la vie sociale(1)\u2009\u00bb, contribue au maintien d\u2019un consensus qui profite aux dominant\u00b7es. C\u2019est par une mise \u00e0 l\u2019\u00e9cart sociale, politique, \u00e9conomique, juridique, g\u00e9ographique ou encore symbolique que se produisent les divisions et la stratification des groupes humains. En cons\u00e9quence, cette nouvelle journ\u00e9e d\u2019\u00e9tude des Jeunes Chercheur\u00b7se\u00b7s de TELEMMe s\u2019attachera \u00e0 analyser ces m\u00e9canismes au prisme des acteur\u00b7rices, des objets et des espaces invisibilis\u00e9\u00b7es.\" \/>\n<meta property=\"og:url\" content=\"https:\/\/telemme.mmsh.fr\/?tribe_events=saisir-linvisible-la-face-cachee-des-societes\" \/>\n<meta property=\"og:site_name\" content=\"TELEMMe - Temps, espaces, langages, Europe m\u00e9ridionale, M\u00e9diterran\u00e9e\" \/>\n<meta property=\"article:modified_time\" content=\"2022-04-25T12:51:33+00:00\" \/>\n<meta property=\"og:image\" content=\"https:\/\/telemme.mmsh.fr\/wp-content\/uploads\/2022\/02\/47957911002_6b36e7b51c_c.jpg\" \/>\n\t<meta property=\"og:image:width\" content=\"800\" \/>\n\t<meta property=\"og:image:height\" content=\"533\" \/>\n\t<meta property=\"og:image:type\" content=\"image\/jpeg\" \/>\n<meta name=\"twitter:card\" content=\"summary_large_image\" \/>\n<meta name=\"twitter:label1\" content=\"Dur\u00e9e de lecture estim\u00e9e\" \/>\n\t<meta name=\"twitter:data1\" content=\"1 minute\" \/>\n<script type=\"application\/ld+json\" class=\"yoast-schema-graph\">{\"@context\":\"https:\\\/\\\/schema.org\",\"@graph\":[{\"@type\":\"WebPage\",\"@id\":\"https:\\\/\\\/telemme.mmsh.fr\\\/?tribe_events=saisir-linvisible-la-face-cachee-des-societes\",\"url\":\"https:\\\/\\\/telemme.mmsh.fr\\\/?tribe_events=saisir-linvisible-la-face-cachee-des-societes\",\"name\":\"Saisir l\u2019invisible : la face cach\u00e9e des soci\u00e9t\u00e9s - TELEMMe - Temps, espaces, langages, Europe m\u00e9ridionale, M\u00e9diterran\u00e9e\",\"isPartOf\":{\"@id\":\"https:\\\/\\\/telemme.mmsh.fr\\\/#website\"},\"primaryImageOfPage\":{\"@id\":\"https:\\\/\\\/telemme.mmsh.fr\\\/?tribe_events=saisir-linvisible-la-face-cachee-des-societes#primaryimage\"},\"image\":{\"@id\":\"https:\\\/\\\/telemme.mmsh.fr\\\/?tribe_events=saisir-linvisible-la-face-cachee-des-societes#primaryimage\"},\"thumbnailUrl\":\"https:\\\/\\\/telemme.mmsh.fr\\\/wp-content\\\/uploads\\\/2022\\\/02\\\/47957911002_6b36e7b51c_c.jpg\",\"datePublished\":\"2022-04-25T12:48:45+00:00\",\"dateModified\":\"2022-04-25T12:51:33+00:00\",\"description\":\"Au sein des soci\u00e9t\u00e9s, l\u2019acc\u00e8s \u00e0 la reconnaissance est in\u00e9gal : des individus, groupes, courants de pens\u00e9e et pratiques peinent \u00e0 exister tant dans les discours que dans les repr\u00e9sentations. En les occultant, l\u2019invisibilisation sociale, \u00ab\u2009processus dont la cons\u00e9quence ultime est l\u2019impossibilit\u00e9 de participer \u00e0 la vie sociale(1)\u2009\u00bb, contribue au maintien d\u2019un consensus qui profite aux dominant\u00b7es. C\u2019est par une mise \u00e0 l\u2019\u00e9cart sociale, politique, \u00e9conomique, juridique, g\u00e9ographique ou encore symbolique que se produisent les divisions et la stratification des groupes humains. En cons\u00e9quence, cette nouvelle journ\u00e9e d\u2019\u00e9tude des Jeunes Chercheur\u00b7se\u00b7s de TELEMMe s\u2019attachera \u00e0 analyser ces m\u00e9canismes au prisme des acteur\u00b7rices, des objets et des espaces invisibilis\u00e9\u00b7es.\",\"breadcrumb\":{\"@id\":\"https:\\\/\\\/telemme.mmsh.fr\\\/?tribe_events=saisir-linvisible-la-face-cachee-des-societes#breadcrumb\"},\"inLanguage\":\"fr-FR\",\"potentialAction\":[{\"@type\":\"ReadAction\",\"target\":[\"https:\\\/\\\/telemme.mmsh.fr\\\/?tribe_events=saisir-linvisible-la-face-cachee-des-societes\"]}]},{\"@type\":\"ImageObject\",\"inLanguage\":\"fr-FR\",\"@id\":\"https:\\\/\\\/telemme.mmsh.fr\\\/?tribe_events=saisir-linvisible-la-face-cachee-des-societes#primaryimage\",\"url\":\"https:\\\/\\\/telemme.mmsh.fr\\\/wp-content\\\/uploads\\\/2022\\\/02\\\/47957911002_6b36e7b51c_c.jpg\",\"contentUrl\":\"https:\\\/\\\/telemme.mmsh.fr\\\/wp-content\\\/uploads\\\/2022\\\/02\\\/47957911002_6b36e7b51c_c.jpg\",\"width\":800,\"height\":533,\"caption\":\"Koen JACOBS, London Fog, 2017, London, England. https:\\\/\\\/flic.kr\\\/p\\\/2g4SQ7w\"},{\"@type\":\"BreadcrumbList\",\"@id\":\"https:\\\/\\\/telemme.mmsh.fr\\\/?tribe_events=saisir-linvisible-la-face-cachee-des-societes#breadcrumb\",\"itemListElement\":[{\"@type\":\"ListItem\",\"position\":1,\"name\":\"Accueil\",\"item\":\"https:\\\/\\\/telemme.mmsh.fr\\\/\"},{\"@type\":\"ListItem\",\"position\":2,\"name\":\"\u00c9v\u00e8nements\",\"item\":\"https:\\\/\\\/telemme.mmsh.fr\\\/?post_type=tribe_events\"},{\"@type\":\"ListItem\",\"position\":3,\"name\":\"Journ\u00e9e Jeunes chercheur\u00b7euses TELEMMe\",\"item\":\"https:\\\/\\\/telemme.mmsh.fr\\\/?tribe_events_cat=journee-jeunes-chercheur%c2%b7euses-telemme\"},{\"@type\":\"ListItem\",\"position\":4,\"name\":\"Saisir l\u2019invisible : la face cach\u00e9e des soci\u00e9t\u00e9s\"}]},{\"@type\":\"WebSite\",\"@id\":\"https:\\\/\\\/telemme.mmsh.fr\\\/#website\",\"url\":\"https:\\\/\\\/telemme.mmsh.fr\\\/\",\"name\":\"TELEMMe - Temps, espaces, langages, Europe m\u00e9ridionale, M\u00e9diterran\u00e9e\",\"description\":\"\",\"publisher\":{\"@id\":\"https:\\\/\\\/telemme.mmsh.fr\\\/#organization\"},\"potentialAction\":[{\"@type\":\"SearchAction\",\"target\":{\"@type\":\"EntryPoint\",\"urlTemplate\":\"https:\\\/\\\/telemme.mmsh.fr\\\/?s={search_term_string}\"},\"query-input\":{\"@type\":\"PropertyValueSpecification\",\"valueRequired\":true,\"valueName\":\"search_term_string\"}}],\"inLanguage\":\"fr-FR\"},{\"@type\":\"Organization\",\"@id\":\"https:\\\/\\\/telemme.mmsh.fr\\\/#organization\",\"name\":\"TELEMMe\",\"url\":\"https:\\\/\\\/telemme.mmsh.fr\\\/\",\"logo\":{\"@type\":\"ImageObject\",\"inLanguage\":\"fr-FR\",\"@id\":\"https:\\\/\\\/telemme.mmsh.fr\\\/#\\\/schema\\\/logo\\\/image\\\/\",\"url\":\"https:\\\/\\\/telemme.mmsh.fr\\\/wp-content\\\/uploads\\\/2020\\\/03\\\/LogoTELEMMe-horizontal-fond-transparent.png\",\"contentUrl\":\"https:\\\/\\\/telemme.mmsh.fr\\\/wp-content\\\/uploads\\\/2020\\\/03\\\/LogoTELEMMe-horizontal-fond-transparent.png\",\"width\":1500,\"height\":437,\"caption\":\"TELEMMe\"},\"image\":{\"@id\":\"https:\\\/\\\/telemme.mmsh.fr\\\/#\\\/schema\\\/logo\\\/image\\\/\"}}]}<\/script>\n<!-- \/ Yoast SEO plugin. -->","yoast_head_json":{"title":"Saisir l\u2019invisible : la face cach\u00e9e des soci\u00e9t\u00e9s - TELEMMe - Temps, espaces, langages, Europe m\u00e9ridionale, M\u00e9diterran\u00e9e","description":"Au sein des soci\u00e9t\u00e9s, l\u2019acc\u00e8s \u00e0 la reconnaissance est in\u00e9gal : des individus, groupes, courants de pens\u00e9e et pratiques peinent \u00e0 exister tant dans les discours que dans les repr\u00e9sentations. En les occultant, l\u2019invisibilisation sociale, \u00ab\u2009processus dont la cons\u00e9quence ultime est l\u2019impossibilit\u00e9 de participer \u00e0 la vie sociale(1)\u2009\u00bb, contribue au maintien d\u2019un consensus qui profite aux dominant\u00b7es. C\u2019est par une mise \u00e0 l\u2019\u00e9cart sociale, politique, \u00e9conomique, juridique, g\u00e9ographique ou encore symbolique que se produisent les divisions et la stratification des groupes humains. En cons\u00e9quence, cette nouvelle journ\u00e9e d\u2019\u00e9tude des Jeunes Chercheur\u00b7se\u00b7s de TELEMMe s\u2019attachera \u00e0 analyser ces m\u00e9canismes au prisme des acteur\u00b7rices, des objets et des espaces invisibilis\u00e9\u00b7es.","robots":{"index":"index","follow":"follow","max-snippet":"max-snippet:-1","max-image-preview":"max-image-preview:large","max-video-preview":"max-video-preview:-1"},"canonical":"https:\/\/telemme.mmsh.fr\/?tribe_events=saisir-linvisible-la-face-cachee-des-societes","og_locale":"fr_FR","og_type":"article","og_title":"Saisir l\u2019invisible : la face cach\u00e9e des soci\u00e9t\u00e9s - TELEMMe - Temps, espaces, langages, Europe m\u00e9ridionale, M\u00e9diterran\u00e9e","og_description":"Au sein des soci\u00e9t\u00e9s, l\u2019acc\u00e8s \u00e0 la reconnaissance est in\u00e9gal : des individus, groupes, courants de pens\u00e9e et pratiques peinent \u00e0 exister tant dans les discours que dans les repr\u00e9sentations. En les occultant, l\u2019invisibilisation sociale, \u00ab\u2009processus dont la cons\u00e9quence ultime est l\u2019impossibilit\u00e9 de participer \u00e0 la vie sociale(1)\u2009\u00bb, contribue au maintien d\u2019un consensus qui profite aux dominant\u00b7es. C\u2019est par une mise \u00e0 l\u2019\u00e9cart sociale, politique, \u00e9conomique, juridique, g\u00e9ographique ou encore symbolique que se produisent les divisions et la stratification des groupes humains. En cons\u00e9quence, cette nouvelle journ\u00e9e d\u2019\u00e9tude des Jeunes Chercheur\u00b7se\u00b7s de TELEMMe s\u2019attachera \u00e0 analyser ces m\u00e9canismes au prisme des acteur\u00b7rices, des objets et des espaces invisibilis\u00e9\u00b7es.","og_url":"https:\/\/telemme.mmsh.fr\/?tribe_events=saisir-linvisible-la-face-cachee-des-societes","og_site_name":"TELEMMe - Temps, espaces, langages, Europe m\u00e9ridionale, M\u00e9diterran\u00e9e","article_modified_time":"2022-04-25T12:51:33+00:00","og_image":[{"width":800,"height":533,"url":"https:\/\/telemme.mmsh.fr\/wp-content\/uploads\/2022\/02\/47957911002_6b36e7b51c_c.jpg","type":"image\/jpeg"}],"twitter_card":"summary_large_image","twitter_misc":{"Dur\u00e9e de lecture estim\u00e9e":"1 minute"},"schema":{"@context":"https:\/\/schema.org","@graph":[{"@type":"WebPage","@id":"https:\/\/telemme.mmsh.fr\/?tribe_events=saisir-linvisible-la-face-cachee-des-societes","url":"https:\/\/telemme.mmsh.fr\/?tribe_events=saisir-linvisible-la-face-cachee-des-societes","name":"Saisir l\u2019invisible : la face cach\u00e9e des soci\u00e9t\u00e9s - TELEMMe - Temps, espaces, langages, Europe m\u00e9ridionale, M\u00e9diterran\u00e9e","isPartOf":{"@id":"https:\/\/telemme.mmsh.fr\/#website"},"primaryImageOfPage":{"@id":"https:\/\/telemme.mmsh.fr\/?tribe_events=saisir-linvisible-la-face-cachee-des-societes#primaryimage"},"image":{"@id":"https:\/\/telemme.mmsh.fr\/?tribe_events=saisir-linvisible-la-face-cachee-des-societes#primaryimage"},"thumbnailUrl":"https:\/\/telemme.mmsh.fr\/wp-content\/uploads\/2022\/02\/47957911002_6b36e7b51c_c.jpg","datePublished":"2022-04-25T12:48:45+00:00","dateModified":"2022-04-25T12:51:33+00:00","description":"Au sein des soci\u00e9t\u00e9s, l\u2019acc\u00e8s \u00e0 la reconnaissance est in\u00e9gal : des individus, groupes, courants de pens\u00e9e et pratiques peinent \u00e0 exister tant dans les discours que dans les repr\u00e9sentations. En les occultant, l\u2019invisibilisation sociale, \u00ab\u2009processus dont la cons\u00e9quence ultime est l\u2019impossibilit\u00e9 de participer \u00e0 la vie sociale(1)\u2009\u00bb, contribue au maintien d\u2019un consensus qui profite aux dominant\u00b7es. C\u2019est par une mise \u00e0 l\u2019\u00e9cart sociale, politique, \u00e9conomique, juridique, g\u00e9ographique ou encore symbolique que se produisent les divisions et la stratification des groupes humains. En cons\u00e9quence, cette nouvelle journ\u00e9e d\u2019\u00e9tude des Jeunes Chercheur\u00b7se\u00b7s de TELEMMe s\u2019attachera \u00e0 analyser ces m\u00e9canismes au prisme des acteur\u00b7rices, des objets et des espaces invisibilis\u00e9\u00b7es.","breadcrumb":{"@id":"https:\/\/telemme.mmsh.fr\/?tribe_events=saisir-linvisible-la-face-cachee-des-societes#breadcrumb"},"inLanguage":"fr-FR","potentialAction":[{"@type":"ReadAction","target":["https:\/\/telemme.mmsh.fr\/?tribe_events=saisir-linvisible-la-face-cachee-des-societes"]}]},{"@type":"ImageObject","inLanguage":"fr-FR","@id":"https:\/\/telemme.mmsh.fr\/?tribe_events=saisir-linvisible-la-face-cachee-des-societes#primaryimage","url":"https:\/\/telemme.mmsh.fr\/wp-content\/uploads\/2022\/02\/47957911002_6b36e7b51c_c.jpg","contentUrl":"https:\/\/telemme.mmsh.fr\/wp-content\/uploads\/2022\/02\/47957911002_6b36e7b51c_c.jpg","width":800,"height":533,"caption":"Koen JACOBS, London Fog, 2017, London, England. https:\/\/flic.kr\/p\/2g4SQ7w"},{"@type":"BreadcrumbList","@id":"https:\/\/telemme.mmsh.fr\/?tribe_events=saisir-linvisible-la-face-cachee-des-societes#breadcrumb","itemListElement":[{"@type":"ListItem","position":1,"name":"Accueil","item":"https:\/\/telemme.mmsh.fr\/"},{"@type":"ListItem","position":2,"name":"\u00c9v\u00e8nements","item":"https:\/\/telemme.mmsh.fr\/?post_type=tribe_events"},{"@type":"ListItem","position":3,"name":"Journ\u00e9e Jeunes chercheur\u00b7euses TELEMMe","item":"https:\/\/telemme.mmsh.fr\/?tribe_events_cat=journee-jeunes-chercheur%c2%b7euses-telemme"},{"@type":"ListItem","position":4,"name":"Saisir l\u2019invisible : la face cach\u00e9e des soci\u00e9t\u00e9s"}]},{"@type":"WebSite","@id":"https:\/\/telemme.mmsh.fr\/#website","url":"https:\/\/telemme.mmsh.fr\/","name":"TELEMMe - Temps, espaces, langages, Europe m\u00e9ridionale, M\u00e9diterran\u00e9e","description":"","publisher":{"@id":"https:\/\/telemme.mmsh.fr\/#organization"},"potentialAction":[{"@type":"SearchAction","target":{"@type":"EntryPoint","urlTemplate":"https:\/\/telemme.mmsh.fr\/?s={search_term_string}"},"query-input":{"@type":"PropertyValueSpecification","valueRequired":true,"valueName":"search_term_string"}}],"inLanguage":"fr-FR"},{"@type":"Organization","@id":"https:\/\/telemme.mmsh.fr\/#organization","name":"TELEMMe","url":"https:\/\/telemme.mmsh.fr\/","logo":{"@type":"ImageObject","inLanguage":"fr-FR","@id":"https:\/\/telemme.mmsh.fr\/#\/schema\/logo\/image\/","url":"https:\/\/telemme.mmsh.fr\/wp-content\/uploads\/2020\/03\/LogoTELEMMe-horizontal-fond-transparent.png","contentUrl":"https:\/\/telemme.mmsh.fr\/wp-content\/uploads\/2020\/03\/LogoTELEMMe-horizontal-fond-transparent.png","width":1500,"height":437,"caption":"TELEMMe"},"image":{"@id":"https:\/\/telemme.mmsh.fr\/#\/schema\/logo\/image\/"}}]}},"_links":{"self":[{"href":"https:\/\/telemme.mmsh.fr\/index.php?rest_route=\/wp\/v2\/tribe_events\/11027","targetHints":{"allow":["GET"]}}],"collection":[{"href":"https:\/\/telemme.mmsh.fr\/index.php?rest_route=\/wp\/v2\/tribe_events"}],"about":[{"href":"https:\/\/telemme.mmsh.fr\/index.php?rest_route=\/wp\/v2\/types\/tribe_events"}],"author":[{"embeddable":true,"href":"https:\/\/telemme.mmsh.fr\/index.php?rest_route=\/wp\/v2\/users\/6"}],"version-history":[{"count":1,"href":"https:\/\/telemme.mmsh.fr\/index.php?rest_route=\/wp\/v2\/tribe_events\/11027\/revisions"}],"predecessor-version":[{"id":11028,"href":"https:\/\/telemme.mmsh.fr\/index.php?rest_route=\/wp\/v2\/tribe_events\/11027\/revisions\/11028"}],"wp:featuredmedia":[{"embeddable":true,"href":"https:\/\/telemme.mmsh.fr\/index.php?rest_route=\/wp\/v2\/media\/10578"}],"wp:attachment":[{"href":"https:\/\/telemme.mmsh.fr\/index.php?rest_route=%2Fwp%2Fv2%2Fmedia&parent=11027"}],"wp:term":[{"taxonomy":"post_tag","embeddable":true,"href":"https:\/\/telemme.mmsh.fr\/index.php?rest_route=%2Fwp%2Fv2%2Ftags&post=11027"},{"taxonomy":"tribe_events_cat","embeddable":true,"href":"https:\/\/telemme.mmsh.fr\/index.php?rest_route=%2Fwp%2Fv2%2Ftribe_events_cat&post=11027"}],"curies":[{"name":"wp","href":"https:\/\/api.w.org\/{rel}","templated":true}]}}