{"id":11009,"date":"2022-04-11T10:06:10","date_gmt":"2022-04-11T08:06:10","guid":{"rendered":"https:\/\/telemme.mmsh.fr\/?post_type=tribe_events&#038;p=11009"},"modified":"2022-04-11T10:06:25","modified_gmt":"2022-04-11T08:06:25","slug":"les-femmes-italiennes-durant-le-risorgimento-entre-images-et-realite","status":"publish","type":"tribe_events","link":"https:\/\/telemme.mmsh.fr\/?tribe_events=les-femmes-italiennes-durant-le-risorgimento-entre-images-et-realite","title":{"rendered":"Les femmes italiennes durant le Risorgimento : entre images et r\u00e9alit\u00e9"},"content":{"rendered":"<p>La communication vise \u00e0 donner une repr\u00e9sentation des r\u00f4les des femmes italiennes entre 1796 et 1870, tout en distinguant entre les images que le processus de \u00ab nationbuilding \u00bb imposait aux femmes dans la nouvelle nation, et la r\u00e9alit\u00e9 de la vie priv\u00e9e et publique des Italiennes.<br \/>\nSeront abord\u00e9s successivement l\u2019analyse des textes majeurs de la construction de la \u00ab\u00a0nouvelle femme italienne\u00a0\u00bb ainsi que les situations dans lesquelles de nombreuses Italiennes furent contraintes de vivre et d\u2019agir durant cette \u00e9poque marqu\u00e9e par les luttes et les crises politiques.<\/p>\n<p><strong><a href=\"https:\/\/telemme.mmsh.fr\/?evenement=les-femmes-italiennes-durant-le-risorgimento-entre-images-et-realite\">Programme complet<\/a><\/strong><\/p>\n","protected":false},"excerpt":{"rendered":"<p>La communication vise \u00e0 donner une repr\u00e9sentation des r\u00f4les des femmes italiennes entre 1796 et 1870, tout en distinguant entre les images que le processus de \u00ab nationbuilding \u00bb imposait&hellip;&nbsp;<a href=\"https:\/\/telemme.mmsh.fr\/?tribe_events=les-femmes-italiennes-durant-le-risorgimento-entre-images-et-realite\" rel=\"bookmark\">Lire la suite &raquo;<span class=\"screen-reader-text\">Les femmes italiennes durant le Risorgimento : entre images et r\u00e9alit\u00e9<\/span><\/a><\/p>\n","protected":false},"author":6,"featured_media":3533,"template":"","meta":{"neve_meta_sidebar":"","neve_meta_container":"","neve_meta_enable_content_width":"","neve_meta_content_width":0,"neve_meta_title_alignment":"","neve_meta_author_avatar":"","neve_post_elements_order":"","neve_meta_disable_header":"","neve_meta_disable_footer":"","neve_meta_disable_title":"","_tribe_events_status":"","_tribe_events_status_reason":"","footnotes":""},"tags":[1834],"tribe_events_cat":[1831],"class_list":["post-11009","tribe_events","type-tribe_events","status-publish","has-post-thumbnail","hentry","tag-2-3-gecris-gefem","tribe_events_cat-seminaire","cat_seminaire","tribe-ext-events-control-list-event--live"],"yoast_head":"<!-- This site is optimized with the Yoast SEO plugin v27.4 - https:\/\/yoast.com\/product\/yoast-seo-wordpress\/ -->\n<title>Les femmes italiennes durant le Risorgimento : entre images et r\u00e9alit\u00e9 - TELEMMe - Temps, espaces, langages, Europe m\u00e9ridionale, M\u00e9diterran\u00e9e<\/title>\n<meta name=\"robots\" content=\"index, follow, max-snippet:-1, max-image-preview:large, max-video-preview:-1\" \/>\n<link rel=\"canonical\" href=\"https:\/\/telemme.mmsh.fr\/?tribe_events=les-femmes-italiennes-durant-le-risorgimento-entre-images-et-realite\" \/>\n<meta property=\"og:locale\" content=\"fr_FR\" \/>\n<meta property=\"og:type\" content=\"article\" \/>\n<meta property=\"og:title\" content=\"Les femmes italiennes durant le Risorgimento : entre images et r\u00e9alit\u00e9 - TELEMMe - Temps, espaces, langages, Europe m\u00e9ridionale, M\u00e9diterran\u00e9e\" \/>\n<meta property=\"og:description\" content=\"La communication vise \u00e0 donner une repr\u00e9sentation des r\u00f4les des femmes italiennes entre 1796 et 1870, tout en distinguant entre les images que le processus de \u00ab nationbuilding \u00bb imposait&hellip;&nbsp;Lire la suite &raquo;Les femmes italiennes durant le Risorgimento : entre images et r\u00e9alit\u00e9\" \/>\n<meta property=\"og:url\" content=\"https:\/\/telemme.mmsh.fr\/?tribe_events=les-femmes-italiennes-durant-le-risorgimento-entre-images-et-realite\" \/>\n<meta property=\"og:site_name\" content=\"TELEMMe - Temps, espaces, langages, Europe m\u00e9ridionale, M\u00e9diterran\u00e9e\" \/>\n<meta property=\"article:modified_time\" content=\"2022-04-11T08:06:25+00:00\" \/>\n<meta property=\"og:image\" content=\"https:\/\/telemme.mmsh.fr\/wp-content\/uploads\/2021\/01\/GRAVURE-FOND-VIOLET-light.jpg\" \/>\n\t<meta property=\"og:image:width\" content=\"300\" \/>\n\t<meta property=\"og:image:height\" content=\"400\" \/>\n\t<meta property=\"og:image:type\" content=\"image\/jpeg\" \/>\n<meta name=\"twitter:card\" content=\"summary_large_image\" \/>\n<script type=\"application\/ld+json\" class=\"yoast-schema-graph\">{\"@context\":\"https:\\\/\\\/schema.org\",\"@graph\":[{\"@type\":\"WebPage\",\"@id\":\"https:\\\/\\\/telemme.mmsh.fr\\\/?tribe_events=les-femmes-italiennes-durant-le-risorgimento-entre-images-et-realite\",\"url\":\"https:\\\/\\\/telemme.mmsh.fr\\\/?tribe_events=les-femmes-italiennes-durant-le-risorgimento-entre-images-et-realite\",\"name\":\"Les femmes italiennes durant le Risorgimento : entre images et r\u00e9alit\u00e9 - TELEMMe - Temps, espaces, langages, Europe m\u00e9ridionale, M\u00e9diterran\u00e9e\",\"isPartOf\":{\"@id\":\"https:\\\/\\\/telemme.mmsh.fr\\\/#website\"},\"primaryImageOfPage\":{\"@id\":\"https:\\\/\\\/telemme.mmsh.fr\\\/?tribe_events=les-femmes-italiennes-durant-le-risorgimento-entre-images-et-realite#primaryimage\"},\"image\":{\"@id\":\"https:\\\/\\\/telemme.mmsh.fr\\\/?tribe_events=les-femmes-italiennes-durant-le-risorgimento-entre-images-et-realite#primaryimage\"},\"thumbnailUrl\":\"https:\\\/\\\/telemme.mmsh.fr\\\/wp-content\\\/uploads\\\/2021\\\/01\\\/GRAVURE-FOND-VIOLET-light.jpg\",\"datePublished\":\"2022-04-11T08:06:10+00:00\",\"dateModified\":\"2022-04-11T08:06:25+00:00\",\"breadcrumb\":{\"@id\":\"https:\\\/\\\/telemme.mmsh.fr\\\/?tribe_events=les-femmes-italiennes-durant-le-risorgimento-entre-images-et-realite#breadcrumb\"},\"inLanguage\":\"fr-FR\",\"potentialAction\":[{\"@type\":\"ReadAction\",\"target\":[\"https:\\\/\\\/telemme.mmsh.fr\\\/?tribe_events=les-femmes-italiennes-durant-le-risorgimento-entre-images-et-realite\"]}]},{\"@type\":\"ImageObject\",\"inLanguage\":\"fr-FR\",\"@id\":\"https:\\\/\\\/telemme.mmsh.fr\\\/?tribe_events=les-femmes-italiennes-durant-le-risorgimento-entre-images-et-realite#primaryimage\",\"url\":\"https:\\\/\\\/telemme.mmsh.fr\\\/wp-content\\\/uploads\\\/2021\\\/01\\\/GRAVURE-FOND-VIOLET-light.jpg\",\"contentUrl\":\"https:\\\/\\\/telemme.mmsh.fr\\\/wp-content\\\/uploads\\\/2021\\\/01\\\/GRAVURE-FOND-VIOLET-light.jpg\",\"width\":300,\"height\":400,\"caption\":\"Duel de femmes, SaSa, d\u2019apr\u00e8s Bayard, 2017. Avec l\u2019aimable autorisation de l\u2019artiste\"},{\"@type\":\"BreadcrumbList\",\"@id\":\"https:\\\/\\\/telemme.mmsh.fr\\\/?tribe_events=les-femmes-italiennes-durant-le-risorgimento-entre-images-et-realite#breadcrumb\",\"itemListElement\":[{\"@type\":\"ListItem\",\"position\":1,\"name\":\"Accueil\",\"item\":\"https:\\\/\\\/telemme.mmsh.fr\\\/\"},{\"@type\":\"ListItem\",\"position\":2,\"name\":\"\u00c9v\u00e8nements\",\"item\":\"https:\\\/\\\/telemme.mmsh.fr\\\/?post_type=tribe_events\"},{\"@type\":\"ListItem\",\"position\":3,\"name\":\"S\u00e9minaire\",\"item\":\"https:\\\/\\\/telemme.mmsh.fr\\\/?tribe_events_cat=seminaire\"},{\"@type\":\"ListItem\",\"position\":4,\"name\":\"Les femmes italiennes durant le Risorgimento : entre images et r\u00e9alit\u00e9\"}]},{\"@type\":\"WebSite\",\"@id\":\"https:\\\/\\\/telemme.mmsh.fr\\\/#website\",\"url\":\"https:\\\/\\\/telemme.mmsh.fr\\\/\",\"name\":\"TELEMMe - Temps, espaces, langages, Europe m\u00e9ridionale, M\u00e9diterran\u00e9e\",\"description\":\"\",\"publisher\":{\"@id\":\"https:\\\/\\\/telemme.mmsh.fr\\\/#organization\"},\"potentialAction\":[{\"@type\":\"SearchAction\",\"target\":{\"@type\":\"EntryPoint\",\"urlTemplate\":\"https:\\\/\\\/telemme.mmsh.fr\\\/?s={search_term_string}\"},\"query-input\":{\"@type\":\"PropertyValueSpecification\",\"valueRequired\":true,\"valueName\":\"search_term_string\"}}],\"inLanguage\":\"fr-FR\"},{\"@type\":\"Organization\",\"@id\":\"https:\\\/\\\/telemme.mmsh.fr\\\/#organization\",\"name\":\"TELEMMe\",\"url\":\"https:\\\/\\\/telemme.mmsh.fr\\\/\",\"logo\":{\"@type\":\"ImageObject\",\"inLanguage\":\"fr-FR\",\"@id\":\"https:\\\/\\\/telemme.mmsh.fr\\\/#\\\/schema\\\/logo\\\/image\\\/\",\"url\":\"https:\\\/\\\/telemme.mmsh.fr\\\/wp-content\\\/uploads\\\/2020\\\/03\\\/LogoTELEMMe-horizontal-fond-transparent.png\",\"contentUrl\":\"https:\\\/\\\/telemme.mmsh.fr\\\/wp-content\\\/uploads\\\/2020\\\/03\\\/LogoTELEMMe-horizontal-fond-transparent.png\",\"width\":1500,\"height\":437,\"caption\":\"TELEMMe\"},\"image\":{\"@id\":\"https:\\\/\\\/telemme.mmsh.fr\\\/#\\\/schema\\\/logo\\\/image\\\/\"}}]}<\/script>\n<!-- \/ Yoast SEO plugin. -->","yoast_head_json":{"title":"Les femmes italiennes durant le Risorgimento : entre images et r\u00e9alit\u00e9 - TELEMMe - Temps, espaces, langages, Europe m\u00e9ridionale, M\u00e9diterran\u00e9e","robots":{"index":"index","follow":"follow","max-snippet":"max-snippet:-1","max-image-preview":"max-image-preview:large","max-video-preview":"max-video-preview:-1"},"canonical":"https:\/\/telemme.mmsh.fr\/?tribe_events=les-femmes-italiennes-durant-le-risorgimento-entre-images-et-realite","og_locale":"fr_FR","og_type":"article","og_title":"Les femmes italiennes durant le Risorgimento : entre images et r\u00e9alit\u00e9 - TELEMMe - Temps, espaces, langages, Europe m\u00e9ridionale, M\u00e9diterran\u00e9e","og_description":"La communication vise \u00e0 donner une repr\u00e9sentation des r\u00f4les des femmes italiennes entre 1796 et 1870, tout en distinguant entre les images que le processus de \u00ab nationbuilding \u00bb imposait&hellip;&nbsp;Lire la suite &raquo;Les femmes italiennes durant le Risorgimento : entre images et r\u00e9alit\u00e9","og_url":"https:\/\/telemme.mmsh.fr\/?tribe_events=les-femmes-italiennes-durant-le-risorgimento-entre-images-et-realite","og_site_name":"TELEMMe - Temps, espaces, langages, Europe m\u00e9ridionale, M\u00e9diterran\u00e9e","article_modified_time":"2022-04-11T08:06:25+00:00","og_image":[{"width":300,"height":400,"url":"https:\/\/telemme.mmsh.fr\/wp-content\/uploads\/2021\/01\/GRAVURE-FOND-VIOLET-light.jpg","type":"image\/jpeg"}],"twitter_card":"summary_large_image","schema":{"@context":"https:\/\/schema.org","@graph":[{"@type":"WebPage","@id":"https:\/\/telemme.mmsh.fr\/?tribe_events=les-femmes-italiennes-durant-le-risorgimento-entre-images-et-realite","url":"https:\/\/telemme.mmsh.fr\/?tribe_events=les-femmes-italiennes-durant-le-risorgimento-entre-images-et-realite","name":"Les femmes italiennes durant le Risorgimento : entre images et r\u00e9alit\u00e9 - TELEMMe - Temps, espaces, langages, Europe m\u00e9ridionale, M\u00e9diterran\u00e9e","isPartOf":{"@id":"https:\/\/telemme.mmsh.fr\/#website"},"primaryImageOfPage":{"@id":"https:\/\/telemme.mmsh.fr\/?tribe_events=les-femmes-italiennes-durant-le-risorgimento-entre-images-et-realite#primaryimage"},"image":{"@id":"https:\/\/telemme.mmsh.fr\/?tribe_events=les-femmes-italiennes-durant-le-risorgimento-entre-images-et-realite#primaryimage"},"thumbnailUrl":"https:\/\/telemme.mmsh.fr\/wp-content\/uploads\/2021\/01\/GRAVURE-FOND-VIOLET-light.jpg","datePublished":"2022-04-11T08:06:10+00:00","dateModified":"2022-04-11T08:06:25+00:00","breadcrumb":{"@id":"https:\/\/telemme.mmsh.fr\/?tribe_events=les-femmes-italiennes-durant-le-risorgimento-entre-images-et-realite#breadcrumb"},"inLanguage":"fr-FR","potentialAction":[{"@type":"ReadAction","target":["https:\/\/telemme.mmsh.fr\/?tribe_events=les-femmes-italiennes-durant-le-risorgimento-entre-images-et-realite"]}]},{"@type":"ImageObject","inLanguage":"fr-FR","@id":"https:\/\/telemme.mmsh.fr\/?tribe_events=les-femmes-italiennes-durant-le-risorgimento-entre-images-et-realite#primaryimage","url":"https:\/\/telemme.mmsh.fr\/wp-content\/uploads\/2021\/01\/GRAVURE-FOND-VIOLET-light.jpg","contentUrl":"https:\/\/telemme.mmsh.fr\/wp-content\/uploads\/2021\/01\/GRAVURE-FOND-VIOLET-light.jpg","width":300,"height":400,"caption":"Duel de femmes, SaSa, d\u2019apr\u00e8s Bayard, 2017. Avec l\u2019aimable autorisation de l\u2019artiste"},{"@type":"BreadcrumbList","@id":"https:\/\/telemme.mmsh.fr\/?tribe_events=les-femmes-italiennes-durant-le-risorgimento-entre-images-et-realite#breadcrumb","itemListElement":[{"@type":"ListItem","position":1,"name":"Accueil","item":"https:\/\/telemme.mmsh.fr\/"},{"@type":"ListItem","position":2,"name":"\u00c9v\u00e8nements","item":"https:\/\/telemme.mmsh.fr\/?post_type=tribe_events"},{"@type":"ListItem","position":3,"name":"S\u00e9minaire","item":"https:\/\/telemme.mmsh.fr\/?tribe_events_cat=seminaire"},{"@type":"ListItem","position":4,"name":"Les femmes italiennes durant le Risorgimento : entre images et r\u00e9alit\u00e9"}]},{"@type":"WebSite","@id":"https:\/\/telemme.mmsh.fr\/#website","url":"https:\/\/telemme.mmsh.fr\/","name":"TELEMMe - Temps, espaces, langages, Europe m\u00e9ridionale, M\u00e9diterran\u00e9e","description":"","publisher":{"@id":"https:\/\/telemme.mmsh.fr\/#organization"},"potentialAction":[{"@type":"SearchAction","target":{"@type":"EntryPoint","urlTemplate":"https:\/\/telemme.mmsh.fr\/?s={search_term_string}"},"query-input":{"@type":"PropertyValueSpecification","valueRequired":true,"valueName":"search_term_string"}}],"inLanguage":"fr-FR"},{"@type":"Organization","@id":"https:\/\/telemme.mmsh.fr\/#organization","name":"TELEMMe","url":"https:\/\/telemme.mmsh.fr\/","logo":{"@type":"ImageObject","inLanguage":"fr-FR","@id":"https:\/\/telemme.mmsh.fr\/#\/schema\/logo\/image\/","url":"https:\/\/telemme.mmsh.fr\/wp-content\/uploads\/2020\/03\/LogoTELEMMe-horizontal-fond-transparent.png","contentUrl":"https:\/\/telemme.mmsh.fr\/wp-content\/uploads\/2020\/03\/LogoTELEMMe-horizontal-fond-transparent.png","width":1500,"height":437,"caption":"TELEMMe"},"image":{"@id":"https:\/\/telemme.mmsh.fr\/#\/schema\/logo\/image\/"}}]}},"_links":{"self":[{"href":"https:\/\/telemme.mmsh.fr\/index.php?rest_route=\/wp\/v2\/tribe_events\/11009","targetHints":{"allow":["GET"]}}],"collection":[{"href":"https:\/\/telemme.mmsh.fr\/index.php?rest_route=\/wp\/v2\/tribe_events"}],"about":[{"href":"https:\/\/telemme.mmsh.fr\/index.php?rest_route=\/wp\/v2\/types\/tribe_events"}],"author":[{"embeddable":true,"href":"https:\/\/telemme.mmsh.fr\/index.php?rest_route=\/wp\/v2\/users\/6"}],"version-history":[{"count":1,"href":"https:\/\/telemme.mmsh.fr\/index.php?rest_route=\/wp\/v2\/tribe_events\/11009\/revisions"}],"predecessor-version":[{"id":11010,"href":"https:\/\/telemme.mmsh.fr\/index.php?rest_route=\/wp\/v2\/tribe_events\/11009\/revisions\/11010"}],"wp:featuredmedia":[{"embeddable":true,"href":"https:\/\/telemme.mmsh.fr\/index.php?rest_route=\/wp\/v2\/media\/3533"}],"wp:attachment":[{"href":"https:\/\/telemme.mmsh.fr\/index.php?rest_route=%2Fwp%2Fv2%2Fmedia&parent=11009"}],"wp:term":[{"taxonomy":"post_tag","embeddable":true,"href":"https:\/\/telemme.mmsh.fr\/index.php?rest_route=%2Fwp%2Fv2%2Ftags&post=11009"},{"taxonomy":"tribe_events_cat","embeddable":true,"href":"https:\/\/telemme.mmsh.fr\/index.php?rest_route=%2Fwp%2Fv2%2Ftribe_events_cat&post=11009"}],"curies":[{"name":"wp","href":"https:\/\/api.w.org\/{rel}","templated":true}]}}