{"id":10999,"date":"2022-04-07T11:58:20","date_gmt":"2022-04-07T09:58:20","guid":{"rendered":"https:\/\/telemme.mmsh.fr\/?post_type=tribe_events&#038;p=10999"},"modified":"2022-04-07T11:58:35","modified_gmt":"2022-04-07T09:58:35","slug":"atelier-maghreb-amazigh-graphies-berberes","status":"publish","type":"tribe_events","link":"https:\/\/telemme.mmsh.fr\/?tribe_events=atelier-maghreb-amazigh-graphies-berberes","title":{"rendered":"Atelier Maghreb Amazigh \u2013 Graphies berb\u00e8res"},"content":{"rendered":"<p>En amazighe (berb\u00e8re), l\u2019\u00e9criture se dit\u00a0<i>tirra<\/i>\u00a0ou\u00a0<i>tira<\/i>. Preuve que cette langue r\u00e9put\u00e9e pour son caract\u00e8re oral a bien connu une tradition scripturaire. On a attribu\u00e9 \u00e0 cette graphie dite \u00ab\u00a0numidique\u00a0\u00bb, \u00ab\u00a0libyque\u00a0\u00bb, \u00ab\u00a0libyco-berb\u00e8re\u00a0\u00bb ou encore \u00ab\u00a0tifinagh\u00a0\u00bb toutes sortes d\u2019origines. Depuis plus de deux d\u00e9cennies, les recherches s\u2019orientent vers une origine autochtone de l\u2019\u00e9criture amazighe qui serait intimement li\u00e9e \u00e0 l\u2019art rupestre et \u00e0 l\u2019art amazighe en g\u00e9n\u00e9ral.<\/p>\n<p><a href=\"https:\/\/telemme.mmsh.fr\/?evenement=atelier-maghreb-amazigh-graphies-berberes\"><strong>Programme complet de l&rsquo;atelier et informations pour s&rsquo;inscrire<\/strong><\/a><\/p>\n","protected":false},"excerpt":{"rendered":"<p>En amazighe (berb\u00e8re), l\u2019\u00e9criture se dit\u00a0tirra\u00a0ou\u00a0tira. Preuve que cette langue r\u00e9put\u00e9e pour son caract\u00e8re oral a bien connu une tradition scripturaire. On a attribu\u00e9 \u00e0 cette graphie dite \u00ab\u00a0numidique\u00a0\u00bb, \u00ab\u00a0libyque\u00a0\u00bb,&hellip;&nbsp;<a href=\"https:\/\/telemme.mmsh.fr\/?tribe_events=atelier-maghreb-amazigh-graphies-berberes\" rel=\"bookmark\">Lire la suite &raquo;<span class=\"screen-reader-text\">Atelier Maghreb Amazigh \u2013 Graphies berb\u00e8res<\/span><\/a><\/p>\n","protected":false},"author":6,"featured_media":10998,"template":"","meta":{"neve_meta_sidebar":"","neve_meta_container":"","neve_meta_enable_content_width":"","neve_meta_content_width":0,"neve_meta_title_alignment":"","neve_meta_author_avatar":"","neve_post_elements_order":"","neve_meta_disable_header":"","neve_meta_disable_footer":"","neve_meta_disable_title":"","_tribe_events_status":"","_tribe_events_status_reason":"","footnotes":""},"tags":[2471],"tribe_events_cat":[2272],"class_list":["post-10999","tribe_events","type-tribe_events","status-publish","has-post-thumbnail","hentry","tag-atelier","tribe_events_cat-seminaire-interlaboratoire-maghreb-amazigh","cat_seminaire-interlaboratoire-maghreb-amazigh","tribe-ext-events-control-list-event--live"],"yoast_head":"<!-- This site is optimized with the Yoast SEO plugin v27.4 - https:\/\/yoast.com\/product\/yoast-seo-wordpress\/ -->\n<title>Atelier Maghreb Amazigh \u2013 Graphies berb\u00e8res - TELEMMe - Temps, espaces, langages, Europe m\u00e9ridionale, M\u00e9diterran\u00e9e<\/title>\n<meta name=\"robots\" content=\"index, follow, max-snippet:-1, max-image-preview:large, max-video-preview:-1\" \/>\n<link rel=\"canonical\" href=\"https:\/\/telemme.mmsh.fr\/?tribe_events=atelier-maghreb-amazigh-graphies-berberes\" \/>\n<meta property=\"og:locale\" content=\"fr_FR\" \/>\n<meta property=\"og:type\" content=\"article\" \/>\n<meta property=\"og:title\" content=\"Atelier Maghreb Amazigh \u2013 Graphies berb\u00e8res - TELEMMe - Temps, espaces, langages, Europe m\u00e9ridionale, M\u00e9diterran\u00e9e\" \/>\n<meta property=\"og:description\" content=\"En amazighe (berb\u00e8re), l\u2019\u00e9criture se dit\u00a0tirra\u00a0ou\u00a0tira. Preuve que cette langue r\u00e9put\u00e9e pour son caract\u00e8re oral a bien connu une tradition scripturaire. On a attribu\u00e9 \u00e0 cette graphie dite \u00ab\u00a0numidique\u00a0\u00bb, \u00ab\u00a0libyque\u00a0\u00bb,&hellip;&nbsp;Lire la suite &raquo;Atelier Maghreb Amazigh \u2013 Graphies berb\u00e8res\" \/>\n<meta property=\"og:url\" content=\"https:\/\/telemme.mmsh.fr\/?tribe_events=atelier-maghreb-amazigh-graphies-berberes\" \/>\n<meta property=\"og:site_name\" content=\"TELEMMe - Temps, espaces, langages, Europe m\u00e9ridionale, M\u00e9diterran\u00e9e\" \/>\n<meta property=\"article:modified_time\" content=\"2022-04-07T09:58:35+00:00\" \/>\n<meta property=\"og:image\" content=\"https:\/\/telemme.mmsh.fr\/wp-content\/uploads\/2022\/04\/illustration_maghreb_amazigh_graphies_berberes.png\" \/>\n\t<meta property=\"og:image:width\" content=\"300\" \/>\n\t<meta property=\"og:image:height\" content=\"389\" \/>\n\t<meta property=\"og:image:type\" content=\"image\/png\" \/>\n<meta name=\"twitter:card\" content=\"summary_large_image\" \/>\n<meta name=\"twitter:label1\" content=\"Dur\u00e9e de lecture estim\u00e9e\" \/>\n\t<meta name=\"twitter:data1\" content=\"1 minute\" \/>\n<script type=\"application\/ld+json\" class=\"yoast-schema-graph\">{\"@context\":\"https:\\\/\\\/schema.org\",\"@graph\":[{\"@type\":\"WebPage\",\"@id\":\"https:\\\/\\\/telemme.mmsh.fr\\\/?tribe_events=atelier-maghreb-amazigh-graphies-berberes\",\"url\":\"https:\\\/\\\/telemme.mmsh.fr\\\/?tribe_events=atelier-maghreb-amazigh-graphies-berberes\",\"name\":\"Atelier Maghreb Amazigh \u2013 Graphies berb\u00e8res - TELEMMe - Temps, espaces, langages, Europe m\u00e9ridionale, M\u00e9diterran\u00e9e\",\"isPartOf\":{\"@id\":\"https:\\\/\\\/telemme.mmsh.fr\\\/#website\"},\"primaryImageOfPage\":{\"@id\":\"https:\\\/\\\/telemme.mmsh.fr\\\/?tribe_events=atelier-maghreb-amazigh-graphies-berberes#primaryimage\"},\"image\":{\"@id\":\"https:\\\/\\\/telemme.mmsh.fr\\\/?tribe_events=atelier-maghreb-amazigh-graphies-berberes#primaryimage\"},\"thumbnailUrl\":\"https:\\\/\\\/telemme.mmsh.fr\\\/wp-content\\\/uploads\\\/2022\\\/04\\\/illustration_maghreb_amazigh_graphies_berberes.png\",\"datePublished\":\"2022-04-07T09:58:20+00:00\",\"dateModified\":\"2022-04-07T09:58:35+00:00\",\"breadcrumb\":{\"@id\":\"https:\\\/\\\/telemme.mmsh.fr\\\/?tribe_events=atelier-maghreb-amazigh-graphies-berberes#breadcrumb\"},\"inLanguage\":\"fr-FR\",\"potentialAction\":[{\"@type\":\"ReadAction\",\"target\":[\"https:\\\/\\\/telemme.mmsh.fr\\\/?tribe_events=atelier-maghreb-amazigh-graphies-berberes\"]}]},{\"@type\":\"ImageObject\",\"inLanguage\":\"fr-FR\",\"@id\":\"https:\\\/\\\/telemme.mmsh.fr\\\/?tribe_events=atelier-maghreb-amazigh-graphies-berberes#primaryimage\",\"url\":\"https:\\\/\\\/telemme.mmsh.fr\\\/wp-content\\\/uploads\\\/2022\\\/04\\\/illustration_maghreb_amazigh_graphies_berberes.png\",\"contentUrl\":\"https:\\\/\\\/telemme.mmsh.fr\\\/wp-content\\\/uploads\\\/2022\\\/04\\\/illustration_maghreb_amazigh_graphies_berberes.png\",\"width\":300,\"height\":389,\"caption\":\"\u00a9 Noureddine Chenoud\"},{\"@type\":\"BreadcrumbList\",\"@id\":\"https:\\\/\\\/telemme.mmsh.fr\\\/?tribe_events=atelier-maghreb-amazigh-graphies-berberes#breadcrumb\",\"itemListElement\":[{\"@type\":\"ListItem\",\"position\":1,\"name\":\"Accueil\",\"item\":\"https:\\\/\\\/telemme.mmsh.fr\\\/\"},{\"@type\":\"ListItem\",\"position\":2,\"name\":\"\u00c9v\u00e8nements\",\"item\":\"https:\\\/\\\/telemme.mmsh.fr\\\/?post_type=tribe_events\"},{\"@type\":\"ListItem\",\"position\":3,\"name\":\"S\u00e9minaire interlaboratoire\",\"item\":\"https:\\\/\\\/telemme.mmsh.fr\\\/?tribe_events_cat=seminaire-interlaboratoire\"},{\"@type\":\"ListItem\",\"position\":4,\"name\":\"S\u00e9minaire interlaboratoire \\\"Maghreb amazigh\\\"\",\"item\":\"https:\\\/\\\/telemme.mmsh.fr\\\/?tribe_events_cat=seminaire-interlaboratoire-maghreb-amazigh\"},{\"@type\":\"ListItem\",\"position\":5,\"name\":\"Atelier Maghreb Amazigh \u2013 Graphies berb\u00e8res\"}]},{\"@type\":\"WebSite\",\"@id\":\"https:\\\/\\\/telemme.mmsh.fr\\\/#website\",\"url\":\"https:\\\/\\\/telemme.mmsh.fr\\\/\",\"name\":\"TELEMMe - Temps, espaces, langages, Europe m\u00e9ridionale, M\u00e9diterran\u00e9e\",\"description\":\"\",\"publisher\":{\"@id\":\"https:\\\/\\\/telemme.mmsh.fr\\\/#organization\"},\"potentialAction\":[{\"@type\":\"SearchAction\",\"target\":{\"@type\":\"EntryPoint\",\"urlTemplate\":\"https:\\\/\\\/telemme.mmsh.fr\\\/?s={search_term_string}\"},\"query-input\":{\"@type\":\"PropertyValueSpecification\",\"valueRequired\":true,\"valueName\":\"search_term_string\"}}],\"inLanguage\":\"fr-FR\"},{\"@type\":\"Organization\",\"@id\":\"https:\\\/\\\/telemme.mmsh.fr\\\/#organization\",\"name\":\"TELEMMe\",\"url\":\"https:\\\/\\\/telemme.mmsh.fr\\\/\",\"logo\":{\"@type\":\"ImageObject\",\"inLanguage\":\"fr-FR\",\"@id\":\"https:\\\/\\\/telemme.mmsh.fr\\\/#\\\/schema\\\/logo\\\/image\\\/\",\"url\":\"https:\\\/\\\/telemme.mmsh.fr\\\/wp-content\\\/uploads\\\/2020\\\/03\\\/LogoTELEMMe-horizontal-fond-transparent.png\",\"contentUrl\":\"https:\\\/\\\/telemme.mmsh.fr\\\/wp-content\\\/uploads\\\/2020\\\/03\\\/LogoTELEMMe-horizontal-fond-transparent.png\",\"width\":1500,\"height\":437,\"caption\":\"TELEMMe\"},\"image\":{\"@id\":\"https:\\\/\\\/telemme.mmsh.fr\\\/#\\\/schema\\\/logo\\\/image\\\/\"}}]}<\/script>\n<!-- \/ Yoast SEO plugin. -->","yoast_head_json":{"title":"Atelier Maghreb Amazigh \u2013 Graphies berb\u00e8res - TELEMMe - Temps, espaces, langages, Europe m\u00e9ridionale, M\u00e9diterran\u00e9e","robots":{"index":"index","follow":"follow","max-snippet":"max-snippet:-1","max-image-preview":"max-image-preview:large","max-video-preview":"max-video-preview:-1"},"canonical":"https:\/\/telemme.mmsh.fr\/?tribe_events=atelier-maghreb-amazigh-graphies-berberes","og_locale":"fr_FR","og_type":"article","og_title":"Atelier Maghreb Amazigh \u2013 Graphies berb\u00e8res - TELEMMe - Temps, espaces, langages, Europe m\u00e9ridionale, M\u00e9diterran\u00e9e","og_description":"En amazighe (berb\u00e8re), l\u2019\u00e9criture se dit\u00a0tirra\u00a0ou\u00a0tira. Preuve que cette langue r\u00e9put\u00e9e pour son caract\u00e8re oral a bien connu une tradition scripturaire. On a attribu\u00e9 \u00e0 cette graphie dite \u00ab\u00a0numidique\u00a0\u00bb, \u00ab\u00a0libyque\u00a0\u00bb,&hellip;&nbsp;Lire la suite &raquo;Atelier Maghreb Amazigh \u2013 Graphies berb\u00e8res","og_url":"https:\/\/telemme.mmsh.fr\/?tribe_events=atelier-maghreb-amazigh-graphies-berberes","og_site_name":"TELEMMe - Temps, espaces, langages, Europe m\u00e9ridionale, M\u00e9diterran\u00e9e","article_modified_time":"2022-04-07T09:58:35+00:00","og_image":[{"width":300,"height":389,"url":"https:\/\/telemme.mmsh.fr\/wp-content\/uploads\/2022\/04\/illustration_maghreb_amazigh_graphies_berberes.png","type":"image\/png"}],"twitter_card":"summary_large_image","twitter_misc":{"Dur\u00e9e de lecture estim\u00e9e":"1 minute"},"schema":{"@context":"https:\/\/schema.org","@graph":[{"@type":"WebPage","@id":"https:\/\/telemme.mmsh.fr\/?tribe_events=atelier-maghreb-amazigh-graphies-berberes","url":"https:\/\/telemme.mmsh.fr\/?tribe_events=atelier-maghreb-amazigh-graphies-berberes","name":"Atelier Maghreb Amazigh \u2013 Graphies berb\u00e8res - TELEMMe - Temps, espaces, langages, Europe m\u00e9ridionale, M\u00e9diterran\u00e9e","isPartOf":{"@id":"https:\/\/telemme.mmsh.fr\/#website"},"primaryImageOfPage":{"@id":"https:\/\/telemme.mmsh.fr\/?tribe_events=atelier-maghreb-amazigh-graphies-berberes#primaryimage"},"image":{"@id":"https:\/\/telemme.mmsh.fr\/?tribe_events=atelier-maghreb-amazigh-graphies-berberes#primaryimage"},"thumbnailUrl":"https:\/\/telemme.mmsh.fr\/wp-content\/uploads\/2022\/04\/illustration_maghreb_amazigh_graphies_berberes.png","datePublished":"2022-04-07T09:58:20+00:00","dateModified":"2022-04-07T09:58:35+00:00","breadcrumb":{"@id":"https:\/\/telemme.mmsh.fr\/?tribe_events=atelier-maghreb-amazigh-graphies-berberes#breadcrumb"},"inLanguage":"fr-FR","potentialAction":[{"@type":"ReadAction","target":["https:\/\/telemme.mmsh.fr\/?tribe_events=atelier-maghreb-amazigh-graphies-berberes"]}]},{"@type":"ImageObject","inLanguage":"fr-FR","@id":"https:\/\/telemme.mmsh.fr\/?tribe_events=atelier-maghreb-amazigh-graphies-berberes#primaryimage","url":"https:\/\/telemme.mmsh.fr\/wp-content\/uploads\/2022\/04\/illustration_maghreb_amazigh_graphies_berberes.png","contentUrl":"https:\/\/telemme.mmsh.fr\/wp-content\/uploads\/2022\/04\/illustration_maghreb_amazigh_graphies_berberes.png","width":300,"height":389,"caption":"\u00a9 Noureddine Chenoud"},{"@type":"BreadcrumbList","@id":"https:\/\/telemme.mmsh.fr\/?tribe_events=atelier-maghreb-amazigh-graphies-berberes#breadcrumb","itemListElement":[{"@type":"ListItem","position":1,"name":"Accueil","item":"https:\/\/telemme.mmsh.fr\/"},{"@type":"ListItem","position":2,"name":"\u00c9v\u00e8nements","item":"https:\/\/telemme.mmsh.fr\/?post_type=tribe_events"},{"@type":"ListItem","position":3,"name":"S\u00e9minaire interlaboratoire","item":"https:\/\/telemme.mmsh.fr\/?tribe_events_cat=seminaire-interlaboratoire"},{"@type":"ListItem","position":4,"name":"S\u00e9minaire interlaboratoire \"Maghreb amazigh\"","item":"https:\/\/telemme.mmsh.fr\/?tribe_events_cat=seminaire-interlaboratoire-maghreb-amazigh"},{"@type":"ListItem","position":5,"name":"Atelier Maghreb Amazigh \u2013 Graphies berb\u00e8res"}]},{"@type":"WebSite","@id":"https:\/\/telemme.mmsh.fr\/#website","url":"https:\/\/telemme.mmsh.fr\/","name":"TELEMMe - Temps, espaces, langages, Europe m\u00e9ridionale, M\u00e9diterran\u00e9e","description":"","publisher":{"@id":"https:\/\/telemme.mmsh.fr\/#organization"},"potentialAction":[{"@type":"SearchAction","target":{"@type":"EntryPoint","urlTemplate":"https:\/\/telemme.mmsh.fr\/?s={search_term_string}"},"query-input":{"@type":"PropertyValueSpecification","valueRequired":true,"valueName":"search_term_string"}}],"inLanguage":"fr-FR"},{"@type":"Organization","@id":"https:\/\/telemme.mmsh.fr\/#organization","name":"TELEMMe","url":"https:\/\/telemme.mmsh.fr\/","logo":{"@type":"ImageObject","inLanguage":"fr-FR","@id":"https:\/\/telemme.mmsh.fr\/#\/schema\/logo\/image\/","url":"https:\/\/telemme.mmsh.fr\/wp-content\/uploads\/2020\/03\/LogoTELEMMe-horizontal-fond-transparent.png","contentUrl":"https:\/\/telemme.mmsh.fr\/wp-content\/uploads\/2020\/03\/LogoTELEMMe-horizontal-fond-transparent.png","width":1500,"height":437,"caption":"TELEMMe"},"image":{"@id":"https:\/\/telemme.mmsh.fr\/#\/schema\/logo\/image\/"}}]}},"_links":{"self":[{"href":"https:\/\/telemme.mmsh.fr\/index.php?rest_route=\/wp\/v2\/tribe_events\/10999","targetHints":{"allow":["GET"]}}],"collection":[{"href":"https:\/\/telemme.mmsh.fr\/index.php?rest_route=\/wp\/v2\/tribe_events"}],"about":[{"href":"https:\/\/telemme.mmsh.fr\/index.php?rest_route=\/wp\/v2\/types\/tribe_events"}],"author":[{"embeddable":true,"href":"https:\/\/telemme.mmsh.fr\/index.php?rest_route=\/wp\/v2\/users\/6"}],"version-history":[{"count":1,"href":"https:\/\/telemme.mmsh.fr\/index.php?rest_route=\/wp\/v2\/tribe_events\/10999\/revisions"}],"predecessor-version":[{"id":11000,"href":"https:\/\/telemme.mmsh.fr\/index.php?rest_route=\/wp\/v2\/tribe_events\/10999\/revisions\/11000"}],"wp:featuredmedia":[{"embeddable":true,"href":"https:\/\/telemme.mmsh.fr\/index.php?rest_route=\/wp\/v2\/media\/10998"}],"wp:attachment":[{"href":"https:\/\/telemme.mmsh.fr\/index.php?rest_route=%2Fwp%2Fv2%2Fmedia&parent=10999"}],"wp:term":[{"taxonomy":"post_tag","embeddable":true,"href":"https:\/\/telemme.mmsh.fr\/index.php?rest_route=%2Fwp%2Fv2%2Ftags&post=10999"},{"taxonomy":"tribe_events_cat","embeddable":true,"href":"https:\/\/telemme.mmsh.fr\/index.php?rest_route=%2Fwp%2Fv2%2Ftribe_events_cat&post=10999"}],"curies":[{"name":"wp","href":"https:\/\/api.w.org\/{rel}","templated":true}]}}