{"id":10871,"date":"2022-03-16T18:21:14","date_gmt":"2022-03-16T17:21:14","guid":{"rendered":"https:\/\/telemme.mmsh.fr\/?post_type=tribe_events&#038;p=10871"},"modified":"2022-03-29T01:02:21","modified_gmt":"2022-03-28T23:02:21","slug":"ecrits-savants-entre-geometrie-et-justice","status":"publish","type":"tribe_events","link":"https:\/\/telemme.mmsh.fr\/?tribe_events=ecrits-savants-entre-geometrie-et-justice","title":{"rendered":"[\u00c9crits savants] Entre g\u00e9om\u00e9trie et justice"},"content":{"rendered":"<p>Le s\u00e9minaire inter-labos <i>\u00c9crits savants et sources des savoirs en M\u00e9diterran\u00e9e \u00e0 l&rsquo;\u00e9poque moderne<\/i> (CAER, LA3M, TELEMMe) a le plaisir de vous\u00a0annoncer la suite de ses travaux. Le s\u00e9minaire est soutenu et financ\u00e9 par TELEMMe.<\/p>\n<p><strong>\u00c9quipe du s\u00e9minaire :<\/strong><\/p>\n<ul>\n<li><a href=\"https:\/\/telemme.mmsh.fr\/?membres=hayri-goksin-ozkoray\">Hayri \u00d6zkoray<\/a>, TELEMMe<\/li>\n<li><a href=\"https:\/\/caer.univ-amu.fr\/wp-content\/uploads\/Fiche-CAER-Singlard.pdf\">Sophie-B\u00e9rang\u00e8re Singlard<\/a>, CAER<\/li>\n<li><a href=\"tps:\/\/la3m.cnrs.fr\/pages\/acteurs\/Ventura-Teixeira\/Ventura-Teixeira.php\">C\u00e9line Ventura Teixeira<\/a>, LA3M<\/li>\n<\/ul>\n<p><a href=\"https:\/\/telemme.mmsh.fr\/?evenement=ecrits-savants-entre-geometrie-et-justice\"><strong>Programme complet<\/strong><\/a><\/p>\n","protected":false},"excerpt":{"rendered":"<p>Le s\u00e9minaire inter-labos \u00c9crits savants et sources des savoirs en M\u00e9diterran\u00e9e \u00e0 l&rsquo;\u00e9poque moderne (CAER, LA3M, TELEMMe) a le plaisir de vous\u00a0annoncer la suite de ses travaux. Le s\u00e9minaire est&hellip;&nbsp;<a href=\"https:\/\/telemme.mmsh.fr\/?tribe_events=ecrits-savants-entre-geometrie-et-justice\" rel=\"bookmark\">Lire la suite &raquo;<span class=\"screen-reader-text\">[\u00c9crits savants] Entre g\u00e9om\u00e9trie et justice<\/span><\/a><\/p>\n","protected":false},"author":6,"featured_media":10877,"template":"","meta":{"neve_meta_sidebar":"","neve_meta_container":"","neve_meta_enable_content_width":"","neve_meta_content_width":0,"neve_meta_title_alignment":"","neve_meta_author_avatar":"","neve_post_elements_order":"","neve_meta_disable_header":"","neve_meta_disable_footer":"","neve_meta_disable_title":"","_tribe_events_status":"","_tribe_events_status_reason":"","footnotes":""},"tags":[],"tribe_events_cat":[2455],"class_list":["post-10871","tribe_events","type-tribe_events","status-publish","has-post-thumbnail","hentry","tribe_events_cat-seminaire-interlaboratoire-ecrits-savants-et-sources-des-savoirs-en-mediterranee","cat_seminaire-interlaboratoire-ecrits-savants-et-sources-des-savoirs-en-mediterranee"],"yoast_head":"<!-- This site is optimized with the Yoast SEO plugin v27.4 - https:\/\/yoast.com\/product\/yoast-seo-wordpress\/ -->\n<title>[\u00c9crits savants] Entre g\u00e9om\u00e9trie et justice - TELEMMe - Temps, espaces, langages, Europe m\u00e9ridionale, M\u00e9diterran\u00e9e<\/title>\n<meta name=\"robots\" content=\"index, follow, max-snippet:-1, max-image-preview:large, max-video-preview:-1\" \/>\n<link rel=\"canonical\" href=\"https:\/\/telemme.mmsh.fr\/?tribe_events=ecrits-savants-entre-geometrie-et-justice\" \/>\n<meta property=\"og:locale\" content=\"fr_FR\" \/>\n<meta property=\"og:type\" content=\"article\" \/>\n<meta property=\"og:title\" content=\"[\u00c9crits savants] Entre g\u00e9om\u00e9trie et justice - TELEMMe - Temps, espaces, langages, Europe m\u00e9ridionale, M\u00e9diterran\u00e9e\" \/>\n<meta property=\"og:description\" content=\"Le s\u00e9minaire inter-labos \u00c9crits savants et sources des savoirs en M\u00e9diterran\u00e9e \u00e0 l&rsquo;\u00e9poque moderne (CAER, LA3M, TELEMMe) a le plaisir de vous\u00a0annoncer la suite de ses travaux. Le s\u00e9minaire est&hellip;&nbsp;Lire la suite &raquo;[\u00c9crits savants] Entre g\u00e9om\u00e9trie et justice\" \/>\n<meta property=\"og:url\" content=\"https:\/\/telemme.mmsh.fr\/?tribe_events=ecrits-savants-entre-geometrie-et-justice\" \/>\n<meta property=\"og:site_name\" content=\"TELEMMe - Temps, espaces, langages, Europe m\u00e9ridionale, M\u00e9diterran\u00e9e\" \/>\n<meta property=\"article:modified_time\" content=\"2022-03-28T23:02:21+00:00\" \/>\n<meta property=\"og:image\" content=\"https:\/\/telemme.mmsh.fr\/wp-content\/uploads\/2022\/03\/RP-P-OB-115.938.jpg\" \/>\n\t<meta property=\"og:image:width\" content=\"500\" \/>\n\t<meta property=\"og:image:height\" content=\"664\" \/>\n\t<meta property=\"og:image:type\" content=\"image\/jpeg\" \/>\n<meta name=\"twitter:card\" content=\"summary_large_image\" \/>\n<meta name=\"twitter:label1\" content=\"Dur\u00e9e de lecture estim\u00e9e\" \/>\n\t<meta name=\"twitter:data1\" content=\"1 minute\" \/>\n<script type=\"application\/ld+json\" class=\"yoast-schema-graph\">{\"@context\":\"https:\\\/\\\/schema.org\",\"@graph\":[{\"@type\":\"WebPage\",\"@id\":\"https:\\\/\\\/telemme.mmsh.fr\\\/?tribe_events=ecrits-savants-entre-geometrie-et-justice\",\"url\":\"https:\\\/\\\/telemme.mmsh.fr\\\/?tribe_events=ecrits-savants-entre-geometrie-et-justice\",\"name\":\"[\u00c9crits savants] Entre g\u00e9om\u00e9trie et justice - TELEMMe - Temps, espaces, langages, Europe m\u00e9ridionale, M\u00e9diterran\u00e9e\",\"isPartOf\":{\"@id\":\"https:\\\/\\\/telemme.mmsh.fr\\\/#website\"},\"primaryImageOfPage\":{\"@id\":\"https:\\\/\\\/telemme.mmsh.fr\\\/?tribe_events=ecrits-savants-entre-geometrie-et-justice#primaryimage\"},\"image\":{\"@id\":\"https:\\\/\\\/telemme.mmsh.fr\\\/?tribe_events=ecrits-savants-entre-geometrie-et-justice#primaryimage\"},\"thumbnailUrl\":\"https:\\\/\\\/telemme.mmsh.fr\\\/wp-content\\\/uploads\\\/2022\\\/03\\\/RP-P-OB-115.938.jpg\",\"datePublished\":\"2022-03-16T17:21:14+00:00\",\"dateModified\":\"2022-03-28T23:02:21+00:00\",\"breadcrumb\":{\"@id\":\"https:\\\/\\\/telemme.mmsh.fr\\\/?tribe_events=ecrits-savants-entre-geometrie-et-justice#breadcrumb\"},\"inLanguage\":\"fr-FR\",\"potentialAction\":[{\"@type\":\"ReadAction\",\"target\":[\"https:\\\/\\\/telemme.mmsh.fr\\\/?tribe_events=ecrits-savants-entre-geometrie-et-justice\"]}]},{\"@type\":\"ImageObject\",\"inLanguage\":\"fr-FR\",\"@id\":\"https:\\\/\\\/telemme.mmsh.fr\\\/?tribe_events=ecrits-savants-entre-geometrie-et-justice#primaryimage\",\"url\":\"https:\\\/\\\/telemme.mmsh.fr\\\/wp-content\\\/uploads\\\/2022\\\/03\\\/RP-P-OB-115.938.jpg\",\"contentUrl\":\"https:\\\/\\\/telemme.mmsh.fr\\\/wp-content\\\/uploads\\\/2022\\\/03\\\/RP-P-OB-115.938.jpg\",\"width\":500,\"height\":664,\"caption\":\"Anonyme, d\u2019apr\u00e8s Du\u0308rer, Fr\u00e8re hi\u00e9ronymite \u00e0 son \u00e9tude, 1514-1599, gravure, 239 x 285 mm, Amsterdam, Rijksmuseum\"},{\"@type\":\"BreadcrumbList\",\"@id\":\"https:\\\/\\\/telemme.mmsh.fr\\\/?tribe_events=ecrits-savants-entre-geometrie-et-justice#breadcrumb\",\"itemListElement\":[{\"@type\":\"ListItem\",\"position\":1,\"name\":\"Accueil\",\"item\":\"https:\\\/\\\/telemme.mmsh.fr\\\/\"},{\"@type\":\"ListItem\",\"position\":2,\"name\":\"\u00c9v\u00e8nements\",\"item\":\"https:\\\/\\\/telemme.mmsh.fr\\\/?post_type=tribe_events\"},{\"@type\":\"ListItem\",\"position\":3,\"name\":\"S\u00e9minaire interlaboratoire\",\"item\":\"https:\\\/\\\/telemme.mmsh.fr\\\/?tribe_events_cat=seminaire-interlaboratoire\"},{\"@type\":\"ListItem\",\"position\":4,\"name\":\"S\u00e9minaire interlaboratoire \\\"\u00c9crits savants et sources des savoirs en M\u00e9diterran\u00e9e\\\"\",\"item\":\"https:\\\/\\\/telemme.mmsh.fr\\\/?tribe_events_cat=seminaire-interlaboratoire-ecrits-savants-et-sources-des-savoirs-en-mediterranee\"},{\"@type\":\"ListItem\",\"position\":5,\"name\":\"[\u00c9crits savants] Entre g\u00e9om\u00e9trie et justice\"}]},{\"@type\":\"WebSite\",\"@id\":\"https:\\\/\\\/telemme.mmsh.fr\\\/#website\",\"url\":\"https:\\\/\\\/telemme.mmsh.fr\\\/\",\"name\":\"TELEMMe - Temps, espaces, langages, Europe m\u00e9ridionale, M\u00e9diterran\u00e9e\",\"description\":\"\",\"publisher\":{\"@id\":\"https:\\\/\\\/telemme.mmsh.fr\\\/#organization\"},\"potentialAction\":[{\"@type\":\"SearchAction\",\"target\":{\"@type\":\"EntryPoint\",\"urlTemplate\":\"https:\\\/\\\/telemme.mmsh.fr\\\/?s={search_term_string}\"},\"query-input\":{\"@type\":\"PropertyValueSpecification\",\"valueRequired\":true,\"valueName\":\"search_term_string\"}}],\"inLanguage\":\"fr-FR\"},{\"@type\":\"Organization\",\"@id\":\"https:\\\/\\\/telemme.mmsh.fr\\\/#organization\",\"name\":\"TELEMMe\",\"url\":\"https:\\\/\\\/telemme.mmsh.fr\\\/\",\"logo\":{\"@type\":\"ImageObject\",\"inLanguage\":\"fr-FR\",\"@id\":\"https:\\\/\\\/telemme.mmsh.fr\\\/#\\\/schema\\\/logo\\\/image\\\/\",\"url\":\"https:\\\/\\\/telemme.mmsh.fr\\\/wp-content\\\/uploads\\\/2020\\\/03\\\/LogoTELEMMe-horizontal-fond-transparent.png\",\"contentUrl\":\"https:\\\/\\\/telemme.mmsh.fr\\\/wp-content\\\/uploads\\\/2020\\\/03\\\/LogoTELEMMe-horizontal-fond-transparent.png\",\"width\":1500,\"height\":437,\"caption\":\"TELEMMe\"},\"image\":{\"@id\":\"https:\\\/\\\/telemme.mmsh.fr\\\/#\\\/schema\\\/logo\\\/image\\\/\"}}]}<\/script>\n<!-- \/ Yoast SEO plugin. -->","yoast_head_json":{"title":"[\u00c9crits savants] Entre g\u00e9om\u00e9trie et justice - TELEMMe - Temps, espaces, langages, Europe m\u00e9ridionale, M\u00e9diterran\u00e9e","robots":{"index":"index","follow":"follow","max-snippet":"max-snippet:-1","max-image-preview":"max-image-preview:large","max-video-preview":"max-video-preview:-1"},"canonical":"https:\/\/telemme.mmsh.fr\/?tribe_events=ecrits-savants-entre-geometrie-et-justice","og_locale":"fr_FR","og_type":"article","og_title":"[\u00c9crits savants] Entre g\u00e9om\u00e9trie et justice - TELEMMe - Temps, espaces, langages, Europe m\u00e9ridionale, M\u00e9diterran\u00e9e","og_description":"Le s\u00e9minaire inter-labos \u00c9crits savants et sources des savoirs en M\u00e9diterran\u00e9e \u00e0 l&rsquo;\u00e9poque moderne (CAER, LA3M, TELEMMe) a le plaisir de vous\u00a0annoncer la suite de ses travaux. Le s\u00e9minaire est&hellip;&nbsp;Lire la suite &raquo;[\u00c9crits savants] Entre g\u00e9om\u00e9trie et justice","og_url":"https:\/\/telemme.mmsh.fr\/?tribe_events=ecrits-savants-entre-geometrie-et-justice","og_site_name":"TELEMMe - Temps, espaces, langages, Europe m\u00e9ridionale, M\u00e9diterran\u00e9e","article_modified_time":"2022-03-28T23:02:21+00:00","og_image":[{"width":500,"height":664,"url":"https:\/\/telemme.mmsh.fr\/wp-content\/uploads\/2022\/03\/RP-P-OB-115.938.jpg","type":"image\/jpeg"}],"twitter_card":"summary_large_image","twitter_misc":{"Dur\u00e9e de lecture estim\u00e9e":"1 minute"},"schema":{"@context":"https:\/\/schema.org","@graph":[{"@type":"WebPage","@id":"https:\/\/telemme.mmsh.fr\/?tribe_events=ecrits-savants-entre-geometrie-et-justice","url":"https:\/\/telemme.mmsh.fr\/?tribe_events=ecrits-savants-entre-geometrie-et-justice","name":"[\u00c9crits savants] Entre g\u00e9om\u00e9trie et justice - TELEMMe - Temps, espaces, langages, Europe m\u00e9ridionale, M\u00e9diterran\u00e9e","isPartOf":{"@id":"https:\/\/telemme.mmsh.fr\/#website"},"primaryImageOfPage":{"@id":"https:\/\/telemme.mmsh.fr\/?tribe_events=ecrits-savants-entre-geometrie-et-justice#primaryimage"},"image":{"@id":"https:\/\/telemme.mmsh.fr\/?tribe_events=ecrits-savants-entre-geometrie-et-justice#primaryimage"},"thumbnailUrl":"https:\/\/telemme.mmsh.fr\/wp-content\/uploads\/2022\/03\/RP-P-OB-115.938.jpg","datePublished":"2022-03-16T17:21:14+00:00","dateModified":"2022-03-28T23:02:21+00:00","breadcrumb":{"@id":"https:\/\/telemme.mmsh.fr\/?tribe_events=ecrits-savants-entre-geometrie-et-justice#breadcrumb"},"inLanguage":"fr-FR","potentialAction":[{"@type":"ReadAction","target":["https:\/\/telemme.mmsh.fr\/?tribe_events=ecrits-savants-entre-geometrie-et-justice"]}]},{"@type":"ImageObject","inLanguage":"fr-FR","@id":"https:\/\/telemme.mmsh.fr\/?tribe_events=ecrits-savants-entre-geometrie-et-justice#primaryimage","url":"https:\/\/telemme.mmsh.fr\/wp-content\/uploads\/2022\/03\/RP-P-OB-115.938.jpg","contentUrl":"https:\/\/telemme.mmsh.fr\/wp-content\/uploads\/2022\/03\/RP-P-OB-115.938.jpg","width":500,"height":664,"caption":"Anonyme, d\u2019apr\u00e8s Du\u0308rer, Fr\u00e8re hi\u00e9ronymite \u00e0 son \u00e9tude, 1514-1599, gravure, 239 x 285 mm, Amsterdam, Rijksmuseum"},{"@type":"BreadcrumbList","@id":"https:\/\/telemme.mmsh.fr\/?tribe_events=ecrits-savants-entre-geometrie-et-justice#breadcrumb","itemListElement":[{"@type":"ListItem","position":1,"name":"Accueil","item":"https:\/\/telemme.mmsh.fr\/"},{"@type":"ListItem","position":2,"name":"\u00c9v\u00e8nements","item":"https:\/\/telemme.mmsh.fr\/?post_type=tribe_events"},{"@type":"ListItem","position":3,"name":"S\u00e9minaire interlaboratoire","item":"https:\/\/telemme.mmsh.fr\/?tribe_events_cat=seminaire-interlaboratoire"},{"@type":"ListItem","position":4,"name":"S\u00e9minaire interlaboratoire \"\u00c9crits savants et sources des savoirs en M\u00e9diterran\u00e9e\"","item":"https:\/\/telemme.mmsh.fr\/?tribe_events_cat=seminaire-interlaboratoire-ecrits-savants-et-sources-des-savoirs-en-mediterranee"},{"@type":"ListItem","position":5,"name":"[\u00c9crits savants] Entre g\u00e9om\u00e9trie et justice"}]},{"@type":"WebSite","@id":"https:\/\/telemme.mmsh.fr\/#website","url":"https:\/\/telemme.mmsh.fr\/","name":"TELEMMe - Temps, espaces, langages, Europe m\u00e9ridionale, M\u00e9diterran\u00e9e","description":"","publisher":{"@id":"https:\/\/telemme.mmsh.fr\/#organization"},"potentialAction":[{"@type":"SearchAction","target":{"@type":"EntryPoint","urlTemplate":"https:\/\/telemme.mmsh.fr\/?s={search_term_string}"},"query-input":{"@type":"PropertyValueSpecification","valueRequired":true,"valueName":"search_term_string"}}],"inLanguage":"fr-FR"},{"@type":"Organization","@id":"https:\/\/telemme.mmsh.fr\/#organization","name":"TELEMMe","url":"https:\/\/telemme.mmsh.fr\/","logo":{"@type":"ImageObject","inLanguage":"fr-FR","@id":"https:\/\/telemme.mmsh.fr\/#\/schema\/logo\/image\/","url":"https:\/\/telemme.mmsh.fr\/wp-content\/uploads\/2020\/03\/LogoTELEMMe-horizontal-fond-transparent.png","contentUrl":"https:\/\/telemme.mmsh.fr\/wp-content\/uploads\/2020\/03\/LogoTELEMMe-horizontal-fond-transparent.png","width":1500,"height":437,"caption":"TELEMMe"},"image":{"@id":"https:\/\/telemme.mmsh.fr\/#\/schema\/logo\/image\/"}}]}},"_links":{"self":[{"href":"https:\/\/telemme.mmsh.fr\/index.php?rest_route=\/wp\/v2\/tribe_events\/10871","targetHints":{"allow":["GET"]}}],"collection":[{"href":"https:\/\/telemme.mmsh.fr\/index.php?rest_route=\/wp\/v2\/tribe_events"}],"about":[{"href":"https:\/\/telemme.mmsh.fr\/index.php?rest_route=\/wp\/v2\/types\/tribe_events"}],"author":[{"embeddable":true,"href":"https:\/\/telemme.mmsh.fr\/index.php?rest_route=\/wp\/v2\/users\/6"}],"version-history":[{"count":4,"href":"https:\/\/telemme.mmsh.fr\/index.php?rest_route=\/wp\/v2\/tribe_events\/10871\/revisions"}],"predecessor-version":[{"id":10940,"href":"https:\/\/telemme.mmsh.fr\/index.php?rest_route=\/wp\/v2\/tribe_events\/10871\/revisions\/10940"}],"wp:featuredmedia":[{"embeddable":true,"href":"https:\/\/telemme.mmsh.fr\/index.php?rest_route=\/wp\/v2\/media\/10877"}],"wp:attachment":[{"href":"https:\/\/telemme.mmsh.fr\/index.php?rest_route=%2Fwp%2Fv2%2Fmedia&parent=10871"}],"wp:term":[{"taxonomy":"post_tag","embeddable":true,"href":"https:\/\/telemme.mmsh.fr\/index.php?rest_route=%2Fwp%2Fv2%2Ftags&post=10871"},{"taxonomy":"tribe_events_cat","embeddable":true,"href":"https:\/\/telemme.mmsh.fr\/index.php?rest_route=%2Fwp%2Fv2%2Ftribe_events_cat&post=10871"}],"curies":[{"name":"wp","href":"https:\/\/api.w.org\/{rel}","templated":true}]}}