{"id":10773,"date":"2022-03-08T16:20:43","date_gmt":"2022-03-08T15:20:43","guid":{"rendered":"https:\/\/telemme.mmsh.fr\/?post_type=tribe_events&#038;p=10773"},"modified":"2022-03-09T11:15:36","modified_gmt":"2022-03-09T10:15:36","slug":"viticulture-mediterraneenne-et-environnement","status":"publish","type":"tribe_events","link":"https:\/\/telemme.mmsh.fr\/?tribe_events=viticulture-mediterraneenne-et-environnement","title":{"rendered":"Viticulture m\u00e9diterran\u00e9enne et environnement"},"content":{"rendered":"<p>Journ\u00e9e de rencontre entre les chercheurs universitaires du Consortium ALCOVE et les organisations professionnelles viticoles.<\/p>\n<p>Le programme ALCOVE r\u00e9unit des chercheurs de plusieurs laboratoires rattach\u00e9s \u00e0 ITEM, l\u2019Institut m\u00e9diterran\u00e9en pour la transition environnementale dans une optique interdisciplinaire. Des \u00e9cologues, chimistes, g\u00e9notoxicologues , agronomes, p\u00e9dologues s\u2019associent pour \u00e9valuer l\u2019action de produits de biocontr\u00f4le et d\u2019un nouveau biofertilisant. G\u00e9ographes et psychologues collaborent au projet afin de mieux comprendre les dynamiques de changement des pratiques en agriculture durable.<br \/>\nUn partenariat actif avec les organisations professionnelles viticoles est souhaitable pour mener \u00e0 bien ce programme. L\u2019objectif de cette journ\u00e9e est d\u2019ouvrir un dialogue entre chercheurs et vignerons afin de partager connaissances, expertises et exp\u00e9riences de terrain.<\/p>\n<p>Journ\u00e9e organis\u00e9e \u00e0 La Maison de la Sainte Victoire le 24 mars 2022 de 9h \u00e0 16h30 par Paul Minvielle (laboratoire TELEMME) et Jean-Jacques Balikian (Association des Vignerons de la Sainte Victoire).<\/p>\n<p><a href=\"https:\/\/telemme.mmsh.fr\/?evenement=viticulture-mediterraneenne-et-environnement\"><strong>Programme complet<\/strong><\/a><\/p>\n","protected":false},"excerpt":{"rendered":"<p>Journ\u00e9e de rencontre entre les chercheurs universitaires du Consortium ALCOVE et les organisations professionnelles viticoles. Le programme ALCOVE r\u00e9unit des chercheurs de plusieurs laboratoires rattach\u00e9s \u00e0 ITEM, l\u2019Institut m\u00e9diterran\u00e9en pour&hellip;&nbsp;<a href=\"https:\/\/telemme.mmsh.fr\/?tribe_events=viticulture-mediterraneenne-et-environnement\" rel=\"bookmark\">Lire la suite &raquo;<span class=\"screen-reader-text\">Viticulture m\u00e9diterran\u00e9enne et environnement<\/span><\/a><\/p>\n","protected":false},"author":6,"featured_media":3712,"template":"","meta":{"neve_meta_sidebar":"","neve_meta_container":"","neve_meta_enable_content_width":"","neve_meta_content_width":0,"neve_meta_title_alignment":"","neve_meta_author_avatar":"","neve_post_elements_order":"","neve_meta_disable_header":"","neve_meta_disable_footer":"","neve_meta_disable_title":"","_tribe_events_status":"","_tribe_events_status_reason":"","footnotes":""},"tags":[2436,2434],"tribe_events_cat":[1823],"class_list":["post-10773","tribe_events","type-tribe_events","status-publish","has-post-thumbnail","hentry","tag-environnement","tag-viticulture","tribe_events_cat-journee-detudes","cat_journee-detudes"],"yoast_head":"<!-- This site is optimized with the Yoast SEO plugin v27.4 - https:\/\/yoast.com\/product\/yoast-seo-wordpress\/ -->\n<title>Viticulture m\u00e9diterran\u00e9enne et environnement - TELEMMe - Temps, espaces, langages, Europe m\u00e9ridionale, M\u00e9diterran\u00e9e<\/title>\n<meta name=\"robots\" content=\"index, follow, max-snippet:-1, max-image-preview:large, max-video-preview:-1\" \/>\n<link rel=\"canonical\" href=\"https:\/\/telemme.mmsh.fr\/?tribe_events=viticulture-mediterraneenne-et-environnement\" \/>\n<meta property=\"og:locale\" content=\"fr_FR\" \/>\n<meta property=\"og:type\" content=\"article\" \/>\n<meta property=\"og:title\" content=\"Viticulture m\u00e9diterran\u00e9enne et environnement - TELEMMe - Temps, espaces, langages, Europe m\u00e9ridionale, M\u00e9diterran\u00e9e\" \/>\n<meta property=\"og:description\" content=\"Journ\u00e9e de rencontre entre les chercheurs universitaires du Consortium ALCOVE et les organisations professionnelles viticoles. Le programme ALCOVE r\u00e9unit des chercheurs de plusieurs laboratoires rattach\u00e9s \u00e0 ITEM, l\u2019Institut m\u00e9diterran\u00e9en pour&hellip;&nbsp;Lire la suite &raquo;Viticulture m\u00e9diterran\u00e9enne et environnement\" \/>\n<meta property=\"og:url\" content=\"https:\/\/telemme.mmsh.fr\/?tribe_events=viticulture-mediterraneenne-et-environnement\" \/>\n<meta property=\"og:site_name\" content=\"TELEMMe - Temps, espaces, langages, Europe m\u00e9ridionale, M\u00e9diterran\u00e9e\" \/>\n<meta property=\"article:modified_time\" content=\"2022-03-09T10:15:36+00:00\" \/>\n<meta property=\"og:image\" content=\"https:\/\/telemme.mmsh.fr\/wp-content\/uploads\/2019\/12\/vins-sainte-victoire080-light2.jpg\" \/>\n\t<meta property=\"og:image:width\" content=\"500\" \/>\n\t<meta property=\"og:image:height\" content=\"333\" \/>\n\t<meta property=\"og:image:type\" content=\"image\/jpeg\" \/>\n<meta name=\"twitter:card\" content=\"summary_large_image\" \/>\n<meta name=\"twitter:label1\" content=\"Dur\u00e9e de lecture estim\u00e9e\" \/>\n\t<meta name=\"twitter:data1\" content=\"1 minute\" \/>\n<script type=\"application\/ld+json\" class=\"yoast-schema-graph\">{\"@context\":\"https:\\\/\\\/schema.org\",\"@graph\":[{\"@type\":\"WebPage\",\"@id\":\"https:\\\/\\\/telemme.mmsh.fr\\\/?tribe_events=viticulture-mediterraneenne-et-environnement\",\"url\":\"https:\\\/\\\/telemme.mmsh.fr\\\/?tribe_events=viticulture-mediterraneenne-et-environnement\",\"name\":\"Viticulture m\u00e9diterran\u00e9enne et environnement - TELEMMe - Temps, espaces, langages, Europe m\u00e9ridionale, M\u00e9diterran\u00e9e\",\"isPartOf\":{\"@id\":\"https:\\\/\\\/telemme.mmsh.fr\\\/#website\"},\"primaryImageOfPage\":{\"@id\":\"https:\\\/\\\/telemme.mmsh.fr\\\/?tribe_events=viticulture-mediterraneenne-et-environnement#primaryimage\"},\"image\":{\"@id\":\"https:\\\/\\\/telemme.mmsh.fr\\\/?tribe_events=viticulture-mediterraneenne-et-environnement#primaryimage\"},\"thumbnailUrl\":\"https:\\\/\\\/telemme.mmsh.fr\\\/wp-content\\\/uploads\\\/2019\\\/12\\\/vins-sainte-victoire080-light2.jpg\",\"datePublished\":\"2022-03-08T15:20:43+00:00\",\"dateModified\":\"2022-03-09T10:15:36+00:00\",\"breadcrumb\":{\"@id\":\"https:\\\/\\\/telemme.mmsh.fr\\\/?tribe_events=viticulture-mediterraneenne-et-environnement#breadcrumb\"},\"inLanguage\":\"fr-FR\",\"potentialAction\":[{\"@type\":\"ReadAction\",\"target\":[\"https:\\\/\\\/telemme.mmsh.fr\\\/?tribe_events=viticulture-mediterraneenne-et-environnement\"]}]},{\"@type\":\"ImageObject\",\"inLanguage\":\"fr-FR\",\"@id\":\"https:\\\/\\\/telemme.mmsh.fr\\\/?tribe_events=viticulture-mediterraneenne-et-environnement#primaryimage\",\"url\":\"https:\\\/\\\/telemme.mmsh.fr\\\/wp-content\\\/uploads\\\/2019\\\/12\\\/vins-sainte-victoire080-light2.jpg\",\"contentUrl\":\"https:\\\/\\\/telemme.mmsh.fr\\\/wp-content\\\/uploads\\\/2019\\\/12\\\/vins-sainte-victoire080-light2.jpg\",\"width\":500,\"height\":333,\"caption\":\"Cr\u00e9dits image : Association des Vignerons de la Sainte-Victoire\"},{\"@type\":\"BreadcrumbList\",\"@id\":\"https:\\\/\\\/telemme.mmsh.fr\\\/?tribe_events=viticulture-mediterraneenne-et-environnement#breadcrumb\",\"itemListElement\":[{\"@type\":\"ListItem\",\"position\":1,\"name\":\"Accueil\",\"item\":\"https:\\\/\\\/telemme.mmsh.fr\\\/\"},{\"@type\":\"ListItem\",\"position\":2,\"name\":\"\u00c9v\u00e8nements\",\"item\":\"https:\\\/\\\/telemme.mmsh.fr\\\/?post_type=tribe_events\"},{\"@type\":\"ListItem\",\"position\":3,\"name\":\"Journ\u00e9e d'\u00e9tudes\",\"item\":\"https:\\\/\\\/telemme.mmsh.fr\\\/?tribe_events_cat=journee-detudes\"},{\"@type\":\"ListItem\",\"position\":4,\"name\":\"Viticulture m\u00e9diterran\u00e9enne et environnement\"}]},{\"@type\":\"WebSite\",\"@id\":\"https:\\\/\\\/telemme.mmsh.fr\\\/#website\",\"url\":\"https:\\\/\\\/telemme.mmsh.fr\\\/\",\"name\":\"TELEMMe - Temps, espaces, langages, Europe m\u00e9ridionale, M\u00e9diterran\u00e9e\",\"description\":\"\",\"publisher\":{\"@id\":\"https:\\\/\\\/telemme.mmsh.fr\\\/#organization\"},\"potentialAction\":[{\"@type\":\"SearchAction\",\"target\":{\"@type\":\"EntryPoint\",\"urlTemplate\":\"https:\\\/\\\/telemme.mmsh.fr\\\/?s={search_term_string}\"},\"query-input\":{\"@type\":\"PropertyValueSpecification\",\"valueRequired\":true,\"valueName\":\"search_term_string\"}}],\"inLanguage\":\"fr-FR\"},{\"@type\":\"Organization\",\"@id\":\"https:\\\/\\\/telemme.mmsh.fr\\\/#organization\",\"name\":\"TELEMMe\",\"url\":\"https:\\\/\\\/telemme.mmsh.fr\\\/\",\"logo\":{\"@type\":\"ImageObject\",\"inLanguage\":\"fr-FR\",\"@id\":\"https:\\\/\\\/telemme.mmsh.fr\\\/#\\\/schema\\\/logo\\\/image\\\/\",\"url\":\"https:\\\/\\\/telemme.mmsh.fr\\\/wp-content\\\/uploads\\\/2020\\\/03\\\/LogoTELEMMe-horizontal-fond-transparent.png\",\"contentUrl\":\"https:\\\/\\\/telemme.mmsh.fr\\\/wp-content\\\/uploads\\\/2020\\\/03\\\/LogoTELEMMe-horizontal-fond-transparent.png\",\"width\":1500,\"height\":437,\"caption\":\"TELEMMe\"},\"image\":{\"@id\":\"https:\\\/\\\/telemme.mmsh.fr\\\/#\\\/schema\\\/logo\\\/image\\\/\"}}]}<\/script>\n<!-- \/ Yoast SEO plugin. -->","yoast_head_json":{"title":"Viticulture m\u00e9diterran\u00e9enne et environnement - TELEMMe - Temps, espaces, langages, Europe m\u00e9ridionale, M\u00e9diterran\u00e9e","robots":{"index":"index","follow":"follow","max-snippet":"max-snippet:-1","max-image-preview":"max-image-preview:large","max-video-preview":"max-video-preview:-1"},"canonical":"https:\/\/telemme.mmsh.fr\/?tribe_events=viticulture-mediterraneenne-et-environnement","og_locale":"fr_FR","og_type":"article","og_title":"Viticulture m\u00e9diterran\u00e9enne et environnement - TELEMMe - Temps, espaces, langages, Europe m\u00e9ridionale, M\u00e9diterran\u00e9e","og_description":"Journ\u00e9e de rencontre entre les chercheurs universitaires du Consortium ALCOVE et les organisations professionnelles viticoles. Le programme ALCOVE r\u00e9unit des chercheurs de plusieurs laboratoires rattach\u00e9s \u00e0 ITEM, l\u2019Institut m\u00e9diterran\u00e9en pour&hellip;&nbsp;Lire la suite &raquo;Viticulture m\u00e9diterran\u00e9enne et environnement","og_url":"https:\/\/telemme.mmsh.fr\/?tribe_events=viticulture-mediterraneenne-et-environnement","og_site_name":"TELEMMe - Temps, espaces, langages, Europe m\u00e9ridionale, M\u00e9diterran\u00e9e","article_modified_time":"2022-03-09T10:15:36+00:00","og_image":[{"width":500,"height":333,"url":"https:\/\/telemme.mmsh.fr\/wp-content\/uploads\/2019\/12\/vins-sainte-victoire080-light2.jpg","type":"image\/jpeg"}],"twitter_card":"summary_large_image","twitter_misc":{"Dur\u00e9e de lecture estim\u00e9e":"1 minute"},"schema":{"@context":"https:\/\/schema.org","@graph":[{"@type":"WebPage","@id":"https:\/\/telemme.mmsh.fr\/?tribe_events=viticulture-mediterraneenne-et-environnement","url":"https:\/\/telemme.mmsh.fr\/?tribe_events=viticulture-mediterraneenne-et-environnement","name":"Viticulture m\u00e9diterran\u00e9enne et environnement - TELEMMe - Temps, espaces, langages, Europe m\u00e9ridionale, M\u00e9diterran\u00e9e","isPartOf":{"@id":"https:\/\/telemme.mmsh.fr\/#website"},"primaryImageOfPage":{"@id":"https:\/\/telemme.mmsh.fr\/?tribe_events=viticulture-mediterraneenne-et-environnement#primaryimage"},"image":{"@id":"https:\/\/telemme.mmsh.fr\/?tribe_events=viticulture-mediterraneenne-et-environnement#primaryimage"},"thumbnailUrl":"https:\/\/telemme.mmsh.fr\/wp-content\/uploads\/2019\/12\/vins-sainte-victoire080-light2.jpg","datePublished":"2022-03-08T15:20:43+00:00","dateModified":"2022-03-09T10:15:36+00:00","breadcrumb":{"@id":"https:\/\/telemme.mmsh.fr\/?tribe_events=viticulture-mediterraneenne-et-environnement#breadcrumb"},"inLanguage":"fr-FR","potentialAction":[{"@type":"ReadAction","target":["https:\/\/telemme.mmsh.fr\/?tribe_events=viticulture-mediterraneenne-et-environnement"]}]},{"@type":"ImageObject","inLanguage":"fr-FR","@id":"https:\/\/telemme.mmsh.fr\/?tribe_events=viticulture-mediterraneenne-et-environnement#primaryimage","url":"https:\/\/telemme.mmsh.fr\/wp-content\/uploads\/2019\/12\/vins-sainte-victoire080-light2.jpg","contentUrl":"https:\/\/telemme.mmsh.fr\/wp-content\/uploads\/2019\/12\/vins-sainte-victoire080-light2.jpg","width":500,"height":333,"caption":"Cr\u00e9dits image : Association des Vignerons de la Sainte-Victoire"},{"@type":"BreadcrumbList","@id":"https:\/\/telemme.mmsh.fr\/?tribe_events=viticulture-mediterraneenne-et-environnement#breadcrumb","itemListElement":[{"@type":"ListItem","position":1,"name":"Accueil","item":"https:\/\/telemme.mmsh.fr\/"},{"@type":"ListItem","position":2,"name":"\u00c9v\u00e8nements","item":"https:\/\/telemme.mmsh.fr\/?post_type=tribe_events"},{"@type":"ListItem","position":3,"name":"Journ\u00e9e d'\u00e9tudes","item":"https:\/\/telemme.mmsh.fr\/?tribe_events_cat=journee-detudes"},{"@type":"ListItem","position":4,"name":"Viticulture m\u00e9diterran\u00e9enne et environnement"}]},{"@type":"WebSite","@id":"https:\/\/telemme.mmsh.fr\/#website","url":"https:\/\/telemme.mmsh.fr\/","name":"TELEMMe - Temps, espaces, langages, Europe m\u00e9ridionale, M\u00e9diterran\u00e9e","description":"","publisher":{"@id":"https:\/\/telemme.mmsh.fr\/#organization"},"potentialAction":[{"@type":"SearchAction","target":{"@type":"EntryPoint","urlTemplate":"https:\/\/telemme.mmsh.fr\/?s={search_term_string}"},"query-input":{"@type":"PropertyValueSpecification","valueRequired":true,"valueName":"search_term_string"}}],"inLanguage":"fr-FR"},{"@type":"Organization","@id":"https:\/\/telemme.mmsh.fr\/#organization","name":"TELEMMe","url":"https:\/\/telemme.mmsh.fr\/","logo":{"@type":"ImageObject","inLanguage":"fr-FR","@id":"https:\/\/telemme.mmsh.fr\/#\/schema\/logo\/image\/","url":"https:\/\/telemme.mmsh.fr\/wp-content\/uploads\/2020\/03\/LogoTELEMMe-horizontal-fond-transparent.png","contentUrl":"https:\/\/telemme.mmsh.fr\/wp-content\/uploads\/2020\/03\/LogoTELEMMe-horizontal-fond-transparent.png","width":1500,"height":437,"caption":"TELEMMe"},"image":{"@id":"https:\/\/telemme.mmsh.fr\/#\/schema\/logo\/image\/"}}]}},"_links":{"self":[{"href":"https:\/\/telemme.mmsh.fr\/index.php?rest_route=\/wp\/v2\/tribe_events\/10773","targetHints":{"allow":["GET"]}}],"collection":[{"href":"https:\/\/telemme.mmsh.fr\/index.php?rest_route=\/wp\/v2\/tribe_events"}],"about":[{"href":"https:\/\/telemme.mmsh.fr\/index.php?rest_route=\/wp\/v2\/types\/tribe_events"}],"author":[{"embeddable":true,"href":"https:\/\/telemme.mmsh.fr\/index.php?rest_route=\/wp\/v2\/users\/6"}],"version-history":[{"count":3,"href":"https:\/\/telemme.mmsh.fr\/index.php?rest_route=\/wp\/v2\/tribe_events\/10773\/revisions"}],"predecessor-version":[{"id":10781,"href":"https:\/\/telemme.mmsh.fr\/index.php?rest_route=\/wp\/v2\/tribe_events\/10773\/revisions\/10781"}],"wp:featuredmedia":[{"embeddable":true,"href":"https:\/\/telemme.mmsh.fr\/index.php?rest_route=\/wp\/v2\/media\/3712"}],"wp:attachment":[{"href":"https:\/\/telemme.mmsh.fr\/index.php?rest_route=%2Fwp%2Fv2%2Fmedia&parent=10773"}],"wp:term":[{"taxonomy":"post_tag","embeddable":true,"href":"https:\/\/telemme.mmsh.fr\/index.php?rest_route=%2Fwp%2Fv2%2Ftags&post=10773"},{"taxonomy":"tribe_events_cat","embeddable":true,"href":"https:\/\/telemme.mmsh.fr\/index.php?rest_route=%2Fwp%2Fv2%2Ftribe_events_cat&post=10773"}],"curies":[{"name":"wp","href":"https:\/\/api.w.org\/{rel}","templated":true}]}}