{"id":10686,"date":"2022-03-02T11:38:07","date_gmt":"2022-03-02T10:38:07","guid":{"rendered":"https:\/\/telemme.mmsh.fr\/?post_type=tribe_events&#038;p=10686"},"modified":"2022-07-13T17:28:30","modified_gmt":"2022-07-13T15:28:30","slug":"seminaire-anr-polyvocal-picch","status":"publish","type":"tribe_events","link":"https:\/\/telemme.mmsh.fr\/?tribe_events=seminaire-anr-polyvocal-picch","title":{"rendered":"S\u00e9minaire ANR Polyvocal (PICCH)"},"content":{"rendered":"<p>L&rsquo;\u00e9quipe fran\u00e7aise de l&rsquo;ANR JPI <a href=\"https:\/\/picch-project.org\">Polyvocal Interpretation of contested colonial heritage<\/a> (PICCH, coord. Daniela Petrelli) se r\u00e9unira vendredi 4 mars de 10h \u00e0 12h00 pour une premi\u00e8re s\u00e9ance de travail en pr\u00e9sence des \u00e9tudiants recrut\u00e9s comme stagiaires dans le cadre du projet et de <a href=\"https:\/\/telemme.mmsh.fr\/?membres=saveant-pauline\">Pauline Sav\u00e9ant<\/a>, doctorante.<\/p>\n<p>Organisation de la s\u00e9ance :<\/p>\n<ul>\n<li>pr\u00e9sentation des projets de recherche de chacune et chacun (5 minutes maximum)<\/li>\n<li>rappel des objectifs scientifiques du projet<\/li>\n<li>pr\u00e9sentation et r\u00e9partition des t\u00e2ches et missions<\/li>\n<li>prise en main de l&rsquo;outil ShareDocs qui sera utilis\u00e9 dans le cadre du projet.<\/li>\n<\/ul>\n<p><img loading=\"lazy\" decoding=\"async\" class=\"wp-image-10692 size-medium alignleft\" src=\"https:\/\/telemme.mmsh.fr\/wp-content\/uploads\/2022\/03\/projet-PICCH-21.10.11-300x225.png\" alt=\"\" width=\"300\" height=\"225\" srcset=\"https:\/\/telemme.mmsh.fr\/wp-content\/uploads\/2022\/03\/projet-PICCH-21.10.11-300x225.png 300w, https:\/\/telemme.mmsh.fr\/wp-content\/uploads\/2022\/03\/projet-PICCH-21.10.11-768x576.png 768w, https:\/\/telemme.mmsh.fr\/wp-content\/uploads\/2022\/03\/projet-PICCH-21.10.11.png 960w\" sizes=\"auto, (max-width: 300px) 100vw, 300px\" \/><\/p>\n<p>&nbsp;<\/p>\n<p>Coordination : <a href=\"https:\/\/telemme.mmsh.fr\/?membres=sophie-gebeil\">Sophie Gebeil<\/a><\/p>\n<p>S\u00e9ance organis\u00e9e avec <a href=\"https:\/\/www.iremam.cnrs.fr\/fr\/mussard-christine\">Christine Mussard<\/a> et <a href=\"https:\/\/www.cnrs.fr\/fr\/personne\/veronique-ginouves\">V\u00e9ronique Ginouv\u00e8s<\/a><\/p>\n<p>&nbsp;<\/p>\n","protected":false},"excerpt":{"rendered":"<p>L&rsquo;\u00e9quipe fran\u00e7aise de l&rsquo;ANR JPI Polyvocal Interpretation of contested colonial heritage (PICCH, coord. Daniela Petrelli) se r\u00e9unira vendredi 4 mars de 10h \u00e0 12h00 pour une premi\u00e8re s\u00e9ance de travail&hellip;&nbsp;<a href=\"https:\/\/telemme.mmsh.fr\/?tribe_events=seminaire-anr-polyvocal-picch\" rel=\"bookmark\">Lire la suite &raquo;<span class=\"screen-reader-text\">S\u00e9minaire ANR Polyvocal (PICCH)<\/span><\/a><\/p>\n","protected":false},"author":53,"featured_media":9717,"template":"","meta":{"neve_meta_sidebar":"","neve_meta_container":"","neve_meta_enable_content_width":"","neve_meta_content_width":0,"neve_meta_title_alignment":"","neve_meta_author_avatar":"","neve_post_elements_order":"","neve_meta_disable_header":"","neve_meta_disable_footer":"","neve_meta_disable_title":"","_tribe_events_status":"","_tribe_events_status_reason":"","footnotes":""},"tags":[2211,2301,2302,2303,2405,2411,1930,2407,1986,2372,1978,2413],"tribe_events_cat":[1831],"class_list":["post-10686","tribe_events","type-tribe_events","status-publish","has-post-thumbnail","hentry","tag-anr-picch","tag-archives","tag-archives-sonores","tag-archives-televisuelles","tag-archives-web","tag-colonial","tag-mediterranee","tag-memoires","tag-migrations","tag-musees","tag-patrimoine","tag-postcolonial","tribe_events_cat-seminaire","cat_seminaire"],"yoast_head":"<!-- This site is optimized with the Yoast SEO plugin v27.4 - https:\/\/yoast.com\/product\/yoast-seo-wordpress\/ -->\n<title>S\u00e9minaire ANR Polyvocal (PICCH) - TELEMMe - Temps, espaces, langages, Europe m\u00e9ridionale, M\u00e9diterran\u00e9e<\/title>\n<meta name=\"robots\" content=\"index, follow, max-snippet:-1, max-image-preview:large, max-video-preview:-1\" \/>\n<link rel=\"canonical\" href=\"https:\/\/telemme.mmsh.fr\/?tribe_events=seminaire-anr-polyvocal-picch\" \/>\n<meta property=\"og:locale\" content=\"fr_FR\" \/>\n<meta property=\"og:type\" content=\"article\" \/>\n<meta property=\"og:title\" content=\"S\u00e9minaire ANR Polyvocal (PICCH) - TELEMMe - Temps, espaces, langages, Europe m\u00e9ridionale, M\u00e9diterran\u00e9e\" \/>\n<meta property=\"og:description\" content=\"L&rsquo;\u00e9quipe fran\u00e7aise de l&rsquo;ANR JPI Polyvocal Interpretation of contested colonial heritage (PICCH, coord. Daniela Petrelli) se r\u00e9unira vendredi 4 mars de 10h \u00e0 12h00 pour une premi\u00e8re s\u00e9ance de travail&hellip;&nbsp;Lire la suite &raquo;S\u00e9minaire ANR Polyvocal (PICCH)\" \/>\n<meta property=\"og:url\" content=\"https:\/\/telemme.mmsh.fr\/?tribe_events=seminaire-anr-polyvocal-picch\" \/>\n<meta property=\"og:site_name\" content=\"TELEMMe - Temps, espaces, langages, Europe m\u00e9ridionale, M\u00e9diterran\u00e9e\" \/>\n<meta property=\"article:modified_time\" content=\"2022-07-13T15:28:30+00:00\" \/>\n<meta property=\"og:image\" content=\"https:\/\/telemme.mmsh.fr\/wp-content\/uploads\/2021\/09\/logo_PICCH_2.jpg\" \/>\n\t<meta property=\"og:image:width\" content=\"1000\" \/>\n\t<meta property=\"og:image:height\" content=\"250\" \/>\n\t<meta property=\"og:image:type\" content=\"image\/jpeg\" \/>\n<meta name=\"twitter:card\" content=\"summary_large_image\" \/>\n<meta name=\"twitter:label1\" content=\"Dur\u00e9e de lecture estim\u00e9e\" \/>\n\t<meta name=\"twitter:data1\" content=\"1 minute\" \/>\n<script type=\"application\/ld+json\" class=\"yoast-schema-graph\">{\"@context\":\"https:\\\/\\\/schema.org\",\"@graph\":[{\"@type\":\"WebPage\",\"@id\":\"https:\\\/\\\/telemme.mmsh.fr\\\/?tribe_events=seminaire-anr-polyvocal-picch\",\"url\":\"https:\\\/\\\/telemme.mmsh.fr\\\/?tribe_events=seminaire-anr-polyvocal-picch\",\"name\":\"S\u00e9minaire ANR Polyvocal (PICCH) - TELEMMe - Temps, espaces, langages, Europe m\u00e9ridionale, M\u00e9diterran\u00e9e\",\"isPartOf\":{\"@id\":\"https:\\\/\\\/telemme.mmsh.fr\\\/#website\"},\"primaryImageOfPage\":{\"@id\":\"https:\\\/\\\/telemme.mmsh.fr\\\/?tribe_events=seminaire-anr-polyvocal-picch#primaryimage\"},\"image\":{\"@id\":\"https:\\\/\\\/telemme.mmsh.fr\\\/?tribe_events=seminaire-anr-polyvocal-picch#primaryimage\"},\"thumbnailUrl\":\"https:\\\/\\\/telemme.mmsh.fr\\\/wp-content\\\/uploads\\\/2021\\\/09\\\/logo_PICCH_2.jpg\",\"datePublished\":\"2022-03-02T10:38:07+00:00\",\"dateModified\":\"2022-07-13T15:28:30+00:00\",\"breadcrumb\":{\"@id\":\"https:\\\/\\\/telemme.mmsh.fr\\\/?tribe_events=seminaire-anr-polyvocal-picch#breadcrumb\"},\"inLanguage\":\"fr-FR\",\"potentialAction\":[{\"@type\":\"ReadAction\",\"target\":[\"https:\\\/\\\/telemme.mmsh.fr\\\/?tribe_events=seminaire-anr-polyvocal-picch\"]}]},{\"@type\":\"ImageObject\",\"inLanguage\":\"fr-FR\",\"@id\":\"https:\\\/\\\/telemme.mmsh.fr\\\/?tribe_events=seminaire-anr-polyvocal-picch#primaryimage\",\"url\":\"https:\\\/\\\/telemme.mmsh.fr\\\/wp-content\\\/uploads\\\/2021\\\/09\\\/logo_PICCH_2.jpg\",\"contentUrl\":\"https:\\\/\\\/telemme.mmsh.fr\\\/wp-content\\\/uploads\\\/2021\\\/09\\\/logo_PICCH_2.jpg\",\"width\":1000,\"height\":250,\"caption\":\"Logo de l'ANR PICCH\"},{\"@type\":\"BreadcrumbList\",\"@id\":\"https:\\\/\\\/telemme.mmsh.fr\\\/?tribe_events=seminaire-anr-polyvocal-picch#breadcrumb\",\"itemListElement\":[{\"@type\":\"ListItem\",\"position\":1,\"name\":\"Accueil\",\"item\":\"https:\\\/\\\/telemme.mmsh.fr\\\/\"},{\"@type\":\"ListItem\",\"position\":2,\"name\":\"\u00c9v\u00e8nements\",\"item\":\"https:\\\/\\\/telemme.mmsh.fr\\\/?post_type=tribe_events\"},{\"@type\":\"ListItem\",\"position\":3,\"name\":\"S\u00e9minaire\",\"item\":\"https:\\\/\\\/telemme.mmsh.fr\\\/?tribe_events_cat=seminaire\"},{\"@type\":\"ListItem\",\"position\":4,\"name\":\"S\u00e9minaire ANR Polyvocal (PICCH)\"}]},{\"@type\":\"WebSite\",\"@id\":\"https:\\\/\\\/telemme.mmsh.fr\\\/#website\",\"url\":\"https:\\\/\\\/telemme.mmsh.fr\\\/\",\"name\":\"TELEMMe - Temps, espaces, langages, Europe m\u00e9ridionale, M\u00e9diterran\u00e9e\",\"description\":\"\",\"publisher\":{\"@id\":\"https:\\\/\\\/telemme.mmsh.fr\\\/#organization\"},\"potentialAction\":[{\"@type\":\"SearchAction\",\"target\":{\"@type\":\"EntryPoint\",\"urlTemplate\":\"https:\\\/\\\/telemme.mmsh.fr\\\/?s={search_term_string}\"},\"query-input\":{\"@type\":\"PropertyValueSpecification\",\"valueRequired\":true,\"valueName\":\"search_term_string\"}}],\"inLanguage\":\"fr-FR\"},{\"@type\":\"Organization\",\"@id\":\"https:\\\/\\\/telemme.mmsh.fr\\\/#organization\",\"name\":\"TELEMMe\",\"url\":\"https:\\\/\\\/telemme.mmsh.fr\\\/\",\"logo\":{\"@type\":\"ImageObject\",\"inLanguage\":\"fr-FR\",\"@id\":\"https:\\\/\\\/telemme.mmsh.fr\\\/#\\\/schema\\\/logo\\\/image\\\/\",\"url\":\"https:\\\/\\\/telemme.mmsh.fr\\\/wp-content\\\/uploads\\\/2020\\\/03\\\/LogoTELEMMe-horizontal-fond-transparent.png\",\"contentUrl\":\"https:\\\/\\\/telemme.mmsh.fr\\\/wp-content\\\/uploads\\\/2020\\\/03\\\/LogoTELEMMe-horizontal-fond-transparent.png\",\"width\":1500,\"height\":437,\"caption\":\"TELEMMe\"},\"image\":{\"@id\":\"https:\\\/\\\/telemme.mmsh.fr\\\/#\\\/schema\\\/logo\\\/image\\\/\"}}]}<\/script>\n<!-- \/ Yoast SEO plugin. -->","yoast_head_json":{"title":"S\u00e9minaire ANR Polyvocal (PICCH) - TELEMMe - Temps, espaces, langages, Europe m\u00e9ridionale, M\u00e9diterran\u00e9e","robots":{"index":"index","follow":"follow","max-snippet":"max-snippet:-1","max-image-preview":"max-image-preview:large","max-video-preview":"max-video-preview:-1"},"canonical":"https:\/\/telemme.mmsh.fr\/?tribe_events=seminaire-anr-polyvocal-picch","og_locale":"fr_FR","og_type":"article","og_title":"S\u00e9minaire ANR Polyvocal (PICCH) - TELEMMe - Temps, espaces, langages, Europe m\u00e9ridionale, M\u00e9diterran\u00e9e","og_description":"L&rsquo;\u00e9quipe fran\u00e7aise de l&rsquo;ANR JPI Polyvocal Interpretation of contested colonial heritage (PICCH, coord. Daniela Petrelli) se r\u00e9unira vendredi 4 mars de 10h \u00e0 12h00 pour une premi\u00e8re s\u00e9ance de travail&hellip;&nbsp;Lire la suite &raquo;S\u00e9minaire ANR Polyvocal (PICCH)","og_url":"https:\/\/telemme.mmsh.fr\/?tribe_events=seminaire-anr-polyvocal-picch","og_site_name":"TELEMMe - Temps, espaces, langages, Europe m\u00e9ridionale, M\u00e9diterran\u00e9e","article_modified_time":"2022-07-13T15:28:30+00:00","og_image":[{"width":1000,"height":250,"url":"https:\/\/telemme.mmsh.fr\/wp-content\/uploads\/2021\/09\/logo_PICCH_2.jpg","type":"image\/jpeg"}],"twitter_card":"summary_large_image","twitter_misc":{"Dur\u00e9e de lecture estim\u00e9e":"1 minute"},"schema":{"@context":"https:\/\/schema.org","@graph":[{"@type":"WebPage","@id":"https:\/\/telemme.mmsh.fr\/?tribe_events=seminaire-anr-polyvocal-picch","url":"https:\/\/telemme.mmsh.fr\/?tribe_events=seminaire-anr-polyvocal-picch","name":"S\u00e9minaire ANR Polyvocal (PICCH) - TELEMMe - Temps, espaces, langages, Europe m\u00e9ridionale, M\u00e9diterran\u00e9e","isPartOf":{"@id":"https:\/\/telemme.mmsh.fr\/#website"},"primaryImageOfPage":{"@id":"https:\/\/telemme.mmsh.fr\/?tribe_events=seminaire-anr-polyvocal-picch#primaryimage"},"image":{"@id":"https:\/\/telemme.mmsh.fr\/?tribe_events=seminaire-anr-polyvocal-picch#primaryimage"},"thumbnailUrl":"https:\/\/telemme.mmsh.fr\/wp-content\/uploads\/2021\/09\/logo_PICCH_2.jpg","datePublished":"2022-03-02T10:38:07+00:00","dateModified":"2022-07-13T15:28:30+00:00","breadcrumb":{"@id":"https:\/\/telemme.mmsh.fr\/?tribe_events=seminaire-anr-polyvocal-picch#breadcrumb"},"inLanguage":"fr-FR","potentialAction":[{"@type":"ReadAction","target":["https:\/\/telemme.mmsh.fr\/?tribe_events=seminaire-anr-polyvocal-picch"]}]},{"@type":"ImageObject","inLanguage":"fr-FR","@id":"https:\/\/telemme.mmsh.fr\/?tribe_events=seminaire-anr-polyvocal-picch#primaryimage","url":"https:\/\/telemme.mmsh.fr\/wp-content\/uploads\/2021\/09\/logo_PICCH_2.jpg","contentUrl":"https:\/\/telemme.mmsh.fr\/wp-content\/uploads\/2021\/09\/logo_PICCH_2.jpg","width":1000,"height":250,"caption":"Logo de l'ANR PICCH"},{"@type":"BreadcrumbList","@id":"https:\/\/telemme.mmsh.fr\/?tribe_events=seminaire-anr-polyvocal-picch#breadcrumb","itemListElement":[{"@type":"ListItem","position":1,"name":"Accueil","item":"https:\/\/telemme.mmsh.fr\/"},{"@type":"ListItem","position":2,"name":"\u00c9v\u00e8nements","item":"https:\/\/telemme.mmsh.fr\/?post_type=tribe_events"},{"@type":"ListItem","position":3,"name":"S\u00e9minaire","item":"https:\/\/telemme.mmsh.fr\/?tribe_events_cat=seminaire"},{"@type":"ListItem","position":4,"name":"S\u00e9minaire ANR Polyvocal (PICCH)"}]},{"@type":"WebSite","@id":"https:\/\/telemme.mmsh.fr\/#website","url":"https:\/\/telemme.mmsh.fr\/","name":"TELEMMe - Temps, espaces, langages, Europe m\u00e9ridionale, M\u00e9diterran\u00e9e","description":"","publisher":{"@id":"https:\/\/telemme.mmsh.fr\/#organization"},"potentialAction":[{"@type":"SearchAction","target":{"@type":"EntryPoint","urlTemplate":"https:\/\/telemme.mmsh.fr\/?s={search_term_string}"},"query-input":{"@type":"PropertyValueSpecification","valueRequired":true,"valueName":"search_term_string"}}],"inLanguage":"fr-FR"},{"@type":"Organization","@id":"https:\/\/telemme.mmsh.fr\/#organization","name":"TELEMMe","url":"https:\/\/telemme.mmsh.fr\/","logo":{"@type":"ImageObject","inLanguage":"fr-FR","@id":"https:\/\/telemme.mmsh.fr\/#\/schema\/logo\/image\/","url":"https:\/\/telemme.mmsh.fr\/wp-content\/uploads\/2020\/03\/LogoTELEMMe-horizontal-fond-transparent.png","contentUrl":"https:\/\/telemme.mmsh.fr\/wp-content\/uploads\/2020\/03\/LogoTELEMMe-horizontal-fond-transparent.png","width":1500,"height":437,"caption":"TELEMMe"},"image":{"@id":"https:\/\/telemme.mmsh.fr\/#\/schema\/logo\/image\/"}}]}},"_links":{"self":[{"href":"https:\/\/telemme.mmsh.fr\/index.php?rest_route=\/wp\/v2\/tribe_events\/10686","targetHints":{"allow":["GET"]}}],"collection":[{"href":"https:\/\/telemme.mmsh.fr\/index.php?rest_route=\/wp\/v2\/tribe_events"}],"about":[{"href":"https:\/\/telemme.mmsh.fr\/index.php?rest_route=\/wp\/v2\/types\/tribe_events"}],"author":[{"embeddable":true,"href":"https:\/\/telemme.mmsh.fr\/index.php?rest_route=\/wp\/v2\/users\/53"}],"version-history":[{"count":5,"href":"https:\/\/telemme.mmsh.fr\/index.php?rest_route=\/wp\/v2\/tribe_events\/10686\/revisions"}],"predecessor-version":[{"id":10705,"href":"https:\/\/telemme.mmsh.fr\/index.php?rest_route=\/wp\/v2\/tribe_events\/10686\/revisions\/10705"}],"wp:featuredmedia":[{"embeddable":true,"href":"https:\/\/telemme.mmsh.fr\/index.php?rest_route=\/wp\/v2\/media\/9717"}],"wp:attachment":[{"href":"https:\/\/telemme.mmsh.fr\/index.php?rest_route=%2Fwp%2Fv2%2Fmedia&parent=10686"}],"wp:term":[{"taxonomy":"post_tag","embeddable":true,"href":"https:\/\/telemme.mmsh.fr\/index.php?rest_route=%2Fwp%2Fv2%2Ftags&post=10686"},{"taxonomy":"tribe_events_cat","embeddable":true,"href":"https:\/\/telemme.mmsh.fr\/index.php?rest_route=%2Fwp%2Fv2%2Ftribe_events_cat&post=10686"}],"curies":[{"name":"wp","href":"https:\/\/api.w.org\/{rel}","templated":true}]}}