{"id":10682,"date":"2022-03-01T16:19:50","date_gmt":"2022-03-01T15:19:50","guid":{"rendered":"https:\/\/telemme.mmsh.fr\/?post_type=tribe_events&#038;p=10682"},"modified":"2022-03-15T18:48:10","modified_gmt":"2022-03-15T17:48:10","slug":"controle-social-et-encadrement-ideologique-dans-les-societes-mediterraneennes-xixe-xxi-siecles","status":"publish","type":"tribe_events","link":"https:\/\/telemme.mmsh.fr\/?tribe_events=controle-social-et-encadrement-ideologique-dans-les-societes-mediterraneennes-xixe-xxi-siecles","title":{"rendered":"Contr\u00f4le social et encadrement id\u00e9ologique dans les soci\u00e9t\u00e9s m\u00e9diterran\u00e9ennes (XIXe-XXI si\u00e8cles)"},"content":{"rendered":"<p>Cette journ\u00e9e d\u2019\u00e9tudes aborde la question du\u00a0 contr\u00f4le social dans les soci\u00e9t\u00e9s m\u00e9diterran\u00e9ennes entre le XIXe et le XXIe si\u00e8cle. Il s\u2019agit d\u2019analyser les strat\u00e9gies d\u00e9ploy\u00e9es dans ces soci\u00e9t\u00e9s afin de fa\u00e7onner les populations sur le plan id\u00e9ologique, dans des environnements politiques aussi diff\u00e9rents que la d\u00e9mocratie et la dictature. Les participants \u00e9tudient diff\u00e9rents cas de figure (am\u00e9nagement routier, organisation de l\u2019espace domestique, contr\u00f4le de la presse ou de l\u2019enseignement) qui permettent de mieux saisir les pratiques de l\u2019\u00c9tat, des \u00e9lites \u00e9conomiques ou de l\u2019\u00c9glise dans ce domaine.<\/p>\n<p><a href=\"https:\/\/telemme.mmsh.fr\/?evenement=controle-social-et-encadrement-ideologique-dans-les-societes-mediterraneennes-xixe-xxi-siecles\"><strong>Programme complet<\/strong><\/a><\/p>\n","protected":false},"excerpt":{"rendered":"<p>Cette journ\u00e9e d\u2019\u00e9tudes aborde la question du\u00a0 contr\u00f4le social dans les soci\u00e9t\u00e9s m\u00e9diterran\u00e9ennes entre le XIXe et le XXIe si\u00e8cle. Il s\u2019agit d\u2019analyser les strat\u00e9gies d\u00e9ploy\u00e9es dans ces soci\u00e9t\u00e9s afin&hellip;&nbsp;<a href=\"https:\/\/telemme.mmsh.fr\/?tribe_events=controle-social-et-encadrement-ideologique-dans-les-societes-mediterraneennes-xixe-xxi-siecles\" rel=\"bookmark\">Lire la suite &raquo;<span class=\"screen-reader-text\">Contr\u00f4le social et encadrement id\u00e9ologique dans les soci\u00e9t\u00e9s m\u00e9diterran\u00e9ennes (XIXe-XXI si\u00e8cles)<\/span><\/a><\/p>\n","protected":false},"author":6,"featured_media":10681,"template":"","meta":{"neve_meta_sidebar":"","neve_meta_container":"","neve_meta_enable_content_width":"","neve_meta_content_width":0,"neve_meta_title_alignment":"","neve_meta_author_avatar":"","neve_post_elements_order":"","neve_meta_disable_header":"","neve_meta_disable_footer":"","neve_meta_disable_title":"","_tribe_events_status":"","_tribe_events_status_reason":"","footnotes":""},"tags":[1824],"tribe_events_cat":[1823],"class_list":["post-10682","tribe_events","type-tribe_events","status-publish","has-post-thumbnail","hentry","tag-2-2-sinformer-et-informer-en-temps-de-crise-en-europe-meridionale","tribe_events_cat-journee-detudes","cat_journee-detudes"],"yoast_head":"<!-- This site is optimized with the Yoast SEO plugin v27.4 - https:\/\/yoast.com\/product\/yoast-seo-wordpress\/ -->\n<title>Contr\u00f4le social et encadrement id\u00e9ologique dans les soci\u00e9t\u00e9s m\u00e9diterran\u00e9ennes (XIXe-XXI si\u00e8cles) - TELEMMe - Temps, espaces, langages, Europe m\u00e9ridionale, M\u00e9diterran\u00e9e<\/title>\n<meta name=\"robots\" content=\"index, follow, max-snippet:-1, max-image-preview:large, max-video-preview:-1\" \/>\n<link rel=\"canonical\" href=\"https:\/\/telemme.mmsh.fr\/?tribe_events=controle-social-et-encadrement-ideologique-dans-les-societes-mediterraneennes-xixe-xxi-siecles\" \/>\n<meta property=\"og:locale\" content=\"fr_FR\" \/>\n<meta property=\"og:type\" content=\"article\" \/>\n<meta property=\"og:title\" content=\"Contr\u00f4le social et encadrement id\u00e9ologique dans les soci\u00e9t\u00e9s m\u00e9diterran\u00e9ennes (XIXe-XXI si\u00e8cles) - TELEMMe - Temps, espaces, langages, Europe m\u00e9ridionale, M\u00e9diterran\u00e9e\" \/>\n<meta property=\"og:description\" content=\"Cette journ\u00e9e d\u2019\u00e9tudes aborde la question du\u00a0 contr\u00f4le social dans les soci\u00e9t\u00e9s m\u00e9diterran\u00e9ennes entre le XIXe et le XXIe si\u00e8cle. Il s\u2019agit d\u2019analyser les strat\u00e9gies d\u00e9ploy\u00e9es dans ces soci\u00e9t\u00e9s afin&hellip;&nbsp;Lire la suite &raquo;Contr\u00f4le social et encadrement id\u00e9ologique dans les soci\u00e9t\u00e9s m\u00e9diterran\u00e9ennes (XIXe-XXI si\u00e8cles)\" \/>\n<meta property=\"og:url\" content=\"https:\/\/telemme.mmsh.fr\/?tribe_events=controle-social-et-encadrement-ideologique-dans-les-societes-mediterraneennes-xixe-xxi-siecles\" \/>\n<meta property=\"og:site_name\" content=\"TELEMMe - Temps, espaces, langages, Europe m\u00e9ridionale, M\u00e9diterran\u00e9e\" \/>\n<meta property=\"article:modified_time\" content=\"2022-03-15T17:48:10+00:00\" \/>\n<meta property=\"og:image\" content=\"https:\/\/telemme.mmsh.fr\/wp-content\/uploads\/2022\/03\/Public-Schools-Internal-picture-of-the-Infants-class-at-Cleveland-Street-Public-School.jpg\" \/>\n\t<meta property=\"og:image:width\" content=\"1400\" \/>\n\t<meta property=\"og:image:height\" content=\"1016\" \/>\n\t<meta property=\"og:image:type\" content=\"image\/jpeg\" \/>\n<meta name=\"twitter:card\" content=\"summary_large_image\" \/>\n<meta name=\"twitter:label1\" content=\"Dur\u00e9e de lecture estim\u00e9e\" \/>\n\t<meta name=\"twitter:data1\" content=\"1 minute\" \/>\n<script type=\"application\/ld+json\" class=\"yoast-schema-graph\">{\"@context\":\"https:\\\/\\\/schema.org\",\"@graph\":[{\"@type\":\"WebPage\",\"@id\":\"https:\\\/\\\/telemme.mmsh.fr\\\/?tribe_events=controle-social-et-encadrement-ideologique-dans-les-societes-mediterraneennes-xixe-xxi-siecles\",\"url\":\"https:\\\/\\\/telemme.mmsh.fr\\\/?tribe_events=controle-social-et-encadrement-ideologique-dans-les-societes-mediterraneennes-xixe-xxi-siecles\",\"name\":\"Contr\u00f4le social et encadrement id\u00e9ologique dans les soci\u00e9t\u00e9s m\u00e9diterran\u00e9ennes (XIXe-XXI si\u00e8cles) - TELEMMe - Temps, espaces, langages, Europe m\u00e9ridionale, M\u00e9diterran\u00e9e\",\"isPartOf\":{\"@id\":\"https:\\\/\\\/telemme.mmsh.fr\\\/#website\"},\"primaryImageOfPage\":{\"@id\":\"https:\\\/\\\/telemme.mmsh.fr\\\/?tribe_events=controle-social-et-encadrement-ideologique-dans-les-societes-mediterraneennes-xixe-xxi-siecles#primaryimage\"},\"image\":{\"@id\":\"https:\\\/\\\/telemme.mmsh.fr\\\/?tribe_events=controle-social-et-encadrement-ideologique-dans-les-societes-mediterraneennes-xixe-xxi-siecles#primaryimage\"},\"thumbnailUrl\":\"https:\\\/\\\/telemme.mmsh.fr\\\/wp-content\\\/uploads\\\/2022\\\/03\\\/Public-Schools-Internal-picture-of-the-Infants-class-at-Cleveland-Street-Public-School.jpg\",\"datePublished\":\"2022-03-01T15:19:50+00:00\",\"dateModified\":\"2022-03-15T17:48:10+00:00\",\"breadcrumb\":{\"@id\":\"https:\\\/\\\/telemme.mmsh.fr\\\/?tribe_events=controle-social-et-encadrement-ideologique-dans-les-societes-mediterraneennes-xixe-xxi-siecles#breadcrumb\"},\"inLanguage\":\"fr-FR\",\"potentialAction\":[{\"@type\":\"ReadAction\",\"target\":[\"https:\\\/\\\/telemme.mmsh.fr\\\/?tribe_events=controle-social-et-encadrement-ideologique-dans-les-societes-mediterraneennes-xixe-xxi-siecles\"]}]},{\"@type\":\"ImageObject\",\"inLanguage\":\"fr-FR\",\"@id\":\"https:\\\/\\\/telemme.mmsh.fr\\\/?tribe_events=controle-social-et-encadrement-ideologique-dans-les-societes-mediterraneennes-xixe-xxi-siecles#primaryimage\",\"url\":\"https:\\\/\\\/telemme.mmsh.fr\\\/wp-content\\\/uploads\\\/2022\\\/03\\\/Public-Schools-Internal-picture-of-the-Infants-class-at-Cleveland-Street-Public-School.jpg\",\"contentUrl\":\"https:\\\/\\\/telemme.mmsh.fr\\\/wp-content\\\/uploads\\\/2022\\\/03\\\/Public-Schools-Internal-picture-of-the-Infants-class-at-Cleveland-Street-Public-School.jpg\",\"width\":1400,\"height\":1016,\"caption\":\"NSW Govt Printer series - Public Schools, Internal picture of the Infants class at Cleveland Street Public School, ca. 1909, Collections of the State Library of NSW, CC0, via Wikimedia Commons\"},{\"@type\":\"BreadcrumbList\",\"@id\":\"https:\\\/\\\/telemme.mmsh.fr\\\/?tribe_events=controle-social-et-encadrement-ideologique-dans-les-societes-mediterraneennes-xixe-xxi-siecles#breadcrumb\",\"itemListElement\":[{\"@type\":\"ListItem\",\"position\":1,\"name\":\"Accueil\",\"item\":\"https:\\\/\\\/telemme.mmsh.fr\\\/\"},{\"@type\":\"ListItem\",\"position\":2,\"name\":\"\u00c9v\u00e8nements\",\"item\":\"https:\\\/\\\/telemme.mmsh.fr\\\/?post_type=tribe_events\"},{\"@type\":\"ListItem\",\"position\":3,\"name\":\"Journ\u00e9e d'\u00e9tudes\",\"item\":\"https:\\\/\\\/telemme.mmsh.fr\\\/?tribe_events_cat=journee-detudes\"},{\"@type\":\"ListItem\",\"position\":4,\"name\":\"Contr\u00f4le social et encadrement id\u00e9ologique dans les soci\u00e9t\u00e9s m\u00e9diterran\u00e9ennes (XIXe-XXI si\u00e8cles)\"}]},{\"@type\":\"WebSite\",\"@id\":\"https:\\\/\\\/telemme.mmsh.fr\\\/#website\",\"url\":\"https:\\\/\\\/telemme.mmsh.fr\\\/\",\"name\":\"TELEMMe - Temps, espaces, langages, Europe m\u00e9ridionale, M\u00e9diterran\u00e9e\",\"description\":\"\",\"publisher\":{\"@id\":\"https:\\\/\\\/telemme.mmsh.fr\\\/#organization\"},\"potentialAction\":[{\"@type\":\"SearchAction\",\"target\":{\"@type\":\"EntryPoint\",\"urlTemplate\":\"https:\\\/\\\/telemme.mmsh.fr\\\/?s={search_term_string}\"},\"query-input\":{\"@type\":\"PropertyValueSpecification\",\"valueRequired\":true,\"valueName\":\"search_term_string\"}}],\"inLanguage\":\"fr-FR\"},{\"@type\":\"Organization\",\"@id\":\"https:\\\/\\\/telemme.mmsh.fr\\\/#organization\",\"name\":\"TELEMMe\",\"url\":\"https:\\\/\\\/telemme.mmsh.fr\\\/\",\"logo\":{\"@type\":\"ImageObject\",\"inLanguage\":\"fr-FR\",\"@id\":\"https:\\\/\\\/telemme.mmsh.fr\\\/#\\\/schema\\\/logo\\\/image\\\/\",\"url\":\"https:\\\/\\\/telemme.mmsh.fr\\\/wp-content\\\/uploads\\\/2020\\\/03\\\/LogoTELEMMe-horizontal-fond-transparent.png\",\"contentUrl\":\"https:\\\/\\\/telemme.mmsh.fr\\\/wp-content\\\/uploads\\\/2020\\\/03\\\/LogoTELEMMe-horizontal-fond-transparent.png\",\"width\":1500,\"height\":437,\"caption\":\"TELEMMe\"},\"image\":{\"@id\":\"https:\\\/\\\/telemme.mmsh.fr\\\/#\\\/schema\\\/logo\\\/image\\\/\"}}]}<\/script>\n<!-- \/ Yoast SEO plugin. -->","yoast_head_json":{"title":"Contr\u00f4le social et encadrement id\u00e9ologique dans les soci\u00e9t\u00e9s m\u00e9diterran\u00e9ennes (XIXe-XXI si\u00e8cles) - TELEMMe - Temps, espaces, langages, Europe m\u00e9ridionale, M\u00e9diterran\u00e9e","robots":{"index":"index","follow":"follow","max-snippet":"max-snippet:-1","max-image-preview":"max-image-preview:large","max-video-preview":"max-video-preview:-1"},"canonical":"https:\/\/telemme.mmsh.fr\/?tribe_events=controle-social-et-encadrement-ideologique-dans-les-societes-mediterraneennes-xixe-xxi-siecles","og_locale":"fr_FR","og_type":"article","og_title":"Contr\u00f4le social et encadrement id\u00e9ologique dans les soci\u00e9t\u00e9s m\u00e9diterran\u00e9ennes (XIXe-XXI si\u00e8cles) - TELEMMe - Temps, espaces, langages, Europe m\u00e9ridionale, M\u00e9diterran\u00e9e","og_description":"Cette journ\u00e9e d\u2019\u00e9tudes aborde la question du\u00a0 contr\u00f4le social dans les soci\u00e9t\u00e9s m\u00e9diterran\u00e9ennes entre le XIXe et le XXIe si\u00e8cle. Il s\u2019agit d\u2019analyser les strat\u00e9gies d\u00e9ploy\u00e9es dans ces soci\u00e9t\u00e9s afin&hellip;&nbsp;Lire la suite &raquo;Contr\u00f4le social et encadrement id\u00e9ologique dans les soci\u00e9t\u00e9s m\u00e9diterran\u00e9ennes (XIXe-XXI si\u00e8cles)","og_url":"https:\/\/telemme.mmsh.fr\/?tribe_events=controle-social-et-encadrement-ideologique-dans-les-societes-mediterraneennes-xixe-xxi-siecles","og_site_name":"TELEMMe - Temps, espaces, langages, Europe m\u00e9ridionale, M\u00e9diterran\u00e9e","article_modified_time":"2022-03-15T17:48:10+00:00","og_image":[{"width":1400,"height":1016,"url":"https:\/\/telemme.mmsh.fr\/wp-content\/uploads\/2022\/03\/Public-Schools-Internal-picture-of-the-Infants-class-at-Cleveland-Street-Public-School.jpg","type":"image\/jpeg"}],"twitter_card":"summary_large_image","twitter_misc":{"Dur\u00e9e de lecture estim\u00e9e":"1 minute"},"schema":{"@context":"https:\/\/schema.org","@graph":[{"@type":"WebPage","@id":"https:\/\/telemme.mmsh.fr\/?tribe_events=controle-social-et-encadrement-ideologique-dans-les-societes-mediterraneennes-xixe-xxi-siecles","url":"https:\/\/telemme.mmsh.fr\/?tribe_events=controle-social-et-encadrement-ideologique-dans-les-societes-mediterraneennes-xixe-xxi-siecles","name":"Contr\u00f4le social et encadrement id\u00e9ologique dans les soci\u00e9t\u00e9s m\u00e9diterran\u00e9ennes (XIXe-XXI si\u00e8cles) - TELEMMe - Temps, espaces, langages, Europe m\u00e9ridionale, M\u00e9diterran\u00e9e","isPartOf":{"@id":"https:\/\/telemme.mmsh.fr\/#website"},"primaryImageOfPage":{"@id":"https:\/\/telemme.mmsh.fr\/?tribe_events=controle-social-et-encadrement-ideologique-dans-les-societes-mediterraneennes-xixe-xxi-siecles#primaryimage"},"image":{"@id":"https:\/\/telemme.mmsh.fr\/?tribe_events=controle-social-et-encadrement-ideologique-dans-les-societes-mediterraneennes-xixe-xxi-siecles#primaryimage"},"thumbnailUrl":"https:\/\/telemme.mmsh.fr\/wp-content\/uploads\/2022\/03\/Public-Schools-Internal-picture-of-the-Infants-class-at-Cleveland-Street-Public-School.jpg","datePublished":"2022-03-01T15:19:50+00:00","dateModified":"2022-03-15T17:48:10+00:00","breadcrumb":{"@id":"https:\/\/telemme.mmsh.fr\/?tribe_events=controle-social-et-encadrement-ideologique-dans-les-societes-mediterraneennes-xixe-xxi-siecles#breadcrumb"},"inLanguage":"fr-FR","potentialAction":[{"@type":"ReadAction","target":["https:\/\/telemme.mmsh.fr\/?tribe_events=controle-social-et-encadrement-ideologique-dans-les-societes-mediterraneennes-xixe-xxi-siecles"]}]},{"@type":"ImageObject","inLanguage":"fr-FR","@id":"https:\/\/telemme.mmsh.fr\/?tribe_events=controle-social-et-encadrement-ideologique-dans-les-societes-mediterraneennes-xixe-xxi-siecles#primaryimage","url":"https:\/\/telemme.mmsh.fr\/wp-content\/uploads\/2022\/03\/Public-Schools-Internal-picture-of-the-Infants-class-at-Cleveland-Street-Public-School.jpg","contentUrl":"https:\/\/telemme.mmsh.fr\/wp-content\/uploads\/2022\/03\/Public-Schools-Internal-picture-of-the-Infants-class-at-Cleveland-Street-Public-School.jpg","width":1400,"height":1016,"caption":"NSW Govt Printer series - Public Schools, Internal picture of the Infants class at Cleveland Street Public School, ca. 1909, Collections of the State Library of NSW, CC0, via Wikimedia Commons"},{"@type":"BreadcrumbList","@id":"https:\/\/telemme.mmsh.fr\/?tribe_events=controle-social-et-encadrement-ideologique-dans-les-societes-mediterraneennes-xixe-xxi-siecles#breadcrumb","itemListElement":[{"@type":"ListItem","position":1,"name":"Accueil","item":"https:\/\/telemme.mmsh.fr\/"},{"@type":"ListItem","position":2,"name":"\u00c9v\u00e8nements","item":"https:\/\/telemme.mmsh.fr\/?post_type=tribe_events"},{"@type":"ListItem","position":3,"name":"Journ\u00e9e d'\u00e9tudes","item":"https:\/\/telemme.mmsh.fr\/?tribe_events_cat=journee-detudes"},{"@type":"ListItem","position":4,"name":"Contr\u00f4le social et encadrement id\u00e9ologique dans les soci\u00e9t\u00e9s m\u00e9diterran\u00e9ennes (XIXe-XXI si\u00e8cles)"}]},{"@type":"WebSite","@id":"https:\/\/telemme.mmsh.fr\/#website","url":"https:\/\/telemme.mmsh.fr\/","name":"TELEMMe - Temps, espaces, langages, Europe m\u00e9ridionale, M\u00e9diterran\u00e9e","description":"","publisher":{"@id":"https:\/\/telemme.mmsh.fr\/#organization"},"potentialAction":[{"@type":"SearchAction","target":{"@type":"EntryPoint","urlTemplate":"https:\/\/telemme.mmsh.fr\/?s={search_term_string}"},"query-input":{"@type":"PropertyValueSpecification","valueRequired":true,"valueName":"search_term_string"}}],"inLanguage":"fr-FR"},{"@type":"Organization","@id":"https:\/\/telemme.mmsh.fr\/#organization","name":"TELEMMe","url":"https:\/\/telemme.mmsh.fr\/","logo":{"@type":"ImageObject","inLanguage":"fr-FR","@id":"https:\/\/telemme.mmsh.fr\/#\/schema\/logo\/image\/","url":"https:\/\/telemme.mmsh.fr\/wp-content\/uploads\/2020\/03\/LogoTELEMMe-horizontal-fond-transparent.png","contentUrl":"https:\/\/telemme.mmsh.fr\/wp-content\/uploads\/2020\/03\/LogoTELEMMe-horizontal-fond-transparent.png","width":1500,"height":437,"caption":"TELEMMe"},"image":{"@id":"https:\/\/telemme.mmsh.fr\/#\/schema\/logo\/image\/"}}]}},"_links":{"self":[{"href":"https:\/\/telemme.mmsh.fr\/index.php?rest_route=\/wp\/v2\/tribe_events\/10682","targetHints":{"allow":["GET"]}}],"collection":[{"href":"https:\/\/telemme.mmsh.fr\/index.php?rest_route=\/wp\/v2\/tribe_events"}],"about":[{"href":"https:\/\/telemme.mmsh.fr\/index.php?rest_route=\/wp\/v2\/types\/tribe_events"}],"author":[{"embeddable":true,"href":"https:\/\/telemme.mmsh.fr\/index.php?rest_route=\/wp\/v2\/users\/6"}],"version-history":[{"count":1,"href":"https:\/\/telemme.mmsh.fr\/index.php?rest_route=\/wp\/v2\/tribe_events\/10682\/revisions"}],"predecessor-version":[{"id":10683,"href":"https:\/\/telemme.mmsh.fr\/index.php?rest_route=\/wp\/v2\/tribe_events\/10682\/revisions\/10683"}],"wp:featuredmedia":[{"embeddable":true,"href":"https:\/\/telemme.mmsh.fr\/index.php?rest_route=\/wp\/v2\/media\/10681"}],"wp:attachment":[{"href":"https:\/\/telemme.mmsh.fr\/index.php?rest_route=%2Fwp%2Fv2%2Fmedia&parent=10682"}],"wp:term":[{"taxonomy":"post_tag","embeddable":true,"href":"https:\/\/telemme.mmsh.fr\/index.php?rest_route=%2Fwp%2Fv2%2Ftags&post=10682"},{"taxonomy":"tribe_events_cat","embeddable":true,"href":"https:\/\/telemme.mmsh.fr\/index.php?rest_route=%2Fwp%2Fv2%2Ftribe_events_cat&post=10682"}],"curies":[{"name":"wp","href":"https:\/\/api.w.org\/{rel}","templated":true}]}}