{"id":10668,"date":"2022-02-25T15:01:02","date_gmt":"2022-02-25T14:01:02","guid":{"rendered":"https:\/\/telemme.mmsh.fr\/?post_type=tribe_events&#038;p=10668"},"modified":"2022-02-25T15:01:34","modified_gmt":"2022-02-25T14:01:34","slug":"cadavres-indesirables","status":"publish","type":"tribe_events","link":"https:\/\/telemme.mmsh.fr\/?tribe_events=cadavres-indesirables","title":{"rendered":"Cadavres ind\u00e9sirables"},"content":{"rendered":"<div>\n<div class=\"page\" title=\"Page 3\">\n<div class=\"section\">\n<div class=\"layoutArea\">\n<div class=\"column\">\n<p>Si les rites fun\u00e9raires ont une fonction de coh\u00e9sion sociale, il est des cadavres dont personne ne veut et dont le sort est en d\u00e9sh\u00e9rence. Les morts peuvent se situer aux marges de la commu- naut\u00e9 (esclaves, S.D.F.), en avoir \u00e9t\u00e9 ex- clus par leurs actes (terroristes, cri- minels) ou leur dissidence politique ou religieuse, se trouver en position d\u2019exil. La question de la prise en charge de leurs corps se pose donc, qu\u2019il s\u2019agisse des acteurs, des modalit\u00e9s concr\u00e8tes de leur traitement et de leur degr\u00e9 de formalisation, des enjeux symboliques \u00e9ventuels.<\/p>\n<\/div>\n<\/div>\n<\/div>\n<\/div>\n<\/div>\n<div class=\"\">La seconde s\u00e9ance se tiendra cette fois encore (nous le regrettons) int\u00e9gralement en <b class=\"\">visioconf\u00e9rence<\/b>, le 6 mai prochain, de 10 h \u00e0 12 h 30 et de 14 h \u00e0 16 h 30.<\/div>\n<div class=\"\">Elle portera sur les <i class=\"\">Cadavres ind\u00e9sirables<\/i>.<\/div>\n<div class=\"\"><\/div>\n<div>Pour assister :\u00a0<a href=\"https:\/\/univ-amu-fr.zoom.us\/j\/93365825500?pwd=L25wcjdKVWx3ci9iNUNzdEF2MDlMZz09\">https:\/\/univ-amu-fr.zoom.us\/j\/93365825500?pwd=L25wcjdKVWx3ci9iNUNzdEF2MDlMZz09<\/a><\/div>\n<div><\/div>\n<div><a href=\"https:\/\/telemme.mmsh.fr\/?evenement=cadavres-indesirables\"><strong>Programme complet<\/strong><\/a><\/div>\n<div><\/div>\n<div><\/div>\n<div><\/div>\n","protected":false},"excerpt":{"rendered":"<p>Si les rites fun\u00e9raires ont une fonction de coh\u00e9sion sociale, il est des cadavres dont personne ne veut et dont le sort est en d\u00e9sh\u00e9rence. Les morts peuvent se situer&hellip;&nbsp;<a href=\"https:\/\/telemme.mmsh.fr\/?tribe_events=cadavres-indesirables\" rel=\"bookmark\">Lire la suite &raquo;<span class=\"screen-reader-text\">Cadavres ind\u00e9sirables<\/span><\/a><\/p>\n","protected":false},"author":6,"featured_media":9267,"template":"","meta":{"neve_meta_sidebar":"","neve_meta_container":"","neve_meta_enable_content_width":"","neve_meta_content_width":0,"neve_meta_title_alignment":"","neve_meta_author_avatar":"","neve_post_elements_order":"","neve_meta_disable_header":"","neve_meta_disable_footer":"","neve_meta_disable_title":"","_tribe_events_status":"","_tribe_events_status_reason":"","footnotes":""},"tags":[],"tribe_events_cat":[2308],"class_list":["post-10668","tribe_events","type-tribe_events","status-publish","has-post-thumbnail","hentry","tribe_events_cat-seminaire-histoire-et-anthropologie-de-la-mort","cat_seminaire-histoire-et-anthropologie-de-la-mort","tribe-ext-events-control-list-event--live"],"yoast_head":"<!-- This site is optimized with the Yoast SEO plugin v27.4 - https:\/\/yoast.com\/product\/yoast-seo-wordpress\/ -->\n<title>Cadavres ind\u00e9sirables - TELEMMe - Temps, espaces, langages, Europe m\u00e9ridionale, M\u00e9diterran\u00e9e<\/title>\n<meta name=\"description\" content=\"Si les rites fun\u00e9raires ont une fonction de coh\u00e9sion sociale, il est des cadavres dont personne ne veut et dont le sort est en d\u00e9sh\u00e9rence. Les morts peuvent se situer aux marges de la commu- naut\u00e9 (esclaves, S.D.F.), en avoir \u00e9t\u00e9 ex- clus par leurs actes (terroristes, cri- minels) ou leur dissidence politique ou religieuse, se trouver en position d\u2019exil. La question de la prise en charge de leurs corps se pose donc, qu\u2019il s\u2019agisse des acteurs, des modalit\u00e9s concr\u00e8tes de leur traitement et de leur degr\u00e9 de formalisation, des enjeux symboliques \u00e9ventuels.\" \/>\n<meta name=\"robots\" content=\"index, follow, max-snippet:-1, max-image-preview:large, max-video-preview:-1\" \/>\n<link rel=\"canonical\" href=\"https:\/\/telemme.mmsh.fr\/?tribe_events=cadavres-indesirables\" \/>\n<meta property=\"og:locale\" content=\"fr_FR\" \/>\n<meta property=\"og:type\" content=\"article\" \/>\n<meta property=\"og:title\" content=\"Cadavres ind\u00e9sirables - TELEMMe - Temps, espaces, langages, Europe m\u00e9ridionale, M\u00e9diterran\u00e9e\" \/>\n<meta property=\"og:description\" content=\"Si les rites fun\u00e9raires ont une fonction de coh\u00e9sion sociale, il est des cadavres dont personne ne veut et dont le sort est en d\u00e9sh\u00e9rence. Les morts peuvent se situer aux marges de la commu- naut\u00e9 (esclaves, S.D.F.), en avoir \u00e9t\u00e9 ex- clus par leurs actes (terroristes, cri- minels) ou leur dissidence politique ou religieuse, se trouver en position d\u2019exil. La question de la prise en charge de leurs corps se pose donc, qu\u2019il s\u2019agisse des acteurs, des modalit\u00e9s concr\u00e8tes de leur traitement et de leur degr\u00e9 de formalisation, des enjeux symboliques \u00e9ventuels.\" \/>\n<meta property=\"og:url\" content=\"https:\/\/telemme.mmsh.fr\/?tribe_events=cadavres-indesirables\" \/>\n<meta property=\"og:site_name\" content=\"TELEMMe - Temps, espaces, langages, Europe m\u00e9ridionale, M\u00e9diterran\u00e9e\" \/>\n<meta property=\"article:modified_time\" content=\"2022-02-25T14:01:34+00:00\" \/>\n<meta property=\"og:image\" content=\"https:\/\/telemme.mmsh.fr\/wp-content\/uploads\/2021\/04\/Hist-anthropo-mort.jpg\" \/>\n\t<meta property=\"og:image:width\" content=\"839\" \/>\n\t<meta property=\"og:image:height\" content=\"1191\" \/>\n\t<meta property=\"og:image:type\" content=\"image\/jpeg\" \/>\n<meta name=\"twitter:card\" content=\"summary_large_image\" \/>\n<meta name=\"twitter:label1\" content=\"Dur\u00e9e de lecture estim\u00e9e\" \/>\n\t<meta name=\"twitter:data1\" content=\"1 minute\" \/>\n<script type=\"application\/ld+json\" class=\"yoast-schema-graph\">{\"@context\":\"https:\\\/\\\/schema.org\",\"@graph\":[{\"@type\":\"WebPage\",\"@id\":\"https:\\\/\\\/telemme.mmsh.fr\\\/?tribe_events=cadavres-indesirables\",\"url\":\"https:\\\/\\\/telemme.mmsh.fr\\\/?tribe_events=cadavres-indesirables\",\"name\":\"Cadavres ind\u00e9sirables - TELEMMe - Temps, espaces, langages, Europe m\u00e9ridionale, M\u00e9diterran\u00e9e\",\"isPartOf\":{\"@id\":\"https:\\\/\\\/telemme.mmsh.fr\\\/#website\"},\"primaryImageOfPage\":{\"@id\":\"https:\\\/\\\/telemme.mmsh.fr\\\/?tribe_events=cadavres-indesirables#primaryimage\"},\"image\":{\"@id\":\"https:\\\/\\\/telemme.mmsh.fr\\\/?tribe_events=cadavres-indesirables#primaryimage\"},\"thumbnailUrl\":\"https:\\\/\\\/telemme.mmsh.fr\\\/wp-content\\\/uploads\\\/2021\\\/04\\\/Hist-anthropo-mort.jpg\",\"datePublished\":\"2022-02-25T14:01:02+00:00\",\"dateModified\":\"2022-02-25T14:01:34+00:00\",\"description\":\"Si les rites fun\u00e9raires ont une fonction de coh\u00e9sion sociale, il est des cadavres dont personne ne veut et dont le sort est en d\u00e9sh\u00e9rence. Les morts peuvent se situer aux marges de la commu- naut\u00e9 (esclaves, S.D.F.), en avoir \u00e9t\u00e9 ex- clus par leurs actes (terroristes, cri- minels) ou leur dissidence politique ou religieuse, se trouver en position d\u2019exil. La question de la prise en charge de leurs corps se pose donc, qu\u2019il s\u2019agisse des acteurs, des modalit\u00e9s concr\u00e8tes de leur traitement et de leur degr\u00e9 de formalisation, des enjeux symboliques \u00e9ventuels.\",\"breadcrumb\":{\"@id\":\"https:\\\/\\\/telemme.mmsh.fr\\\/?tribe_events=cadavres-indesirables#breadcrumb\"},\"inLanguage\":\"fr-FR\",\"potentialAction\":[{\"@type\":\"ReadAction\",\"target\":[\"https:\\\/\\\/telemme.mmsh.fr\\\/?tribe_events=cadavres-indesirables\"]}]},{\"@type\":\"ImageObject\",\"inLanguage\":\"fr-FR\",\"@id\":\"https:\\\/\\\/telemme.mmsh.fr\\\/?tribe_events=cadavres-indesirables#primaryimage\",\"url\":\"https:\\\/\\\/telemme.mmsh.fr\\\/wp-content\\\/uploads\\\/2021\\\/04\\\/Hist-anthropo-mort.jpg\",\"contentUrl\":\"https:\\\/\\\/telemme.mmsh.fr\\\/wp-content\\\/uploads\\\/2021\\\/04\\\/Hist-anthropo-mort.jpg\",\"width\":839,\"height\":1191,\"caption\":\"Affiche du s\u00e9minaire interlaboratoire \\\"Autour du cadavre\\\"\"},{\"@type\":\"BreadcrumbList\",\"@id\":\"https:\\\/\\\/telemme.mmsh.fr\\\/?tribe_events=cadavres-indesirables#breadcrumb\",\"itemListElement\":[{\"@type\":\"ListItem\",\"position\":1,\"name\":\"Accueil\",\"item\":\"https:\\\/\\\/telemme.mmsh.fr\\\/\"},{\"@type\":\"ListItem\",\"position\":2,\"name\":\"\u00c9v\u00e8nements\",\"item\":\"https:\\\/\\\/telemme.mmsh.fr\\\/?post_type=tribe_events\"},{\"@type\":\"ListItem\",\"position\":3,\"name\":\"S\u00e9minaire interlaboratoire\",\"item\":\"https:\\\/\\\/telemme.mmsh.fr\\\/?tribe_events_cat=seminaire-interlaboratoire\"},{\"@type\":\"ListItem\",\"position\":4,\"name\":\"S\u00e9minaire \\\"Histoire et anthropologie de la mort\\\"\",\"item\":\"https:\\\/\\\/telemme.mmsh.fr\\\/?tribe_events_cat=seminaire-histoire-et-anthropologie-de-la-mort\"},{\"@type\":\"ListItem\",\"position\":5,\"name\":\"Cadavres ind\u00e9sirables\"}]},{\"@type\":\"WebSite\",\"@id\":\"https:\\\/\\\/telemme.mmsh.fr\\\/#website\",\"url\":\"https:\\\/\\\/telemme.mmsh.fr\\\/\",\"name\":\"TELEMMe - Temps, espaces, langages, Europe m\u00e9ridionale, M\u00e9diterran\u00e9e\",\"description\":\"\",\"publisher\":{\"@id\":\"https:\\\/\\\/telemme.mmsh.fr\\\/#organization\"},\"potentialAction\":[{\"@type\":\"SearchAction\",\"target\":{\"@type\":\"EntryPoint\",\"urlTemplate\":\"https:\\\/\\\/telemme.mmsh.fr\\\/?s={search_term_string}\"},\"query-input\":{\"@type\":\"PropertyValueSpecification\",\"valueRequired\":true,\"valueName\":\"search_term_string\"}}],\"inLanguage\":\"fr-FR\"},{\"@type\":\"Organization\",\"@id\":\"https:\\\/\\\/telemme.mmsh.fr\\\/#organization\",\"name\":\"TELEMMe\",\"url\":\"https:\\\/\\\/telemme.mmsh.fr\\\/\",\"logo\":{\"@type\":\"ImageObject\",\"inLanguage\":\"fr-FR\",\"@id\":\"https:\\\/\\\/telemme.mmsh.fr\\\/#\\\/schema\\\/logo\\\/image\\\/\",\"url\":\"https:\\\/\\\/telemme.mmsh.fr\\\/wp-content\\\/uploads\\\/2020\\\/03\\\/LogoTELEMMe-horizontal-fond-transparent.png\",\"contentUrl\":\"https:\\\/\\\/telemme.mmsh.fr\\\/wp-content\\\/uploads\\\/2020\\\/03\\\/LogoTELEMMe-horizontal-fond-transparent.png\",\"width\":1500,\"height\":437,\"caption\":\"TELEMMe\"},\"image\":{\"@id\":\"https:\\\/\\\/telemme.mmsh.fr\\\/#\\\/schema\\\/logo\\\/image\\\/\"}}]}<\/script>\n<!-- \/ Yoast SEO plugin. -->","yoast_head_json":{"title":"Cadavres ind\u00e9sirables - TELEMMe - Temps, espaces, langages, Europe m\u00e9ridionale, M\u00e9diterran\u00e9e","description":"Si les rites fun\u00e9raires ont une fonction de coh\u00e9sion sociale, il est des cadavres dont personne ne veut et dont le sort est en d\u00e9sh\u00e9rence. Les morts peuvent se situer aux marges de la commu- naut\u00e9 (esclaves, S.D.F.), en avoir \u00e9t\u00e9 ex- clus par leurs actes (terroristes, cri- minels) ou leur dissidence politique ou religieuse, se trouver en position d\u2019exil. La question de la prise en charge de leurs corps se pose donc, qu\u2019il s\u2019agisse des acteurs, des modalit\u00e9s concr\u00e8tes de leur traitement et de leur degr\u00e9 de formalisation, des enjeux symboliques \u00e9ventuels.","robots":{"index":"index","follow":"follow","max-snippet":"max-snippet:-1","max-image-preview":"max-image-preview:large","max-video-preview":"max-video-preview:-1"},"canonical":"https:\/\/telemme.mmsh.fr\/?tribe_events=cadavres-indesirables","og_locale":"fr_FR","og_type":"article","og_title":"Cadavres ind\u00e9sirables - TELEMMe - Temps, espaces, langages, Europe m\u00e9ridionale, M\u00e9diterran\u00e9e","og_description":"Si les rites fun\u00e9raires ont une fonction de coh\u00e9sion sociale, il est des cadavres dont personne ne veut et dont le sort est en d\u00e9sh\u00e9rence. Les morts peuvent se situer aux marges de la commu- naut\u00e9 (esclaves, S.D.F.), en avoir \u00e9t\u00e9 ex- clus par leurs actes (terroristes, cri- minels) ou leur dissidence politique ou religieuse, se trouver en position d\u2019exil. La question de la prise en charge de leurs corps se pose donc, qu\u2019il s\u2019agisse des acteurs, des modalit\u00e9s concr\u00e8tes de leur traitement et de leur degr\u00e9 de formalisation, des enjeux symboliques \u00e9ventuels.","og_url":"https:\/\/telemme.mmsh.fr\/?tribe_events=cadavres-indesirables","og_site_name":"TELEMMe - Temps, espaces, langages, Europe m\u00e9ridionale, M\u00e9diterran\u00e9e","article_modified_time":"2022-02-25T14:01:34+00:00","og_image":[{"width":839,"height":1191,"url":"https:\/\/telemme.mmsh.fr\/wp-content\/uploads\/2021\/04\/Hist-anthropo-mort.jpg","type":"image\/jpeg"}],"twitter_card":"summary_large_image","twitter_misc":{"Dur\u00e9e de lecture estim\u00e9e":"1 minute"},"schema":{"@context":"https:\/\/schema.org","@graph":[{"@type":"WebPage","@id":"https:\/\/telemme.mmsh.fr\/?tribe_events=cadavres-indesirables","url":"https:\/\/telemme.mmsh.fr\/?tribe_events=cadavres-indesirables","name":"Cadavres ind\u00e9sirables - TELEMMe - Temps, espaces, langages, Europe m\u00e9ridionale, M\u00e9diterran\u00e9e","isPartOf":{"@id":"https:\/\/telemme.mmsh.fr\/#website"},"primaryImageOfPage":{"@id":"https:\/\/telemme.mmsh.fr\/?tribe_events=cadavres-indesirables#primaryimage"},"image":{"@id":"https:\/\/telemme.mmsh.fr\/?tribe_events=cadavres-indesirables#primaryimage"},"thumbnailUrl":"https:\/\/telemme.mmsh.fr\/wp-content\/uploads\/2021\/04\/Hist-anthropo-mort.jpg","datePublished":"2022-02-25T14:01:02+00:00","dateModified":"2022-02-25T14:01:34+00:00","description":"Si les rites fun\u00e9raires ont une fonction de coh\u00e9sion sociale, il est des cadavres dont personne ne veut et dont le sort est en d\u00e9sh\u00e9rence. Les morts peuvent se situer aux marges de la commu- naut\u00e9 (esclaves, S.D.F.), en avoir \u00e9t\u00e9 ex- clus par leurs actes (terroristes, cri- minels) ou leur dissidence politique ou religieuse, se trouver en position d\u2019exil. La question de la prise en charge de leurs corps se pose donc, qu\u2019il s\u2019agisse des acteurs, des modalit\u00e9s concr\u00e8tes de leur traitement et de leur degr\u00e9 de formalisation, des enjeux symboliques \u00e9ventuels.","breadcrumb":{"@id":"https:\/\/telemme.mmsh.fr\/?tribe_events=cadavres-indesirables#breadcrumb"},"inLanguage":"fr-FR","potentialAction":[{"@type":"ReadAction","target":["https:\/\/telemme.mmsh.fr\/?tribe_events=cadavres-indesirables"]}]},{"@type":"ImageObject","inLanguage":"fr-FR","@id":"https:\/\/telemme.mmsh.fr\/?tribe_events=cadavres-indesirables#primaryimage","url":"https:\/\/telemme.mmsh.fr\/wp-content\/uploads\/2021\/04\/Hist-anthropo-mort.jpg","contentUrl":"https:\/\/telemme.mmsh.fr\/wp-content\/uploads\/2021\/04\/Hist-anthropo-mort.jpg","width":839,"height":1191,"caption":"Affiche du s\u00e9minaire interlaboratoire \"Autour du cadavre\""},{"@type":"BreadcrumbList","@id":"https:\/\/telemme.mmsh.fr\/?tribe_events=cadavres-indesirables#breadcrumb","itemListElement":[{"@type":"ListItem","position":1,"name":"Accueil","item":"https:\/\/telemme.mmsh.fr\/"},{"@type":"ListItem","position":2,"name":"\u00c9v\u00e8nements","item":"https:\/\/telemme.mmsh.fr\/?post_type=tribe_events"},{"@type":"ListItem","position":3,"name":"S\u00e9minaire interlaboratoire","item":"https:\/\/telemme.mmsh.fr\/?tribe_events_cat=seminaire-interlaboratoire"},{"@type":"ListItem","position":4,"name":"S\u00e9minaire \"Histoire et anthropologie de la mort\"","item":"https:\/\/telemme.mmsh.fr\/?tribe_events_cat=seminaire-histoire-et-anthropologie-de-la-mort"},{"@type":"ListItem","position":5,"name":"Cadavres ind\u00e9sirables"}]},{"@type":"WebSite","@id":"https:\/\/telemme.mmsh.fr\/#website","url":"https:\/\/telemme.mmsh.fr\/","name":"TELEMMe - Temps, espaces, langages, Europe m\u00e9ridionale, M\u00e9diterran\u00e9e","description":"","publisher":{"@id":"https:\/\/telemme.mmsh.fr\/#organization"},"potentialAction":[{"@type":"SearchAction","target":{"@type":"EntryPoint","urlTemplate":"https:\/\/telemme.mmsh.fr\/?s={search_term_string}"},"query-input":{"@type":"PropertyValueSpecification","valueRequired":true,"valueName":"search_term_string"}}],"inLanguage":"fr-FR"},{"@type":"Organization","@id":"https:\/\/telemme.mmsh.fr\/#organization","name":"TELEMMe","url":"https:\/\/telemme.mmsh.fr\/","logo":{"@type":"ImageObject","inLanguage":"fr-FR","@id":"https:\/\/telemme.mmsh.fr\/#\/schema\/logo\/image\/","url":"https:\/\/telemme.mmsh.fr\/wp-content\/uploads\/2020\/03\/LogoTELEMMe-horizontal-fond-transparent.png","contentUrl":"https:\/\/telemme.mmsh.fr\/wp-content\/uploads\/2020\/03\/LogoTELEMMe-horizontal-fond-transparent.png","width":1500,"height":437,"caption":"TELEMMe"},"image":{"@id":"https:\/\/telemme.mmsh.fr\/#\/schema\/logo\/image\/"}}]}},"_links":{"self":[{"href":"https:\/\/telemme.mmsh.fr\/index.php?rest_route=\/wp\/v2\/tribe_events\/10668","targetHints":{"allow":["GET"]}}],"collection":[{"href":"https:\/\/telemme.mmsh.fr\/index.php?rest_route=\/wp\/v2\/tribe_events"}],"about":[{"href":"https:\/\/telemme.mmsh.fr\/index.php?rest_route=\/wp\/v2\/types\/tribe_events"}],"author":[{"embeddable":true,"href":"https:\/\/telemme.mmsh.fr\/index.php?rest_route=\/wp\/v2\/users\/6"}],"version-history":[{"count":3,"href":"https:\/\/telemme.mmsh.fr\/index.php?rest_route=\/wp\/v2\/tribe_events\/10668\/revisions"}],"predecessor-version":[{"id":10671,"href":"https:\/\/telemme.mmsh.fr\/index.php?rest_route=\/wp\/v2\/tribe_events\/10668\/revisions\/10671"}],"wp:featuredmedia":[{"embeddable":true,"href":"https:\/\/telemme.mmsh.fr\/index.php?rest_route=\/wp\/v2\/media\/9267"}],"wp:attachment":[{"href":"https:\/\/telemme.mmsh.fr\/index.php?rest_route=%2Fwp%2Fv2%2Fmedia&parent=10668"}],"wp:term":[{"taxonomy":"post_tag","embeddable":true,"href":"https:\/\/telemme.mmsh.fr\/index.php?rest_route=%2Fwp%2Fv2%2Ftags&post=10668"},{"taxonomy":"tribe_events_cat","embeddable":true,"href":"https:\/\/telemme.mmsh.fr\/index.php?rest_route=%2Fwp%2Fv2%2Ftribe_events_cat&post=10668"}],"curies":[{"name":"wp","href":"https:\/\/api.w.org\/{rel}","templated":true}]}}