{"id":10652,"date":"2022-02-25T14:07:57","date_gmt":"2022-02-25T13:07:57","guid":{"rendered":"https:\/\/telemme.mmsh.fr\/?post_type=tribe_events&#038;p=10652"},"modified":"2022-02-25T14:07:57","modified_gmt":"2022-02-25T13:07:57","slug":"cinquieme-seance-du-seminaire-esclavages-en-mediterranee","status":"publish","type":"tribe_events","link":"https:\/\/telemme.mmsh.fr\/?tribe_events=cinquieme-seance-du-seminaire-esclavages-en-mediterranee","title":{"rendered":"Cinqui\u00e8me s\u00e9ance du s\u00e9minaire <em>Esclavages en M\u00e9diterran\u00e9e<\/em>"},"content":{"rendered":"<h3><i>Les esclavages en M\u00e9diterran\u00e9e, de l\u2019Antiquit\u00e9 au XXe si\u00e8cle <\/i><\/h3>\n<div>S\u00e9minaire inter-laboratoires de la MMSH, organis\u00e9 par<\/div>\n<ul>\n<li>Hayri G. \u00d6zkoray (TELEMMe),<\/li>\n<li>Paulin Ismard (Centre Camille Julian) et<\/li>\n<li>Julien Loiseau (IREMAM)<\/li>\n<\/ul>\n<p><a href=\"https:\/\/telemme.mmsh.fr\/?evenement=cinquieme-seance-du-seminaire-esclavages-en-mediterranee\"><strong>Programme complet<\/strong><\/a><\/p>\n","protected":false},"excerpt":{"rendered":"<p>Les esclavages en M\u00e9diterran\u00e9e, de l\u2019Antiquit\u00e9 au XXe si\u00e8cle S\u00e9minaire inter-laboratoires de la MMSH, organis\u00e9 par Hayri G. \u00d6zkoray (TELEMMe), Paulin Ismard (Centre Camille Julian) et Julien Loiseau (IREMAM) Programme&hellip;&nbsp;<a href=\"https:\/\/telemme.mmsh.fr\/?tribe_events=cinquieme-seance-du-seminaire-esclavages-en-mediterranee\" rel=\"bookmark\">Lire la suite &raquo;<span class=\"screen-reader-text\">Cinqui\u00e8me s\u00e9ance du s\u00e9minaire <em>Esclavages en M\u00e9diterran\u00e9e<\/em><\/span><\/a><\/p>\n","protected":false},"author":6,"featured_media":10653,"template":"","meta":{"neve_meta_sidebar":"","neve_meta_container":"","neve_meta_enable_content_width":"","neve_meta_content_width":0,"neve_meta_title_alignment":"","neve_meta_author_avatar":"","neve_post_elements_order":"","neve_meta_disable_header":"","neve_meta_disable_footer":"","neve_meta_disable_title":"","_tribe_events_status":"","_tribe_events_status_reason":"","footnotes":""},"tags":[],"tribe_events_cat":[2270],"class_list":["post-10652","tribe_events","type-tribe_events","status-publish","has-post-thumbnail","hentry","tribe_events_cat-seminaire-interlaboratoire-les-esclavages-en-mediterranee","cat_seminaire-interlaboratoire-les-esclavages-en-mediterranee"],"yoast_head":"<!-- This site is optimized with the Yoast SEO plugin v27.4 - https:\/\/yoast.com\/product\/yoast-seo-wordpress\/ -->\n<title>Cinqui\u00e8me s\u00e9ance du s\u00e9minaire Esclavages en M\u00e9diterran\u00e9e - TELEMMe - Temps, espaces, langages, Europe m\u00e9ridionale, M\u00e9diterran\u00e9e<\/title>\n<meta name=\"robots\" content=\"index, follow, max-snippet:-1, max-image-preview:large, max-video-preview:-1\" \/>\n<link rel=\"canonical\" href=\"https:\/\/telemme.mmsh.fr\/?tribe_events=cinquieme-seance-du-seminaire-esclavages-en-mediterranee\" \/>\n<meta property=\"og:locale\" content=\"fr_FR\" \/>\n<meta property=\"og:type\" content=\"article\" \/>\n<meta property=\"og:title\" content=\"Cinqui\u00e8me s\u00e9ance du s\u00e9minaire Esclavages en M\u00e9diterran\u00e9e - TELEMMe - Temps, espaces, langages, Europe m\u00e9ridionale, M\u00e9diterran\u00e9e\" \/>\n<meta property=\"og:description\" content=\"Les esclavages en M\u00e9diterran\u00e9e, de l\u2019Antiquit\u00e9 au XXe si\u00e8cle S\u00e9minaire inter-laboratoires de la MMSH, organis\u00e9 par Hayri G. \u00d6zkoray (TELEMMe), Paulin Ismard (Centre Camille Julian) et Julien Loiseau (IREMAM) Programme&hellip;&nbsp;Lire la suite &raquo;Cinqui\u00e8me s\u00e9ance du s\u00e9minaire Esclavages en M\u00e9diterran\u00e9e\" \/>\n<meta property=\"og:url\" content=\"https:\/\/telemme.mmsh.fr\/?tribe_events=cinquieme-seance-du-seminaire-esclavages-en-mediterranee\" \/>\n<meta property=\"og:site_name\" content=\"TELEMMe - Temps, espaces, langages, Europe m\u00e9ridionale, M\u00e9diterran\u00e9e\" \/>\n<meta property=\"og:image\" content=\"https:\/\/telemme.mmsh.fr\/wp-content\/uploads\/2022\/02\/Les-Mondes-de-l-esclavage-Une-histoire-comparee.jpg\" \/>\n\t<meta property=\"og:image:width\" content=\"340\" \/>\n\t<meta property=\"og:image:height\" content=\"340\" \/>\n\t<meta property=\"og:image:type\" content=\"image\/jpeg\" \/>\n<meta name=\"twitter:card\" content=\"summary_large_image\" \/>\n<meta name=\"twitter:label1\" content=\"Dur\u00e9e de lecture estim\u00e9e\" \/>\n\t<meta name=\"twitter:data1\" content=\"1 minute\" \/>\n<script type=\"application\/ld+json\" class=\"yoast-schema-graph\">{\"@context\":\"https:\\\/\\\/schema.org\",\"@graph\":[{\"@type\":\"WebPage\",\"@id\":\"https:\\\/\\\/telemme.mmsh.fr\\\/?tribe_events=cinquieme-seance-du-seminaire-esclavages-en-mediterranee\",\"url\":\"https:\\\/\\\/telemme.mmsh.fr\\\/?tribe_events=cinquieme-seance-du-seminaire-esclavages-en-mediterranee\",\"name\":\"Cinqui\u00e8me s\u00e9ance du s\u00e9minaire Esclavages en M\u00e9diterran\u00e9e - TELEMMe - Temps, espaces, langages, Europe m\u00e9ridionale, M\u00e9diterran\u00e9e\",\"isPartOf\":{\"@id\":\"https:\\\/\\\/telemme.mmsh.fr\\\/#website\"},\"primaryImageOfPage\":{\"@id\":\"https:\\\/\\\/telemme.mmsh.fr\\\/?tribe_events=cinquieme-seance-du-seminaire-esclavages-en-mediterranee#primaryimage\"},\"image\":{\"@id\":\"https:\\\/\\\/telemme.mmsh.fr\\\/?tribe_events=cinquieme-seance-du-seminaire-esclavages-en-mediterranee#primaryimage\"},\"thumbnailUrl\":\"https:\\\/\\\/telemme.mmsh.fr\\\/wp-content\\\/uploads\\\/2022\\\/02\\\/Les-Mondes-de-l-esclavage-Une-histoire-comparee.jpg\",\"datePublished\":\"2022-02-25T13:07:57+00:00\",\"breadcrumb\":{\"@id\":\"https:\\\/\\\/telemme.mmsh.fr\\\/?tribe_events=cinquieme-seance-du-seminaire-esclavages-en-mediterranee#breadcrumb\"},\"inLanguage\":\"fr-FR\",\"potentialAction\":[{\"@type\":\"ReadAction\",\"target\":[\"https:\\\/\\\/telemme.mmsh.fr\\\/?tribe_events=cinquieme-seance-du-seminaire-esclavages-en-mediterranee\"]}]},{\"@type\":\"ImageObject\",\"inLanguage\":\"fr-FR\",\"@id\":\"https:\\\/\\\/telemme.mmsh.fr\\\/?tribe_events=cinquieme-seance-du-seminaire-esclavages-en-mediterranee#primaryimage\",\"url\":\"https:\\\/\\\/telemme.mmsh.fr\\\/wp-content\\\/uploads\\\/2022\\\/02\\\/Les-Mondes-de-l-esclavage-Une-histoire-comparee.jpg\",\"contentUrl\":\"https:\\\/\\\/telemme.mmsh.fr\\\/wp-content\\\/uploads\\\/2022\\\/02\\\/Les-Mondes-de-l-esclavage-Une-histoire-comparee.jpg\",\"width\":340,\"height\":340,\"caption\":\"Couverture de Les mondes de l'esclavage. Une histoire compar\u00e9e, dir. Paulin Ismard, Le Seuil, 2021\"},{\"@type\":\"BreadcrumbList\",\"@id\":\"https:\\\/\\\/telemme.mmsh.fr\\\/?tribe_events=cinquieme-seance-du-seminaire-esclavages-en-mediterranee#breadcrumb\",\"itemListElement\":[{\"@type\":\"ListItem\",\"position\":1,\"name\":\"Accueil\",\"item\":\"https:\\\/\\\/telemme.mmsh.fr\\\/\"},{\"@type\":\"ListItem\",\"position\":2,\"name\":\"\u00c9v\u00e8nements\",\"item\":\"https:\\\/\\\/telemme.mmsh.fr\\\/?post_type=tribe_events\"},{\"@type\":\"ListItem\",\"position\":3,\"name\":\"S\u00e9minaire interlaboratoire\",\"item\":\"https:\\\/\\\/telemme.mmsh.fr\\\/?tribe_events_cat=seminaire-interlaboratoire\"},{\"@type\":\"ListItem\",\"position\":4,\"name\":\"S\u00e9minaire interlaboratoire \\\"Les esclavages en M\u00e9diterran\u00e9e\\\"\",\"item\":\"https:\\\/\\\/telemme.mmsh.fr\\\/?tribe_events_cat=seminaire-interlaboratoire-les-esclavages-en-mediterranee\"},{\"@type\":\"ListItem\",\"position\":5,\"name\":\"Cinqui\u00e8me s\u00e9ance du s\u00e9minaire Esclavages en M\u00e9diterran\u00e9e\"}]},{\"@type\":\"WebSite\",\"@id\":\"https:\\\/\\\/telemme.mmsh.fr\\\/#website\",\"url\":\"https:\\\/\\\/telemme.mmsh.fr\\\/\",\"name\":\"TELEMMe - Temps, espaces, langages, Europe m\u00e9ridionale, M\u00e9diterran\u00e9e\",\"description\":\"\",\"publisher\":{\"@id\":\"https:\\\/\\\/telemme.mmsh.fr\\\/#organization\"},\"potentialAction\":[{\"@type\":\"SearchAction\",\"target\":{\"@type\":\"EntryPoint\",\"urlTemplate\":\"https:\\\/\\\/telemme.mmsh.fr\\\/?s={search_term_string}\"},\"query-input\":{\"@type\":\"PropertyValueSpecification\",\"valueRequired\":true,\"valueName\":\"search_term_string\"}}],\"inLanguage\":\"fr-FR\"},{\"@type\":\"Organization\",\"@id\":\"https:\\\/\\\/telemme.mmsh.fr\\\/#organization\",\"name\":\"TELEMMe\",\"url\":\"https:\\\/\\\/telemme.mmsh.fr\\\/\",\"logo\":{\"@type\":\"ImageObject\",\"inLanguage\":\"fr-FR\",\"@id\":\"https:\\\/\\\/telemme.mmsh.fr\\\/#\\\/schema\\\/logo\\\/image\\\/\",\"url\":\"https:\\\/\\\/telemme.mmsh.fr\\\/wp-content\\\/uploads\\\/2020\\\/03\\\/LogoTELEMMe-horizontal-fond-transparent.png\",\"contentUrl\":\"https:\\\/\\\/telemme.mmsh.fr\\\/wp-content\\\/uploads\\\/2020\\\/03\\\/LogoTELEMMe-horizontal-fond-transparent.png\",\"width\":1500,\"height\":437,\"caption\":\"TELEMMe\"},\"image\":{\"@id\":\"https:\\\/\\\/telemme.mmsh.fr\\\/#\\\/schema\\\/logo\\\/image\\\/\"}}]}<\/script>\n<!-- \/ Yoast SEO plugin. -->","yoast_head_json":{"title":"Cinqui\u00e8me s\u00e9ance du s\u00e9minaire Esclavages en M\u00e9diterran\u00e9e - TELEMMe - Temps, espaces, langages, Europe m\u00e9ridionale, M\u00e9diterran\u00e9e","robots":{"index":"index","follow":"follow","max-snippet":"max-snippet:-1","max-image-preview":"max-image-preview:large","max-video-preview":"max-video-preview:-1"},"canonical":"https:\/\/telemme.mmsh.fr\/?tribe_events=cinquieme-seance-du-seminaire-esclavages-en-mediterranee","og_locale":"fr_FR","og_type":"article","og_title":"Cinqui\u00e8me s\u00e9ance du s\u00e9minaire Esclavages en M\u00e9diterran\u00e9e - TELEMMe - Temps, espaces, langages, Europe m\u00e9ridionale, M\u00e9diterran\u00e9e","og_description":"Les esclavages en M\u00e9diterran\u00e9e, de l\u2019Antiquit\u00e9 au XXe si\u00e8cle S\u00e9minaire inter-laboratoires de la MMSH, organis\u00e9 par Hayri G. \u00d6zkoray (TELEMMe), Paulin Ismard (Centre Camille Julian) et Julien Loiseau (IREMAM) Programme&hellip;&nbsp;Lire la suite &raquo;Cinqui\u00e8me s\u00e9ance du s\u00e9minaire Esclavages en M\u00e9diterran\u00e9e","og_url":"https:\/\/telemme.mmsh.fr\/?tribe_events=cinquieme-seance-du-seminaire-esclavages-en-mediterranee","og_site_name":"TELEMMe - Temps, espaces, langages, Europe m\u00e9ridionale, M\u00e9diterran\u00e9e","og_image":[{"width":340,"height":340,"url":"https:\/\/telemme.mmsh.fr\/wp-content\/uploads\/2022\/02\/Les-Mondes-de-l-esclavage-Une-histoire-comparee.jpg","type":"image\/jpeg"}],"twitter_card":"summary_large_image","twitter_misc":{"Dur\u00e9e de lecture estim\u00e9e":"1 minute"},"schema":{"@context":"https:\/\/schema.org","@graph":[{"@type":"WebPage","@id":"https:\/\/telemme.mmsh.fr\/?tribe_events=cinquieme-seance-du-seminaire-esclavages-en-mediterranee","url":"https:\/\/telemme.mmsh.fr\/?tribe_events=cinquieme-seance-du-seminaire-esclavages-en-mediterranee","name":"Cinqui\u00e8me s\u00e9ance du s\u00e9minaire Esclavages en M\u00e9diterran\u00e9e - TELEMMe - Temps, espaces, langages, Europe m\u00e9ridionale, M\u00e9diterran\u00e9e","isPartOf":{"@id":"https:\/\/telemme.mmsh.fr\/#website"},"primaryImageOfPage":{"@id":"https:\/\/telemme.mmsh.fr\/?tribe_events=cinquieme-seance-du-seminaire-esclavages-en-mediterranee#primaryimage"},"image":{"@id":"https:\/\/telemme.mmsh.fr\/?tribe_events=cinquieme-seance-du-seminaire-esclavages-en-mediterranee#primaryimage"},"thumbnailUrl":"https:\/\/telemme.mmsh.fr\/wp-content\/uploads\/2022\/02\/Les-Mondes-de-l-esclavage-Une-histoire-comparee.jpg","datePublished":"2022-02-25T13:07:57+00:00","breadcrumb":{"@id":"https:\/\/telemme.mmsh.fr\/?tribe_events=cinquieme-seance-du-seminaire-esclavages-en-mediterranee#breadcrumb"},"inLanguage":"fr-FR","potentialAction":[{"@type":"ReadAction","target":["https:\/\/telemme.mmsh.fr\/?tribe_events=cinquieme-seance-du-seminaire-esclavages-en-mediterranee"]}]},{"@type":"ImageObject","inLanguage":"fr-FR","@id":"https:\/\/telemme.mmsh.fr\/?tribe_events=cinquieme-seance-du-seminaire-esclavages-en-mediterranee#primaryimage","url":"https:\/\/telemme.mmsh.fr\/wp-content\/uploads\/2022\/02\/Les-Mondes-de-l-esclavage-Une-histoire-comparee.jpg","contentUrl":"https:\/\/telemme.mmsh.fr\/wp-content\/uploads\/2022\/02\/Les-Mondes-de-l-esclavage-Une-histoire-comparee.jpg","width":340,"height":340,"caption":"Couverture de Les mondes de l'esclavage. Une histoire compar\u00e9e, dir. Paulin Ismard, Le Seuil, 2021"},{"@type":"BreadcrumbList","@id":"https:\/\/telemme.mmsh.fr\/?tribe_events=cinquieme-seance-du-seminaire-esclavages-en-mediterranee#breadcrumb","itemListElement":[{"@type":"ListItem","position":1,"name":"Accueil","item":"https:\/\/telemme.mmsh.fr\/"},{"@type":"ListItem","position":2,"name":"\u00c9v\u00e8nements","item":"https:\/\/telemme.mmsh.fr\/?post_type=tribe_events"},{"@type":"ListItem","position":3,"name":"S\u00e9minaire interlaboratoire","item":"https:\/\/telemme.mmsh.fr\/?tribe_events_cat=seminaire-interlaboratoire"},{"@type":"ListItem","position":4,"name":"S\u00e9minaire interlaboratoire \"Les esclavages en M\u00e9diterran\u00e9e\"","item":"https:\/\/telemme.mmsh.fr\/?tribe_events_cat=seminaire-interlaboratoire-les-esclavages-en-mediterranee"},{"@type":"ListItem","position":5,"name":"Cinqui\u00e8me s\u00e9ance du s\u00e9minaire Esclavages en M\u00e9diterran\u00e9e"}]},{"@type":"WebSite","@id":"https:\/\/telemme.mmsh.fr\/#website","url":"https:\/\/telemme.mmsh.fr\/","name":"TELEMMe - Temps, espaces, langages, Europe m\u00e9ridionale, M\u00e9diterran\u00e9e","description":"","publisher":{"@id":"https:\/\/telemme.mmsh.fr\/#organization"},"potentialAction":[{"@type":"SearchAction","target":{"@type":"EntryPoint","urlTemplate":"https:\/\/telemme.mmsh.fr\/?s={search_term_string}"},"query-input":{"@type":"PropertyValueSpecification","valueRequired":true,"valueName":"search_term_string"}}],"inLanguage":"fr-FR"},{"@type":"Organization","@id":"https:\/\/telemme.mmsh.fr\/#organization","name":"TELEMMe","url":"https:\/\/telemme.mmsh.fr\/","logo":{"@type":"ImageObject","inLanguage":"fr-FR","@id":"https:\/\/telemme.mmsh.fr\/#\/schema\/logo\/image\/","url":"https:\/\/telemme.mmsh.fr\/wp-content\/uploads\/2020\/03\/LogoTELEMMe-horizontal-fond-transparent.png","contentUrl":"https:\/\/telemme.mmsh.fr\/wp-content\/uploads\/2020\/03\/LogoTELEMMe-horizontal-fond-transparent.png","width":1500,"height":437,"caption":"TELEMMe"},"image":{"@id":"https:\/\/telemme.mmsh.fr\/#\/schema\/logo\/image\/"}}]}},"_links":{"self":[{"href":"https:\/\/telemme.mmsh.fr\/index.php?rest_route=\/wp\/v2\/tribe_events\/10652","targetHints":{"allow":["GET"]}}],"collection":[{"href":"https:\/\/telemme.mmsh.fr\/index.php?rest_route=\/wp\/v2\/tribe_events"}],"about":[{"href":"https:\/\/telemme.mmsh.fr\/index.php?rest_route=\/wp\/v2\/types\/tribe_events"}],"author":[{"embeddable":true,"href":"https:\/\/telemme.mmsh.fr\/index.php?rest_route=\/wp\/v2\/users\/6"}],"version-history":[{"count":2,"href":"https:\/\/telemme.mmsh.fr\/index.php?rest_route=\/wp\/v2\/tribe_events\/10652\/revisions"}],"predecessor-version":[{"id":10657,"href":"https:\/\/telemme.mmsh.fr\/index.php?rest_route=\/wp\/v2\/tribe_events\/10652\/revisions\/10657"}],"wp:featuredmedia":[{"embeddable":true,"href":"https:\/\/telemme.mmsh.fr\/index.php?rest_route=\/wp\/v2\/media\/10653"}],"wp:attachment":[{"href":"https:\/\/telemme.mmsh.fr\/index.php?rest_route=%2Fwp%2Fv2%2Fmedia&parent=10652"}],"wp:term":[{"taxonomy":"post_tag","embeddable":true,"href":"https:\/\/telemme.mmsh.fr\/index.php?rest_route=%2Fwp%2Fv2%2Ftags&post=10652"},{"taxonomy":"tribe_events_cat","embeddable":true,"href":"https:\/\/telemme.mmsh.fr\/index.php?rest_route=%2Fwp%2Fv2%2Ftribe_events_cat&post=10652"}],"curies":[{"name":"wp","href":"https:\/\/api.w.org\/{rel}","templated":true}]}}