{"id":10643,"date":"2022-02-25T09:31:13","date_gmt":"2022-02-25T08:31:13","guid":{"rendered":"https:\/\/telemme.mmsh.fr\/?post_type=tribe_events&#038;p=10643"},"modified":"2022-02-25T09:31:13","modified_gmt":"2022-02-25T08:31:13","slug":"hommage-a-lhistorien-michel-vovelle","status":"publish","type":"tribe_events","link":"https:\/\/telemme.mmsh.fr\/?tribe_events=hommage-a-lhistorien-michel-vovelle","title":{"rendered":"Hommage \u00e0 l\u2019historien Michel Vovelle"},"content":{"rendered":"<p><strong>Samedi 26 f\u00e9vrier de 14h \u00e0 17h<\/strong><br \/>\n<em><a href=\"http:\/\/www.citedulivre-aix.com\/\">Biblioth\u00e8que et archives M\u00e9janes \u2013 Michel Vovelle<\/a><br \/>\n<\/em>en partenariat avec l\u2019UMR\u00a0TELEMMe (AMU-\u00a0CNRS)\u00a0et l\u2019INA<\/p>\n<p>Pour f\u00eater les deux ans de l\u2019ouverture du site Michel-Vovelle qui accueille la biblioth\u00e8que patrimoniale\u00a0et les archives municipales\u00a0M\u00e9janes, un hommage au grand historien qui lui a donn\u00e9 son nom.<\/p>\n<p><a href=\"https:\/\/telemme.mmsh.fr\/?p=10614\"><strong>En savoir plus<\/strong><\/a><\/p>\n","protected":false},"excerpt":{"rendered":"<p>Pour f\u00eater les deux ans de l\u2019ouverture du site Michel-Vovelle qui accueille la biblioth\u00e8que patrimoniale\u00a0et les archives municipales\u00a0M\u00e9janes, un hommage au grand historien qui lui a donn\u00e9 son nom.<\/p>\n","protected":false},"author":6,"featured_media":10615,"template":"","meta":{"neve_meta_sidebar":"","neve_meta_container":"","neve_meta_enable_content_width":"","neve_meta_content_width":0,"neve_meta_title_alignment":"","neve_meta_author_avatar":"","neve_post_elements_order":"","neve_meta_disable_header":"","neve_meta_disable_footer":"","neve_meta_disable_title":"","_tribe_events_status":"","_tribe_events_status_reason":"","footnotes":""},"tags":[2400],"tribe_events_cat":[2402],"class_list":["post-10643","tribe_events","type-tribe_events","status-publish","has-post-thumbnail","hentry","tag-michel-vovelle","tribe_events_cat-table-ronde","cat_table-ronde"],"yoast_head":"<!-- This site is optimized with the Yoast SEO plugin v27.4 - https:\/\/yoast.com\/product\/yoast-seo-wordpress\/ -->\n<title>Hommage \u00e0 l\u2019historien Michel Vovelle - TELEMMe - Temps, espaces, langages, Europe m\u00e9ridionale, M\u00e9diterran\u00e9e<\/title>\n<meta name=\"description\" content=\"Pour f\u00eater les deux ans de l\u2019ouverture du site Michel-Vovelle qui accueille la biblioth\u00e8que patrimoniale\u00a0et les archives municipales\u00a0M\u00e9janes, un hommage au grand historien qui lui a donn\u00e9 son nom.\" \/>\n<meta name=\"robots\" content=\"index, follow, max-snippet:-1, max-image-preview:large, max-video-preview:-1\" \/>\n<link rel=\"canonical\" href=\"https:\/\/telemme.mmsh.fr\/?tribe_events=hommage-a-lhistorien-michel-vovelle\" \/>\n<meta property=\"og:locale\" content=\"fr_FR\" \/>\n<meta property=\"og:type\" content=\"article\" \/>\n<meta property=\"og:title\" content=\"Hommage \u00e0 l\u2019historien Michel Vovelle - TELEMMe - Temps, espaces, langages, Europe m\u00e9ridionale, M\u00e9diterran\u00e9e\" \/>\n<meta property=\"og:description\" content=\"Pour f\u00eater les deux ans de l\u2019ouverture du site Michel-Vovelle qui accueille la biblioth\u00e8que patrimoniale\u00a0et les archives municipales\u00a0M\u00e9janes, un hommage au grand historien qui lui a donn\u00e9 son nom.\" \/>\n<meta property=\"og:url\" content=\"https:\/\/telemme.mmsh.fr\/?tribe_events=hommage-a-lhistorien-michel-vovelle\" \/>\n<meta property=\"og:site_name\" content=\"TELEMMe - Temps, espaces, langages, Europe m\u00e9ridionale, M\u00e9diterran\u00e9e\" \/>\n<meta property=\"og:image\" content=\"https:\/\/telemme.mmsh.fr\/wp-content\/uploads\/2022\/02\/Vovelle.jpg\" \/>\n\t<meta property=\"og:image:width\" content=\"1026\" \/>\n\t<meta property=\"og:image:height\" content=\"500\" \/>\n\t<meta property=\"og:image:type\" content=\"image\/jpeg\" \/>\n<meta name=\"twitter:card\" content=\"summary_large_image\" \/>\n<script type=\"application\/ld+json\" class=\"yoast-schema-graph\">{\"@context\":\"https:\\\/\\\/schema.org\",\"@graph\":[{\"@type\":\"WebPage\",\"@id\":\"https:\\\/\\\/telemme.mmsh.fr\\\/?tribe_events=hommage-a-lhistorien-michel-vovelle\",\"url\":\"https:\\\/\\\/telemme.mmsh.fr\\\/?tribe_events=hommage-a-lhistorien-michel-vovelle\",\"name\":\"Hommage \u00e0 l\u2019historien Michel Vovelle - TELEMMe - Temps, espaces, langages, Europe m\u00e9ridionale, M\u00e9diterran\u00e9e\",\"isPartOf\":{\"@id\":\"https:\\\/\\\/telemme.mmsh.fr\\\/#website\"},\"primaryImageOfPage\":{\"@id\":\"https:\\\/\\\/telemme.mmsh.fr\\\/?tribe_events=hommage-a-lhistorien-michel-vovelle#primaryimage\"},\"image\":{\"@id\":\"https:\\\/\\\/telemme.mmsh.fr\\\/?tribe_events=hommage-a-lhistorien-michel-vovelle#primaryimage\"},\"thumbnailUrl\":\"https:\\\/\\\/telemme.mmsh.fr\\\/wp-content\\\/uploads\\\/2022\\\/02\\\/Vovelle.jpg\",\"datePublished\":\"2022-02-25T08:31:13+00:00\",\"description\":\"Pour f\u00eater les deux ans de l\u2019ouverture du site Michel-Vovelle qui accueille la biblioth\u00e8que patrimoniale\u00a0et les archives municipales\u00a0M\u00e9janes, un hommage au grand historien qui lui a donn\u00e9 son nom.\",\"breadcrumb\":{\"@id\":\"https:\\\/\\\/telemme.mmsh.fr\\\/?tribe_events=hommage-a-lhistorien-michel-vovelle#breadcrumb\"},\"inLanguage\":\"fr-FR\",\"potentialAction\":[{\"@type\":\"ReadAction\",\"target\":[\"https:\\\/\\\/telemme.mmsh.fr\\\/?tribe_events=hommage-a-lhistorien-michel-vovelle\"]}]},{\"@type\":\"ImageObject\",\"inLanguage\":\"fr-FR\",\"@id\":\"https:\\\/\\\/telemme.mmsh.fr\\\/?tribe_events=hommage-a-lhistorien-michel-vovelle#primaryimage\",\"url\":\"https:\\\/\\\/telemme.mmsh.fr\\\/wp-content\\\/uploads\\\/2022\\\/02\\\/Vovelle.jpg\",\"contentUrl\":\"https:\\\/\\\/telemme.mmsh.fr\\\/wp-content\\\/uploads\\\/2022\\\/02\\\/Vovelle.jpg\",\"width\":1026,\"height\":500,\"caption\":\"Michel Vovelle\"},{\"@type\":\"BreadcrumbList\",\"@id\":\"https:\\\/\\\/telemme.mmsh.fr\\\/?tribe_events=hommage-a-lhistorien-michel-vovelle#breadcrumb\",\"itemListElement\":[{\"@type\":\"ListItem\",\"position\":1,\"name\":\"Accueil\",\"item\":\"https:\\\/\\\/telemme.mmsh.fr\\\/\"},{\"@type\":\"ListItem\",\"position\":2,\"name\":\"\u00c9v\u00e8nements\",\"item\":\"https:\\\/\\\/telemme.mmsh.fr\\\/?post_type=tribe_events\"},{\"@type\":\"ListItem\",\"position\":3,\"name\":\"Table ronde\",\"item\":\"https:\\\/\\\/telemme.mmsh.fr\\\/?tribe_events_cat=table-ronde\"},{\"@type\":\"ListItem\",\"position\":4,\"name\":\"Hommage \u00e0 l\u2019historien Michel Vovelle\"}]},{\"@type\":\"WebSite\",\"@id\":\"https:\\\/\\\/telemme.mmsh.fr\\\/#website\",\"url\":\"https:\\\/\\\/telemme.mmsh.fr\\\/\",\"name\":\"TELEMMe - Temps, espaces, langages, Europe m\u00e9ridionale, M\u00e9diterran\u00e9e\",\"description\":\"\",\"publisher\":{\"@id\":\"https:\\\/\\\/telemme.mmsh.fr\\\/#organization\"},\"potentialAction\":[{\"@type\":\"SearchAction\",\"target\":{\"@type\":\"EntryPoint\",\"urlTemplate\":\"https:\\\/\\\/telemme.mmsh.fr\\\/?s={search_term_string}\"},\"query-input\":{\"@type\":\"PropertyValueSpecification\",\"valueRequired\":true,\"valueName\":\"search_term_string\"}}],\"inLanguage\":\"fr-FR\"},{\"@type\":\"Organization\",\"@id\":\"https:\\\/\\\/telemme.mmsh.fr\\\/#organization\",\"name\":\"TELEMMe\",\"url\":\"https:\\\/\\\/telemme.mmsh.fr\\\/\",\"logo\":{\"@type\":\"ImageObject\",\"inLanguage\":\"fr-FR\",\"@id\":\"https:\\\/\\\/telemme.mmsh.fr\\\/#\\\/schema\\\/logo\\\/image\\\/\",\"url\":\"https:\\\/\\\/telemme.mmsh.fr\\\/wp-content\\\/uploads\\\/2020\\\/03\\\/LogoTELEMMe-horizontal-fond-transparent.png\",\"contentUrl\":\"https:\\\/\\\/telemme.mmsh.fr\\\/wp-content\\\/uploads\\\/2020\\\/03\\\/LogoTELEMMe-horizontal-fond-transparent.png\",\"width\":1500,\"height\":437,\"caption\":\"TELEMMe\"},\"image\":{\"@id\":\"https:\\\/\\\/telemme.mmsh.fr\\\/#\\\/schema\\\/logo\\\/image\\\/\"}}]}<\/script>\n<!-- \/ Yoast SEO plugin. -->","yoast_head_json":{"title":"Hommage \u00e0 l\u2019historien Michel Vovelle - TELEMMe - Temps, espaces, langages, Europe m\u00e9ridionale, M\u00e9diterran\u00e9e","description":"Pour f\u00eater les deux ans de l\u2019ouverture du site Michel-Vovelle qui accueille la biblioth\u00e8que patrimoniale\u00a0et les archives municipales\u00a0M\u00e9janes, un hommage au grand historien qui lui a donn\u00e9 son nom.","robots":{"index":"index","follow":"follow","max-snippet":"max-snippet:-1","max-image-preview":"max-image-preview:large","max-video-preview":"max-video-preview:-1"},"canonical":"https:\/\/telemme.mmsh.fr\/?tribe_events=hommage-a-lhistorien-michel-vovelle","og_locale":"fr_FR","og_type":"article","og_title":"Hommage \u00e0 l\u2019historien Michel Vovelle - TELEMMe - Temps, espaces, langages, Europe m\u00e9ridionale, M\u00e9diterran\u00e9e","og_description":"Pour f\u00eater les deux ans de l\u2019ouverture du site Michel-Vovelle qui accueille la biblioth\u00e8que patrimoniale\u00a0et les archives municipales\u00a0M\u00e9janes, un hommage au grand historien qui lui a donn\u00e9 son nom.","og_url":"https:\/\/telemme.mmsh.fr\/?tribe_events=hommage-a-lhistorien-michel-vovelle","og_site_name":"TELEMMe - Temps, espaces, langages, Europe m\u00e9ridionale, M\u00e9diterran\u00e9e","og_image":[{"width":1026,"height":500,"url":"https:\/\/telemme.mmsh.fr\/wp-content\/uploads\/2022\/02\/Vovelle.jpg","type":"image\/jpeg"}],"twitter_card":"summary_large_image","schema":{"@context":"https:\/\/schema.org","@graph":[{"@type":"WebPage","@id":"https:\/\/telemme.mmsh.fr\/?tribe_events=hommage-a-lhistorien-michel-vovelle","url":"https:\/\/telemme.mmsh.fr\/?tribe_events=hommage-a-lhistorien-michel-vovelle","name":"Hommage \u00e0 l\u2019historien Michel Vovelle - TELEMMe - Temps, espaces, langages, Europe m\u00e9ridionale, M\u00e9diterran\u00e9e","isPartOf":{"@id":"https:\/\/telemme.mmsh.fr\/#website"},"primaryImageOfPage":{"@id":"https:\/\/telemme.mmsh.fr\/?tribe_events=hommage-a-lhistorien-michel-vovelle#primaryimage"},"image":{"@id":"https:\/\/telemme.mmsh.fr\/?tribe_events=hommage-a-lhistorien-michel-vovelle#primaryimage"},"thumbnailUrl":"https:\/\/telemme.mmsh.fr\/wp-content\/uploads\/2022\/02\/Vovelle.jpg","datePublished":"2022-02-25T08:31:13+00:00","description":"Pour f\u00eater les deux ans de l\u2019ouverture du site Michel-Vovelle qui accueille la biblioth\u00e8que patrimoniale\u00a0et les archives municipales\u00a0M\u00e9janes, un hommage au grand historien qui lui a donn\u00e9 son nom.","breadcrumb":{"@id":"https:\/\/telemme.mmsh.fr\/?tribe_events=hommage-a-lhistorien-michel-vovelle#breadcrumb"},"inLanguage":"fr-FR","potentialAction":[{"@type":"ReadAction","target":["https:\/\/telemme.mmsh.fr\/?tribe_events=hommage-a-lhistorien-michel-vovelle"]}]},{"@type":"ImageObject","inLanguage":"fr-FR","@id":"https:\/\/telemme.mmsh.fr\/?tribe_events=hommage-a-lhistorien-michel-vovelle#primaryimage","url":"https:\/\/telemme.mmsh.fr\/wp-content\/uploads\/2022\/02\/Vovelle.jpg","contentUrl":"https:\/\/telemme.mmsh.fr\/wp-content\/uploads\/2022\/02\/Vovelle.jpg","width":1026,"height":500,"caption":"Michel Vovelle"},{"@type":"BreadcrumbList","@id":"https:\/\/telemme.mmsh.fr\/?tribe_events=hommage-a-lhistorien-michel-vovelle#breadcrumb","itemListElement":[{"@type":"ListItem","position":1,"name":"Accueil","item":"https:\/\/telemme.mmsh.fr\/"},{"@type":"ListItem","position":2,"name":"\u00c9v\u00e8nements","item":"https:\/\/telemme.mmsh.fr\/?post_type=tribe_events"},{"@type":"ListItem","position":3,"name":"Table ronde","item":"https:\/\/telemme.mmsh.fr\/?tribe_events_cat=table-ronde"},{"@type":"ListItem","position":4,"name":"Hommage \u00e0 l\u2019historien Michel Vovelle"}]},{"@type":"WebSite","@id":"https:\/\/telemme.mmsh.fr\/#website","url":"https:\/\/telemme.mmsh.fr\/","name":"TELEMMe - Temps, espaces, langages, Europe m\u00e9ridionale, M\u00e9diterran\u00e9e","description":"","publisher":{"@id":"https:\/\/telemme.mmsh.fr\/#organization"},"potentialAction":[{"@type":"SearchAction","target":{"@type":"EntryPoint","urlTemplate":"https:\/\/telemme.mmsh.fr\/?s={search_term_string}"},"query-input":{"@type":"PropertyValueSpecification","valueRequired":true,"valueName":"search_term_string"}}],"inLanguage":"fr-FR"},{"@type":"Organization","@id":"https:\/\/telemme.mmsh.fr\/#organization","name":"TELEMMe","url":"https:\/\/telemme.mmsh.fr\/","logo":{"@type":"ImageObject","inLanguage":"fr-FR","@id":"https:\/\/telemme.mmsh.fr\/#\/schema\/logo\/image\/","url":"https:\/\/telemme.mmsh.fr\/wp-content\/uploads\/2020\/03\/LogoTELEMMe-horizontal-fond-transparent.png","contentUrl":"https:\/\/telemme.mmsh.fr\/wp-content\/uploads\/2020\/03\/LogoTELEMMe-horizontal-fond-transparent.png","width":1500,"height":437,"caption":"TELEMMe"},"image":{"@id":"https:\/\/telemme.mmsh.fr\/#\/schema\/logo\/image\/"}}]}},"_links":{"self":[{"href":"https:\/\/telemme.mmsh.fr\/index.php?rest_route=\/wp\/v2\/tribe_events\/10643","targetHints":{"allow":["GET"]}}],"collection":[{"href":"https:\/\/telemme.mmsh.fr\/index.php?rest_route=\/wp\/v2\/tribe_events"}],"about":[{"href":"https:\/\/telemme.mmsh.fr\/index.php?rest_route=\/wp\/v2\/types\/tribe_events"}],"author":[{"embeddable":true,"href":"https:\/\/telemme.mmsh.fr\/index.php?rest_route=\/wp\/v2\/users\/6"}],"version-history":[{"count":1,"href":"https:\/\/telemme.mmsh.fr\/index.php?rest_route=\/wp\/v2\/tribe_events\/10643\/revisions"}],"predecessor-version":[{"id":10647,"href":"https:\/\/telemme.mmsh.fr\/index.php?rest_route=\/wp\/v2\/tribe_events\/10643\/revisions\/10647"}],"wp:featuredmedia":[{"embeddable":true,"href":"https:\/\/telemme.mmsh.fr\/index.php?rest_route=\/wp\/v2\/media\/10615"}],"wp:attachment":[{"href":"https:\/\/telemme.mmsh.fr\/index.php?rest_route=%2Fwp%2Fv2%2Fmedia&parent=10643"}],"wp:term":[{"taxonomy":"post_tag","embeddable":true,"href":"https:\/\/telemme.mmsh.fr\/index.php?rest_route=%2Fwp%2Fv2%2Ftags&post=10643"},{"taxonomy":"tribe_events_cat","embeddable":true,"href":"https:\/\/telemme.mmsh.fr\/index.php?rest_route=%2Fwp%2Fv2%2Ftribe_events_cat&post=10643"}],"curies":[{"name":"wp","href":"https:\/\/api.w.org\/{rel}","templated":true}]}}